{"id":130264,"date":"2024-06-17T13:00:00","date_gmt":"2024-06-17T11:00:00","guid":{"rendered":"https:\/\/www.iemj.org\/entdecken\/begleiteter-seitenrundgang\/la-musique-judeo-espagnole\/"},"modified":"2026-02-19T10:20:31","modified_gmt":"2026-02-19T09:20:31","slug":"la-musique-judeo-espagnole","status":"publish","type":"page","link":"https:\/\/www.iemj.org\/de\/entdecken\/begleiteter-seitenrundgang\/la-musique-judeo-espagnole\/","title":{"rendered":"J\u00fcdisch-spanische Musik"},"content":{"rendered":"\n<div class=\"wp-block-cp-timeline-content-timeline-block Cool-Content-Timeline\"><div class=\"cool-timeline-block-2115adf2-63df-4ee7-8c48-4ab17412898e\"><style>.cool-timeline-block-2115adf2-63df-4ee7-8c48-4ab17412898e .cool-vertical-timeline-body{--ctlb-date-fontsize: 18px;--ctlb-date-line-height: 25px;--ctlb-date-color: #000;--ctlb-head-font-size: 18px;--ctlb-heading-color: #000;--ctlb-sub-head-font-size: 14px;--ctlb-sub-heading-color: #000;--ctlb-line-color: #3b4395;--ctlb-icon-bg: #3b4395;--ctlb-story-border-color: #3b4395;}<\/style><div class=\"cool-vertical-timeline-body ctlb-wrapper both-sided left\"><div class=\"cool-timeline-block-list\">\n<div class=\"wp-block-cp-timeline-content-timeline-block-child swiper-slide\"><div class=\"timeline-content icon-false \"><div class=\"timeline-block-timeline ctl-row  position-right\"><div class=\"ctl-6 timeline-block-time\"><div class=\"story-time\"><p>Hintergrundartikel<\/p><\/div><\/div><div class=\"timeline-block-icon\"><svg stroke=\"currentColor\" fill=\"currentColor\" stroke-width=\"0\" viewBox=\"0 0 512 512\" height=\"1em\" width=\"1em\" xmlns=\"http:\/\/www.w3.org\/2000\/svg\"><path d=\"M256 8C119 8 8 119 8 256s111 248 248 248 248-111 248-248S393 8 256 8z\"><\/path><\/svg><\/div><div class=\"ctl-6 timeline-block-detail\"><div class=\"story-details\"><div class=\"story-content\"><div class=\"wp-block-image ctlb-block-image\">\n<figure class=\"aligncenter size-full is-resized\"><a href=\"https:\/\/www.iemj.org\/de\/le-chant-des-juifs-sefarades\/\" target=\"_blank\" rel=\" noreferrer noopener\"><img fetchpriority=\"high\" decoding=\"async\" width=\"350\" height=\"255\" src=\"https:\/\/www.iemj.org\/wp-content\/uploads\/2016\/04\/arton1563-e1618388133409.jpg\" alt=\"\" class=\"wp-image-9891\" style=\"aspect-ratio:1.3333333333333333;object-fit:cover;width:220px;height:auto\"\/><\/a><\/figure>\n<\/div>\n\n\n<h3 class=\"wp-block-heading ctlb-block-title\" style=\"padding-top:0px;padding-right:0px;padding-bottom:0px;padding-left:0px\"><a href=\"https:\/\/www.iemj.org\/de\/le-chant-des-juifs-sefarades\/\" target=\"_blank\" rel=\"noreferrer noopener\">Der Gesang der sephardischen Juden<\/a><\/h3>\n\n\n\n<p class=\"ctlb-block-desc\" style=\"padding-top:0px;padding-right:0px;padding-bottom:0px;padding-left:0px\">Einf\u00fchrung in den Gesang der sephardischen Juden : historische Entwicklung, Etymologie und Repertoire&#8230;<\/p>\n<\/div><\/div><\/div><\/div><\/div><\/div>\n\n\n\n<div class=\"wp-block-cp-timeline-content-timeline-block-child swiper-slide\"><div class=\"timeline-content icon-false \"><div class=\"timeline-block-timeline ctl-row  position-left\"><div class=\"ctl-6 timeline-block-time\"><div class=\"story-time\"><p>Hintergrundartikel<\/p><\/div><\/div><div class=\"timeline-block-icon\"><svg stroke=\"currentColor\" fill=\"currentColor\" stroke-width=\"0\" viewBox=\"0 0 512 512\" height=\"1em\" width=\"1em\" xmlns=\"http:\/\/www.w3.org\/2000\/svg\"><path d=\"M256 8C119 8 8 119 8 256s111 248 248 248 248-111 248-248S393 8 256 8z\"><\/path><\/svg><\/div><div class=\"ctl-6 timeline-block-detail\"><div class=\"story-details\"><div class=\"story-content\">\n<figure class=\"wp-block-image size-full is-resized ctlb-block-image\"><a href=\"https:\/\/www.iemj.org\/de\/la-musique-juive-en-espagne\/\" target=\"_blank\" rel=\" noreferrer noopener\"><img decoding=\"async\" width=\"350\" height=\"350\" src=\"https:\/\/www.iemj.org\/wp-content\/uploads\/2022\/06\/Logo-Article.png\" alt=\"\" class=\"wp-image-85546\" style=\"aspect-ratio:1.3333333333333333;object-fit:cover;width:220px\" srcset=\"https:\/\/www.iemj.org\/wp-content\/uploads\/2022\/06\/Logo-Article.png 350w, https:\/\/www.iemj.org\/wp-content\/uploads\/2022\/06\/Logo-Article-300x300.png 300w, https:\/\/www.iemj.org\/wp-content\/uploads\/2022\/06\/Logo-Article-150x150.png 150w, https:\/\/www.iemj.org\/wp-content\/uploads\/2022\/06\/Logo-Article-100x100.png 100w\" sizes=\"(max-width: 350px) 100vw, 350px\" \/><\/a><\/figure>\n\n\n\n<h3 class=\"wp-block-heading ctlb-block-title\" style=\"padding-top:0px;padding-right:0px;padding-bottom:0px;padding-left:0px\"><a href=\"https:\/\/www.iemj.org\/de\/la-musique-juive-en-espagne\/\" target=\"_blank\" rel=\"noreferrer noopener\">Die J\u00fcdische Musik in Spanien<\/a><\/h3>\n\n\n\n<p class=\"ctlb-block-desc\" style=\"padding-top:0px;padding-right:0px;padding-bottom:0px;padding-left:0px\">Artikel \u00fcber die historische Situation der J\u00fcdischen Musik in Spanien von Jorge Rozemblum, Direktor von Radio Sefarad und spanischer Korrespondent des Europ\u00e4ischen Netzwerks f\u00fcr J\u00fcdische Musik&#8230;<\/p>\n<\/div><\/div><\/div><\/div><\/div><\/div>\n\n\n\n<div class=\"wp-block-cp-timeline-content-timeline-block-child swiper-slide\"><div class=\"timeline-content icon-false \"><div class=\"timeline-block-timeline ctl-row  position-right\"><div class=\"ctl-6 timeline-block-time\"><div class=\"story-time\"><p>Biografien<\/p><\/div><\/div><div class=\"timeline-block-icon\"><svg stroke=\"currentColor\" fill=\"currentColor\" stroke-width=\"0\" viewBox=\"0 0 512 512\" height=\"1em\" width=\"1em\" xmlns=\"http:\/\/www.w3.org\/2000\/svg\"><path d=\"M256 8C119 8 8 119 8 256s111 248 248 248 248-111 248-248S393 8 256 8z\"><\/path><\/svg><\/div><div class=\"ctl-6 timeline-block-detail\"><div class=\"story-details\"><div class=\"story-content\"><div class=\"wp-block-image ctlb-block-image\">\n<figure class=\"aligncenter size-full is-resized\"><img decoding=\"async\" width=\"500\" height=\"231\" src=\"https:\/\/www.iemj.org\/wp-content\/uploads\/2026\/02\/logo.jpg\" alt=\"\" class=\"wp-image-130173\" style=\"aspect-ratio:2.1646499207210215;object-fit:cover;width:280px\" srcset=\"https:\/\/www.iemj.org\/wp-content\/uploads\/2026\/02\/logo.jpg 500w, https:\/\/www.iemj.org\/wp-content\/uploads\/2026\/02\/logo-300x139.jpg 300w\" sizes=\"(max-width: 500px) 100vw, 500px\" \/><\/figure>\n<\/div>\n\n\n<h3 class=\"wp-block-heading ctlb-block-title\" style=\"padding-top:0px;padding-right:0px;padding-bottom:0px;padding-left:0px\">Alles \u00fcber:<\/h3>\n\n\n\n<ul class=\"wp-block-list ctlb-block-desc\">\n<li><a href=\"https:\/\/www.iemj.org\/de\/hemsi-alberto-1898-1975\/\" target=\"_blank\" rel=\"noreferrer noopener\"><strong>Hemsi, Alberto (1896-1975)<\/strong><\/a><\/li>\n\n\n\n<li><a href=\"https:\/\/www.iemj.org\/de\/weich-shahak-susana\/\" target=\"_blank\" rel=\"noreferrer noopener\"><strong>Weich-Shahak, Susana<\/strong><\/a><\/li>\n\n\n\n<li><a href=\"https:\/\/www.iemj.org\/de\/cohen-judith\/\" target=\"_blank\" rel=\"noreferrer noopener\"><strong>Cohen, Judith<\/strong><\/a><\/li>\n<\/ul>\n<\/div><\/div><\/div><\/div><\/div><\/div>\n\n\n\n<div class=\"wp-block-cp-timeline-content-timeline-block-child swiper-slide\"><div class=\"timeline-content icon-false \"><div class=\"timeline-block-timeline ctl-row  position-left\"><div class=\"ctl-6 timeline-block-time\"><div class=\"story-time\"><p>Radiosendungen<\/p><\/div><\/div><div class=\"timeline-block-icon\"><svg stroke=\"currentColor\" fill=\"currentColor\" stroke-width=\"0\" viewBox=\"0 0 512 512\" height=\"1em\" width=\"1em\" xmlns=\"http:\/\/www.w3.org\/2000\/svg\"><path d=\"M256 8C119 8 8 119 8 256s111 248 248 248 248-111 248-248S393 8 256 8z\"><\/path><\/svg><\/div><div class=\"ctl-6 timeline-block-detail\"><div class=\"story-details\"><div class=\"story-content\"><div class=\"wp-block-image ctlb-block-image\">\n<figure class=\"aligncenter size-large is-resized\"><img loading=\"lazy\" decoding=\"async\" width=\"1024\" height=\"1024\" src=\"https:\/\/www.iemj.org\/wp-content\/uploads\/2021\/10\/Logo-poste-radio-Jaune-carre-1024x1024.jpg\" alt=\"\" class=\"wp-image-70561\" style=\"width:157px;height:auto\" srcset=\"https:\/\/www.iemj.org\/wp-content\/uploads\/2021\/10\/Logo-poste-radio-Jaune-carre-1024x1024.jpg 1024w, https:\/\/www.iemj.org\/wp-content\/uploads\/2021\/10\/Logo-poste-radio-Jaune-carre-300x300.jpg 300w, https:\/\/www.iemj.org\/wp-content\/uploads\/2021\/10\/Logo-poste-radio-Jaune-carre-150x150.jpg 150w, https:\/\/www.iemj.org\/wp-content\/uploads\/2021\/10\/Logo-poste-radio-Jaune-carre-768x768.jpg 768w, https:\/\/www.iemj.org\/wp-content\/uploads\/2021\/10\/Logo-poste-radio-Jaune-carre-600x600.jpg 600w, https:\/\/www.iemj.org\/wp-content\/uploads\/2021\/10\/Logo-poste-radio-Jaune-carre-100x100.jpg 100w, https:\/\/www.iemj.org\/wp-content\/uploads\/2021\/10\/Logo-poste-radio-Jaune-carre.jpg 1240w\" sizes=\"(max-width: 1024px) 100vw, 1024px\" \/><\/figure>\n<\/div>\n\n\n<h3 class=\"wp-block-heading ctlb-block-title\" style=\"padding-top:0px;padding-right:0px;padding-bottom:0px;padding-left:0px\">Anh\u00f6ren:<\/h3>\n\n\n\n<p><\/p>\n\n\n\n<ul class=\"wp-block-list\">\n<li><strong><a href=\"https:\/\/www.iemj.org\/en\/se-reinventer-au-present-musical-history-of-the-judeo-spanish-diaspora-of-france\/\" target=\"_blank\" rel=\"noreferrer noopener\">Reinventing oneself in the present: musical history of the Judeo-Spanish diaspora of France<\/a><\/strong> (auf Franz\u00f6sisch)<\/li>\n\n\n\n<li><a href=\"https:\/\/www.iemj.org\/en\/judeo-spanish-music-reappropriation-and-staging\/\" target=\"_blank\" rel=\"noreferrer noopener\"><strong>Judeo-Spanish music : reappropriation and staging<\/strong><\/a> (auf Franz\u00f6sisch)<\/li>\n\n\n\n<li><a href=\"https:\/\/www.iemj.org\/en\/judeo-spanish-singing-by-women-from-morocco\/\" target=\"_blank\" rel=\"noreferrer noopener\"><strong>Judeo-Spanish songs by women from Morocco<\/strong><\/a> (auf Franz\u00f6sisch)<\/li>\n\n\n\n<li><strong><a href=\"https:\/\/www.iemj.org\/en\/the-representation-of-the-jewish-mother-in-the-judeo-spanish-song\/\" target=\"_blank\" rel=\"noreferrer noopener\">The representation of the Jewish mother in the Judeo-Spanish song<\/a><\/strong> (auf Franz\u00f6sisch)<\/li>\n<\/ul>\n<\/div><\/div><\/div><\/div><\/div><\/div>\n\n\n\n<div class=\"wp-block-cp-timeline-content-timeline-block-child swiper-slide\"><div class=\"timeline-content icon-false \"><div class=\"timeline-block-timeline ctl-row  position-right\"><div class=\"ctl-6 timeline-block-time\"><div class=\"story-time\"><p>Playlists<\/p><\/div><\/div><div class=\"timeline-block-icon\"><svg stroke=\"currentColor\" fill=\"currentColor\" stroke-width=\"0\" viewBox=\"0 0 512 512\" height=\"1em\" width=\"1em\" xmlns=\"http:\/\/www.w3.org\/2000\/svg\"><path d=\"M256 8C119 8 8 119 8 256s111 248 248 248 248-111 248-248S393 8 256 8z\"><\/path><\/svg><\/div><div class=\"ctl-6 timeline-block-detail\"><div class=\"story-details\"><div class=\"story-content\">\n<h3 class=\"wp-block-heading ctlb-block-title\" style=\"padding-top:0px;padding-right:0px;padding-bottom:0px;padding-left:0px\">Anh\u00f6ren:<\/h3>\n\n\n\n<ul class=\"wp-block-list\">\n<li><a href=\"https:\/\/www.iemj.org\/de\/les-chants-judeo-espagnols-1\/\" target=\"_blank\" rel=\"noreferrer noopener\"><strong>JUD\u00c4O-SPANISCHE GES\u00c4NGE 1<\/strong><\/a><\/li>\n\n\n\n<li><strong><a href=\"https:\/\/www.iemj.org\/de\/les-chants-judeo-espagnols-2\/\" target=\"_blank\" rel=\"noreferrer noopener\">JUD\u00c4O-SPANISCHE GES\u00c4NGE 2<\/a><\/strong><\/li>\n\n\n\n<li><strong><a href=\"https:\/\/www.iemj.org\/de\/les-chants-judeo-espagnols-3\/\" target=\"_blank\" rel=\"noreferrer noopener\">JUD\u00c4O-SPANISCHE GES\u00c4NGE 3<\/a><\/strong><\/li>\n\n\n\n<li><strong><a href=\"https:\/\/www.iemj.org\/de\/playlist-speciale-helene-engel\/\" target=\"_blank\" rel=\"noreferrer noopener\">H\u00c9L\u00c8NE ENGEL \u2013 DIE PLAYLIST<\/a><\/strong><\/li>\n<\/ul>\n<\/div><\/div><\/div><\/div><\/div><\/div>\n\n\n\n<div class=\"wp-block-cp-timeline-content-timeline-block-child swiper-slide\"><div class=\"timeline-content icon-false \"><div class=\"timeline-block-timeline ctl-row  position-left\"><div class=\"ctl-6 timeline-block-time\"><div class=\"story-time\"><p>CD<\/p><\/div><\/div><div class=\"timeline-block-icon\"><svg stroke=\"currentColor\" fill=\"currentColor\" stroke-width=\"0\" viewBox=\"0 0 512 512\" height=\"1em\" width=\"1em\" xmlns=\"http:\/\/www.w3.org\/2000\/svg\"><path d=\"M256 8C119 8 8 119 8 256s111 248 248 248 248-111 248-248S393 8 256 8z\"><\/path><\/svg><\/div><div class=\"ctl-6 timeline-block-detail\"><div class=\"story-details\"><div class=\"story-content\">\n<figure class=\"wp-block-image size-large is-resized ctlb-block-image\"><a href=\"https:\/\/www.iemj.org\/de\/judeo-spanish-from-the-balkans-series-12\/\" target=\"_blank\" rel=\" noreferrer noopener\"><img decoding=\"async\" src=\"https:\/\/www.iemj.org\/wp-content\/uploads\/2021\/04\/COUV-CD-Judeo-Spanish-from-the-Balkans_350x354px.jpg\" alt=\"\" style=\"width:150px\"\/><\/a><\/figure>\n\n\n\n<h3 class=\"wp-block-heading ctlb-block-title\" style=\"padding-top:0px;padding-right:0px;padding-bottom:0px;padding-left:0px\"><a href=\"https:\/\/www.iemj.org\/de\/a-jumpin-night-in-the-garden-of-eden\/\" target=\"_blank\" rel=\"noreferrer noopener\"><\/a><a href=\"https:\/\/www.iemj.org\/de\/judeo-spanish-from-the-balkans-series-12\/\">Judeo-Spanish from the Balkans \u2013 Series 12<\/a><\/h3>\n\n\n\n<p class=\"ctlb-block-desc\" style=\"padding-top:0px;padding-right:0px;padding-bottom:0px;padding-left:0px\">Diese reich dokumentierte CD\/DVD-Box enth\u00e4lt historische j\u00fcdisch-spanische Aufnahmen vom Balkan&#8230;<\/p>\n<\/div><\/div><\/div><\/div><\/div><\/div>\n\n\n\n<div class=\"wp-block-cp-timeline-content-timeline-block-child swiper-slide\"><div class=\"timeline-content icon-false \"><div class=\"timeline-block-timeline ctl-row  position-right\"><div class=\"ctl-6 timeline-block-time\"><div class=\"story-time\"><p>CD<\/p><\/div><\/div><div class=\"timeline-block-icon\"><svg stroke=\"currentColor\" fill=\"currentColor\" stroke-width=\"0\" viewBox=\"0 0 512 512\" height=\"1em\" width=\"1em\" xmlns=\"http:\/\/www.w3.org\/2000\/svg\"><path d=\"M256 8C119 8 8 119 8 256s111 248 248 248 248-111 248-248S393 8 256 8z\"><\/path><\/svg><\/div><div class=\"ctl-6 timeline-block-detail\"><div class=\"story-details\"><div class=\"story-content\">\n<figure class=\"wp-block-image size-large is-resized ctlb-block-image\"><a href=\"https:\/\/www.iemj.org\/de\/judeo-spanish-from-the-balkans-series-12\/\" target=\"_blank\" rel=\" noreferrer noopener\"><img decoding=\"async\" src=\"https:\/\/www.iemj.org\/wp-content\/uploads\/2020\/02\/Yahudice.jpg\" alt=\"\" style=\"width:150px\"\/><\/a><\/figure>\n\n\n\n<h3 class=\"wp-block-heading ctlb-block-title\" style=\"padding-top:0px;padding-right:0px;padding-bottom:0px;padding-left:0px\"><a href=\"https:\/\/www.iemj.org\/de\/yahudice\/\" target=\"_blank\" rel=\"noreferrer noopener\"><\/a><a href=\"https:\/\/www.iemj.org\/de\/judeo-spanish-from-the-balkans-series-12\/\"><\/a><a href=\"https:\/\/www.iemj.org\/de\/yahudice\/\">Yahudice<\/a><\/h3>\n\n\n\n<p class=\"ctlb-block-desc\" style=\"padding-top:0px;padding-right:0px;padding-bottom:0px;padding-left:0px\">CD mit jud\u00e4o-spanischer Musik aus Istanbul, Izmir, Thessaloniki und Jerusalem. Texte der Brosch\u00fcre in Englisch, T\u00fcrkisch, Jud\u00e4o-Spanisch und Hebr\u00e4isch, erschienen 2003 im KALAN-Verlag, Istanbul&#8230;<\/p>\n<\/div><\/div><\/div><\/div><\/div><\/div>\n\n\n\n<div class=\"wp-block-cp-timeline-content-timeline-block-child swiper-slide\"><div class=\"timeline-content icon-false \"><div class=\"timeline-block-timeline ctl-row  position-left\"><div class=\"ctl-6 timeline-block-time\"><div class=\"story-time\"><p>CD<\/p><\/div><\/div><div class=\"timeline-block-icon\"><svg stroke=\"currentColor\" fill=\"currentColor\" stroke-width=\"0\" viewBox=\"0 0 512 512\" height=\"1em\" width=\"1em\" xmlns=\"http:\/\/www.w3.org\/2000\/svg\"><path d=\"M256 8C119 8 8 119 8 256s111 248 248 248 248-111 248-248S393 8 256 8z\"><\/path><\/svg><\/div><div class=\"ctl-6 timeline-block-detail\"><div class=\"story-details\"><div class=\"story-content\">\n<figure class=\"wp-block-image size-large is-resized ctlb-block-image\"><a href=\"https:\/\/www.iemj.org\/de\/judeo-spanish-songs-for-the-life-cycle-in-the-eastern-mediterranean-cantares-judeo-espanoles-del-ciclo-de-la-vida-en-el-mediterraneo-oriental\/\" target=\"_blank\" rel=\" noreferrer noopener\"><img decoding=\"async\" src=\"https:\/\/www.iemj.org\/wp-content\/uploads\/2015\/07\/arton1036-e1619535568800.jpg\" alt=\"\" style=\"width:150px\"\/><\/a><\/figure>\n\n\n\n<h3 class=\"wp-block-heading ctlb-block-title\" style=\"padding-top:0px;padding-right:0px;padding-bottom:0px;padding-left:0px\"><a href=\"https:\/\/www.iemj.org\/de\/judeo-spanish-songs-for-the-life-cycle-in-the-eastern-mediterranean-cantares-judeo-espanoles-del-ciclo-de-la-vida-en-el-mediterraneo-oriental\/\" target=\"_blank\" rel=\"noreferrer noopener\"><\/a><a href=\"https:\/\/www.iemj.org\/de\/judeo-spanish-from-the-balkans-series-12\/\"><\/a><a href=\"https:\/\/www.iemj.org\/de\/yahudice\/\"><\/a><a href=\"https:\/\/www.iemj.org\/de\/judeo-spanish-songs-for-the-life-cycle-in-the-eastern-mediterranean-cantares-judeo-espanoles-del-ciclo-de-la-vida-en-el-mediterraneo-oriental\/\">Judeo-Spanish Songs for the Life Cycle in the Eastern Mediterranean \/ Cantares Judeo-espanoles del Ciclo de la Vida en el Mediterraneo Oriental<\/a><\/h3>\n\n\n\n<p class=\"ctlb-block-desc\" style=\"padding-top:0px;padding-right:0px;padding-bottom:0px;padding-left:0px\">Dieses Doppelalbum wurde 2014 vom JMRC unter der Leitung von Susana Weich-Shahak ver\u00f6ffentlicht und zeichnet die verschiedenen musikalischen Momente im Leben der j\u00fcdisch-spanischen Gemeinden im \u00f6stlichen Mittelmeerraum nach: von der Geburt bis zum Tod, \u00fcber Wiegenlieder, Kinderreime, Hochzeitslieder&#8230;<\/p>\n<\/div><\/div><\/div><\/div><\/div><\/div>\n\n\n\n<div class=\"wp-block-cp-timeline-content-timeline-block-child swiper-slide\"><div class=\"timeline-content icon-false \"><div class=\"timeline-block-timeline ctl-row  position-right\"><div class=\"ctl-6 timeline-block-time\"><div class=\"story-time\"><p>CD<\/p><\/div><\/div><div class=\"timeline-block-icon\"><svg stroke=\"currentColor\" fill=\"currentColor\" stroke-width=\"0\" viewBox=\"0 0 512 512\" height=\"1em\" width=\"1em\" xmlns=\"http:\/\/www.w3.org\/2000\/svg\"><path d=\"M256 8C119 8 8 119 8 256s111 248 248 248 248-111 248-248S393 8 256 8z\"><\/path><\/svg><\/div><div class=\"ctl-6 timeline-block-detail\"><div class=\"story-details\"><div class=\"story-content\">\n<figure class=\"wp-block-image size-large is-resized ctlb-block-image\"><a href=\"https:\/\/www.iemj.org\/de\/decile-a-mi-amor\/\" target=\"_blank\" rel=\" noreferrer noopener\"><img decoding=\"async\" src=\"https:\/\/www.iemj.org\/wp-content\/uploads\/2020\/01\/arton4485-e1619022529912.jpg\" alt=\"\" style=\"width:150px\"\/><\/a><\/figure>\n\n\n\n<h3 class=\"wp-block-heading ctlb-block-title\" style=\"padding-top:0px;padding-right:0px;padding-bottom:0px;padding-left:0px\"><a href=\"https:\/\/www.iemj.org\/de\/decile-a-mi-amor\/\">Decile a mi Amor<\/a><\/h3>\n\n\n\n<p class=\"ctlb-block-desc\" style=\"padding-top:0px;padding-right:0px;padding-bottom:0px;padding-left:0px\">Diese Aufnahmen sind eine Hommage an die reiche Musiktradition der Sephardim aus Tetuan, unter der Leitung und auf der Grundlage der Forschungen der israelischen Musikethnologin Susana Weich-Shahak und mit Unterst\u00fctzung des The Salonika and Greece Jewry Heritage Center&#8230;<\/p>\n<\/div><\/div><\/div><\/div><\/div><\/div>\n\n\n\n<div class=\"wp-block-cp-timeline-content-timeline-block-child swiper-slide\"><div class=\"timeline-content icon-false \"><div class=\"timeline-block-timeline ctl-row  position-left\"><div class=\"ctl-6 timeline-block-time\"><div class=\"story-time\"><p>Partitur<\/p><\/div><\/div><div class=\"timeline-block-icon\"><svg stroke=\"currentColor\" fill=\"currentColor\" stroke-width=\"0\" viewBox=\"0 0 512 512\" height=\"1em\" width=\"1em\" xmlns=\"http:\/\/www.w3.org\/2000\/svg\"><path d=\"M256 8C119 8 8 119 8 256s111 248 248 248 248-111 248-248S393 8 256 8z\"><\/path><\/svg><\/div><div class=\"ctl-6 timeline-block-detail\"><div class=\"story-details\"><div class=\"story-content\">\n<figure class=\"wp-block-image size-large is-resized ctlb-block-image\"><a href=\"https:\/\/www.iemj.org\/de\/decile-a-mi-amor\/\" target=\"_blank\" rel=\" noreferrer noopener\"><img decoding=\"async\" src=\"https:\/\/www.iemj.org\/wp-content\/uploads\/2015\/03\/185-thickbox_default-Coplas-Sefardies-10eme-serie.jpg\" alt=\"\" style=\"width:211px;height:auto\"\/><\/a><\/figure>\n\n\n\n<h3 class=\"wp-block-heading ctlb-block-title\" style=\"padding-top:0px;padding-right:0px;padding-bottom:0px;padding-left:0px\"><a href=\"https:\/\/www.iemj.org\/de\/decile-a-mi-amor\/\"><\/a><a href=\"https:\/\/www.iemj.org\/de\/produit\/coplas-sefardies-10th-serie\/\">Hemsi \u2013 Coplas Sefardies<\/a><\/h3>\n\n\n\n<p class=\"ctlb-block-desc\" style=\"padding-top:0px;padding-right:0px;padding-bottom:0px;padding-left:0px\">Die 10 Notensammlungen der Coplas Sefardies von Alberto Hemsi<\/p>\n\n\n\n<p><a href=\"http:\/\/www.rachelnet.net\/F\/?func=find-c&amp;ccl_term=WACM+%3D+hemsi+ET+WTI+%3D+Coplas+sefardies+ET+WTY+%3D+P1+or+P2+or+P3+or+P4+or+A3+or+A4&amp;local_base=iemcg\" target=\"_blank\" rel=\"noreferrer noopener\"><strong>Alle Coplas in unserem Online-Katalog einsehen<\/strong><\/a><\/p>\n\n\n\n<p><a href=\"https:\/\/www.iemj.org\/?search_type=product&amp;s=Coplas+Sefardies&amp;submit=Recherche\" target=\"_blank\" rel=\"noreferrer noopener\"><strong>Bestellen Sie die Noten in unserem Shop<\/strong><\/a><\/p>\n<\/div><\/div><\/div><\/div><\/div><\/div>\n\n\n\n<div class=\"wp-block-cp-timeline-content-timeline-block-child swiper-slide\"><div class=\"timeline-content icon-false \"><div class=\"timeline-block-timeline ctl-row  position-right\"><div class=\"ctl-6 timeline-block-time\"><div class=\"story-time\"><p>Buch<\/p><\/div><\/div><div class=\"timeline-block-icon\"><svg stroke=\"currentColor\" fill=\"currentColor\" stroke-width=\"0\" viewBox=\"0 0 512 512\" height=\"1em\" width=\"1em\" xmlns=\"http:\/\/www.w3.org\/2000\/svg\"><path d=\"M256 8C119 8 8 119 8 256s111 248 248 248 248-111 248-248S393 8 256 8z\"><\/path><\/svg><\/div><div class=\"ctl-6 timeline-block-detail\"><div class=\"story-details\"><div class=\"story-content\">\n<figure class=\"wp-block-image size-large is-resized ctlb-block-image\"><a href=\"https:\/\/www.iemj.org\/de\/se-reinventer-au-present\/\" target=\"_blank\" rel=\" noreferrer noopener\"><img decoding=\"async\" src=\"https:\/\/www.iemj.org\/wp-content\/uploads\/2018\/06\/arton3531.jpg\" alt=\"\" style=\"width:201px;height:auto\"\/><\/a><\/figure>\n\n\n\n<h3 class=\"wp-block-heading ctlb-block-title\" style=\"padding-top:0px;padding-right:0px;padding-bottom:0px;padding-left:0px\"><a href=\"https:\/\/www.iemj.org\/de\/se-reinventer-au-present\/\" target=\"_blank\" rel=\"noreferrer noopener\">Se r\u00e9inventer au pr\u00e9sent<\/a><\/h3>\n\n\n\n<p class=\"ctlb-block-desc\" style=\"padding-top:0px;padding-right:0px;padding-bottom:0px;padding-left:0px\">Jessica Roda hat im Verlag Presses universitaires de Rennes ein umfassendes Werk \u00fcber die j\u00fcdischen Spanier in Frankreich und ihr musikalisches Erbe ver\u00f6ffentlicht&#8230;<\/p>\n<\/div><\/div><\/div><\/div><\/div><\/div>\n\n\n\n<div class=\"wp-block-cp-timeline-content-timeline-block-child swiper-slide\"><div class=\"timeline-content icon-false \"><div class=\"timeline-block-timeline ctl-row  position-left\"><div class=\"ctl-6 timeline-block-time\"><div class=\"story-time\"><p>Verlag des IEMJ<\/p><\/div><\/div><div class=\"timeline-block-icon\"><svg stroke=\"currentColor\" fill=\"currentColor\" stroke-width=\"0\" viewBox=\"0 0 512 512\" height=\"1em\" width=\"1em\" xmlns=\"http:\/\/www.w3.org\/2000\/svg\"><path d=\"M256 8C119 8 8 119 8 256s111 248 248 248 248-111 248-248S393 8 256 8z\"><\/path><\/svg><\/div><div class=\"ctl-6 timeline-block-detail\"><div class=\"story-details\"><div class=\"story-content\">\n<figure class=\"wp-block-image size-large is-resized ctlb-block-image\"><a href=\"https:\/\/www.iemj.org\/de\/alberto-hemsi-coplas-sefardies\/\" target=\"_blank\" rel=\" noreferrer noopener\"><img decoding=\"async\" src=\"https:\/\/www.iemj.org\/wp-content\/uploads\/2010\/03\/arton36-e1625321577105.jpg\" alt=\"\" style=\"width:220px\"\/><\/a><\/figure>\n\n\n\n<h3 class=\"wp-block-heading ctlb-block-title\" style=\"padding-top:0px;padding-right:0px;padding-bottom:0px;padding-left:0px\"><a href=\"https:\/\/www.iemj.org\/de\/somos-los-cigarillos-klezmer-y-salsa\/\" target=\"_blank\" rel=\"noreferrer noopener\"><\/a><a href=\"https:\/\/www.iemj.org\/de\/alberto-hemsi-coplas-sefardies\/\" target=\"_blank\" rel=\"noreferrer noopener\">Alberto Hemsi \u2013 Coplas sefardies<\/a><\/h3>\n\n\n\n<p class=\"ctlb-block-desc\" style=\"padding-top:0px;padding-right:0px;padding-bottom:0px;padding-left:0px\"><a href=\"https:\/\/www.iemj.org\/de\/produit\/alberto-hemsi-coplas-sefardies\/\" target=\"_blank\" rel=\"noreferrer noopener\">CD bestellen<\/a><br><\/p>\n<\/div><\/div><\/div><\/div><\/div><\/div>\n\n\n\n<div class=\"wp-block-cp-timeline-content-timeline-block-child swiper-slide\"><div class=\"timeline-content icon-false \"><div class=\"timeline-block-timeline ctl-row  position-right\"><div class=\"ctl-6 timeline-block-time\"><div class=\"story-time\"><p>Verlag des IEMJ<\/p><\/div><\/div><div class=\"timeline-block-icon\"><svg stroke=\"currentColor\" fill=\"currentColor\" stroke-width=\"0\" viewBox=\"0 0 512 512\" height=\"1em\" width=\"1em\" xmlns=\"http:\/\/www.w3.org\/2000\/svg\"><path d=\"M256 8C119 8 8 119 8 256s111 248 248 248 248-111 248-248S393 8 256 8z\"><\/path><\/svg><\/div><div class=\"ctl-6 timeline-block-detail\"><div class=\"story-details\"><div class=\"story-content\">\n<figure class=\"wp-block-image size-large is-resized ctlb-block-image\"><a href=\"https:\/\/www.iemj.org\/de\/balkanes-sefarades-la-rencontre-des-monodies-judeo-espagnoles-et-des-polyphonies-bulgares\/\" target=\"_blank\" rel=\" noreferrer noopener\"><img decoding=\"async\" src=\"https:\/\/www.iemj.org\/wp-content\/uploads\/2016\/10\/arton1897-e1625060531710.jpg\" alt=\"\" style=\"width:220px\"\/><\/a><\/figure>\n\n\n\n<h3 class=\"wp-block-heading ctlb-block-title\" style=\"padding-top:0px;padding-right:0px;padding-bottom:0px;padding-left:0px\"><a href=\"https:\/\/www.iemj.org\/de\/balkanes-sefarades-la-rencontre-des-monodies-judeo-espagnoles-et-des-polyphonies-bulgares\/\" target=\"_blank\" rel=\"noreferrer noopener\">Balkanes Sefarades \u2013 La rencontre des monodies jud\u00e9o-espagnoles et des polyphonies bulgares<\/a><\/h3>\n\n\n\n<p class=\"ctlb-block-desc\" style=\"padding-top:0px;padding-right:0px;padding-bottom:0px;padding-left:0px\"><a href=\"https:\/\/www.iemj.org\/de\/produit\/balkanes-sefarades\/\" target=\"_blank\" rel=\"noreferrer noopener\">CD bestellen<\/a><\/p>\n<\/div><\/div><\/div><\/div><\/div><\/div>\n\n\n\n<div class=\"wp-block-cp-timeline-content-timeline-block-child swiper-slide\"><div class=\"timeline-content icon-false \"><div class=\"timeline-block-timeline ctl-row  position-left\"><div class=\"ctl-6 timeline-block-time\"><div class=\"story-time\"><p>Externer Link<\/p><\/div><\/div><div class=\"timeline-block-icon\"><svg stroke=\"currentColor\" fill=\"currentColor\" stroke-width=\"0\" viewBox=\"0 0 512 512\" height=\"1em\" width=\"1em\" xmlns=\"http:\/\/www.w3.org\/2000\/svg\"><path d=\"M256 8C119 8 8 119 8 256s111 248 248 248 248-111 248-248S393 8 256 8z\"><\/path><\/svg><\/div><div class=\"ctl-6 timeline-block-detail\"><div class=\"story-details\"><div class=\"story-content\">\n<h3 class=\"wp-block-heading ctlb-block-title\" style=\"padding-top:0px;padding-right:0px;padding-bottom:0px;padding-left:0px\"><a href=\"https:\/\/www.iemj.org\/de\/sephardic-music\/\" target=\"_blank\" rel=\"noreferrer noopener\">Sephardic Music<\/a><\/h3>\n\n\n\n<p class=\"ctlb-block-desc\" style=\"padding-top:0px;padding-right:0px;padding-bottom:0px;padding-left:0px\">Website von Joel Bresler, die sich der sephardischen j\u00fcdischen Musik widmet und mehr als ein Jahrhundert sephardischer Musikaufnahmen pr\u00e4sentiert, von 78er-Platten bis heute<\/p>\n<\/div><\/div><\/div><\/div><\/div><\/div>\n\n\n\n<div class=\"wp-block-cp-timeline-content-timeline-block-child swiper-slide\"><div class=\"timeline-content icon-false \"><div class=\"timeline-block-timeline ctl-row  position-right\"><div class=\"ctl-6 timeline-block-time\"><div class=\"story-time\"><p>Weiterf\u00fchrendes<\/p><\/div><\/div><div class=\"timeline-block-icon\"><svg stroke=\"currentColor\" fill=\"currentColor\" stroke-width=\"0\" viewBox=\"0 0 512 512\" height=\"1em\" width=\"1em\" xmlns=\"http:\/\/www.w3.org\/2000\/svg\"><path d=\"M256 8C119 8 8 119 8 256s111 248 248 248 248-111 248-248S393 8 256 8z\"><\/path><\/svg><\/div><div class=\"ctl-6 timeline-block-detail\"><div class=\"story-details\"><div class=\"story-content\">\n<h3 class=\"wp-block-heading ctlb-block-title\" style=\"padding-top:0px;padding-right:0px;padding-bottom:0px;padding-left:0px\"><a href=\"https:\/\/www.iemj.org\/de\/genre\/judaisch-spanisch-de\/\" target=\"_blank\" rel=\"noreferrer noopener\">Weitere Online-Inhalte<\/a><\/h3>\n\n\n\n<p class=\"ctlb-block-desc\" style=\"padding-top:0px;padding-right:0px;padding-bottom:0px;padding-left:0px\">Entdecken Sie alle unsere Artikel zum Thema j\u00fcdisch-spanische Musik&#8230;<\/p>\n<\/div><\/div><\/div><\/div><\/div><\/div>\n<\/div><\/div><\/div><\/div>\n","protected":false},"excerpt":{"rendered":"<p>Die sogenannte j\u00fcdisch-spanische oder ladinische Musik, die lange Zeit m\u00fcndlich \u00fcberliefert wurde, bezeichnet die Musik der Nachkommen der spanischen Juden, deren Musik von den Traditionen der verschiedenen L\u00e4nder und Aufnahmel\u00e4nder gepr\u00e4gt ist.<br \/>\nEntdecken Sie sie mit wenigen Klicks<\/p>\n","protected":false},"author":5,"featured_media":130205,"parent":40583,"menu_order":0,"comment_status":"closed","ping_status":"closed","template":"","meta":{"_acf_changed":false,"footnotes":""},"categories":[2218],"tags":[],"class_list":["post-130264","page","type-page","status-publish","has-post-thumbnail","hentry","category-gefuhrte-seitenrundgange-de"],"acf":[],"yoast_head":"<!-- This site is optimized with the Yoast SEO plugin v27.3 - https:\/\/yoast.com\/product\/yoast-seo-wordpress\/ -->\n<title>J\u00fcdisch-spanische Musik - Institut Europ\u00e9en des Musiques Juives<\/title>\n<meta name=\"robots\" content=\"index, follow, max-snippet:-1, max-image-preview:large, max-video-preview:-1\" \/>\n<link rel=\"canonical\" href=\"https:\/\/www.iemj.org\/de\/entdecken\/begleiteter-seitenrundgang\/la-musique-judeo-espagnole\/\" \/>\n<meta property=\"og:locale\" content=\"de_DE\" \/>\n<meta property=\"og:type\" content=\"article\" \/>\n<meta property=\"og:title\" content=\"J\u00fcdisch-spanische Musik - Institut Europ\u00e9en des Musiques Juives\" \/>\n<meta property=\"og:description\" content=\"Die sogenannte j\u00fcdisch-spanische oder ladinische Musik, die lange Zeit m\u00fcndlich \u00fcberliefert wurde, bezeichnet die Musik der Nachkommen der spanischen Juden, deren Musik von den Traditionen der verschiedenen L\u00e4nder und Aufnahmel\u00e4nder gepr\u00e4gt ist. Entdecken Sie sie mit wenigen Klicks\" \/>\n<meta property=\"og:url\" content=\"https:\/\/www.iemj.org\/de\/entdecken\/begleiteter-seitenrundgang\/la-musique-judeo-espagnole\/\" \/>\n<meta property=\"og:site_name\" content=\"Institut Europ\u00e9en des Musiques Juives\" \/>\n<meta property=\"article:publisher\" content=\"https:\/\/www.facebook.com\/MusiquesJuives\/\" \/>\n<meta property=\"article:modified_time\" content=\"2026-02-19T09:20:31+00:00\" \/>\n<meta property=\"og:image\" content=\"https:\/\/www.iemj.org\/wp-content\/uploads\/2026\/02\/Logo-Parcours-Guides_Judeo-esp-2.png\" \/>\n\t<meta property=\"og:image:width\" content=\"1081\" \/>\n\t<meta property=\"og:image:height\" content=\"500\" \/>\n\t<meta property=\"og:image:type\" content=\"image\/png\" \/>\n<meta name=\"twitter:card\" content=\"summary_large_image\" \/>\n<meta name=\"twitter:label1\" content=\"Gesch\u00e4tzte Lesezeit\" \/>\n\t<meta name=\"twitter:data1\" content=\"5\u00a0Minuten\" \/>\n<script type=\"application\/ld+json\" class=\"yoast-schema-graph\">{\"@context\":\"https:\\\/\\\/schema.org\",\"@graph\":[{\"@type\":\"WebPage\",\"@id\":\"https:\\\/\\\/www.iemj.org\\\/de\\\/entdecken\\\/begleiteter-seitenrundgang\\\/la-musique-judeo-espagnole\\\/\",\"url\":\"https:\\\/\\\/www.iemj.org\\\/de\\\/entdecken\\\/begleiteter-seitenrundgang\\\/la-musique-judeo-espagnole\\\/\",\"name\":\"J\u00fcdisch-spanische Musik - Institut Europ\u00e9en des Musiques Juives\",\"isPartOf\":{\"@id\":\"https:\\\/\\\/www.iemj.org\\\/de\\\/#website\"},\"primaryImageOfPage\":{\"@id\":\"https:\\\/\\\/www.iemj.org\\\/de\\\/entdecken\\\/begleiteter-seitenrundgang\\\/la-musique-judeo-espagnole\\\/#primaryimage\"},\"image\":{\"@id\":\"https:\\\/\\\/www.iemj.org\\\/de\\\/entdecken\\\/begleiteter-seitenrundgang\\\/la-musique-judeo-espagnole\\\/#primaryimage\"},\"thumbnailUrl\":\"https:\\\/\\\/www.iemj.org\\\/wp-content\\\/uploads\\\/2026\\\/02\\\/Logo-Parcours-Guides_Judeo-esp-2.png\",\"datePublished\":\"2024-06-17T11:00:00+00:00\",\"dateModified\":\"2026-02-19T09:20:31+00:00\",\"breadcrumb\":{\"@id\":\"https:\\\/\\\/www.iemj.org\\\/de\\\/entdecken\\\/begleiteter-seitenrundgang\\\/la-musique-judeo-espagnole\\\/#breadcrumb\"},\"inLanguage\":\"de\",\"potentialAction\":[{\"@type\":\"ReadAction\",\"target\":[\"https:\\\/\\\/www.iemj.org\\\/de\\\/entdecken\\\/begleiteter-seitenrundgang\\\/la-musique-judeo-espagnole\\\/\"]}]},{\"@type\":\"ImageObject\",\"inLanguage\":\"de\",\"@id\":\"https:\\\/\\\/www.iemj.org\\\/de\\\/entdecken\\\/begleiteter-seitenrundgang\\\/la-musique-judeo-espagnole\\\/#primaryimage\",\"url\":\"https:\\\/\\\/www.iemj.org\\\/wp-content\\\/uploads\\\/2026\\\/02\\\/Logo-Parcours-Guides_Judeo-esp-2.png\",\"contentUrl\":\"https:\\\/\\\/www.iemj.org\\\/wp-content\\\/uploads\\\/2026\\\/02\\\/Logo-Parcours-Guides_Judeo-esp-2.png\",\"width\":1081,\"height\":500},{\"@type\":\"BreadcrumbList\",\"@id\":\"https:\\\/\\\/www.iemj.org\\\/de\\\/entdecken\\\/begleiteter-seitenrundgang\\\/la-musique-judeo-espagnole\\\/#breadcrumb\",\"itemListElement\":[{\"@type\":\"ListItem\",\"position\":1,\"name\":\"Accueil\",\"item\":\"https:\\\/\\\/www.iemj.org\\\/de\\\/\"},{\"@type\":\"ListItem\",\"position\":2,\"name\":\"Entdecken\",\"item\":\"https:\\\/\\\/www.iemj.org\\\/de\\\/decouvrir\\\/\"},{\"@type\":\"ListItem\",\"position\":3,\"name\":\"gef\u00fchrte Seitenrundg\u00e4nge\",\"item\":\"https:\\\/\\\/www.iemj.org\\\/de\\\/entdecken\\\/begleiteter-seitenrundgang\\\/\"},{\"@type\":\"ListItem\",\"position\":4,\"name\":\"J\u00fcdisch-spanische Musik\"}]},{\"@type\":\"WebSite\",\"@id\":\"https:\\\/\\\/www.iemj.org\\\/de\\\/#website\",\"url\":\"https:\\\/\\\/www.iemj.org\\\/de\\\/\",\"name\":\"Institut Europ\u00e9en des Musiques Juives\",\"description\":\"Des traditions musicales \u00e0 la port\u00e9e de tous\",\"publisher\":{\"@id\":\"https:\\\/\\\/www.iemj.org\\\/de\\\/#organization\"},\"potentialAction\":[{\"@type\":\"SearchAction\",\"target\":{\"@type\":\"EntryPoint\",\"urlTemplate\":\"https:\\\/\\\/www.iemj.org\\\/de\\\/?s={search_term_string}\"},\"query-input\":{\"@type\":\"PropertyValueSpecification\",\"valueRequired\":true,\"valueName\":\"search_term_string\"}}],\"inLanguage\":\"de\"},{\"@type\":\"Organization\",\"@id\":\"https:\\\/\\\/www.iemj.org\\\/de\\\/#organization\",\"name\":\"Institut Europ\u00e9en des Musiques Juives\",\"url\":\"https:\\\/\\\/www.iemj.org\\\/de\\\/\",\"logo\":{\"@type\":\"ImageObject\",\"inLanguage\":\"de\",\"@id\":\"https:\\\/\\\/www.iemj.org\\\/de\\\/#\\\/schema\\\/logo\\\/image\\\/\",\"url\":\"https:\\\/\\\/www.iemj.org\\\/wp-content\\\/uploads\\\/2021\\\/09\\\/Logo-IEMJ-Paypal.jpg\",\"contentUrl\":\"https:\\\/\\\/www.iemj.org\\\/wp-content\\\/uploads\\\/2021\\\/09\\\/Logo-IEMJ-Paypal.jpg\",\"width\":150,\"height\":50,\"caption\":\"Institut Europ\u00e9en des Musiques Juives\"},\"image\":{\"@id\":\"https:\\\/\\\/www.iemj.org\\\/de\\\/#\\\/schema\\\/logo\\\/image\\\/\"},\"sameAs\":[\"https:\\\/\\\/www.facebook.com\\\/MusiquesJuives\\\/\",\"https:\\\/\\\/www.instagram.com\\\/musiquesjuives\\\/\",\"https:\\\/\\\/www.youtube.com\\\/user\\\/musiquesjuives\"]}]}<\/script>\n<!-- \/ Yoast SEO plugin. -->","yoast_head_json":{"title":"J\u00fcdisch-spanische Musik - Institut Europ\u00e9en des Musiques Juives","robots":{"index":"index","follow":"follow","max-snippet":"max-snippet:-1","max-image-preview":"max-image-preview:large","max-video-preview":"max-video-preview:-1"},"canonical":"https:\/\/www.iemj.org\/de\/entdecken\/begleiteter-seitenrundgang\/la-musique-judeo-espagnole\/","og_locale":"de_DE","og_type":"article","og_title":"J\u00fcdisch-spanische Musik - Institut Europ\u00e9en des Musiques Juives","og_description":"Die sogenannte j\u00fcdisch-spanische oder ladinische Musik, die lange Zeit m\u00fcndlich \u00fcberliefert wurde, bezeichnet die Musik der Nachkommen der spanischen Juden, deren Musik von den Traditionen der verschiedenen L\u00e4nder und Aufnahmel\u00e4nder gepr\u00e4gt ist. Entdecken Sie sie mit wenigen Klicks","og_url":"https:\/\/www.iemj.org\/de\/entdecken\/begleiteter-seitenrundgang\/la-musique-judeo-espagnole\/","og_site_name":"Institut Europ\u00e9en des Musiques Juives","article_publisher":"https:\/\/www.facebook.com\/MusiquesJuives\/","article_modified_time":"2026-02-19T09:20:31+00:00","og_image":[{"width":1081,"height":500,"url":"https:\/\/www.iemj.org\/wp-content\/uploads\/2026\/02\/Logo-Parcours-Guides_Judeo-esp-2.png","type":"image\/png"}],"twitter_card":"summary_large_image","twitter_misc":{"Gesch\u00e4tzte Lesezeit":"5\u00a0Minuten"},"schema":{"@context":"https:\/\/schema.org","@graph":[{"@type":"WebPage","@id":"https:\/\/www.iemj.org\/de\/entdecken\/begleiteter-seitenrundgang\/la-musique-judeo-espagnole\/","url":"https:\/\/www.iemj.org\/de\/entdecken\/begleiteter-seitenrundgang\/la-musique-judeo-espagnole\/","name":"J\u00fcdisch-spanische Musik - Institut Europ\u00e9en des Musiques Juives","isPartOf":{"@id":"https:\/\/www.iemj.org\/de\/#website"},"primaryImageOfPage":{"@id":"https:\/\/www.iemj.org\/de\/entdecken\/begleiteter-seitenrundgang\/la-musique-judeo-espagnole\/#primaryimage"},"image":{"@id":"https:\/\/www.iemj.org\/de\/entdecken\/begleiteter-seitenrundgang\/la-musique-judeo-espagnole\/#primaryimage"},"thumbnailUrl":"https:\/\/www.iemj.org\/wp-content\/uploads\/2026\/02\/Logo-Parcours-Guides_Judeo-esp-2.png","datePublished":"2024-06-17T11:00:00+00:00","dateModified":"2026-02-19T09:20:31+00:00","breadcrumb":{"@id":"https:\/\/www.iemj.org\/de\/entdecken\/begleiteter-seitenrundgang\/la-musique-judeo-espagnole\/#breadcrumb"},"inLanguage":"de","potentialAction":[{"@type":"ReadAction","target":["https:\/\/www.iemj.org\/de\/entdecken\/begleiteter-seitenrundgang\/la-musique-judeo-espagnole\/"]}]},{"@type":"ImageObject","inLanguage":"de","@id":"https:\/\/www.iemj.org\/de\/entdecken\/begleiteter-seitenrundgang\/la-musique-judeo-espagnole\/#primaryimage","url":"https:\/\/www.iemj.org\/wp-content\/uploads\/2026\/02\/Logo-Parcours-Guides_Judeo-esp-2.png","contentUrl":"https:\/\/www.iemj.org\/wp-content\/uploads\/2026\/02\/Logo-Parcours-Guides_Judeo-esp-2.png","width":1081,"height":500},{"@type":"BreadcrumbList","@id":"https:\/\/www.iemj.org\/de\/entdecken\/begleiteter-seitenrundgang\/la-musique-judeo-espagnole\/#breadcrumb","itemListElement":[{"@type":"ListItem","position":1,"name":"Accueil","item":"https:\/\/www.iemj.org\/de\/"},{"@type":"ListItem","position":2,"name":"Entdecken","item":"https:\/\/www.iemj.org\/de\/decouvrir\/"},{"@type":"ListItem","position":3,"name":"gef\u00fchrte Seitenrundg\u00e4nge","item":"https:\/\/www.iemj.org\/de\/entdecken\/begleiteter-seitenrundgang\/"},{"@type":"ListItem","position":4,"name":"J\u00fcdisch-spanische Musik"}]},{"@type":"WebSite","@id":"https:\/\/www.iemj.org\/de\/#website","url":"https:\/\/www.iemj.org\/de\/","name":"Institut Europ\u00e9en des Musiques Juives","description":"Des traditions musicales \u00e0 la port\u00e9e de tous","publisher":{"@id":"https:\/\/www.iemj.org\/de\/#organization"},"potentialAction":[{"@type":"SearchAction","target":{"@type":"EntryPoint","urlTemplate":"https:\/\/www.iemj.org\/de\/?s={search_term_string}"},"query-input":{"@type":"PropertyValueSpecification","valueRequired":true,"valueName":"search_term_string"}}],"inLanguage":"de"},{"@type":"Organization","@id":"https:\/\/www.iemj.org\/de\/#organization","name":"Institut Europ\u00e9en des Musiques Juives","url":"https:\/\/www.iemj.org\/de\/","logo":{"@type":"ImageObject","inLanguage":"de","@id":"https:\/\/www.iemj.org\/de\/#\/schema\/logo\/image\/","url":"https:\/\/www.iemj.org\/wp-content\/uploads\/2021\/09\/Logo-IEMJ-Paypal.jpg","contentUrl":"https:\/\/www.iemj.org\/wp-content\/uploads\/2021\/09\/Logo-IEMJ-Paypal.jpg","width":150,"height":50,"caption":"Institut Europ\u00e9en des Musiques Juives"},"image":{"@id":"https:\/\/www.iemj.org\/de\/#\/schema\/logo\/image\/"},"sameAs":["https:\/\/www.facebook.com\/MusiquesJuives\/","https:\/\/www.instagram.com\/musiquesjuives\/","https:\/\/www.youtube.com\/user\/musiquesjuives"]}]}},"_links":{"self":[{"href":"https:\/\/www.iemj.org\/de\/wp-json\/wp\/v2\/pages\/130264","targetHints":{"allow":["GET"]}}],"collection":[{"href":"https:\/\/www.iemj.org\/de\/wp-json\/wp\/v2\/pages"}],"about":[{"href":"https:\/\/www.iemj.org\/de\/wp-json\/wp\/v2\/types\/page"}],"author":[{"embeddable":true,"href":"https:\/\/www.iemj.org\/de\/wp-json\/wp\/v2\/users\/5"}],"replies":[{"embeddable":true,"href":"https:\/\/www.iemj.org\/de\/wp-json\/wp\/v2\/comments?post=130264"}],"version-history":[{"count":5,"href":"https:\/\/www.iemj.org\/de\/wp-json\/wp\/v2\/pages\/130264\/revisions"}],"predecessor-version":[{"id":130427,"href":"https:\/\/www.iemj.org\/de\/wp-json\/wp\/v2\/pages\/130264\/revisions\/130427"}],"up":[{"embeddable":true,"href":"https:\/\/www.iemj.org\/de\/wp-json\/wp\/v2\/pages\/40583"}],"wp:featuredmedia":[{"embeddable":true,"href":"https:\/\/www.iemj.org\/de\/wp-json\/wp\/v2\/media\/130205"}],"wp:attachment":[{"href":"https:\/\/www.iemj.org\/de\/wp-json\/wp\/v2\/media?parent=130264"}],"wp:term":[{"taxonomy":"category","embeddable":true,"href":"https:\/\/www.iemj.org\/de\/wp-json\/wp\/v2\/categories?post=130264"},{"taxonomy":"post_tag","embeddable":true,"href":"https:\/\/www.iemj.org\/de\/wp-json\/wp\/v2\/tags?post=130264"}],"curies":[{"name":"wp","href":"https:\/\/api.w.org\/{rel}","templated":true}]}}