{"id":130431,"date":"2024-06-16T18:37:00","date_gmt":"2024-06-16T16:37:00","guid":{"rendered":"https:\/\/www.iemj.org\/entdecken\/begleiteter-seitenrundgang\/la-musique-des-juifs-du-maghreb\/"},"modified":"2026-02-23T16:33:24","modified_gmt":"2026-02-23T15:33:24","slug":"la-musique-des-juifs-du-maghreb","status":"publish","type":"page","link":"https:\/\/www.iemj.org\/de\/entdecken\/begleiteter-seitenrundgang\/la-musique-des-juifs-du-maghreb\/","title":{"rendered":"Die Musik der Juden aus dem Maghreb"},"content":{"rendered":"\n<div class=\"wp-block-cp-timeline-content-timeline-block Cool-Content-Timeline\"><div class=\"cool-timeline-block-d842d4bd-9dba-4b89-b65a-f74868e5a039\"><style>.cool-timeline-block-d842d4bd-9dba-4b89-b65a-f74868e5a039 .cool-vertical-timeline-body{--ctlb-date-fontsize: 18px;--ctlb-date-line-height: 25px;--ctlb-date-color: #000;--ctlb-head-font-size: 18px;--ctlb-heading-color: #000;--ctlb-sub-head-font-size: 14px;--ctlb-sub-heading-color: #000;--ctlb-line-color: #3b4395;--ctlb-icon-bg: #3b4395;--ctlb-story-border-color: #3b4395;}<\/style><div class=\"cool-vertical-timeline-body ctlb-wrapper both-sided left\"><div class=\"cool-timeline-block-list\">\n<div class=\"wp-block-cp-timeline-content-timeline-block-child swiper-slide\"><div class=\"timeline-content icon-false \"><div class=\"timeline-block-timeline ctl-row  position-right\"><div class=\"ctl-6 timeline-block-time\"><div class=\"story-time\"><p>Hintergrundartikel<\/p><\/div><\/div><div class=\"timeline-block-icon\"><svg stroke=\"currentColor\" fill=\"currentColor\" stroke-width=\"0\" viewBox=\"0 0 512 512\" height=\"1em\" width=\"1em\" xmlns=\"http:\/\/www.w3.org\/2000\/svg\"><path d=\"M256 8C119 8 8 119 8 256s111 248 248 248 248-111 248-248S393 8 256 8z\"><\/path><\/svg><\/div><div class=\"ctl-6 timeline-block-detail\"><div class=\"story-details\"><div class=\"story-content\"><div class=\"wp-block-image ctlb-block-image\">\n<figure class=\"aligncenter size-large is-resized\"><a href=\"https:\/\/www.iemj.org\/de\/le-seder-de-pessah-chez-les-juifs-du-maroc\/\" target=\"_blank\" rel=\" noreferrer noopener\"><img decoding=\"async\" src=\"https:\/\/www.iemj.org\/wp-content\/uploads\/2024\/04\/Logo-article-seder-Pessah-rite-Marocain.jpg\" alt=\"\" style=\"aspect-ratio:1.3333333333333333;object-fit:cover;width:220px;height:auto\"\/><\/a><\/figure>\n<\/div>\n\n\n<h3 class=\"wp-block-heading ctlb-block-title\" style=\"padding-top:0px;padding-right:0px;padding-bottom:0px;padding-left:0px\"><a href=\"https:\/\/www.iemj.org\/de\/le-seder-de-pessah-chez-les-juifs-du-maroc\/\" target=\"_blank\" rel=\"noreferrer noopener\">Der Pessach-Seder bei den Juden in Marokko<\/a><\/h3>\n\n\n\n<p class=\"ctlb-block-desc\" style=\"padding-top:0px;padding-right:0px;padding-bottom:0px;padding-left:0px\">In diesem Artikel stellen wir Ihnen die wichtigsten Lieder und Gebete des Pessach-Seders im marokkanischen Ritus vor&#8230;<\/p>\n<\/div><\/div><\/div><\/div><\/div><\/div>\n\n\n\n<div class=\"wp-block-cp-timeline-content-timeline-block-child swiper-slide\"><div class=\"timeline-content icon-false \"><div class=\"timeline-block-timeline ctl-row  position-left\"><div class=\"ctl-6 timeline-block-time\"><div class=\"story-time\"><p>Hintergrundartikel<\/p><\/div><\/div><div class=\"timeline-block-icon\"><svg stroke=\"currentColor\" fill=\"currentColor\" stroke-width=\"0\" viewBox=\"0 0 512 512\" height=\"1em\" width=\"1em\" xmlns=\"http:\/\/www.w3.org\/2000\/svg\"><path d=\"M256 8C119 8 8 119 8 256s111 248 248 248 248-111 248-248S393 8 256 8z\"><\/path><\/svg><\/div><div class=\"ctl-6 timeline-block-detail\"><div class=\"story-details\"><div class=\"story-content\">\n<figure class=\"wp-block-image size-large is-resized ctlb-block-image\"><a href=\"https:\/\/www.iemj.org\/de\/les-baqqachot\/\" target=\"_blank\" rel=\" noreferrer noopener\"><img decoding=\"async\" src=\"https:\/\/www.iemj.org\/wp-content\/uploads\/2025\/01\/Les-baqqachot_article-fond.jpg\" alt=\"\" style=\"aspect-ratio:1.3333333333333333;object-fit:cover;width:220px\"\/><\/a><\/figure>\n\n\n\n<h3 class=\"wp-block-heading ctlb-block-title\" style=\"padding-top:0px;padding-right:0px;padding-bottom:0px;padding-left:0px\"><a href=\"https:\/\/www.iemj.org\/de\/les-baqqachot\/\" target=\"_blank\" rel=\"noreferrer noopener\">Die Baqqaschot<\/a><\/h3>\n\n\n\n<p class=\"ctlb-block-desc\" style=\"padding-top:0px;padding-right:0px;padding-bottom:0px;padding-left:0px\">Im Winter versammeln sich die Juden des Maghreb und des Nahen Ostens am Samstagmorgen vor Sonnenaufgang in der Synagoge, um die Baqqaschot zu singen, eine Sammlung liturgischer, manchmal mystischer Gedichte&#8230;<\/p>\n<\/div><\/div><\/div><\/div><\/div><\/div>\n\n\n\n<div class=\"wp-block-cp-timeline-content-timeline-block-child swiper-slide\"><div class=\"timeline-content icon-false \"><div class=\"timeline-block-timeline ctl-row  position-right\"><div class=\"ctl-6 timeline-block-time\"><div class=\"story-time\"><p>Biografien<\/p><\/div><\/div><div class=\"timeline-block-icon\"><svg stroke=\"currentColor\" fill=\"currentColor\" stroke-width=\"0\" viewBox=\"0 0 512 512\" height=\"1em\" width=\"1em\" xmlns=\"http:\/\/www.w3.org\/2000\/svg\"><path d=\"M256 8C119 8 8 119 8 256s111 248 248 248 248-111 248-248S393 8 256 8z\"><\/path><\/svg><\/div><div class=\"ctl-6 timeline-block-detail\"><div class=\"story-details\"><div class=\"story-content\"><div class=\"wp-block-image ctlb-block-image\">\n<figure class=\"aligncenter size-full is-resized\"><img fetchpriority=\"high\" decoding=\"async\" width=\"447\" height=\"145\" src=\"https:\/\/www.iemj.org\/wp-content\/uploads\/2026\/02\/Logo-Bios-Maghreb.jpg\" alt=\"\" class=\"wp-image-130403\" style=\"width:280px\" srcset=\"https:\/\/www.iemj.org\/wp-content\/uploads\/2026\/02\/Logo-Bios-Maghreb.jpg 447w, https:\/\/www.iemj.org\/wp-content\/uploads\/2026\/02\/Logo-Bios-Maghreb-300x97.jpg 300w\" sizes=\"(max-width: 447px) 100vw, 447px\" \/><\/figure>\n<\/div>\n\n\n<h3 class=\"wp-block-heading ctlb-block-title\" style=\"padding-top:0px;padding-right:0px;padding-bottom:0px;padding-left:0px\">Alles erfahren \u00fcber:<\/h3>\n\n\n\n<ul class=\"wp-block-list ctlb-block-desc\">\n<li><strong><a href=\"https:\/\/www.iemj.org\/de\/cheikh-raymond-1912-1961\/\" target=\"_blank\" rel=\"noreferrer noopener\">Cheikh Raymond (1912-1961)<\/a><\/strong><\/li>\n\n\n\n<li><a href=\"https:\/\/www.iemj.org\/de\/el-medioni-maurice-1928-2024\/\" target=\"_blank\" rel=\"noreferrer noopener\"><strong><\/strong><\/a><strong><a href=\"https:\/\/www.iemj.org\/de\/el-medioni-maurice-1928-2024\/\">El M\u00e9dioni, Maurice (1928-2024)<\/a><\/strong><\/li>\n\n\n\n<li><a href=\"https:\/\/www.iemj.org\/de\/elmaghribi-samy-1922-2008\/\" target=\"_blank\" rel=\"noreferrer noopener\"><strong><\/strong><\/a><strong><a href=\"https:\/\/www.iemj.org\/de\/elmaghribi-samy-1922-2008\/\">Elmaghribi, Samy (1922 \u2013 2008)<\/a><\/strong><\/li>\n\n\n\n<li><a href=\"https:\/\/www.iemj.org\/de\/journo-raoul-1911-2001\/\" target=\"_blank\" rel=\"noreferrer noopener\"><strong>Journo, Raoul (1911-2001)<\/strong><\/a><\/li>\n<\/ul>\n<\/div><\/div><\/div><\/div><\/div><\/div>\n\n\n\n<div class=\"wp-block-cp-timeline-content-timeline-block-child swiper-slide\"><div class=\"timeline-content icon-false \"><div class=\"timeline-block-timeline ctl-row  position-left\"><div class=\"ctl-6 timeline-block-time\"><div class=\"story-time\"><p>Radiosendungen<\/p><\/div><\/div><div class=\"timeline-block-icon\"><svg stroke=\"currentColor\" fill=\"currentColor\" stroke-width=\"0\" viewBox=\"0 0 512 512\" height=\"1em\" width=\"1em\" xmlns=\"http:\/\/www.w3.org\/2000\/svg\"><path d=\"M256 8C119 8 8 119 8 256s111 248 248 248 248-111 248-248S393 8 256 8z\"><\/path><\/svg><\/div><div class=\"ctl-6 timeline-block-detail\"><div class=\"story-details\"><div class=\"story-content\"><div class=\"wp-block-image ctlb-block-image\">\n<figure class=\"aligncenter size-large is-resized\"><img decoding=\"async\" width=\"1024\" height=\"1024\" src=\"https:\/\/www.iemj.org\/wp-content\/uploads\/2021\/10\/Logo-poste-radio-Jaune-carre-1024x1024.jpg\" alt=\"\" class=\"wp-image-70561\" style=\"width:157px;height:auto\" srcset=\"https:\/\/www.iemj.org\/wp-content\/uploads\/2021\/10\/Logo-poste-radio-Jaune-carre-1024x1024.jpg 1024w, https:\/\/www.iemj.org\/wp-content\/uploads\/2021\/10\/Logo-poste-radio-Jaune-carre-300x300.jpg 300w, https:\/\/www.iemj.org\/wp-content\/uploads\/2021\/10\/Logo-poste-radio-Jaune-carre-150x150.jpg 150w, https:\/\/www.iemj.org\/wp-content\/uploads\/2021\/10\/Logo-poste-radio-Jaune-carre-768x768.jpg 768w, https:\/\/www.iemj.org\/wp-content\/uploads\/2021\/10\/Logo-poste-radio-Jaune-carre-600x600.jpg 600w, https:\/\/www.iemj.org\/wp-content\/uploads\/2021\/10\/Logo-poste-radio-Jaune-carre-100x100.jpg 100w, https:\/\/www.iemj.org\/wp-content\/uploads\/2021\/10\/Logo-poste-radio-Jaune-carre.jpg 1240w\" sizes=\"(max-width: 1024px) 100vw, 1024px\" \/><\/figure>\n<\/div>\n\n\n<h3 class=\"wp-block-heading ctlb-block-title\" style=\"padding-top:0px;padding-right:0px;padding-bottom:0px;padding-left:0px\">Anh\u00f6ren:<\/h3>\n\n\n\n<ul class=\"wp-block-list\">\n<li><a href=\"https:\/\/www.iemj.org\/en\/the-french-arab-song-repertoire-1st-part\/\" target=\"_blank\" rel=\"noreferrer noopener\"><strong>The French-Arabic song repertoire (1st part)<\/strong><\/a> (auf Franz\u00f6sisch)<\/li>\n\n\n\n<li><a href=\"https:\/\/www.iemj.org\/en\/the-french-arab-repertoire-2nd-part\/\" target=\"_blank\" rel=\"noreferrer noopener\"><strong>The French-Arabic repertoire (2nd part)<\/strong><\/a> (auf Franz\u00f6sisch)<\/li>\n\n\n\n<li><a href=\"https:\/\/www.iemj.org\/en\/hidden-sides-of-jewish-music-judeo-arab-songs\/\" target=\"_blank\" rel=\"noreferrer noopener\"><strong>Hidden sides of Jewish music : Judeo-Arabic songs<\/strong><\/a> (auf Franz\u00f6sisch)<\/li>\n<\/ul>\n<\/div><\/div><\/div><\/div><\/div><\/div>\n\n\n\n<div class=\"wp-block-cp-timeline-content-timeline-block-child swiper-slide\"><div class=\"timeline-content icon-false \"><div class=\"timeline-block-timeline ctl-row  position-right\"><div class=\"ctl-6 timeline-block-time\"><div class=\"story-time\"><p>Playlists<\/p><\/div><\/div><div class=\"timeline-block-icon\"><svg stroke=\"currentColor\" fill=\"currentColor\" stroke-width=\"0\" viewBox=\"0 0 512 512\" height=\"1em\" width=\"1em\" xmlns=\"http:\/\/www.w3.org\/2000\/svg\"><path d=\"M256 8C119 8 8 119 8 256s111 248 248 248 248-111 248-248S393 8 256 8z\"><\/path><\/svg><\/div><div class=\"ctl-6 timeline-block-detail\"><div class=\"story-details\"><div class=\"story-content\">\n<h3 class=\"wp-block-heading ctlb-block-title\" style=\"padding-top:0px;padding-right:0px;padding-bottom:0px;padding-left:0px\">Anh\u00f6ren:<\/h3>\n\n\n\n<ul class=\"wp-block-list\">\n<li><strong><a href=\"https:\/\/www.iemj.org\/de\/les-chants-judeo-espagnols-1\/\" target=\"_blank\" rel=\"noreferrer noopener\"><\/a><\/strong><a href=\"https:\/\/www.iemj.org\/de\/line-monty-la-diva-de-la-chanson-orientale\/\" target=\"_blank\" rel=\"noreferrer noopener\"><strong>Line Monty, diva des Orientalischen liedes<\/strong><\/a><\/li>\n\n\n\n<li><strong><a href=\"https:\/\/www.iemj.org\/de\/el-kahlaoui-tounsi\/\" target=\"_blank\" rel=\"noreferrer noopener\">El Kahlaoui Tounsi<\/a><\/strong><\/li>\n\n\n\n<li><a href=\"https:\/\/www.iemj.org\/de\/les-chants-de-shabbat-dans-le-rite-tunisien\/\" target=\"_blank\" rel=\"noreferrer noopener\"><strong>Die Sabbatlieder im Tunesischen ritus<\/strong><\/a><\/li>\n\n\n\n<li><a href=\"https:\/\/www.iemj.org\/de\/les-chants-de-shabbat-dans-le-rite-algerien\/\" target=\"_blank\" rel=\"noreferrer noopener\"><strong>Die Sabbatlieder im Algerischen ritus<\/strong><\/a><\/li>\n\n\n\n<li><a href=\"https:\/\/www.iemj.org\/de\/les-chants-de-shabbat-dans-le-rite-marocain\/\" target=\"_blank\" rel=\"noreferrer noopener\"><strong>Die Sabbatlieder im Marokkanischen ritus<\/strong><\/a><\/li>\n\n\n\n<li><a href=\"https:\/\/www.iemj.org\/de\/chants-des-juifs-de-tunisie\/\" target=\"_blank\" rel=\"noreferrer noopener\"><strong>Gesang der Juden Tunesiens<\/strong><\/a><\/li>\n<\/ul>\n<\/div><\/div><\/div><\/div><\/div><\/div>\n\n\n\n<div class=\"wp-block-cp-timeline-content-timeline-block-child swiper-slide\"><div class=\"timeline-content icon-false \"><div class=\"timeline-block-timeline ctl-row  position-left\"><div class=\"ctl-6 timeline-block-time\"><div class=\"story-time\"><p>CD<\/p><\/div><\/div><div class=\"timeline-block-icon\"><svg stroke=\"currentColor\" fill=\"currentColor\" stroke-width=\"0\" viewBox=\"0 0 512 512\" height=\"1em\" width=\"1em\" xmlns=\"http:\/\/www.w3.org\/2000\/svg\"><path d=\"M256 8C119 8 8 119 8 256s111 248 248 248 248-111 248-248S393 8 256 8z\"><\/path><\/svg><\/div><div class=\"ctl-6 timeline-block-detail\"><div class=\"story-details\"><div class=\"story-content\">\n<figure class=\"wp-block-image size-large is-resized ctlb-block-image\"><a href=\"https:\/\/www.iemj.org\/de\/chanteurs-juifs-du-maroc\/\" target=\"_blank\" rel=\" noreferrer noopener\"><img decoding=\"async\" src=\"https:\/\/www.iemj.org\/wp-content\/uploads\/2013\/04\/Chanteurs-juifs-du-Maroc.jpg\" alt=\"\" style=\"width:150px\"\/><\/a><\/figure>\n\n\n\n<h3 class=\"wp-block-heading ctlb-block-title\" style=\"padding-top:0px;padding-right:0px;padding-bottom:0px;padding-left:0px\"><a href=\"https:\/\/www.iemj.org\/de\/a-jumpin-night-in-the-garden-of-eden\/\" target=\"_blank\" rel=\"noreferrer noopener\"><\/a><a href=\"https:\/\/www.iemj.org\/de\/chanteurs-juifs-du-maroc\/\" target=\"_blank\" rel=\"noreferrer noopener\"><\/a><a href=\"https:\/\/www.iemj.org\/de\/chanteurs-juifs-du-maroc\/\" target=\"_blank\" rel=\"noreferrer noopener\">J\u00fcdische s\u00e4nger aus Marokko<\/a><\/h3>\n\n\n\n<p class=\"ctlb-block-desc\" style=\"padding-top:0px;padding-right:0px;padding-bottom:0px;padding-left:0px\">Diese Zusammenstellung enth\u00e4lt Aufnahmen der ber\u00fchmtesten j\u00fcdischen S\u00e4nger Marokkos aus den Jahren 1934 bis 1985 von Zohra al F\u00e0siyya, Esther Elfasi, Raymonde, Cheikh Mwijo, Jo Amar, Boutboul, Samy Elmaghribi und Pinhass Cohen&#8230;<\/p>\n<\/div><\/div><\/div><\/div><\/div><\/div>\n\n\n\n<div class=\"wp-block-cp-timeline-content-timeline-block-child swiper-slide\"><div class=\"timeline-content icon-false \"><div class=\"timeline-block-timeline ctl-row  position-right\"><div class=\"ctl-6 timeline-block-time\"><div class=\"story-time\"><p>CD<\/p><\/div><\/div><div class=\"timeline-block-icon\"><svg stroke=\"currentColor\" fill=\"currentColor\" stroke-width=\"0\" viewBox=\"0 0 512 512\" height=\"1em\" width=\"1em\" xmlns=\"http:\/\/www.w3.org\/2000\/svg\"><path d=\"M256 8C119 8 8 119 8 256s111 248 248 248 248-111 248-248S393 8 256 8z\"><\/path><\/svg><\/div><div class=\"ctl-6 timeline-block-detail\"><div class=\"story-details\"><div class=\"story-content\">\n<figure class=\"wp-block-image size-large is-resized ctlb-block-image\"><a href=\"https:\/\/www.iemj.org\/de\/salim-halali-tresor-de-la-chanson-judeo-arabe\/\" target=\"_blank\" rel=\" noreferrer noopener\"><img decoding=\"async\" src=\"https:\/\/www.iemj.org\/wp-content\/uploads\/2015\/02\/arton223-e1619537349285.jpg\" alt=\"\" style=\"width:150px\"\/><\/a><\/figure>\n\n\n\n<h3 class=\"wp-block-heading ctlb-block-title\" style=\"padding-top:0px;padding-right:0px;padding-bottom:0px;padding-left:0px\"><a href=\"https:\/\/www.iemj.org\/de\/yahudice\/\" target=\"_blank\" rel=\"noreferrer noopener\"><\/a><a href=\"https:\/\/www.iemj.org\/de\/judeo-spanish-from-the-balkans-series-12\/\"><\/a><a href=\"https:\/\/www.iemj.org\/de\/salim-halali-tresor-de-la-chanson-judeo-arabe\/\" target=\"_blank\" rel=\"noreferrer noopener\"><\/a><a href=\"https:\/\/www.iemj.org\/de\/salim-halali-tresor-de-la-chanson-judeo-arabe\/\" target=\"_blank\" rel=\"noreferrer noopener\">Salim Halali<\/a><\/h3>\n\n\n\n<p class=\"ctlb-block-desc\" style=\"padding-top:0px;padding-right:0px;padding-bottom:0px;padding-left:0px\">Diese 2012 bei Buda Musique erschienene CD, die Salim Halali gewidmet ist, der 1920 in Annaba (damals B\u00f4ne) in Algerien geboren wurde, zeugt vom j\u00fcdisch-maghrebinischen Liedgut der 1940er Jahre bis 1965&#8230;<\/p>\n<\/div><\/div><\/div><\/div><\/div><\/div>\n\n\n\n<div class=\"wp-block-cp-timeline-content-timeline-block-child swiper-slide\"><div class=\"timeline-content icon-false \"><div class=\"timeline-block-timeline ctl-row  position-left\"><div class=\"ctl-6 timeline-block-time\"><div class=\"story-time\"><p>CD<\/p><\/div><\/div><div class=\"timeline-block-icon\"><svg stroke=\"currentColor\" fill=\"currentColor\" stroke-width=\"0\" viewBox=\"0 0 512 512\" height=\"1em\" width=\"1em\" xmlns=\"http:\/\/www.w3.org\/2000\/svg\"><path d=\"M256 8C119 8 8 119 8 256s111 248 248 248 248-111 248-248S393 8 256 8z\"><\/path><\/svg><\/div><div class=\"ctl-6 timeline-block-detail\"><div class=\"story-details\"><div class=\"story-content\">\n<figure class=\"wp-block-image size-large is-resized ctlb-block-image\"><a href=\"https:\/\/www.iemj.org\/de\/chants-malouf-de-constantine\/\" target=\"_blank\" rel=\" noreferrer noopener\"><img decoding=\"async\" src=\"https:\/\/www.iemj.org\/wp-content\/uploads\/2016\/11\/arton1927.jpg\" alt=\"\" style=\"width:150px\"\/><\/a><\/figure>\n\n\n\n<h3 class=\"wp-block-heading ctlb-block-title\" style=\"padding-top:0px;padding-right:0px;padding-bottom:0px;padding-left:0px\"><a href=\"https:\/\/www.iemj.org\/de\/chants-malouf-de-constantine\/\" target=\"_blank\" rel=\"noreferrer noopener\"><\/a><a href=\"https:\/\/www.iemj.org\/de\/chants-malouf-de-constantine\/\" target=\"_blank\" rel=\"noreferrer noopener\">Malouf-ges\u00e4nge aus Constantine<\/a><\/h3>\n\n\n\n<p class=\"ctlb-block-desc\" style=\"padding-top:0px;padding-right:0px;padding-bottom:0px;padding-left:0px\">Beim Label MLP erscheint eine neue Anthologie, die dem ber\u00fchmten algerischen S\u00e4nger und Oud-Spieler Cheikh Raymond gewidmet ist. Eine Doppel-CD, um den unbestrittenen Meister der arabisch-andalusischen Musik wiederzuentdecken&#8230;<\/p>\n<\/div><\/div><\/div><\/div><\/div><\/div>\n\n\n\n<div class=\"wp-block-cp-timeline-content-timeline-block-child swiper-slide\"><div class=\"timeline-content icon-false \"><div class=\"timeline-block-timeline ctl-row  position-right\"><div class=\"ctl-6 timeline-block-time\"><div class=\"story-time\"><p>Buch<\/p><\/div><\/div><div class=\"timeline-block-icon\"><svg stroke=\"currentColor\" fill=\"currentColor\" stroke-width=\"0\" viewBox=\"0 0 512 512\" height=\"1em\" width=\"1em\" xmlns=\"http:\/\/www.w3.org\/2000\/svg\"><path d=\"M256 8C119 8 8 119 8 256s111 248 248 248 248-111 248-248S393 8 256 8z\"><\/path><\/svg><\/div><div class=\"ctl-6 timeline-block-detail\"><div class=\"story-details\"><div class=\"story-content\">\n<figure class=\"wp-block-image size-large is-resized ctlb-block-image\"><a href=\"https:\/\/www.iemj.org\/de\/lalgerie-en-musique\/\" target=\"_blank\" rel=\" noreferrer noopener\"><img decoding=\"async\" src=\"https:\/\/www.iemj.org\/wp-content\/uploads\/2018\/01\/arton3038.jpg\" alt=\"\" style=\"width:160px\"\/><\/a><\/figure>\n\n\n\n<h3 class=\"wp-block-heading ctlb-block-title\" style=\"padding-top:0px;padding-right:0px;padding-bottom:0px;padding-left:0px\"><a href=\"https:\/\/www.iemj.org\/de\/lalgerie-en-musique\/\" target=\"_blank\" rel=\"noreferrer noopener\">L\u2019Alg\u00e9rie en musique<\/a><\/h3>\n\n\n\n<p class=\"ctlb-block-desc\" style=\"padding-top:0px;padding-right:0px;padding-bottom:0px;padding-left:0px\">Im Verlag L&#8217;Harmattan ist das Buch&nbsp;<em>L&#8217;Alg\u00e9rie en musique<\/em>&nbsp;[Algerien in der Musik] erschienen. Dieses Buch des Musikers und Musikwissenschaftlers Taoufik Bestandji, das auf der Grundlage von Plattenbeschreibungen erstellt wurde, behandelt alle Musikstile Algeriens. Ein notwendiges und f\u00fcr alle zug\u00e4ngliches Buch&#8230;<\/p>\n<\/div><\/div><\/div><\/div><\/div><\/div>\n\n\n\n<div class=\"wp-block-cp-timeline-content-timeline-block-child swiper-slide\"><div class=\"timeline-content icon-false \"><div class=\"timeline-block-timeline ctl-row  position-left\"><div class=\"ctl-6 timeline-block-time\"><div class=\"story-time\"><p>Buch<\/p><\/div><\/div><div class=\"timeline-block-icon\"><svg stroke=\"currentColor\" fill=\"currentColor\" stroke-width=\"0\" viewBox=\"0 0 512 512\" height=\"1em\" width=\"1em\" xmlns=\"http:\/\/www.w3.org\/2000\/svg\"><path d=\"M256 8C119 8 8 119 8 256s111 248 248 248 248-111 248-248S393 8 256 8z\"><\/path><\/svg><\/div><div class=\"ctl-6 timeline-block-detail\"><div class=\"story-details\"><div class=\"story-content\">\n<figure class=\"wp-block-image size-large is-resized ctlb-block-image\"><a href=\"https:\/\/www.iemj.org\/de\/the-lost-paradise\/\" target=\"_blank\" rel=\" noreferrer noopener\"><img decoding=\"async\" src=\"https:\/\/www.iemj.org\/wp-content\/uploads\/2017\/04\/arton2255.jpg\" alt=\"\" style=\"aspect-ratio:0.6574831322837865;object-fit:cover;width:160px\"\/><\/a><\/figure>\n\n\n\n<h3 class=\"wp-block-heading ctlb-block-title\" style=\"padding-top:0px;padding-right:0px;padding-bottom:0px;padding-left:0px\"><a href=\"https:\/\/www.iemj.org\/de\/the-lost-paradise\/\" target=\"_blank\" rel=\"noreferrer noopener\"><\/a><a href=\"https:\/\/www.iemj.org\/de\/the-lost-paradise\/\" target=\"_blank\" rel=\"noreferrer noopener\">The Lost Paradise<\/a><\/h3>\n\n\n\n<p class=\"ctlb-block-desc\" style=\"padding-top:0px;padding-right:0px;padding-bottom:0px;padding-left:0px\">Dieses Buch von Jonathan Glasser, das im Februar 2016 im Verlag der Universit\u00e4t Chicago erschienen ist, stellt eine ethnografische Forschung \u00fcber arabisch-andalusische Musik und ihre poetische Praxis in den maghrebinischen St\u00e4dten&#8230;<\/p>\n<\/div><\/div><\/div><\/div><\/div><\/div>\n\n\n\n<div class=\"wp-block-cp-timeline-content-timeline-block-child swiper-slide\"><div class=\"timeline-content icon-false \"><div class=\"timeline-block-timeline ctl-row  position-right\"><div class=\"ctl-6 timeline-block-time\"><div class=\"story-time\"><p>Videos<\/p><\/div><\/div><div class=\"timeline-block-icon\"><svg stroke=\"currentColor\" fill=\"currentColor\" stroke-width=\"0\" viewBox=\"0 0 512 512\" height=\"1em\" width=\"1em\" xmlns=\"http:\/\/www.w3.org\/2000\/svg\"><path d=\"M256 8C119 8 8 119 8 256s111 248 248 248 248-111 248-248S393 8 256 8z\"><\/path><\/svg><\/div><div class=\"ctl-6 timeline-block-detail\"><div class=\"story-details\"><div class=\"story-content\">\n<figure class=\"wp-block-image size-large is-resized ctlb-block-image\"><a href=\"https:\/\/www.iemj.org\/de\/le-label-dounia\/\" target=\"_blank\" rel=\" noreferrer noopener\"><img decoding=\"async\" src=\"https:\/\/www.iemj.org\/wp-content\/uploads\/2022\/02\/Logo-video-label-Dounia-2-2.jpg\" alt=\"\" style=\"width:220px\"\/><\/a><\/figure>\n\n\n\n<h3 class=\"wp-block-heading ctlb-block-title\" style=\"padding-top:0px;padding-right:0px;padding-bottom:0px;padding-left:0px\"><a href=\"https:\/\/www.iemj.org\/de\/le-label-dounia\/\" target=\"_blank\" rel=\"noreferrer noopener\">Das Label Dounia<\/a><\/h3>\n\n\n\n<p class=\"ctlb-block-desc\" style=\"padding-top:0px;padding-right:0px;padding-bottom:0px;padding-left:0px\">In die Serie \u201edie Sammlungen des IEMJ\u201c laden wir Sie zum Entdecken des Labels Dounia ein, vom tunesischer S\u00e4nger El Kahlaoui Tounsi gegr\u00fcndet&#8230;<\/p>\n<\/div><\/div><\/div><\/div><\/div><\/div>\n\n\n\n<div class=\"wp-block-cp-timeline-content-timeline-block-child swiper-slide\"><div class=\"timeline-content icon-false \"><div class=\"timeline-block-timeline ctl-row  position-left\"><div class=\"ctl-6 timeline-block-time\"><div class=\"story-time\"><p>Verlag des IEMJ<\/p><\/div><\/div><div class=\"timeline-block-icon\"><svg stroke=\"currentColor\" fill=\"currentColor\" stroke-width=\"0\" viewBox=\"0 0 512 512\" height=\"1em\" width=\"1em\" xmlns=\"http:\/\/www.w3.org\/2000\/svg\"><path d=\"M256 8C119 8 8 119 8 256s111 248 248 248 248-111 248-248S393 8 256 8z\"><\/path><\/svg><\/div><div class=\"ctl-6 timeline-block-detail\"><div class=\"story-details\"><div class=\"story-content\">\n<figure class=\"wp-block-image size-large is-resized ctlb-block-image\"><a href=\"https:\/\/www.iemj.org\/de\/les-psaumes-des-juifs-de-constantine\/\" target=\"_blank\" rel=\" noreferrer noopener\"><img decoding=\"async\" src=\"https:\/\/www.iemj.org\/wp-content\/uploads\/2012\/11\/arton585-e1625152333834.jpg\" alt=\"\" style=\"width:220px\"\/><\/a><\/figure>\n\n\n\n<h3 class=\"wp-block-heading ctlb-block-title\" style=\"padding-top:0px;padding-right:0px;padding-bottom:0px;padding-left:0px\"><a href=\"https:\/\/www.iemj.org\/de\/somos-los-cigarillos-klezmer-y-salsa\/\" target=\"_blank\" rel=\"noreferrer noopener\"><\/a><a href=\"https:\/\/www.iemj.org\/de\/les-psaumes-des-juifs-de-constantine\/\" target=\"_blank\" rel=\"noreferrer noopener\">Les psaumes des Juifs de Constantine<\/a><\/h3>\n\n\n\n<p class=\"ctlb-block-desc\" style=\"padding-top:0px;padding-right:0px;padding-bottom:0px;padding-left:0px\"><a href=\"https:\/\/www.iemj.org\/de\/produit\/les-psaumes-des-juifs-de-constantine\/\" target=\"_blank\" rel=\"noreferrer noopener\">Die CD bestellen<\/a><\/p>\n<\/div><\/div><\/div><\/div><\/div><\/div>\n\n\n\n<div class=\"wp-block-cp-timeline-content-timeline-block-child swiper-slide\"><div class=\"timeline-content icon-false \"><div class=\"timeline-block-timeline ctl-row  position-right\"><div class=\"ctl-6 timeline-block-time\"><div class=\"story-time\"><p>Externe Links<\/p><\/div><\/div><div class=\"timeline-block-icon\"><svg stroke=\"currentColor\" fill=\"currentColor\" stroke-width=\"0\" viewBox=\"0 0 512 512\" height=\"1em\" width=\"1em\" xmlns=\"http:\/\/www.w3.org\/2000\/svg\"><path d=\"M256 8C119 8 8 119 8 256s111 248 248 248 248-111 248-248S393 8 256 8z\"><\/path><\/svg><\/div><div class=\"ctl-6 timeline-block-detail\"><div class=\"story-details\"><div class=\"story-content\">\n<h3 class=\"wp-block-heading ctlb-block-title\" style=\"padding-top:0px;padding-right:0px;padding-bottom:0px;padding-left:0px\"><a href=\"https:\/\/www.iemj.org\/en\/north-african-jewish-music\/\" target=\"_blank\" rel=\"noreferrer noopener\">J\u00fcdisch-maghrebinische Musik<\/a><\/h3>\n\n\n\n<p class=\"ctlb-block-desc\" style=\"padding-top:0px;padding-right:0px;padding-bottom:0px;padding-left:0px\">Blog mit historischen und biografischen Referenzen und einigen Links zum Anh\u00f6ren\u2026<\/p>\n\n\n\n<p><\/p>\n\n\n\n<h3 class=\"wp-block-heading\"><a href=\"https:\/\/www.iemj.org\/de\/gharamophone\/\" target=\"_blank\" rel=\"noreferrer noopener\"><strong>Gharamophone<\/strong><\/a><\/h3>\n\n\n\n<p>Diese Website, die sich der Erhaltung der nordafrikanischen Tonarchive widmet, pr\u00e4sentiert mehrere Dutzend Schallplatten mit 78 Umdrehungen, die online angeh\u00f6rt werden k\u00f6nnen&#8230;<\/p>\n<\/div><\/div><\/div><\/div><\/div><\/div>\n\n\n\n<div class=\"wp-block-cp-timeline-content-timeline-block-child swiper-slide\"><div class=\"timeline-content icon-false \"><div class=\"timeline-block-timeline ctl-row  position-left\"><div class=\"ctl-6 timeline-block-time\"><div class=\"story-time\"><p>Weiterf\u00fchrendes<\/p><\/div><\/div><div class=\"timeline-block-icon\"><svg stroke=\"currentColor\" fill=\"currentColor\" stroke-width=\"0\" viewBox=\"0 0 512 512\" height=\"1em\" width=\"1em\" xmlns=\"http:\/\/www.w3.org\/2000\/svg\"><path d=\"M256 8C119 8 8 119 8 256s111 248 248 248 248-111 248-248S393 8 256 8z\"><\/path><\/svg><\/div><div class=\"ctl-6 timeline-block-detail\"><div class=\"story-details\"><div class=\"story-content\">\n<h3 class=\"wp-block-heading ctlb-block-title\" style=\"padding-top:0px;padding-right:0px;padding-bottom:0px;padding-left:0px\"><a href=\"https:\/\/www.iemj.org\/de\/genre\/oriental-de\/\" target=\"_blank\" rel=\"noreferrer noopener\">Weitere Online-Inhalte<\/a><\/h3>\n\n\n\n<p class=\"ctlb-block-desc\" style=\"padding-top:0px;padding-right:0px;padding-bottom:0px;padding-left:0px\">Entdecken Sie alle unsere Artikel \u00fcber die Musik der Juden aus dem Maghreb und die orientalische Musik\u2026<\/p>\n<\/div><\/div><\/div><\/div><\/div><\/div>\n<\/div><\/div><\/div><\/div>\n","protected":false},"excerpt":{"rendered":"<p>Diese musikalische Reise ist den Juden des Maghreb (Algerien, Tunesien, Marokko und Libyen) gewidmet, sowohl in religi\u00f6ser als auch in weltlicher Hinsicht (orientalische Lieder, Francarabe\u2026).<br \/>\nEntdecken Sie sie mit wenigen Klicks.<\/p>\n","protected":false},"author":5,"featured_media":130398,"parent":40583,"menu_order":0,"comment_status":"closed","ping_status":"closed","template":"","meta":{"_acf_changed":false,"footnotes":""},"categories":[2218],"tags":[],"class_list":["post-130431","page","type-page","status-publish","has-post-thumbnail","hentry","category-gefuhrte-seitenrundgange-de"],"acf":[],"yoast_head":"<!-- This site is optimized with the Yoast SEO plugin v27.3 - https:\/\/yoast.com\/product\/yoast-seo-wordpress\/ -->\n<title>Die Musik der Juden aus dem Maghreb - Institut Europ\u00e9en des Musiques Juives<\/title>\n<meta name=\"robots\" content=\"index, follow, max-snippet:-1, max-image-preview:large, max-video-preview:-1\" \/>\n<link rel=\"canonical\" href=\"https:\/\/www.iemj.org\/de\/entdecken\/begleiteter-seitenrundgang\/la-musique-des-juifs-du-maghreb\/\" \/>\n<meta property=\"og:locale\" content=\"de_DE\" \/>\n<meta property=\"og:type\" content=\"article\" \/>\n<meta property=\"og:title\" content=\"Die Musik der Juden aus dem Maghreb - Institut Europ\u00e9en des Musiques Juives\" \/>\n<meta property=\"og:description\" content=\"Diese musikalische Reise ist den Juden des Maghreb (Algerien, Tunesien, Marokko und Libyen) gewidmet, sowohl in religi\u00f6ser als auch in weltlicher Hinsicht (orientalische Lieder, Francarabe\u2026). Entdecken Sie sie mit wenigen Klicks.\" \/>\n<meta property=\"og:url\" content=\"https:\/\/www.iemj.org\/de\/entdecken\/begleiteter-seitenrundgang\/la-musique-des-juifs-du-maghreb\/\" \/>\n<meta property=\"og:site_name\" content=\"Institut Europ\u00e9en des Musiques Juives\" \/>\n<meta property=\"article:publisher\" content=\"https:\/\/www.facebook.com\/MusiquesJuives\/\" \/>\n<meta property=\"article:modified_time\" content=\"2026-02-23T15:33:24+00:00\" \/>\n<meta property=\"og:image\" content=\"https:\/\/www.iemj.org\/wp-content\/uploads\/2026\/02\/Judeo-arabes-dautrefois.jpg\" \/>\n\t<meta property=\"og:image:width\" content=\"1642\" \/>\n\t<meta property=\"og:image:height\" content=\"898\" \/>\n\t<meta property=\"og:image:type\" content=\"image\/jpeg\" \/>\n<meta name=\"twitter:card\" content=\"summary_large_image\" \/>\n<meta name=\"twitter:label1\" content=\"Gesch\u00e4tzte Lesezeit\" \/>\n\t<meta name=\"twitter:data1\" content=\"5\u00a0Minuten\" \/>\n<script type=\"application\/ld+json\" class=\"yoast-schema-graph\">{\"@context\":\"https:\\\/\\\/schema.org\",\"@graph\":[{\"@type\":\"WebPage\",\"@id\":\"https:\\\/\\\/www.iemj.org\\\/de\\\/entdecken\\\/begleiteter-seitenrundgang\\\/la-musique-des-juifs-du-maghreb\\\/\",\"url\":\"https:\\\/\\\/www.iemj.org\\\/de\\\/entdecken\\\/begleiteter-seitenrundgang\\\/la-musique-des-juifs-du-maghreb\\\/\",\"name\":\"Die Musik der Juden aus dem Maghreb - Institut Europ\u00e9en des Musiques Juives\",\"isPartOf\":{\"@id\":\"https:\\\/\\\/www.iemj.org\\\/de\\\/#website\"},\"primaryImageOfPage\":{\"@id\":\"https:\\\/\\\/www.iemj.org\\\/de\\\/entdecken\\\/begleiteter-seitenrundgang\\\/la-musique-des-juifs-du-maghreb\\\/#primaryimage\"},\"image\":{\"@id\":\"https:\\\/\\\/www.iemj.org\\\/de\\\/entdecken\\\/begleiteter-seitenrundgang\\\/la-musique-des-juifs-du-maghreb\\\/#primaryimage\"},\"thumbnailUrl\":\"https:\\\/\\\/www.iemj.org\\\/wp-content\\\/uploads\\\/2026\\\/02\\\/Judeo-arabes-dautrefois.jpg\",\"datePublished\":\"2024-06-16T16:37:00+00:00\",\"dateModified\":\"2026-02-23T15:33:24+00:00\",\"breadcrumb\":{\"@id\":\"https:\\\/\\\/www.iemj.org\\\/de\\\/entdecken\\\/begleiteter-seitenrundgang\\\/la-musique-des-juifs-du-maghreb\\\/#breadcrumb\"},\"inLanguage\":\"de\",\"potentialAction\":[{\"@type\":\"ReadAction\",\"target\":[\"https:\\\/\\\/www.iemj.org\\\/de\\\/entdecken\\\/begleiteter-seitenrundgang\\\/la-musique-des-juifs-du-maghreb\\\/\"]}]},{\"@type\":\"ImageObject\",\"inLanguage\":\"de\",\"@id\":\"https:\\\/\\\/www.iemj.org\\\/de\\\/entdecken\\\/begleiteter-seitenrundgang\\\/la-musique-des-juifs-du-maghreb\\\/#primaryimage\",\"url\":\"https:\\\/\\\/www.iemj.org\\\/wp-content\\\/uploads\\\/2026\\\/02\\\/Judeo-arabes-dautrefois.jpg\",\"contentUrl\":\"https:\\\/\\\/www.iemj.org\\\/wp-content\\\/uploads\\\/2026\\\/02\\\/Judeo-arabes-dautrefois.jpg\",\"width\":1642,\"height\":898},{\"@type\":\"BreadcrumbList\",\"@id\":\"https:\\\/\\\/www.iemj.org\\\/de\\\/entdecken\\\/begleiteter-seitenrundgang\\\/la-musique-des-juifs-du-maghreb\\\/#breadcrumb\",\"itemListElement\":[{\"@type\":\"ListItem\",\"position\":1,\"name\":\"Accueil\",\"item\":\"https:\\\/\\\/www.iemj.org\\\/de\\\/\"},{\"@type\":\"ListItem\",\"position\":2,\"name\":\"Entdecken\",\"item\":\"https:\\\/\\\/www.iemj.org\\\/de\\\/decouvrir\\\/\"},{\"@type\":\"ListItem\",\"position\":3,\"name\":\"gef\u00fchrte Seitenrundg\u00e4nge\",\"item\":\"https:\\\/\\\/www.iemj.org\\\/de\\\/entdecken\\\/begleiteter-seitenrundgang\\\/\"},{\"@type\":\"ListItem\",\"position\":4,\"name\":\"Die Musik der Juden aus dem Maghreb\"}]},{\"@type\":\"WebSite\",\"@id\":\"https:\\\/\\\/www.iemj.org\\\/de\\\/#website\",\"url\":\"https:\\\/\\\/www.iemj.org\\\/de\\\/\",\"name\":\"Institut Europ\u00e9en des Musiques Juives\",\"description\":\"Des traditions musicales \u00e0 la port\u00e9e de tous\",\"publisher\":{\"@id\":\"https:\\\/\\\/www.iemj.org\\\/de\\\/#organization\"},\"potentialAction\":[{\"@type\":\"SearchAction\",\"target\":{\"@type\":\"EntryPoint\",\"urlTemplate\":\"https:\\\/\\\/www.iemj.org\\\/de\\\/?s={search_term_string}\"},\"query-input\":{\"@type\":\"PropertyValueSpecification\",\"valueRequired\":true,\"valueName\":\"search_term_string\"}}],\"inLanguage\":\"de\"},{\"@type\":\"Organization\",\"@id\":\"https:\\\/\\\/www.iemj.org\\\/de\\\/#organization\",\"name\":\"Institut Europ\u00e9en des Musiques Juives\",\"url\":\"https:\\\/\\\/www.iemj.org\\\/de\\\/\",\"logo\":{\"@type\":\"ImageObject\",\"inLanguage\":\"de\",\"@id\":\"https:\\\/\\\/www.iemj.org\\\/de\\\/#\\\/schema\\\/logo\\\/image\\\/\",\"url\":\"https:\\\/\\\/www.iemj.org\\\/wp-content\\\/uploads\\\/2021\\\/09\\\/Logo-IEMJ-Paypal.jpg\",\"contentUrl\":\"https:\\\/\\\/www.iemj.org\\\/wp-content\\\/uploads\\\/2021\\\/09\\\/Logo-IEMJ-Paypal.jpg\",\"width\":150,\"height\":50,\"caption\":\"Institut Europ\u00e9en des Musiques Juives\"},\"image\":{\"@id\":\"https:\\\/\\\/www.iemj.org\\\/de\\\/#\\\/schema\\\/logo\\\/image\\\/\"},\"sameAs\":[\"https:\\\/\\\/www.facebook.com\\\/MusiquesJuives\\\/\",\"https:\\\/\\\/www.instagram.com\\\/musiquesjuives\\\/\",\"https:\\\/\\\/www.youtube.com\\\/user\\\/musiquesjuives\"]}]}<\/script>\n<!-- \/ Yoast SEO plugin. -->","yoast_head_json":{"title":"Die Musik der Juden aus dem Maghreb - Institut Europ\u00e9en des Musiques Juives","robots":{"index":"index","follow":"follow","max-snippet":"max-snippet:-1","max-image-preview":"max-image-preview:large","max-video-preview":"max-video-preview:-1"},"canonical":"https:\/\/www.iemj.org\/de\/entdecken\/begleiteter-seitenrundgang\/la-musique-des-juifs-du-maghreb\/","og_locale":"de_DE","og_type":"article","og_title":"Die Musik der Juden aus dem Maghreb - Institut Europ\u00e9en des Musiques Juives","og_description":"Diese musikalische Reise ist den Juden des Maghreb (Algerien, Tunesien, Marokko und Libyen) gewidmet, sowohl in religi\u00f6ser als auch in weltlicher Hinsicht (orientalische Lieder, Francarabe\u2026). Entdecken Sie sie mit wenigen Klicks.","og_url":"https:\/\/www.iemj.org\/de\/entdecken\/begleiteter-seitenrundgang\/la-musique-des-juifs-du-maghreb\/","og_site_name":"Institut Europ\u00e9en des Musiques Juives","article_publisher":"https:\/\/www.facebook.com\/MusiquesJuives\/","article_modified_time":"2026-02-23T15:33:24+00:00","og_image":[{"width":1642,"height":898,"url":"https:\/\/www.iemj.org\/wp-content\/uploads\/2026\/02\/Judeo-arabes-dautrefois.jpg","type":"image\/jpeg"}],"twitter_card":"summary_large_image","twitter_misc":{"Gesch\u00e4tzte Lesezeit":"5\u00a0Minuten"},"schema":{"@context":"https:\/\/schema.org","@graph":[{"@type":"WebPage","@id":"https:\/\/www.iemj.org\/de\/entdecken\/begleiteter-seitenrundgang\/la-musique-des-juifs-du-maghreb\/","url":"https:\/\/www.iemj.org\/de\/entdecken\/begleiteter-seitenrundgang\/la-musique-des-juifs-du-maghreb\/","name":"Die Musik der Juden aus dem Maghreb - Institut Europ\u00e9en des Musiques Juives","isPartOf":{"@id":"https:\/\/www.iemj.org\/de\/#website"},"primaryImageOfPage":{"@id":"https:\/\/www.iemj.org\/de\/entdecken\/begleiteter-seitenrundgang\/la-musique-des-juifs-du-maghreb\/#primaryimage"},"image":{"@id":"https:\/\/www.iemj.org\/de\/entdecken\/begleiteter-seitenrundgang\/la-musique-des-juifs-du-maghreb\/#primaryimage"},"thumbnailUrl":"https:\/\/www.iemj.org\/wp-content\/uploads\/2026\/02\/Judeo-arabes-dautrefois.jpg","datePublished":"2024-06-16T16:37:00+00:00","dateModified":"2026-02-23T15:33:24+00:00","breadcrumb":{"@id":"https:\/\/www.iemj.org\/de\/entdecken\/begleiteter-seitenrundgang\/la-musique-des-juifs-du-maghreb\/#breadcrumb"},"inLanguage":"de","potentialAction":[{"@type":"ReadAction","target":["https:\/\/www.iemj.org\/de\/entdecken\/begleiteter-seitenrundgang\/la-musique-des-juifs-du-maghreb\/"]}]},{"@type":"ImageObject","inLanguage":"de","@id":"https:\/\/www.iemj.org\/de\/entdecken\/begleiteter-seitenrundgang\/la-musique-des-juifs-du-maghreb\/#primaryimage","url":"https:\/\/www.iemj.org\/wp-content\/uploads\/2026\/02\/Judeo-arabes-dautrefois.jpg","contentUrl":"https:\/\/www.iemj.org\/wp-content\/uploads\/2026\/02\/Judeo-arabes-dautrefois.jpg","width":1642,"height":898},{"@type":"BreadcrumbList","@id":"https:\/\/www.iemj.org\/de\/entdecken\/begleiteter-seitenrundgang\/la-musique-des-juifs-du-maghreb\/#breadcrumb","itemListElement":[{"@type":"ListItem","position":1,"name":"Accueil","item":"https:\/\/www.iemj.org\/de\/"},{"@type":"ListItem","position":2,"name":"Entdecken","item":"https:\/\/www.iemj.org\/de\/decouvrir\/"},{"@type":"ListItem","position":3,"name":"gef\u00fchrte Seitenrundg\u00e4nge","item":"https:\/\/www.iemj.org\/de\/entdecken\/begleiteter-seitenrundgang\/"},{"@type":"ListItem","position":4,"name":"Die Musik der Juden aus dem Maghreb"}]},{"@type":"WebSite","@id":"https:\/\/www.iemj.org\/de\/#website","url":"https:\/\/www.iemj.org\/de\/","name":"Institut Europ\u00e9en des Musiques Juives","description":"Des traditions musicales \u00e0 la port\u00e9e de tous","publisher":{"@id":"https:\/\/www.iemj.org\/de\/#organization"},"potentialAction":[{"@type":"SearchAction","target":{"@type":"EntryPoint","urlTemplate":"https:\/\/www.iemj.org\/de\/?s={search_term_string}"},"query-input":{"@type":"PropertyValueSpecification","valueRequired":true,"valueName":"search_term_string"}}],"inLanguage":"de"},{"@type":"Organization","@id":"https:\/\/www.iemj.org\/de\/#organization","name":"Institut Europ\u00e9en des Musiques Juives","url":"https:\/\/www.iemj.org\/de\/","logo":{"@type":"ImageObject","inLanguage":"de","@id":"https:\/\/www.iemj.org\/de\/#\/schema\/logo\/image\/","url":"https:\/\/www.iemj.org\/wp-content\/uploads\/2021\/09\/Logo-IEMJ-Paypal.jpg","contentUrl":"https:\/\/www.iemj.org\/wp-content\/uploads\/2021\/09\/Logo-IEMJ-Paypal.jpg","width":150,"height":50,"caption":"Institut Europ\u00e9en des Musiques Juives"},"image":{"@id":"https:\/\/www.iemj.org\/de\/#\/schema\/logo\/image\/"},"sameAs":["https:\/\/www.facebook.com\/MusiquesJuives\/","https:\/\/www.instagram.com\/musiquesjuives\/","https:\/\/www.youtube.com\/user\/musiquesjuives"]}]}},"_links":{"self":[{"href":"https:\/\/www.iemj.org\/de\/wp-json\/wp\/v2\/pages\/130431","targetHints":{"allow":["GET"]}}],"collection":[{"href":"https:\/\/www.iemj.org\/de\/wp-json\/wp\/v2\/pages"}],"about":[{"href":"https:\/\/www.iemj.org\/de\/wp-json\/wp\/v2\/types\/page"}],"author":[{"embeddable":true,"href":"https:\/\/www.iemj.org\/de\/wp-json\/wp\/v2\/users\/5"}],"replies":[{"embeddable":true,"href":"https:\/\/www.iemj.org\/de\/wp-json\/wp\/v2\/comments?post=130431"}],"version-history":[{"count":5,"href":"https:\/\/www.iemj.org\/de\/wp-json\/wp\/v2\/pages\/130431\/revisions"}],"predecessor-version":[{"id":130792,"href":"https:\/\/www.iemj.org\/de\/wp-json\/wp\/v2\/pages\/130431\/revisions\/130792"}],"up":[{"embeddable":true,"href":"https:\/\/www.iemj.org\/de\/wp-json\/wp\/v2\/pages\/40583"}],"wp:featuredmedia":[{"embeddable":true,"href":"https:\/\/www.iemj.org\/de\/wp-json\/wp\/v2\/media\/130398"}],"wp:attachment":[{"href":"https:\/\/www.iemj.org\/de\/wp-json\/wp\/v2\/media?parent=130431"}],"wp:term":[{"taxonomy":"category","embeddable":true,"href":"https:\/\/www.iemj.org\/de\/wp-json\/wp\/v2\/categories?post=130431"},{"taxonomy":"post_tag","embeddable":true,"href":"https:\/\/www.iemj.org\/de\/wp-json\/wp\/v2\/tags?post=130431"}],"curies":[{"name":"wp","href":"https:\/\/api.w.org\/{rel}","templated":true}]}}