{"id":103574,"date":"2023-09-20T15:01:47","date_gmt":"2023-09-20T13:01:47","guid":{"rendered":"https:\/\/www.iemj.org\/produit\/les-bubbey-mayse-le-petit-matin-du-grand-soir\/"},"modified":"2024-03-27T13:25:50","modified_gmt":"2024-03-27T12:25:50","slug":"les-bubbey-mayse-le-petit-matin-du-grand-soir","status":"publish","type":"product","link":"https:\/\/www.iemj.org\/de\/produit\/les-bubbey-mayse-le-petit-matin-du-grand-soir\/","title":{"rendered":"LES BUBBEY MAYSE &#8211; LE PETIT MATIN DU GRAND SOIR"},"content":{"rendered":"<p>The\u00a0<strong>Bubbey Mayse<\/strong>\u00a0is the power of four women.<\/p>\n<p>It\u2019s a committed music, an assertive writing style, driven by the strength of the collective.<\/p>\n<p>In their instruments, we hear the cries of stirring stories, feel the tread of anger, guess the deep roots with longings for horizon, dream of snuggling up in a dance until the wee hours\u2026<\/p>\n<p>And in their four finely tuned voices, we plunge into a whole, epidermal universe. This is the world of four women who come together around their love of klezmer music and the Yiddish language, and who draw from it the impetus to reinvent a brighter tomorrow.<\/p>\n<p>The musicians: <strong>Elsa Signorile<\/strong>\u00a0(clarinet, vocals),\u00a0<strong>Juliette Divry<\/strong>\u00a0(cello, vocals),\u00a0<strong>Margaux Li\u00e9nard<\/strong>\u00a0(fiddle, vocals) and\u00a0<strong>Morgane Labbe<\/strong>\u00a0(accordion, vocals).<\/p>\n<h1>Excerpts<\/h1>\n<p>EKHOD MI YOYDEO (Excerpts)<\/p>\n<audio class=\"wp-audio-shortcode\" id=\"audio-103574-1\" preload=\"none\" style=\"width: 100%;\" controls=\"controls\"><source type=\"audio\/mpeg\" src=\"https:\/\/www.iemj.org\/wp-content\/uploads\/2023\/09\/1-EKHOD-MI-YOYDEO.mp3?_=1\" \/><a href=\"https:\/\/www.iemj.org\/wp-content\/uploads\/2023\/09\/1-EKHOD-MI-YOYDEO.mp3\">https:\/\/www.iemj.org\/wp-content\/uploads\/2023\/09\/1-EKHOD-MI-YOYDEO.mp3<\/a><\/audio>\n<p>&nbsp;<\/p>\n<p>SKOSHNE (Excerpts)<\/p>\n<audio class=\"wp-audio-shortcode\" id=\"audio-103574-2\" preload=\"none\" style=\"width: 100%;\" controls=\"controls\"><source type=\"audio\/mpeg\" src=\"https:\/\/www.iemj.org\/wp-content\/uploads\/2023\/09\/2-SKOSHNE.mp3?_=2\" \/><a href=\"https:\/\/www.iemj.org\/wp-content\/uploads\/2023\/09\/2-SKOSHNE.mp3\">https:\/\/www.iemj.org\/wp-content\/uploads\/2023\/09\/2-SKOSHNE.mp3<\/a><\/audio>\n<p>&nbsp;<\/p>\n<p>SHPRAYZ IKH MIR (Excerpts)<\/p>\n<audio class=\"wp-audio-shortcode\" id=\"audio-103574-3\" preload=\"none\" style=\"width: 100%;\" controls=\"controls\"><source type=\"audio\/mpeg\" src=\"https:\/\/www.iemj.org\/wp-content\/uploads\/2023\/09\/3-SHPRAYZ-IKH-MIR.mp3?_=3\" \/><a href=\"https:\/\/www.iemj.org\/wp-content\/uploads\/2023\/09\/3-SHPRAYZ-IKH-MIR.mp3\">https:\/\/www.iemj.org\/wp-content\/uploads\/2023\/09\/3-SHPRAYZ-IKH-MIR.mp3<\/a><\/audio>\n<p>&nbsp;<\/p>\n<p>DER NAYER SHER (Excerpts)<\/p>\n<audio class=\"wp-audio-shortcode\" id=\"audio-103574-4\" preload=\"none\" style=\"width: 100%;\" controls=\"controls\"><source type=\"audio\/mpeg\" src=\"https:\/\/www.iemj.org\/wp-content\/uploads\/2023\/09\/5-DER-NAYER-SHER.mp3?_=4\" \/><a href=\"https:\/\/www.iemj.org\/wp-content\/uploads\/2023\/09\/5-DER-NAYER-SHER.mp3\">https:\/\/www.iemj.org\/wp-content\/uploads\/2023\/09\/5-DER-NAYER-SHER.mp3<\/a><\/audio>\n<p>&nbsp;<\/p>\n<p>LE PETIT MATIN DU GRAND SOIR (Excerpts)<\/p>\n<audio class=\"wp-audio-shortcode\" id=\"audio-103574-5\" preload=\"none\" style=\"width: 100%;\" controls=\"controls\"><source type=\"audio\/mpeg\" src=\"https:\/\/www.iemj.org\/wp-content\/uploads\/2023\/09\/6-LE-PETIT-MATIN-DU-GRAND-SOIR.mp3?_=5\" \/><a href=\"https:\/\/www.iemj.org\/wp-content\/uploads\/2023\/09\/6-LE-PETIT-MATIN-DU-GRAND-SOIR.mp3\">https:\/\/www.iemj.org\/wp-content\/uploads\/2023\/09\/6-LE-PETIT-MATIN-DU-GRAND-SOIR.mp3<\/a><\/audio>\n<p>&nbsp;<\/p>\n<p>NIGUN DU GRAND-PERE (Excerpts)<\/p>\n<audio class=\"wp-audio-shortcode\" id=\"audio-103574-6\" preload=\"none\" style=\"width: 100%;\" controls=\"controls\"><source type=\"audio\/mpeg\" src=\"https:\/\/www.iemj.org\/wp-content\/uploads\/2023\/09\/7-NIGUN-DU-GRAND-PERE.mp3?_=6\" \/><a href=\"https:\/\/www.iemj.org\/wp-content\/uploads\/2023\/09\/7-NIGUN-DU-GRAND-PERE.mp3\">https:\/\/www.iemj.org\/wp-content\/uploads\/2023\/09\/7-NIGUN-DU-GRAND-PERE.mp3<\/a><\/audio>\n<p>&nbsp;<\/p>\n<p>MAYN EYNIKL (Excerpts)<\/p>\n<audio class=\"wp-audio-shortcode\" id=\"audio-103574-7\" preload=\"none\" style=\"width: 100%;\" controls=\"controls\"><source type=\"audio\/mpeg\" src=\"https:\/\/www.iemj.org\/wp-content\/uploads\/2023\/09\/8-MAYN-EYNIKL.mp3?_=7\" \/><a href=\"https:\/\/www.iemj.org\/wp-content\/uploads\/2023\/09\/8-MAYN-EYNIKL.mp3\">https:\/\/www.iemj.org\/wp-content\/uploads\/2023\/09\/8-MAYN-EYNIKL.mp3<\/a><\/audio>\n<p>&nbsp;<\/p>\n<p>OY BUBBEY (Excerpts)<\/p>\n<audio class=\"wp-audio-shortcode\" id=\"audio-103574-8\" preload=\"none\" style=\"width: 100%;\" controls=\"controls\"><source type=\"audio\/mpeg\" src=\"https:\/\/www.iemj.org\/wp-content\/uploads\/2023\/09\/9-OY-BUBBEY.mp3?_=8\" \/><a href=\"https:\/\/www.iemj.org\/wp-content\/uploads\/2023\/09\/9-OY-BUBBEY.mp3\">https:\/\/www.iemj.org\/wp-content\/uploads\/2023\/09\/9-OY-BUBBEY.mp3<\/a><\/audio>\n<p>&nbsp;<\/p>\n<p>GOLES (Excerpts)<\/p>\n<audio class=\"wp-audio-shortcode\" id=\"audio-103574-9\" preload=\"none\" style=\"width: 100%;\" controls=\"controls\"><source type=\"audio\/mpeg\" src=\"https:\/\/www.iemj.org\/wp-content\/uploads\/2023\/09\/11-GOLES.mp3?_=9\" \/><a href=\"https:\/\/www.iemj.org\/wp-content\/uploads\/2023\/09\/11-GOLES.mp3\">https:\/\/www.iemj.org\/wp-content\/uploads\/2023\/09\/11-GOLES.mp3<\/a><\/audio>\n<p>&nbsp;<\/p>\n<p>&nbsp;<\/p>\n<h1><\/h1>\n","protected":false},"excerpt":{"rendered":"<p>With this 9th CD in the &#8222;<strong>Discovery&#8220; Collection<\/strong>, we plunge into a whole, epidermal universe, discovering four voices, tuned to the chord. Four women who gather around their love of klezmer music and the Yiddish language, and who draw from it the impulse to reinvent a brighter tomorrow<\/p>\n<p><strong><em>Note: All physical album orders will be accompanied by MP3 audio files sent by e-mail.<\/em><\/strong><\/p>\n","protected":false},"featured_media":103606,"comment_status":"open","ping_status":"closed","template":"","meta":{"_acf_changed":false},"product_brand":[],"product_cat":[1994,2303,2293,2309],"product_tag":[],"class_list":{"0":"post-103574","1":"product","2":"type-product","3":"status-publish","4":"has-post-thumbnail","6":"product_cat-cd-de","7":"product_cat-editionen-des-iemj-de","8":"product_cat-klezmer-yiddish-en-en-de","9":"product_cat-sammlung-entdeckung","10":"pa_musique-downloadbares-album","11":"pa_musique-physikalisches-album","13":"first","14":"instock","15":"featured","16":"shipping-taxable","17":"purchasable","18":"product-type-variable","19":"has-default-attributes"},"acf":[],"yoast_head":"<!-- This site is optimized with the Yoast SEO plugin v27.3 - https:\/\/yoast.com\/product\/yoast-seo-wordpress\/ -->\n<title>LES BUBBEY MAYSE - LE PETIT MATIN DU GRAND SOIR - Institut Europ\u00e9en des Musiques Juives<\/title>\n<meta name=\"robots\" content=\"index, follow, max-snippet:-1, max-image-preview:large, max-video-preview:-1\" \/>\n<link rel=\"canonical\" href=\"https:\/\/www.iemj.org\/de\/produit\/les-bubbey-mayse-le-petit-matin-du-grand-soir\/\" \/>\n<meta property=\"og:locale\" content=\"de_DE\" \/>\n<meta property=\"og:type\" content=\"article\" \/>\n<meta property=\"og:title\" content=\"LES BUBBEY MAYSE - LE PETIT MATIN DU GRAND SOIR - Institut Europ\u00e9en des Musiques Juives\" \/>\n<meta property=\"og:description\" content=\"With this 9th CD in the &quot;Discovery&quot; Collection, we plunge into a whole, epidermal universe, discovering four voices, tuned to the chord. Four women who gather around their love of klezmer music and the Yiddish language, and who draw from it the impulse to reinvent a brighter tomorrow  Note: All physical album orders will be accompanied by MP3 audio files sent by e-mail.\" \/>\n<meta property=\"og:url\" content=\"https:\/\/www.iemj.org\/de\/produit\/les-bubbey-mayse-le-petit-matin-du-grand-soir\/\" \/>\n<meta property=\"og:site_name\" content=\"Institut Europ\u00e9en des Musiques Juives\" \/>\n<meta property=\"article:publisher\" content=\"https:\/\/www.facebook.com\/MusiquesJuives\/\" \/>\n<meta property=\"article:modified_time\" content=\"2024-03-27T12:25:50+00:00\" \/>\n<meta property=\"og:image\" content=\"https:\/\/www.iemj.org\/wp-content\/uploads\/2023\/09\/CDD9-6.jpg\" \/>\n\t<meta property=\"og:image:width\" content=\"350\" \/>\n\t<meta property=\"og:image:height\" content=\"314\" \/>\n\t<meta property=\"og:image:type\" content=\"image\/jpeg\" \/>\n<meta name=\"twitter:card\" content=\"summary_large_image\" \/>\n<meta name=\"twitter:label1\" content=\"Gesch\u00e4tzte Lesezeit\" \/>\n\t<meta name=\"twitter:data1\" content=\"1\u00a0Minute\" \/>\n<script type=\"application\/ld+json\" class=\"yoast-schema-graph\">{\"@context\":\"https:\\\/\\\/schema.org\",\"@graph\":[{\"@type\":\"WebPage\",\"@id\":\"https:\\\/\\\/www.iemj.org\\\/de\\\/produit\\\/les-bubbey-mayse-le-petit-matin-du-grand-soir\\\/\",\"url\":\"https:\\\/\\\/www.iemj.org\\\/de\\\/produit\\\/les-bubbey-mayse-le-petit-matin-du-grand-soir\\\/\",\"name\":\"LES BUBBEY MAYSE - LE PETIT MATIN DU GRAND SOIR - Institut Europ\u00e9en des Musiques Juives\",\"isPartOf\":{\"@id\":\"https:\\\/\\\/www.iemj.org\\\/de\\\/#website\"},\"primaryImageOfPage\":{\"@id\":\"https:\\\/\\\/www.iemj.org\\\/de\\\/produit\\\/les-bubbey-mayse-le-petit-matin-du-grand-soir\\\/#primaryimage\"},\"image\":{\"@id\":\"https:\\\/\\\/www.iemj.org\\\/de\\\/produit\\\/les-bubbey-mayse-le-petit-matin-du-grand-soir\\\/#primaryimage\"},\"thumbnailUrl\":\"https:\\\/\\\/www.iemj.org\\\/wp-content\\\/uploads\\\/2023\\\/09\\\/CDD9-6.jpg\",\"datePublished\":\"2023-09-20T13:01:47+00:00\",\"dateModified\":\"2024-03-27T12:25:50+00:00\",\"breadcrumb\":{\"@id\":\"https:\\\/\\\/www.iemj.org\\\/de\\\/produit\\\/les-bubbey-mayse-le-petit-matin-du-grand-soir\\\/#breadcrumb\"},\"inLanguage\":\"de\",\"potentialAction\":[{\"@type\":\"ReadAction\",\"target\":[\"https:\\\/\\\/www.iemj.org\\\/de\\\/produit\\\/les-bubbey-mayse-le-petit-matin-du-grand-soir\\\/\"]}]},{\"@type\":\"ImageObject\",\"inLanguage\":\"de\",\"@id\":\"https:\\\/\\\/www.iemj.org\\\/de\\\/produit\\\/les-bubbey-mayse-le-petit-matin-du-grand-soir\\\/#primaryimage\",\"url\":\"https:\\\/\\\/www.iemj.org\\\/wp-content\\\/uploads\\\/2023\\\/09\\\/CDD9-6.jpg\",\"contentUrl\":\"https:\\\/\\\/www.iemj.org\\\/wp-content\\\/uploads\\\/2023\\\/09\\\/CDD9-6.jpg\",\"width\":350,\"height\":314},{\"@type\":\"BreadcrumbList\",\"@id\":\"https:\\\/\\\/www.iemj.org\\\/de\\\/produit\\\/les-bubbey-mayse-le-petit-matin-du-grand-soir\\\/#breadcrumb\",\"itemListElement\":[{\"@type\":\"ListItem\",\"position\":1,\"name\":\"Accueil\",\"item\":\"https:\\\/\\\/www.iemj.org\\\/de\\\/\"},{\"@type\":\"ListItem\",\"position\":2,\"name\":\"Onlineshop\",\"item\":\"https:\\\/\\\/www.iemj.org\\\/de\\\/onlineshop\\\/\"},{\"@type\":\"ListItem\",\"position\":3,\"name\":\"LES BUBBEY MAYSE &#8211; LE PETIT MATIN DU GRAND SOIR\"}]},{\"@type\":\"WebSite\",\"@id\":\"https:\\\/\\\/www.iemj.org\\\/de\\\/#website\",\"url\":\"https:\\\/\\\/www.iemj.org\\\/de\\\/\",\"name\":\"Institut Europ\u00e9en des Musiques Juives\",\"description\":\"Des traditions musicales \u00e0 la port\u00e9e de tous\",\"publisher\":{\"@id\":\"https:\\\/\\\/www.iemj.org\\\/de\\\/#organization\"},\"potentialAction\":[{\"@type\":\"SearchAction\",\"target\":{\"@type\":\"EntryPoint\",\"urlTemplate\":\"https:\\\/\\\/www.iemj.org\\\/de\\\/?s={search_term_string}\"},\"query-input\":{\"@type\":\"PropertyValueSpecification\",\"valueRequired\":true,\"valueName\":\"search_term_string\"}}],\"inLanguage\":\"de\"},{\"@type\":\"Organization\",\"@id\":\"https:\\\/\\\/www.iemj.org\\\/de\\\/#organization\",\"name\":\"Institut Europ\u00e9en des Musiques Juives\",\"url\":\"https:\\\/\\\/www.iemj.org\\\/de\\\/\",\"logo\":{\"@type\":\"ImageObject\",\"inLanguage\":\"de\",\"@id\":\"https:\\\/\\\/www.iemj.org\\\/de\\\/#\\\/schema\\\/logo\\\/image\\\/\",\"url\":\"https:\\\/\\\/www.iemj.org\\\/wp-content\\\/uploads\\\/2021\\\/09\\\/Logo-IEMJ-Paypal.jpg\",\"contentUrl\":\"https:\\\/\\\/www.iemj.org\\\/wp-content\\\/uploads\\\/2021\\\/09\\\/Logo-IEMJ-Paypal.jpg\",\"width\":150,\"height\":50,\"caption\":\"Institut Europ\u00e9en des Musiques Juives\"},\"image\":{\"@id\":\"https:\\\/\\\/www.iemj.org\\\/de\\\/#\\\/schema\\\/logo\\\/image\\\/\"},\"sameAs\":[\"https:\\\/\\\/www.facebook.com\\\/MusiquesJuives\\\/\",\"https:\\\/\\\/www.instagram.com\\\/musiquesjuives\\\/\",\"https:\\\/\\\/www.youtube.com\\\/user\\\/musiquesjuives\"]}]}<\/script>\n<!-- \/ Yoast SEO plugin. -->","yoast_head_json":{"title":"LES BUBBEY MAYSE - LE PETIT MATIN DU GRAND SOIR - Institut Europ\u00e9en des Musiques Juives","robots":{"index":"index","follow":"follow","max-snippet":"max-snippet:-1","max-image-preview":"max-image-preview:large","max-video-preview":"max-video-preview:-1"},"canonical":"https:\/\/www.iemj.org\/de\/produit\/les-bubbey-mayse-le-petit-matin-du-grand-soir\/","og_locale":"de_DE","og_type":"article","og_title":"LES BUBBEY MAYSE - LE PETIT MATIN DU GRAND SOIR - Institut Europ\u00e9en des Musiques Juives","og_description":"With this 9th CD in the \"Discovery\" Collection, we plunge into a whole, epidermal universe, discovering four voices, tuned to the chord. Four women who gather around their love of klezmer music and the Yiddish language, and who draw from it the impulse to reinvent a brighter tomorrow  Note: All physical album orders will be accompanied by MP3 audio files sent by e-mail.","og_url":"https:\/\/www.iemj.org\/de\/produit\/les-bubbey-mayse-le-petit-matin-du-grand-soir\/","og_site_name":"Institut Europ\u00e9en des Musiques Juives","article_publisher":"https:\/\/www.facebook.com\/MusiquesJuives\/","article_modified_time":"2024-03-27T12:25:50+00:00","og_image":[{"width":350,"height":314,"url":"https:\/\/www.iemj.org\/wp-content\/uploads\/2023\/09\/CDD9-6.jpg","type":"image\/jpeg"}],"twitter_card":"summary_large_image","twitter_misc":{"Gesch\u00e4tzte Lesezeit":"1\u00a0Minute"},"schema":{"@context":"https:\/\/schema.org","@graph":[{"@type":"WebPage","@id":"https:\/\/www.iemj.org\/de\/produit\/les-bubbey-mayse-le-petit-matin-du-grand-soir\/","url":"https:\/\/www.iemj.org\/de\/produit\/les-bubbey-mayse-le-petit-matin-du-grand-soir\/","name":"LES BUBBEY MAYSE - LE PETIT MATIN DU GRAND SOIR - Institut Europ\u00e9en des Musiques Juives","isPartOf":{"@id":"https:\/\/www.iemj.org\/de\/#website"},"primaryImageOfPage":{"@id":"https:\/\/www.iemj.org\/de\/produit\/les-bubbey-mayse-le-petit-matin-du-grand-soir\/#primaryimage"},"image":{"@id":"https:\/\/www.iemj.org\/de\/produit\/les-bubbey-mayse-le-petit-matin-du-grand-soir\/#primaryimage"},"thumbnailUrl":"https:\/\/www.iemj.org\/wp-content\/uploads\/2023\/09\/CDD9-6.jpg","datePublished":"2023-09-20T13:01:47+00:00","dateModified":"2024-03-27T12:25:50+00:00","breadcrumb":{"@id":"https:\/\/www.iemj.org\/de\/produit\/les-bubbey-mayse-le-petit-matin-du-grand-soir\/#breadcrumb"},"inLanguage":"de","potentialAction":[{"@type":"ReadAction","target":["https:\/\/www.iemj.org\/de\/produit\/les-bubbey-mayse-le-petit-matin-du-grand-soir\/"]}]},{"@type":"ImageObject","inLanguage":"de","@id":"https:\/\/www.iemj.org\/de\/produit\/les-bubbey-mayse-le-petit-matin-du-grand-soir\/#primaryimage","url":"https:\/\/www.iemj.org\/wp-content\/uploads\/2023\/09\/CDD9-6.jpg","contentUrl":"https:\/\/www.iemj.org\/wp-content\/uploads\/2023\/09\/CDD9-6.jpg","width":350,"height":314},{"@type":"BreadcrumbList","@id":"https:\/\/www.iemj.org\/de\/produit\/les-bubbey-mayse-le-petit-matin-du-grand-soir\/#breadcrumb","itemListElement":[{"@type":"ListItem","position":1,"name":"Accueil","item":"https:\/\/www.iemj.org\/de\/"},{"@type":"ListItem","position":2,"name":"Onlineshop","item":"https:\/\/www.iemj.org\/de\/onlineshop\/"},{"@type":"ListItem","position":3,"name":"LES BUBBEY MAYSE &#8211; LE PETIT MATIN DU GRAND SOIR"}]},{"@type":"WebSite","@id":"https:\/\/www.iemj.org\/de\/#website","url":"https:\/\/www.iemj.org\/de\/","name":"Institut Europ\u00e9en des Musiques Juives","description":"Des traditions musicales \u00e0 la port\u00e9e de tous","publisher":{"@id":"https:\/\/www.iemj.org\/de\/#organization"},"potentialAction":[{"@type":"SearchAction","target":{"@type":"EntryPoint","urlTemplate":"https:\/\/www.iemj.org\/de\/?s={search_term_string}"},"query-input":{"@type":"PropertyValueSpecification","valueRequired":true,"valueName":"search_term_string"}}],"inLanguage":"de"},{"@type":"Organization","@id":"https:\/\/www.iemj.org\/de\/#organization","name":"Institut Europ\u00e9en des Musiques Juives","url":"https:\/\/www.iemj.org\/de\/","logo":{"@type":"ImageObject","inLanguage":"de","@id":"https:\/\/www.iemj.org\/de\/#\/schema\/logo\/image\/","url":"https:\/\/www.iemj.org\/wp-content\/uploads\/2021\/09\/Logo-IEMJ-Paypal.jpg","contentUrl":"https:\/\/www.iemj.org\/wp-content\/uploads\/2021\/09\/Logo-IEMJ-Paypal.jpg","width":150,"height":50,"caption":"Institut Europ\u00e9en des Musiques Juives"},"image":{"@id":"https:\/\/www.iemj.org\/de\/#\/schema\/logo\/image\/"},"sameAs":["https:\/\/www.facebook.com\/MusiquesJuives\/","https:\/\/www.instagram.com\/musiquesjuives\/","https:\/\/www.youtube.com\/user\/musiquesjuives"]}]}},"_links":{"self":[{"href":"https:\/\/www.iemj.org\/de\/wp-json\/wp\/v2\/product\/103574","targetHints":{"allow":["GET"]}}],"collection":[{"href":"https:\/\/www.iemj.org\/de\/wp-json\/wp\/v2\/product"}],"about":[{"href":"https:\/\/www.iemj.org\/de\/wp-json\/wp\/v2\/types\/product"}],"replies":[{"embeddable":true,"href":"https:\/\/www.iemj.org\/de\/wp-json\/wp\/v2\/comments?post=103574"}],"wp:featuredmedia":[{"embeddable":true,"href":"https:\/\/www.iemj.org\/de\/wp-json\/wp\/v2\/media\/103606"}],"wp:attachment":[{"href":"https:\/\/www.iemj.org\/de\/wp-json\/wp\/v2\/media?parent=103574"}],"wp:term":[{"taxonomy":"product_brand","embeddable":true,"href":"https:\/\/www.iemj.org\/de\/wp-json\/wp\/v2\/product_brand?post=103574"},{"taxonomy":"product_cat","embeddable":true,"href":"https:\/\/www.iemj.org\/de\/wp-json\/wp\/v2\/product_cat?post=103574"},{"taxonomy":"product_tag","embeddable":true,"href":"https:\/\/www.iemj.org\/de\/wp-json\/wp\/v2\/product_tag?post=103574"}],"curies":[{"name":"wp","href":"https:\/\/api.w.org\/{rel}","templated":true}]}}