{"id":115739,"date":"2024-12-03T17:05:17","date_gmt":"2024-12-03T16:05:23","guid":{"rendered":"https:\/\/www.iemj.org\/produit\/kaufmann-aroa-trio-pour-violon-alto-et-violoncelle-copie\/"},"modified":"2024-12-05T13:00:23","modified_gmt":"2024-12-05T12:00:23","slug":"kaufmann-aroa-trio-pour-violon-alto-et-violoncelle-copie","status":"publish","type":"product","link":"https:\/\/www.iemj.org\/de\/produit\/kaufmann-aroa-trio-pour-violon-alto-et-violoncelle-copie\/","title":{"rendered":"Kaufmann &#8211; Cantabile, 3 chants pour violoncelle, quintette \u00e0 cordes et clavecin"},"content":{"rendered":"<p>Composer, journalist, producer for radio and television and film maker, <a href=\"https:\/\/www.iemj.org\/de\/kaufmann-serge-1930\/\" target=\"_blank\" rel=\"noopener\">Serge Kaufmann<\/a> composed numerous scores for radio, television, as well as cinema and the stage. His works stand out for their very personal freedom of expression and their constant lyricism.<\/p>\n<p>Born in 1930, Serge Kaufmann studied classical music at Coll\u00e8ge Calvin in Geneva, and then at the Schola Cantorum in Paris, under the direction of Daniel Lesur. In the post-war years, the sight of a photograph \u2013 the boy in the Warsaw Ghetto \u2013 pivoted his convictions a passionate, internal questioning whose voice became ever more insistent: \u201cWhat would have happened to me if, instead of being born in Switzerland, I had been born on the other side of the border? Would I not have shared the fate of these thousands of Jewish children who didn&#8217;t have the chance to grow up simply because they were born of Jewish parents or grand-parents !\u201d<\/p>\n<p>Inspired by this revelation, Serge Kaufmann has enriched for nearly 25 years the field of Jewish music by composing works with evocative names : Yiddish Suite, Little Klezmer Suite, The Rothenbourg Maharam, Neshama, Kol nidr\u00e9, Yesod&#8230; Although never built on purely traditional melodies, his compositions have a sound that is undeniably Jewish.<\/p>\n<p>His vocal, orchestral and chamber music works have been the subject of several recordings.<\/p>\n","protected":false},"excerpt":{"rendered":"<p>Kaufmann &#8211; Cantabile, 3 chants pour violoncelle, quintette \u00e0 cordes et clavecin<\/p>\n<h2><strong>AVAILABLE AS <span style=\"color: #ff0000;\">PRINTED SCORE<\/span> (\u20ac45) OR <span style=\"color: #ff0000;\">DOWNLOADABLE SCORE<\/span> (\u20ac30)<\/strong><\/h2>\n","protected":false},"featured_media":115719,"comment_status":"closed","ping_status":"closed","template":"","meta":{"_acf_changed":false},"product_brand":[],"product_cat":[2373,2398,2404,1664,1998,2405,2345,2393],"product_tag":[],"class_list":{"0":"post-115739","1":"product","2":"type-product","3":"status-publish","4":"has-post-thumbnail","6":"product_cat-alto-de","7":"product_cat-cello-de","8":"product_cat-gedruckte-partituren","9":"product_cat-kaufmann-serge-de","10":"product_cat-partituren-de","11":"product_cat-partituren-zum-herunterladen","12":"product_cat-quintett","13":"product_cat-violine","14":"pa_partition-gedruckt","15":"pa_partition-herunterladbar","17":"first","18":"instock","19":"shipping-taxable","20":"purchasable","21":"product-type-variable"},"acf":[],"yoast_head":"<!-- This site is optimized with the Yoast SEO plugin v27.3 - https:\/\/yoast.com\/product\/yoast-seo-wordpress\/ -->\n<title>Kaufmann - Cantabile, 3 chants pour violoncelle, quintette \u00e0 cordes et clavecin - Institut Europ\u00e9en des Musiques Juives<\/title>\n<meta name=\"robots\" content=\"index, follow, max-snippet:-1, max-image-preview:large, max-video-preview:-1\" \/>\n<link rel=\"canonical\" href=\"https:\/\/www.iemj.org\/de\/produit\/kaufmann-aroa-trio-pour-violon-alto-et-violoncelle-copie\/\" \/>\n<meta property=\"og:locale\" content=\"de_DE\" \/>\n<meta property=\"og:type\" content=\"article\" \/>\n<meta property=\"og:title\" content=\"Kaufmann - Cantabile, 3 chants pour violoncelle, quintette \u00e0 cordes et clavecin - Institut Europ\u00e9en des Musiques Juives\" \/>\n<meta property=\"og:description\" content=\"Kaufmann - Cantabile, 3 chants pour violoncelle, quintette \u00e0 cordes et clavecin AVAILABLE AS PRINTED SCORE (\u20ac45) OR DOWNLOADABLE SCORE (\u20ac30)\" \/>\n<meta property=\"og:url\" content=\"https:\/\/www.iemj.org\/de\/produit\/kaufmann-aroa-trio-pour-violon-alto-et-violoncelle-copie\/\" \/>\n<meta property=\"og:site_name\" content=\"Institut Europ\u00e9en des Musiques Juives\" \/>\n<meta property=\"article:publisher\" content=\"https:\/\/www.facebook.com\/MusiquesJuives\/\" \/>\n<meta property=\"article:modified_time\" content=\"2024-12-05T12:00:23+00:00\" \/>\n<meta property=\"og:image\" content=\"https:\/\/www.iemj.org\/wp-content\/uploads\/2024\/12\/COUV-Cantabile-Kaufmann-Logo-boutique.jpg\" \/>\n\t<meta property=\"og:image:width\" content=\"547\" \/>\n\t<meta property=\"og:image:height\" content=\"489\" \/>\n\t<meta property=\"og:image:type\" content=\"image\/jpeg\" \/>\n<meta name=\"twitter:card\" content=\"summary_large_image\" \/>\n<meta name=\"twitter:label1\" content=\"Gesch\u00e4tzte Lesezeit\" \/>\n\t<meta name=\"twitter:data1\" content=\"1\u00a0Minute\" \/>\n<script type=\"application\/ld+json\" class=\"yoast-schema-graph\">{\"@context\":\"https:\\\/\\\/schema.org\",\"@graph\":[{\"@type\":\"WebPage\",\"@id\":\"https:\\\/\\\/www.iemj.org\\\/de\\\/produit\\\/kaufmann-aroa-trio-pour-violon-alto-et-violoncelle-copie\\\/\",\"url\":\"https:\\\/\\\/www.iemj.org\\\/de\\\/produit\\\/kaufmann-aroa-trio-pour-violon-alto-et-violoncelle-copie\\\/\",\"name\":\"Kaufmann - Cantabile, 3 chants pour violoncelle, quintette \u00e0 cordes et clavecin - Institut Europ\u00e9en des Musiques Juives\",\"isPartOf\":{\"@id\":\"https:\\\/\\\/www.iemj.org\\\/de\\\/#website\"},\"primaryImageOfPage\":{\"@id\":\"https:\\\/\\\/www.iemj.org\\\/de\\\/produit\\\/kaufmann-aroa-trio-pour-violon-alto-et-violoncelle-copie\\\/#primaryimage\"},\"image\":{\"@id\":\"https:\\\/\\\/www.iemj.org\\\/de\\\/produit\\\/kaufmann-aroa-trio-pour-violon-alto-et-violoncelle-copie\\\/#primaryimage\"},\"thumbnailUrl\":\"https:\\\/\\\/www.iemj.org\\\/wp-content\\\/uploads\\\/2024\\\/12\\\/COUV-Cantabile-Kaufmann-Logo-boutique.jpg\",\"datePublished\":\"2024-12-03T16:05:23+00:00\",\"dateModified\":\"2024-12-05T12:00:23+00:00\",\"breadcrumb\":{\"@id\":\"https:\\\/\\\/www.iemj.org\\\/de\\\/produit\\\/kaufmann-aroa-trio-pour-violon-alto-et-violoncelle-copie\\\/#breadcrumb\"},\"inLanguage\":\"de\",\"potentialAction\":[{\"@type\":\"ReadAction\",\"target\":[\"https:\\\/\\\/www.iemj.org\\\/de\\\/produit\\\/kaufmann-aroa-trio-pour-violon-alto-et-violoncelle-copie\\\/\"]}]},{\"@type\":\"ImageObject\",\"inLanguage\":\"de\",\"@id\":\"https:\\\/\\\/www.iemj.org\\\/de\\\/produit\\\/kaufmann-aroa-trio-pour-violon-alto-et-violoncelle-copie\\\/#primaryimage\",\"url\":\"https:\\\/\\\/www.iemj.org\\\/wp-content\\\/uploads\\\/2024\\\/12\\\/COUV-Cantabile-Kaufmann-Logo-boutique.jpg\",\"contentUrl\":\"https:\\\/\\\/www.iemj.org\\\/wp-content\\\/uploads\\\/2024\\\/12\\\/COUV-Cantabile-Kaufmann-Logo-boutique.jpg\",\"width\":547,\"height\":489},{\"@type\":\"BreadcrumbList\",\"@id\":\"https:\\\/\\\/www.iemj.org\\\/de\\\/produit\\\/kaufmann-aroa-trio-pour-violon-alto-et-violoncelle-copie\\\/#breadcrumb\",\"itemListElement\":[{\"@type\":\"ListItem\",\"position\":1,\"name\":\"Accueil\",\"item\":\"https:\\\/\\\/www.iemj.org\\\/de\\\/\"},{\"@type\":\"ListItem\",\"position\":2,\"name\":\"Onlineshop\",\"item\":\"https:\\\/\\\/www.iemj.org\\\/de\\\/onlineshop\\\/\"},{\"@type\":\"ListItem\",\"position\":3,\"name\":\"Kaufmann &#8211; Cantabile, 3 chants pour violoncelle, quintette \u00e0 cordes et clavecin\"}]},{\"@type\":\"WebSite\",\"@id\":\"https:\\\/\\\/www.iemj.org\\\/de\\\/#website\",\"url\":\"https:\\\/\\\/www.iemj.org\\\/de\\\/\",\"name\":\"Institut Europ\u00e9en des Musiques Juives\",\"description\":\"Des traditions musicales \u00e0 la port\u00e9e de tous\",\"publisher\":{\"@id\":\"https:\\\/\\\/www.iemj.org\\\/de\\\/#organization\"},\"potentialAction\":[{\"@type\":\"SearchAction\",\"target\":{\"@type\":\"EntryPoint\",\"urlTemplate\":\"https:\\\/\\\/www.iemj.org\\\/de\\\/?s={search_term_string}\"},\"query-input\":{\"@type\":\"PropertyValueSpecification\",\"valueRequired\":true,\"valueName\":\"search_term_string\"}}],\"inLanguage\":\"de\"},{\"@type\":\"Organization\",\"@id\":\"https:\\\/\\\/www.iemj.org\\\/de\\\/#organization\",\"name\":\"Institut Europ\u00e9en des Musiques Juives\",\"url\":\"https:\\\/\\\/www.iemj.org\\\/de\\\/\",\"logo\":{\"@type\":\"ImageObject\",\"inLanguage\":\"de\",\"@id\":\"https:\\\/\\\/www.iemj.org\\\/de\\\/#\\\/schema\\\/logo\\\/image\\\/\",\"url\":\"https:\\\/\\\/www.iemj.org\\\/wp-content\\\/uploads\\\/2021\\\/09\\\/Logo-IEMJ-Paypal.jpg\",\"contentUrl\":\"https:\\\/\\\/www.iemj.org\\\/wp-content\\\/uploads\\\/2021\\\/09\\\/Logo-IEMJ-Paypal.jpg\",\"width\":150,\"height\":50,\"caption\":\"Institut Europ\u00e9en des Musiques Juives\"},\"image\":{\"@id\":\"https:\\\/\\\/www.iemj.org\\\/de\\\/#\\\/schema\\\/logo\\\/image\\\/\"},\"sameAs\":[\"https:\\\/\\\/www.facebook.com\\\/MusiquesJuives\\\/\",\"https:\\\/\\\/www.instagram.com\\\/musiquesjuives\\\/\",\"https:\\\/\\\/www.youtube.com\\\/user\\\/musiquesjuives\"]}]}<\/script>\n<!-- \/ Yoast SEO plugin. -->","yoast_head_json":{"title":"Kaufmann - Cantabile, 3 chants pour violoncelle, quintette \u00e0 cordes et clavecin - Institut Europ\u00e9en des Musiques Juives","robots":{"index":"index","follow":"follow","max-snippet":"max-snippet:-1","max-image-preview":"max-image-preview:large","max-video-preview":"max-video-preview:-1"},"canonical":"https:\/\/www.iemj.org\/de\/produit\/kaufmann-aroa-trio-pour-violon-alto-et-violoncelle-copie\/","og_locale":"de_DE","og_type":"article","og_title":"Kaufmann - Cantabile, 3 chants pour violoncelle, quintette \u00e0 cordes et clavecin - Institut Europ\u00e9en des Musiques Juives","og_description":"Kaufmann - Cantabile, 3 chants pour violoncelle, quintette \u00e0 cordes et clavecin AVAILABLE AS PRINTED SCORE (\u20ac45) OR DOWNLOADABLE SCORE (\u20ac30)","og_url":"https:\/\/www.iemj.org\/de\/produit\/kaufmann-aroa-trio-pour-violon-alto-et-violoncelle-copie\/","og_site_name":"Institut Europ\u00e9en des Musiques Juives","article_publisher":"https:\/\/www.facebook.com\/MusiquesJuives\/","article_modified_time":"2024-12-05T12:00:23+00:00","og_image":[{"width":547,"height":489,"url":"https:\/\/www.iemj.org\/wp-content\/uploads\/2024\/12\/COUV-Cantabile-Kaufmann-Logo-boutique.jpg","type":"image\/jpeg"}],"twitter_card":"summary_large_image","twitter_misc":{"Gesch\u00e4tzte Lesezeit":"1\u00a0Minute"},"schema":{"@context":"https:\/\/schema.org","@graph":[{"@type":"WebPage","@id":"https:\/\/www.iemj.org\/de\/produit\/kaufmann-aroa-trio-pour-violon-alto-et-violoncelle-copie\/","url":"https:\/\/www.iemj.org\/de\/produit\/kaufmann-aroa-trio-pour-violon-alto-et-violoncelle-copie\/","name":"Kaufmann - Cantabile, 3 chants pour violoncelle, quintette \u00e0 cordes et clavecin - Institut Europ\u00e9en des Musiques Juives","isPartOf":{"@id":"https:\/\/www.iemj.org\/de\/#website"},"primaryImageOfPage":{"@id":"https:\/\/www.iemj.org\/de\/produit\/kaufmann-aroa-trio-pour-violon-alto-et-violoncelle-copie\/#primaryimage"},"image":{"@id":"https:\/\/www.iemj.org\/de\/produit\/kaufmann-aroa-trio-pour-violon-alto-et-violoncelle-copie\/#primaryimage"},"thumbnailUrl":"https:\/\/www.iemj.org\/wp-content\/uploads\/2024\/12\/COUV-Cantabile-Kaufmann-Logo-boutique.jpg","datePublished":"2024-12-03T16:05:23+00:00","dateModified":"2024-12-05T12:00:23+00:00","breadcrumb":{"@id":"https:\/\/www.iemj.org\/de\/produit\/kaufmann-aroa-trio-pour-violon-alto-et-violoncelle-copie\/#breadcrumb"},"inLanguage":"de","potentialAction":[{"@type":"ReadAction","target":["https:\/\/www.iemj.org\/de\/produit\/kaufmann-aroa-trio-pour-violon-alto-et-violoncelle-copie\/"]}]},{"@type":"ImageObject","inLanguage":"de","@id":"https:\/\/www.iemj.org\/de\/produit\/kaufmann-aroa-trio-pour-violon-alto-et-violoncelle-copie\/#primaryimage","url":"https:\/\/www.iemj.org\/wp-content\/uploads\/2024\/12\/COUV-Cantabile-Kaufmann-Logo-boutique.jpg","contentUrl":"https:\/\/www.iemj.org\/wp-content\/uploads\/2024\/12\/COUV-Cantabile-Kaufmann-Logo-boutique.jpg","width":547,"height":489},{"@type":"BreadcrumbList","@id":"https:\/\/www.iemj.org\/de\/produit\/kaufmann-aroa-trio-pour-violon-alto-et-violoncelle-copie\/#breadcrumb","itemListElement":[{"@type":"ListItem","position":1,"name":"Accueil","item":"https:\/\/www.iemj.org\/de\/"},{"@type":"ListItem","position":2,"name":"Onlineshop","item":"https:\/\/www.iemj.org\/de\/onlineshop\/"},{"@type":"ListItem","position":3,"name":"Kaufmann &#8211; Cantabile, 3 chants pour violoncelle, quintette \u00e0 cordes et clavecin"}]},{"@type":"WebSite","@id":"https:\/\/www.iemj.org\/de\/#website","url":"https:\/\/www.iemj.org\/de\/","name":"Institut Europ\u00e9en des Musiques Juives","description":"Des traditions musicales \u00e0 la port\u00e9e de tous","publisher":{"@id":"https:\/\/www.iemj.org\/de\/#organization"},"potentialAction":[{"@type":"SearchAction","target":{"@type":"EntryPoint","urlTemplate":"https:\/\/www.iemj.org\/de\/?s={search_term_string}"},"query-input":{"@type":"PropertyValueSpecification","valueRequired":true,"valueName":"search_term_string"}}],"inLanguage":"de"},{"@type":"Organization","@id":"https:\/\/www.iemj.org\/de\/#organization","name":"Institut Europ\u00e9en des Musiques Juives","url":"https:\/\/www.iemj.org\/de\/","logo":{"@type":"ImageObject","inLanguage":"de","@id":"https:\/\/www.iemj.org\/de\/#\/schema\/logo\/image\/","url":"https:\/\/www.iemj.org\/wp-content\/uploads\/2021\/09\/Logo-IEMJ-Paypal.jpg","contentUrl":"https:\/\/www.iemj.org\/wp-content\/uploads\/2021\/09\/Logo-IEMJ-Paypal.jpg","width":150,"height":50,"caption":"Institut Europ\u00e9en des Musiques Juives"},"image":{"@id":"https:\/\/www.iemj.org\/de\/#\/schema\/logo\/image\/"},"sameAs":["https:\/\/www.facebook.com\/MusiquesJuives\/","https:\/\/www.instagram.com\/musiquesjuives\/","https:\/\/www.youtube.com\/user\/musiquesjuives"]}]}},"_links":{"self":[{"href":"https:\/\/www.iemj.org\/de\/wp-json\/wp\/v2\/product\/115739","targetHints":{"allow":["GET"]}}],"collection":[{"href":"https:\/\/www.iemj.org\/de\/wp-json\/wp\/v2\/product"}],"about":[{"href":"https:\/\/www.iemj.org\/de\/wp-json\/wp\/v2\/types\/product"}],"replies":[{"embeddable":true,"href":"https:\/\/www.iemj.org\/de\/wp-json\/wp\/v2\/comments?post=115739"}],"wp:featuredmedia":[{"embeddable":true,"href":"https:\/\/www.iemj.org\/de\/wp-json\/wp\/v2\/media\/115719"}],"wp:attachment":[{"href":"https:\/\/www.iemj.org\/de\/wp-json\/wp\/v2\/media?parent=115739"}],"wp:term":[{"taxonomy":"product_brand","embeddable":true,"href":"https:\/\/www.iemj.org\/de\/wp-json\/wp\/v2\/product_brand?post=115739"},{"taxonomy":"product_cat","embeddable":true,"href":"https:\/\/www.iemj.org\/de\/wp-json\/wp\/v2\/product_cat?post=115739"},{"taxonomy":"product_tag","embeddable":true,"href":"https:\/\/www.iemj.org\/de\/wp-json\/wp\/v2\/product_tag?post=115739"}],"curies":[{"name":"wp","href":"https:\/\/api.w.org\/{rel}","templated":true}]}}