{"id":50732,"date":"2017-10-16T16:23:23","date_gmt":"2017-10-16T14:23:23","guid":{"rendered":"https:\/\/www.iemj.org\/produit\/hebrew-melodies-3\/"},"modified":"2021-09-13T18:14:37","modified_gmt":"2021-09-13T16:14:37","slug":"musique-francaise-avant-et-apres-la-grande-guerre","status":"publish","type":"product","link":"https:\/\/www.iemj.org\/de\/produit\/musique-francaise-avant-et-apres-la-grande-guerre\/","title":{"rendered":"French music before and after the Great War"},"content":{"rendered":"<p>The First World War had a profound impact in Europe and musical creation did not escape this upheaval. Interpreted by<span lang=\"en\" xml:lang=\"en\"> the <\/span>Orchestra of the Campus of Orsay, under the direction of Martin Barral, and with the pianist Olivier Herbay, the two works presented on this record bear witness to the diversity of musical languages and to the profusion of styles. The <em>Symphony in C minor by <\/em>Fernand Halphen still belongs to the 19<sup>th<\/sup> century, while the <em>Piano Concerto for the Left Hand by<\/em> Maurice Ravel is resolutely turned toward modernity.\u00a0Bringing together these two works thus enables us to reveal several facets of musical life, not restricting it to exceptional composers, and allows us to better evaluate the diversity of French musical production before and after the war of 1914-1918.<\/p>\n<p>Extraits :<\/p>\n<p>01 &#8211; Fernand Halphen &#8211; Symphonie &#8211; 1er mvt<\/p>\n<audio class=\"wp-audio-shortcode\" id=\"audio-50732-1\" preload=\"none\" style=\"width: 100%;\" controls=\"controls\"><source type=\"audio\/mpeg\" src=\"https:\/\/www.iemj.org\/wp-content\/uploads\/2017\/10\/halphen_symphonie_1-allegro_siteiemj.mp3?_=1\" \/><a href=\"https:\/\/www.iemj.org\/wp-content\/uploads\/2017\/10\/halphen_symphonie_1-allegro_siteiemj.mp3\">https:\/\/www.iemj.org\/wp-content\/uploads\/2017\/10\/halphen_symphonie_1-allegro_siteiemj.mp3<\/a><\/audio>\n<p>02 &#8211; Fernand Halphen &#8211; Symphonie &#8211; 2e mvt<\/p>\n<audio class=\"wp-audio-shortcode\" id=\"audio-50732-2\" preload=\"none\" style=\"width: 100%;\" controls=\"controls\"><source type=\"audio\/mpeg\" src=\"https:\/\/www.iemj.org\/wp-content\/uploads\/2017\/10\/halphen_symphonie_mvt2-andante_siteiemj.mp3?_=2\" \/><a href=\"https:\/\/www.iemj.org\/wp-content\/uploads\/2017\/10\/halphen_symphonie_mvt2-andante_siteiemj.mp3\">https:\/\/www.iemj.org\/wp-content\/uploads\/2017\/10\/halphen_symphonie_mvt2-andante_siteiemj.mp3<\/a><\/audio>\n<p>03 &#8211; Fernand Halphen &#8211; Symphonie &#8211; 3e mvt<\/p>\n<audio class=\"wp-audio-shortcode\" id=\"audio-50732-3\" preload=\"none\" style=\"width: 100%;\" controls=\"controls\"><source type=\"audio\/mpeg\" src=\"https:\/\/www.iemj.org\/wp-content\/uploads\/2017\/10\/halphen_symphonie_mvt3-scherzo_siteiemj.mp3?_=3\" \/><a href=\"https:\/\/www.iemj.org\/wp-content\/uploads\/2017\/10\/halphen_symphonie_mvt3-scherzo_siteiemj.mp3\">https:\/\/www.iemj.org\/wp-content\/uploads\/2017\/10\/halphen_symphonie_mvt3-scherzo_siteiemj.mp3<\/a><\/audio>\n<p>04 &#8211; Fernand Halphen &#8211; Symphonie &#8211; 4e mvt<\/p>\n<audio class=\"wp-audio-shortcode\" id=\"audio-50732-4\" preload=\"none\" style=\"width: 100%;\" controls=\"controls\"><source type=\"audio\/mpeg\" src=\"https:\/\/www.iemj.org\/wp-content\/uploads\/2017\/10\/halphen_symphonie_mvt4-finale_siteiemj.mp3?_=4\" \/><a href=\"https:\/\/www.iemj.org\/wp-content\/uploads\/2017\/10\/halphen_symphonie_mvt4-finale_siteiemj.mp3\">https:\/\/www.iemj.org\/wp-content\/uploads\/2017\/10\/halphen_symphonie_mvt4-finale_siteiemj.mp3<\/a><\/audio>\n<p>05 &#8211; Maurice Ravel &#8211; Concerto pour la main gauche<\/p>\n<audio class=\"wp-audio-shortcode\" id=\"audio-50732-5\" preload=\"none\" style=\"width: 100%;\" controls=\"controls\"><source type=\"audio\/mpeg\" src=\"https:\/\/www.iemj.org\/wp-content\/uploads\/2017\/10\/ravel_concerto_main_gauche-debut_siteiemj.mp3?_=5\" \/><a href=\"https:\/\/www.iemj.org\/wp-content\/uploads\/2017\/10\/ravel_concerto_main_gauche-debut_siteiemj.mp3\">https:\/\/www.iemj.org\/wp-content\/uploads\/2017\/10\/ravel_concerto_main_gauche-debut_siteiemj.mp3<\/a><\/audio>\n","protected":false},"excerpt":{"rendered":"<p>This CD gathers the\u00a0<em>Symphony in C minor by <\/em>Fernand Halphen (Premi\u00e8re mondiale) and the <em>Piano Concerto for the Left Hand by<\/em> Maurice Ravel, interpreted by<span lang=\"en\" xml:lang=\"en\"> the <\/span>Orchestra of the Campus of Orsay, under the direction of Martin Barral, and with the pianist Olivier Herbay<\/p>\n","protected":false},"featured_media":50725,"comment_status":"open","ping_status":"closed","template":"","meta":{"_acf_changed":false},"product_brand":[],"product_cat":[1994,2303,2325,2308],"product_tag":[],"class_list":{"0":"post-50732","1":"product","2":"type-product","3":"status-publish","4":"has-post-thumbnail","6":"product_cat-cd-de","7":"product_cat-editionen-des-iemj-de","8":"product_cat-klassische-musik","9":"product_cat-sammlung-klassiker","10":"pa_musique-downloadbares-album","11":"pa_musique-physikalisches-album","13":"first","14":"instock","15":"shipping-taxable","16":"purchasable","17":"product-type-variable"},"acf":[],"yoast_head":"<!-- This site is optimized with the Yoast SEO plugin v27.3 - https:\/\/yoast.com\/product\/yoast-seo-wordpress\/ -->\n<title>French music before and after the Great War - Institut Europ\u00e9en des Musiques Juives<\/title>\n<meta name=\"robots\" content=\"index, follow, max-snippet:-1, max-image-preview:large, max-video-preview:-1\" \/>\n<link rel=\"canonical\" href=\"https:\/\/www.iemj.org\/de\/produit\/musique-francaise-avant-et-apres-la-grande-guerre\/\" \/>\n<meta property=\"og:locale\" content=\"de_DE\" \/>\n<meta property=\"og:type\" content=\"article\" \/>\n<meta property=\"og:title\" content=\"French music before and after the Great War - Institut Europ\u00e9en des Musiques Juives\" \/>\n<meta property=\"og:description\" content=\"This CD gathers the\u00a0Symphony in C minor by Fernand Halphen (Premi\u00e8re mondiale) and the Piano Concerto for the Left Hand by Maurice Ravel, interpreted by the Orchestra of the Campus of Orsay, under the direction of Martin Barral, and with the pianist Olivier Herbay\" \/>\n<meta property=\"og:url\" content=\"https:\/\/www.iemj.org\/de\/produit\/musique-francaise-avant-et-apres-la-grande-guerre\/\" \/>\n<meta property=\"og:site_name\" content=\"Institut Europ\u00e9en des Musiques Juives\" \/>\n<meta property=\"article:publisher\" content=\"https:\/\/www.facebook.com\/MusiquesJuives\/\" \/>\n<meta property=\"article:modified_time\" content=\"2021-09-13T16:14:37+00:00\" \/>\n<meta property=\"og:image\" content=\"https:\/\/www.iemj.org\/wp-content\/uploads\/2017\/10\/CDC3.jpg\" \/>\n\t<meta property=\"og:image:width\" content=\"350\" \/>\n\t<meta property=\"og:image:height\" content=\"314\" \/>\n\t<meta property=\"og:image:type\" content=\"image\/jpeg\" \/>\n<meta name=\"twitter:card\" content=\"summary_large_image\" \/>\n<meta name=\"twitter:label1\" content=\"Gesch\u00e4tzte Lesezeit\" \/>\n\t<meta name=\"twitter:data1\" content=\"1\u00a0Minute\" \/>\n<script type=\"application\/ld+json\" class=\"yoast-schema-graph\">{\"@context\":\"https:\\\/\\\/schema.org\",\"@graph\":[{\"@type\":\"WebPage\",\"@id\":\"https:\\\/\\\/www.iemj.org\\\/de\\\/produit\\\/musique-francaise-avant-et-apres-la-grande-guerre\\\/\",\"url\":\"https:\\\/\\\/www.iemj.org\\\/de\\\/produit\\\/musique-francaise-avant-et-apres-la-grande-guerre\\\/\",\"name\":\"French music before and after the Great War - Institut Europ\u00e9en des Musiques Juives\",\"isPartOf\":{\"@id\":\"https:\\\/\\\/www.iemj.org\\\/de\\\/#website\"},\"primaryImageOfPage\":{\"@id\":\"https:\\\/\\\/www.iemj.org\\\/de\\\/produit\\\/musique-francaise-avant-et-apres-la-grande-guerre\\\/#primaryimage\"},\"image\":{\"@id\":\"https:\\\/\\\/www.iemj.org\\\/de\\\/produit\\\/musique-francaise-avant-et-apres-la-grande-guerre\\\/#primaryimage\"},\"thumbnailUrl\":\"https:\\\/\\\/www.iemj.org\\\/wp-content\\\/uploads\\\/2017\\\/10\\\/CDC3.jpg\",\"datePublished\":\"2017-10-16T14:23:23+00:00\",\"dateModified\":\"2021-09-13T16:14:37+00:00\",\"breadcrumb\":{\"@id\":\"https:\\\/\\\/www.iemj.org\\\/de\\\/produit\\\/musique-francaise-avant-et-apres-la-grande-guerre\\\/#breadcrumb\"},\"inLanguage\":\"de\",\"potentialAction\":[{\"@type\":\"ReadAction\",\"target\":[\"https:\\\/\\\/www.iemj.org\\\/de\\\/produit\\\/musique-francaise-avant-et-apres-la-grande-guerre\\\/\"]}]},{\"@type\":\"ImageObject\",\"inLanguage\":\"de\",\"@id\":\"https:\\\/\\\/www.iemj.org\\\/de\\\/produit\\\/musique-francaise-avant-et-apres-la-grande-guerre\\\/#primaryimage\",\"url\":\"https:\\\/\\\/www.iemj.org\\\/wp-content\\\/uploads\\\/2017\\\/10\\\/CDC3.jpg\",\"contentUrl\":\"https:\\\/\\\/www.iemj.org\\\/wp-content\\\/uploads\\\/2017\\\/10\\\/CDC3.jpg\",\"width\":350,\"height\":314},{\"@type\":\"BreadcrumbList\",\"@id\":\"https:\\\/\\\/www.iemj.org\\\/de\\\/produit\\\/musique-francaise-avant-et-apres-la-grande-guerre\\\/#breadcrumb\",\"itemListElement\":[{\"@type\":\"ListItem\",\"position\":1,\"name\":\"Accueil\",\"item\":\"https:\\\/\\\/www.iemj.org\\\/de\\\/\"},{\"@type\":\"ListItem\",\"position\":2,\"name\":\"Onlineshop\",\"item\":\"https:\\\/\\\/www.iemj.org\\\/de\\\/onlineshop\\\/\"},{\"@type\":\"ListItem\",\"position\":3,\"name\":\"French music before and after the Great War\"}]},{\"@type\":\"WebSite\",\"@id\":\"https:\\\/\\\/www.iemj.org\\\/de\\\/#website\",\"url\":\"https:\\\/\\\/www.iemj.org\\\/de\\\/\",\"name\":\"Institut Europ\u00e9en des Musiques Juives\",\"description\":\"Des traditions musicales \u00e0 la port\u00e9e de tous\",\"publisher\":{\"@id\":\"https:\\\/\\\/www.iemj.org\\\/de\\\/#organization\"},\"potentialAction\":[{\"@type\":\"SearchAction\",\"target\":{\"@type\":\"EntryPoint\",\"urlTemplate\":\"https:\\\/\\\/www.iemj.org\\\/de\\\/?s={search_term_string}\"},\"query-input\":{\"@type\":\"PropertyValueSpecification\",\"valueRequired\":true,\"valueName\":\"search_term_string\"}}],\"inLanguage\":\"de\"},{\"@type\":\"Organization\",\"@id\":\"https:\\\/\\\/www.iemj.org\\\/de\\\/#organization\",\"name\":\"Institut Europ\u00e9en des Musiques Juives\",\"url\":\"https:\\\/\\\/www.iemj.org\\\/de\\\/\",\"logo\":{\"@type\":\"ImageObject\",\"inLanguage\":\"de\",\"@id\":\"https:\\\/\\\/www.iemj.org\\\/de\\\/#\\\/schema\\\/logo\\\/image\\\/\",\"url\":\"https:\\\/\\\/www.iemj.org\\\/wp-content\\\/uploads\\\/2021\\\/09\\\/Logo-IEMJ-Paypal.jpg\",\"contentUrl\":\"https:\\\/\\\/www.iemj.org\\\/wp-content\\\/uploads\\\/2021\\\/09\\\/Logo-IEMJ-Paypal.jpg\",\"width\":150,\"height\":50,\"caption\":\"Institut Europ\u00e9en des Musiques Juives\"},\"image\":{\"@id\":\"https:\\\/\\\/www.iemj.org\\\/de\\\/#\\\/schema\\\/logo\\\/image\\\/\"},\"sameAs\":[\"https:\\\/\\\/www.facebook.com\\\/MusiquesJuives\\\/\",\"https:\\\/\\\/www.instagram.com\\\/musiquesjuives\\\/\",\"https:\\\/\\\/www.youtube.com\\\/user\\\/musiquesjuives\"]}]}<\/script>\n<!-- \/ Yoast SEO plugin. -->","yoast_head_json":{"title":"French music before and after the Great War - Institut Europ\u00e9en des Musiques Juives","robots":{"index":"index","follow":"follow","max-snippet":"max-snippet:-1","max-image-preview":"max-image-preview:large","max-video-preview":"max-video-preview:-1"},"canonical":"https:\/\/www.iemj.org\/de\/produit\/musique-francaise-avant-et-apres-la-grande-guerre\/","og_locale":"de_DE","og_type":"article","og_title":"French music before and after the Great War - Institut Europ\u00e9en des Musiques Juives","og_description":"This CD gathers the\u00a0Symphony in C minor by Fernand Halphen (Premi\u00e8re mondiale) and the Piano Concerto for the Left Hand by Maurice Ravel, interpreted by the Orchestra of the Campus of Orsay, under the direction of Martin Barral, and with the pianist Olivier Herbay","og_url":"https:\/\/www.iemj.org\/de\/produit\/musique-francaise-avant-et-apres-la-grande-guerre\/","og_site_name":"Institut Europ\u00e9en des Musiques Juives","article_publisher":"https:\/\/www.facebook.com\/MusiquesJuives\/","article_modified_time":"2021-09-13T16:14:37+00:00","og_image":[{"width":350,"height":314,"url":"https:\/\/www.iemj.org\/wp-content\/uploads\/2017\/10\/CDC3.jpg","type":"image\/jpeg"}],"twitter_card":"summary_large_image","twitter_misc":{"Gesch\u00e4tzte Lesezeit":"1\u00a0Minute"},"schema":{"@context":"https:\/\/schema.org","@graph":[{"@type":"WebPage","@id":"https:\/\/www.iemj.org\/de\/produit\/musique-francaise-avant-et-apres-la-grande-guerre\/","url":"https:\/\/www.iemj.org\/de\/produit\/musique-francaise-avant-et-apres-la-grande-guerre\/","name":"French music before and after the Great War - Institut Europ\u00e9en des Musiques Juives","isPartOf":{"@id":"https:\/\/www.iemj.org\/de\/#website"},"primaryImageOfPage":{"@id":"https:\/\/www.iemj.org\/de\/produit\/musique-francaise-avant-et-apres-la-grande-guerre\/#primaryimage"},"image":{"@id":"https:\/\/www.iemj.org\/de\/produit\/musique-francaise-avant-et-apres-la-grande-guerre\/#primaryimage"},"thumbnailUrl":"https:\/\/www.iemj.org\/wp-content\/uploads\/2017\/10\/CDC3.jpg","datePublished":"2017-10-16T14:23:23+00:00","dateModified":"2021-09-13T16:14:37+00:00","breadcrumb":{"@id":"https:\/\/www.iemj.org\/de\/produit\/musique-francaise-avant-et-apres-la-grande-guerre\/#breadcrumb"},"inLanguage":"de","potentialAction":[{"@type":"ReadAction","target":["https:\/\/www.iemj.org\/de\/produit\/musique-francaise-avant-et-apres-la-grande-guerre\/"]}]},{"@type":"ImageObject","inLanguage":"de","@id":"https:\/\/www.iemj.org\/de\/produit\/musique-francaise-avant-et-apres-la-grande-guerre\/#primaryimage","url":"https:\/\/www.iemj.org\/wp-content\/uploads\/2017\/10\/CDC3.jpg","contentUrl":"https:\/\/www.iemj.org\/wp-content\/uploads\/2017\/10\/CDC3.jpg","width":350,"height":314},{"@type":"BreadcrumbList","@id":"https:\/\/www.iemj.org\/de\/produit\/musique-francaise-avant-et-apres-la-grande-guerre\/#breadcrumb","itemListElement":[{"@type":"ListItem","position":1,"name":"Accueil","item":"https:\/\/www.iemj.org\/de\/"},{"@type":"ListItem","position":2,"name":"Onlineshop","item":"https:\/\/www.iemj.org\/de\/onlineshop\/"},{"@type":"ListItem","position":3,"name":"French music before and after the Great War"}]},{"@type":"WebSite","@id":"https:\/\/www.iemj.org\/de\/#website","url":"https:\/\/www.iemj.org\/de\/","name":"Institut Europ\u00e9en des Musiques Juives","description":"Des traditions musicales \u00e0 la port\u00e9e de tous","publisher":{"@id":"https:\/\/www.iemj.org\/de\/#organization"},"potentialAction":[{"@type":"SearchAction","target":{"@type":"EntryPoint","urlTemplate":"https:\/\/www.iemj.org\/de\/?s={search_term_string}"},"query-input":{"@type":"PropertyValueSpecification","valueRequired":true,"valueName":"search_term_string"}}],"inLanguage":"de"},{"@type":"Organization","@id":"https:\/\/www.iemj.org\/de\/#organization","name":"Institut Europ\u00e9en des Musiques Juives","url":"https:\/\/www.iemj.org\/de\/","logo":{"@type":"ImageObject","inLanguage":"de","@id":"https:\/\/www.iemj.org\/de\/#\/schema\/logo\/image\/","url":"https:\/\/www.iemj.org\/wp-content\/uploads\/2021\/09\/Logo-IEMJ-Paypal.jpg","contentUrl":"https:\/\/www.iemj.org\/wp-content\/uploads\/2021\/09\/Logo-IEMJ-Paypal.jpg","width":150,"height":50,"caption":"Institut Europ\u00e9en des Musiques Juives"},"image":{"@id":"https:\/\/www.iemj.org\/de\/#\/schema\/logo\/image\/"},"sameAs":["https:\/\/www.facebook.com\/MusiquesJuives\/","https:\/\/www.instagram.com\/musiquesjuives\/","https:\/\/www.youtube.com\/user\/musiquesjuives"]}]}},"_links":{"self":[{"href":"https:\/\/www.iemj.org\/de\/wp-json\/wp\/v2\/product\/50732","targetHints":{"allow":["GET"]}}],"collection":[{"href":"https:\/\/www.iemj.org\/de\/wp-json\/wp\/v2\/product"}],"about":[{"href":"https:\/\/www.iemj.org\/de\/wp-json\/wp\/v2\/types\/product"}],"replies":[{"embeddable":true,"href":"https:\/\/www.iemj.org\/de\/wp-json\/wp\/v2\/comments?post=50732"}],"wp:featuredmedia":[{"embeddable":true,"href":"https:\/\/www.iemj.org\/de\/wp-json\/wp\/v2\/media\/50725"}],"wp:attachment":[{"href":"https:\/\/www.iemj.org\/de\/wp-json\/wp\/v2\/media?parent=50732"}],"wp:term":[{"taxonomy":"product_brand","embeddable":true,"href":"https:\/\/www.iemj.org\/de\/wp-json\/wp\/v2\/product_brand?post=50732"},{"taxonomy":"product_cat","embeddable":true,"href":"https:\/\/www.iemj.org\/de\/wp-json\/wp\/v2\/product_cat?post=50732"},{"taxonomy":"product_tag","embeddable":true,"href":"https:\/\/www.iemj.org\/de\/wp-json\/wp\/v2\/product_tag?post=50732"}],"curies":[{"name":"wp","href":"https:\/\/api.w.org\/{rel}","templated":true}]}}