{"id":56890,"date":"2015-02-28T11:46:13","date_gmt":"2015-02-28T10:46:13","guid":{"rendered":"https:\/\/www.iemj.org\/produit\/musiques-juives-baroques-venise-mantoue-amsterdam-1623-1774\/"},"modified":"2022-01-24T10:39:04","modified_gmt":"2022-01-24T09:39:04","slug":"musiques-juives-baroques-venise-mantoue-amsterdam-1623-1774","status":"publish","type":"product","link":"https:\/\/www.iemj.org\/de\/produit\/musiques-juives-baroques-venise-mantoue-amsterdam-1623-1774\/","title":{"rendered":"Musiques juives baroques: Venise, Mantoue, Amsterdam (1623-1774)"},"content":{"rendered":"<p>Extraits :<\/p>\n<p>01 &#8211; Qadish (Salamone Rossi)<\/p>\n<audio class=\"wp-audio-shortcode\" id=\"audio-56890-1\" preload=\"none\" style=\"width: 100%;\" controls=\"controls\"><source type=\"audio\/mpeg\" src=\"https:\/\/www.iemj.org\/wp-content\/uploads\/2015\/02\/Qadish-Salamone-Rossi.mp3?_=1\" \/><a href=\"https:\/\/www.iemj.org\/wp-content\/uploads\/2015\/02\/Qadish-Salamone-Rossi.mp3\">https:\/\/www.iemj.org\/wp-content\/uploads\/2015\/02\/Qadish-Salamone-Rossi.mp3<\/a><\/audio>\n<p>03 &#8211; Kol Haneshama (Anonyme)<\/p>\n<audio class=\"wp-audio-shortcode\" id=\"audio-56890-2\" preload=\"none\" style=\"width: 100%;\" controls=\"controls\"><source type=\"audio\/mpeg\" src=\"https:\/\/www.iemj.org\/wp-content\/uploads\/2015\/02\/Kol-Haneshama-Anonyme.mp3?_=2\" \/><a href=\"https:\/\/www.iemj.org\/wp-content\/uploads\/2015\/02\/Kol-Haneshama-Anonyme.mp3\">https:\/\/www.iemj.org\/wp-content\/uploads\/2015\/02\/Kol-Haneshama-Anonyme.mp3<\/a><\/audio>\n<p>05 &#8211; Beyt Yisra&#8217;el, Sifdu (Cristiano Giuseppe Lidarti)<\/p>\n<audio class=\"wp-audio-shortcode\" id=\"audio-56890-3\" preload=\"none\" style=\"width: 100%;\" controls=\"controls\"><source type=\"audio\/mpeg\" src=\"https:\/\/www.iemj.org\/wp-content\/uploads\/2015\/02\/Beyt-Yisrael-Sifdu-Cristiano-Giuseppe-Lidarti.mp3?_=3\" \/><a href=\"https:\/\/www.iemj.org\/wp-content\/uploads\/2015\/02\/Beyt-Yisrael-Sifdu-Cristiano-Giuseppe-Lidarti.mp3\">https:\/\/www.iemj.org\/wp-content\/uploads\/2015\/02\/Beyt-Yisrael-Sifdu-Cristiano-Giuseppe-Lidarti.mp3<\/a><\/audio>\n<p>13 &#8211; Hishki Hizki (Abraham Caceres)<\/p>\n<audio class=\"wp-audio-shortcode\" id=\"audio-56890-4\" preload=\"none\" style=\"width: 100%;\" controls=\"controls\"><source type=\"audio\/mpeg\" src=\"https:\/\/www.iemj.org\/wp-content\/uploads\/2015\/02\/Hishki-Hizki-Abraham-Caceres.mp3?_=4\" \/><a href=\"https:\/\/www.iemj.org\/wp-content\/uploads\/2015\/02\/Hishki-Hizki-Abraham-Caceres.mp3\">https:\/\/www.iemj.org\/wp-content\/uploads\/2015\/02\/Hishki-Hizki-Abraham-Caceres.mp3<\/a><\/audio>\n","protected":false},"excerpt":{"rendered":"<p>This CD is an homage to the musicologist Israel Adler (1925-2009). The 13 pieces making up the programme constitute a unique testimony to the richness of this Jewish musical technique and its evolution from the Baroque era to the beginnings of the <em>galant<\/em> style.<\/p>\n<p><strong><span style=\"background-color: #fbe329;\">Physical album out of stock, but downloadable album still available<\/span><\/strong><\/p>\n","protected":false},"featured_media":56836,"comment_status":"open","ping_status":"closed","template":"","meta":{"_acf_changed":false},"product_brand":[],"product_cat":[1994,2303,2310],"product_tag":[],"class_list":{"0":"post-56890","1":"product","2":"type-product","3":"status-publish","4":"has-post-thumbnail","6":"product_cat-cd-de","7":"product_cat-editionen-des-iemj-de","8":"product_cat-sammlung-pmjf","9":"pa_musique-downloadbares-album","10":"pa_musique-physikalisches-album","12":"first","13":"instock","14":"shipping-taxable","15":"purchasable","16":"product-type-variable"},"acf":[],"yoast_head":"<!-- This site is optimized with the Yoast SEO plugin v27.3 - https:\/\/yoast.com\/product\/yoast-seo-wordpress\/ -->\n<title>Musiques juives baroques: Venise, Mantoue, Amsterdam (1623-1774) - Institut Europ\u00e9en des Musiques Juives<\/title>\n<meta name=\"robots\" content=\"index, follow, max-snippet:-1, max-image-preview:large, max-video-preview:-1\" \/>\n<link rel=\"canonical\" href=\"https:\/\/www.iemj.org\/de\/produit\/musiques-juives-baroques-venise-mantoue-amsterdam-1623-1774\/\" \/>\n<meta property=\"og:locale\" content=\"de_DE\" \/>\n<meta property=\"og:type\" content=\"article\" \/>\n<meta property=\"og:title\" content=\"Musiques juives baroques: Venise, Mantoue, Amsterdam (1623-1774) - Institut Europ\u00e9en des Musiques Juives\" \/>\n<meta property=\"og:description\" content=\"This CD is an homage to the musicologist Israel Adler (1925-2009). The 13 pieces making up the programme constitute a unique testimony to the richness of this Jewish musical technique and its evolution from the Baroque era to the beginnings of the galant style.  Physical album out of stock, but downloadable album still available\" \/>\n<meta property=\"og:url\" content=\"https:\/\/www.iemj.org\/de\/produit\/musiques-juives-baroques-venise-mantoue-amsterdam-1623-1774\/\" \/>\n<meta property=\"og:site_name\" content=\"Institut Europ\u00e9en des Musiques Juives\" \/>\n<meta property=\"article:publisher\" content=\"https:\/\/www.facebook.com\/MusiquesJuives\/\" \/>\n<meta property=\"article:modified_time\" content=\"2022-01-24T09:39:04+00:00\" \/>\n<meta property=\"og:image\" content=\"https:\/\/www.iemj.org\/wp-content\/uploads\/2021\/07\/CD-PMJF-10.jpg\" \/>\n\t<meta property=\"og:image:width\" content=\"350\" \/>\n\t<meta property=\"og:image:height\" content=\"350\" \/>\n\t<meta property=\"og:image:type\" content=\"image\/jpeg\" \/>\n<meta name=\"twitter:card\" content=\"summary_large_image\" \/>\n<script type=\"application\/ld+json\" class=\"yoast-schema-graph\">{\"@context\":\"https:\\\/\\\/schema.org\",\"@graph\":[{\"@type\":\"WebPage\",\"@id\":\"https:\\\/\\\/www.iemj.org\\\/de\\\/produit\\\/musiques-juives-baroques-venise-mantoue-amsterdam-1623-1774\\\/\",\"url\":\"https:\\\/\\\/www.iemj.org\\\/de\\\/produit\\\/musiques-juives-baroques-venise-mantoue-amsterdam-1623-1774\\\/\",\"name\":\"Musiques juives baroques: Venise, Mantoue, Amsterdam (1623-1774) - Institut Europ\u00e9en des Musiques Juives\",\"isPartOf\":{\"@id\":\"https:\\\/\\\/www.iemj.org\\\/de\\\/#website\"},\"primaryImageOfPage\":{\"@id\":\"https:\\\/\\\/www.iemj.org\\\/de\\\/produit\\\/musiques-juives-baroques-venise-mantoue-amsterdam-1623-1774\\\/#primaryimage\"},\"image\":{\"@id\":\"https:\\\/\\\/www.iemj.org\\\/de\\\/produit\\\/musiques-juives-baroques-venise-mantoue-amsterdam-1623-1774\\\/#primaryimage\"},\"thumbnailUrl\":\"https:\\\/\\\/www.iemj.org\\\/wp-content\\\/uploads\\\/2021\\\/07\\\/CD-PMJF-10.jpg\",\"datePublished\":\"2015-02-28T10:46:13+00:00\",\"dateModified\":\"2022-01-24T09:39:04+00:00\",\"breadcrumb\":{\"@id\":\"https:\\\/\\\/www.iemj.org\\\/de\\\/produit\\\/musiques-juives-baroques-venise-mantoue-amsterdam-1623-1774\\\/#breadcrumb\"},\"inLanguage\":\"de\",\"potentialAction\":[{\"@type\":\"ReadAction\",\"target\":[\"https:\\\/\\\/www.iemj.org\\\/de\\\/produit\\\/musiques-juives-baroques-venise-mantoue-amsterdam-1623-1774\\\/\"]}]},{\"@type\":\"ImageObject\",\"inLanguage\":\"de\",\"@id\":\"https:\\\/\\\/www.iemj.org\\\/de\\\/produit\\\/musiques-juives-baroques-venise-mantoue-amsterdam-1623-1774\\\/#primaryimage\",\"url\":\"https:\\\/\\\/www.iemj.org\\\/wp-content\\\/uploads\\\/2021\\\/07\\\/CD-PMJF-10.jpg\",\"contentUrl\":\"https:\\\/\\\/www.iemj.org\\\/wp-content\\\/uploads\\\/2021\\\/07\\\/CD-PMJF-10.jpg\",\"width\":350,\"height\":350,\"caption\":\"COUC CD PMJF 10 - Musiques Juives baroques\"},{\"@type\":\"BreadcrumbList\",\"@id\":\"https:\\\/\\\/www.iemj.org\\\/de\\\/produit\\\/musiques-juives-baroques-venise-mantoue-amsterdam-1623-1774\\\/#breadcrumb\",\"itemListElement\":[{\"@type\":\"ListItem\",\"position\":1,\"name\":\"Accueil\",\"item\":\"https:\\\/\\\/www.iemj.org\\\/de\\\/\"},{\"@type\":\"ListItem\",\"position\":2,\"name\":\"Onlineshop\",\"item\":\"https:\\\/\\\/www.iemj.org\\\/de\\\/onlineshop\\\/\"},{\"@type\":\"ListItem\",\"position\":3,\"name\":\"Musiques juives baroques: Venise, Mantoue, Amsterdam (1623-1774)\"}]},{\"@type\":\"WebSite\",\"@id\":\"https:\\\/\\\/www.iemj.org\\\/de\\\/#website\",\"url\":\"https:\\\/\\\/www.iemj.org\\\/de\\\/\",\"name\":\"Institut Europ\u00e9en des Musiques Juives\",\"description\":\"Des traditions musicales \u00e0 la port\u00e9e de tous\",\"publisher\":{\"@id\":\"https:\\\/\\\/www.iemj.org\\\/de\\\/#organization\"},\"potentialAction\":[{\"@type\":\"SearchAction\",\"target\":{\"@type\":\"EntryPoint\",\"urlTemplate\":\"https:\\\/\\\/www.iemj.org\\\/de\\\/?s={search_term_string}\"},\"query-input\":{\"@type\":\"PropertyValueSpecification\",\"valueRequired\":true,\"valueName\":\"search_term_string\"}}],\"inLanguage\":\"de\"},{\"@type\":\"Organization\",\"@id\":\"https:\\\/\\\/www.iemj.org\\\/de\\\/#organization\",\"name\":\"Institut Europ\u00e9en des Musiques Juives\",\"url\":\"https:\\\/\\\/www.iemj.org\\\/de\\\/\",\"logo\":{\"@type\":\"ImageObject\",\"inLanguage\":\"de\",\"@id\":\"https:\\\/\\\/www.iemj.org\\\/de\\\/#\\\/schema\\\/logo\\\/image\\\/\",\"url\":\"https:\\\/\\\/www.iemj.org\\\/wp-content\\\/uploads\\\/2021\\\/09\\\/Logo-IEMJ-Paypal.jpg\",\"contentUrl\":\"https:\\\/\\\/www.iemj.org\\\/wp-content\\\/uploads\\\/2021\\\/09\\\/Logo-IEMJ-Paypal.jpg\",\"width\":150,\"height\":50,\"caption\":\"Institut Europ\u00e9en des Musiques Juives\"},\"image\":{\"@id\":\"https:\\\/\\\/www.iemj.org\\\/de\\\/#\\\/schema\\\/logo\\\/image\\\/\"},\"sameAs\":[\"https:\\\/\\\/www.facebook.com\\\/MusiquesJuives\\\/\",\"https:\\\/\\\/www.instagram.com\\\/musiquesjuives\\\/\",\"https:\\\/\\\/www.youtube.com\\\/user\\\/musiquesjuives\"]}]}<\/script>\n<!-- \/ Yoast SEO plugin. -->","yoast_head_json":{"title":"Musiques juives baroques: Venise, Mantoue, Amsterdam (1623-1774) - Institut Europ\u00e9en des Musiques Juives","robots":{"index":"index","follow":"follow","max-snippet":"max-snippet:-1","max-image-preview":"max-image-preview:large","max-video-preview":"max-video-preview:-1"},"canonical":"https:\/\/www.iemj.org\/de\/produit\/musiques-juives-baroques-venise-mantoue-amsterdam-1623-1774\/","og_locale":"de_DE","og_type":"article","og_title":"Musiques juives baroques: Venise, Mantoue, Amsterdam (1623-1774) - Institut Europ\u00e9en des Musiques Juives","og_description":"This CD is an homage to the musicologist Israel Adler (1925-2009). The 13 pieces making up the programme constitute a unique testimony to the richness of this Jewish musical technique and its evolution from the Baroque era to the beginnings of the galant style.  Physical album out of stock, but downloadable album still available","og_url":"https:\/\/www.iemj.org\/de\/produit\/musiques-juives-baroques-venise-mantoue-amsterdam-1623-1774\/","og_site_name":"Institut Europ\u00e9en des Musiques Juives","article_publisher":"https:\/\/www.facebook.com\/MusiquesJuives\/","article_modified_time":"2022-01-24T09:39:04+00:00","og_image":[{"width":350,"height":350,"url":"https:\/\/www.iemj.org\/wp-content\/uploads\/2021\/07\/CD-PMJF-10.jpg","type":"image\/jpeg"}],"twitter_card":"summary_large_image","schema":{"@context":"https:\/\/schema.org","@graph":[{"@type":"WebPage","@id":"https:\/\/www.iemj.org\/de\/produit\/musiques-juives-baroques-venise-mantoue-amsterdam-1623-1774\/","url":"https:\/\/www.iemj.org\/de\/produit\/musiques-juives-baroques-venise-mantoue-amsterdam-1623-1774\/","name":"Musiques juives baroques: Venise, Mantoue, Amsterdam (1623-1774) - Institut Europ\u00e9en des Musiques Juives","isPartOf":{"@id":"https:\/\/www.iemj.org\/de\/#website"},"primaryImageOfPage":{"@id":"https:\/\/www.iemj.org\/de\/produit\/musiques-juives-baroques-venise-mantoue-amsterdam-1623-1774\/#primaryimage"},"image":{"@id":"https:\/\/www.iemj.org\/de\/produit\/musiques-juives-baroques-venise-mantoue-amsterdam-1623-1774\/#primaryimage"},"thumbnailUrl":"https:\/\/www.iemj.org\/wp-content\/uploads\/2021\/07\/CD-PMJF-10.jpg","datePublished":"2015-02-28T10:46:13+00:00","dateModified":"2022-01-24T09:39:04+00:00","breadcrumb":{"@id":"https:\/\/www.iemj.org\/de\/produit\/musiques-juives-baroques-venise-mantoue-amsterdam-1623-1774\/#breadcrumb"},"inLanguage":"de","potentialAction":[{"@type":"ReadAction","target":["https:\/\/www.iemj.org\/de\/produit\/musiques-juives-baroques-venise-mantoue-amsterdam-1623-1774\/"]}]},{"@type":"ImageObject","inLanguage":"de","@id":"https:\/\/www.iemj.org\/de\/produit\/musiques-juives-baroques-venise-mantoue-amsterdam-1623-1774\/#primaryimage","url":"https:\/\/www.iemj.org\/wp-content\/uploads\/2021\/07\/CD-PMJF-10.jpg","contentUrl":"https:\/\/www.iemj.org\/wp-content\/uploads\/2021\/07\/CD-PMJF-10.jpg","width":350,"height":350,"caption":"COUC CD PMJF 10 - Musiques Juives baroques"},{"@type":"BreadcrumbList","@id":"https:\/\/www.iemj.org\/de\/produit\/musiques-juives-baroques-venise-mantoue-amsterdam-1623-1774\/#breadcrumb","itemListElement":[{"@type":"ListItem","position":1,"name":"Accueil","item":"https:\/\/www.iemj.org\/de\/"},{"@type":"ListItem","position":2,"name":"Onlineshop","item":"https:\/\/www.iemj.org\/de\/onlineshop\/"},{"@type":"ListItem","position":3,"name":"Musiques juives baroques: Venise, Mantoue, Amsterdam (1623-1774)"}]},{"@type":"WebSite","@id":"https:\/\/www.iemj.org\/de\/#website","url":"https:\/\/www.iemj.org\/de\/","name":"Institut Europ\u00e9en des Musiques Juives","description":"Des traditions musicales \u00e0 la port\u00e9e de tous","publisher":{"@id":"https:\/\/www.iemj.org\/de\/#organization"},"potentialAction":[{"@type":"SearchAction","target":{"@type":"EntryPoint","urlTemplate":"https:\/\/www.iemj.org\/de\/?s={search_term_string}"},"query-input":{"@type":"PropertyValueSpecification","valueRequired":true,"valueName":"search_term_string"}}],"inLanguage":"de"},{"@type":"Organization","@id":"https:\/\/www.iemj.org\/de\/#organization","name":"Institut Europ\u00e9en des Musiques Juives","url":"https:\/\/www.iemj.org\/de\/","logo":{"@type":"ImageObject","inLanguage":"de","@id":"https:\/\/www.iemj.org\/de\/#\/schema\/logo\/image\/","url":"https:\/\/www.iemj.org\/wp-content\/uploads\/2021\/09\/Logo-IEMJ-Paypal.jpg","contentUrl":"https:\/\/www.iemj.org\/wp-content\/uploads\/2021\/09\/Logo-IEMJ-Paypal.jpg","width":150,"height":50,"caption":"Institut Europ\u00e9en des Musiques Juives"},"image":{"@id":"https:\/\/www.iemj.org\/de\/#\/schema\/logo\/image\/"},"sameAs":["https:\/\/www.facebook.com\/MusiquesJuives\/","https:\/\/www.instagram.com\/musiquesjuives\/","https:\/\/www.youtube.com\/user\/musiquesjuives"]}]}},"_links":{"self":[{"href":"https:\/\/www.iemj.org\/de\/wp-json\/wp\/v2\/product\/56890","targetHints":{"allow":["GET"]}}],"collection":[{"href":"https:\/\/www.iemj.org\/de\/wp-json\/wp\/v2\/product"}],"about":[{"href":"https:\/\/www.iemj.org\/de\/wp-json\/wp\/v2\/types\/product"}],"replies":[{"embeddable":true,"href":"https:\/\/www.iemj.org\/de\/wp-json\/wp\/v2\/comments?post=56890"}],"wp:featuredmedia":[{"embeddable":true,"href":"https:\/\/www.iemj.org\/de\/wp-json\/wp\/v2\/media\/56836"}],"wp:attachment":[{"href":"https:\/\/www.iemj.org\/de\/wp-json\/wp\/v2\/media?parent=56890"}],"wp:term":[{"taxonomy":"product_brand","embeddable":true,"href":"https:\/\/www.iemj.org\/de\/wp-json\/wp\/v2\/product_brand?post=56890"},{"taxonomy":"product_cat","embeddable":true,"href":"https:\/\/www.iemj.org\/de\/wp-json\/wp\/v2\/product_cat?post=56890"},{"taxonomy":"product_tag","embeddable":true,"href":"https:\/\/www.iemj.org\/de\/wp-json\/wp\/v2\/product_tag?post=56890"}],"curies":[{"name":"wp","href":"https:\/\/api.w.org\/{rel}","templated":true}]}}