{"id":57428,"date":"2019-02-13T09:41:24","date_gmt":"2019-02-13T08:41:24","guid":{"rendered":"https:\/\/www.iemj.org\/produit\/sutzkever-project\/"},"modified":"2021-07-21T15:29:46","modified_gmt":"2021-07-21T13:29:46","slug":"sutzkever-project","status":"publish","type":"product","link":"https:\/\/www.iemj.org\/de\/produit\/sutzkever-project\/","title":{"rendered":"Sutzkever Project"},"content":{"rendered":"<p><span lang=\"en\" xml:lang=\"en\">In 2010, the composer <strong>Olivier Milhaud<\/strong> meets the translator <strong>Batia Baum<\/strong> who makes him discover the beauty of Sutzkever&#8217;s poems. She remains to this day the literary adviser of the project. <\/span><\/p>\n<p><span lang=\"en\" xml:lang=\"en\">Then in 2015, Olivier Milhaud meets <strong>M\u00e9lanie Gardyn<\/strong>. Sutzkever Project will be born, joined in 2016 by pianist <strong>Natacha Medvedeva<\/strong>. <\/span><\/p>\n<p><span lang=\"en\" xml:lang=\"en\">Sutzkever Project interprets liders (songs) that cross the life of the poet Abraham Sutzkever (1913-2010), from his childhood in Siberia, through the ghetto of Vilno (Vilnius) to Israel &#8230; a musical dive in this rich and dense poetic work where words seem to have engulfed the outside world to bring out horror, nature, love, creation itself &#8230; splendor and beauty!<\/span><\/p>\n<p id=\"tw-target-text\" class=\"tw-data-text tw-ta tw-text-small\" dir=\"ltr\" style=\"text-align: left;\"><span lang=\"en\" style=\"background-color: #fbe329;\" xml:lang=\"en\">This CD won in 2017 the 1st prize of the <em>International Jewish Music Festival of Amsterdam<\/em> and the <em>Mira Rafalowicz Prize<\/em> for the best Yiddish performance.<\/span><\/p>\n<div>Extraits :<\/div>\n<div>A qui j&#8217;appartiens &#8211; Extrait<\/div>\n<div>\n<audio class=\"wp-audio-shortcode\" id=\"audio-57428-1\" preload=\"none\" style=\"width: 100%;\" controls=\"controls\"><source type=\"audio\/mpeg\" src=\"https:\/\/www.iemj.org\/wp-content\/uploads\/2019\/02\/03_a_qui_j_appartiens_ex.mp3?_=1\" \/><a href=\"https:\/\/www.iemj.org\/wp-content\/uploads\/2019\/02\/03_a_qui_j_appartiens_ex.mp3\">https:\/\/www.iemj.org\/wp-content\/uploads\/2019\/02\/03_a_qui_j_appartiens_ex.mp3<\/a><\/audio>\n<p>Deux arbres &#8211; Extrait<\/p>\n<audio class=\"wp-audio-shortcode\" id=\"audio-57428-2\" preload=\"none\" style=\"width: 100%;\" controls=\"controls\"><source type=\"audio\/mpeg\" src=\"https:\/\/www.iemj.org\/wp-content\/uploads\/2019\/02\/05_deux_arbres_ex.mp3?_=2\" \/><a href=\"https:\/\/www.iemj.org\/wp-content\/uploads\/2019\/02\/05_deux_arbres_ex.mp3\">https:\/\/www.iemj.org\/wp-content\/uploads\/2019\/02\/05_deux_arbres_ex.mp3<\/a><\/audio>\n<p>Juifs gel\u00e9s &#8211; Extrait<\/p>\n<audio class=\"wp-audio-shortcode\" id=\"audio-57428-3\" preload=\"none\" style=\"width: 100%;\" controls=\"controls\"><source type=\"audio\/mpeg\" src=\"https:\/\/www.iemj.org\/wp-content\/uploads\/2019\/02\/02_juifs_gel_s_ex.mp3?_=3\" \/><a href=\"https:\/\/www.iemj.org\/wp-content\/uploads\/2019\/02\/02_juifs_gel_s_ex.mp3\">https:\/\/www.iemj.org\/wp-content\/uploads\/2019\/02\/02_juifs_gel_s_ex.mp3<\/a><\/audio>\n<p>Petit soleil &#8211; Extrait<\/p>\n<audio class=\"wp-audio-shortcode\" id=\"audio-57428-4\" preload=\"none\" style=\"width: 100%;\" controls=\"controls\"><source type=\"audio\/mpeg\" src=\"https:\/\/www.iemj.org\/wp-content\/uploads\/2019\/02\/01_petit_soleil_ex.mp3?_=4\" \/><a href=\"https:\/\/www.iemj.org\/wp-content\/uploads\/2019\/02\/01_petit_soleil_ex.mp3\">https:\/\/www.iemj.org\/wp-content\/uploads\/2019\/02\/01_petit_soleil_ex.mp3<\/a><\/audio>\n<\/div>\n","protected":false},"excerpt":{"rendered":"<pre id=\"tw-target-text\" class=\"tw-data-text tw-ta tw-text-small\" dir=\"ltr\" style=\"text-align: left; height: 120px;\"><span lang=\"en\" xml:lang=\"en\">The Sutzkever Project disc offers 12 poems by Avrom Sutzkever on a music by Olivier Milhaud, masterfully performed by M\u00e9lanie Gardyn (vocals) and Natacha Medvedeva (piano).<\/span><\/pre>\n","protected":false},"featured_media":57626,"comment_status":"open","ping_status":"closed","template":"","meta":{"_acf_changed":false},"product_brand":[],"product_cat":[2294,1994,2325],"product_tag":[],"class_list":{"0":"post-57428","1":"product","2":"type-product","3":"status-publish","4":"has-post-thumbnail","6":"product_cat-andere-verlage-de","7":"product_cat-cd-de","8":"product_cat-klassische-musik","10":"first","11":"instock","12":"shipping-taxable","13":"purchasable","14":"product-type-simple"},"acf":[],"yoast_head":"<!-- This site is optimized with the Yoast SEO plugin v27.3 - https:\/\/yoast.com\/product\/yoast-seo-wordpress\/ -->\n<title>Sutzkever Project - Institut Europ\u00e9en des Musiques Juives<\/title>\n<meta name=\"robots\" content=\"index, follow, max-snippet:-1, max-image-preview:large, max-video-preview:-1\" \/>\n<link rel=\"canonical\" href=\"https:\/\/www.iemj.org\/de\/produit\/sutzkever-project\/\" \/>\n<meta property=\"og:locale\" content=\"de_DE\" \/>\n<meta property=\"og:type\" content=\"article\" \/>\n<meta property=\"og:title\" content=\"Sutzkever Project - Institut Europ\u00e9en des Musiques Juives\" \/>\n<meta property=\"og:description\" content=\"The Sutzkever Project disc offers 12 poems by Avrom Sutzkever on a music by Olivier Milhaud, masterfully performed by M\u00e9lanie Gardyn (vocals) and Natacha Medvedeva (piano).\" \/>\n<meta property=\"og:url\" content=\"https:\/\/www.iemj.org\/de\/produit\/sutzkever-project\/\" \/>\n<meta property=\"og:site_name\" content=\"Institut Europ\u00e9en des Musiques Juives\" \/>\n<meta property=\"article:publisher\" content=\"https:\/\/www.facebook.com\/MusiquesJuives\/\" \/>\n<meta property=\"article:modified_time\" content=\"2021-07-21T13:29:46+00:00\" \/>\n<meta property=\"og:image\" content=\"https:\/\/www.iemj.org\/wp-content\/uploads\/2019\/02\/COUV-CD-Sutzkever-Project.jpg\" \/>\n\t<meta property=\"og:image:width\" content=\"350\" \/>\n\t<meta property=\"og:image:height\" content=\"314\" \/>\n\t<meta property=\"og:image:type\" content=\"image\/jpeg\" \/>\n<meta name=\"twitter:card\" content=\"summary_large_image\" \/>\n<meta name=\"twitter:label1\" content=\"Gesch\u00e4tzte Lesezeit\" \/>\n\t<meta name=\"twitter:data1\" content=\"1\u00a0Minute\" \/>\n<script type=\"application\/ld+json\" class=\"yoast-schema-graph\">{\"@context\":\"https:\\\/\\\/schema.org\",\"@graph\":[{\"@type\":\"WebPage\",\"@id\":\"https:\\\/\\\/www.iemj.org\\\/de\\\/produit\\\/sutzkever-project\\\/\",\"url\":\"https:\\\/\\\/www.iemj.org\\\/de\\\/produit\\\/sutzkever-project\\\/\",\"name\":\"Sutzkever Project - Institut Europ\u00e9en des Musiques Juives\",\"isPartOf\":{\"@id\":\"https:\\\/\\\/www.iemj.org\\\/de\\\/#website\"},\"primaryImageOfPage\":{\"@id\":\"https:\\\/\\\/www.iemj.org\\\/de\\\/produit\\\/sutzkever-project\\\/#primaryimage\"},\"image\":{\"@id\":\"https:\\\/\\\/www.iemj.org\\\/de\\\/produit\\\/sutzkever-project\\\/#primaryimage\"},\"thumbnailUrl\":\"https:\\\/\\\/www.iemj.org\\\/wp-content\\\/uploads\\\/2019\\\/02\\\/COUV-CD-Sutzkever-Project.jpg\",\"datePublished\":\"2019-02-13T08:41:24+00:00\",\"dateModified\":\"2021-07-21T13:29:46+00:00\",\"breadcrumb\":{\"@id\":\"https:\\\/\\\/www.iemj.org\\\/de\\\/produit\\\/sutzkever-project\\\/#breadcrumb\"},\"inLanguage\":\"de\",\"potentialAction\":[{\"@type\":\"ReadAction\",\"target\":[\"https:\\\/\\\/www.iemj.org\\\/de\\\/produit\\\/sutzkever-project\\\/\"]}]},{\"@type\":\"ImageObject\",\"inLanguage\":\"de\",\"@id\":\"https:\\\/\\\/www.iemj.org\\\/de\\\/produit\\\/sutzkever-project\\\/#primaryimage\",\"url\":\"https:\\\/\\\/www.iemj.org\\\/wp-content\\\/uploads\\\/2019\\\/02\\\/COUV-CD-Sutzkever-Project.jpg\",\"contentUrl\":\"https:\\\/\\\/www.iemj.org\\\/wp-content\\\/uploads\\\/2019\\\/02\\\/COUV-CD-Sutzkever-Project.jpg\",\"width\":350,\"height\":314,\"caption\":\"COUV CD Sutzkever Project\"},{\"@type\":\"BreadcrumbList\",\"@id\":\"https:\\\/\\\/www.iemj.org\\\/de\\\/produit\\\/sutzkever-project\\\/#breadcrumb\",\"itemListElement\":[{\"@type\":\"ListItem\",\"position\":1,\"name\":\"Accueil\",\"item\":\"https:\\\/\\\/www.iemj.org\\\/de\\\/\"},{\"@type\":\"ListItem\",\"position\":2,\"name\":\"Onlineshop\",\"item\":\"https:\\\/\\\/www.iemj.org\\\/de\\\/onlineshop\\\/\"},{\"@type\":\"ListItem\",\"position\":3,\"name\":\"Sutzkever Project\"}]},{\"@type\":\"WebSite\",\"@id\":\"https:\\\/\\\/www.iemj.org\\\/de\\\/#website\",\"url\":\"https:\\\/\\\/www.iemj.org\\\/de\\\/\",\"name\":\"Institut Europ\u00e9en des Musiques Juives\",\"description\":\"Des traditions musicales \u00e0 la port\u00e9e de tous\",\"publisher\":{\"@id\":\"https:\\\/\\\/www.iemj.org\\\/de\\\/#organization\"},\"potentialAction\":[{\"@type\":\"SearchAction\",\"target\":{\"@type\":\"EntryPoint\",\"urlTemplate\":\"https:\\\/\\\/www.iemj.org\\\/de\\\/?s={search_term_string}\"},\"query-input\":{\"@type\":\"PropertyValueSpecification\",\"valueRequired\":true,\"valueName\":\"search_term_string\"}}],\"inLanguage\":\"de\"},{\"@type\":\"Organization\",\"@id\":\"https:\\\/\\\/www.iemj.org\\\/de\\\/#organization\",\"name\":\"Institut Europ\u00e9en des Musiques Juives\",\"url\":\"https:\\\/\\\/www.iemj.org\\\/de\\\/\",\"logo\":{\"@type\":\"ImageObject\",\"inLanguage\":\"de\",\"@id\":\"https:\\\/\\\/www.iemj.org\\\/de\\\/#\\\/schema\\\/logo\\\/image\\\/\",\"url\":\"https:\\\/\\\/www.iemj.org\\\/wp-content\\\/uploads\\\/2021\\\/09\\\/Logo-IEMJ-Paypal.jpg\",\"contentUrl\":\"https:\\\/\\\/www.iemj.org\\\/wp-content\\\/uploads\\\/2021\\\/09\\\/Logo-IEMJ-Paypal.jpg\",\"width\":150,\"height\":50,\"caption\":\"Institut Europ\u00e9en des Musiques Juives\"},\"image\":{\"@id\":\"https:\\\/\\\/www.iemj.org\\\/de\\\/#\\\/schema\\\/logo\\\/image\\\/\"},\"sameAs\":[\"https:\\\/\\\/www.facebook.com\\\/MusiquesJuives\\\/\",\"https:\\\/\\\/www.instagram.com\\\/musiquesjuives\\\/\",\"https:\\\/\\\/www.youtube.com\\\/user\\\/musiquesjuives\"]}]}<\/script>\n<!-- \/ Yoast SEO plugin. -->","yoast_head_json":{"title":"Sutzkever Project - Institut Europ\u00e9en des Musiques Juives","robots":{"index":"index","follow":"follow","max-snippet":"max-snippet:-1","max-image-preview":"max-image-preview:large","max-video-preview":"max-video-preview:-1"},"canonical":"https:\/\/www.iemj.org\/de\/produit\/sutzkever-project\/","og_locale":"de_DE","og_type":"article","og_title":"Sutzkever Project - Institut Europ\u00e9en des Musiques Juives","og_description":"The Sutzkever Project disc offers 12 poems by Avrom Sutzkever on a music by Olivier Milhaud, masterfully performed by M\u00e9lanie Gardyn (vocals) and Natacha Medvedeva (piano).","og_url":"https:\/\/www.iemj.org\/de\/produit\/sutzkever-project\/","og_site_name":"Institut Europ\u00e9en des Musiques Juives","article_publisher":"https:\/\/www.facebook.com\/MusiquesJuives\/","article_modified_time":"2021-07-21T13:29:46+00:00","og_image":[{"width":350,"height":314,"url":"https:\/\/www.iemj.org\/wp-content\/uploads\/2019\/02\/COUV-CD-Sutzkever-Project.jpg","type":"image\/jpeg"}],"twitter_card":"summary_large_image","twitter_misc":{"Gesch\u00e4tzte Lesezeit":"1\u00a0Minute"},"schema":{"@context":"https:\/\/schema.org","@graph":[{"@type":"WebPage","@id":"https:\/\/www.iemj.org\/de\/produit\/sutzkever-project\/","url":"https:\/\/www.iemj.org\/de\/produit\/sutzkever-project\/","name":"Sutzkever Project - Institut Europ\u00e9en des Musiques Juives","isPartOf":{"@id":"https:\/\/www.iemj.org\/de\/#website"},"primaryImageOfPage":{"@id":"https:\/\/www.iemj.org\/de\/produit\/sutzkever-project\/#primaryimage"},"image":{"@id":"https:\/\/www.iemj.org\/de\/produit\/sutzkever-project\/#primaryimage"},"thumbnailUrl":"https:\/\/www.iemj.org\/wp-content\/uploads\/2019\/02\/COUV-CD-Sutzkever-Project.jpg","datePublished":"2019-02-13T08:41:24+00:00","dateModified":"2021-07-21T13:29:46+00:00","breadcrumb":{"@id":"https:\/\/www.iemj.org\/de\/produit\/sutzkever-project\/#breadcrumb"},"inLanguage":"de","potentialAction":[{"@type":"ReadAction","target":["https:\/\/www.iemj.org\/de\/produit\/sutzkever-project\/"]}]},{"@type":"ImageObject","inLanguage":"de","@id":"https:\/\/www.iemj.org\/de\/produit\/sutzkever-project\/#primaryimage","url":"https:\/\/www.iemj.org\/wp-content\/uploads\/2019\/02\/COUV-CD-Sutzkever-Project.jpg","contentUrl":"https:\/\/www.iemj.org\/wp-content\/uploads\/2019\/02\/COUV-CD-Sutzkever-Project.jpg","width":350,"height":314,"caption":"COUV CD Sutzkever Project"},{"@type":"BreadcrumbList","@id":"https:\/\/www.iemj.org\/de\/produit\/sutzkever-project\/#breadcrumb","itemListElement":[{"@type":"ListItem","position":1,"name":"Accueil","item":"https:\/\/www.iemj.org\/de\/"},{"@type":"ListItem","position":2,"name":"Onlineshop","item":"https:\/\/www.iemj.org\/de\/onlineshop\/"},{"@type":"ListItem","position":3,"name":"Sutzkever Project"}]},{"@type":"WebSite","@id":"https:\/\/www.iemj.org\/de\/#website","url":"https:\/\/www.iemj.org\/de\/","name":"Institut Europ\u00e9en des Musiques Juives","description":"Des traditions musicales \u00e0 la port\u00e9e de tous","publisher":{"@id":"https:\/\/www.iemj.org\/de\/#organization"},"potentialAction":[{"@type":"SearchAction","target":{"@type":"EntryPoint","urlTemplate":"https:\/\/www.iemj.org\/de\/?s={search_term_string}"},"query-input":{"@type":"PropertyValueSpecification","valueRequired":true,"valueName":"search_term_string"}}],"inLanguage":"de"},{"@type":"Organization","@id":"https:\/\/www.iemj.org\/de\/#organization","name":"Institut Europ\u00e9en des Musiques Juives","url":"https:\/\/www.iemj.org\/de\/","logo":{"@type":"ImageObject","inLanguage":"de","@id":"https:\/\/www.iemj.org\/de\/#\/schema\/logo\/image\/","url":"https:\/\/www.iemj.org\/wp-content\/uploads\/2021\/09\/Logo-IEMJ-Paypal.jpg","contentUrl":"https:\/\/www.iemj.org\/wp-content\/uploads\/2021\/09\/Logo-IEMJ-Paypal.jpg","width":150,"height":50,"caption":"Institut Europ\u00e9en des Musiques Juives"},"image":{"@id":"https:\/\/www.iemj.org\/de\/#\/schema\/logo\/image\/"},"sameAs":["https:\/\/www.facebook.com\/MusiquesJuives\/","https:\/\/www.instagram.com\/musiquesjuives\/","https:\/\/www.youtube.com\/user\/musiquesjuives"]}]}},"_links":{"self":[{"href":"https:\/\/www.iemj.org\/de\/wp-json\/wp\/v2\/product\/57428","targetHints":{"allow":["GET"]}}],"collection":[{"href":"https:\/\/www.iemj.org\/de\/wp-json\/wp\/v2\/product"}],"about":[{"href":"https:\/\/www.iemj.org\/de\/wp-json\/wp\/v2\/types\/product"}],"replies":[{"embeddable":true,"href":"https:\/\/www.iemj.org\/de\/wp-json\/wp\/v2\/comments?post=57428"}],"wp:featuredmedia":[{"embeddable":true,"href":"https:\/\/www.iemj.org\/de\/wp-json\/wp\/v2\/media\/57626"}],"wp:attachment":[{"href":"https:\/\/www.iemj.org\/de\/wp-json\/wp\/v2\/media?parent=57428"}],"wp:term":[{"taxonomy":"product_brand","embeddable":true,"href":"https:\/\/www.iemj.org\/de\/wp-json\/wp\/v2\/product_brand?post=57428"},{"taxonomy":"product_cat","embeddable":true,"href":"https:\/\/www.iemj.org\/de\/wp-json\/wp\/v2\/product_cat?post=57428"},{"taxonomy":"product_tag","embeddable":true,"href":"https:\/\/www.iemj.org\/de\/wp-json\/wp\/v2\/product_tag?post=57428"}],"curies":[{"name":"wp","href":"https:\/\/api.w.org\/{rel}","templated":true}]}}