{"id":84949,"date":"2022-05-25T10:55:41","date_gmt":"2022-05-25T08:55:41","guid":{"rendered":"https:\/\/www.iemj.org\/produit\/oras-dezaoradas\/"},"modified":"2022-05-25T11:07:43","modified_gmt":"2022-05-25T09:07:43","slug":"oras-dezaoradas","status":"publish","type":"product","link":"https:\/\/www.iemj.org\/de\/produit\/oras-dezaoradas\/","title":{"rendered":"ORAS DEZAORADAS"},"content":{"rendered":"<p><strong>Lior Editions, May 2022<\/strong><\/p>\n<p>Lily Henley was introduced to Judeo-Spanish songs as a child, but it is only in recent years that she has fully embraced this repertoire. Her approach owes much to her intimate knowledge of the fiddle and bluegrass, an ever-changing tradition. She revisits the Sephardic repertoire by composing new melodies to accompany texts from the tradition or by creating new titles.\u00a0<strong>Oras Dezaoradas<\/strong> is also the result of the exchanges she had with Spanish-Jewish people who introduced her to the poetics of their language. On this album, she is accompanied by two exceptional musicians, the multi-instrumentalist Duncan Wickel and the double bass player Hagga\u00ef Cohen-Milo.<\/p>\n<p><em>Born in New York City, <strong>Lily Henley<\/strong> studied classical violin at the New England Conservatory before developing a passion for American bluegrass music and attending bluegrass festivals and summer camps. She then spent several years in Israel where she met the bassist and jazzman Omer Avital. The way he drew on his classical training to revisit folklore encouraged her to incorporate elements of her American folk music experience into the Judeo-Spanish songs of her childhood. The music she composes and performs with her partner, multi-instrumentalist Duncan Wickel, could be described as a fusion of Sephardic songs with the ballads of the New World pioneers.<\/em><\/p>\n<audio class=\"wp-audio-shortcode\" id=\"audio-84949-1\" preload=\"none\" style=\"width: 100%;\" controls=\"controls\"><source type=\"audio\/mpeg\" src=\"https:\/\/www.iemj.org\/wp-content\/uploads\/2022\/05\/01-Duermite-Mi-Alma-Extrait.mp3?_=1\" \/><a href=\"https:\/\/www.iemj.org\/wp-content\/uploads\/2022\/05\/01-Duermite-Mi-Alma-Extrait.mp3\">https:\/\/www.iemj.org\/wp-content\/uploads\/2022\/05\/01-Duermite-Mi-Alma-Extrait.mp3<\/a><\/audio>\n<p>01 Duermite Mi Alma (Extrait)<\/p>\n<audio class=\"wp-audio-shortcode\" id=\"audio-84949-2\" preload=\"none\" style=\"width: 100%;\" controls=\"controls\"><source type=\"audio\/mpeg\" src=\"https:\/\/www.iemj.org\/wp-content\/uploads\/2022\/05\/02-Avre-Tu-Puerta-Serrada-Extrait.mp3?_=2\" \/><a href=\"https:\/\/www.iemj.org\/wp-content\/uploads\/2022\/05\/02-Avre-Tu-Puerta-Serrada-Extrait.mp3\">https:\/\/www.iemj.org\/wp-content\/uploads\/2022\/05\/02-Avre-Tu-Puerta-Serrada-Extrait.mp3<\/a><\/audio>\n<p>02 Avre Tu Puerta Serrada (Extrait)<\/p>\n<audio class=\"wp-audio-shortcode\" id=\"audio-84949-3\" preload=\"none\" style=\"width: 100%;\" controls=\"controls\"><source type=\"audio\/mpeg\" src=\"https:\/\/www.iemj.org\/wp-content\/uploads\/2022\/05\/04-Alta-Alta-Va-La-Luna-Extrait.mp3?_=3\" \/><a href=\"https:\/\/www.iemj.org\/wp-content\/uploads\/2022\/05\/04-Alta-Alta-Va-La-Luna-Extrait.mp3\">https:\/\/www.iemj.org\/wp-content\/uploads\/2022\/05\/04-Alta-Alta-Va-La-Luna-Extrait.mp3<\/a><\/audio>\n<p>04 Alta Alta Va La Luna (Extrait)<\/p>\n<audio class=\"wp-audio-shortcode\" id=\"audio-84949-4\" preload=\"none\" style=\"width: 100%;\" controls=\"controls\"><source type=\"audio\/mpeg\" src=\"https:\/\/www.iemj.org\/wp-content\/uploads\/2022\/05\/07-Esta-Notche-Te-Amare-Extrait.mp3?_=4\" \/><a href=\"https:\/\/www.iemj.org\/wp-content\/uploads\/2022\/05\/07-Esta-Notche-Te-Amare-Extrait.mp3\">https:\/\/www.iemj.org\/wp-content\/uploads\/2022\/05\/07-Esta-Notche-Te-Amare-Extrait.mp3<\/a><\/audio>\n<p>07 Esta Notche Te Amare (Extrait)<\/p>\n<audio class=\"wp-audio-shortcode\" id=\"audio-84949-5\" preload=\"none\" style=\"width: 100%;\" controls=\"controls\"><source type=\"audio\/mpeg\" src=\"https:\/\/www.iemj.org\/wp-content\/uploads\/2022\/05\/10-Porke-Yorach-Blanka-Ninya-Extrait.mp3?_=5\" \/><a href=\"https:\/\/www.iemj.org\/wp-content\/uploads\/2022\/05\/10-Porke-Yorach-Blanka-Ninya-Extrait.mp3\">https:\/\/www.iemj.org\/wp-content\/uploads\/2022\/05\/10-Porke-Yorach-Blanka-Ninya-Extrait.mp3<\/a><\/audio>\n<p>10 Porke Yorach Blanka Ninya (Extrait)<\/p>\n","protected":false},"excerpt":{"rendered":"<p>In this CD, the American singer and violinist Lily Henley revisits the Judeo-Spanish songs of her childhood, drawing on her experience in folk music<\/p>\n","protected":false},"featured_media":84944,"comment_status":"closed","ping_status":"closed","template":"","meta":{"_acf_changed":false},"product_brand":[],"product_cat":[2294,1994,2318],"product_tag":[],"class_list":{"0":"post-84949","1":"product","2":"type-product","3":"status-publish","4":"has-post-thumbnail","6":"product_cat-andere-verlage-de","7":"product_cat-cd-de","8":"product_cat-judaisch-spanisch","10":"first","11":"instock","12":"shipping-taxable","13":"purchasable","14":"product-type-simple"},"acf":[],"yoast_head":"<!-- This site is optimized with the Yoast SEO plugin v27.3 - https:\/\/yoast.com\/product\/yoast-seo-wordpress\/ -->\n<title>ORAS DEZAORADAS - Institut Europ\u00e9en des Musiques Juives<\/title>\n<meta name=\"robots\" content=\"index, follow, max-snippet:-1, max-image-preview:large, max-video-preview:-1\" \/>\n<link rel=\"canonical\" href=\"https:\/\/www.iemj.org\/de\/produit\/oras-dezaoradas\/\" \/>\n<meta property=\"og:locale\" content=\"de_DE\" \/>\n<meta property=\"og:type\" content=\"article\" \/>\n<meta property=\"og:title\" content=\"ORAS DEZAORADAS - Institut Europ\u00e9en des Musiques Juives\" \/>\n<meta property=\"og:description\" content=\"In this CD, the American singer and violinist Lily Henley revisits the Judeo-Spanish songs of her childhood, drawing on her experience in folk music\" \/>\n<meta property=\"og:url\" content=\"https:\/\/www.iemj.org\/de\/produit\/oras-dezaoradas\/\" \/>\n<meta property=\"og:site_name\" content=\"Institut Europ\u00e9en des Musiques Juives\" \/>\n<meta property=\"article:publisher\" content=\"https:\/\/www.facebook.com\/MusiquesJuives\/\" \/>\n<meta property=\"article:modified_time\" content=\"2022-05-25T09:07:43+00:00\" \/>\n<meta property=\"og:image\" content=\"https:\/\/www.iemj.org\/wp-content\/uploads\/2022\/05\/COUV-Boutique-CD-ORAS-Dezaoradas.jpg\" \/>\n\t<meta property=\"og:image:width\" content=\"350\" \/>\n\t<meta property=\"og:image:height\" content=\"314\" \/>\n\t<meta property=\"og:image:type\" content=\"image\/jpeg\" \/>\n<meta name=\"twitter:card\" content=\"summary_large_image\" \/>\n<meta name=\"twitter:label1\" content=\"Gesch\u00e4tzte Lesezeit\" \/>\n\t<meta name=\"twitter:data1\" content=\"1\u00a0Minute\" \/>\n<script type=\"application\/ld+json\" class=\"yoast-schema-graph\">{\"@context\":\"https:\\\/\\\/schema.org\",\"@graph\":[{\"@type\":\"WebPage\",\"@id\":\"https:\\\/\\\/www.iemj.org\\\/de\\\/produit\\\/oras-dezaoradas\\\/\",\"url\":\"https:\\\/\\\/www.iemj.org\\\/de\\\/produit\\\/oras-dezaoradas\\\/\",\"name\":\"ORAS DEZAORADAS - Institut Europ\u00e9en des Musiques Juives\",\"isPartOf\":{\"@id\":\"https:\\\/\\\/www.iemj.org\\\/de\\\/#website\"},\"primaryImageOfPage\":{\"@id\":\"https:\\\/\\\/www.iemj.org\\\/de\\\/produit\\\/oras-dezaoradas\\\/#primaryimage\"},\"image\":{\"@id\":\"https:\\\/\\\/www.iemj.org\\\/de\\\/produit\\\/oras-dezaoradas\\\/#primaryimage\"},\"thumbnailUrl\":\"https:\\\/\\\/www.iemj.org\\\/wp-content\\\/uploads\\\/2022\\\/05\\\/COUV-Boutique-CD-ORAS-Dezaoradas.jpg\",\"datePublished\":\"2022-05-25T08:55:41+00:00\",\"dateModified\":\"2022-05-25T09:07:43+00:00\",\"breadcrumb\":{\"@id\":\"https:\\\/\\\/www.iemj.org\\\/de\\\/produit\\\/oras-dezaoradas\\\/#breadcrumb\"},\"inLanguage\":\"de\",\"potentialAction\":[{\"@type\":\"ReadAction\",\"target\":[\"https:\\\/\\\/www.iemj.org\\\/de\\\/produit\\\/oras-dezaoradas\\\/\"]}]},{\"@type\":\"ImageObject\",\"inLanguage\":\"de\",\"@id\":\"https:\\\/\\\/www.iemj.org\\\/de\\\/produit\\\/oras-dezaoradas\\\/#primaryimage\",\"url\":\"https:\\\/\\\/www.iemj.org\\\/wp-content\\\/uploads\\\/2022\\\/05\\\/COUV-Boutique-CD-ORAS-Dezaoradas.jpg\",\"contentUrl\":\"https:\\\/\\\/www.iemj.org\\\/wp-content\\\/uploads\\\/2022\\\/05\\\/COUV-Boutique-CD-ORAS-Dezaoradas.jpg\",\"width\":350,\"height\":314},{\"@type\":\"BreadcrumbList\",\"@id\":\"https:\\\/\\\/www.iemj.org\\\/de\\\/produit\\\/oras-dezaoradas\\\/#breadcrumb\",\"itemListElement\":[{\"@type\":\"ListItem\",\"position\":1,\"name\":\"Accueil\",\"item\":\"https:\\\/\\\/www.iemj.org\\\/de\\\/\"},{\"@type\":\"ListItem\",\"position\":2,\"name\":\"Onlineshop\",\"item\":\"https:\\\/\\\/www.iemj.org\\\/de\\\/onlineshop\\\/\"},{\"@type\":\"ListItem\",\"position\":3,\"name\":\"ORAS DEZAORADAS\"}]},{\"@type\":\"WebSite\",\"@id\":\"https:\\\/\\\/www.iemj.org\\\/de\\\/#website\",\"url\":\"https:\\\/\\\/www.iemj.org\\\/de\\\/\",\"name\":\"Institut Europ\u00e9en des Musiques Juives\",\"description\":\"Des traditions musicales \u00e0 la port\u00e9e de tous\",\"publisher\":{\"@id\":\"https:\\\/\\\/www.iemj.org\\\/de\\\/#organization\"},\"potentialAction\":[{\"@type\":\"SearchAction\",\"target\":{\"@type\":\"EntryPoint\",\"urlTemplate\":\"https:\\\/\\\/www.iemj.org\\\/de\\\/?s={search_term_string}\"},\"query-input\":{\"@type\":\"PropertyValueSpecification\",\"valueRequired\":true,\"valueName\":\"search_term_string\"}}],\"inLanguage\":\"de\"},{\"@type\":\"Organization\",\"@id\":\"https:\\\/\\\/www.iemj.org\\\/de\\\/#organization\",\"name\":\"Institut Europ\u00e9en des Musiques Juives\",\"url\":\"https:\\\/\\\/www.iemj.org\\\/de\\\/\",\"logo\":{\"@type\":\"ImageObject\",\"inLanguage\":\"de\",\"@id\":\"https:\\\/\\\/www.iemj.org\\\/de\\\/#\\\/schema\\\/logo\\\/image\\\/\",\"url\":\"https:\\\/\\\/www.iemj.org\\\/wp-content\\\/uploads\\\/2021\\\/09\\\/Logo-IEMJ-Paypal.jpg\",\"contentUrl\":\"https:\\\/\\\/www.iemj.org\\\/wp-content\\\/uploads\\\/2021\\\/09\\\/Logo-IEMJ-Paypal.jpg\",\"width\":150,\"height\":50,\"caption\":\"Institut Europ\u00e9en des Musiques Juives\"},\"image\":{\"@id\":\"https:\\\/\\\/www.iemj.org\\\/de\\\/#\\\/schema\\\/logo\\\/image\\\/\"},\"sameAs\":[\"https:\\\/\\\/www.facebook.com\\\/MusiquesJuives\\\/\",\"https:\\\/\\\/www.instagram.com\\\/musiquesjuives\\\/\",\"https:\\\/\\\/www.youtube.com\\\/user\\\/musiquesjuives\"]}]}<\/script>\n<!-- \/ Yoast SEO plugin. -->","yoast_head_json":{"title":"ORAS DEZAORADAS - Institut Europ\u00e9en des Musiques Juives","robots":{"index":"index","follow":"follow","max-snippet":"max-snippet:-1","max-image-preview":"max-image-preview:large","max-video-preview":"max-video-preview:-1"},"canonical":"https:\/\/www.iemj.org\/de\/produit\/oras-dezaoradas\/","og_locale":"de_DE","og_type":"article","og_title":"ORAS DEZAORADAS - Institut Europ\u00e9en des Musiques Juives","og_description":"In this CD, the American singer and violinist Lily Henley revisits the Judeo-Spanish songs of her childhood, drawing on her experience in folk music","og_url":"https:\/\/www.iemj.org\/de\/produit\/oras-dezaoradas\/","og_site_name":"Institut Europ\u00e9en des Musiques Juives","article_publisher":"https:\/\/www.facebook.com\/MusiquesJuives\/","article_modified_time":"2022-05-25T09:07:43+00:00","og_image":[{"width":350,"height":314,"url":"https:\/\/www.iemj.org\/wp-content\/uploads\/2022\/05\/COUV-Boutique-CD-ORAS-Dezaoradas.jpg","type":"image\/jpeg"}],"twitter_card":"summary_large_image","twitter_misc":{"Gesch\u00e4tzte Lesezeit":"1\u00a0Minute"},"schema":{"@context":"https:\/\/schema.org","@graph":[{"@type":"WebPage","@id":"https:\/\/www.iemj.org\/de\/produit\/oras-dezaoradas\/","url":"https:\/\/www.iemj.org\/de\/produit\/oras-dezaoradas\/","name":"ORAS DEZAORADAS - Institut Europ\u00e9en des Musiques Juives","isPartOf":{"@id":"https:\/\/www.iemj.org\/de\/#website"},"primaryImageOfPage":{"@id":"https:\/\/www.iemj.org\/de\/produit\/oras-dezaoradas\/#primaryimage"},"image":{"@id":"https:\/\/www.iemj.org\/de\/produit\/oras-dezaoradas\/#primaryimage"},"thumbnailUrl":"https:\/\/www.iemj.org\/wp-content\/uploads\/2022\/05\/COUV-Boutique-CD-ORAS-Dezaoradas.jpg","datePublished":"2022-05-25T08:55:41+00:00","dateModified":"2022-05-25T09:07:43+00:00","breadcrumb":{"@id":"https:\/\/www.iemj.org\/de\/produit\/oras-dezaoradas\/#breadcrumb"},"inLanguage":"de","potentialAction":[{"@type":"ReadAction","target":["https:\/\/www.iemj.org\/de\/produit\/oras-dezaoradas\/"]}]},{"@type":"ImageObject","inLanguage":"de","@id":"https:\/\/www.iemj.org\/de\/produit\/oras-dezaoradas\/#primaryimage","url":"https:\/\/www.iemj.org\/wp-content\/uploads\/2022\/05\/COUV-Boutique-CD-ORAS-Dezaoradas.jpg","contentUrl":"https:\/\/www.iemj.org\/wp-content\/uploads\/2022\/05\/COUV-Boutique-CD-ORAS-Dezaoradas.jpg","width":350,"height":314},{"@type":"BreadcrumbList","@id":"https:\/\/www.iemj.org\/de\/produit\/oras-dezaoradas\/#breadcrumb","itemListElement":[{"@type":"ListItem","position":1,"name":"Accueil","item":"https:\/\/www.iemj.org\/de\/"},{"@type":"ListItem","position":2,"name":"Onlineshop","item":"https:\/\/www.iemj.org\/de\/onlineshop\/"},{"@type":"ListItem","position":3,"name":"ORAS DEZAORADAS"}]},{"@type":"WebSite","@id":"https:\/\/www.iemj.org\/de\/#website","url":"https:\/\/www.iemj.org\/de\/","name":"Institut Europ\u00e9en des Musiques Juives","description":"Des traditions musicales \u00e0 la port\u00e9e de tous","publisher":{"@id":"https:\/\/www.iemj.org\/de\/#organization"},"potentialAction":[{"@type":"SearchAction","target":{"@type":"EntryPoint","urlTemplate":"https:\/\/www.iemj.org\/de\/?s={search_term_string}"},"query-input":{"@type":"PropertyValueSpecification","valueRequired":true,"valueName":"search_term_string"}}],"inLanguage":"de"},{"@type":"Organization","@id":"https:\/\/www.iemj.org\/de\/#organization","name":"Institut Europ\u00e9en des Musiques Juives","url":"https:\/\/www.iemj.org\/de\/","logo":{"@type":"ImageObject","inLanguage":"de","@id":"https:\/\/www.iemj.org\/de\/#\/schema\/logo\/image\/","url":"https:\/\/www.iemj.org\/wp-content\/uploads\/2021\/09\/Logo-IEMJ-Paypal.jpg","contentUrl":"https:\/\/www.iemj.org\/wp-content\/uploads\/2021\/09\/Logo-IEMJ-Paypal.jpg","width":150,"height":50,"caption":"Institut Europ\u00e9en des Musiques Juives"},"image":{"@id":"https:\/\/www.iemj.org\/de\/#\/schema\/logo\/image\/"},"sameAs":["https:\/\/www.facebook.com\/MusiquesJuives\/","https:\/\/www.instagram.com\/musiquesjuives\/","https:\/\/www.youtube.com\/user\/musiquesjuives"]}]}},"_links":{"self":[{"href":"https:\/\/www.iemj.org\/de\/wp-json\/wp\/v2\/product\/84949","targetHints":{"allow":["GET"]}}],"collection":[{"href":"https:\/\/www.iemj.org\/de\/wp-json\/wp\/v2\/product"}],"about":[{"href":"https:\/\/www.iemj.org\/de\/wp-json\/wp\/v2\/types\/product"}],"replies":[{"embeddable":true,"href":"https:\/\/www.iemj.org\/de\/wp-json\/wp\/v2\/comments?post=84949"}],"wp:featuredmedia":[{"embeddable":true,"href":"https:\/\/www.iemj.org\/de\/wp-json\/wp\/v2\/media\/84944"}],"wp:attachment":[{"href":"https:\/\/www.iemj.org\/de\/wp-json\/wp\/v2\/media?parent=84949"}],"wp:term":[{"taxonomy":"product_brand","embeddable":true,"href":"https:\/\/www.iemj.org\/de\/wp-json\/wp\/v2\/product_brand?post=84949"},{"taxonomy":"product_cat","embeddable":true,"href":"https:\/\/www.iemj.org\/de\/wp-json\/wp\/v2\/product_cat?post=84949"},{"taxonomy":"product_tag","embeddable":true,"href":"https:\/\/www.iemj.org\/de\/wp-json\/wp\/v2\/product_tag?post=84949"}],"curies":[{"name":"wp","href":"https:\/\/api.w.org\/{rel}","templated":true}]}}