{"id":71663,"date":"2021-11-22T12:21:06","date_gmt":"2021-11-22T11:21:06","guid":{"rendered":"https:\/\/www.iemj.org\/evenement\/ensemble-pour-hanoucca\/"},"modified":"2021-11-22T12:41:01","modified_gmt":"2021-11-22T11:41:01","slug":"ensemble-pour-hanoucca","status":"publish","type":"tribe_events","link":"https:\/\/www.iemj.org\/de\/veranstaltungen\/ensemble-pour-hanoucca\/","title":{"rendered":"Gemeinsam f\u00fcr Chanukka"},"content":{"rendered":"<h3>Ein Abend mit Studien und Musik, um das Fest zu erhellen, organisiert von der Alliance Isra\u00e9lite Universelle.<\/h3>\n<p>Anz\u00fcnden der dritten Chanukka-Kerze in VISIOKONFERENZ.<\/p>\n<p><strong>Mit:<\/strong><\/p>\n<ul>\n<li>Armand Ab\u00e9cassis, Philosoph<\/li>\n<li>Judith von den Marx Sisters, S\u00e4ngerin<\/li>\n<li><strong>Herv\u00e9 Roten, Musikwissenschaftler<\/strong><\/li>\n<li>Sch\u00fclerinnen und Sch\u00fcler des Coll\u00e8ge-Lyc\u00e9e Alliance Georges Leven<\/li>\n<\/ul>\n<p>Kostenlose Anmeldung erforderlich auf: <a href=\"https:\/\/www.aiu.org\/fr\/event\/305\" target=\"_blank\" rel=\"noopener\">https:\/\/www.aiu.org\/fr\/event\/305<\/a><\/p>\n<p><img fetchpriority=\"high\" decoding=\"async\" class=\"alignnone wp-image-71657\" src=\"https:\/\/www.iemj.org\/wp-content\/uploads\/2021\/11\/ensemble-pour-Hanoucca-30-11-21-300x169.png\" alt=\"\" width=\"653\" height=\"368\" srcset=\"https:\/\/www.iemj.org\/wp-content\/uploads\/2021\/11\/ensemble-pour-Hanoucca-30-11-21-300x169.png 300w, https:\/\/www.iemj.org\/wp-content\/uploads\/2021\/11\/ensemble-pour-Hanoucca-30-11-21-600x338.png 600w, https:\/\/www.iemj.org\/wp-content\/uploads\/2021\/11\/ensemble-pour-Hanoucca-30-11-21.png 614w\" sizes=\"(max-width: 653px) 100vw, 653px\" \/><\/p>\n","protected":false},"excerpt":{"rendered":"<p>Ein Abend mit Studien und Musik, um das Fest zu erhellen, organisiert von der Alliance Isra\u00e9lite Universelle. Anz\u00fcnden der dritten Chanukka-Kerze in VISIOKONFERENZ. Mit: Armand Ab\u00e9cassis, Philosoph Judith von den<\/p>\n","protected":false},"author":5,"featured_media":71648,"template":"","meta":{"_acf_changed":false,"_tribe_events_status":"","_tribe_events_status_reason":"","_tribe_events_is_hybrid":"","_tribe_events_is_virtual":"","_tribe_events_virtual_video_source":"","_tribe_events_virtual_embed_video":"","_tribe_events_virtual_linked_button_text":"","_tribe_events_virtual_linked_button":"","_tribe_events_virtual_show_embed_at":"","_tribe_events_virtual_show_embed_to":[],"_tribe_events_virtual_show_on_event":"","_tribe_events_virtual_show_on_views":"","_tribe_events_virtual_url":"","footnotes":""},"tags":[],"tribe_events_cat":[1632],"class_list":["post-71663","tribe_events","type-tribe_events","status-publish","has-post-thumbnail","hentry","tribe_events_cat-partnerveranstaltungen-de","cat_partnerveranstaltungen-de"],"acf":[],"yoast_head":"<!-- This site is optimized with the Yoast SEO plugin v27.3 - https:\/\/yoast.com\/product\/yoast-seo-wordpress\/ -->\n<title>Gemeinsam f\u00fcr Chanukka - Institut Europ\u00e9en des Musiques Juives<\/title>\n<meta name=\"robots\" content=\"index, follow, max-snippet:-1, max-image-preview:large, max-video-preview:-1\" \/>\n<link rel=\"canonical\" href=\"https:\/\/www.iemj.org\/de\/veranstaltungen\/ensemble-pour-hanoucca\/\" \/>\n<meta property=\"og:locale\" content=\"de_DE\" \/>\n<meta property=\"og:type\" content=\"article\" \/>\n<meta property=\"og:title\" content=\"Gemeinsam f\u00fcr Chanukka - Institut Europ\u00e9en des Musiques Juives\" \/>\n<meta property=\"og:description\" content=\"Ein Abend mit Studien und Musik, um das Fest zu erhellen, organisiert von der Alliance Isra\u00e9lite Universelle. Anz\u00fcnden der dritten Chanukka-Kerze in VISIOKONFERENZ. Mit: Armand Ab\u00e9cassis, Philosoph Judith von den\" \/>\n<meta property=\"og:url\" content=\"https:\/\/www.iemj.org\/de\/veranstaltungen\/ensemble-pour-hanoucca\/\" \/>\n<meta property=\"og:site_name\" content=\"Institut Europ\u00e9en des Musiques Juives\" \/>\n<meta property=\"article:publisher\" content=\"https:\/\/www.facebook.com\/MusiquesJuives\/\" \/>\n<meta property=\"article:modified_time\" content=\"2021-11-22T11:41:01+00:00\" \/>\n<meta property=\"og:image\" content=\"https:\/\/www.iemj.org\/wp-content\/uploads\/2021\/11\/ensemble-pour-Hanoucca-30-11-21-e1637580013947.jpg\" \/>\n\t<meta property=\"og:image:width\" content=\"1024\" \/>\n\t<meta property=\"og:image:height\" content=\"577\" \/>\n\t<meta property=\"og:image:type\" content=\"image\/jpeg\" \/>\n<meta name=\"twitter:card\" content=\"summary_large_image\" \/>\n<meta name=\"twitter:label1\" content=\"Gesch\u00e4tzte Lesezeit\" \/>\n\t<meta name=\"twitter:data1\" content=\"1\u00a0Minute\" \/>\n<script type=\"application\/ld+json\" class=\"yoast-schema-graph\">{\"@context\":\"https:\\\/\\\/schema.org\",\"@graph\":[{\"@type\":\"WebPage\",\"@id\":\"https:\\\/\\\/www.iemj.org\\\/de\\\/veranstaltungen\\\/ensemble-pour-hanoucca\\\/\",\"url\":\"https:\\\/\\\/www.iemj.org\\\/de\\\/veranstaltungen\\\/ensemble-pour-hanoucca\\\/\",\"name\":\"Gemeinsam f\u00fcr Chanukka - Institut Europ\u00e9en des Musiques Juives\",\"isPartOf\":{\"@id\":\"https:\\\/\\\/www.iemj.org\\\/de\\\/#website\"},\"primaryImageOfPage\":{\"@id\":\"https:\\\/\\\/www.iemj.org\\\/de\\\/veranstaltungen\\\/ensemble-pour-hanoucca\\\/#primaryimage\"},\"image\":{\"@id\":\"https:\\\/\\\/www.iemj.org\\\/de\\\/veranstaltungen\\\/ensemble-pour-hanoucca\\\/#primaryimage\"},\"thumbnailUrl\":\"https:\\\/\\\/www.iemj.org\\\/wp-content\\\/uploads\\\/2021\\\/11\\\/ensemble-pour-Hanoucca-30-11-21-e1637580013947.jpg\",\"datePublished\":\"2021-11-22T11:21:06+00:00\",\"dateModified\":\"2021-11-22T11:41:01+00:00\",\"breadcrumb\":{\"@id\":\"https:\\\/\\\/www.iemj.org\\\/de\\\/veranstaltungen\\\/ensemble-pour-hanoucca\\\/#breadcrumb\"},\"inLanguage\":\"de\",\"potentialAction\":[{\"@type\":\"ReadAction\",\"target\":[\"https:\\\/\\\/www.iemj.org\\\/de\\\/veranstaltungen\\\/ensemble-pour-hanoucca\\\/\"]}]},{\"@type\":\"ImageObject\",\"inLanguage\":\"de\",\"@id\":\"https:\\\/\\\/www.iemj.org\\\/de\\\/veranstaltungen\\\/ensemble-pour-hanoucca\\\/#primaryimage\",\"url\":\"https:\\\/\\\/www.iemj.org\\\/wp-content\\\/uploads\\\/2021\\\/11\\\/ensemble-pour-Hanoucca-30-11-21-e1637580013947.jpg\",\"contentUrl\":\"https:\\\/\\\/www.iemj.org\\\/wp-content\\\/uploads\\\/2021\\\/11\\\/ensemble-pour-Hanoucca-30-11-21-e1637580013947.jpg\",\"width\":1024,\"height\":577},{\"@type\":\"BreadcrumbList\",\"@id\":\"https:\\\/\\\/www.iemj.org\\\/de\\\/veranstaltungen\\\/ensemble-pour-hanoucca\\\/#breadcrumb\",\"itemListElement\":[{\"@type\":\"ListItem\",\"position\":1,\"name\":\"Accueil\",\"item\":\"https:\\\/\\\/www.iemj.org\\\/de\\\/\"},{\"@type\":\"ListItem\",\"position\":2,\"name\":\"Veranstaltungen\",\"item\":\"https:\\\/\\\/www.iemj.org\\\/de\\\/events\\\/\"},{\"@type\":\"ListItem\",\"position\":3,\"name\":\"Gemeinsam f\u00fcr Chanukka\"}]},{\"@type\":\"WebSite\",\"@id\":\"https:\\\/\\\/www.iemj.org\\\/de\\\/#website\",\"url\":\"https:\\\/\\\/www.iemj.org\\\/de\\\/\",\"name\":\"Institut Europ\u00e9en des Musiques Juives\",\"description\":\"Des traditions musicales \u00e0 la port\u00e9e de tous\",\"publisher\":{\"@id\":\"https:\\\/\\\/www.iemj.org\\\/de\\\/#organization\"},\"potentialAction\":[{\"@type\":\"SearchAction\",\"target\":{\"@type\":\"EntryPoint\",\"urlTemplate\":\"https:\\\/\\\/www.iemj.org\\\/de\\\/?s={search_term_string}\"},\"query-input\":{\"@type\":\"PropertyValueSpecification\",\"valueRequired\":true,\"valueName\":\"search_term_string\"}}],\"inLanguage\":\"de\"},{\"@type\":\"Organization\",\"@id\":\"https:\\\/\\\/www.iemj.org\\\/de\\\/#organization\",\"name\":\"Institut Europ\u00e9en des Musiques Juives\",\"url\":\"https:\\\/\\\/www.iemj.org\\\/de\\\/\",\"logo\":{\"@type\":\"ImageObject\",\"inLanguage\":\"de\",\"@id\":\"https:\\\/\\\/www.iemj.org\\\/de\\\/#\\\/schema\\\/logo\\\/image\\\/\",\"url\":\"https:\\\/\\\/www.iemj.org\\\/wp-content\\\/uploads\\\/2021\\\/09\\\/Logo-IEMJ-Paypal.jpg\",\"contentUrl\":\"https:\\\/\\\/www.iemj.org\\\/wp-content\\\/uploads\\\/2021\\\/09\\\/Logo-IEMJ-Paypal.jpg\",\"width\":150,\"height\":50,\"caption\":\"Institut Europ\u00e9en des Musiques Juives\"},\"image\":{\"@id\":\"https:\\\/\\\/www.iemj.org\\\/de\\\/#\\\/schema\\\/logo\\\/image\\\/\"},\"sameAs\":[\"https:\\\/\\\/www.facebook.com\\\/MusiquesJuives\\\/\",\"https:\\\/\\\/www.instagram.com\\\/musiquesjuives\\\/\",\"https:\\\/\\\/www.youtube.com\\\/user\\\/musiquesjuives\"]}]}<\/script>\n<!-- \/ Yoast SEO plugin. -->","yoast_head_json":{"title":"Gemeinsam f\u00fcr Chanukka - Institut Europ\u00e9en des Musiques Juives","robots":{"index":"index","follow":"follow","max-snippet":"max-snippet:-1","max-image-preview":"max-image-preview:large","max-video-preview":"max-video-preview:-1"},"canonical":"https:\/\/www.iemj.org\/de\/veranstaltungen\/ensemble-pour-hanoucca\/","og_locale":"de_DE","og_type":"article","og_title":"Gemeinsam f\u00fcr Chanukka - Institut Europ\u00e9en des Musiques Juives","og_description":"Ein Abend mit Studien und Musik, um das Fest zu erhellen, organisiert von der Alliance Isra\u00e9lite Universelle. Anz\u00fcnden der dritten Chanukka-Kerze in VISIOKONFERENZ. Mit: Armand Ab\u00e9cassis, Philosoph Judith von den","og_url":"https:\/\/www.iemj.org\/de\/veranstaltungen\/ensemble-pour-hanoucca\/","og_site_name":"Institut Europ\u00e9en des Musiques Juives","article_publisher":"https:\/\/www.facebook.com\/MusiquesJuives\/","article_modified_time":"2021-11-22T11:41:01+00:00","og_image":[{"width":1024,"height":577,"url":"https:\/\/www.iemj.org\/wp-content\/uploads\/2021\/11\/ensemble-pour-Hanoucca-30-11-21-e1637580013947.jpg","type":"image\/jpeg"}],"twitter_card":"summary_large_image","twitter_misc":{"Gesch\u00e4tzte Lesezeit":"1\u00a0Minute"},"schema":{"@context":"https:\/\/schema.org","@graph":[{"@type":"WebPage","@id":"https:\/\/www.iemj.org\/de\/veranstaltungen\/ensemble-pour-hanoucca\/","url":"https:\/\/www.iemj.org\/de\/veranstaltungen\/ensemble-pour-hanoucca\/","name":"Gemeinsam f\u00fcr Chanukka - Institut Europ\u00e9en des Musiques Juives","isPartOf":{"@id":"https:\/\/www.iemj.org\/de\/#website"},"primaryImageOfPage":{"@id":"https:\/\/www.iemj.org\/de\/veranstaltungen\/ensemble-pour-hanoucca\/#primaryimage"},"image":{"@id":"https:\/\/www.iemj.org\/de\/veranstaltungen\/ensemble-pour-hanoucca\/#primaryimage"},"thumbnailUrl":"https:\/\/www.iemj.org\/wp-content\/uploads\/2021\/11\/ensemble-pour-Hanoucca-30-11-21-e1637580013947.jpg","datePublished":"2021-11-22T11:21:06+00:00","dateModified":"2021-11-22T11:41:01+00:00","breadcrumb":{"@id":"https:\/\/www.iemj.org\/de\/veranstaltungen\/ensemble-pour-hanoucca\/#breadcrumb"},"inLanguage":"de","potentialAction":[{"@type":"ReadAction","target":["https:\/\/www.iemj.org\/de\/veranstaltungen\/ensemble-pour-hanoucca\/"]}]},{"@type":"ImageObject","inLanguage":"de","@id":"https:\/\/www.iemj.org\/de\/veranstaltungen\/ensemble-pour-hanoucca\/#primaryimage","url":"https:\/\/www.iemj.org\/wp-content\/uploads\/2021\/11\/ensemble-pour-Hanoucca-30-11-21-e1637580013947.jpg","contentUrl":"https:\/\/www.iemj.org\/wp-content\/uploads\/2021\/11\/ensemble-pour-Hanoucca-30-11-21-e1637580013947.jpg","width":1024,"height":577},{"@type":"BreadcrumbList","@id":"https:\/\/www.iemj.org\/de\/veranstaltungen\/ensemble-pour-hanoucca\/#breadcrumb","itemListElement":[{"@type":"ListItem","position":1,"name":"Accueil","item":"https:\/\/www.iemj.org\/de\/"},{"@type":"ListItem","position":2,"name":"Veranstaltungen","item":"https:\/\/www.iemj.org\/de\/events\/"},{"@type":"ListItem","position":3,"name":"Gemeinsam f\u00fcr Chanukka"}]},{"@type":"WebSite","@id":"https:\/\/www.iemj.org\/de\/#website","url":"https:\/\/www.iemj.org\/de\/","name":"Institut Europ\u00e9en des Musiques Juives","description":"Des traditions musicales \u00e0 la port\u00e9e de tous","publisher":{"@id":"https:\/\/www.iemj.org\/de\/#organization"},"potentialAction":[{"@type":"SearchAction","target":{"@type":"EntryPoint","urlTemplate":"https:\/\/www.iemj.org\/de\/?s={search_term_string}"},"query-input":{"@type":"PropertyValueSpecification","valueRequired":true,"valueName":"search_term_string"}}],"inLanguage":"de"},{"@type":"Organization","@id":"https:\/\/www.iemj.org\/de\/#organization","name":"Institut Europ\u00e9en des Musiques Juives","url":"https:\/\/www.iemj.org\/de\/","logo":{"@type":"ImageObject","inLanguage":"de","@id":"https:\/\/www.iemj.org\/de\/#\/schema\/logo\/image\/","url":"https:\/\/www.iemj.org\/wp-content\/uploads\/2021\/09\/Logo-IEMJ-Paypal.jpg","contentUrl":"https:\/\/www.iemj.org\/wp-content\/uploads\/2021\/09\/Logo-IEMJ-Paypal.jpg","width":150,"height":50,"caption":"Institut Europ\u00e9en des Musiques Juives"},"image":{"@id":"https:\/\/www.iemj.org\/de\/#\/schema\/logo\/image\/"},"sameAs":["https:\/\/www.facebook.com\/MusiquesJuives\/","https:\/\/www.instagram.com\/musiquesjuives\/","https:\/\/www.youtube.com\/user\/musiquesjuives"]}]}},"_links":{"self":[{"href":"https:\/\/www.iemj.org\/de\/wp-json\/wp\/v2\/tribe_events\/71663","targetHints":{"allow":["GET"]}}],"collection":[{"href":"https:\/\/www.iemj.org\/de\/wp-json\/wp\/v2\/tribe_events"}],"about":[{"href":"https:\/\/www.iemj.org\/de\/wp-json\/wp\/v2\/types\/tribe_events"}],"author":[{"embeddable":true,"href":"https:\/\/www.iemj.org\/de\/wp-json\/wp\/v2\/users\/5"}],"version-history":[{"count":0,"href":"https:\/\/www.iemj.org\/de\/wp-json\/wp\/v2\/tribe_events\/71663\/revisions"}],"wp:featuredmedia":[{"embeddable":true,"href":"https:\/\/www.iemj.org\/de\/wp-json\/wp\/v2\/media\/71648"}],"wp:attachment":[{"href":"https:\/\/www.iemj.org\/de\/wp-json\/wp\/v2\/media?parent=71663"}],"wp:term":[{"taxonomy":"post_tag","embeddable":true,"href":"https:\/\/www.iemj.org\/de\/wp-json\/wp\/v2\/tags?post=71663"},{"taxonomy":"tribe_events_cat","embeddable":true,"href":"https:\/\/www.iemj.org\/de\/wp-json\/wp\/v2\/tribe_events_cat?post=71663"}],"curies":[{"name":"wp","href":"https:\/\/api.w.org\/{rel}","templated":true}]}}