{"id":81266,"date":"2022-02-22T14:40:37","date_gmt":"2022-02-22T13:40:37","guid":{"rendered":"https:\/\/www.iemj.org\/evenement\/conference-internationale-de-la-musique-de-la-synagogue-portugaise-au-xixe-siecle-a-lere-de-rolf-lieberman-au-xxe-siecle\/"},"modified":"2022-02-23T12:23:40","modified_gmt":"2022-02-23T11:23:40","slug":"conference-internationale-de-la-musique-de-la-synagogue-portugaise-au-xixe-siecle-a-lere-de-rolf-lieberman-au-xxe-siecle","status":"publish","type":"tribe_events","link":"https:\/\/www.iemj.org\/de\/veranstaltungen\/conference-internationale-de-la-musique-de-la-synagogue-portugaise-au-xixe-siecle-a-lere-de-rolf-lieberman-au-xxe-siecle\/","title":{"rendered":"International conference \u2013 From the Music of the Portuguese synagogue in the 19th to the Rolf Lieberman Era in the 20th century"},"content":{"rendered":"<h3 id=\"1-eael-table-of-content\" class=\"eael-heading-content\"><strong>International conference at the University of Music Hamburg 1. \u2013 3. March 2022<\/strong><\/h3>\n<p>The presence of Jewish Culture in Europe is going back to the times of the Roman Empire. In 2021 Germany has celebrated 1700 years of Jewish life and culture. The city of Hamburg decided in 2020 to rebuild the large synagogue on Bornplatz, which had been destroyed in 1938 during the Reichskristallnacht. On this occasion, the University of Music in Hamburg initiates an international conference on Jewish music in Hamburg past and present, in which <strong>Herv\u00e9 Roten, Director of the EIJM<\/strong>, will participate along with Edwin Seroussi (Jerusalem), Jasha Nemtsov (Weimar), Reinhard Flender (Hamburg) and Yuval Shaked (Haifa).<\/p>\n<h3><a href=\"https:\/\/www.hfmt-hamburg.de\/veranstaltungen\/spielstaetten\/details\/367\/\">Watch the conferences on Youtube<\/a><\/h3>\n<p>01.03.22 <a href=\"https:\/\/www.hfmt-hamburg.de\/veranstaltungen\/details\/9423\/\">Jewish Music Research<\/a><br \/>\n02.03.22 <a href=\"https:\/\/www.hfmt-hamburg.de\/veranstaltungen\/details\/9424\/\">Jewish Music Research<\/a><br \/>\n03.03.22 <a href=\"https:\/\/www.hfmt-hamburg.de\/veranstaltungen\/details\/9425\/\">Jewish Music Research<\/a><\/p>\n<p><strong>Click\u00a0<a href=\"https:\/\/youtu.be\/01qBSpz4a7I\" target=\"_blank\" rel=\"noopener\">here<\/a> for the live stream<\/strong><\/p>\n<p><strong>With:\u00a0<\/strong><\/p>\n<ul>\n<li><strong>Jan Phillip Sprick, Vicepresident of the University of Music Hamburg<\/strong><\/li>\n<li><strong>Edwin Seroussi,<\/strong>Director of the Jewish Music Research Centre at the Hebrew University of Jerusalem and Visiting Scholar in Jewish Studies at Dartmouth College<\/li>\n<li><strong>Herv\u00e9 Roten, <\/strong>Director of the European Institute of Jewish Music, Musicologist, PHD in musicology of the University Paris Sorbonne<\/li>\n<li><strong>Jascha Nemtsov,<\/strong>pianist and professor of Jewish music history at the Hochschule f\u00fcr Musik Franz Liszt in Weimar<\/li>\n<li><strong>Reinhard Flender<\/strong>, Director of the Research Institute for Cultural Innovation at the University of Music and Theatre in Hamburg, German composer and musicology researcher<\/li>\n<li><strong>Yuval Shaked<\/strong>, Director of the Department of Music at the University of Haifa and composer<\/li>\n<\/ul>\n<h3 id=\"2-eael-table-of-content\" class=\"eael-heading-content\"><strong>Program:<\/strong><\/h3>\n<ul>\n<li><a href=\"https:\/\/www.hfmt-hamburg.de\/veranstaltungen\/details\/9423\/\" target=\"_blank\" rel=\"noopener\"><strong>Tuesday march 1st<\/strong><\/a>\n<ul>\n<li><strong>3:00 \u2013 4:30 pm Edwin Seroussi (Jerusalem) Keynote and opening session<\/strong><br \/>\n<em>An Unexpected Musical Encounter: Spanish-Portuguese Liturgical Music in German Synagogues<\/em><\/li>\n<li><strong>5:00 \u2013 6:30 pm Herv\u00e9 Roten (Paris) Lecture and discussion<\/strong><br \/>\n<em>The introduction of Western musical notation and the organ in the French Spanish-Portuguese communities in the 19th: changes and continuities<\/em><\/li>\n<\/ul>\n<\/li>\n<li><a href=\"https:\/\/www.hfmt-hamburg.de\/veranstaltungen\/details\/9424\/\" target=\"_blank\" rel=\"noopener\"><strong>Wednesday march 2nd<\/strong><\/a>\n<ul>\n<li><strong>3:00 \u2013 4:30 pm Jascha Nemtsov (Weimar) Lecture and discussion<\/strong><br \/>\nThe Cantor of the Reform Temple in Hamburg Leon Kornitzer and his journal (Der j\u00fcdische Kantor)<\/li>\n<li><strong>5:00 \u2013 6:30 pm Jascha Nemtsov, Herv\u00e9 Roten, Edwin Seroussi, Reinhard Flender (Moderation) Panel discussion<\/strong><br \/>\nCultural Identity and Assimilation &#8211; Jewish music in Germany and France in the 19th cent.<\/li>\n<\/ul>\n<\/li>\n<li><a href=\"https:\/\/www.hfmt-hamburg.de\/veranstaltungen\/details\/9425\/\" target=\"_blank\" rel=\"noopener\"><strong>Thursday march 3rd<\/strong><\/a>\n<ul>\n<li><strong>3:00 \u2013 4:30 Reinhard Flender Lecture and discussion<\/strong><br \/>\n<em>Rolf Liebermann &#8211; cultural innovation for Hamburg from NDR to the Staatsoper<\/em><\/li>\n<li><strong>5:00 \u2013 6:30 pm Yuval Shaked (Haifa) Lecture and discussion<\/strong><br \/>\n<em>The opera &#8218;Der Turm&#8216; \u2012 Composer Josef Tal\u2019s collaboration with librettist Hans Keller as conceived and reflected in their correspondence<\/em><\/li>\n<\/ul>\n<\/li>\n<\/ul>\n<p><em>Free Entrance<\/em><\/p>\n","protected":false},"excerpt":{"rendered":"<p>International conference at the University of Music Hamburg 1. \u2013 3. March 2022 The presence of Jewish Culture in Europe is going back to the times of the Roman Empire.<\/p>\n","protected":false},"author":5,"featured_media":81216,"template":"","meta":{"_acf_changed":false,"_tribe_events_status":"","_tribe_events_status_reason":"","_tribe_events_is_hybrid":"","_tribe_events_is_virtual":"","_tribe_events_virtual_video_source":"","_tribe_events_virtual_embed_video":"","_tribe_events_virtual_linked_button_text":"","_tribe_events_virtual_linked_button":"","_tribe_events_virtual_show_embed_at":"","_tribe_events_virtual_show_embed_to":[],"_tribe_events_virtual_show_on_event":"","_tribe_events_virtual_show_on_views":"","_tribe_events_virtual_url":"","footnotes":""},"tags":[],"tribe_events_cat":[],"class_list":["post-81266","tribe_events","type-tribe_events","status-publish","has-post-thumbnail","hentry"],"acf":[],"yoast_head":"<!-- This site is optimized with the Yoast SEO plugin v27.3 - https:\/\/yoast.com\/product\/yoast-seo-wordpress\/ -->\n<title>International conference \u2013 From the Music of the Portuguese synagogue in the 19th to the Rolf Lieberman Era in the 20th century - Institut Europ\u00e9en des Musiques Juives<\/title>\n<meta name=\"robots\" content=\"index, follow, max-snippet:-1, max-image-preview:large, max-video-preview:-1\" \/>\n<link rel=\"canonical\" href=\"https:\/\/www.iemj.org\/de\/veranstaltungen\/conference-internationale-de-la-musique-de-la-synagogue-portugaise-au-xixe-siecle-a-lere-de-rolf-lieberman-au-xxe-siecle\/\" \/>\n<meta property=\"og:locale\" content=\"de_DE\" \/>\n<meta property=\"og:type\" content=\"article\" \/>\n<meta property=\"og:title\" content=\"International conference \u2013 From the Music of the Portuguese synagogue in the 19th to the Rolf Lieberman Era in the 20th century - Institut Europ\u00e9en des Musiques Juives\" \/>\n<meta property=\"og:description\" content=\"International conference at the University of Music Hamburg 1. \u2013 3. March 2022 The presence of Jewish Culture in Europe is going back to the times of the Roman Empire.\" \/>\n<meta property=\"og:url\" content=\"https:\/\/www.iemj.org\/de\/veranstaltungen\/conference-internationale-de-la-musique-de-la-synagogue-portugaise-au-xixe-siecle-a-lere-de-rolf-lieberman-au-xxe-siecle\/\" \/>\n<meta property=\"og:site_name\" content=\"Institut Europ\u00e9en des Musiques Juives\" \/>\n<meta property=\"article:publisher\" content=\"https:\/\/www.facebook.com\/MusiquesJuives\/\" \/>\n<meta property=\"article:modified_time\" content=\"2022-02-23T11:23:40+00:00\" \/>\n<meta property=\"og:image\" content=\"https:\/\/www.iemj.org\/wp-content\/uploads\/2022\/02\/Conference-Hambourg.jpg\" \/>\n\t<meta property=\"og:image:width\" content=\"494\" \/>\n\t<meta property=\"og:image:height\" content=\"331\" \/>\n\t<meta property=\"og:image:type\" content=\"image\/jpeg\" \/>\n<meta name=\"twitter:card\" content=\"summary_large_image\" \/>\n<meta name=\"twitter:label1\" content=\"Gesch\u00e4tzte Lesezeit\" \/>\n\t<meta name=\"twitter:data1\" content=\"2\u00a0Minuten\" \/>\n<script type=\"application\/ld+json\" class=\"yoast-schema-graph\">{\"@context\":\"https:\\\/\\\/schema.org\",\"@graph\":[{\"@type\":\"WebPage\",\"@id\":\"https:\\\/\\\/www.iemj.org\\\/de\\\/veranstaltungen\\\/conference-internationale-de-la-musique-de-la-synagogue-portugaise-au-xixe-siecle-a-lere-de-rolf-lieberman-au-xxe-siecle\\\/\",\"url\":\"https:\\\/\\\/www.iemj.org\\\/de\\\/veranstaltungen\\\/conference-internationale-de-la-musique-de-la-synagogue-portugaise-au-xixe-siecle-a-lere-de-rolf-lieberman-au-xxe-siecle\\\/\",\"name\":\"International conference \u2013 From the Music of the Portuguese synagogue in the 19th to the Rolf Lieberman Era in the 20th century - Institut Europ\u00e9en des Musiques Juives\",\"isPartOf\":{\"@id\":\"https:\\\/\\\/www.iemj.org\\\/de\\\/#website\"},\"primaryImageOfPage\":{\"@id\":\"https:\\\/\\\/www.iemj.org\\\/de\\\/veranstaltungen\\\/conference-internationale-de-la-musique-de-la-synagogue-portugaise-au-xixe-siecle-a-lere-de-rolf-lieberman-au-xxe-siecle\\\/#primaryimage\"},\"image\":{\"@id\":\"https:\\\/\\\/www.iemj.org\\\/de\\\/veranstaltungen\\\/conference-internationale-de-la-musique-de-la-synagogue-portugaise-au-xixe-siecle-a-lere-de-rolf-lieberman-au-xxe-siecle\\\/#primaryimage\"},\"thumbnailUrl\":\"https:\\\/\\\/www.iemj.org\\\/wp-content\\\/uploads\\\/2022\\\/02\\\/Conference-Hambourg.jpg\",\"datePublished\":\"2022-02-22T13:40:37+00:00\",\"dateModified\":\"2022-02-23T11:23:40+00:00\",\"breadcrumb\":{\"@id\":\"https:\\\/\\\/www.iemj.org\\\/de\\\/veranstaltungen\\\/conference-internationale-de-la-musique-de-la-synagogue-portugaise-au-xixe-siecle-a-lere-de-rolf-lieberman-au-xxe-siecle\\\/#breadcrumb\"},\"inLanguage\":\"de\",\"potentialAction\":[{\"@type\":\"ReadAction\",\"target\":[\"https:\\\/\\\/www.iemj.org\\\/de\\\/veranstaltungen\\\/conference-internationale-de-la-musique-de-la-synagogue-portugaise-au-xixe-siecle-a-lere-de-rolf-lieberman-au-xxe-siecle\\\/\"]}]},{\"@type\":\"ImageObject\",\"inLanguage\":\"de\",\"@id\":\"https:\\\/\\\/www.iemj.org\\\/de\\\/veranstaltungen\\\/conference-internationale-de-la-musique-de-la-synagogue-portugaise-au-xixe-siecle-a-lere-de-rolf-lieberman-au-xxe-siecle\\\/#primaryimage\",\"url\":\"https:\\\/\\\/www.iemj.org\\\/wp-content\\\/uploads\\\/2022\\\/02\\\/Conference-Hambourg.jpg\",\"contentUrl\":\"https:\\\/\\\/www.iemj.org\\\/wp-content\\\/uploads\\\/2022\\\/02\\\/Conference-Hambourg.jpg\",\"width\":494,\"height\":331},{\"@type\":\"BreadcrumbList\",\"@id\":\"https:\\\/\\\/www.iemj.org\\\/de\\\/veranstaltungen\\\/conference-internationale-de-la-musique-de-la-synagogue-portugaise-au-xixe-siecle-a-lere-de-rolf-lieberman-au-xxe-siecle\\\/#breadcrumb\",\"itemListElement\":[{\"@type\":\"ListItem\",\"position\":1,\"name\":\"Accueil\",\"item\":\"https:\\\/\\\/www.iemj.org\\\/de\\\/\"},{\"@type\":\"ListItem\",\"position\":2,\"name\":\"Veranstaltungen\",\"item\":\"https:\\\/\\\/www.iemj.org\\\/de\\\/events\\\/\"},{\"@type\":\"ListItem\",\"position\":3,\"name\":\"International conference \u2013 From the Music of the Portuguese synagogue in the 19th to the Rolf Lieberman Era in the 20th century\"}]},{\"@type\":\"WebSite\",\"@id\":\"https:\\\/\\\/www.iemj.org\\\/de\\\/#website\",\"url\":\"https:\\\/\\\/www.iemj.org\\\/de\\\/\",\"name\":\"Institut Europ\u00e9en des Musiques Juives\",\"description\":\"Des traditions musicales \u00e0 la port\u00e9e de tous\",\"publisher\":{\"@id\":\"https:\\\/\\\/www.iemj.org\\\/de\\\/#organization\"},\"potentialAction\":[{\"@type\":\"SearchAction\",\"target\":{\"@type\":\"EntryPoint\",\"urlTemplate\":\"https:\\\/\\\/www.iemj.org\\\/de\\\/?s={search_term_string}\"},\"query-input\":{\"@type\":\"PropertyValueSpecification\",\"valueRequired\":true,\"valueName\":\"search_term_string\"}}],\"inLanguage\":\"de\"},{\"@type\":\"Organization\",\"@id\":\"https:\\\/\\\/www.iemj.org\\\/de\\\/#organization\",\"name\":\"Institut Europ\u00e9en des Musiques Juives\",\"url\":\"https:\\\/\\\/www.iemj.org\\\/de\\\/\",\"logo\":{\"@type\":\"ImageObject\",\"inLanguage\":\"de\",\"@id\":\"https:\\\/\\\/www.iemj.org\\\/de\\\/#\\\/schema\\\/logo\\\/image\\\/\",\"url\":\"https:\\\/\\\/www.iemj.org\\\/wp-content\\\/uploads\\\/2021\\\/09\\\/Logo-IEMJ-Paypal.jpg\",\"contentUrl\":\"https:\\\/\\\/www.iemj.org\\\/wp-content\\\/uploads\\\/2021\\\/09\\\/Logo-IEMJ-Paypal.jpg\",\"width\":150,\"height\":50,\"caption\":\"Institut Europ\u00e9en des Musiques Juives\"},\"image\":{\"@id\":\"https:\\\/\\\/www.iemj.org\\\/de\\\/#\\\/schema\\\/logo\\\/image\\\/\"},\"sameAs\":[\"https:\\\/\\\/www.facebook.com\\\/MusiquesJuives\\\/\",\"https:\\\/\\\/www.instagram.com\\\/musiquesjuives\\\/\",\"https:\\\/\\\/www.youtube.com\\\/user\\\/musiquesjuives\"]}]}<\/script>\n<!-- \/ Yoast SEO plugin. -->","yoast_head_json":{"title":"International conference \u2013 From the Music of the Portuguese synagogue in the 19th to the Rolf Lieberman Era in the 20th century - Institut Europ\u00e9en des Musiques Juives","robots":{"index":"index","follow":"follow","max-snippet":"max-snippet:-1","max-image-preview":"max-image-preview:large","max-video-preview":"max-video-preview:-1"},"canonical":"https:\/\/www.iemj.org\/de\/veranstaltungen\/conference-internationale-de-la-musique-de-la-synagogue-portugaise-au-xixe-siecle-a-lere-de-rolf-lieberman-au-xxe-siecle\/","og_locale":"de_DE","og_type":"article","og_title":"International conference \u2013 From the Music of the Portuguese synagogue in the 19th to the Rolf Lieberman Era in the 20th century - Institut Europ\u00e9en des Musiques Juives","og_description":"International conference at the University of Music Hamburg 1. \u2013 3. March 2022 The presence of Jewish Culture in Europe is going back to the times of the Roman Empire.","og_url":"https:\/\/www.iemj.org\/de\/veranstaltungen\/conference-internationale-de-la-musique-de-la-synagogue-portugaise-au-xixe-siecle-a-lere-de-rolf-lieberman-au-xxe-siecle\/","og_site_name":"Institut Europ\u00e9en des Musiques Juives","article_publisher":"https:\/\/www.facebook.com\/MusiquesJuives\/","article_modified_time":"2022-02-23T11:23:40+00:00","og_image":[{"width":494,"height":331,"url":"https:\/\/www.iemj.org\/wp-content\/uploads\/2022\/02\/Conference-Hambourg.jpg","type":"image\/jpeg"}],"twitter_card":"summary_large_image","twitter_misc":{"Gesch\u00e4tzte Lesezeit":"2\u00a0Minuten"},"schema":{"@context":"https:\/\/schema.org","@graph":[{"@type":"WebPage","@id":"https:\/\/www.iemj.org\/de\/veranstaltungen\/conference-internationale-de-la-musique-de-la-synagogue-portugaise-au-xixe-siecle-a-lere-de-rolf-lieberman-au-xxe-siecle\/","url":"https:\/\/www.iemj.org\/de\/veranstaltungen\/conference-internationale-de-la-musique-de-la-synagogue-portugaise-au-xixe-siecle-a-lere-de-rolf-lieberman-au-xxe-siecle\/","name":"International conference \u2013 From the Music of the Portuguese synagogue in the 19th to the Rolf Lieberman Era in the 20th century - Institut Europ\u00e9en des Musiques Juives","isPartOf":{"@id":"https:\/\/www.iemj.org\/de\/#website"},"primaryImageOfPage":{"@id":"https:\/\/www.iemj.org\/de\/veranstaltungen\/conference-internationale-de-la-musique-de-la-synagogue-portugaise-au-xixe-siecle-a-lere-de-rolf-lieberman-au-xxe-siecle\/#primaryimage"},"image":{"@id":"https:\/\/www.iemj.org\/de\/veranstaltungen\/conference-internationale-de-la-musique-de-la-synagogue-portugaise-au-xixe-siecle-a-lere-de-rolf-lieberman-au-xxe-siecle\/#primaryimage"},"thumbnailUrl":"https:\/\/www.iemj.org\/wp-content\/uploads\/2022\/02\/Conference-Hambourg.jpg","datePublished":"2022-02-22T13:40:37+00:00","dateModified":"2022-02-23T11:23:40+00:00","breadcrumb":{"@id":"https:\/\/www.iemj.org\/de\/veranstaltungen\/conference-internationale-de-la-musique-de-la-synagogue-portugaise-au-xixe-siecle-a-lere-de-rolf-lieberman-au-xxe-siecle\/#breadcrumb"},"inLanguage":"de","potentialAction":[{"@type":"ReadAction","target":["https:\/\/www.iemj.org\/de\/veranstaltungen\/conference-internationale-de-la-musique-de-la-synagogue-portugaise-au-xixe-siecle-a-lere-de-rolf-lieberman-au-xxe-siecle\/"]}]},{"@type":"ImageObject","inLanguage":"de","@id":"https:\/\/www.iemj.org\/de\/veranstaltungen\/conference-internationale-de-la-musique-de-la-synagogue-portugaise-au-xixe-siecle-a-lere-de-rolf-lieberman-au-xxe-siecle\/#primaryimage","url":"https:\/\/www.iemj.org\/wp-content\/uploads\/2022\/02\/Conference-Hambourg.jpg","contentUrl":"https:\/\/www.iemj.org\/wp-content\/uploads\/2022\/02\/Conference-Hambourg.jpg","width":494,"height":331},{"@type":"BreadcrumbList","@id":"https:\/\/www.iemj.org\/de\/veranstaltungen\/conference-internationale-de-la-musique-de-la-synagogue-portugaise-au-xixe-siecle-a-lere-de-rolf-lieberman-au-xxe-siecle\/#breadcrumb","itemListElement":[{"@type":"ListItem","position":1,"name":"Accueil","item":"https:\/\/www.iemj.org\/de\/"},{"@type":"ListItem","position":2,"name":"Veranstaltungen","item":"https:\/\/www.iemj.org\/de\/events\/"},{"@type":"ListItem","position":3,"name":"International conference \u2013 From the Music of the Portuguese synagogue in the 19th to the Rolf Lieberman Era in the 20th century"}]},{"@type":"WebSite","@id":"https:\/\/www.iemj.org\/de\/#website","url":"https:\/\/www.iemj.org\/de\/","name":"Institut Europ\u00e9en des Musiques Juives","description":"Des traditions musicales \u00e0 la port\u00e9e de tous","publisher":{"@id":"https:\/\/www.iemj.org\/de\/#organization"},"potentialAction":[{"@type":"SearchAction","target":{"@type":"EntryPoint","urlTemplate":"https:\/\/www.iemj.org\/de\/?s={search_term_string}"},"query-input":{"@type":"PropertyValueSpecification","valueRequired":true,"valueName":"search_term_string"}}],"inLanguage":"de"},{"@type":"Organization","@id":"https:\/\/www.iemj.org\/de\/#organization","name":"Institut Europ\u00e9en des Musiques Juives","url":"https:\/\/www.iemj.org\/de\/","logo":{"@type":"ImageObject","inLanguage":"de","@id":"https:\/\/www.iemj.org\/de\/#\/schema\/logo\/image\/","url":"https:\/\/www.iemj.org\/wp-content\/uploads\/2021\/09\/Logo-IEMJ-Paypal.jpg","contentUrl":"https:\/\/www.iemj.org\/wp-content\/uploads\/2021\/09\/Logo-IEMJ-Paypal.jpg","width":150,"height":50,"caption":"Institut Europ\u00e9en des Musiques Juives"},"image":{"@id":"https:\/\/www.iemj.org\/de\/#\/schema\/logo\/image\/"},"sameAs":["https:\/\/www.facebook.com\/MusiquesJuives\/","https:\/\/www.instagram.com\/musiquesjuives\/","https:\/\/www.youtube.com\/user\/musiquesjuives"]}]}},"_links":{"self":[{"href":"https:\/\/www.iemj.org\/de\/wp-json\/wp\/v2\/tribe_events\/81266","targetHints":{"allow":["GET"]}}],"collection":[{"href":"https:\/\/www.iemj.org\/de\/wp-json\/wp\/v2\/tribe_events"}],"about":[{"href":"https:\/\/www.iemj.org\/de\/wp-json\/wp\/v2\/types\/tribe_events"}],"author":[{"embeddable":true,"href":"https:\/\/www.iemj.org\/de\/wp-json\/wp\/v2\/users\/5"}],"version-history":[{"count":0,"href":"https:\/\/www.iemj.org\/de\/wp-json\/wp\/v2\/tribe_events\/81266\/revisions"}],"wp:featuredmedia":[{"embeddable":true,"href":"https:\/\/www.iemj.org\/de\/wp-json\/wp\/v2\/media\/81216"}],"wp:attachment":[{"href":"https:\/\/www.iemj.org\/de\/wp-json\/wp\/v2\/media?parent=81266"}],"wp:term":[{"taxonomy":"post_tag","embeddable":true,"href":"https:\/\/www.iemj.org\/de\/wp-json\/wp\/v2\/tags?post=81266"},{"taxonomy":"tribe_events_cat","embeddable":true,"href":"https:\/\/www.iemj.org\/de\/wp-json\/wp\/v2\/tribe_events_cat?post=81266"}],"curies":[{"name":"wp","href":"https:\/\/api.w.org\/{rel}","templated":true}]}}