{"id":84572,"date":"2022-05-19T11:28:12","date_gmt":"2022-05-19T09:28:12","guid":{"rendered":"https:\/\/www.iemj.org\/evenement\/la-nouvelle-ecole-juive-de-saint-petersbourg\/"},"modified":"2022-05-23T15:12:51","modified_gmt":"2022-05-23T13:12:51","slug":"la-nouvelle-ecole-juive-de-saint-petersbourg","status":"publish","type":"tribe_events","link":"https:\/\/www.iemj.org\/de\/veranstaltungen\/la-nouvelle-ecole-juive-de-saint-petersbourg\/","title":{"rendered":"DIE \u201eNEUE J\u00dcDISCHE SCHULE VON ST. PETERSBURG\u201c"},"content":{"rendered":"<h3 id=\"0-eael-table-of-content\" class=\"eael-heading-content\">Im Rahmen des 17. Festivals der J\u00fcdischen Kulturen<\/h3>\n<h2 id=\"3-eael-table-of-content\" class=\"paragraph eael-heading-content\"><span style=\"color: #3c4b98;\"><em><strong><span class=\"normaltextrun\">VOM INSTITUT EUROP\u00c9EN DES MUSIQUES JUIVES,<\/span><\/strong><\/em><\/span><\/h2>\n<h2 id=\"4-eael-table-of-content\" class=\"paragraph eael-heading-content\"><span style=\"color: #3c4b98;\"><em><strong><span class=\"normaltextrun\">DEN ARCHIVES NATIONALES UND DEM FSJU VORGESCHLAGT<\/span><\/strong><\/em><\/span><\/h2>\n<p style=\"text-align: left;\"><strong>Sarah Iancu<\/strong>, Cello<\/p>\n<p style=\"text-align: left;\"><strong>David Bismuth<\/strong>, Klavier<\/p>\n<p>2016 hatten Sarah Iancu, Solocellistin des Orchestre National de Toulouse und David Bismuth, Klaviervirtuose, ihres erste Opus\u00a0<strong><em>M\u00e9lodies h\u00e9bra\u00efques, volume 1\u00a0<\/em><\/strong><em>(hebr\u00e4ische Melodien, Band 1)\u00a0<\/em>an den Archives nationales (<em>Nationalarchiven<\/em>) im Rahmen des Festivals der j\u00fcdischen Kulturen vorgestellt.<\/p>\n<p>Sechs Jahre sp\u00e4ter empf\u00e4ngt das Festival sie mit vieler Freude zur\u00fcck, damit sie ihr zweites Opus vorstellen, vom Institut Europ\u00e9en des Musiques Juives produziert und zum gro\u00dfen Teil der Komponisten aus der \u201eNeuen j\u00fcdischen Schule von St. Petersburg\u201c gewidmet.<\/p>\n<div class=\"contenu\">\n<p>Sarah Iancu und David Bismuth laden euch zur Entdeckung von Komponisten wie Joel Engel, Alexander Krein, Lazare Saminski, Joachim Stoutchevski, Jacob Weinberg, Leo Zeitlin, die unter Einfluss von der russischen folkloristischen Bewegung um die 20. Jahrhundertwende, fingen an, jiddische Melodien und liturgische Lieder, die als Basis f\u00fcr ihre Kompositionen dienten, zu sammeln, aufzunehmen und zu transkribieren, um eine nationale j\u00fcdische Musik zu schaffen.<\/p>\n<p>Osteuropa war zu dieser Zeit ein Ort des Kunstexperiments, der sich vor allem in der jiddischen Literatur und im jiddischen Theater \u00e4u\u00dferte, wobei letzteres stark auf Lieder zur\u00fcckgriff, die schnell in das popul\u00e4re Repertoire einflossen.<\/p>\n<p>Diese jiddischen Lieder, die nach den Vereinigten Staaten importiert wurden, verursachten 1925 die Schaffung des Lieds\u00a0<em>My yiddish Momme<\/em>\u00a0von Jack Yellen, das ein weltweiter Hit wird.<\/p>\n<p>Diese Lieder, Meditationen, T\u00e4nze, Gebete, Psalmodien widerhallen von einer universellen Sch\u00f6nheit und sind f\u00fcr uns eine uferlose Inspirationsquelle.<\/p>\n<p><strong>Einheitstarif: 12 \u20ac<\/strong><\/p>\n<p><strong><a href=\"https:\/\/www.festivaldesculturesjuives.org\/billetterie\/\" target=\"_blank\" rel=\"noopener\">Online-Buchung<\/a><\/strong><\/p>\n<p><img decoding=\"async\" class=\"alignnone wp-image-84427\" src=\"https:\/\/www.iemj.org\/wp-content\/uploads\/2022\/05\/3-logos-partenaires-1-300x52.jpg\" alt=\"\" width=\"496\" height=\"86\" srcset=\"https:\/\/www.iemj.org\/wp-content\/uploads\/2022\/05\/3-logos-partenaires-1-300x52.jpg 300w, https:\/\/www.iemj.org\/wp-content\/uploads\/2022\/05\/3-logos-partenaires-1-768x134.jpg 768w, https:\/\/www.iemj.org\/wp-content\/uploads\/2022\/05\/3-logos-partenaires-1-600x105.jpg 600w, https:\/\/www.iemj.org\/wp-content\/uploads\/2022\/05\/3-logos-partenaires-1.jpg 860w\" sizes=\"(max-width: 496px) 100vw, 496px\" \/><\/p>\n<div class=\"wp-block-column\"><\/div>\n<\/div>\n","protected":false},"excerpt":{"rendered":"<p>Im Rahmen des 17. Festivals der J\u00fcdischen Kulturen VOM INSTITUT EUROP\u00c9EN DES MUSIQUES JUIVES, DEN ARCHIVES NATIONALES UND DEM FSJU VORGESCHLAGT Sarah Iancu, Cello David Bismuth, Klavier 2016 hatten Sarah<\/p>\n","protected":false},"author":5,"featured_media":84397,"template":"","meta":{"_acf_changed":false,"_tribe_events_status":"","_tribe_events_status_reason":"","_tribe_events_is_hybrid":"","_tribe_events_is_virtual":"","_tribe_events_virtual_video_source":"","_tribe_events_virtual_embed_video":"","_tribe_events_virtual_linked_button_text":"","_tribe_events_virtual_linked_button":"","_tribe_events_virtual_show_embed_at":"","_tribe_events_virtual_show_embed_to":[],"_tribe_events_virtual_show_on_event":"","_tribe_events_virtual_show_on_views":"","_tribe_events_virtual_url":"","footnotes":""},"tags":[],"tribe_events_cat":[1632,1629],"class_list":["post-84572","tribe_events","type-tribe_events","status-publish","has-post-thumbnail","hentry","tribe_events_cat-partnerveranstaltungen-de","tribe_events_cat-veranstaltungen-iemj-de","cat_partnerveranstaltungen-de","cat_veranstaltungen-iemj-de"],"acf":[],"yoast_head":"<!-- This site is optimized with the Yoast SEO plugin v27.3 - https:\/\/yoast.com\/product\/yoast-seo-wordpress\/ -->\n<title>DIE \u201eNEUE J\u00dcDISCHE SCHULE VON ST. PETERSBURG\u201c - Institut Europ\u00e9en des Musiques Juives<\/title>\n<meta name=\"robots\" content=\"index, follow, max-snippet:-1, max-image-preview:large, max-video-preview:-1\" \/>\n<link rel=\"canonical\" href=\"https:\/\/www.iemj.org\/de\/veranstaltungen\/la-nouvelle-ecole-juive-de-saint-petersbourg\/\" \/>\n<meta property=\"og:locale\" content=\"de_DE\" \/>\n<meta property=\"og:type\" content=\"article\" \/>\n<meta property=\"og:title\" content=\"DIE \u201eNEUE J\u00dcDISCHE SCHULE VON ST. PETERSBURG\u201c - Institut Europ\u00e9en des Musiques Juives\" \/>\n<meta property=\"og:description\" content=\"Im Rahmen des 17. Festivals der J\u00fcdischen Kulturen VOM INSTITUT EUROP\u00c9EN DES MUSIQUES JUIVES, DEN ARCHIVES NATIONALES UND DEM FSJU VORGESCHLAGT Sarah Iancu, Cello David Bismuth, Klavier 2016 hatten Sarah\" \/>\n<meta property=\"og:url\" content=\"https:\/\/www.iemj.org\/de\/veranstaltungen\/la-nouvelle-ecole-juive-de-saint-petersbourg\/\" \/>\n<meta property=\"og:site_name\" content=\"Institut Europ\u00e9en des Musiques Juives\" \/>\n<meta property=\"article:publisher\" content=\"https:\/\/www.facebook.com\/MusiquesJuives\/\" \/>\n<meta property=\"article:modified_time\" content=\"2022-05-23T13:12:51+00:00\" \/>\n<meta property=\"og:image\" content=\"https:\/\/www.iemj.org\/wp-content\/uploads\/2022\/05\/Logo-Concert-Archives-Nat._redim.jpg\" \/>\n\t<meta property=\"og:image:width\" content=\"440\" \/>\n\t<meta property=\"og:image:height\" content=\"250\" \/>\n\t<meta property=\"og:image:type\" content=\"image\/jpeg\" \/>\n<meta name=\"twitter:card\" content=\"summary_large_image\" \/>\n<meta name=\"twitter:label1\" content=\"Gesch\u00e4tzte Lesezeit\" \/>\n\t<meta name=\"twitter:data1\" content=\"2\u00a0Minuten\" \/>\n<script type=\"application\/ld+json\" class=\"yoast-schema-graph\">{\"@context\":\"https:\\\/\\\/schema.org\",\"@graph\":[{\"@type\":\"WebPage\",\"@id\":\"https:\\\/\\\/www.iemj.org\\\/de\\\/veranstaltungen\\\/la-nouvelle-ecole-juive-de-saint-petersbourg\\\/\",\"url\":\"https:\\\/\\\/www.iemj.org\\\/de\\\/veranstaltungen\\\/la-nouvelle-ecole-juive-de-saint-petersbourg\\\/\",\"name\":\"DIE \u201eNEUE J\u00dcDISCHE SCHULE VON ST. PETERSBURG\u201c - Institut Europ\u00e9en des Musiques Juives\",\"isPartOf\":{\"@id\":\"https:\\\/\\\/www.iemj.org\\\/de\\\/#website\"},\"primaryImageOfPage\":{\"@id\":\"https:\\\/\\\/www.iemj.org\\\/de\\\/veranstaltungen\\\/la-nouvelle-ecole-juive-de-saint-petersbourg\\\/#primaryimage\"},\"image\":{\"@id\":\"https:\\\/\\\/www.iemj.org\\\/de\\\/veranstaltungen\\\/la-nouvelle-ecole-juive-de-saint-petersbourg\\\/#primaryimage\"},\"thumbnailUrl\":\"https:\\\/\\\/www.iemj.org\\\/wp-content\\\/uploads\\\/2022\\\/05\\\/Logo-Concert-Archives-Nat._redim.jpg\",\"datePublished\":\"2022-05-19T09:28:12+00:00\",\"dateModified\":\"2022-05-23T13:12:51+00:00\",\"breadcrumb\":{\"@id\":\"https:\\\/\\\/www.iemj.org\\\/de\\\/veranstaltungen\\\/la-nouvelle-ecole-juive-de-saint-petersbourg\\\/#breadcrumb\"},\"inLanguage\":\"de\",\"potentialAction\":[{\"@type\":\"ReadAction\",\"target\":[\"https:\\\/\\\/www.iemj.org\\\/de\\\/veranstaltungen\\\/la-nouvelle-ecole-juive-de-saint-petersbourg\\\/\"]}]},{\"@type\":\"ImageObject\",\"inLanguage\":\"de\",\"@id\":\"https:\\\/\\\/www.iemj.org\\\/de\\\/veranstaltungen\\\/la-nouvelle-ecole-juive-de-saint-petersbourg\\\/#primaryimage\",\"url\":\"https:\\\/\\\/www.iemj.org\\\/wp-content\\\/uploads\\\/2022\\\/05\\\/Logo-Concert-Archives-Nat._redim.jpg\",\"contentUrl\":\"https:\\\/\\\/www.iemj.org\\\/wp-content\\\/uploads\\\/2022\\\/05\\\/Logo-Concert-Archives-Nat._redim.jpg\",\"width\":440,\"height\":250},{\"@type\":\"BreadcrumbList\",\"@id\":\"https:\\\/\\\/www.iemj.org\\\/de\\\/veranstaltungen\\\/la-nouvelle-ecole-juive-de-saint-petersbourg\\\/#breadcrumb\",\"itemListElement\":[{\"@type\":\"ListItem\",\"position\":1,\"name\":\"Accueil\",\"item\":\"https:\\\/\\\/www.iemj.org\\\/de\\\/\"},{\"@type\":\"ListItem\",\"position\":2,\"name\":\"Veranstaltungen\",\"item\":\"https:\\\/\\\/www.iemj.org\\\/de\\\/events\\\/\"},{\"@type\":\"ListItem\",\"position\":3,\"name\":\"DIE \u201eNEUE J\u00dcDISCHE SCHULE VON ST. PETERSBURG\u201c\"}]},{\"@type\":\"WebSite\",\"@id\":\"https:\\\/\\\/www.iemj.org\\\/de\\\/#website\",\"url\":\"https:\\\/\\\/www.iemj.org\\\/de\\\/\",\"name\":\"Institut Europ\u00e9en des Musiques Juives\",\"description\":\"Des traditions musicales \u00e0 la port\u00e9e de tous\",\"publisher\":{\"@id\":\"https:\\\/\\\/www.iemj.org\\\/de\\\/#organization\"},\"potentialAction\":[{\"@type\":\"SearchAction\",\"target\":{\"@type\":\"EntryPoint\",\"urlTemplate\":\"https:\\\/\\\/www.iemj.org\\\/de\\\/?s={search_term_string}\"},\"query-input\":{\"@type\":\"PropertyValueSpecification\",\"valueRequired\":true,\"valueName\":\"search_term_string\"}}],\"inLanguage\":\"de\"},{\"@type\":\"Organization\",\"@id\":\"https:\\\/\\\/www.iemj.org\\\/de\\\/#organization\",\"name\":\"Institut Europ\u00e9en des Musiques Juives\",\"url\":\"https:\\\/\\\/www.iemj.org\\\/de\\\/\",\"logo\":{\"@type\":\"ImageObject\",\"inLanguage\":\"de\",\"@id\":\"https:\\\/\\\/www.iemj.org\\\/de\\\/#\\\/schema\\\/logo\\\/image\\\/\",\"url\":\"https:\\\/\\\/www.iemj.org\\\/wp-content\\\/uploads\\\/2021\\\/09\\\/Logo-IEMJ-Paypal.jpg\",\"contentUrl\":\"https:\\\/\\\/www.iemj.org\\\/wp-content\\\/uploads\\\/2021\\\/09\\\/Logo-IEMJ-Paypal.jpg\",\"width\":150,\"height\":50,\"caption\":\"Institut Europ\u00e9en des Musiques Juives\"},\"image\":{\"@id\":\"https:\\\/\\\/www.iemj.org\\\/de\\\/#\\\/schema\\\/logo\\\/image\\\/\"},\"sameAs\":[\"https:\\\/\\\/www.facebook.com\\\/MusiquesJuives\\\/\",\"https:\\\/\\\/www.instagram.com\\\/musiquesjuives\\\/\",\"https:\\\/\\\/www.youtube.com\\\/user\\\/musiquesjuives\"]}]}<\/script>\n<!-- \/ Yoast SEO plugin. -->","yoast_head_json":{"title":"DIE \u201eNEUE J\u00dcDISCHE SCHULE VON ST. PETERSBURG\u201c - Institut Europ\u00e9en des Musiques Juives","robots":{"index":"index","follow":"follow","max-snippet":"max-snippet:-1","max-image-preview":"max-image-preview:large","max-video-preview":"max-video-preview:-1"},"canonical":"https:\/\/www.iemj.org\/de\/veranstaltungen\/la-nouvelle-ecole-juive-de-saint-petersbourg\/","og_locale":"de_DE","og_type":"article","og_title":"DIE \u201eNEUE J\u00dcDISCHE SCHULE VON ST. PETERSBURG\u201c - Institut Europ\u00e9en des Musiques Juives","og_description":"Im Rahmen des 17. Festivals der J\u00fcdischen Kulturen VOM INSTITUT EUROP\u00c9EN DES MUSIQUES JUIVES, DEN ARCHIVES NATIONALES UND DEM FSJU VORGESCHLAGT Sarah Iancu, Cello David Bismuth, Klavier 2016 hatten Sarah","og_url":"https:\/\/www.iemj.org\/de\/veranstaltungen\/la-nouvelle-ecole-juive-de-saint-petersbourg\/","og_site_name":"Institut Europ\u00e9en des Musiques Juives","article_publisher":"https:\/\/www.facebook.com\/MusiquesJuives\/","article_modified_time":"2022-05-23T13:12:51+00:00","og_image":[{"width":440,"height":250,"url":"https:\/\/www.iemj.org\/wp-content\/uploads\/2022\/05\/Logo-Concert-Archives-Nat._redim.jpg","type":"image\/jpeg"}],"twitter_card":"summary_large_image","twitter_misc":{"Gesch\u00e4tzte Lesezeit":"2\u00a0Minuten"},"schema":{"@context":"https:\/\/schema.org","@graph":[{"@type":"WebPage","@id":"https:\/\/www.iemj.org\/de\/veranstaltungen\/la-nouvelle-ecole-juive-de-saint-petersbourg\/","url":"https:\/\/www.iemj.org\/de\/veranstaltungen\/la-nouvelle-ecole-juive-de-saint-petersbourg\/","name":"DIE \u201eNEUE J\u00dcDISCHE SCHULE VON ST. PETERSBURG\u201c - Institut Europ\u00e9en des Musiques Juives","isPartOf":{"@id":"https:\/\/www.iemj.org\/de\/#website"},"primaryImageOfPage":{"@id":"https:\/\/www.iemj.org\/de\/veranstaltungen\/la-nouvelle-ecole-juive-de-saint-petersbourg\/#primaryimage"},"image":{"@id":"https:\/\/www.iemj.org\/de\/veranstaltungen\/la-nouvelle-ecole-juive-de-saint-petersbourg\/#primaryimage"},"thumbnailUrl":"https:\/\/www.iemj.org\/wp-content\/uploads\/2022\/05\/Logo-Concert-Archives-Nat._redim.jpg","datePublished":"2022-05-19T09:28:12+00:00","dateModified":"2022-05-23T13:12:51+00:00","breadcrumb":{"@id":"https:\/\/www.iemj.org\/de\/veranstaltungen\/la-nouvelle-ecole-juive-de-saint-petersbourg\/#breadcrumb"},"inLanguage":"de","potentialAction":[{"@type":"ReadAction","target":["https:\/\/www.iemj.org\/de\/veranstaltungen\/la-nouvelle-ecole-juive-de-saint-petersbourg\/"]}]},{"@type":"ImageObject","inLanguage":"de","@id":"https:\/\/www.iemj.org\/de\/veranstaltungen\/la-nouvelle-ecole-juive-de-saint-petersbourg\/#primaryimage","url":"https:\/\/www.iemj.org\/wp-content\/uploads\/2022\/05\/Logo-Concert-Archives-Nat._redim.jpg","contentUrl":"https:\/\/www.iemj.org\/wp-content\/uploads\/2022\/05\/Logo-Concert-Archives-Nat._redim.jpg","width":440,"height":250},{"@type":"BreadcrumbList","@id":"https:\/\/www.iemj.org\/de\/veranstaltungen\/la-nouvelle-ecole-juive-de-saint-petersbourg\/#breadcrumb","itemListElement":[{"@type":"ListItem","position":1,"name":"Accueil","item":"https:\/\/www.iemj.org\/de\/"},{"@type":"ListItem","position":2,"name":"Veranstaltungen","item":"https:\/\/www.iemj.org\/de\/events\/"},{"@type":"ListItem","position":3,"name":"DIE \u201eNEUE J\u00dcDISCHE SCHULE VON ST. PETERSBURG\u201c"}]},{"@type":"WebSite","@id":"https:\/\/www.iemj.org\/de\/#website","url":"https:\/\/www.iemj.org\/de\/","name":"Institut Europ\u00e9en des Musiques Juives","description":"Des traditions musicales \u00e0 la port\u00e9e de tous","publisher":{"@id":"https:\/\/www.iemj.org\/de\/#organization"},"potentialAction":[{"@type":"SearchAction","target":{"@type":"EntryPoint","urlTemplate":"https:\/\/www.iemj.org\/de\/?s={search_term_string}"},"query-input":{"@type":"PropertyValueSpecification","valueRequired":true,"valueName":"search_term_string"}}],"inLanguage":"de"},{"@type":"Organization","@id":"https:\/\/www.iemj.org\/de\/#organization","name":"Institut Europ\u00e9en des Musiques Juives","url":"https:\/\/www.iemj.org\/de\/","logo":{"@type":"ImageObject","inLanguage":"de","@id":"https:\/\/www.iemj.org\/de\/#\/schema\/logo\/image\/","url":"https:\/\/www.iemj.org\/wp-content\/uploads\/2021\/09\/Logo-IEMJ-Paypal.jpg","contentUrl":"https:\/\/www.iemj.org\/wp-content\/uploads\/2021\/09\/Logo-IEMJ-Paypal.jpg","width":150,"height":50,"caption":"Institut Europ\u00e9en des Musiques Juives"},"image":{"@id":"https:\/\/www.iemj.org\/de\/#\/schema\/logo\/image\/"},"sameAs":["https:\/\/www.facebook.com\/MusiquesJuives\/","https:\/\/www.instagram.com\/musiquesjuives\/","https:\/\/www.youtube.com\/user\/musiquesjuives"]}]}},"_links":{"self":[{"href":"https:\/\/www.iemj.org\/de\/wp-json\/wp\/v2\/tribe_events\/84572","targetHints":{"allow":["GET"]}}],"collection":[{"href":"https:\/\/www.iemj.org\/de\/wp-json\/wp\/v2\/tribe_events"}],"about":[{"href":"https:\/\/www.iemj.org\/de\/wp-json\/wp\/v2\/types\/tribe_events"}],"author":[{"embeddable":true,"href":"https:\/\/www.iemj.org\/de\/wp-json\/wp\/v2\/users\/5"}],"version-history":[{"count":0,"href":"https:\/\/www.iemj.org\/de\/wp-json\/wp\/v2\/tribe_events\/84572\/revisions"}],"wp:featuredmedia":[{"embeddable":true,"href":"https:\/\/www.iemj.org\/de\/wp-json\/wp\/v2\/media\/84397"}],"wp:attachment":[{"href":"https:\/\/www.iemj.org\/de\/wp-json\/wp\/v2\/media?parent=84572"}],"wp:term":[{"taxonomy":"post_tag","embeddable":true,"href":"https:\/\/www.iemj.org\/de\/wp-json\/wp\/v2\/tags?post=84572"},{"taxonomy":"tribe_events_cat","embeddable":true,"href":"https:\/\/www.iemj.org\/de\/wp-json\/wp\/v2\/tribe_events_cat?post=84572"}],"curies":[{"name":"wp","href":"https:\/\/api.w.org\/{rel}","templated":true}]}}