{"id":85367,"date":"2022-06-09T12:12:17","date_gmt":"2022-06-09T10:12:17","guid":{"rendered":"https:\/\/www.iemj.org\/evenement\/l-es-assocs-en-fete\/"},"modified":"2022-06-14T16:45:03","modified_gmt":"2022-06-14T14:45:03","slug":"l-es-assocs-en-fete","status":"publish","type":"tribe_events","link":"https:\/\/www.iemj.org\/de\/veranstaltungen\/l-es-assocs-en-fete\/","title":{"rendered":"Les Assoc\u2019s en f\u00eate"},"content":{"rendered":"<p><strong>Programm vorgeschlagen vom Kollektiv Yiddish sans Fronti\u00e8re, der Stadtverwaltung von Paris Centre und dem FSJU mit der Beteiligung der Mitglieder.<\/strong><\/p>\n<p>Mit u.a. Vereinigungen: Aki Estamos, Al Syete, Amis de la CCE, Centre Medem, Cercle Bernard Lazare, Libert\u00e9 du Juda\u00efsme, Maison de la Culture Yiddish, OSE, FSJU-AUJF, <span style=\"color: #3c4b98;\"><strong>Institut Europ\u00e9en des Musiques Juives<\/strong><\/span><strong>*<\/strong>, Les Amis d&#8217;Odessa, M\u00e9morial de la Shoah Union AC et Cercil, Passerelles, Transmosa\u00efk, Yiddish mama&#8230;<\/p>\n<p><strong>Die R\u00fcckkehr<\/strong><\/p>\n<p>Nach zwei Jahren Abwesenheit werden die Vereinigungen ihre Erinnerungs-, Geschichts- und Kulturarbeit vorstellen und mit gewohntem Enthusiasmus dem Publikum begegnen. Ein Tag des Austauschs, der Kontakte, der Erinnerungen, des Lebens! St\u00e4nde, B\u00fccher, Animationen, Begegnungen, Signieren von Werken, Tombola, Verpflegung, etc.<\/p>\n<p>&#8211; <strong>12.00 Uhr<\/strong>: Empfang des Publikums, Verpflegung, Animationen.<\/p>\n<p>&#8211; <strong>14.00 Uhr<\/strong>: Pr\u00e4sentationen des B\u00fcrgermeisters von Paris Centre, der FSJU und YsF.<\/p>\n<p>Die Vereinigungen AACCE, Centre Medem, Cercil, Maison de la Culture Yiddish und OSE werden im Laufe des Nachmittags einige Minuten lang ihre Projekte vorstellen.<\/p>\n<p>&#8211; <strong>15.00 Uhr<\/strong>: Begegnung zum Thema des Festivals \u201eErbschaften\u201c.<\/p>\n<p>H\u00e9lios Azoulay, Komponist, Musiker, Schriftsteller<\/p>\n<p>Guy Konopnicki, Journalist, Schriftsteller<\/p>\n<p>Micha\u00ebl Prazan, Regisseur, Schriftsteller<\/p>\n<p>Henri Raczymow, Schriftsteller (unter Vorbehalt).<\/p>\n<p>Sie werden ihre k\u00fcrzlich erschienenen B\u00fccher signieren.<\/p>\n<p>&#8211; <strong>16.30 Uhr<\/strong>: Vorf\u00fchrung von Talilas DVD \u201eNotre langue d&#8217;int\u00e9rieur\u201c, die von YsF produziert wurde, in Anwesenheit der Autorin und ihrer Tochter, der Regisseurin und Schauspielerin Flore Taguiev. Zwei Generationen kreuzen ihre Erinnerungen&#8230;<\/p>\n<p>Diese Begegnungen werden von Lise Amiel-Gutmann moderiert.<\/p>\n<p>&#8211; <strong>18.00 Uhr<\/strong>: Abschlussveranstaltung<\/p>\n<p>Eintritt frei<\/p>\n<p>* <span style=\"color: #3c4b98;\"><em>Finden Sie das <\/em><strong><em>Institut Europ\u00e9en des Musiques Juives\u00a0<\/em><\/strong><em>an der Journ\u00e9e des Associations wieder, die Gelegenheit, die geleistete Arbeit vorzustellen und CDs zum Sonderpreis zu kaufen<\/em><\/span><\/p>\n","protected":false},"excerpt":{"rendered":"<p>Programm vorgeschlagen vom Kollektiv Yiddish sans Fronti\u00e8re, der Stadtverwaltung von Paris Centre und dem FSJU mit der Beteiligung der Mitglieder. Mit u.a. Vereinigungen: Aki Estamos, Al Syete, Amis de la<\/p>\n","protected":false},"author":5,"featured_media":85419,"template":"","meta":{"_acf_changed":false,"_tribe_events_status":"","_tribe_events_status_reason":"","_tribe_events_is_hybrid":"","_tribe_events_is_virtual":"","_tribe_events_virtual_video_source":"","_tribe_events_virtual_embed_video":"","_tribe_events_virtual_linked_button_text":"","_tribe_events_virtual_linked_button":"","_tribe_events_virtual_show_embed_at":"","_tribe_events_virtual_show_embed_to":[],"_tribe_events_virtual_show_on_event":"","_tribe_events_virtual_show_on_views":"","_tribe_events_virtual_url":"","footnotes":""},"tags":[],"tribe_events_cat":[],"class_list":["post-85367","tribe_events","type-tribe_events","status-publish","has-post-thumbnail","hentry"],"acf":[],"yoast_head":"<!-- This site is optimized with the Yoast SEO plugin v27.3 - https:\/\/yoast.com\/product\/yoast-seo-wordpress\/ -->\n<title>Les Assoc\u2019s en f\u00eate - Institut Europ\u00e9en des Musiques Juives<\/title>\n<meta name=\"robots\" content=\"index, follow, max-snippet:-1, max-image-preview:large, max-video-preview:-1\" \/>\n<link rel=\"canonical\" href=\"https:\/\/www.iemj.org\/de\/veranstaltungen\/l-es-assocs-en-fete\/\" \/>\n<meta property=\"og:locale\" content=\"de_DE\" \/>\n<meta property=\"og:type\" content=\"article\" \/>\n<meta property=\"og:title\" content=\"Les Assoc\u2019s en f\u00eate - Institut Europ\u00e9en des Musiques Juives\" \/>\n<meta property=\"og:description\" content=\"Programm vorgeschlagen vom Kollektiv Yiddish sans Fronti\u00e8re, der Stadtverwaltung von Paris Centre und dem FSJU mit der Beteiligung der Mitglieder. Mit u.a. Vereinigungen: Aki Estamos, Al Syete, Amis de la\" \/>\n<meta property=\"og:url\" content=\"https:\/\/www.iemj.org\/de\/veranstaltungen\/l-es-assocs-en-fete\/\" \/>\n<meta property=\"og:site_name\" content=\"Institut Europ\u00e9en des Musiques Juives\" \/>\n<meta property=\"article:publisher\" content=\"https:\/\/www.facebook.com\/MusiquesJuives\/\" \/>\n<meta property=\"article:modified_time\" content=\"2022-06-14T14:45:03+00:00\" \/>\n<meta property=\"og:image\" content=\"https:\/\/www.iemj.org\/wp-content\/uploads\/2022\/06\/Les-Assoc-en-Fete_2022_Logo-site-carre.jpg\" \/>\n\t<meta property=\"og:image:width\" content=\"350\" \/>\n\t<meta property=\"og:image:height\" content=\"350\" \/>\n\t<meta property=\"og:image:type\" content=\"image\/jpeg\" \/>\n<meta name=\"twitter:card\" content=\"summary_large_image\" \/>\n<meta name=\"twitter:label1\" content=\"Gesch\u00e4tzte Lesezeit\" \/>\n\t<meta name=\"twitter:data1\" content=\"2\u00a0Minuten\" \/>\n<script type=\"application\/ld+json\" class=\"yoast-schema-graph\">{\"@context\":\"https:\\\/\\\/schema.org\",\"@graph\":[{\"@type\":\"WebPage\",\"@id\":\"https:\\\/\\\/www.iemj.org\\\/de\\\/veranstaltungen\\\/l-es-assocs-en-fete\\\/\",\"url\":\"https:\\\/\\\/www.iemj.org\\\/de\\\/veranstaltungen\\\/l-es-assocs-en-fete\\\/\",\"name\":\"Les Assoc\u2019s en f\u00eate - Institut Europ\u00e9en des Musiques Juives\",\"isPartOf\":{\"@id\":\"https:\\\/\\\/www.iemj.org\\\/de\\\/#website\"},\"primaryImageOfPage\":{\"@id\":\"https:\\\/\\\/www.iemj.org\\\/de\\\/veranstaltungen\\\/l-es-assocs-en-fete\\\/#primaryimage\"},\"image\":{\"@id\":\"https:\\\/\\\/www.iemj.org\\\/de\\\/veranstaltungen\\\/l-es-assocs-en-fete\\\/#primaryimage\"},\"thumbnailUrl\":\"https:\\\/\\\/www.iemj.org\\\/wp-content\\\/uploads\\\/2022\\\/06\\\/Les-Assoc-en-Fete_2022_Logo-site-carre.jpg\",\"datePublished\":\"2022-06-09T10:12:17+00:00\",\"dateModified\":\"2022-06-14T14:45:03+00:00\",\"breadcrumb\":{\"@id\":\"https:\\\/\\\/www.iemj.org\\\/de\\\/veranstaltungen\\\/l-es-assocs-en-fete\\\/#breadcrumb\"},\"inLanguage\":\"de\",\"potentialAction\":[{\"@type\":\"ReadAction\",\"target\":[\"https:\\\/\\\/www.iemj.org\\\/de\\\/veranstaltungen\\\/l-es-assocs-en-fete\\\/\"]}]},{\"@type\":\"ImageObject\",\"inLanguage\":\"de\",\"@id\":\"https:\\\/\\\/www.iemj.org\\\/de\\\/veranstaltungen\\\/l-es-assocs-en-fete\\\/#primaryimage\",\"url\":\"https:\\\/\\\/www.iemj.org\\\/wp-content\\\/uploads\\\/2022\\\/06\\\/Les-Assoc-en-Fete_2022_Logo-site-carre.jpg\",\"contentUrl\":\"https:\\\/\\\/www.iemj.org\\\/wp-content\\\/uploads\\\/2022\\\/06\\\/Les-Assoc-en-Fete_2022_Logo-site-carre.jpg\",\"width\":350,\"height\":350},{\"@type\":\"BreadcrumbList\",\"@id\":\"https:\\\/\\\/www.iemj.org\\\/de\\\/veranstaltungen\\\/l-es-assocs-en-fete\\\/#breadcrumb\",\"itemListElement\":[{\"@type\":\"ListItem\",\"position\":1,\"name\":\"Accueil\",\"item\":\"https:\\\/\\\/www.iemj.org\\\/de\\\/\"},{\"@type\":\"ListItem\",\"position\":2,\"name\":\"Veranstaltungen\",\"item\":\"https:\\\/\\\/www.iemj.org\\\/de\\\/events\\\/\"},{\"@type\":\"ListItem\",\"position\":3,\"name\":\"Les Assoc\u2019s en f\u00eate\"}]},{\"@type\":\"WebSite\",\"@id\":\"https:\\\/\\\/www.iemj.org\\\/de\\\/#website\",\"url\":\"https:\\\/\\\/www.iemj.org\\\/de\\\/\",\"name\":\"Institut Europ\u00e9en des Musiques Juives\",\"description\":\"Des traditions musicales \u00e0 la port\u00e9e de tous\",\"publisher\":{\"@id\":\"https:\\\/\\\/www.iemj.org\\\/de\\\/#organization\"},\"potentialAction\":[{\"@type\":\"SearchAction\",\"target\":{\"@type\":\"EntryPoint\",\"urlTemplate\":\"https:\\\/\\\/www.iemj.org\\\/de\\\/?s={search_term_string}\"},\"query-input\":{\"@type\":\"PropertyValueSpecification\",\"valueRequired\":true,\"valueName\":\"search_term_string\"}}],\"inLanguage\":\"de\"},{\"@type\":\"Organization\",\"@id\":\"https:\\\/\\\/www.iemj.org\\\/de\\\/#organization\",\"name\":\"Institut Europ\u00e9en des Musiques Juives\",\"url\":\"https:\\\/\\\/www.iemj.org\\\/de\\\/\",\"logo\":{\"@type\":\"ImageObject\",\"inLanguage\":\"de\",\"@id\":\"https:\\\/\\\/www.iemj.org\\\/de\\\/#\\\/schema\\\/logo\\\/image\\\/\",\"url\":\"https:\\\/\\\/www.iemj.org\\\/wp-content\\\/uploads\\\/2021\\\/09\\\/Logo-IEMJ-Paypal.jpg\",\"contentUrl\":\"https:\\\/\\\/www.iemj.org\\\/wp-content\\\/uploads\\\/2021\\\/09\\\/Logo-IEMJ-Paypal.jpg\",\"width\":150,\"height\":50,\"caption\":\"Institut Europ\u00e9en des Musiques Juives\"},\"image\":{\"@id\":\"https:\\\/\\\/www.iemj.org\\\/de\\\/#\\\/schema\\\/logo\\\/image\\\/\"},\"sameAs\":[\"https:\\\/\\\/www.facebook.com\\\/MusiquesJuives\\\/\",\"https:\\\/\\\/www.instagram.com\\\/musiquesjuives\\\/\",\"https:\\\/\\\/www.youtube.com\\\/user\\\/musiquesjuives\"]}]}<\/script>\n<!-- \/ Yoast SEO plugin. -->","yoast_head_json":{"title":"Les Assoc\u2019s en f\u00eate - Institut Europ\u00e9en des Musiques Juives","robots":{"index":"index","follow":"follow","max-snippet":"max-snippet:-1","max-image-preview":"max-image-preview:large","max-video-preview":"max-video-preview:-1"},"canonical":"https:\/\/www.iemj.org\/de\/veranstaltungen\/l-es-assocs-en-fete\/","og_locale":"de_DE","og_type":"article","og_title":"Les Assoc\u2019s en f\u00eate - Institut Europ\u00e9en des Musiques Juives","og_description":"Programm vorgeschlagen vom Kollektiv Yiddish sans Fronti\u00e8re, der Stadtverwaltung von Paris Centre und dem FSJU mit der Beteiligung der Mitglieder. Mit u.a. Vereinigungen: Aki Estamos, Al Syete, Amis de la","og_url":"https:\/\/www.iemj.org\/de\/veranstaltungen\/l-es-assocs-en-fete\/","og_site_name":"Institut Europ\u00e9en des Musiques Juives","article_publisher":"https:\/\/www.facebook.com\/MusiquesJuives\/","article_modified_time":"2022-06-14T14:45:03+00:00","og_image":[{"width":350,"height":350,"url":"https:\/\/www.iemj.org\/wp-content\/uploads\/2022\/06\/Les-Assoc-en-Fete_2022_Logo-site-carre.jpg","type":"image\/jpeg"}],"twitter_card":"summary_large_image","twitter_misc":{"Gesch\u00e4tzte Lesezeit":"2\u00a0Minuten"},"schema":{"@context":"https:\/\/schema.org","@graph":[{"@type":"WebPage","@id":"https:\/\/www.iemj.org\/de\/veranstaltungen\/l-es-assocs-en-fete\/","url":"https:\/\/www.iemj.org\/de\/veranstaltungen\/l-es-assocs-en-fete\/","name":"Les Assoc\u2019s en f\u00eate - Institut Europ\u00e9en des Musiques Juives","isPartOf":{"@id":"https:\/\/www.iemj.org\/de\/#website"},"primaryImageOfPage":{"@id":"https:\/\/www.iemj.org\/de\/veranstaltungen\/l-es-assocs-en-fete\/#primaryimage"},"image":{"@id":"https:\/\/www.iemj.org\/de\/veranstaltungen\/l-es-assocs-en-fete\/#primaryimage"},"thumbnailUrl":"https:\/\/www.iemj.org\/wp-content\/uploads\/2022\/06\/Les-Assoc-en-Fete_2022_Logo-site-carre.jpg","datePublished":"2022-06-09T10:12:17+00:00","dateModified":"2022-06-14T14:45:03+00:00","breadcrumb":{"@id":"https:\/\/www.iemj.org\/de\/veranstaltungen\/l-es-assocs-en-fete\/#breadcrumb"},"inLanguage":"de","potentialAction":[{"@type":"ReadAction","target":["https:\/\/www.iemj.org\/de\/veranstaltungen\/l-es-assocs-en-fete\/"]}]},{"@type":"ImageObject","inLanguage":"de","@id":"https:\/\/www.iemj.org\/de\/veranstaltungen\/l-es-assocs-en-fete\/#primaryimage","url":"https:\/\/www.iemj.org\/wp-content\/uploads\/2022\/06\/Les-Assoc-en-Fete_2022_Logo-site-carre.jpg","contentUrl":"https:\/\/www.iemj.org\/wp-content\/uploads\/2022\/06\/Les-Assoc-en-Fete_2022_Logo-site-carre.jpg","width":350,"height":350},{"@type":"BreadcrumbList","@id":"https:\/\/www.iemj.org\/de\/veranstaltungen\/l-es-assocs-en-fete\/#breadcrumb","itemListElement":[{"@type":"ListItem","position":1,"name":"Accueil","item":"https:\/\/www.iemj.org\/de\/"},{"@type":"ListItem","position":2,"name":"Veranstaltungen","item":"https:\/\/www.iemj.org\/de\/events\/"},{"@type":"ListItem","position":3,"name":"Les Assoc\u2019s en f\u00eate"}]},{"@type":"WebSite","@id":"https:\/\/www.iemj.org\/de\/#website","url":"https:\/\/www.iemj.org\/de\/","name":"Institut Europ\u00e9en des Musiques Juives","description":"Des traditions musicales \u00e0 la port\u00e9e de tous","publisher":{"@id":"https:\/\/www.iemj.org\/de\/#organization"},"potentialAction":[{"@type":"SearchAction","target":{"@type":"EntryPoint","urlTemplate":"https:\/\/www.iemj.org\/de\/?s={search_term_string}"},"query-input":{"@type":"PropertyValueSpecification","valueRequired":true,"valueName":"search_term_string"}}],"inLanguage":"de"},{"@type":"Organization","@id":"https:\/\/www.iemj.org\/de\/#organization","name":"Institut Europ\u00e9en des Musiques Juives","url":"https:\/\/www.iemj.org\/de\/","logo":{"@type":"ImageObject","inLanguage":"de","@id":"https:\/\/www.iemj.org\/de\/#\/schema\/logo\/image\/","url":"https:\/\/www.iemj.org\/wp-content\/uploads\/2021\/09\/Logo-IEMJ-Paypal.jpg","contentUrl":"https:\/\/www.iemj.org\/wp-content\/uploads\/2021\/09\/Logo-IEMJ-Paypal.jpg","width":150,"height":50,"caption":"Institut Europ\u00e9en des Musiques Juives"},"image":{"@id":"https:\/\/www.iemj.org\/de\/#\/schema\/logo\/image\/"},"sameAs":["https:\/\/www.facebook.com\/MusiquesJuives\/","https:\/\/www.instagram.com\/musiquesjuives\/","https:\/\/www.youtube.com\/user\/musiquesjuives"]}]}},"_links":{"self":[{"href":"https:\/\/www.iemj.org\/de\/wp-json\/wp\/v2\/tribe_events\/85367","targetHints":{"allow":["GET"]}}],"collection":[{"href":"https:\/\/www.iemj.org\/de\/wp-json\/wp\/v2\/tribe_events"}],"about":[{"href":"https:\/\/www.iemj.org\/de\/wp-json\/wp\/v2\/types\/tribe_events"}],"author":[{"embeddable":true,"href":"https:\/\/www.iemj.org\/de\/wp-json\/wp\/v2\/users\/5"}],"version-history":[{"count":0,"href":"https:\/\/www.iemj.org\/de\/wp-json\/wp\/v2\/tribe_events\/85367\/revisions"}],"wp:featuredmedia":[{"embeddable":true,"href":"https:\/\/www.iemj.org\/de\/wp-json\/wp\/v2\/media\/85419"}],"wp:attachment":[{"href":"https:\/\/www.iemj.org\/de\/wp-json\/wp\/v2\/media?parent=85367"}],"wp:term":[{"taxonomy":"post_tag","embeddable":true,"href":"https:\/\/www.iemj.org\/de\/wp-json\/wp\/v2\/tags?post=85367"},{"taxonomy":"tribe_events_cat","embeddable":true,"href":"https:\/\/www.iemj.org\/de\/wp-json\/wp\/v2\/tribe_events_cat?post=85367"}],"curies":[{"name":"wp","href":"https:\/\/api.w.org\/{rel}","templated":true}]}}