{"id":130430,"date":"2024-06-16T18:37:00","date_gmt":"2024-06-16T16:37:00","guid":{"rendered":"https:\/\/www.iemj.org\/discover\/guided-tours\/la-musique-des-juifs-du-maghreb\/"},"modified":"2026-02-23T16:32:21","modified_gmt":"2026-02-23T15:32:21","slug":"la-musique-des-juifs-du-maghreb","status":"publish","type":"page","link":"https:\/\/www.iemj.org\/en\/discover\/guided-tours\/la-musique-des-juifs-du-maghreb\/","title":{"rendered":"The music of the Jews of the Maghreb"},"content":{"rendered":"\n<div class=\"wp-block-cp-timeline-content-timeline-block Cool-Content-Timeline\"><div class=\"cool-timeline-block-40374201-73f7-4db3-8461-0301e8774133\"><style>.cool-timeline-block-40374201-73f7-4db3-8461-0301e8774133 .cool-vertical-timeline-body{--ctlb-date-fontsize: 18px;--ctlb-date-line-height: 25px;--ctlb-date-color: #000;--ctlb-head-font-size: 18px;--ctlb-heading-color: #000;--ctlb-sub-head-font-size: 14px;--ctlb-sub-heading-color: #000;--ctlb-line-color: #3b4395;--ctlb-icon-bg: #3b4395;--ctlb-story-border-color: #3b4395;}<\/style><div class=\"cool-vertical-timeline-body ctlb-wrapper both-sided left\"><div class=\"cool-timeline-block-list\">\n<div class=\"wp-block-cp-timeline-content-timeline-block-child swiper-slide\"><div class=\"timeline-content icon-false \"><div class=\"timeline-block-timeline ctl-row  position-right\"><div class=\"ctl-6 timeline-block-time\"><div class=\"story-time\"><p>Feature Article<\/p><\/div><\/div><div class=\"timeline-block-icon\"><svg stroke=\"currentColor\" fill=\"currentColor\" stroke-width=\"0\" viewBox=\"0 0 512 512\" height=\"1em\" width=\"1em\" xmlns=\"http:\/\/www.w3.org\/2000\/svg\"><path d=\"M256 8C119 8 8 119 8 256s111 248 248 248 248-111 248-248S393 8 256 8z\"><\/path><\/svg><\/div><div class=\"ctl-6 timeline-block-detail\"><div class=\"story-details\"><div class=\"story-content\"><div class=\"wp-block-image ctlb-block-image\">\n<figure class=\"aligncenter size-large is-resized\"><a href=\"https:\/\/www.iemj.org\/en\/le-seder-de-pessah-chez-les-juifs-du-maroc\/\" target=\"_blank\" rel=\" noreferrer noopener\"><img decoding=\"async\" src=\"https:\/\/www.iemj.org\/wp-content\/uploads\/2024\/04\/Logo-article-seder-Pessah-rite-Marocain.jpg\" alt=\"\" style=\"aspect-ratio:1.3333333333333333;object-fit:cover;width:220px;height:auto\"\/><\/a><\/figure>\n<\/div>\n\n\n<h3 class=\"wp-block-heading ctlb-block-title\" style=\"padding-top:0px;padding-right:0px;padding-bottom:0px;padding-left:0px\"><a href=\"https:\/\/www.iemj.org\/en\/le-seder-de-pessah-chez-les-juifs-du-maroc\/\" target=\"_blank\" rel=\"noreferrer noopener\">The Passover Seder in the Moroccan Rite<\/a><\/h3>\n\n\n\n<p class=\"ctlb-block-desc\" style=\"padding-top:0px;padding-right:0px;padding-bottom:0px;padding-left:0px\">In this article, we present the main songs and prayers of the Passover Seder evening, in the Moroccan rite&#8230;<\/p>\n<\/div><\/div><\/div><\/div><\/div><\/div>\n\n\n\n<div class=\"wp-block-cp-timeline-content-timeline-block-child swiper-slide\"><div class=\"timeline-content icon-false \"><div class=\"timeline-block-timeline ctl-row  position-left\"><div class=\"ctl-6 timeline-block-time\"><div class=\"story-time\"><p>Feature Article<\/p><\/div><\/div><div class=\"timeline-block-icon\"><svg stroke=\"currentColor\" fill=\"currentColor\" stroke-width=\"0\" viewBox=\"0 0 512 512\" height=\"1em\" width=\"1em\" xmlns=\"http:\/\/www.w3.org\/2000\/svg\"><path d=\"M256 8C119 8 8 119 8 256s111 248 248 248 248-111 248-248S393 8 256 8z\"><\/path><\/svg><\/div><div class=\"ctl-6 timeline-block-detail\"><div class=\"story-details\"><div class=\"story-content\">\n<figure class=\"wp-block-image size-large is-resized ctlb-block-image\"><a href=\"https:\/\/www.iemj.org\/en\/les-baqqachot\/\" target=\"_blank\" rel=\" noreferrer noopener\"><img decoding=\"async\" src=\"https:\/\/www.iemj.org\/wp-content\/uploads\/2025\/01\/Les-baqqachot_article-fond.jpg\" alt=\"\" style=\"aspect-ratio:1.3333333333333333;object-fit:cover;width:220px\"\/><\/a><\/figure>\n\n\n\n<h3 class=\"wp-block-heading ctlb-block-title\" style=\"padding-top:0px;padding-right:0px;padding-bottom:0px;padding-left:0px\"><a href=\"https:\/\/www.iemj.org\/en\/les-baqqachot\/\" target=\"_blank\" rel=\"noreferrer noopener\">Baqqachot<\/a><\/h3>\n\n\n\n<p class=\"ctlb-block-desc\" style=\"padding-top:0px;padding-right:0px;padding-bottom:0px;padding-left:0px\">On Saturday mornings in winter, before sunrise, Jews from the Maghreb and the Middle East gather at the synagogue to sing baqqachot, a set of liturgical, sometimes mystical poems&#8230;<\/p>\n<\/div><\/div><\/div><\/div><\/div><\/div>\n\n\n\n<div class=\"wp-block-cp-timeline-content-timeline-block-child swiper-slide\"><div class=\"timeline-content icon-false \"><div class=\"timeline-block-timeline ctl-row  position-right\"><div class=\"ctl-6 timeline-block-time\"><div class=\"story-time\"><p>Biographies<\/p><\/div><\/div><div class=\"timeline-block-icon\"><svg stroke=\"currentColor\" fill=\"currentColor\" stroke-width=\"0\" viewBox=\"0 0 512 512\" height=\"1em\" width=\"1em\" xmlns=\"http:\/\/www.w3.org\/2000\/svg\"><path d=\"M256 8C119 8 8 119 8 256s111 248 248 248 248-111 248-248S393 8 256 8z\"><\/path><\/svg><\/div><div class=\"ctl-6 timeline-block-detail\"><div class=\"story-details\"><div class=\"story-content\"><div class=\"wp-block-image ctlb-block-image\">\n<figure class=\"aligncenter size-full is-resized\"><img fetchpriority=\"high\" decoding=\"async\" width=\"447\" height=\"145\" src=\"https:\/\/www.iemj.org\/wp-content\/uploads\/2026\/02\/Logo-Bios-Maghreb.jpg\" alt=\"\" class=\"wp-image-130403\" style=\"width:280px\" srcset=\"https:\/\/www.iemj.org\/wp-content\/uploads\/2026\/02\/Logo-Bios-Maghreb.jpg 447w, https:\/\/www.iemj.org\/wp-content\/uploads\/2026\/02\/Logo-Bios-Maghreb-300x97.jpg 300w\" sizes=\"(max-width: 447px) 100vw, 447px\" \/><\/figure>\n<\/div>\n\n\n<h3 class=\"wp-block-heading ctlb-block-title\" style=\"padding-top:0px;padding-right:0px;padding-bottom:0px;padding-left:0px\">All About:<\/h3>\n\n\n\n<ul class=\"wp-block-list ctlb-block-desc\">\n<li><strong><a href=\"https:\/\/www.iemj.org\/en\/cheikh-raymond-1912-1961\/\" target=\"_blank\" rel=\"noreferrer noopener\">Cheikh Raymond (1912-1961)<\/a><\/strong><\/li>\n\n\n\n<li><a href=\"https:\/\/www.iemj.org\/en\/el-medioni-maurice-1928-2024\/\" target=\"_blank\" rel=\"noreferrer noopener\"><strong><\/strong><\/a><strong><a href=\"https:\/\/www.iemj.org\/en\/el-medioni-maurice-1928-2024\/\">El M\u00e9dioni, Maurice (1928-2024)<\/a><\/strong><\/li>\n\n\n\n<li><a href=\"https:\/\/www.iemj.org\/en\/elmaghribi-samy-1922-2008\/\" target=\"_blank\" rel=\"noreferrer noopener\"><strong><\/strong><\/a><strong><a href=\"https:\/\/www.iemj.org\/en\/elmaghribi-samy-1922-2008\/\">Elmaghribi, Samy (1922 \u2013 2008)<\/a><\/strong><\/li>\n\n\n\n<li><a href=\"https:\/\/www.iemj.org\/en\/journo-raoul-1911-2001\/\" target=\"_blank\" rel=\"noreferrer noopener\"><strong>Journo, Raoul (1911-2001)<\/strong><\/a><\/li>\n<\/ul>\n<\/div><\/div><\/div><\/div><\/div><\/div>\n\n\n\n<div class=\"wp-block-cp-timeline-content-timeline-block-child swiper-slide\"><div class=\"timeline-content icon-false \"><div class=\"timeline-block-timeline ctl-row  position-left\"><div class=\"ctl-6 timeline-block-time\"><div class=\"story-time\"><p>Radio programs<\/p><\/div><\/div><div class=\"timeline-block-icon\"><svg stroke=\"currentColor\" fill=\"currentColor\" stroke-width=\"0\" viewBox=\"0 0 512 512\" height=\"1em\" width=\"1em\" xmlns=\"http:\/\/www.w3.org\/2000\/svg\"><path d=\"M256 8C119 8 8 119 8 256s111 248 248 248 248-111 248-248S393 8 256 8z\"><\/path><\/svg><\/div><div class=\"ctl-6 timeline-block-detail\"><div class=\"story-details\"><div class=\"story-content\"><div class=\"wp-block-image ctlb-block-image\">\n<figure class=\"aligncenter size-large is-resized\"><img decoding=\"async\" width=\"1024\" height=\"1024\" src=\"https:\/\/www.iemj.org\/wp-content\/uploads\/2021\/10\/Logo-poste-radio-Jaune-carre-1024x1024.jpg\" alt=\"\" class=\"wp-image-70561\" style=\"width:157px;height:auto\" srcset=\"https:\/\/www.iemj.org\/wp-content\/uploads\/2021\/10\/Logo-poste-radio-Jaune-carre-1024x1024.jpg 1024w, https:\/\/www.iemj.org\/wp-content\/uploads\/2021\/10\/Logo-poste-radio-Jaune-carre-300x300.jpg 300w, https:\/\/www.iemj.org\/wp-content\/uploads\/2021\/10\/Logo-poste-radio-Jaune-carre-150x150.jpg 150w, https:\/\/www.iemj.org\/wp-content\/uploads\/2021\/10\/Logo-poste-radio-Jaune-carre-768x768.jpg 768w, https:\/\/www.iemj.org\/wp-content\/uploads\/2021\/10\/Logo-poste-radio-Jaune-carre-600x600.jpg 600w, https:\/\/www.iemj.org\/wp-content\/uploads\/2021\/10\/Logo-poste-radio-Jaune-carre-100x100.jpg 100w, https:\/\/www.iemj.org\/wp-content\/uploads\/2021\/10\/Logo-poste-radio-Jaune-carre.jpg 1240w\" sizes=\"(max-width: 1024px) 100vw, 1024px\" \/><\/figure>\n<\/div>\n\n\n<h3 class=\"wp-block-heading ctlb-block-title\" style=\"padding-top:0px;padding-right:0px;padding-bottom:0px;padding-left:0px\">Listen:<\/h3>\n\n\n\n<ul class=\"wp-block-list\">\n<li><a href=\"https:\/\/www.iemj.org\/en\/the-french-arab-song-repertoire-1st-part\/\" target=\"_blank\" rel=\"noreferrer noopener\"><strong>The French-Arabic song repertoire (1st part)<\/strong><\/a> (in French)<\/li>\n\n\n\n<li><a href=\"https:\/\/www.iemj.org\/en\/the-french-arab-repertoire-2nd-part\/\" target=\"_blank\" rel=\"noreferrer noopener\"><strong>La chanson The French-Arabic repertoire (2nd part)<\/strong><\/a> (in French)<\/li>\n\n\n\n<li><a href=\"https:\/\/www.iemj.org\/en\/hidden-sides-of-jewish-music-judeo-arab-songs\/\" target=\"_blank\" rel=\"noreferrer noopener\"><strong>Hidden sides of Jewish music : Judeo-Arabic songs<\/strong><\/a> (in French)<\/li>\n<\/ul>\n<\/div><\/div><\/div><\/div><\/div><\/div>\n\n\n\n<div class=\"wp-block-cp-timeline-content-timeline-block-child swiper-slide\"><div class=\"timeline-content icon-false \"><div class=\"timeline-block-timeline ctl-row  position-right\"><div class=\"ctl-6 timeline-block-time\"><div class=\"story-time\"><p>Playlists<\/p><\/div><\/div><div class=\"timeline-block-icon\"><svg stroke=\"currentColor\" fill=\"currentColor\" stroke-width=\"0\" viewBox=\"0 0 512 512\" height=\"1em\" width=\"1em\" xmlns=\"http:\/\/www.w3.org\/2000\/svg\"><path d=\"M256 8C119 8 8 119 8 256s111 248 248 248 248-111 248-248S393 8 256 8z\"><\/path><\/svg><\/div><div class=\"ctl-6 timeline-block-detail\"><div class=\"story-details\"><div class=\"story-content\">\n<h3 class=\"wp-block-heading ctlb-block-title\" style=\"padding-top:0px;padding-right:0px;padding-bottom:0px;padding-left:0px\">Listen:<\/h3>\n\n\n\n<ul class=\"wp-block-list\">\n<li><strong><a href=\"https:\/\/www.iemj.org\/en\/les-chants-judeo-espagnols-1\/\" target=\"_blank\" rel=\"noreferrer noopener\"><\/a><\/strong><a href=\"https:\/\/www.iemj.org\/en\/line-monty-la-diva-de-la-chanson-orientale\/\" target=\"_blank\" rel=\"noreferrer noopener\"><strong>Line Monty, the diva of Oriental songs<\/strong><\/a><\/li>\n\n\n\n<li><strong><a href=\"https:\/\/www.iemj.org\/en\/el-kahlaoui-tounsi\/\" target=\"_blank\" rel=\"noreferrer noopener\">El Kahlaoui Tounsi<\/a><\/strong><\/li>\n\n\n\n<li><a href=\"https:\/\/www.iemj.org\/en\/shabbat-songs-in-the-tunisian-rite\/\" target=\"_blank\" rel=\"noreferrer noopener\"><strong>Shabbat songs in the Tunisian rite<\/strong><\/a><\/li>\n\n\n\n<li><a href=\"https:\/\/www.iemj.org\/en\/shabbat-songs-in-the-algerian-rite\/\" target=\"_blank\" rel=\"noreferrer noopener\"><strong>Shabbat songs in the Algerian rite<\/strong><\/a><\/li>\n\n\n\n<li><a href=\"https:\/\/www.iemj.org\/en\/shabbat-songs-in-the-moroccan-rite\/\" target=\"_blank\" rel=\"noreferrer noopener\"><strong>Shabbat songs in the Moroccan rite<\/strong><\/a><\/li>\n\n\n\n<li><a href=\"https:\/\/www.iemj.org\/en\/chants-des-juifs-de-tunisie\/\" target=\"_blank\" rel=\"noreferrer noopener\"><strong>Songs of the Jewish people from Tunisia<\/strong><\/a><\/li>\n<\/ul>\n<\/div><\/div><\/div><\/div><\/div><\/div>\n\n\n\n<div class=\"wp-block-cp-timeline-content-timeline-block-child swiper-slide\"><div class=\"timeline-content icon-false \"><div class=\"timeline-block-timeline ctl-row  position-left\"><div class=\"ctl-6 timeline-block-time\"><div class=\"story-time\"><p>CD<\/p><\/div><\/div><div class=\"timeline-block-icon\"><svg stroke=\"currentColor\" fill=\"currentColor\" stroke-width=\"0\" viewBox=\"0 0 512 512\" height=\"1em\" width=\"1em\" xmlns=\"http:\/\/www.w3.org\/2000\/svg\"><path d=\"M256 8C119 8 8 119 8 256s111 248 248 248 248-111 248-248S393 8 256 8z\"><\/path><\/svg><\/div><div class=\"ctl-6 timeline-block-detail\"><div class=\"story-details\"><div class=\"story-content\">\n<figure class=\"wp-block-image size-large is-resized ctlb-block-image\"><a href=\"https:\/\/www.iemj.org\/en\/chanteurs-juifs-du-maroc\/\" target=\"_blank\" rel=\" noreferrer noopener\"><img decoding=\"async\" src=\"https:\/\/www.iemj.org\/wp-content\/uploads\/2013\/04\/Chanteurs-juifs-du-Maroc.jpg\" alt=\"\" style=\"width:150px\"\/><\/a><\/figure>\n\n\n\n<h3 class=\"wp-block-heading ctlb-block-title\" style=\"padding-top:0px;padding-right:0px;padding-bottom:0px;padding-left:0px\"><a href=\"https:\/\/www.iemj.org\/en\/a-jumpin-night-in-the-garden-of-eden\/\" target=\"_blank\" rel=\"noreferrer noopener\"><\/a><a href=\"https:\/\/www.iemj.org\/en\/chanteurs-juifs-du-maroc\/\" target=\"_blank\" rel=\"noreferrer noopener\"><\/a><a href=\"https:\/\/www.iemj.org\/en\/chanteurs-juifs-du-maroc\/\" target=\"_blank\" rel=\"noreferrer noopener\">Jewish singers from Morocco<\/a><\/h3>\n\n\n\n<p class=\"ctlb-block-desc\" style=\"padding-top:0px;padding-right:0px;padding-bottom:0px;padding-left:0px\">This CD features remasterized recordings from the most famous Jewish singers from Morocco, from 1934 to 1985, from Zohra al F\u00e0siyya to Esther Elfasi, Raymonde, Cheikh Mwijo, Jo Amar, Boutboul, Samy Elmaghribi, Pinhass Cohen&#8230;<\/p>\n<\/div><\/div><\/div><\/div><\/div><\/div>\n\n\n\n<div class=\"wp-block-cp-timeline-content-timeline-block-child swiper-slide\"><div class=\"timeline-content icon-false \"><div class=\"timeline-block-timeline ctl-row  position-right\"><div class=\"ctl-6 timeline-block-time\"><div class=\"story-time\"><p>CD<\/p><\/div><\/div><div class=\"timeline-block-icon\"><svg stroke=\"currentColor\" fill=\"currentColor\" stroke-width=\"0\" viewBox=\"0 0 512 512\" height=\"1em\" width=\"1em\" xmlns=\"http:\/\/www.w3.org\/2000\/svg\"><path d=\"M256 8C119 8 8 119 8 256s111 248 248 248 248-111 248-248S393 8 256 8z\"><\/path><\/svg><\/div><div class=\"ctl-6 timeline-block-detail\"><div class=\"story-details\"><div class=\"story-content\">\n<figure class=\"wp-block-image size-large is-resized ctlb-block-image\"><a href=\"https:\/\/www.iemj.org\/en\/salim-halali-tresor-de-la-chanson-judeo-arabe\/\" target=\"_blank\" rel=\" noreferrer noopener\"><img decoding=\"async\" src=\"https:\/\/www.iemj.org\/wp-content\/uploads\/2015\/02\/arton223-e1619537349285.jpg\" alt=\"\" style=\"width:150px\"\/><\/a><\/figure>\n\n\n\n<h3 class=\"wp-block-heading ctlb-block-title\" style=\"padding-top:0px;padding-right:0px;padding-bottom:0px;padding-left:0px\"><a href=\"https:\/\/www.iemj.org\/en\/yahudice\/\" target=\"_blank\" rel=\"noreferrer noopener\"><\/a><a href=\"https:\/\/www.iemj.org\/en\/judeo-spanish-from-the-balkans-series-12\/\"><\/a><a href=\"https:\/\/www.iemj.org\/en\/salim-halali-tresor-de-la-chanson-judeo-arabe\/\" target=\"_blank\" rel=\"noreferrer noopener\"><\/a><a href=\"https:\/\/www.iemj.org\/en\/salim-halali-tresor-de-la-chanson-judeo-arabe\/\" target=\"_blank\" rel=\"noreferrer noopener\">Salim Halali<\/a><\/h3>\n\n\n\n<p class=\"ctlb-block-desc\" style=\"padding-top:0px;padding-right:0px;padding-bottom:0px;padding-left:0px\">Released by Buda Musique in 2012, this CD dedicated to Salim Halali, born in 1920 in Annaba (Ex-B\u00f4ne) in Algeria, testifies of Judeo-North African songs from the 1940\u2019s until 1965&#8230;<\/p>\n<\/div><\/div><\/div><\/div><\/div><\/div>\n\n\n\n<div class=\"wp-block-cp-timeline-content-timeline-block-child swiper-slide\"><div class=\"timeline-content icon-false \"><div class=\"timeline-block-timeline ctl-row  position-left\"><div class=\"ctl-6 timeline-block-time\"><div class=\"story-time\"><p>CD<\/p><\/div><\/div><div class=\"timeline-block-icon\"><svg stroke=\"currentColor\" fill=\"currentColor\" stroke-width=\"0\" viewBox=\"0 0 512 512\" height=\"1em\" width=\"1em\" xmlns=\"http:\/\/www.w3.org\/2000\/svg\"><path d=\"M256 8C119 8 8 119 8 256s111 248 248 248 248-111 248-248S393 8 256 8z\"><\/path><\/svg><\/div><div class=\"ctl-6 timeline-block-detail\"><div class=\"story-details\"><div class=\"story-content\">\n<figure class=\"wp-block-image size-large is-resized ctlb-block-image\"><a href=\"https:\/\/www.iemj.org\/en\/malouf-songs-from-constantine\/\" target=\"_blank\" rel=\" noreferrer noopener\"><img decoding=\"async\" src=\"https:\/\/www.iemj.org\/wp-content\/uploads\/2016\/11\/arton1927.jpg\" alt=\"\" style=\"width:150px\"\/><\/a><\/figure>\n\n\n\n<h3 class=\"wp-block-heading ctlb-block-title\" style=\"padding-top:0px;padding-right:0px;padding-bottom:0px;padding-left:0px\"><a href=\"https:\/\/www.iemj.org\/en\/malouf-songs-from-constantine\/\" target=\"_blank\" rel=\"noreferrer noopener\"><\/a><a href=\"https:\/\/www.iemj.org\/en\/malouf-songs-from-constantine\/\" target=\"_blank\" rel=\"noreferrer noopener\">Malouf songs from Constantine<\/a><\/h3>\n\n\n\n<p class=\"ctlb-block-desc\" style=\"padding-top:0px;padding-right:0px;padding-bottom:0px;padding-left:0px\">Release in the record label MLP of a new anthology dedicated to the famous singer and player of oud Cheikh Raymond. A double CD to rediscover the master of Arab-Andalusian music&#8230;<\/p>\n<\/div><\/div><\/div><\/div><\/div><\/div>\n\n\n\n<div class=\"wp-block-cp-timeline-content-timeline-block-child swiper-slide\"><div class=\"timeline-content icon-false \"><div class=\"timeline-block-timeline ctl-row  position-right\"><div class=\"ctl-6 timeline-block-time\"><div class=\"story-time\"><p>Book<\/p><\/div><\/div><div class=\"timeline-block-icon\"><svg stroke=\"currentColor\" fill=\"currentColor\" stroke-width=\"0\" viewBox=\"0 0 512 512\" height=\"1em\" width=\"1em\" xmlns=\"http:\/\/www.w3.org\/2000\/svg\"><path d=\"M256 8C119 8 8 119 8 256s111 248 248 248 248-111 248-248S393 8 256 8z\"><\/path><\/svg><\/div><div class=\"ctl-6 timeline-block-detail\"><div class=\"story-details\"><div class=\"story-content\">\n<figure class=\"wp-block-image size-large is-resized ctlb-block-image\"><a href=\"https:\/\/www.iemj.org\/en\/lalgerie-en-musique-2\/\" target=\"_blank\" rel=\" noreferrer noopener\"><img decoding=\"async\" src=\"https:\/\/www.iemj.org\/wp-content\/uploads\/2018\/01\/arton3038.jpg\" alt=\"\" style=\"width:160px\"\/><\/a><\/figure>\n\n\n\n<h3 class=\"wp-block-heading ctlb-block-title\" style=\"padding-top:0px;padding-right:0px;padding-bottom:0px;padding-left:0px\"><a href=\"https:\/\/www.iemj.org\/en\/lalgerie-en-musique-2\/\" target=\"_blank\" rel=\"noreferrer noopener\">L\u2019Alg\u00e9rie en musique<\/a><\/h3>\n\n\n\n<p class=\"ctlb-block-desc\" style=\"padding-top:0px;padding-right:0px;padding-bottom:0px;padding-left:0px\">L&#8217;Harmattan has just published &#8220;Algeria in Music&#8221;. Made from record booklets, this book speaks of all styles of music in Algeria&#8230;<\/p>\n<\/div><\/div><\/div><\/div><\/div><\/div>\n\n\n\n<div class=\"wp-block-cp-timeline-content-timeline-block-child swiper-slide\"><div class=\"timeline-content icon-false \"><div class=\"timeline-block-timeline ctl-row  position-left\"><div class=\"ctl-6 timeline-block-time\"><div class=\"story-time\"><p>Book<\/p><\/div><\/div><div class=\"timeline-block-icon\"><svg stroke=\"currentColor\" fill=\"currentColor\" stroke-width=\"0\" viewBox=\"0 0 512 512\" height=\"1em\" width=\"1em\" xmlns=\"http:\/\/www.w3.org\/2000\/svg\"><path d=\"M256 8C119 8 8 119 8 256s111 248 248 248 248-111 248-248S393 8 256 8z\"><\/path><\/svg><\/div><div class=\"ctl-6 timeline-block-detail\"><div class=\"story-details\"><div class=\"story-content\">\n<figure class=\"wp-block-image size-large is-resized ctlb-block-image\"><a href=\"https:\/\/www.iemj.org\/en\/the-lost-paradise\/\" target=\"_blank\" rel=\" noreferrer noopener\"><img decoding=\"async\" src=\"https:\/\/www.iemj.org\/wp-content\/uploads\/2017\/04\/arton2255.jpg\" alt=\"\" style=\"aspect-ratio:0.6574831322837865;object-fit:cover;width:160px\"\/><\/a><\/figure>\n\n\n\n<h3 class=\"wp-block-heading ctlb-block-title\" style=\"padding-top:0px;padding-right:0px;padding-bottom:0px;padding-left:0px\"><a href=\"https:\/\/www.iemj.org\/en\/the-lost-paradise\/\" target=\"_blank\" rel=\"noreferrer noopener\"><\/a><a href=\"https:\/\/www.iemj.org\/en\/the-lost-paradise\/\" target=\"_blank\" rel=\"noreferrer noopener\">The Lost Paradise<\/a><\/h3>\n\n\n\n<p class=\"ctlb-block-desc\" style=\"padding-top:0px;padding-right:0px;padding-bottom:0px;padding-left:0px\">Book by Jonathan Glasser, published by the University of Chicago Press in February 2016, presenting ethnographic research on Arab-Andalusian music and its poetic practice in the cities of the Maghreb&#8230;<\/p>\n<\/div><\/div><\/div><\/div><\/div><\/div>\n\n\n\n<div class=\"wp-block-cp-timeline-content-timeline-block-child swiper-slide\"><div class=\"timeline-content icon-false \"><div class=\"timeline-block-timeline ctl-row  position-right\"><div class=\"ctl-6 timeline-block-time\"><div class=\"story-time\"><p>Video<\/p><\/div><\/div><div class=\"timeline-block-icon\"><svg stroke=\"currentColor\" fill=\"currentColor\" stroke-width=\"0\" viewBox=\"0 0 512 512\" height=\"1em\" width=\"1em\" xmlns=\"http:\/\/www.w3.org\/2000\/svg\"><path d=\"M256 8C119 8 8 119 8 256s111 248 248 248 248-111 248-248S393 8 256 8z\"><\/path><\/svg><\/div><div class=\"ctl-6 timeline-block-detail\"><div class=\"story-details\"><div class=\"story-content\">\n<figure class=\"wp-block-image size-large is-resized ctlb-block-image\"><a href=\"https:\/\/www.iemj.org\/en\/le-label-dounia\/\" target=\"_blank\" rel=\" noreferrer noopener\"><img decoding=\"async\" src=\"https:\/\/www.iemj.org\/wp-content\/uploads\/2022\/02\/Logo-video-label-Dounia-2-2.jpg\" alt=\"\" style=\"width:220px\"\/><\/a><\/figure>\n\n\n\n<h3 class=\"wp-block-heading ctlb-block-title\" style=\"padding-top:0px;padding-right:0px;padding-bottom:0px;padding-left:0px\"><a href=\"https:\/\/www.iemj.org\/en\/le-label-dounia\/\" target=\"_blank\" rel=\"noreferrer noopener\">The Dounia record company<\/a><\/h3>\n\n\n\n<p class=\"ctlb-block-desc\" style=\"padding-top:0px;padding-right:0px;padding-bottom:0px;padding-left:0px\">We invite you to discover the label Dounia, founded by the Tunisian singer El Kahlaoui&nbsp;Tounsi&#8230;<\/p>\n<\/div><\/div><\/div><\/div><\/div><\/div>\n\n\n\n<div class=\"wp-block-cp-timeline-content-timeline-block-child swiper-slide\"><div class=\"timeline-content icon-false \"><div class=\"timeline-block-timeline ctl-row  position-left\"><div class=\"ctl-6 timeline-block-time\"><div class=\"story-time\"><p>EIJM\u2019s Editions<\/p><\/div><\/div><div class=\"timeline-block-icon\"><svg stroke=\"currentColor\" fill=\"currentColor\" stroke-width=\"0\" viewBox=\"0 0 512 512\" height=\"1em\" width=\"1em\" xmlns=\"http:\/\/www.w3.org\/2000\/svg\"><path d=\"M256 8C119 8 8 119 8 256s111 248 248 248 248-111 248-248S393 8 256 8z\"><\/path><\/svg><\/div><div class=\"ctl-6 timeline-block-detail\"><div class=\"story-details\"><div class=\"story-content\">\n<figure class=\"wp-block-image size-large is-resized ctlb-block-image\"><a href=\"https:\/\/www.iemj.org\/en\/les-psaumes-des-juifs-de-constantine\/\" target=\"_blank\" rel=\" noreferrer noopener\"><img decoding=\"async\" src=\"https:\/\/www.iemj.org\/wp-content\/uploads\/2012\/11\/arton585-e1625152935231.jpg\" alt=\"\" style=\"width:220px\"\/><\/a><\/figure>\n\n\n\n<h3 class=\"wp-block-heading ctlb-block-title\" style=\"padding-top:0px;padding-right:0px;padding-bottom:0px;padding-left:0px\"><a href=\"https:\/\/www.iemj.org\/en\/somos-los-cigarillos-klezmer-y-salsa\/\" target=\"_blank\" rel=\"noreferrer noopener\"><\/a><a href=\"https:\/\/www.iemj.org\/en\/les-psaumes-des-juifs-de-constantine\/\" target=\"_blank\" rel=\"noreferrer noopener\">Les psaumes des Juifs de Constantine<\/a><\/h3>\n\n\n\n<p class=\"ctlb-block-desc\" style=\"padding-top:0px;padding-right:0px;padding-bottom:0px;padding-left:0px\"><a href=\"https:\/\/www.iemj.org\/en\/product\/les-psaumes-des-juifs-de-constantine\/\" target=\"_blank\" rel=\"noreferrer noopener\">Order the CD<\/a><\/p>\n<\/div><\/div><\/div><\/div><\/div><\/div>\n\n\n\n<div class=\"wp-block-cp-timeline-content-timeline-block-child swiper-slide\"><div class=\"timeline-content icon-false \"><div class=\"timeline-block-timeline ctl-row  position-right\"><div class=\"ctl-6 timeline-block-time\"><div class=\"story-time\"><p>External Links<\/p><\/div><\/div><div class=\"timeline-block-icon\"><svg stroke=\"currentColor\" fill=\"currentColor\" stroke-width=\"0\" viewBox=\"0 0 512 512\" height=\"1em\" width=\"1em\" xmlns=\"http:\/\/www.w3.org\/2000\/svg\"><path d=\"M256 8C119 8 8 119 8 256s111 248 248 248 248-111 248-248S393 8 256 8z\"><\/path><\/svg><\/div><div class=\"ctl-6 timeline-block-detail\"><div class=\"story-details\"><div class=\"story-content\">\n<h3 class=\"wp-block-heading ctlb-block-title\" style=\"padding-top:0px;padding-right:0px;padding-bottom:0px;padding-left:0px\"><a href=\"https:\/\/www.iemj.org\/en\/north-african-jewish-music\/\" target=\"_blank\" rel=\"noreferrer noopener\">North African Jewish music<\/a><\/h3>\n\n\n\n<p class=\"ctlb-block-desc\" style=\"padding-top:0px;padding-right:0px;padding-bottom:0px;padding-left:0px\">Blog containing historical and biographical references, with some links to listen to&#8230;<\/p>\n\n\n\n<p><\/p>\n\n\n\n<h3 class=\"wp-block-heading\"><a href=\"https:\/\/www.iemj.org\/en\/gharamophone\/\" target=\"_blank\" rel=\"noreferrer noopener\"><strong>Gharamophone<\/strong><\/a><\/h3>\n\n\n\n<p>This website, dedicated to the preservation of North African sound archives, presents several dozen 78 rpm records that can be listened to online&#8230;<\/p>\n<\/div><\/div><\/div><\/div><\/div><\/div>\n\n\n\n<div class=\"wp-block-cp-timeline-content-timeline-block-child swiper-slide\"><div class=\"timeline-content icon-false \"><div class=\"timeline-block-timeline ctl-row  position-left\"><div class=\"ctl-6 timeline-block-time\"><div class=\"story-time\"><p>To go further<\/p><\/div><\/div><div class=\"timeline-block-icon\"><svg stroke=\"currentColor\" fill=\"currentColor\" stroke-width=\"0\" viewBox=\"0 0 512 512\" height=\"1em\" width=\"1em\" xmlns=\"http:\/\/www.w3.org\/2000\/svg\"><path d=\"M256 8C119 8 8 119 8 256s111 248 248 248 248-111 248-248S393 8 256 8z\"><\/path><\/svg><\/div><div class=\"ctl-6 timeline-block-detail\"><div class=\"story-details\"><div class=\"story-content\">\n<h3 class=\"wp-block-heading ctlb-block-title\" style=\"padding-top:0px;padding-right:0px;padding-bottom:0px;padding-left:0px\"><a href=\"https:\/\/www.iemj.org\/en\/genre\/oriental-en\/\" target=\"_blank\" rel=\"noreferrer noopener\">Other online contents<\/a><\/h3>\n\n\n\n<p class=\"ctlb-block-desc\" style=\"padding-top:0px;padding-right:0px;padding-bottom:0px;padding-left:0px\">Discover all our articles related to the music of the Jews of the Maghreb and Eastern music<\/p>\n<\/div><\/div><\/div><\/div><\/div><\/div>\n<\/div><\/div><\/div><\/div>\n","protected":false},"excerpt":{"rendered":"<p>This musical journey is dedicated to the Jews of the Maghreb (Algeria, Tunisia, Morocco, and Libya), covering both religious and secular expressions (Oriental songs, Francarabe, etc.).<br \/>\nDiscover it in just a few clicks&#8230;<\/p>\n","protected":false},"author":5,"featured_media":130397,"parent":33332,"menu_order":0,"comment_status":"closed","ping_status":"closed","template":"","meta":{"_acf_changed":false,"footnotes":""},"categories":[2217],"tags":[],"class_list":["post-130430","page","type-page","status-publish","has-post-thumbnail","hentry","category-parcours-guides-en"],"acf":[],"yoast_head":"<!-- This site is optimized with the Yoast SEO plugin v27.3 - https:\/\/yoast.com\/product\/yoast-seo-wordpress\/ -->\n<title>The music of the Jews of the Maghreb - Institut Europ\u00e9en des Musiques Juives<\/title>\n<meta name=\"robots\" content=\"index, follow, max-snippet:-1, max-image-preview:large, max-video-preview:-1\" \/>\n<link rel=\"canonical\" href=\"https:\/\/www.iemj.org\/en\/discover\/guided-tours\/la-musique-des-juifs-du-maghreb\/\" \/>\n<meta property=\"og:locale\" content=\"en_US\" \/>\n<meta property=\"og:type\" content=\"article\" \/>\n<meta property=\"og:title\" content=\"The music of the Jews of the Maghreb - Institut Europ\u00e9en des Musiques Juives\" \/>\n<meta property=\"og:description\" content=\"This musical journey is dedicated to the Jews of the Maghreb (Algeria, Tunisia, Morocco, and Libya), covering both religious and secular expressions (Oriental songs, Francarabe, etc.). Discover it in just a few clicks...\" \/>\n<meta property=\"og:url\" content=\"https:\/\/www.iemj.org\/en\/discover\/guided-tours\/la-musique-des-juifs-du-maghreb\/\" \/>\n<meta property=\"og:site_name\" content=\"Institut Europ\u00e9en des Musiques Juives\" \/>\n<meta property=\"article:publisher\" content=\"https:\/\/www.facebook.com\/MusiquesJuives\/\" \/>\n<meta property=\"article:modified_time\" content=\"2026-02-23T15:32:21+00:00\" \/>\n<meta property=\"og:image\" content=\"https:\/\/www.iemj.org\/wp-content\/uploads\/2026\/02\/Judeo-arabes-dautrefois.jpg\" \/>\n\t<meta property=\"og:image:width\" content=\"1642\" \/>\n\t<meta property=\"og:image:height\" content=\"898\" \/>\n\t<meta property=\"og:image:type\" content=\"image\/jpeg\" \/>\n<meta name=\"twitter:card\" content=\"summary_large_image\" \/>\n<meta name=\"twitter:label1\" content=\"Est. reading time\" \/>\n\t<meta name=\"twitter:data1\" content=\"5 minutes\" \/>\n<script type=\"application\/ld+json\" class=\"yoast-schema-graph\">{\"@context\":\"https:\\\/\\\/schema.org\",\"@graph\":[{\"@type\":\"WebPage\",\"@id\":\"https:\\\/\\\/www.iemj.org\\\/en\\\/discover\\\/guided-tours\\\/la-musique-des-juifs-du-maghreb\\\/\",\"url\":\"https:\\\/\\\/www.iemj.org\\\/en\\\/discover\\\/guided-tours\\\/la-musique-des-juifs-du-maghreb\\\/\",\"name\":\"The music of the Jews of the Maghreb - Institut Europ\u00e9en des Musiques Juives\",\"isPartOf\":{\"@id\":\"https:\\\/\\\/www.iemj.org\\\/en\\\/#website\"},\"primaryImageOfPage\":{\"@id\":\"https:\\\/\\\/www.iemj.org\\\/en\\\/discover\\\/guided-tours\\\/la-musique-des-juifs-du-maghreb\\\/#primaryimage\"},\"image\":{\"@id\":\"https:\\\/\\\/www.iemj.org\\\/en\\\/discover\\\/guided-tours\\\/la-musique-des-juifs-du-maghreb\\\/#primaryimage\"},\"thumbnailUrl\":\"https:\\\/\\\/www.iemj.org\\\/wp-content\\\/uploads\\\/2026\\\/02\\\/Judeo-arabes-dautrefois.jpg\",\"datePublished\":\"2024-06-16T16:37:00+00:00\",\"dateModified\":\"2026-02-23T15:32:21+00:00\",\"breadcrumb\":{\"@id\":\"https:\\\/\\\/www.iemj.org\\\/en\\\/discover\\\/guided-tours\\\/la-musique-des-juifs-du-maghreb\\\/#breadcrumb\"},\"inLanguage\":\"en-US\",\"potentialAction\":[{\"@type\":\"ReadAction\",\"target\":[\"https:\\\/\\\/www.iemj.org\\\/en\\\/discover\\\/guided-tours\\\/la-musique-des-juifs-du-maghreb\\\/\"]}]},{\"@type\":\"ImageObject\",\"inLanguage\":\"en-US\",\"@id\":\"https:\\\/\\\/www.iemj.org\\\/en\\\/discover\\\/guided-tours\\\/la-musique-des-juifs-du-maghreb\\\/#primaryimage\",\"url\":\"https:\\\/\\\/www.iemj.org\\\/wp-content\\\/uploads\\\/2026\\\/02\\\/Judeo-arabes-dautrefois.jpg\",\"contentUrl\":\"https:\\\/\\\/www.iemj.org\\\/wp-content\\\/uploads\\\/2026\\\/02\\\/Judeo-arabes-dautrefois.jpg\",\"width\":1642,\"height\":898},{\"@type\":\"BreadcrumbList\",\"@id\":\"https:\\\/\\\/www.iemj.org\\\/en\\\/discover\\\/guided-tours\\\/la-musique-des-juifs-du-maghreb\\\/#breadcrumb\",\"itemListElement\":[{\"@type\":\"ListItem\",\"position\":1,\"name\":\"Accueil\",\"item\":\"https:\\\/\\\/www.iemj.org\\\/en\\\/\"},{\"@type\":\"ListItem\",\"position\":2,\"name\":\"Discover\",\"item\":\"https:\\\/\\\/www.iemj.org\\\/en\\\/decouvrir\\\/\"},{\"@type\":\"ListItem\",\"position\":3,\"name\":\"Guided tours\",\"item\":\"https:\\\/\\\/www.iemj.org\\\/en\\\/discover\\\/guided-tours\\\/\"},{\"@type\":\"ListItem\",\"position\":4,\"name\":\"The music of the Jews of the Maghreb\"}]},{\"@type\":\"WebSite\",\"@id\":\"https:\\\/\\\/www.iemj.org\\\/en\\\/#website\",\"url\":\"https:\\\/\\\/www.iemj.org\\\/en\\\/\",\"name\":\"Institut Europ\u00e9en des Musiques Juives\",\"description\":\"Des traditions musicales \u00e0 la port\u00e9e de tous\",\"publisher\":{\"@id\":\"https:\\\/\\\/www.iemj.org\\\/en\\\/#organization\"},\"potentialAction\":[{\"@type\":\"SearchAction\",\"target\":{\"@type\":\"EntryPoint\",\"urlTemplate\":\"https:\\\/\\\/www.iemj.org\\\/en\\\/?s={search_term_string}\"},\"query-input\":{\"@type\":\"PropertyValueSpecification\",\"valueRequired\":true,\"valueName\":\"search_term_string\"}}],\"inLanguage\":\"en-US\"},{\"@type\":\"Organization\",\"@id\":\"https:\\\/\\\/www.iemj.org\\\/en\\\/#organization\",\"name\":\"Institut Europ\u00e9en des Musiques Juives\",\"url\":\"https:\\\/\\\/www.iemj.org\\\/en\\\/\",\"logo\":{\"@type\":\"ImageObject\",\"inLanguage\":\"en-US\",\"@id\":\"https:\\\/\\\/www.iemj.org\\\/en\\\/#\\\/schema\\\/logo\\\/image\\\/\",\"url\":\"https:\\\/\\\/www.iemj.org\\\/wp-content\\\/uploads\\\/2021\\\/09\\\/Logo-IEMJ-Paypal.jpg\",\"contentUrl\":\"https:\\\/\\\/www.iemj.org\\\/wp-content\\\/uploads\\\/2021\\\/09\\\/Logo-IEMJ-Paypal.jpg\",\"width\":150,\"height\":50,\"caption\":\"Institut Europ\u00e9en des Musiques Juives\"},\"image\":{\"@id\":\"https:\\\/\\\/www.iemj.org\\\/en\\\/#\\\/schema\\\/logo\\\/image\\\/\"},\"sameAs\":[\"https:\\\/\\\/www.facebook.com\\\/MusiquesJuives\\\/\",\"https:\\\/\\\/www.instagram.com\\\/musiquesjuives\\\/\",\"https:\\\/\\\/www.youtube.com\\\/user\\\/musiquesjuives\"]}]}<\/script>\n<!-- \/ Yoast SEO plugin. -->","yoast_head_json":{"title":"The music of the Jews of the Maghreb - Institut Europ\u00e9en des Musiques Juives","robots":{"index":"index","follow":"follow","max-snippet":"max-snippet:-1","max-image-preview":"max-image-preview:large","max-video-preview":"max-video-preview:-1"},"canonical":"https:\/\/www.iemj.org\/en\/discover\/guided-tours\/la-musique-des-juifs-du-maghreb\/","og_locale":"en_US","og_type":"article","og_title":"The music of the Jews of the Maghreb - Institut Europ\u00e9en des Musiques Juives","og_description":"This musical journey is dedicated to the Jews of the Maghreb (Algeria, Tunisia, Morocco, and Libya), covering both religious and secular expressions (Oriental songs, Francarabe, etc.). Discover it in just a few clicks...","og_url":"https:\/\/www.iemj.org\/en\/discover\/guided-tours\/la-musique-des-juifs-du-maghreb\/","og_site_name":"Institut Europ\u00e9en des Musiques Juives","article_publisher":"https:\/\/www.facebook.com\/MusiquesJuives\/","article_modified_time":"2026-02-23T15:32:21+00:00","og_image":[{"width":1642,"height":898,"url":"https:\/\/www.iemj.org\/wp-content\/uploads\/2026\/02\/Judeo-arabes-dautrefois.jpg","type":"image\/jpeg"}],"twitter_card":"summary_large_image","twitter_misc":{"Est. reading time":"5 minutes"},"schema":{"@context":"https:\/\/schema.org","@graph":[{"@type":"WebPage","@id":"https:\/\/www.iemj.org\/en\/discover\/guided-tours\/la-musique-des-juifs-du-maghreb\/","url":"https:\/\/www.iemj.org\/en\/discover\/guided-tours\/la-musique-des-juifs-du-maghreb\/","name":"The music of the Jews of the Maghreb - Institut Europ\u00e9en des Musiques Juives","isPartOf":{"@id":"https:\/\/www.iemj.org\/en\/#website"},"primaryImageOfPage":{"@id":"https:\/\/www.iemj.org\/en\/discover\/guided-tours\/la-musique-des-juifs-du-maghreb\/#primaryimage"},"image":{"@id":"https:\/\/www.iemj.org\/en\/discover\/guided-tours\/la-musique-des-juifs-du-maghreb\/#primaryimage"},"thumbnailUrl":"https:\/\/www.iemj.org\/wp-content\/uploads\/2026\/02\/Judeo-arabes-dautrefois.jpg","datePublished":"2024-06-16T16:37:00+00:00","dateModified":"2026-02-23T15:32:21+00:00","breadcrumb":{"@id":"https:\/\/www.iemj.org\/en\/discover\/guided-tours\/la-musique-des-juifs-du-maghreb\/#breadcrumb"},"inLanguage":"en-US","potentialAction":[{"@type":"ReadAction","target":["https:\/\/www.iemj.org\/en\/discover\/guided-tours\/la-musique-des-juifs-du-maghreb\/"]}]},{"@type":"ImageObject","inLanguage":"en-US","@id":"https:\/\/www.iemj.org\/en\/discover\/guided-tours\/la-musique-des-juifs-du-maghreb\/#primaryimage","url":"https:\/\/www.iemj.org\/wp-content\/uploads\/2026\/02\/Judeo-arabes-dautrefois.jpg","contentUrl":"https:\/\/www.iemj.org\/wp-content\/uploads\/2026\/02\/Judeo-arabes-dautrefois.jpg","width":1642,"height":898},{"@type":"BreadcrumbList","@id":"https:\/\/www.iemj.org\/en\/discover\/guided-tours\/la-musique-des-juifs-du-maghreb\/#breadcrumb","itemListElement":[{"@type":"ListItem","position":1,"name":"Accueil","item":"https:\/\/www.iemj.org\/en\/"},{"@type":"ListItem","position":2,"name":"Discover","item":"https:\/\/www.iemj.org\/en\/decouvrir\/"},{"@type":"ListItem","position":3,"name":"Guided tours","item":"https:\/\/www.iemj.org\/en\/discover\/guided-tours\/"},{"@type":"ListItem","position":4,"name":"The music of the Jews of the Maghreb"}]},{"@type":"WebSite","@id":"https:\/\/www.iemj.org\/en\/#website","url":"https:\/\/www.iemj.org\/en\/","name":"Institut Europ\u00e9en des Musiques Juives","description":"Des traditions musicales \u00e0 la port\u00e9e de tous","publisher":{"@id":"https:\/\/www.iemj.org\/en\/#organization"},"potentialAction":[{"@type":"SearchAction","target":{"@type":"EntryPoint","urlTemplate":"https:\/\/www.iemj.org\/en\/?s={search_term_string}"},"query-input":{"@type":"PropertyValueSpecification","valueRequired":true,"valueName":"search_term_string"}}],"inLanguage":"en-US"},{"@type":"Organization","@id":"https:\/\/www.iemj.org\/en\/#organization","name":"Institut Europ\u00e9en des Musiques Juives","url":"https:\/\/www.iemj.org\/en\/","logo":{"@type":"ImageObject","inLanguage":"en-US","@id":"https:\/\/www.iemj.org\/en\/#\/schema\/logo\/image\/","url":"https:\/\/www.iemj.org\/wp-content\/uploads\/2021\/09\/Logo-IEMJ-Paypal.jpg","contentUrl":"https:\/\/www.iemj.org\/wp-content\/uploads\/2021\/09\/Logo-IEMJ-Paypal.jpg","width":150,"height":50,"caption":"Institut Europ\u00e9en des Musiques Juives"},"image":{"@id":"https:\/\/www.iemj.org\/en\/#\/schema\/logo\/image\/"},"sameAs":["https:\/\/www.facebook.com\/MusiquesJuives\/","https:\/\/www.instagram.com\/musiquesjuives\/","https:\/\/www.youtube.com\/user\/musiquesjuives"]}]}},"_links":{"self":[{"href":"https:\/\/www.iemj.org\/en\/wp-json\/wp\/v2\/pages\/130430","targetHints":{"allow":["GET"]}}],"collection":[{"href":"https:\/\/www.iemj.org\/en\/wp-json\/wp\/v2\/pages"}],"about":[{"href":"https:\/\/www.iemj.org\/en\/wp-json\/wp\/v2\/types\/page"}],"author":[{"embeddable":true,"href":"https:\/\/www.iemj.org\/en\/wp-json\/wp\/v2\/users\/5"}],"replies":[{"embeddable":true,"href":"https:\/\/www.iemj.org\/en\/wp-json\/wp\/v2\/comments?post=130430"}],"version-history":[{"count":5,"href":"https:\/\/www.iemj.org\/en\/wp-json\/wp\/v2\/pages\/130430\/revisions"}],"predecessor-version":[{"id":130791,"href":"https:\/\/www.iemj.org\/en\/wp-json\/wp\/v2\/pages\/130430\/revisions\/130791"}],"up":[{"embeddable":true,"href":"https:\/\/www.iemj.org\/en\/wp-json\/wp\/v2\/pages\/33332"}],"wp:featuredmedia":[{"embeddable":true,"href":"https:\/\/www.iemj.org\/en\/wp-json\/wp\/v2\/media\/130397"}],"wp:attachment":[{"href":"https:\/\/www.iemj.org\/en\/wp-json\/wp\/v2\/media?parent=130430"}],"wp:term":[{"taxonomy":"category","embeddable":true,"href":"https:\/\/www.iemj.org\/en\/wp-json\/wp\/v2\/categories?post=130430"},{"taxonomy":"post_tag","embeddable":true,"href":"https:\/\/www.iemj.org\/en\/wp-json\/wp\/v2\/tags?post=130430"}],"curies":[{"name":"wp","href":"https:\/\/api.w.org\/{rel}","templated":true}]}}