{"id":107811,"date":"2024-01-17T17:44:56","date_gmt":"2024-01-17T16:44:56","guid":{"rendered":"https:\/\/www.iemj.org\/produit\/sefarad-in-the-piano\/"},"modified":"2024-12-22T20:05:23","modified_gmt":"2024-12-22T19:05:23","slug":"sefarad-in-the-piano","status":"publish","type":"product","link":"https:\/\/www.iemj.org\/en\/product\/sefarad-in-the-piano\/","title":{"rendered":"SEFARAD in the piano"},"content":{"rendered":"<p>Inspired by Judeo-Spanish folk poetry, jazz, early music and the popular rhythms of flamenco, this original album features 10 Judeo-Spanish melodies revisited by the pianist Toni Costa.<\/p>\n<p>Born in Barcelona, Toni Costa is a high-level pianist-improviser currently based in Switzerland, where he works as contemporary dance accompanist for the Ballet du Grand Th\u00e9\u00e2tre de Gen\u00e8ve.<\/p>\n<p>Fascinated by the history of Spain&#8217;s Jews, Tony Costa focused on the life and work of Do\u00f1a Gracia Nasi (ca 1510 &#8211; 1569), a wealthy Marrano who rubbed shoulders with the greatest figures of her time and devoted her life to helping persecuted Jews. Wife of Joseph Francesco Mendes Nasi, who died prematurely in 1536, Gracia Nasi travelled throughout Europe, from Lisbon to Antwerp, London, Venice and Ferrara, before settling in Istanbul in 1553, where she developed commercial activities and played a diplomatic role of international stature in the service of Sultan Suleiman the Magnificent.<\/p>\n<p>When she returned to Judaism, she promoted Jewish culture, built synagogues, yeshivot and libraries, and contributed to the publication of books, notably in Judeo-Spanish, to enable her co-religionists to recover their faith and culture. In 1558, she moved to the Tiberias region to rebuild a home for Jews wishing to settle there. Unfortunately, this initiative was not as successful as expected, and Gracia Nasi died on November 3, 1569 in Istanbul (?) at the age of 59.<\/p>\n<p>Each song on Toni Costa&#8217;s album illustrates a facet or key moment in Do\u00f1a Gracia Nasi&#8217;s life, from her marriage (with the theme song <em>La novia ya salio del mar<\/em>) to the birth of her daughter (<em>A la una yo naci<\/em>) or the lullabies she used to sing to her (<em>Durme, durme<\/em>).<\/p>\n<p>The music on this album is based on Sephardic folk songs revisited in the light of music from the 15th century to the present day, including baroque polyphony, flamenco and jazz. This original blend is brilliantly realized by pianist Toni Costa, who manages to transfer Spanish guitar techniques to his piano.<\/p>\n<p>A wonderful discovery!<\/p>\n<audio class=\"wp-audio-shortcode\" id=\"audio-107811-1\" preload=\"none\" style=\"width: 100%;\" controls=\"controls\"><source type=\"audio\/mpeg\" src=\"https:\/\/www.iemj.org\/wp-content\/uploads\/2024\/01\/01-Me-pido-a-mar-Ija-mia.mp3?_=1\" \/><a href=\"https:\/\/www.iemj.org\/wp-content\/uploads\/2024\/01\/01-Me-pido-a-mar-Ija-mia.mp3\">https:\/\/www.iemj.org\/wp-content\/uploads\/2024\/01\/01-Me-pido-a-mar-Ija-mia.mp3<\/a><\/audio>\n<p><strong>Me pido a mar (Ija mia) (EXTRACT)<\/strong><\/p>\n<audio class=\"wp-audio-shortcode\" id=\"audio-107811-2\" preload=\"none\" style=\"width: 100%;\" controls=\"controls\"><source type=\"audio\/mpeg\" src=\"https:\/\/www.iemj.org\/wp-content\/uploads\/2024\/01\/03-Revuelo_-II-El-pajaro-Komo-el-pasharo-ke-bola.mp3?_=2\" \/><a href=\"https:\/\/www.iemj.org\/wp-content\/uploads\/2024\/01\/03-Revuelo_-II-El-pajaro-Komo-el-pasharo-ke-bola.mp3\">https:\/\/www.iemj.org\/wp-content\/uploads\/2024\/01\/03-Revuelo_-II-El-pajaro-Komo-el-pasharo-ke-bola.mp3<\/a><\/audio>\n<p><strong>Revuelo &#8211; II El pajaro (Komo el pasharo ke bola) (EXTRACT)<\/strong><\/p>\n<audio class=\"wp-audio-shortcode\" id=\"audio-107811-3\" preload=\"none\" style=\"width: 100%;\" controls=\"controls\"><source type=\"audio\/mpeg\" src=\"https:\/\/www.iemj.org\/wp-content\/uploads\/2024\/01\/04-Dolores_-I-Espinas-Puncha-puncha-La-roza-enflorese.mp3?_=3\" \/><a href=\"https:\/\/www.iemj.org\/wp-content\/uploads\/2024\/01\/04-Dolores_-I-Espinas-Puncha-puncha-La-roza-enflorese.mp3\">https:\/\/www.iemj.org\/wp-content\/uploads\/2024\/01\/04-Dolores_-I-Espinas-Puncha-puncha-La-roza-enflorese.mp3<\/a><\/audio>\n<p><strong>Dolores &#8211; I Espinas (Puncha puncha ; La roza enflorese) (EXTRACT)<\/strong><\/p>\n<audio class=\"wp-audio-shortcode\" id=\"audio-107811-4\" preload=\"none\" style=\"width: 100%;\" controls=\"controls\"><source type=\"audio\/mpeg\" src=\"https:\/\/www.iemj.org\/wp-content\/uploads\/2024\/01\/05-Dolores_-II-Raices-Kondja-mia.mp3?_=4\" \/><a href=\"https:\/\/www.iemj.org\/wp-content\/uploads\/2024\/01\/05-Dolores_-II-Raices-Kondja-mia.mp3\">https:\/\/www.iemj.org\/wp-content\/uploads\/2024\/01\/05-Dolores_-II-Raices-Kondja-mia.mp3<\/a><\/audio>\n<p><strong>Dolores &#8211; II Raices (Kondja mia) (EXTRACT)<\/strong><\/p>\n<audio class=\"wp-audio-shortcode\" id=\"audio-107811-5\" preload=\"none\" style=\"width: 100%;\" controls=\"controls\"><source type=\"audio\/mpeg\" src=\"https:\/\/www.iemj.org\/wp-content\/uploads\/2024\/01\/06-Me-detuviste-La-prima-vez.mp3?_=5\" \/><a href=\"https:\/\/www.iemj.org\/wp-content\/uploads\/2024\/01\/06-Me-detuviste-La-prima-vez.mp3\">https:\/\/www.iemj.org\/wp-content\/uploads\/2024\/01\/06-Me-detuviste-La-prima-vez.mp3<\/a><\/audio>\n<p><strong>Me detuviste (La prima vez) (EXTRACT)<\/strong><\/p>\n<audio class=\"wp-audio-shortcode\" id=\"audio-107811-6\" preload=\"none\" style=\"width: 100%;\" controls=\"controls\"><source type=\"audio\/mpeg\" src=\"https:\/\/www.iemj.org\/wp-content\/uploads\/2024\/01\/07-Danzas-a-mi-lado-A-la-una-yo-nasi-Echad-mi-yodea-Mu-asapru-Kien-supiesse-i-entendiesse.mp3?_=6\" \/><a href=\"https:\/\/www.iemj.org\/wp-content\/uploads\/2024\/01\/07-Danzas-a-mi-lado-A-la-una-yo-nasi-Echad-mi-yodea-Mu-asapru-Kien-supiesse-i-entendiesse.mp3\">https:\/\/www.iemj.org\/wp-content\/uploads\/2024\/01\/07-Danzas-a-mi-lado-A-la-una-yo-nasi-Echad-mi-yodea-Mu-asapru-Kien-supiesse-i-entendiesse.mp3<\/a><\/audio>\n<p><strong>Danzas a mi lado (A la una yo nasi ; Echad mi yodea ; Mu asapru ; Kien supiesse i entendiesse) (EXTRACT)<\/strong><\/p>\n<audio class=\"wp-audio-shortcode\" id=\"audio-107811-7\" preload=\"none\" style=\"width: 100%;\" controls=\"controls\"><source type=\"audio\/mpeg\" src=\"https:\/\/www.iemj.org\/wp-content\/uploads\/2024\/01\/08-Te-nota-Numi-numi-Durme-durme.mp3?_=7\" \/><a href=\"https:\/\/www.iemj.org\/wp-content\/uploads\/2024\/01\/08-Te-nota-Numi-numi-Durme-durme.mp3\">https:\/\/www.iemj.org\/wp-content\/uploads\/2024\/01\/08-Te-nota-Numi-numi-Durme-durme.mp3<\/a><\/audio>\n<p><strong>Te nota (Numi numi ; Durme durme) (EXTRACT)<\/strong><\/p>\n<audio class=\"wp-audio-shortcode\" id=\"audio-107811-8\" preload=\"none\" style=\"width: 100%;\" controls=\"controls\"><source type=\"audio\/mpeg\" src=\"https:\/\/www.iemj.org\/wp-content\/uploads\/2024\/01\/09-Morenika.mp3?_=8\" \/><a href=\"https:\/\/www.iemj.org\/wp-content\/uploads\/2024\/01\/09-Morenika.mp3\">https:\/\/www.iemj.org\/wp-content\/uploads\/2024\/01\/09-Morenika.mp3<\/a><\/audio>\n<p><strong>Morenika (EXTRACT)<\/strong><\/p>\n<audio class=\"wp-audio-shortcode\" id=\"audio-107811-9\" preload=\"none\" style=\"width: 100%;\" controls=\"controls\"><source type=\"audio\/mpeg\" src=\"https:\/\/www.iemj.org\/wp-content\/uploads\/2024\/01\/10-Avre-tu-puerta-serrada.mp3?_=9\" \/><a href=\"https:\/\/www.iemj.org\/wp-content\/uploads\/2024\/01\/10-Avre-tu-puerta-serrada.mp3\">https:\/\/www.iemj.org\/wp-content\/uploads\/2024\/01\/10-Avre-tu-puerta-serrada.mp3<\/a><\/audio>\n<p><strong>Avre tu puerta serrada (EXTRACT)<\/strong><\/p>\n","protected":false},"excerpt":{"rendered":"<p>Now available on the EIJM online Shop, this CD from pianist Toni Costa draws its inspiration from Judeo-Spanish folk poetry, jazz, early music and flamenco folk rhythms<\/p>\n","protected":false},"featured_media":107712,"comment_status":"closed","ping_status":"closed","template":"","meta":{"_acf_changed":false},"product_brand":[],"product_cat":[32,2245,2228],"product_tag":[],"class_list":{"0":"post-107811","1":"product","2":"type-product","3":"status-publish","4":"has-post-thumbnail","6":"product_cat-cd-en-2","7":"product_cat-ladino-en-en","8":"product_cat-other-publishers-en","9":"pa_musique-downloadable-album","10":"pa_musique-physical-album","12":"first","13":"instock","14":"shipping-taxable","15":"purchasable","16":"product-type-variable"},"acf":[],"yoast_head":"<!-- This site is optimized with the Yoast SEO plugin v27.3 - https:\/\/yoast.com\/product\/yoast-seo-wordpress\/ -->\n<title>SEFARAD in the piano - Institut Europ\u00e9en des Musiques Juives<\/title>\n<meta name=\"robots\" content=\"index, follow, max-snippet:-1, max-image-preview:large, max-video-preview:-1\" \/>\n<link rel=\"canonical\" href=\"https:\/\/www.iemj.org\/en\/product\/sefarad-in-the-piano\/\" \/>\n<meta property=\"og:locale\" content=\"en_US\" \/>\n<meta property=\"og:type\" content=\"article\" \/>\n<meta property=\"og:title\" content=\"SEFARAD in the piano - Institut Europ\u00e9en des Musiques Juives\" \/>\n<meta property=\"og:description\" content=\"Now available on the EIJM online Shop, this CD from pianist Toni Costa draws its inspiration from Judeo-Spanish folk poetry, jazz, early music and flamenco folk rhythms\" \/>\n<meta property=\"og:url\" content=\"https:\/\/www.iemj.org\/en\/product\/sefarad-in-the-piano\/\" \/>\n<meta property=\"og:site_name\" content=\"Institut Europ\u00e9en des Musiques Juives\" \/>\n<meta property=\"article:publisher\" content=\"https:\/\/www.facebook.com\/MusiquesJuives\/\" \/>\n<meta property=\"article:modified_time\" content=\"2024-12-22T19:05:23+00:00\" \/>\n<meta property=\"og:image\" content=\"https:\/\/www.iemj.org\/wp-content\/uploads\/2024\/01\/COUV-CD-Toni-Costa.jpg\" \/>\n\t<meta property=\"og:image:width\" content=\"350\" \/>\n\t<meta property=\"og:image:height\" content=\"314\" \/>\n\t<meta property=\"og:image:type\" content=\"image\/jpeg\" \/>\n<meta name=\"twitter:card\" content=\"summary_large_image\" \/>\n<meta name=\"twitter:label1\" content=\"Est. reading time\" \/>\n\t<meta name=\"twitter:data1\" content=\"3 minutes\" \/>\n<script type=\"application\/ld+json\" class=\"yoast-schema-graph\">{\"@context\":\"https:\\\/\\\/schema.org\",\"@graph\":[{\"@type\":\"WebPage\",\"@id\":\"https:\\\/\\\/www.iemj.org\\\/en\\\/product\\\/sefarad-in-the-piano\\\/\",\"url\":\"https:\\\/\\\/www.iemj.org\\\/en\\\/product\\\/sefarad-in-the-piano\\\/\",\"name\":\"SEFARAD in the piano - Institut Europ\u00e9en des Musiques Juives\",\"isPartOf\":{\"@id\":\"https:\\\/\\\/www.iemj.org\\\/en\\\/#website\"},\"primaryImageOfPage\":{\"@id\":\"https:\\\/\\\/www.iemj.org\\\/en\\\/product\\\/sefarad-in-the-piano\\\/#primaryimage\"},\"image\":{\"@id\":\"https:\\\/\\\/www.iemj.org\\\/en\\\/product\\\/sefarad-in-the-piano\\\/#primaryimage\"},\"thumbnailUrl\":\"https:\\\/\\\/www.iemj.org\\\/wp-content\\\/uploads\\\/2024\\\/01\\\/COUV-CD-Toni-Costa.jpg\",\"datePublished\":\"2024-01-17T16:44:56+00:00\",\"dateModified\":\"2024-12-22T19:05:23+00:00\",\"breadcrumb\":{\"@id\":\"https:\\\/\\\/www.iemj.org\\\/en\\\/product\\\/sefarad-in-the-piano\\\/#breadcrumb\"},\"inLanguage\":\"en-US\",\"potentialAction\":[{\"@type\":\"ReadAction\",\"target\":[\"https:\\\/\\\/www.iemj.org\\\/en\\\/product\\\/sefarad-in-the-piano\\\/\"]}]},{\"@type\":\"ImageObject\",\"inLanguage\":\"en-US\",\"@id\":\"https:\\\/\\\/www.iemj.org\\\/en\\\/product\\\/sefarad-in-the-piano\\\/#primaryimage\",\"url\":\"https:\\\/\\\/www.iemj.org\\\/wp-content\\\/uploads\\\/2024\\\/01\\\/COUV-CD-Toni-Costa.jpg\",\"contentUrl\":\"https:\\\/\\\/www.iemj.org\\\/wp-content\\\/uploads\\\/2024\\\/01\\\/COUV-CD-Toni-Costa.jpg\",\"width\":350,\"height\":314},{\"@type\":\"BreadcrumbList\",\"@id\":\"https:\\\/\\\/www.iemj.org\\\/en\\\/product\\\/sefarad-in-the-piano\\\/#breadcrumb\",\"itemListElement\":[{\"@type\":\"ListItem\",\"position\":1,\"name\":\"Accueil\",\"item\":\"https:\\\/\\\/www.iemj.org\\\/en\\\/\"},{\"@type\":\"ListItem\",\"position\":2,\"name\":\"Shop\",\"item\":\"https:\\\/\\\/www.iemj.org\\\/en\\\/shop\\\/\"},{\"@type\":\"ListItem\",\"position\":3,\"name\":\"SEFARAD in the piano\"}]},{\"@type\":\"WebSite\",\"@id\":\"https:\\\/\\\/www.iemj.org\\\/en\\\/#website\",\"url\":\"https:\\\/\\\/www.iemj.org\\\/en\\\/\",\"name\":\"Institut Europ\u00e9en des Musiques Juives\",\"description\":\"Des traditions musicales \u00e0 la port\u00e9e de tous\",\"publisher\":{\"@id\":\"https:\\\/\\\/www.iemj.org\\\/en\\\/#organization\"},\"potentialAction\":[{\"@type\":\"SearchAction\",\"target\":{\"@type\":\"EntryPoint\",\"urlTemplate\":\"https:\\\/\\\/www.iemj.org\\\/en\\\/?s={search_term_string}\"},\"query-input\":{\"@type\":\"PropertyValueSpecification\",\"valueRequired\":true,\"valueName\":\"search_term_string\"}}],\"inLanguage\":\"en-US\"},{\"@type\":\"Organization\",\"@id\":\"https:\\\/\\\/www.iemj.org\\\/en\\\/#organization\",\"name\":\"Institut Europ\u00e9en des Musiques Juives\",\"url\":\"https:\\\/\\\/www.iemj.org\\\/en\\\/\",\"logo\":{\"@type\":\"ImageObject\",\"inLanguage\":\"en-US\",\"@id\":\"https:\\\/\\\/www.iemj.org\\\/en\\\/#\\\/schema\\\/logo\\\/image\\\/\",\"url\":\"https:\\\/\\\/www.iemj.org\\\/wp-content\\\/uploads\\\/2021\\\/09\\\/Logo-IEMJ-Paypal.jpg\",\"contentUrl\":\"https:\\\/\\\/www.iemj.org\\\/wp-content\\\/uploads\\\/2021\\\/09\\\/Logo-IEMJ-Paypal.jpg\",\"width\":150,\"height\":50,\"caption\":\"Institut Europ\u00e9en des Musiques Juives\"},\"image\":{\"@id\":\"https:\\\/\\\/www.iemj.org\\\/en\\\/#\\\/schema\\\/logo\\\/image\\\/\"},\"sameAs\":[\"https:\\\/\\\/www.facebook.com\\\/MusiquesJuives\\\/\",\"https:\\\/\\\/www.instagram.com\\\/musiquesjuives\\\/\",\"https:\\\/\\\/www.youtube.com\\\/user\\\/musiquesjuives\"]}]}<\/script>\n<!-- \/ Yoast SEO plugin. -->","yoast_head_json":{"title":"SEFARAD in the piano - Institut Europ\u00e9en des Musiques Juives","robots":{"index":"index","follow":"follow","max-snippet":"max-snippet:-1","max-image-preview":"max-image-preview:large","max-video-preview":"max-video-preview:-1"},"canonical":"https:\/\/www.iemj.org\/en\/product\/sefarad-in-the-piano\/","og_locale":"en_US","og_type":"article","og_title":"SEFARAD in the piano - Institut Europ\u00e9en des Musiques Juives","og_description":"Now available on the EIJM online Shop, this CD from pianist Toni Costa draws its inspiration from Judeo-Spanish folk poetry, jazz, early music and flamenco folk rhythms","og_url":"https:\/\/www.iemj.org\/en\/product\/sefarad-in-the-piano\/","og_site_name":"Institut Europ\u00e9en des Musiques Juives","article_publisher":"https:\/\/www.facebook.com\/MusiquesJuives\/","article_modified_time":"2024-12-22T19:05:23+00:00","og_image":[{"width":350,"height":314,"url":"https:\/\/www.iemj.org\/wp-content\/uploads\/2024\/01\/COUV-CD-Toni-Costa.jpg","type":"image\/jpeg"}],"twitter_card":"summary_large_image","twitter_misc":{"Est. reading time":"3 minutes"},"schema":{"@context":"https:\/\/schema.org","@graph":[{"@type":"WebPage","@id":"https:\/\/www.iemj.org\/en\/product\/sefarad-in-the-piano\/","url":"https:\/\/www.iemj.org\/en\/product\/sefarad-in-the-piano\/","name":"SEFARAD in the piano - Institut Europ\u00e9en des Musiques Juives","isPartOf":{"@id":"https:\/\/www.iemj.org\/en\/#website"},"primaryImageOfPage":{"@id":"https:\/\/www.iemj.org\/en\/product\/sefarad-in-the-piano\/#primaryimage"},"image":{"@id":"https:\/\/www.iemj.org\/en\/product\/sefarad-in-the-piano\/#primaryimage"},"thumbnailUrl":"https:\/\/www.iemj.org\/wp-content\/uploads\/2024\/01\/COUV-CD-Toni-Costa.jpg","datePublished":"2024-01-17T16:44:56+00:00","dateModified":"2024-12-22T19:05:23+00:00","breadcrumb":{"@id":"https:\/\/www.iemj.org\/en\/product\/sefarad-in-the-piano\/#breadcrumb"},"inLanguage":"en-US","potentialAction":[{"@type":"ReadAction","target":["https:\/\/www.iemj.org\/en\/product\/sefarad-in-the-piano\/"]}]},{"@type":"ImageObject","inLanguage":"en-US","@id":"https:\/\/www.iemj.org\/en\/product\/sefarad-in-the-piano\/#primaryimage","url":"https:\/\/www.iemj.org\/wp-content\/uploads\/2024\/01\/COUV-CD-Toni-Costa.jpg","contentUrl":"https:\/\/www.iemj.org\/wp-content\/uploads\/2024\/01\/COUV-CD-Toni-Costa.jpg","width":350,"height":314},{"@type":"BreadcrumbList","@id":"https:\/\/www.iemj.org\/en\/product\/sefarad-in-the-piano\/#breadcrumb","itemListElement":[{"@type":"ListItem","position":1,"name":"Accueil","item":"https:\/\/www.iemj.org\/en\/"},{"@type":"ListItem","position":2,"name":"Shop","item":"https:\/\/www.iemj.org\/en\/shop\/"},{"@type":"ListItem","position":3,"name":"SEFARAD in the piano"}]},{"@type":"WebSite","@id":"https:\/\/www.iemj.org\/en\/#website","url":"https:\/\/www.iemj.org\/en\/","name":"Institut Europ\u00e9en des Musiques Juives","description":"Des traditions musicales \u00e0 la port\u00e9e de tous","publisher":{"@id":"https:\/\/www.iemj.org\/en\/#organization"},"potentialAction":[{"@type":"SearchAction","target":{"@type":"EntryPoint","urlTemplate":"https:\/\/www.iemj.org\/en\/?s={search_term_string}"},"query-input":{"@type":"PropertyValueSpecification","valueRequired":true,"valueName":"search_term_string"}}],"inLanguage":"en-US"},{"@type":"Organization","@id":"https:\/\/www.iemj.org\/en\/#organization","name":"Institut Europ\u00e9en des Musiques Juives","url":"https:\/\/www.iemj.org\/en\/","logo":{"@type":"ImageObject","inLanguage":"en-US","@id":"https:\/\/www.iemj.org\/en\/#\/schema\/logo\/image\/","url":"https:\/\/www.iemj.org\/wp-content\/uploads\/2021\/09\/Logo-IEMJ-Paypal.jpg","contentUrl":"https:\/\/www.iemj.org\/wp-content\/uploads\/2021\/09\/Logo-IEMJ-Paypal.jpg","width":150,"height":50,"caption":"Institut Europ\u00e9en des Musiques Juives"},"image":{"@id":"https:\/\/www.iemj.org\/en\/#\/schema\/logo\/image\/"},"sameAs":["https:\/\/www.facebook.com\/MusiquesJuives\/","https:\/\/www.instagram.com\/musiquesjuives\/","https:\/\/www.youtube.com\/user\/musiquesjuives"]}]}},"_links":{"self":[{"href":"https:\/\/www.iemj.org\/en\/wp-json\/wp\/v2\/product\/107811","targetHints":{"allow":["GET"]}}],"collection":[{"href":"https:\/\/www.iemj.org\/en\/wp-json\/wp\/v2\/product"}],"about":[{"href":"https:\/\/www.iemj.org\/en\/wp-json\/wp\/v2\/types\/product"}],"replies":[{"embeddable":true,"href":"https:\/\/www.iemj.org\/en\/wp-json\/wp\/v2\/comments?post=107811"}],"wp:featuredmedia":[{"embeddable":true,"href":"https:\/\/www.iemj.org\/en\/wp-json\/wp\/v2\/media\/107712"}],"wp:attachment":[{"href":"https:\/\/www.iemj.org\/en\/wp-json\/wp\/v2\/media?parent=107811"}],"wp:term":[{"taxonomy":"product_brand","embeddable":true,"href":"https:\/\/www.iemj.org\/en\/wp-json\/wp\/v2\/product_brand?post=107811"},{"taxonomy":"product_cat","embeddable":true,"href":"https:\/\/www.iemj.org\/en\/wp-json\/wp\/v2\/product_cat?post=107811"},{"taxonomy":"product_tag","embeddable":true,"href":"https:\/\/www.iemj.org\/en\/wp-json\/wp\/v2\/product_tag?post=107811"}],"curies":[{"name":"wp","href":"https:\/\/api.w.org\/{rel}","templated":true}]}}