{"id":1322,"date":"2018-11-22T16:11:55","date_gmt":"2018-11-22T15:11:55","guid":{"rendered":"https:\/\/www.iemj.org\/produit\/francoise-atlan-aman-sefarad\/"},"modified":"2021-07-21T15:34:44","modified_gmt":"2021-07-21T13:34:44","slug":"francoise-atlan-aman-sefarad","status":"publish","type":"product","link":"https:\/\/www.iemj.org\/en\/product\/francoise-atlan-aman-sefarad\/","title":{"rendered":"Fran\u00e7oise Atlan &#8211; Aman ! Sefarad&#8230;"},"content":{"rendered":"<p><span id=\"result_box\" lang=\"en\" xml:lang=\"en\"><em>For this new production specifically inspired by Salonika and Istanbul, Fran\u00e7oise Atlan, Kyriakos Kala\u00efdjidis and the ensemble En Chordais have replaced the Sephardi music forms of the various Balkan and Eastern Mediterranean Jewish communities in their historical, geographical and cultural context, highlighting the influences of a non-Jewish musical environment on the Jewish musical heritage and showing us how this unique heritage intertwines with the weft of history and the various paths of exiles taken by these communities. The main genres of the Jewish-Spanish repertoire are featured here: romances (medieval ballads), coplas (religious Judaic songs), kantigas (daily life songs) and piyyutim (plural of piyyut \u2013 liturgical poems\/songs).<\/em><\/span><\/p>\n<p>Extraits :<\/p>\n<p>Cien drahmas<\/p>\n<audio class=\"wp-audio-shortcode\" id=\"audio-1322-1\" preload=\"none\" style=\"width: 100%;\" controls=\"controls\"><source type=\"audio\/mpeg\" src=\"https:\/\/www.iemj.org\/wp-content\/uploads\/2018\/11\/Cien-drahmas-extrait.mp3?_=1\" \/><a href=\"https:\/\/www.iemj.org\/wp-content\/uploads\/2018\/11\/Cien-drahmas-extrait.mp3\">https:\/\/www.iemj.org\/wp-content\/uploads\/2018\/11\/Cien-drahmas-extrait.mp3<\/a><\/audio>\n<p>Los guisados de berenjena<\/p>\n<audio class=\"wp-audio-shortcode\" id=\"audio-1322-2\" preload=\"none\" style=\"width: 100%;\" controls=\"controls\"><source type=\"audio\/mpeg\" src=\"https:\/\/www.iemj.org\/wp-content\/uploads\/2018\/11\/Los-guisados-de-berenjena-extrait.mp3?_=2\" \/><a href=\"https:\/\/www.iemj.org\/wp-content\/uploads\/2018\/11\/Los-guisados-de-berenjena-extrait.mp3\">https:\/\/www.iemj.org\/wp-content\/uploads\/2018\/11\/Los-guisados-de-berenjena-extrait.mp3<\/a><\/audio>\n<p>Mira novia<\/p>\n<audio class=\"wp-audio-shortcode\" id=\"audio-1322-3\" preload=\"none\" style=\"width: 100%;\" controls=\"controls\"><source type=\"audio\/mpeg\" src=\"https:\/\/www.iemj.org\/wp-content\/uploads\/2018\/11\/Mira-novia-extrait.mp3?_=3\" \/><a href=\"https:\/\/www.iemj.org\/wp-content\/uploads\/2018\/11\/Mira-novia-extrait.mp3\">https:\/\/www.iemj.org\/wp-content\/uploads\/2018\/11\/Mira-novia-extrait.mp3<\/a><\/audio>\n<p>Triste esta el Rey David<\/p>\n<audio class=\"wp-audio-shortcode\" id=\"audio-1322-4\" preload=\"none\" style=\"width: 100%;\" controls=\"controls\"><source type=\"audio\/mpeg\" src=\"https:\/\/www.iemj.org\/wp-content\/uploads\/2018\/11\/Triste-esta-el-Rey-David-extrait.mp3?_=4\" \/><a href=\"https:\/\/www.iemj.org\/wp-content\/uploads\/2018\/11\/Triste-esta-el-Rey-David-extrait.mp3\">https:\/\/www.iemj.org\/wp-content\/uploads\/2018\/11\/Triste-esta-el-Rey-David-extrait.mp3<\/a><\/audio>\n","protected":false},"excerpt":{"rendered":"<p><em>Sephardi music forms of the various Balkan and Eastern Mediterranean Jewish communities<\/em>.<\/p>\n","protected":false},"featured_media":57635,"comment_status":"open","ping_status":"closed","template":"","meta":{"_acf_changed":false},"product_brand":[],"product_cat":[32,2245,2228],"product_tag":[],"class_list":{"0":"post-1322","1":"product","2":"type-product","3":"status-publish","4":"has-post-thumbnail","6":"product_cat-cd-en-2","7":"product_cat-ladino-en-en","8":"product_cat-other-publishers-en","10":"first","11":"instock","12":"shipping-taxable","13":"purchasable","14":"product-type-simple"},"acf":[],"yoast_head":"<!-- This site is optimized with the Yoast SEO plugin v27.3 - https:\/\/yoast.com\/product\/yoast-seo-wordpress\/ -->\n<title>Fran\u00e7oise Atlan - Aman ! Sefarad... - Institut Europ\u00e9en des Musiques Juives<\/title>\n<meta name=\"robots\" content=\"index, follow, max-snippet:-1, max-image-preview:large, max-video-preview:-1\" \/>\n<link rel=\"canonical\" href=\"https:\/\/www.iemj.org\/en\/product\/francoise-atlan-aman-sefarad\/\" \/>\n<meta property=\"og:locale\" content=\"en_US\" \/>\n<meta property=\"og:type\" content=\"article\" \/>\n<meta property=\"og:title\" content=\"Fran\u00e7oise Atlan - Aman ! Sefarad... - Institut Europ\u00e9en des Musiques Juives\" \/>\n<meta property=\"og:description\" content=\"Sephardi music forms of the various Balkan and Eastern Mediterranean Jewish communities.\" \/>\n<meta property=\"og:url\" content=\"https:\/\/www.iemj.org\/en\/product\/francoise-atlan-aman-sefarad\/\" \/>\n<meta property=\"og:site_name\" content=\"Institut Europ\u00e9en des Musiques Juives\" \/>\n<meta property=\"article:publisher\" content=\"https:\/\/www.facebook.com\/MusiquesJuives\/\" \/>\n<meta property=\"article:modified_time\" content=\"2021-07-21T13:34:44+00:00\" \/>\n<meta property=\"og:image\" content=\"https:\/\/www.iemj.org\/wp-content\/uploads\/2018\/11\/COUV-CD-FRANCOISE-ATLAN-AMAN-SEFARAD.jpg\" \/>\n\t<meta property=\"og:image:width\" content=\"350\" \/>\n\t<meta property=\"og:image:height\" content=\"314\" \/>\n\t<meta property=\"og:image:type\" content=\"image\/jpeg\" \/>\n<meta name=\"twitter:card\" content=\"summary_large_image\" \/>\n<meta name=\"twitter:label1\" content=\"Est. reading time\" \/>\n\t<meta name=\"twitter:data1\" content=\"1 minute\" \/>\n<script type=\"application\/ld+json\" class=\"yoast-schema-graph\">{\"@context\":\"https:\\\/\\\/schema.org\",\"@graph\":[{\"@type\":\"WebPage\",\"@id\":\"https:\\\/\\\/www.iemj.org\\\/en\\\/product\\\/francoise-atlan-aman-sefarad\\\/\",\"url\":\"https:\\\/\\\/www.iemj.org\\\/en\\\/product\\\/francoise-atlan-aman-sefarad\\\/\",\"name\":\"Fran\u00e7oise Atlan - Aman ! Sefarad... - Institut Europ\u00e9en des Musiques Juives\",\"isPartOf\":{\"@id\":\"https:\\\/\\\/www.iemj.org\\\/en\\\/#website\"},\"primaryImageOfPage\":{\"@id\":\"https:\\\/\\\/www.iemj.org\\\/en\\\/product\\\/francoise-atlan-aman-sefarad\\\/#primaryimage\"},\"image\":{\"@id\":\"https:\\\/\\\/www.iemj.org\\\/en\\\/product\\\/francoise-atlan-aman-sefarad\\\/#primaryimage\"},\"thumbnailUrl\":\"https:\\\/\\\/www.iemj.org\\\/wp-content\\\/uploads\\\/2018\\\/11\\\/COUV-CD-FRANCOISE-ATLAN-AMAN-SEFARAD.jpg\",\"datePublished\":\"2018-11-22T15:11:55+00:00\",\"dateModified\":\"2021-07-21T13:34:44+00:00\",\"breadcrumb\":{\"@id\":\"https:\\\/\\\/www.iemj.org\\\/en\\\/product\\\/francoise-atlan-aman-sefarad\\\/#breadcrumb\"},\"inLanguage\":\"en-US\",\"potentialAction\":[{\"@type\":\"ReadAction\",\"target\":[\"https:\\\/\\\/www.iemj.org\\\/en\\\/product\\\/francoise-atlan-aman-sefarad\\\/\"]}]},{\"@type\":\"ImageObject\",\"inLanguage\":\"en-US\",\"@id\":\"https:\\\/\\\/www.iemj.org\\\/en\\\/product\\\/francoise-atlan-aman-sefarad\\\/#primaryimage\",\"url\":\"https:\\\/\\\/www.iemj.org\\\/wp-content\\\/uploads\\\/2018\\\/11\\\/COUV-CD-FRANCOISE-ATLAN-AMAN-SEFARAD.jpg\",\"contentUrl\":\"https:\\\/\\\/www.iemj.org\\\/wp-content\\\/uploads\\\/2018\\\/11\\\/COUV-CD-FRANCOISE-ATLAN-AMAN-SEFARAD.jpg\",\"width\":350,\"height\":314,\"caption\":\"COUV CD FRAN\u00c7OISE ATLAN - AMAN ! SEFARAD\"},{\"@type\":\"BreadcrumbList\",\"@id\":\"https:\\\/\\\/www.iemj.org\\\/en\\\/product\\\/francoise-atlan-aman-sefarad\\\/#breadcrumb\",\"itemListElement\":[{\"@type\":\"ListItem\",\"position\":1,\"name\":\"Accueil\",\"item\":\"https:\\\/\\\/www.iemj.org\\\/en\\\/\"},{\"@type\":\"ListItem\",\"position\":2,\"name\":\"Shop\",\"item\":\"https:\\\/\\\/www.iemj.org\\\/en\\\/shop\\\/\"},{\"@type\":\"ListItem\",\"position\":3,\"name\":\"Fran\u00e7oise Atlan &#8211; Aman ! Sefarad&#8230;\"}]},{\"@type\":\"WebSite\",\"@id\":\"https:\\\/\\\/www.iemj.org\\\/en\\\/#website\",\"url\":\"https:\\\/\\\/www.iemj.org\\\/en\\\/\",\"name\":\"Institut Europ\u00e9en des Musiques Juives\",\"description\":\"Des traditions musicales \u00e0 la port\u00e9e de tous\",\"publisher\":{\"@id\":\"https:\\\/\\\/www.iemj.org\\\/en\\\/#organization\"},\"potentialAction\":[{\"@type\":\"SearchAction\",\"target\":{\"@type\":\"EntryPoint\",\"urlTemplate\":\"https:\\\/\\\/www.iemj.org\\\/en\\\/?s={search_term_string}\"},\"query-input\":{\"@type\":\"PropertyValueSpecification\",\"valueRequired\":true,\"valueName\":\"search_term_string\"}}],\"inLanguage\":\"en-US\"},{\"@type\":\"Organization\",\"@id\":\"https:\\\/\\\/www.iemj.org\\\/en\\\/#organization\",\"name\":\"Institut Europ\u00e9en des Musiques Juives\",\"url\":\"https:\\\/\\\/www.iemj.org\\\/en\\\/\",\"logo\":{\"@type\":\"ImageObject\",\"inLanguage\":\"en-US\",\"@id\":\"https:\\\/\\\/www.iemj.org\\\/en\\\/#\\\/schema\\\/logo\\\/image\\\/\",\"url\":\"https:\\\/\\\/www.iemj.org\\\/wp-content\\\/uploads\\\/2021\\\/09\\\/Logo-IEMJ-Paypal.jpg\",\"contentUrl\":\"https:\\\/\\\/www.iemj.org\\\/wp-content\\\/uploads\\\/2021\\\/09\\\/Logo-IEMJ-Paypal.jpg\",\"width\":150,\"height\":50,\"caption\":\"Institut Europ\u00e9en des Musiques Juives\"},\"image\":{\"@id\":\"https:\\\/\\\/www.iemj.org\\\/en\\\/#\\\/schema\\\/logo\\\/image\\\/\"},\"sameAs\":[\"https:\\\/\\\/www.facebook.com\\\/MusiquesJuives\\\/\",\"https:\\\/\\\/www.instagram.com\\\/musiquesjuives\\\/\",\"https:\\\/\\\/www.youtube.com\\\/user\\\/musiquesjuives\"]}]}<\/script>\n<!-- \/ Yoast SEO plugin. -->","yoast_head_json":{"title":"Fran\u00e7oise Atlan - Aman ! Sefarad... - Institut Europ\u00e9en des Musiques Juives","robots":{"index":"index","follow":"follow","max-snippet":"max-snippet:-1","max-image-preview":"max-image-preview:large","max-video-preview":"max-video-preview:-1"},"canonical":"https:\/\/www.iemj.org\/en\/product\/francoise-atlan-aman-sefarad\/","og_locale":"en_US","og_type":"article","og_title":"Fran\u00e7oise Atlan - Aman ! Sefarad... - Institut Europ\u00e9en des Musiques Juives","og_description":"Sephardi music forms of the various Balkan and Eastern Mediterranean Jewish communities.","og_url":"https:\/\/www.iemj.org\/en\/product\/francoise-atlan-aman-sefarad\/","og_site_name":"Institut Europ\u00e9en des Musiques Juives","article_publisher":"https:\/\/www.facebook.com\/MusiquesJuives\/","article_modified_time":"2021-07-21T13:34:44+00:00","og_image":[{"width":350,"height":314,"url":"https:\/\/www.iemj.org\/wp-content\/uploads\/2018\/11\/COUV-CD-FRANCOISE-ATLAN-AMAN-SEFARAD.jpg","type":"image\/jpeg"}],"twitter_card":"summary_large_image","twitter_misc":{"Est. reading time":"1 minute"},"schema":{"@context":"https:\/\/schema.org","@graph":[{"@type":"WebPage","@id":"https:\/\/www.iemj.org\/en\/product\/francoise-atlan-aman-sefarad\/","url":"https:\/\/www.iemj.org\/en\/product\/francoise-atlan-aman-sefarad\/","name":"Fran\u00e7oise Atlan - Aman ! Sefarad... - Institut Europ\u00e9en des Musiques Juives","isPartOf":{"@id":"https:\/\/www.iemj.org\/en\/#website"},"primaryImageOfPage":{"@id":"https:\/\/www.iemj.org\/en\/product\/francoise-atlan-aman-sefarad\/#primaryimage"},"image":{"@id":"https:\/\/www.iemj.org\/en\/product\/francoise-atlan-aman-sefarad\/#primaryimage"},"thumbnailUrl":"https:\/\/www.iemj.org\/wp-content\/uploads\/2018\/11\/COUV-CD-FRANCOISE-ATLAN-AMAN-SEFARAD.jpg","datePublished":"2018-11-22T15:11:55+00:00","dateModified":"2021-07-21T13:34:44+00:00","breadcrumb":{"@id":"https:\/\/www.iemj.org\/en\/product\/francoise-atlan-aman-sefarad\/#breadcrumb"},"inLanguage":"en-US","potentialAction":[{"@type":"ReadAction","target":["https:\/\/www.iemj.org\/en\/product\/francoise-atlan-aman-sefarad\/"]}]},{"@type":"ImageObject","inLanguage":"en-US","@id":"https:\/\/www.iemj.org\/en\/product\/francoise-atlan-aman-sefarad\/#primaryimage","url":"https:\/\/www.iemj.org\/wp-content\/uploads\/2018\/11\/COUV-CD-FRANCOISE-ATLAN-AMAN-SEFARAD.jpg","contentUrl":"https:\/\/www.iemj.org\/wp-content\/uploads\/2018\/11\/COUV-CD-FRANCOISE-ATLAN-AMAN-SEFARAD.jpg","width":350,"height":314,"caption":"COUV CD FRAN\u00c7OISE ATLAN - AMAN ! SEFARAD"},{"@type":"BreadcrumbList","@id":"https:\/\/www.iemj.org\/en\/product\/francoise-atlan-aman-sefarad\/#breadcrumb","itemListElement":[{"@type":"ListItem","position":1,"name":"Accueil","item":"https:\/\/www.iemj.org\/en\/"},{"@type":"ListItem","position":2,"name":"Shop","item":"https:\/\/www.iemj.org\/en\/shop\/"},{"@type":"ListItem","position":3,"name":"Fran\u00e7oise Atlan &#8211; Aman ! Sefarad&#8230;"}]},{"@type":"WebSite","@id":"https:\/\/www.iemj.org\/en\/#website","url":"https:\/\/www.iemj.org\/en\/","name":"Institut Europ\u00e9en des Musiques Juives","description":"Des traditions musicales \u00e0 la port\u00e9e de tous","publisher":{"@id":"https:\/\/www.iemj.org\/en\/#organization"},"potentialAction":[{"@type":"SearchAction","target":{"@type":"EntryPoint","urlTemplate":"https:\/\/www.iemj.org\/en\/?s={search_term_string}"},"query-input":{"@type":"PropertyValueSpecification","valueRequired":true,"valueName":"search_term_string"}}],"inLanguage":"en-US"},{"@type":"Organization","@id":"https:\/\/www.iemj.org\/en\/#organization","name":"Institut Europ\u00e9en des Musiques Juives","url":"https:\/\/www.iemj.org\/en\/","logo":{"@type":"ImageObject","inLanguage":"en-US","@id":"https:\/\/www.iemj.org\/en\/#\/schema\/logo\/image\/","url":"https:\/\/www.iemj.org\/wp-content\/uploads\/2021\/09\/Logo-IEMJ-Paypal.jpg","contentUrl":"https:\/\/www.iemj.org\/wp-content\/uploads\/2021\/09\/Logo-IEMJ-Paypal.jpg","width":150,"height":50,"caption":"Institut Europ\u00e9en des Musiques Juives"},"image":{"@id":"https:\/\/www.iemj.org\/en\/#\/schema\/logo\/image\/"},"sameAs":["https:\/\/www.facebook.com\/MusiquesJuives\/","https:\/\/www.instagram.com\/musiquesjuives\/","https:\/\/www.youtube.com\/user\/musiquesjuives"]}]}},"_links":{"self":[{"href":"https:\/\/www.iemj.org\/en\/wp-json\/wp\/v2\/product\/1322","targetHints":{"allow":["GET"]}}],"collection":[{"href":"https:\/\/www.iemj.org\/en\/wp-json\/wp\/v2\/product"}],"about":[{"href":"https:\/\/www.iemj.org\/en\/wp-json\/wp\/v2\/types\/product"}],"replies":[{"embeddable":true,"href":"https:\/\/www.iemj.org\/en\/wp-json\/wp\/v2\/comments?post=1322"}],"wp:featuredmedia":[{"embeddable":true,"href":"https:\/\/www.iemj.org\/en\/wp-json\/wp\/v2\/media\/57635"}],"wp:attachment":[{"href":"https:\/\/www.iemj.org\/en\/wp-json\/wp\/v2\/media?parent=1322"}],"wp:term":[{"taxonomy":"product_brand","embeddable":true,"href":"https:\/\/www.iemj.org\/en\/wp-json\/wp\/v2\/product_brand?post=1322"},{"taxonomy":"product_cat","embeddable":true,"href":"https:\/\/www.iemj.org\/en\/wp-json\/wp\/v2\/product_cat?post=1322"},{"taxonomy":"product_tag","embeddable":true,"href":"https:\/\/www.iemj.org\/en\/wp-json\/wp\/v2\/product_tag?post=1322"}],"curies":[{"name":"wp","href":"https:\/\/api.w.org\/{rel}","templated":true}]}}