{"id":1449,"date":"2015-02-02T10:09:32","date_gmt":"2020-01-15T09:09:32","guid":{"rendered":"https:\/\/www.iemj.org\/produit\/m-tauber-l-grynszpan-metamorphose-des-melodies\/"},"modified":"2021-10-20T15:43:25","modified_gmt":"2021-10-20T13:43:25","slug":"m-tauber-l-grynszpan-metamorphose-des-melodies","status":"publish","type":"product","link":"https:\/\/www.iemj.org\/en\/product\/m-tauber-l-grynszpan-metamorphose-des-melodies\/","title":{"rendered":"M. Tauber  &#038; L. Grynszpan &#8211; M\u00e9tamorphose des m\u00e9lodies"},"content":{"rendered":"<p>Among the poets and composers, we find Natan Alterman, Lea Goldberg, Yehuda Amiha\u00ef, Mordekhay Gebirtig from Cracow, Itsik Manger, Jacques Grober ; Avrom Goldfaden, the father of Yiddish operetta, Sasha Argov, bank employee and then librarian in Tel Aviv, Moshe Wilensky, author of over 1 500 songs, Dov Zeltser composer among others of the famous musical <em>Di megile lider<\/em> based on Itsik Manger\u2019s poems, Kurt Weil, Charles Trenet, Naomi Shemer, emblematic author and composer in Israel, and many others\u2026<\/p>\n<p>Their music draw at the same time from classical sources, Slavic, Gypsy and Balkan traditions, and also from rhythms and sounds of the East<\/p>\n<p>Extraits :<\/p>\n<p>01 &#8211; Dem ba&#8217;al shem tovs zemberl &#8211; Moyshe Bassin, Joseph Rumshinsky (CD1)<\/p>\n<audio class=\"wp-audio-shortcode\" id=\"audio-1449-1\" preload=\"none\" style=\"width: 100%;\" controls=\"controls\"><source type=\"audio\/mpeg\" src=\"https:\/\/www.iemj.org\/wp-content\/uploads\/2020\/01\/cd1.1-dem_ba_al_shem_tovs_zemberl_-_moyshe_bassin_joseph_rumshinsky.mp3?_=1\" \/><a href=\"https:\/\/www.iemj.org\/wp-content\/uploads\/2020\/01\/cd1.1-dem_ba_al_shem_tovs_zemberl_-_moyshe_bassin_joseph_rumshinsky.mp3\">https:\/\/www.iemj.org\/wp-content\/uploads\/2020\/01\/cd1.1-dem_ba_al_shem_tovs_zemberl_-_moyshe_bassin_joseph_rumshinsky.mp3<\/a><\/audio>\n<p>02 &#8211; In a feldele &#8211; Jacques Grober (CD1)<\/p>\n<audio class=\"wp-audio-shortcode\" id=\"audio-1449-2\" preload=\"none\" style=\"width: 100%;\" controls=\"controls\"><source type=\"audio\/mpeg\" src=\"https:\/\/www.iemj.org\/wp-content\/uploads\/2020\/01\/cd1.2-in_a_feldele_-_jacques_grober.mp3?_=2\" \/><a href=\"https:\/\/www.iemj.org\/wp-content\/uploads\/2020\/01\/cd1.2-in_a_feldele_-_jacques_grober.mp3\">https:\/\/www.iemj.org\/wp-content\/uploads\/2020\/01\/cd1.2-in_a_feldele_-_jacques_grober.mp3<\/a><\/audio>\n<p>03 &#8211; Eynzam &#8211; Itsik Mangher, Nurit Hirsch (CD1)<\/p>\n<audio class=\"wp-audio-shortcode\" id=\"audio-1449-3\" preload=\"none\" style=\"width: 100%;\" controls=\"controls\"><source type=\"audio\/mpeg\" src=\"https:\/\/www.iemj.org\/wp-content\/uploads\/2020\/01\/cd1.3-eynzam_-_itsik_mangher_nurit_hirsch.mp3?_=3\" \/><a href=\"https:\/\/www.iemj.org\/wp-content\/uploads\/2020\/01\/cd1.3-eynzam_-_itsik_mangher_nurit_hirsch.mp3\">https:\/\/www.iemj.org\/wp-content\/uploads\/2020\/01\/cd1.3-eynzam_-_itsik_mangher_nurit_hirsch.mp3<\/a><\/audio>\n<p>04 &#8211; Di zun vet aruntergeyn &#8211; Moyshe Leyb Halpern, Ben Yomen (CD1)<\/p>\n<audio class=\"wp-audio-shortcode\" id=\"audio-1449-4\" preload=\"none\" style=\"width: 100%;\" controls=\"controls\"><source type=\"audio\/mpeg\" src=\"https:\/\/www.iemj.org\/wp-content\/uploads\/2020\/01\/cd1.4-di_zun_vet_aruntergeyn_-_moyshe_leyb_halpern_ben_yomen.mp3?_=4\" \/><a href=\"https:\/\/www.iemj.org\/wp-content\/uploads\/2020\/01\/cd1.4-di_zun_vet_aruntergeyn_-_moyshe_leyb_halpern_ben_yomen.mp3\">https:\/\/www.iemj.org\/wp-content\/uploads\/2020\/01\/cd1.4-di_zun_vet_aruntergeyn_-_moyshe_leyb_halpern_ben_yomen.mp3<\/a><\/audio>\n<p>05 &#8211; Ete ma-she ratsiti &#8211; Yoram Tehar-Lev, Sasha Argov (CD2)<\/p>\n<audio class=\"wp-audio-shortcode\" id=\"audio-1449-5\" preload=\"none\" style=\"width: 100%;\" controls=\"controls\"><source type=\"audio\/mpeg\" src=\"https:\/\/www.iemj.org\/wp-content\/uploads\/2020\/01\/cd2.1-ete_ma-she_ratsiti_-_yoram_tehar-lev_sasha_argov.mp3?_=5\" \/><a href=\"https:\/\/www.iemj.org\/wp-content\/uploads\/2020\/01\/cd2.1-ete_ma-she_ratsiti_-_yoram_tehar-lev_sasha_argov.mp3\">https:\/\/www.iemj.org\/wp-content\/uploads\/2020\/01\/cd2.1-ete_ma-she_ratsiti_-_yoram_tehar-lev_sasha_argov.mp3<\/a><\/audio>\n<p>06 &#8211; Lifnot erev &#8211; Aharon Shabta\u00cf, Sasha Argov (CD2)<\/p>\n<audio class=\"wp-audio-shortcode\" id=\"audio-1449-6\" preload=\"none\" style=\"width: 100%;\" controls=\"controls\"><source type=\"audio\/mpeg\" src=\"https:\/\/www.iemj.org\/wp-content\/uploads\/2020\/01\/cd2.2-lifnot_erev_-_aharon_shabtai_sasha_argov.mp3?_=6\" \/><a href=\"https:\/\/www.iemj.org\/wp-content\/uploads\/2020\/01\/cd2.2-lifnot_erev_-_aharon_shabtai_sasha_argov.mp3\">https:\/\/www.iemj.org\/wp-content\/uploads\/2020\/01\/cd2.2-lifnot_erev_-_aharon_shabtai_sasha_argov.mp3<\/a><\/audio>\n<p>07 &#8211; Hu lo yada et shima &#8211; Hayim Hefer, Sasha Argov (CD2)<\/p>\n<audio class=\"wp-audio-shortcode\" id=\"audio-1449-7\" preload=\"none\" style=\"width: 100%;\" controls=\"controls\"><source type=\"audio\/mpeg\" src=\"https:\/\/www.iemj.org\/wp-content\/uploads\/2020\/01\/cd2.3-hu_lo_yada_et_shima_-_hayim_hefer_sasha_argov.mp3?_=7\" \/><a href=\"https:\/\/www.iemj.org\/wp-content\/uploads\/2020\/01\/cd2.3-hu_lo_yada_et_shima_-_hayim_hefer_sasha_argov.mp3\">https:\/\/www.iemj.org\/wp-content\/uploads\/2020\/01\/cd2.3-hu_lo_yada_et_shima_-_hayim_hefer_sasha_argov.mp3<\/a><\/audio>\n<p>08 &#8211; Ha-simla ha-segula &#8211; Hayim Hefer, Sasha Argov (CD2)<\/p>\n<audio class=\"wp-audio-shortcode\" id=\"audio-1449-8\" preload=\"none\" style=\"width: 100%;\" controls=\"controls\"><source type=\"audio\/mpeg\" src=\"https:\/\/www.iemj.org\/wp-content\/uploads\/2020\/01\/cd2.4-ha-simla_ha-segula_-_hayim_hefer_sasha_argov.mp3?_=8\" \/><a href=\"https:\/\/www.iemj.org\/wp-content\/uploads\/2020\/01\/cd2.4-ha-simla_ha-segula_-_hayim_hefer_sasha_argov.mp3\">https:\/\/www.iemj.org\/wp-content\/uploads\/2020\/01\/cd2.4-ha-simla_ha-segula_-_hayim_hefer_sasha_argov.mp3<\/a><\/audio>\n","protected":false},"excerpt":{"rendered":"<p>Double album of Hebrew and Yiddish songs, performed by <strong>Mich\u00e8le Tauber<\/strong>, accompanied by <strong>Laurent Grynszpan<\/strong> on the piano.<\/p>\n","protected":false},"featured_media":57605,"comment_status":"open","ping_status":"closed","template":"","meta":{"_acf_changed":false},"product_brand":[],"product_cat":[32,2247,2228],"product_tag":[],"class_list":{"0":"post-1449","1":"product","2":"type-product","3":"status-publish","4":"has-post-thumbnail","6":"product_cat-cd-en-2","7":"product_cat-klezmer-yiddish-en-en","8":"product_cat-other-publishers-en","10":"first","11":"instock","12":"shipping-taxable","13":"purchasable","14":"product-type-simple"},"acf":[],"yoast_head":"<!-- This site is optimized with the Yoast SEO plugin v27.3 - https:\/\/yoast.com\/product\/yoast-seo-wordpress\/ -->\n<title>M. Tauber &amp; L. Grynszpan - M\u00e9tamorphose des m\u00e9lodies - Institut Europ\u00e9en des Musiques Juives<\/title>\n<meta name=\"robots\" content=\"index, follow, max-snippet:-1, max-image-preview:large, max-video-preview:-1\" \/>\n<link rel=\"canonical\" href=\"https:\/\/www.iemj.org\/en\/product\/m-tauber-l-grynszpan-metamorphose-des-melodies\/\" \/>\n<meta property=\"og:locale\" content=\"en_US\" \/>\n<meta property=\"og:type\" content=\"article\" \/>\n<meta property=\"og:title\" content=\"M. Tauber &amp; L. Grynszpan - M\u00e9tamorphose des m\u00e9lodies - Institut Europ\u00e9en des Musiques Juives\" \/>\n<meta property=\"og:description\" content=\"Double album of Hebrew and Yiddish songs, performed by Mich\u00e8le Tauber, accompanied by Laurent Grynszpan on the piano.\" \/>\n<meta property=\"og:url\" content=\"https:\/\/www.iemj.org\/en\/product\/m-tauber-l-grynszpan-metamorphose-des-melodies\/\" \/>\n<meta property=\"og:site_name\" content=\"Institut Europ\u00e9en des Musiques Juives\" \/>\n<meta property=\"article:publisher\" content=\"https:\/\/www.facebook.com\/MusiquesJuives\/\" \/>\n<meta property=\"article:modified_time\" content=\"2021-10-20T13:43:25+00:00\" \/>\n<meta property=\"og:image\" content=\"https:\/\/www.iemj.org\/wp-content\/uploads\/2020\/01\/COUV-CD-Metamorphose-des-melodies.jpg\" \/>\n\t<meta property=\"og:image:width\" content=\"350\" \/>\n\t<meta property=\"og:image:height\" content=\"314\" \/>\n\t<meta property=\"og:image:type\" content=\"image\/jpeg\" \/>\n<meta name=\"twitter:card\" content=\"summary_large_image\" \/>\n<meta name=\"twitter:label1\" content=\"Est. reading time\" \/>\n\t<meta name=\"twitter:data1\" content=\"2 minutes\" \/>\n<script type=\"application\/ld+json\" class=\"yoast-schema-graph\">{\"@context\":\"https:\\\/\\\/schema.org\",\"@graph\":[{\"@type\":\"WebPage\",\"@id\":\"https:\\\/\\\/www.iemj.org\\\/en\\\/product\\\/m-tauber-l-grynszpan-metamorphose-des-melodies\\\/\",\"url\":\"https:\\\/\\\/www.iemj.org\\\/en\\\/product\\\/m-tauber-l-grynszpan-metamorphose-des-melodies\\\/\",\"name\":\"M. Tauber & L. Grynszpan - M\u00e9tamorphose des m\u00e9lodies - Institut Europ\u00e9en des Musiques Juives\",\"isPartOf\":{\"@id\":\"https:\\\/\\\/www.iemj.org\\\/en\\\/#website\"},\"primaryImageOfPage\":{\"@id\":\"https:\\\/\\\/www.iemj.org\\\/en\\\/product\\\/m-tauber-l-grynszpan-metamorphose-des-melodies\\\/#primaryimage\"},\"image\":{\"@id\":\"https:\\\/\\\/www.iemj.org\\\/en\\\/product\\\/m-tauber-l-grynszpan-metamorphose-des-melodies\\\/#primaryimage\"},\"thumbnailUrl\":\"https:\\\/\\\/www.iemj.org\\\/wp-content\\\/uploads\\\/2020\\\/01\\\/COUV-CD-Metamorphose-des-melodies.jpg\",\"datePublished\":\"2020-01-15T09:09:32+00:00\",\"dateModified\":\"2021-10-20T13:43:25+00:00\",\"breadcrumb\":{\"@id\":\"https:\\\/\\\/www.iemj.org\\\/en\\\/product\\\/m-tauber-l-grynszpan-metamorphose-des-melodies\\\/#breadcrumb\"},\"inLanguage\":\"en-US\",\"potentialAction\":[{\"@type\":\"ReadAction\",\"target\":[\"https:\\\/\\\/www.iemj.org\\\/en\\\/product\\\/m-tauber-l-grynszpan-metamorphose-des-melodies\\\/\"]}]},{\"@type\":\"ImageObject\",\"inLanguage\":\"en-US\",\"@id\":\"https:\\\/\\\/www.iemj.org\\\/en\\\/product\\\/m-tauber-l-grynszpan-metamorphose-des-melodies\\\/#primaryimage\",\"url\":\"https:\\\/\\\/www.iemj.org\\\/wp-content\\\/uploads\\\/2020\\\/01\\\/COUV-CD-Metamorphose-des-melodies.jpg\",\"contentUrl\":\"https:\\\/\\\/www.iemj.org\\\/wp-content\\\/uploads\\\/2020\\\/01\\\/COUV-CD-Metamorphose-des-melodies.jpg\",\"width\":350,\"height\":314,\"caption\":\"COUV CD M\u00e9tamorphose des m\u00e9lodies\"},{\"@type\":\"BreadcrumbList\",\"@id\":\"https:\\\/\\\/www.iemj.org\\\/en\\\/product\\\/m-tauber-l-grynszpan-metamorphose-des-melodies\\\/#breadcrumb\",\"itemListElement\":[{\"@type\":\"ListItem\",\"position\":1,\"name\":\"Accueil\",\"item\":\"https:\\\/\\\/www.iemj.org\\\/en\\\/\"},{\"@type\":\"ListItem\",\"position\":2,\"name\":\"Shop\",\"item\":\"https:\\\/\\\/www.iemj.org\\\/en\\\/shop\\\/\"},{\"@type\":\"ListItem\",\"position\":3,\"name\":\"M. Tauber &#038; L. Grynszpan &#8211; M\u00e9tamorphose des m\u00e9lodies\"}]},{\"@type\":\"WebSite\",\"@id\":\"https:\\\/\\\/www.iemj.org\\\/en\\\/#website\",\"url\":\"https:\\\/\\\/www.iemj.org\\\/en\\\/\",\"name\":\"Institut Europ\u00e9en des Musiques Juives\",\"description\":\"Des traditions musicales \u00e0 la port\u00e9e de tous\",\"publisher\":{\"@id\":\"https:\\\/\\\/www.iemj.org\\\/en\\\/#organization\"},\"potentialAction\":[{\"@type\":\"SearchAction\",\"target\":{\"@type\":\"EntryPoint\",\"urlTemplate\":\"https:\\\/\\\/www.iemj.org\\\/en\\\/?s={search_term_string}\"},\"query-input\":{\"@type\":\"PropertyValueSpecification\",\"valueRequired\":true,\"valueName\":\"search_term_string\"}}],\"inLanguage\":\"en-US\"},{\"@type\":\"Organization\",\"@id\":\"https:\\\/\\\/www.iemj.org\\\/en\\\/#organization\",\"name\":\"Institut Europ\u00e9en des Musiques Juives\",\"url\":\"https:\\\/\\\/www.iemj.org\\\/en\\\/\",\"logo\":{\"@type\":\"ImageObject\",\"inLanguage\":\"en-US\",\"@id\":\"https:\\\/\\\/www.iemj.org\\\/en\\\/#\\\/schema\\\/logo\\\/image\\\/\",\"url\":\"https:\\\/\\\/www.iemj.org\\\/wp-content\\\/uploads\\\/2021\\\/09\\\/Logo-IEMJ-Paypal.jpg\",\"contentUrl\":\"https:\\\/\\\/www.iemj.org\\\/wp-content\\\/uploads\\\/2021\\\/09\\\/Logo-IEMJ-Paypal.jpg\",\"width\":150,\"height\":50,\"caption\":\"Institut Europ\u00e9en des Musiques Juives\"},\"image\":{\"@id\":\"https:\\\/\\\/www.iemj.org\\\/en\\\/#\\\/schema\\\/logo\\\/image\\\/\"},\"sameAs\":[\"https:\\\/\\\/www.facebook.com\\\/MusiquesJuives\\\/\",\"https:\\\/\\\/www.instagram.com\\\/musiquesjuives\\\/\",\"https:\\\/\\\/www.youtube.com\\\/user\\\/musiquesjuives\"]}]}<\/script>\n<!-- \/ Yoast SEO plugin. -->","yoast_head_json":{"title":"M. Tauber & L. Grynszpan - M\u00e9tamorphose des m\u00e9lodies - Institut Europ\u00e9en des Musiques Juives","robots":{"index":"index","follow":"follow","max-snippet":"max-snippet:-1","max-image-preview":"max-image-preview:large","max-video-preview":"max-video-preview:-1"},"canonical":"https:\/\/www.iemj.org\/en\/product\/m-tauber-l-grynszpan-metamorphose-des-melodies\/","og_locale":"en_US","og_type":"article","og_title":"M. Tauber & L. Grynszpan - M\u00e9tamorphose des m\u00e9lodies - Institut Europ\u00e9en des Musiques Juives","og_description":"Double album of Hebrew and Yiddish songs, performed by Mich\u00e8le Tauber, accompanied by Laurent Grynszpan on the piano.","og_url":"https:\/\/www.iemj.org\/en\/product\/m-tauber-l-grynszpan-metamorphose-des-melodies\/","og_site_name":"Institut Europ\u00e9en des Musiques Juives","article_publisher":"https:\/\/www.facebook.com\/MusiquesJuives\/","article_modified_time":"2021-10-20T13:43:25+00:00","og_image":[{"width":350,"height":314,"url":"https:\/\/www.iemj.org\/wp-content\/uploads\/2020\/01\/COUV-CD-Metamorphose-des-melodies.jpg","type":"image\/jpeg"}],"twitter_card":"summary_large_image","twitter_misc":{"Est. reading time":"2 minutes"},"schema":{"@context":"https:\/\/schema.org","@graph":[{"@type":"WebPage","@id":"https:\/\/www.iemj.org\/en\/product\/m-tauber-l-grynszpan-metamorphose-des-melodies\/","url":"https:\/\/www.iemj.org\/en\/product\/m-tauber-l-grynszpan-metamorphose-des-melodies\/","name":"M. Tauber & L. Grynszpan - M\u00e9tamorphose des m\u00e9lodies - Institut Europ\u00e9en des Musiques Juives","isPartOf":{"@id":"https:\/\/www.iemj.org\/en\/#website"},"primaryImageOfPage":{"@id":"https:\/\/www.iemj.org\/en\/product\/m-tauber-l-grynszpan-metamorphose-des-melodies\/#primaryimage"},"image":{"@id":"https:\/\/www.iemj.org\/en\/product\/m-tauber-l-grynszpan-metamorphose-des-melodies\/#primaryimage"},"thumbnailUrl":"https:\/\/www.iemj.org\/wp-content\/uploads\/2020\/01\/COUV-CD-Metamorphose-des-melodies.jpg","datePublished":"2020-01-15T09:09:32+00:00","dateModified":"2021-10-20T13:43:25+00:00","breadcrumb":{"@id":"https:\/\/www.iemj.org\/en\/product\/m-tauber-l-grynszpan-metamorphose-des-melodies\/#breadcrumb"},"inLanguage":"en-US","potentialAction":[{"@type":"ReadAction","target":["https:\/\/www.iemj.org\/en\/product\/m-tauber-l-grynszpan-metamorphose-des-melodies\/"]}]},{"@type":"ImageObject","inLanguage":"en-US","@id":"https:\/\/www.iemj.org\/en\/product\/m-tauber-l-grynszpan-metamorphose-des-melodies\/#primaryimage","url":"https:\/\/www.iemj.org\/wp-content\/uploads\/2020\/01\/COUV-CD-Metamorphose-des-melodies.jpg","contentUrl":"https:\/\/www.iemj.org\/wp-content\/uploads\/2020\/01\/COUV-CD-Metamorphose-des-melodies.jpg","width":350,"height":314,"caption":"COUV CD M\u00e9tamorphose des m\u00e9lodies"},{"@type":"BreadcrumbList","@id":"https:\/\/www.iemj.org\/en\/product\/m-tauber-l-grynszpan-metamorphose-des-melodies\/#breadcrumb","itemListElement":[{"@type":"ListItem","position":1,"name":"Accueil","item":"https:\/\/www.iemj.org\/en\/"},{"@type":"ListItem","position":2,"name":"Shop","item":"https:\/\/www.iemj.org\/en\/shop\/"},{"@type":"ListItem","position":3,"name":"M. Tauber &#038; L. Grynszpan &#8211; M\u00e9tamorphose des m\u00e9lodies"}]},{"@type":"WebSite","@id":"https:\/\/www.iemj.org\/en\/#website","url":"https:\/\/www.iemj.org\/en\/","name":"Institut Europ\u00e9en des Musiques Juives","description":"Des traditions musicales \u00e0 la port\u00e9e de tous","publisher":{"@id":"https:\/\/www.iemj.org\/en\/#organization"},"potentialAction":[{"@type":"SearchAction","target":{"@type":"EntryPoint","urlTemplate":"https:\/\/www.iemj.org\/en\/?s={search_term_string}"},"query-input":{"@type":"PropertyValueSpecification","valueRequired":true,"valueName":"search_term_string"}}],"inLanguage":"en-US"},{"@type":"Organization","@id":"https:\/\/www.iemj.org\/en\/#organization","name":"Institut Europ\u00e9en des Musiques Juives","url":"https:\/\/www.iemj.org\/en\/","logo":{"@type":"ImageObject","inLanguage":"en-US","@id":"https:\/\/www.iemj.org\/en\/#\/schema\/logo\/image\/","url":"https:\/\/www.iemj.org\/wp-content\/uploads\/2021\/09\/Logo-IEMJ-Paypal.jpg","contentUrl":"https:\/\/www.iemj.org\/wp-content\/uploads\/2021\/09\/Logo-IEMJ-Paypal.jpg","width":150,"height":50,"caption":"Institut Europ\u00e9en des Musiques Juives"},"image":{"@id":"https:\/\/www.iemj.org\/en\/#\/schema\/logo\/image\/"},"sameAs":["https:\/\/www.facebook.com\/MusiquesJuives\/","https:\/\/www.instagram.com\/musiquesjuives\/","https:\/\/www.youtube.com\/user\/musiquesjuives"]}]}},"_links":{"self":[{"href":"https:\/\/www.iemj.org\/en\/wp-json\/wp\/v2\/product\/1449","targetHints":{"allow":["GET"]}}],"collection":[{"href":"https:\/\/www.iemj.org\/en\/wp-json\/wp\/v2\/product"}],"about":[{"href":"https:\/\/www.iemj.org\/en\/wp-json\/wp\/v2\/types\/product"}],"replies":[{"embeddable":true,"href":"https:\/\/www.iemj.org\/en\/wp-json\/wp\/v2\/comments?post=1449"}],"wp:featuredmedia":[{"embeddable":true,"href":"https:\/\/www.iemj.org\/en\/wp-json\/wp\/v2\/media\/57605"}],"wp:attachment":[{"href":"https:\/\/www.iemj.org\/en\/wp-json\/wp\/v2\/media?parent=1449"}],"wp:term":[{"taxonomy":"product_brand","embeddable":true,"href":"https:\/\/www.iemj.org\/en\/wp-json\/wp\/v2\/product_brand?post=1449"},{"taxonomy":"product_cat","embeddable":true,"href":"https:\/\/www.iemj.org\/en\/wp-json\/wp\/v2\/product_cat?post=1449"},{"taxonomy":"product_tag","embeddable":true,"href":"https:\/\/www.iemj.org\/en\/wp-json\/wp\/v2\/product_tag?post=1449"}],"curies":[{"name":"wp","href":"https:\/\/api.w.org\/{rel}","templated":true}]}}