{"id":682,"date":"2015-06-10T15:16:16","date_gmt":"2015-06-10T13:16:16","guid":{"rendered":"https:\/\/www.iemj.org\/produit\/fuente-nueva\/"},"modified":"2023-10-04T16:11:45","modified_gmt":"2023-10-04T14:11:45","slug":"fuente-nueva","status":"publish","type":"product","link":"https:\/\/www.iemj.org\/en\/product\/fuente-nueva\/","title":{"rendered":"Fuente Nueva"},"content":{"rendered":"<p>Tangier, 1930, in a neighborhood\u00a0 called Fuente Nueva (new fountain), Yaacov meets Yohevet and fell in love. From this love story, several children will be born, including a girl, Clara, Keren Esther\u2019s mother. Throughout her childhood, Keren Esther will be rocked by the ladino songs of her mother and her grandmother, love songs, wedding songs, but also abandoned-women songs. Songs, some of them coming from Turkey or Balkans, weaving a story which is also Keren Esther\u2019s story.<\/p>\n<p>Accompanied in the guitar and in the percussions by Paco Chambi and Sylvain Fournier, this wonderful CD by Keren Esther exhales the sweet Mediterranean way of living, the smell of mint tea and the shade of the Moresque gardens.<\/p>\n<p>Extraits :<\/p>\n<p>02 &#8211; Yo me levantaria un lunes \/ Day de cenar<\/p>\n<audio class=\"wp-audio-shortcode\" id=\"audio-682-1\" preload=\"none\" style=\"width: 100%;\" controls=\"controls\"><source type=\"audio\/mpeg\" src=\"https:\/\/www.iemj.org\/wp-content\/uploads\/2015\/06\/Yo-me-levantaria-un-lunes-Day-de-cenar.mp3?_=1\" \/><a href=\"https:\/\/www.iemj.org\/wp-content\/uploads\/2015\/06\/Yo-me-levantaria-un-lunes-Day-de-cenar.mp3\">https:\/\/www.iemj.org\/wp-content\/uploads\/2015\/06\/Yo-me-levantaria-un-lunes-Day-de-cenar.mp3<\/a><\/audio>\n<p>08 &#8211; Yo m&#8217;enamori<\/p>\n<audio class=\"wp-audio-shortcode\" id=\"audio-682-2\" preload=\"none\" style=\"width: 100%;\" controls=\"controls\"><source type=\"audio\/mpeg\" src=\"https:\/\/www.iemj.org\/wp-content\/uploads\/2015\/06\/Yo-menamori-extrait.mp3?_=2\" \/><a href=\"https:\/\/www.iemj.org\/wp-content\/uploads\/2015\/06\/Yo-menamori-extrait.mp3\">https:\/\/www.iemj.org\/wp-content\/uploads\/2015\/06\/Yo-menamori-extrait.mp3<\/a><\/audio>\n<p>09 &#8211; Una tarde de verano<\/p>\n<audio class=\"wp-audio-shortcode\" id=\"audio-682-3\" preload=\"none\" style=\"width: 100%;\" controls=\"controls\"><source type=\"audio\/mpeg\" src=\"https:\/\/www.iemj.org\/wp-content\/uploads\/2015\/06\/Una-tarde-de-verano-extrait.mp3?_=3\" \/><a href=\"https:\/\/www.iemj.org\/wp-content\/uploads\/2015\/06\/Una-tarde-de-verano-extrait.mp3\">https:\/\/www.iemj.org\/wp-content\/uploads\/2015\/06\/Una-tarde-de-verano-extrait.mp3<\/a><\/audio>\n<p>12 &#8211; Fel Shara<\/p>\n<audio class=\"wp-audio-shortcode\" id=\"audio-682-4\" preload=\"none\" style=\"width: 100%;\" controls=\"controls\"><source type=\"audio\/mpeg\" src=\"https:\/\/www.iemj.org\/wp-content\/uploads\/2015\/06\/Fel-Shara-extrait.mp3?_=4\" \/><a href=\"https:\/\/www.iemj.org\/wp-content\/uploads\/2015\/06\/Fel-Shara-extrait.mp3\">https:\/\/www.iemj.org\/wp-content\/uploads\/2015\/06\/Fel-Shara-extrait.mp3<\/a><\/audio>\n<p>14 &#8211; Mi nuera<\/p>\n<audio class=\"wp-audio-shortcode\" id=\"audio-682-5\" preload=\"none\" style=\"width: 100%;\" controls=\"controls\"><source type=\"audio\/mpeg\" src=\"https:\/\/www.iemj.org\/wp-content\/uploads\/2015\/06\/Mi-nuera-extrait.mp3?_=5\" \/><a href=\"https:\/\/www.iemj.org\/wp-content\/uploads\/2015\/06\/Mi-nuera-extrait.mp3\">https:\/\/www.iemj.org\/wp-content\/uploads\/2015\/06\/Mi-nuera-extrait.mp3<\/a><\/audio>\n","protected":false},"excerpt":{"rendered":"<p>FUENTE NUEVA \u2013 Traditional jewish moroccan songs<\/p>\n<p><a name=\"OLE_LINK2\"><\/a>Keren Esther (vocals), Paco Chambi (guitar), Sylvain Fournier (percussions)<\/p>\n<p><strong><span style=\"background-color: #fbe329;\">Physical album out of stock, but downloadable album still available<\/span><\/strong><\/p>\n","protected":false},"featured_media":51009,"comment_status":"open","ping_status":"closed","template":"","meta":{"_acf_changed":false},"product_brand":[],"product_cat":[32,2232,2229,2245],"product_tag":[],"class_list":{"0":"post-682","1":"product","2":"type-product","3":"status-publish","4":"has-post-thumbnail","6":"product_cat-cd-en-2","7":"product_cat-discovery-collection-en","8":"product_cat-editions-of-the-eijm-en","9":"product_cat-ladino-en-en","10":"pa_musique-downloadable-album","11":"pa_musique-physical-album","13":"first","14":"instock","15":"shipping-taxable","16":"purchasable","17":"product-type-variable"},"acf":[],"yoast_head":"<!-- This site is optimized with the Yoast SEO plugin v27.3 - https:\/\/yoast.com\/product\/yoast-seo-wordpress\/ -->\n<title>Fuente Nueva - Institut Europ\u00e9en des Musiques Juives<\/title>\n<meta name=\"robots\" content=\"index, follow, max-snippet:-1, max-image-preview:large, max-video-preview:-1\" \/>\n<link rel=\"canonical\" href=\"https:\/\/www.iemj.org\/en\/product\/fuente-nueva\/\" \/>\n<meta property=\"og:locale\" content=\"en_US\" \/>\n<meta property=\"og:type\" content=\"article\" \/>\n<meta property=\"og:title\" content=\"Fuente Nueva - Institut Europ\u00e9en des Musiques Juives\" \/>\n<meta property=\"og:description\" content=\"FUENTE NUEVA \u2013 Traditional jewish moroccan songs  Keren Esther (vocals), Paco Chambi (guitar), Sylvain Fournier (percussions)  Physical album out of stock, but downloadable album still available\" \/>\n<meta property=\"og:url\" content=\"https:\/\/www.iemj.org\/en\/product\/fuente-nueva\/\" \/>\n<meta property=\"og:site_name\" content=\"Institut Europ\u00e9en des Musiques Juives\" \/>\n<meta property=\"article:publisher\" content=\"https:\/\/www.facebook.com\/MusiquesJuives\/\" \/>\n<meta property=\"article:modified_time\" content=\"2023-10-04T14:11:45+00:00\" \/>\n<meta property=\"og:image\" content=\"https:\/\/www.iemj.org\/wp-content\/uploads\/2015\/06\/CDD4.jpg\" \/>\n\t<meta property=\"og:image:width\" content=\"350\" \/>\n\t<meta property=\"og:image:height\" content=\"314\" \/>\n\t<meta property=\"og:image:type\" content=\"image\/jpeg\" \/>\n<meta name=\"twitter:card\" content=\"summary_large_image\" \/>\n<meta name=\"twitter:label1\" content=\"Est. reading time\" \/>\n\t<meta name=\"twitter:data1\" content=\"1 minute\" \/>\n<script type=\"application\/ld+json\" class=\"yoast-schema-graph\">{\"@context\":\"https:\\\/\\\/schema.org\",\"@graph\":[{\"@type\":\"WebPage\",\"@id\":\"https:\\\/\\\/www.iemj.org\\\/en\\\/product\\\/fuente-nueva\\\/\",\"url\":\"https:\\\/\\\/www.iemj.org\\\/en\\\/product\\\/fuente-nueva\\\/\",\"name\":\"Fuente Nueva - Institut Europ\u00e9en des Musiques Juives\",\"isPartOf\":{\"@id\":\"https:\\\/\\\/www.iemj.org\\\/en\\\/#website\"},\"primaryImageOfPage\":{\"@id\":\"https:\\\/\\\/www.iemj.org\\\/en\\\/product\\\/fuente-nueva\\\/#primaryimage\"},\"image\":{\"@id\":\"https:\\\/\\\/www.iemj.org\\\/en\\\/product\\\/fuente-nueva\\\/#primaryimage\"},\"thumbnailUrl\":\"https:\\\/\\\/www.iemj.org\\\/wp-content\\\/uploads\\\/2015\\\/06\\\/CDD4.jpg\",\"datePublished\":\"2015-06-10T13:16:16+00:00\",\"dateModified\":\"2023-10-04T14:11:45+00:00\",\"breadcrumb\":{\"@id\":\"https:\\\/\\\/www.iemj.org\\\/en\\\/product\\\/fuente-nueva\\\/#breadcrumb\"},\"inLanguage\":\"en-US\",\"potentialAction\":[{\"@type\":\"ReadAction\",\"target\":[\"https:\\\/\\\/www.iemj.org\\\/en\\\/product\\\/fuente-nueva\\\/\"]}]},{\"@type\":\"ImageObject\",\"inLanguage\":\"en-US\",\"@id\":\"https:\\\/\\\/www.iemj.org\\\/en\\\/product\\\/fuente-nueva\\\/#primaryimage\",\"url\":\"https:\\\/\\\/www.iemj.org\\\/wp-content\\\/uploads\\\/2015\\\/06\\\/CDD4.jpg\",\"contentUrl\":\"https:\\\/\\\/www.iemj.org\\\/wp-content\\\/uploads\\\/2015\\\/06\\\/CDD4.jpg\",\"width\":350,\"height\":314},{\"@type\":\"BreadcrumbList\",\"@id\":\"https:\\\/\\\/www.iemj.org\\\/en\\\/product\\\/fuente-nueva\\\/#breadcrumb\",\"itemListElement\":[{\"@type\":\"ListItem\",\"position\":1,\"name\":\"Accueil\",\"item\":\"https:\\\/\\\/www.iemj.org\\\/en\\\/\"},{\"@type\":\"ListItem\",\"position\":2,\"name\":\"Shop\",\"item\":\"https:\\\/\\\/www.iemj.org\\\/en\\\/shop\\\/\"},{\"@type\":\"ListItem\",\"position\":3,\"name\":\"Fuente Nueva\"}]},{\"@type\":\"WebSite\",\"@id\":\"https:\\\/\\\/www.iemj.org\\\/en\\\/#website\",\"url\":\"https:\\\/\\\/www.iemj.org\\\/en\\\/\",\"name\":\"Institut Europ\u00e9en des Musiques Juives\",\"description\":\"Des traditions musicales \u00e0 la port\u00e9e de tous\",\"publisher\":{\"@id\":\"https:\\\/\\\/www.iemj.org\\\/en\\\/#organization\"},\"potentialAction\":[{\"@type\":\"SearchAction\",\"target\":{\"@type\":\"EntryPoint\",\"urlTemplate\":\"https:\\\/\\\/www.iemj.org\\\/en\\\/?s={search_term_string}\"},\"query-input\":{\"@type\":\"PropertyValueSpecification\",\"valueRequired\":true,\"valueName\":\"search_term_string\"}}],\"inLanguage\":\"en-US\"},{\"@type\":\"Organization\",\"@id\":\"https:\\\/\\\/www.iemj.org\\\/en\\\/#organization\",\"name\":\"Institut Europ\u00e9en des Musiques Juives\",\"url\":\"https:\\\/\\\/www.iemj.org\\\/en\\\/\",\"logo\":{\"@type\":\"ImageObject\",\"inLanguage\":\"en-US\",\"@id\":\"https:\\\/\\\/www.iemj.org\\\/en\\\/#\\\/schema\\\/logo\\\/image\\\/\",\"url\":\"https:\\\/\\\/www.iemj.org\\\/wp-content\\\/uploads\\\/2021\\\/09\\\/Logo-IEMJ-Paypal.jpg\",\"contentUrl\":\"https:\\\/\\\/www.iemj.org\\\/wp-content\\\/uploads\\\/2021\\\/09\\\/Logo-IEMJ-Paypal.jpg\",\"width\":150,\"height\":50,\"caption\":\"Institut Europ\u00e9en des Musiques Juives\"},\"image\":{\"@id\":\"https:\\\/\\\/www.iemj.org\\\/en\\\/#\\\/schema\\\/logo\\\/image\\\/\"},\"sameAs\":[\"https:\\\/\\\/www.facebook.com\\\/MusiquesJuives\\\/\",\"https:\\\/\\\/www.instagram.com\\\/musiquesjuives\\\/\",\"https:\\\/\\\/www.youtube.com\\\/user\\\/musiquesjuives\"]}]}<\/script>\n<!-- \/ Yoast SEO plugin. -->","yoast_head_json":{"title":"Fuente Nueva - Institut Europ\u00e9en des Musiques Juives","robots":{"index":"index","follow":"follow","max-snippet":"max-snippet:-1","max-image-preview":"max-image-preview:large","max-video-preview":"max-video-preview:-1"},"canonical":"https:\/\/www.iemj.org\/en\/product\/fuente-nueva\/","og_locale":"en_US","og_type":"article","og_title":"Fuente Nueva - Institut Europ\u00e9en des Musiques Juives","og_description":"FUENTE NUEVA \u2013 Traditional jewish moroccan songs  Keren Esther (vocals), Paco Chambi (guitar), Sylvain Fournier (percussions)  Physical album out of stock, but downloadable album still available","og_url":"https:\/\/www.iemj.org\/en\/product\/fuente-nueva\/","og_site_name":"Institut Europ\u00e9en des Musiques Juives","article_publisher":"https:\/\/www.facebook.com\/MusiquesJuives\/","article_modified_time":"2023-10-04T14:11:45+00:00","og_image":[{"width":350,"height":314,"url":"https:\/\/www.iemj.org\/wp-content\/uploads\/2015\/06\/CDD4.jpg","type":"image\/jpeg"}],"twitter_card":"summary_large_image","twitter_misc":{"Est. reading time":"1 minute"},"schema":{"@context":"https:\/\/schema.org","@graph":[{"@type":"WebPage","@id":"https:\/\/www.iemj.org\/en\/product\/fuente-nueva\/","url":"https:\/\/www.iemj.org\/en\/product\/fuente-nueva\/","name":"Fuente Nueva - Institut Europ\u00e9en des Musiques Juives","isPartOf":{"@id":"https:\/\/www.iemj.org\/en\/#website"},"primaryImageOfPage":{"@id":"https:\/\/www.iemj.org\/en\/product\/fuente-nueva\/#primaryimage"},"image":{"@id":"https:\/\/www.iemj.org\/en\/product\/fuente-nueva\/#primaryimage"},"thumbnailUrl":"https:\/\/www.iemj.org\/wp-content\/uploads\/2015\/06\/CDD4.jpg","datePublished":"2015-06-10T13:16:16+00:00","dateModified":"2023-10-04T14:11:45+00:00","breadcrumb":{"@id":"https:\/\/www.iemj.org\/en\/product\/fuente-nueva\/#breadcrumb"},"inLanguage":"en-US","potentialAction":[{"@type":"ReadAction","target":["https:\/\/www.iemj.org\/en\/product\/fuente-nueva\/"]}]},{"@type":"ImageObject","inLanguage":"en-US","@id":"https:\/\/www.iemj.org\/en\/product\/fuente-nueva\/#primaryimage","url":"https:\/\/www.iemj.org\/wp-content\/uploads\/2015\/06\/CDD4.jpg","contentUrl":"https:\/\/www.iemj.org\/wp-content\/uploads\/2015\/06\/CDD4.jpg","width":350,"height":314},{"@type":"BreadcrumbList","@id":"https:\/\/www.iemj.org\/en\/product\/fuente-nueva\/#breadcrumb","itemListElement":[{"@type":"ListItem","position":1,"name":"Accueil","item":"https:\/\/www.iemj.org\/en\/"},{"@type":"ListItem","position":2,"name":"Shop","item":"https:\/\/www.iemj.org\/en\/shop\/"},{"@type":"ListItem","position":3,"name":"Fuente Nueva"}]},{"@type":"WebSite","@id":"https:\/\/www.iemj.org\/en\/#website","url":"https:\/\/www.iemj.org\/en\/","name":"Institut Europ\u00e9en des Musiques Juives","description":"Des traditions musicales \u00e0 la port\u00e9e de tous","publisher":{"@id":"https:\/\/www.iemj.org\/en\/#organization"},"potentialAction":[{"@type":"SearchAction","target":{"@type":"EntryPoint","urlTemplate":"https:\/\/www.iemj.org\/en\/?s={search_term_string}"},"query-input":{"@type":"PropertyValueSpecification","valueRequired":true,"valueName":"search_term_string"}}],"inLanguage":"en-US"},{"@type":"Organization","@id":"https:\/\/www.iemj.org\/en\/#organization","name":"Institut Europ\u00e9en des Musiques Juives","url":"https:\/\/www.iemj.org\/en\/","logo":{"@type":"ImageObject","inLanguage":"en-US","@id":"https:\/\/www.iemj.org\/en\/#\/schema\/logo\/image\/","url":"https:\/\/www.iemj.org\/wp-content\/uploads\/2021\/09\/Logo-IEMJ-Paypal.jpg","contentUrl":"https:\/\/www.iemj.org\/wp-content\/uploads\/2021\/09\/Logo-IEMJ-Paypal.jpg","width":150,"height":50,"caption":"Institut Europ\u00e9en des Musiques Juives"},"image":{"@id":"https:\/\/www.iemj.org\/en\/#\/schema\/logo\/image\/"},"sameAs":["https:\/\/www.facebook.com\/MusiquesJuives\/","https:\/\/www.instagram.com\/musiquesjuives\/","https:\/\/www.youtube.com\/user\/musiquesjuives"]}]}},"_links":{"self":[{"href":"https:\/\/www.iemj.org\/en\/wp-json\/wp\/v2\/product\/682","targetHints":{"allow":["GET"]}}],"collection":[{"href":"https:\/\/www.iemj.org\/en\/wp-json\/wp\/v2\/product"}],"about":[{"href":"https:\/\/www.iemj.org\/en\/wp-json\/wp\/v2\/types\/product"}],"replies":[{"embeddable":true,"href":"https:\/\/www.iemj.org\/en\/wp-json\/wp\/v2\/comments?post=682"}],"wp:featuredmedia":[{"embeddable":true,"href":"https:\/\/www.iemj.org\/en\/wp-json\/wp\/v2\/media\/51009"}],"wp:attachment":[{"href":"https:\/\/www.iemj.org\/en\/wp-json\/wp\/v2\/media?parent=682"}],"wp:term":[{"taxonomy":"product_brand","embeddable":true,"href":"https:\/\/www.iemj.org\/en\/wp-json\/wp\/v2\/product_brand?post=682"},{"taxonomy":"product_cat","embeddable":true,"href":"https:\/\/www.iemj.org\/en\/wp-json\/wp\/v2\/product_cat?post=682"},{"taxonomy":"product_tag","embeddable":true,"href":"https:\/\/www.iemj.org\/en\/wp-json\/wp\/v2\/product_tag?post=682"}],"curies":[{"name":"wp","href":"https:\/\/api.w.org\/{rel}","templated":true}]}}