{"id":75313,"date":"2022-06-27T10:40:37","date_gmt":"2022-06-27T08:40:37","guid":{"rendered":"https:\/\/www.iemj.org\/?post_type=product&#038;p=75313"},"modified":"2023-04-28T04:20:45","modified_gmt":"2023-04-28T02:20:45","slug":"melodies-hebraiques-volume-2","status":"publish","type":"product","link":"https:\/\/www.iemj.org\/en\/product\/melodies-hebraiques-volume-2\/","title":{"rendered":"Hebrew Melodies, vol. 2"},"content":{"rendered":"<p>Beautifully performed by Sarah Iancu, solo cellist of the Orchestre National du Capitole de Toulouse, and virtuoso pianist David Bismuth, this program offers 23 instrumental pieces inspired by liturgical music, Hasidic tunes and Yiddish songs.<\/p>\n<p>An opportunity to discover \u2013 or rediscover \u2013 works by Ernest Bloch (<em>Hebrew Meditation, Abodah<\/em>), Mario Castelnuovo-Tedesco (<em>Kol nidre, Hebrew Song<\/em>), Vladimir Dyck (<em>Hebrew Legend<\/em>), Fernand Halphen (Prayer), Abraham Goldfaden (<em>Rozinkhes mit mandlen<\/em>), Jack Yellen and Lew Pollack (<em>My Yiddishe Momme<\/em>).<\/p>\n<p>Part of this recording also highlights composers of the \u201cNew Jewish School\u201d of St. Petersburg \u2013 such as Joel Engel, Alexander Krein, Lazare Saminsky, Joachim Stutschewsky, Jacob Weinberg and Leo Zeitlin \u2013 who, under the influence of the Russian folk movement at the turn of the 20th century, set out to create a national Jewish music.<\/p>\n<p>An essential recording, of great sensitivity, accompanied by a richly documented booklet of 36 pages\u2026<\/p>\n<h1>Extracts<\/h1>\n<p>Abraham Goldfaden &#8211; Rozinkhes mit mandlen (Extract)<\/p>\n<audio class=\"wp-audio-shortcode\" id=\"audio-75313-1\" preload=\"none\" style=\"width: 100%;\" controls=\"controls\"><source type=\"audio\/mpeg\" src=\"https:\/\/www.iemj.org\/wp-content\/uploads\/2021\/12\/01_Abraham-Goldfaden_Rozinkhes-mit-mandlen-Extrait.mp3?_=1\" \/><a href=\"https:\/\/www.iemj.org\/wp-content\/uploads\/2021\/12\/01_Abraham-Goldfaden_Rozinkhes-mit-mandlen-Extrait.mp3\">https:\/\/www.iemj.org\/wp-content\/uploads\/2021\/12\/01_Abraham-Goldfaden_Rozinkhes-mit-mandlen-Extrait.mp3<\/a><\/audio>\n<p>&nbsp;<\/p>\n<p>Joel Engel &#8211; Chabad Nigun (Extract)<\/p>\n<audio class=\"wp-audio-shortcode\" id=\"audio-75313-2\" preload=\"none\" style=\"width: 100%;\" controls=\"controls\"><source type=\"audio\/mpeg\" src=\"https:\/\/www.iemj.org\/wp-content\/uploads\/2021\/12\/02_Joel-Engel_Chabad-Nigun-Extrait.mp3?_=2\" \/><a href=\"https:\/\/www.iemj.org\/wp-content\/uploads\/2021\/12\/02_Joel-Engel_Chabad-Nigun-Extrait.mp3\">https:\/\/www.iemj.org\/wp-content\/uploads\/2021\/12\/02_Joel-Engel_Chabad-Nigun-Extrait.mp3<\/a><\/audio>\n<p>&nbsp;<\/p>\n<p>Ernest Bloch &#8211; M\u00e9ditation h\u00e9bra\u00efque (Extract)<\/p>\n<audio class=\"wp-audio-shortcode\" id=\"audio-75313-3\" preload=\"none\" style=\"width: 100%;\" controls=\"controls\"><source type=\"audio\/mpeg\" src=\"https:\/\/www.iemj.org\/wp-content\/uploads\/2021\/12\/03_Ernest-Bloch_Meditation-hebraique-Extrait.mp3?_=3\" \/><a href=\"https:\/\/www.iemj.org\/wp-content\/uploads\/2021\/12\/03_Ernest-Bloch_Meditation-hebraique-Extrait.mp3\">https:\/\/www.iemj.org\/wp-content\/uploads\/2021\/12\/03_Ernest-Bloch_Meditation-hebraique-Extrait.mp3<\/a><\/audio>\n<p>&nbsp;<\/p>\n<p>Fernand Halphen &#8211; Pri\u00e8re (Extract)<\/p>\n<audio class=\"wp-audio-shortcode\" id=\"audio-75313-4\" preload=\"none\" style=\"width: 100%;\" controls=\"controls\"><source type=\"audio\/mpeg\" src=\"https:\/\/www.iemj.org\/wp-content\/uploads\/2021\/12\/04_Fernand-Halphen_Priere-Extrait.mp3?_=4\" \/><a href=\"https:\/\/www.iemj.org\/wp-content\/uploads\/2021\/12\/04_Fernand-Halphen_Priere-Extrait.mp3\">https:\/\/www.iemj.org\/wp-content\/uploads\/2021\/12\/04_Fernand-Halphen_Priere-Extrait.mp3<\/a><\/audio>\n<p>&nbsp;<\/p>\n<p>Lazare Saminski &#8211; Chasidic dance (Extract)<\/p>\n<audio class=\"wp-audio-shortcode\" id=\"audio-75313-5\" preload=\"none\" style=\"width: 100%;\" controls=\"controls\"><source type=\"audio\/mpeg\" src=\"https:\/\/www.iemj.org\/wp-content\/uploads\/2021\/12\/05_Lazare-Saminski_Chasidic-dance-Extrait.mp3?_=5\" \/><a href=\"https:\/\/www.iemj.org\/wp-content\/uploads\/2021\/12\/05_Lazare-Saminski_Chasidic-dance-Extrait.mp3\">https:\/\/www.iemj.org\/wp-content\/uploads\/2021\/12\/05_Lazare-Saminski_Chasidic-dance-Extrait.mp3<\/a><\/audio>\n<p>&nbsp;<\/p>\n<p>Vladimir Dyck &#8211; L\u00e9gende h\u00e9bra\u00efque (Extract)<\/p>\n<audio class=\"wp-audio-shortcode\" id=\"audio-75313-6\" preload=\"none\" style=\"width: 100%;\" controls=\"controls\"><source type=\"audio\/mpeg\" src=\"https:\/\/www.iemj.org\/wp-content\/uploads\/2021\/12\/06_Vladimir-Dyck_Legende-hebraique-Extrait.mp3?_=6\" \/><a href=\"https:\/\/www.iemj.org\/wp-content\/uploads\/2021\/12\/06_Vladimir-Dyck_Legende-hebraique-Extrait.mp3\">https:\/\/www.iemj.org\/wp-content\/uploads\/2021\/12\/06_Vladimir-Dyck_Legende-hebraique-Extrait.mp3<\/a><\/audio>\n<p>&nbsp;<\/p>\n<p>Mario Castelnuovo-Tedesco &#8211; Kol nidre (Extract)<\/p>\n<audio class=\"wp-audio-shortcode\" id=\"audio-75313-7\" preload=\"none\" style=\"width: 100%;\" controls=\"controls\"><source type=\"audio\/mpeg\" src=\"https:\/\/www.iemj.org\/wp-content\/uploads\/2021\/12\/07_Mario-Castelnuovo-Tedesco_Kol-nidre-Extrait.mp3?_=7\" \/><a href=\"https:\/\/www.iemj.org\/wp-content\/uploads\/2021\/12\/07_Mario-Castelnuovo-Tedesco_Kol-nidre-Extrait.mp3\">https:\/\/www.iemj.org\/wp-content\/uploads\/2021\/12\/07_Mario-Castelnuovo-Tedesco_Kol-nidre-Extrait.mp3<\/a><\/audio>\n<p>&nbsp;<\/p>\n<p>Nikolai Rimski-Korsakov &#8211; Hebrew song (Extract)<\/p>\n<audio class=\"wp-audio-shortcode\" id=\"audio-75313-8\" preload=\"none\" style=\"width: 100%;\" controls=\"controls\"><source type=\"audio\/mpeg\" src=\"https:\/\/www.iemj.org\/wp-content\/uploads\/2021\/12\/08_Nikolai-Rimski-Korsakov_Hebrew-song-Extrait.mp3?_=8\" \/><a href=\"https:\/\/www.iemj.org\/wp-content\/uploads\/2021\/12\/08_Nikolai-Rimski-Korsakov_Hebrew-song-Extrait.mp3\">https:\/\/www.iemj.org\/wp-content\/uploads\/2021\/12\/08_Nikolai-Rimski-Korsakov_Hebrew-song-Extrait.mp3<\/a><\/audio>\n<p>&nbsp;<\/p>\n<p>Jacob Weiberg &#8211; Canzonetta (Extract)<\/p>\n<audio class=\"wp-audio-shortcode\" id=\"audio-75313-9\" preload=\"none\" style=\"width: 100%;\" controls=\"controls\"><source type=\"audio\/mpeg\" src=\"https:\/\/www.iemj.org\/wp-content\/uploads\/2021\/12\/09_Jacob-Weiberg_Canzonetta-Extrait.mp3?_=9\" \/><a href=\"https:\/\/www.iemj.org\/wp-content\/uploads\/2021\/12\/09_Jacob-Weiberg_Canzonetta-Extrait.mp3\">https:\/\/www.iemj.org\/wp-content\/uploads\/2021\/12\/09_Jacob-Weiberg_Canzonetta-Extrait.mp3<\/a><\/audio>\n<p>&nbsp;<\/p>\n<p>Lew Pollack et Jack Yellen &#8211; My Yiddishe Momme (Extract)<\/p>\n<audio class=\"wp-audio-shortcode\" id=\"audio-75313-10\" preload=\"none\" style=\"width: 100%;\" controls=\"controls\"><source type=\"audio\/mpeg\" src=\"https:\/\/www.iemj.org\/wp-content\/uploads\/2021\/12\/10_Lew-Pollack-et-Jack-Yellen_My-Yiddishe-Momme-Extrait.mp3?_=10\" \/><a href=\"https:\/\/www.iemj.org\/wp-content\/uploads\/2021\/12\/10_Lew-Pollack-et-Jack-Yellen_My-Yiddishe-Momme-Extrait.mp3\">https:\/\/www.iemj.org\/wp-content\/uploads\/2021\/12\/10_Lew-Pollack-et-Jack-Yellen_My-Yiddishe-Momme-Extrait.mp3<\/a><\/audio>\n<p>&nbsp;<\/p>\n<h1><\/h1>\n","protected":false},"excerpt":{"rendered":"<p>This <strong>2nd CD of <em>Hebrew Melodies<\/em><\/strong>, mainly devoted to the composers of the St. Petersburg Jewish school such as Joel Engel, Alexander Krein, Lazare Saminsky, Joachim Stutschewsky, Jacob Weinberg or Leo Zeitlin, also introduces us to lesser known works by Ernest Bloch, Mario Castelnuovo-Tedesco, Vladimir Dyck<\/p>\n","protected":false},"featured_media":80075,"comment_status":"open","ping_status":"closed","template":"","meta":{"_acf_changed":false},"product_brand":[],"product_cat":[32,2243,2231,2229],"product_tag":[],"class_list":{"0":"post-75313","1":"product","2":"type-product","3":"status-publish","4":"has-post-thumbnail","6":"product_cat-cd-en-2","7":"product_cat-classical-music-cd-en","8":"product_cat-classical-music-collection-en","9":"product_cat-editions-of-the-eijm-en","10":"pa_musique-downloadable-album","11":"pa_musique-physical-album","13":"first","14":"instock","15":"featured","16":"shipping-taxable","17":"purchasable","18":"product-type-variable"},"acf":[],"yoast_head":"<!-- This site is optimized with the Yoast SEO plugin v27.3 - https:\/\/yoast.com\/product\/yoast-seo-wordpress\/ -->\n<title>Hebrew Melodies, vol. 2 - Institut Europ\u00e9en des Musiques Juives<\/title>\n<meta name=\"robots\" content=\"index, follow, max-snippet:-1, max-image-preview:large, max-video-preview:-1\" \/>\n<link rel=\"canonical\" href=\"https:\/\/www.iemj.org\/en\/product\/melodies-hebraiques-volume-2\/\" \/>\n<meta property=\"og:locale\" content=\"en_US\" \/>\n<meta property=\"og:type\" content=\"article\" \/>\n<meta property=\"og:title\" content=\"Hebrew Melodies, vol. 2 - Institut Europ\u00e9en des Musiques Juives\" \/>\n<meta property=\"og:description\" content=\"This 2nd CD of Hebrew Melodies, mainly devoted to the composers of the St. Petersburg Jewish school such as Joel Engel, Alexander Krein, Lazare Saminsky, Joachim Stutschewsky, Jacob Weinberg or Leo Zeitlin, also introduces us to lesser known works by Ernest Bloch, Mario Castelnuovo-Tedesco, Vladimir Dyck\" \/>\n<meta property=\"og:url\" content=\"https:\/\/www.iemj.org\/en\/product\/melodies-hebraiques-volume-2\/\" \/>\n<meta property=\"og:site_name\" content=\"Institut Europ\u00e9en des Musiques Juives\" \/>\n<meta property=\"article:publisher\" content=\"https:\/\/www.facebook.com\/MusiquesJuives\/\" \/>\n<meta property=\"article:modified_time\" content=\"2023-04-28T02:20:45+00:00\" \/>\n<meta property=\"og:image\" content=\"https:\/\/www.iemj.org\/wp-content\/uploads\/2021\/12\/CDC7-1.jpg\" \/>\n\t<meta property=\"og:image:width\" content=\"350\" \/>\n\t<meta property=\"og:image:height\" content=\"314\" \/>\n\t<meta property=\"og:image:type\" content=\"image\/jpeg\" \/>\n<meta name=\"twitter:card\" content=\"summary_large_image\" \/>\n<meta name=\"twitter:label1\" content=\"Est. reading time\" \/>\n\t<meta name=\"twitter:data1\" content=\"1 minute\" \/>\n<script type=\"application\/ld+json\" class=\"yoast-schema-graph\">{\"@context\":\"https:\\\/\\\/schema.org\",\"@graph\":[{\"@type\":\"WebPage\",\"@id\":\"https:\\\/\\\/www.iemj.org\\\/en\\\/product\\\/melodies-hebraiques-volume-2\\\/\",\"url\":\"https:\\\/\\\/www.iemj.org\\\/en\\\/product\\\/melodies-hebraiques-volume-2\\\/\",\"name\":\"Hebrew Melodies, vol. 2 - Institut Europ\u00e9en des Musiques Juives\",\"isPartOf\":{\"@id\":\"https:\\\/\\\/www.iemj.org\\\/en\\\/#website\"},\"primaryImageOfPage\":{\"@id\":\"https:\\\/\\\/www.iemj.org\\\/en\\\/product\\\/melodies-hebraiques-volume-2\\\/#primaryimage\"},\"image\":{\"@id\":\"https:\\\/\\\/www.iemj.org\\\/en\\\/product\\\/melodies-hebraiques-volume-2\\\/#primaryimage\"},\"thumbnailUrl\":\"https:\\\/\\\/www.iemj.org\\\/wp-content\\\/uploads\\\/2021\\\/12\\\/CDC7-1.jpg\",\"datePublished\":\"2022-06-27T08:40:37+00:00\",\"dateModified\":\"2023-04-28T02:20:45+00:00\",\"breadcrumb\":{\"@id\":\"https:\\\/\\\/www.iemj.org\\\/en\\\/product\\\/melodies-hebraiques-volume-2\\\/#breadcrumb\"},\"inLanguage\":\"en-US\",\"potentialAction\":[{\"@type\":\"ReadAction\",\"target\":[\"https:\\\/\\\/www.iemj.org\\\/en\\\/product\\\/melodies-hebraiques-volume-2\\\/\"]}]},{\"@type\":\"ImageObject\",\"inLanguage\":\"en-US\",\"@id\":\"https:\\\/\\\/www.iemj.org\\\/en\\\/product\\\/melodies-hebraiques-volume-2\\\/#primaryimage\",\"url\":\"https:\\\/\\\/www.iemj.org\\\/wp-content\\\/uploads\\\/2021\\\/12\\\/CDC7-1.jpg\",\"contentUrl\":\"https:\\\/\\\/www.iemj.org\\\/wp-content\\\/uploads\\\/2021\\\/12\\\/CDC7-1.jpg\",\"width\":350,\"height\":314,\"caption\":\"M\u00e9lodies H\u00e9bra\u00efques - Vol 2\"},{\"@type\":\"BreadcrumbList\",\"@id\":\"https:\\\/\\\/www.iemj.org\\\/en\\\/product\\\/melodies-hebraiques-volume-2\\\/#breadcrumb\",\"itemListElement\":[{\"@type\":\"ListItem\",\"position\":1,\"name\":\"Accueil\",\"item\":\"https:\\\/\\\/www.iemj.org\\\/en\\\/\"},{\"@type\":\"ListItem\",\"position\":2,\"name\":\"Shop\",\"item\":\"https:\\\/\\\/www.iemj.org\\\/en\\\/shop\\\/\"},{\"@type\":\"ListItem\",\"position\":3,\"name\":\"Hebrew Melodies, vol. 2\"}]},{\"@type\":\"WebSite\",\"@id\":\"https:\\\/\\\/www.iemj.org\\\/en\\\/#website\",\"url\":\"https:\\\/\\\/www.iemj.org\\\/en\\\/\",\"name\":\"Institut Europ\u00e9en des Musiques Juives\",\"description\":\"Des traditions musicales \u00e0 la port\u00e9e de tous\",\"publisher\":{\"@id\":\"https:\\\/\\\/www.iemj.org\\\/en\\\/#organization\"},\"potentialAction\":[{\"@type\":\"SearchAction\",\"target\":{\"@type\":\"EntryPoint\",\"urlTemplate\":\"https:\\\/\\\/www.iemj.org\\\/en\\\/?s={search_term_string}\"},\"query-input\":{\"@type\":\"PropertyValueSpecification\",\"valueRequired\":true,\"valueName\":\"search_term_string\"}}],\"inLanguage\":\"en-US\"},{\"@type\":\"Organization\",\"@id\":\"https:\\\/\\\/www.iemj.org\\\/en\\\/#organization\",\"name\":\"Institut Europ\u00e9en des Musiques Juives\",\"url\":\"https:\\\/\\\/www.iemj.org\\\/en\\\/\",\"logo\":{\"@type\":\"ImageObject\",\"inLanguage\":\"en-US\",\"@id\":\"https:\\\/\\\/www.iemj.org\\\/en\\\/#\\\/schema\\\/logo\\\/image\\\/\",\"url\":\"https:\\\/\\\/www.iemj.org\\\/wp-content\\\/uploads\\\/2021\\\/09\\\/Logo-IEMJ-Paypal.jpg\",\"contentUrl\":\"https:\\\/\\\/www.iemj.org\\\/wp-content\\\/uploads\\\/2021\\\/09\\\/Logo-IEMJ-Paypal.jpg\",\"width\":150,\"height\":50,\"caption\":\"Institut Europ\u00e9en des Musiques Juives\"},\"image\":{\"@id\":\"https:\\\/\\\/www.iemj.org\\\/en\\\/#\\\/schema\\\/logo\\\/image\\\/\"},\"sameAs\":[\"https:\\\/\\\/www.facebook.com\\\/MusiquesJuives\\\/\",\"https:\\\/\\\/www.instagram.com\\\/musiquesjuives\\\/\",\"https:\\\/\\\/www.youtube.com\\\/user\\\/musiquesjuives\"]}]}<\/script>\n<!-- \/ Yoast SEO plugin. -->","yoast_head_json":{"title":"Hebrew Melodies, vol. 2 - Institut Europ\u00e9en des Musiques Juives","robots":{"index":"index","follow":"follow","max-snippet":"max-snippet:-1","max-image-preview":"max-image-preview:large","max-video-preview":"max-video-preview:-1"},"canonical":"https:\/\/www.iemj.org\/en\/product\/melodies-hebraiques-volume-2\/","og_locale":"en_US","og_type":"article","og_title":"Hebrew Melodies, vol. 2 - Institut Europ\u00e9en des Musiques Juives","og_description":"This 2nd CD of Hebrew Melodies, mainly devoted to the composers of the St. Petersburg Jewish school such as Joel Engel, Alexander Krein, Lazare Saminsky, Joachim Stutschewsky, Jacob Weinberg or Leo Zeitlin, also introduces us to lesser known works by Ernest Bloch, Mario Castelnuovo-Tedesco, Vladimir Dyck","og_url":"https:\/\/www.iemj.org\/en\/product\/melodies-hebraiques-volume-2\/","og_site_name":"Institut Europ\u00e9en des Musiques Juives","article_publisher":"https:\/\/www.facebook.com\/MusiquesJuives\/","article_modified_time":"2023-04-28T02:20:45+00:00","og_image":[{"width":350,"height":314,"url":"https:\/\/www.iemj.org\/wp-content\/uploads\/2021\/12\/CDC7-1.jpg","type":"image\/jpeg"}],"twitter_card":"summary_large_image","twitter_misc":{"Est. reading time":"1 minute"},"schema":{"@context":"https:\/\/schema.org","@graph":[{"@type":"WebPage","@id":"https:\/\/www.iemj.org\/en\/product\/melodies-hebraiques-volume-2\/","url":"https:\/\/www.iemj.org\/en\/product\/melodies-hebraiques-volume-2\/","name":"Hebrew Melodies, vol. 2 - Institut Europ\u00e9en des Musiques Juives","isPartOf":{"@id":"https:\/\/www.iemj.org\/en\/#website"},"primaryImageOfPage":{"@id":"https:\/\/www.iemj.org\/en\/product\/melodies-hebraiques-volume-2\/#primaryimage"},"image":{"@id":"https:\/\/www.iemj.org\/en\/product\/melodies-hebraiques-volume-2\/#primaryimage"},"thumbnailUrl":"https:\/\/www.iemj.org\/wp-content\/uploads\/2021\/12\/CDC7-1.jpg","datePublished":"2022-06-27T08:40:37+00:00","dateModified":"2023-04-28T02:20:45+00:00","breadcrumb":{"@id":"https:\/\/www.iemj.org\/en\/product\/melodies-hebraiques-volume-2\/#breadcrumb"},"inLanguage":"en-US","potentialAction":[{"@type":"ReadAction","target":["https:\/\/www.iemj.org\/en\/product\/melodies-hebraiques-volume-2\/"]}]},{"@type":"ImageObject","inLanguage":"en-US","@id":"https:\/\/www.iemj.org\/en\/product\/melodies-hebraiques-volume-2\/#primaryimage","url":"https:\/\/www.iemj.org\/wp-content\/uploads\/2021\/12\/CDC7-1.jpg","contentUrl":"https:\/\/www.iemj.org\/wp-content\/uploads\/2021\/12\/CDC7-1.jpg","width":350,"height":314,"caption":"M\u00e9lodies H\u00e9bra\u00efques - Vol 2"},{"@type":"BreadcrumbList","@id":"https:\/\/www.iemj.org\/en\/product\/melodies-hebraiques-volume-2\/#breadcrumb","itemListElement":[{"@type":"ListItem","position":1,"name":"Accueil","item":"https:\/\/www.iemj.org\/en\/"},{"@type":"ListItem","position":2,"name":"Shop","item":"https:\/\/www.iemj.org\/en\/shop\/"},{"@type":"ListItem","position":3,"name":"Hebrew Melodies, vol. 2"}]},{"@type":"WebSite","@id":"https:\/\/www.iemj.org\/en\/#website","url":"https:\/\/www.iemj.org\/en\/","name":"Institut Europ\u00e9en des Musiques Juives","description":"Des traditions musicales \u00e0 la port\u00e9e de tous","publisher":{"@id":"https:\/\/www.iemj.org\/en\/#organization"},"potentialAction":[{"@type":"SearchAction","target":{"@type":"EntryPoint","urlTemplate":"https:\/\/www.iemj.org\/en\/?s={search_term_string}"},"query-input":{"@type":"PropertyValueSpecification","valueRequired":true,"valueName":"search_term_string"}}],"inLanguage":"en-US"},{"@type":"Organization","@id":"https:\/\/www.iemj.org\/en\/#organization","name":"Institut Europ\u00e9en des Musiques Juives","url":"https:\/\/www.iemj.org\/en\/","logo":{"@type":"ImageObject","inLanguage":"en-US","@id":"https:\/\/www.iemj.org\/en\/#\/schema\/logo\/image\/","url":"https:\/\/www.iemj.org\/wp-content\/uploads\/2021\/09\/Logo-IEMJ-Paypal.jpg","contentUrl":"https:\/\/www.iemj.org\/wp-content\/uploads\/2021\/09\/Logo-IEMJ-Paypal.jpg","width":150,"height":50,"caption":"Institut Europ\u00e9en des Musiques Juives"},"image":{"@id":"https:\/\/www.iemj.org\/en\/#\/schema\/logo\/image\/"},"sameAs":["https:\/\/www.facebook.com\/MusiquesJuives\/","https:\/\/www.instagram.com\/musiquesjuives\/","https:\/\/www.youtube.com\/user\/musiquesjuives"]}]}},"_links":{"self":[{"href":"https:\/\/www.iemj.org\/en\/wp-json\/wp\/v2\/product\/75313","targetHints":{"allow":["GET"]}}],"collection":[{"href":"https:\/\/www.iemj.org\/en\/wp-json\/wp\/v2\/product"}],"about":[{"href":"https:\/\/www.iemj.org\/en\/wp-json\/wp\/v2\/types\/product"}],"replies":[{"embeddable":true,"href":"https:\/\/www.iemj.org\/en\/wp-json\/wp\/v2\/comments?post=75313"}],"wp:featuredmedia":[{"embeddable":true,"href":"https:\/\/www.iemj.org\/en\/wp-json\/wp\/v2\/media\/80075"}],"wp:attachment":[{"href":"https:\/\/www.iemj.org\/en\/wp-json\/wp\/v2\/media?parent=75313"}],"wp:term":[{"taxonomy":"product_brand","embeddable":true,"href":"https:\/\/www.iemj.org\/en\/wp-json\/wp\/v2\/product_brand?post=75313"},{"taxonomy":"product_cat","embeddable":true,"href":"https:\/\/www.iemj.org\/en\/wp-json\/wp\/v2\/product_cat?post=75313"},{"taxonomy":"product_tag","embeddable":true,"href":"https:\/\/www.iemj.org\/en\/wp-json\/wp\/v2\/product_tag?post=75313"}],"curies":[{"name":"wp","href":"https:\/\/api.w.org\/{rel}","templated":true}]}}