{"id":80084,"date":"2022-02-03T14:29:27","date_gmt":"2022-02-03T13:29:27","guid":{"rendered":"https:\/\/www.iemj.org\/produit\/soleil-mandarine\/"},"modified":"2025-04-16T19:19:56","modified_gmt":"2025-04-16T17:19:56","slug":"soleil-mandarine","status":"publish","type":"product","link":"https:\/\/www.iemj.org\/en\/product\/soleil-mandarine\/","title":{"rendered":"Soleil Mandarine"},"content":{"rendered":"<p>Soleil mandarine is Keren Esther\u2019s fourth album, after\u00a0<em><a href=\"https:\/\/www.iemj.org\/en\/a-la-una-yo-naci\/\" target=\"_blank\" rel=\"noopener\">A la una yo naci<\/a><\/em>\u00a0(Label Vde-Gallo),\u00a0<a href=\"https:\/\/www.iemj.org\/en\/fuente-nueva-chants-traditionnels-judeo-marocains\/\" target=\"_blank\" rel=\"noopener\"><em>Fuente Nueva<\/em><\/a>, published by the European Institute of Jewish Music (Collection Discovery) and\u00a0<em><a href=\"https:\/\/www.iemj.org\/en\/tango-ladino-un-sueno\/\" target=\"_blank\" rel=\"noopener\">Tango Ladino, un sue\u00f1o.<\/a><\/em><br \/>\nIn this album, which was born during the darkness of the first confinement, Keren Esther wanted to convey a happy and positive message.<\/p>\n<p>Immersing herself into the writing of her own songs, she was able, through this album, to reconnect with the enlightened joy that was hers when she wrote her own poems as a child.<\/p>\n<p>\u201cThis is how Soleil Mandarine was born: an ode to the earth, an ode to the sun! The sun of Spain, the land of my ancestors, the sun of Morocco where my family was born, the sun of the Sephardic songs that my mother sang at home, the sun of Provence which fills the paintings of Vincent Van Gogh!<br \/>\nFor Soleil Mandarine is also a tribute to the precious people who have enlightened my path. Through these people, this album pays tribute to all the beings of light\u201d.\u00a0<em>Keren Esther<\/em><\/p>\n<ul>\n<li>Accordion: Ga\u00eblle Poirier<\/li>\n<li>Guitar: Narcisso Sa\u00fcl<\/li>\n<li>Percussions: Sylvain Fournier<\/li>\n<\/ul>\n<audio class=\"wp-audio-shortcode\" id=\"audio-80084-1\" preload=\"none\" style=\"width: 100%;\" controls=\"controls\"><source type=\"audio\/mpeg\" src=\"https:\/\/www.iemj.org\/wp-content\/uploads\/2022\/02\/01-La-main-du-pianiste-Extrait.mp3?_=1\" \/><a href=\"https:\/\/www.iemj.org\/wp-content\/uploads\/2022\/02\/01-La-main-du-pianiste-Extrait.mp3\">https:\/\/www.iemj.org\/wp-content\/uploads\/2022\/02\/01-La-main-du-pianiste-Extrait.mp3<\/a><\/audio>\n<p>01 La main du pianiste (Extract)<\/p>\n<audio class=\"wp-audio-shortcode\" id=\"audio-80084-2\" preload=\"none\" style=\"width: 100%;\" controls=\"controls\"><source type=\"audio\/mpeg\" src=\"https:\/\/www.iemj.org\/wp-content\/uploads\/2022\/02\/02-Oy-Ke-Kazas-Extrait.mp3?_=2\" \/><a href=\"https:\/\/www.iemj.org\/wp-content\/uploads\/2022\/02\/02-Oy-Ke-Kazas-Extrait.mp3\">https:\/\/www.iemj.org\/wp-content\/uploads\/2022\/02\/02-Oy-Ke-Kazas-Extrait.mp3<\/a><\/audio>\n<p>02 Oy, Ke Kazas (Extract)<\/p>\n<audio class=\"wp-audio-shortcode\" id=\"audio-80084-3\" preload=\"none\" style=\"width: 100%;\" controls=\"controls\"><source type=\"audio\/mpeg\" src=\"https:\/\/www.iemj.org\/wp-content\/uploads\/2022\/02\/03-Le-cafe-du-temps-Extrait.mp3?_=3\" \/><a href=\"https:\/\/www.iemj.org\/wp-content\/uploads\/2022\/02\/03-Le-cafe-du-temps-Extrait.mp3\">https:\/\/www.iemj.org\/wp-content\/uploads\/2022\/02\/03-Le-cafe-du-temps-Extrait.mp3<\/a><\/audio>\n<p>03 Le caf\u00e9 du temps (Extract)<\/p>\n<audio class=\"wp-audio-shortcode\" id=\"audio-80084-4\" preload=\"none\" style=\"width: 100%;\" controls=\"controls\"><source type=\"audio\/mpeg\" src=\"https:\/\/www.iemj.org\/wp-content\/uploads\/2022\/02\/04-Mi-Espozika-Sta-en-el-Banio-Extrait.mp3?_=4\" \/><a href=\"https:\/\/www.iemj.org\/wp-content\/uploads\/2022\/02\/04-Mi-Espozika-Sta-en-el-Banio-Extrait.mp3\">https:\/\/www.iemj.org\/wp-content\/uploads\/2022\/02\/04-Mi-Espozika-Sta-en-el-Banio-Extrait.mp3<\/a><\/audio>\n<p>04 Mi Espozika &#8216;Sta en el Banio (Extract)<\/p>\n<audio class=\"wp-audio-shortcode\" id=\"audio-80084-5\" preload=\"none\" style=\"width: 100%;\" controls=\"controls\"><source type=\"audio\/mpeg\" src=\"https:\/\/www.iemj.org\/wp-content\/uploads\/2022\/02\/05-Le-carnet-Extrait.mp3?_=5\" \/><a href=\"https:\/\/www.iemj.org\/wp-content\/uploads\/2022\/02\/05-Le-carnet-Extrait.mp3\">https:\/\/www.iemj.org\/wp-content\/uploads\/2022\/02\/05-Le-carnet-Extrait.mp3<\/a><\/audio>\n<p>05 Le carnet (Extract)<\/p>\n<audio class=\"wp-audio-shortcode\" id=\"audio-80084-6\" preload=\"none\" style=\"width: 100%;\" controls=\"controls\"><source type=\"audio\/mpeg\" src=\"https:\/\/www.iemj.org\/wp-content\/uploads\/2022\/02\/06-Ija-Mia-Extrait.mp3?_=6\" \/><a href=\"https:\/\/www.iemj.org\/wp-content\/uploads\/2022\/02\/06-Ija-Mia-Extrait.mp3\">https:\/\/www.iemj.org\/wp-content\/uploads\/2022\/02\/06-Ija-Mia-Extrait.mp3<\/a><\/audio>\n<p>06 Ija M\u00eda (Extract)<\/p>\n<audio class=\"wp-audio-shortcode\" id=\"audio-80084-7\" preload=\"none\" style=\"width: 100%;\" controls=\"controls\"><source type=\"audio\/mpeg\" src=\"https:\/\/www.iemj.org\/wp-content\/uploads\/2022\/02\/07-Une-rose-Extrait.mp3?_=7\" \/><a href=\"https:\/\/www.iemj.org\/wp-content\/uploads\/2022\/02\/07-Une-rose-Extrait.mp3\">https:\/\/www.iemj.org\/wp-content\/uploads\/2022\/02\/07-Une-rose-Extrait.mp3<\/a><\/audio>\n<p>07 Une rose (Extract)<\/p>\n<audio class=\"wp-audio-shortcode\" id=\"audio-80084-8\" preload=\"none\" style=\"width: 100%;\" controls=\"controls\"><source type=\"audio\/mpeg\" src=\"https:\/\/www.iemj.org\/wp-content\/uploads\/2022\/02\/08-Poko-Le-Dash-la-Mi-KoNSuegra-Extrait.mp3?_=8\" \/><a href=\"https:\/\/www.iemj.org\/wp-content\/uploads\/2022\/02\/08-Poko-Le-Dash-la-Mi-KoNSuegra-Extrait.mp3\">https:\/\/www.iemj.org\/wp-content\/uploads\/2022\/02\/08-Poko-Le-Dash-la-Mi-KoNSuegra-Extrait.mp3<\/a><\/audio>\n<p>08 Poko Le Dash, la Mi Ko(N)Suegra (Extract)<\/p>\n<audio class=\"wp-audio-shortcode\" id=\"audio-80084-9\" preload=\"none\" style=\"width: 100%;\" controls=\"controls\"><source type=\"audio\/mpeg\" src=\"https:\/\/www.iemj.org\/wp-content\/uploads\/2022\/02\/09-Tres-Ermanicas-Eran-Extrait.mp3?_=9\" \/><a href=\"https:\/\/www.iemj.org\/wp-content\/uploads\/2022\/02\/09-Tres-Ermanicas-Eran-Extrait.mp3\">https:\/\/www.iemj.org\/wp-content\/uploads\/2022\/02\/09-Tres-Ermanicas-Eran-Extrait.mp3<\/a><\/audio>\n<p>09 Tres Ermanicas Eran (Extract)<\/p>\n<audio class=\"wp-audio-shortcode\" id=\"audio-80084-10\" preload=\"none\" style=\"width: 100%;\" controls=\"controls\"><source type=\"audio\/mpeg\" src=\"https:\/\/www.iemj.org\/wp-content\/uploads\/2022\/02\/10-Tres-Klavinas-en-un-Tiesto-Extrait.mp3?_=10\" \/><a href=\"https:\/\/www.iemj.org\/wp-content\/uploads\/2022\/02\/10-Tres-Klavinas-en-un-Tiesto-Extrait.mp3\">https:\/\/www.iemj.org\/wp-content\/uploads\/2022\/02\/10-Tres-Klavinas-en-un-Tiesto-Extrait.mp3<\/a><\/audio>\n<p>10 Tres Klavinas en un Tiesto (Extract)<\/p>\n<audio class=\"wp-audio-shortcode\" id=\"audio-80084-11\" preload=\"none\" style=\"width: 100%;\" controls=\"controls\"><source type=\"audio\/mpeg\" src=\"https:\/\/www.iemj.org\/wp-content\/uploads\/2022\/02\/11-Tierra-Querida-Extrait.mp3?_=11\" \/><a href=\"https:\/\/www.iemj.org\/wp-content\/uploads\/2022\/02\/11-Tierra-Querida-Extrait.mp3\">https:\/\/www.iemj.org\/wp-content\/uploads\/2022\/02\/11-Tierra-Querida-Extrait.mp3<\/a><\/audio>\n<p>11 Tierra Querida (Extract)<\/p>\n<audio class=\"wp-audio-shortcode\" id=\"audio-80084-12\" preload=\"none\" style=\"width: 100%;\" controls=\"controls\"><source type=\"audio\/mpeg\" src=\"https:\/\/www.iemj.org\/wp-content\/uploads\/2022\/02\/12-Soleil-mandarine-Extrait.mp3?_=12\" \/><a href=\"https:\/\/www.iemj.org\/wp-content\/uploads\/2022\/02\/12-Soleil-mandarine-Extrait.mp3\">https:\/\/www.iemj.org\/wp-content\/uploads\/2022\/02\/12-Soleil-mandarine-Extrait.mp3<\/a><\/audio>\n<p>12 Soleil mandarine (Extract)<\/p>\n<p>&nbsp;<\/p>\n","protected":false},"excerpt":{"rendered":"<p>4th album of Keren Esther who pursues her identity quest, mixing personal texts and traditional Judeo-Spanish songs<\/p>\n","protected":false},"featured_media":79793,"comment_status":"closed","ping_status":"closed","template":"","meta":{"_acf_changed":false},"product_brand":[],"product_cat":[32,2228],"product_tag":[],"class_list":{"0":"post-80084","1":"product","2":"type-product","3":"status-publish","4":"has-post-thumbnail","6":"product_cat-cd-en-2","7":"product_cat-other-publishers-en","9":"first","10":"instock","11":"shipping-taxable","12":"purchasable","13":"product-type-simple"},"acf":[],"yoast_head":"<!-- This site is optimized with the Yoast SEO plugin v27.3 - https:\/\/yoast.com\/product\/yoast-seo-wordpress\/ -->\n<title>Soleil Mandarine - Institut Europ\u00e9en des Musiques Juives<\/title>\n<meta name=\"robots\" content=\"index, follow, max-snippet:-1, max-image-preview:large, max-video-preview:-1\" \/>\n<link rel=\"canonical\" href=\"https:\/\/www.iemj.org\/en\/product\/soleil-mandarine\/\" \/>\n<meta property=\"og:locale\" content=\"en_US\" \/>\n<meta property=\"og:type\" content=\"article\" \/>\n<meta property=\"og:title\" content=\"Soleil Mandarine - Institut Europ\u00e9en des Musiques Juives\" \/>\n<meta property=\"og:description\" content=\"4th album of Keren Esther who pursues her identity quest, mixing personal texts and traditional Judeo-Spanish songs\" \/>\n<meta property=\"og:url\" content=\"https:\/\/www.iemj.org\/en\/product\/soleil-mandarine\/\" \/>\n<meta property=\"og:site_name\" content=\"Institut Europ\u00e9en des Musiques Juives\" \/>\n<meta property=\"article:publisher\" content=\"https:\/\/www.facebook.com\/MusiquesJuives\/\" \/>\n<meta property=\"article:modified_time\" content=\"2025-04-16T17:19:56+00:00\" \/>\n<meta property=\"og:image\" content=\"https:\/\/www.iemj.org\/wp-content\/uploads\/2022\/02\/COUV-CD-Soleil-Mandarine-1.jpg\" \/>\n\t<meta property=\"og:image:width\" content=\"350\" \/>\n\t<meta property=\"og:image:height\" content=\"314\" \/>\n\t<meta property=\"og:image:type\" content=\"image\/jpeg\" \/>\n<meta name=\"twitter:card\" content=\"summary_large_image\" \/>\n<meta name=\"twitter:label1\" content=\"Est. reading time\" \/>\n\t<meta name=\"twitter:data1\" content=\"2 minutes\" \/>\n<script type=\"application\/ld+json\" class=\"yoast-schema-graph\">{\"@context\":\"https:\\\/\\\/schema.org\",\"@graph\":[{\"@type\":\"WebPage\",\"@id\":\"https:\\\/\\\/www.iemj.org\\\/en\\\/product\\\/soleil-mandarine\\\/\",\"url\":\"https:\\\/\\\/www.iemj.org\\\/en\\\/product\\\/soleil-mandarine\\\/\",\"name\":\"Soleil Mandarine - Institut Europ\u00e9en des Musiques Juives\",\"isPartOf\":{\"@id\":\"https:\\\/\\\/www.iemj.org\\\/en\\\/#website\"},\"primaryImageOfPage\":{\"@id\":\"https:\\\/\\\/www.iemj.org\\\/en\\\/product\\\/soleil-mandarine\\\/#primaryimage\"},\"image\":{\"@id\":\"https:\\\/\\\/www.iemj.org\\\/en\\\/product\\\/soleil-mandarine\\\/#primaryimage\"},\"thumbnailUrl\":\"https:\\\/\\\/www.iemj.org\\\/wp-content\\\/uploads\\\/2022\\\/02\\\/COUV-CD-Soleil-Mandarine-1.jpg\",\"datePublished\":\"2022-02-03T13:29:27+00:00\",\"dateModified\":\"2025-04-16T17:19:56+00:00\",\"breadcrumb\":{\"@id\":\"https:\\\/\\\/www.iemj.org\\\/en\\\/product\\\/soleil-mandarine\\\/#breadcrumb\"},\"inLanguage\":\"en-US\",\"potentialAction\":[{\"@type\":\"ReadAction\",\"target\":[\"https:\\\/\\\/www.iemj.org\\\/en\\\/product\\\/soleil-mandarine\\\/\"]}]},{\"@type\":\"ImageObject\",\"inLanguage\":\"en-US\",\"@id\":\"https:\\\/\\\/www.iemj.org\\\/en\\\/product\\\/soleil-mandarine\\\/#primaryimage\",\"url\":\"https:\\\/\\\/www.iemj.org\\\/wp-content\\\/uploads\\\/2022\\\/02\\\/COUV-CD-Soleil-Mandarine-1.jpg\",\"contentUrl\":\"https:\\\/\\\/www.iemj.org\\\/wp-content\\\/uploads\\\/2022\\\/02\\\/COUV-CD-Soleil-Mandarine-1.jpg\",\"width\":350,\"height\":314},{\"@type\":\"BreadcrumbList\",\"@id\":\"https:\\\/\\\/www.iemj.org\\\/en\\\/product\\\/soleil-mandarine\\\/#breadcrumb\",\"itemListElement\":[{\"@type\":\"ListItem\",\"position\":1,\"name\":\"Accueil\",\"item\":\"https:\\\/\\\/www.iemj.org\\\/en\\\/\"},{\"@type\":\"ListItem\",\"position\":2,\"name\":\"Shop\",\"item\":\"https:\\\/\\\/www.iemj.org\\\/en\\\/shop\\\/\"},{\"@type\":\"ListItem\",\"position\":3,\"name\":\"Soleil Mandarine\"}]},{\"@type\":\"WebSite\",\"@id\":\"https:\\\/\\\/www.iemj.org\\\/en\\\/#website\",\"url\":\"https:\\\/\\\/www.iemj.org\\\/en\\\/\",\"name\":\"Institut Europ\u00e9en des Musiques Juives\",\"description\":\"Des traditions musicales \u00e0 la port\u00e9e de tous\",\"publisher\":{\"@id\":\"https:\\\/\\\/www.iemj.org\\\/en\\\/#organization\"},\"potentialAction\":[{\"@type\":\"SearchAction\",\"target\":{\"@type\":\"EntryPoint\",\"urlTemplate\":\"https:\\\/\\\/www.iemj.org\\\/en\\\/?s={search_term_string}\"},\"query-input\":{\"@type\":\"PropertyValueSpecification\",\"valueRequired\":true,\"valueName\":\"search_term_string\"}}],\"inLanguage\":\"en-US\"},{\"@type\":\"Organization\",\"@id\":\"https:\\\/\\\/www.iemj.org\\\/en\\\/#organization\",\"name\":\"Institut Europ\u00e9en des Musiques Juives\",\"url\":\"https:\\\/\\\/www.iemj.org\\\/en\\\/\",\"logo\":{\"@type\":\"ImageObject\",\"inLanguage\":\"en-US\",\"@id\":\"https:\\\/\\\/www.iemj.org\\\/en\\\/#\\\/schema\\\/logo\\\/image\\\/\",\"url\":\"https:\\\/\\\/www.iemj.org\\\/wp-content\\\/uploads\\\/2021\\\/09\\\/Logo-IEMJ-Paypal.jpg\",\"contentUrl\":\"https:\\\/\\\/www.iemj.org\\\/wp-content\\\/uploads\\\/2021\\\/09\\\/Logo-IEMJ-Paypal.jpg\",\"width\":150,\"height\":50,\"caption\":\"Institut Europ\u00e9en des Musiques Juives\"},\"image\":{\"@id\":\"https:\\\/\\\/www.iemj.org\\\/en\\\/#\\\/schema\\\/logo\\\/image\\\/\"},\"sameAs\":[\"https:\\\/\\\/www.facebook.com\\\/MusiquesJuives\\\/\",\"https:\\\/\\\/www.instagram.com\\\/musiquesjuives\\\/\",\"https:\\\/\\\/www.youtube.com\\\/user\\\/musiquesjuives\"]}]}<\/script>\n<!-- \/ Yoast SEO plugin. -->","yoast_head_json":{"title":"Soleil Mandarine - Institut Europ\u00e9en des Musiques Juives","robots":{"index":"index","follow":"follow","max-snippet":"max-snippet:-1","max-image-preview":"max-image-preview:large","max-video-preview":"max-video-preview:-1"},"canonical":"https:\/\/www.iemj.org\/en\/product\/soleil-mandarine\/","og_locale":"en_US","og_type":"article","og_title":"Soleil Mandarine - Institut Europ\u00e9en des Musiques Juives","og_description":"4th album of Keren Esther who pursues her identity quest, mixing personal texts and traditional Judeo-Spanish songs","og_url":"https:\/\/www.iemj.org\/en\/product\/soleil-mandarine\/","og_site_name":"Institut Europ\u00e9en des Musiques Juives","article_publisher":"https:\/\/www.facebook.com\/MusiquesJuives\/","article_modified_time":"2025-04-16T17:19:56+00:00","og_image":[{"width":350,"height":314,"url":"https:\/\/www.iemj.org\/wp-content\/uploads\/2022\/02\/COUV-CD-Soleil-Mandarine-1.jpg","type":"image\/jpeg"}],"twitter_card":"summary_large_image","twitter_misc":{"Est. reading time":"2 minutes"},"schema":{"@context":"https:\/\/schema.org","@graph":[{"@type":"WebPage","@id":"https:\/\/www.iemj.org\/en\/product\/soleil-mandarine\/","url":"https:\/\/www.iemj.org\/en\/product\/soleil-mandarine\/","name":"Soleil Mandarine - Institut Europ\u00e9en des Musiques Juives","isPartOf":{"@id":"https:\/\/www.iemj.org\/en\/#website"},"primaryImageOfPage":{"@id":"https:\/\/www.iemj.org\/en\/product\/soleil-mandarine\/#primaryimage"},"image":{"@id":"https:\/\/www.iemj.org\/en\/product\/soleil-mandarine\/#primaryimage"},"thumbnailUrl":"https:\/\/www.iemj.org\/wp-content\/uploads\/2022\/02\/COUV-CD-Soleil-Mandarine-1.jpg","datePublished":"2022-02-03T13:29:27+00:00","dateModified":"2025-04-16T17:19:56+00:00","breadcrumb":{"@id":"https:\/\/www.iemj.org\/en\/product\/soleil-mandarine\/#breadcrumb"},"inLanguage":"en-US","potentialAction":[{"@type":"ReadAction","target":["https:\/\/www.iemj.org\/en\/product\/soleil-mandarine\/"]}]},{"@type":"ImageObject","inLanguage":"en-US","@id":"https:\/\/www.iemj.org\/en\/product\/soleil-mandarine\/#primaryimage","url":"https:\/\/www.iemj.org\/wp-content\/uploads\/2022\/02\/COUV-CD-Soleil-Mandarine-1.jpg","contentUrl":"https:\/\/www.iemj.org\/wp-content\/uploads\/2022\/02\/COUV-CD-Soleil-Mandarine-1.jpg","width":350,"height":314},{"@type":"BreadcrumbList","@id":"https:\/\/www.iemj.org\/en\/product\/soleil-mandarine\/#breadcrumb","itemListElement":[{"@type":"ListItem","position":1,"name":"Accueil","item":"https:\/\/www.iemj.org\/en\/"},{"@type":"ListItem","position":2,"name":"Shop","item":"https:\/\/www.iemj.org\/en\/shop\/"},{"@type":"ListItem","position":3,"name":"Soleil Mandarine"}]},{"@type":"WebSite","@id":"https:\/\/www.iemj.org\/en\/#website","url":"https:\/\/www.iemj.org\/en\/","name":"Institut Europ\u00e9en des Musiques Juives","description":"Des traditions musicales \u00e0 la port\u00e9e de tous","publisher":{"@id":"https:\/\/www.iemj.org\/en\/#organization"},"potentialAction":[{"@type":"SearchAction","target":{"@type":"EntryPoint","urlTemplate":"https:\/\/www.iemj.org\/en\/?s={search_term_string}"},"query-input":{"@type":"PropertyValueSpecification","valueRequired":true,"valueName":"search_term_string"}}],"inLanguage":"en-US"},{"@type":"Organization","@id":"https:\/\/www.iemj.org\/en\/#organization","name":"Institut Europ\u00e9en des Musiques Juives","url":"https:\/\/www.iemj.org\/en\/","logo":{"@type":"ImageObject","inLanguage":"en-US","@id":"https:\/\/www.iemj.org\/en\/#\/schema\/logo\/image\/","url":"https:\/\/www.iemj.org\/wp-content\/uploads\/2021\/09\/Logo-IEMJ-Paypal.jpg","contentUrl":"https:\/\/www.iemj.org\/wp-content\/uploads\/2021\/09\/Logo-IEMJ-Paypal.jpg","width":150,"height":50,"caption":"Institut Europ\u00e9en des Musiques Juives"},"image":{"@id":"https:\/\/www.iemj.org\/en\/#\/schema\/logo\/image\/"},"sameAs":["https:\/\/www.facebook.com\/MusiquesJuives\/","https:\/\/www.instagram.com\/musiquesjuives\/","https:\/\/www.youtube.com\/user\/musiquesjuives"]}]}},"_links":{"self":[{"href":"https:\/\/www.iemj.org\/en\/wp-json\/wp\/v2\/product\/80084","targetHints":{"allow":["GET"]}}],"collection":[{"href":"https:\/\/www.iemj.org\/en\/wp-json\/wp\/v2\/product"}],"about":[{"href":"https:\/\/www.iemj.org\/en\/wp-json\/wp\/v2\/types\/product"}],"replies":[{"embeddable":true,"href":"https:\/\/www.iemj.org\/en\/wp-json\/wp\/v2\/comments?post=80084"}],"wp:featuredmedia":[{"embeddable":true,"href":"https:\/\/www.iemj.org\/en\/wp-json\/wp\/v2\/media\/79793"}],"wp:attachment":[{"href":"https:\/\/www.iemj.org\/en\/wp-json\/wp\/v2\/media?parent=80084"}],"wp:term":[{"taxonomy":"product_brand","embeddable":true,"href":"https:\/\/www.iemj.org\/en\/wp-json\/wp\/v2\/product_brand?post=80084"},{"taxonomy":"product_cat","embeddable":true,"href":"https:\/\/www.iemj.org\/en\/wp-json\/wp\/v2\/product_cat?post=80084"},{"taxonomy":"product_tag","embeddable":true,"href":"https:\/\/www.iemj.org\/en\/wp-json\/wp\/v2\/product_tag?post=80084"}],"curies":[{"name":"wp","href":"https:\/\/api.w.org\/{rel}","templated":true}]}}