{"id":71662,"date":"2021-11-22T12:21:06","date_gmt":"2021-11-22T11:21:06","guid":{"rendered":"https:\/\/www.iemj.org\/evenement\/ensemble-pour-hanoucca\/"},"modified":"2021-11-24T12:05:32","modified_gmt":"2021-11-24T11:05:32","slug":"ensemble-pour-hanoucca","status":"publish","type":"tribe_events","link":"https:\/\/www.iemj.org\/en\/event\/ensemble-pour-hanoucca\/","title":{"rendered":"Together for Chanukah"},"content":{"rendered":"<h3>An evening of study and music to light up the holiday, organized by the Alliance Isra\u00e9lite Universelle<\/h3>\n<p>Lighting of the 3rd Hanukkah candle in VISIOCONFERENCE<\/p>\n<p><strong>With: <\/strong><\/p>\n<ul>\n<li>Armand Ab\u00e9cassis, Philosopher<\/li>\n<li>Judith of the Marx Sisters, Singer<\/li>\n<li><strong>Herv\u00e9 Roten, Musicologist<\/strong><\/li>\n<li>Students of the Alliance Georges Leven high school<\/li>\n<\/ul>\n<p>Free registration required on: <a href=\"https:\/\/www.aiu.org\/fr\/event\/305\" target=\"_blank\" rel=\"noopener\">https:\/\/www.aiu.org\/fr\/event\/305<\/a><\/p>\n<p><img fetchpriority=\"high\" decoding=\"async\" class=\"alignnone wp-image-71656\" src=\"https:\/\/www.iemj.org\/wp-content\/uploads\/2021\/11\/ensemble-pour-Hanoucca-30-11-21-300x169.png\" alt=\"\" width=\"653\" height=\"368\" srcset=\"https:\/\/www.iemj.org\/wp-content\/uploads\/2021\/11\/ensemble-pour-Hanoucca-30-11-21-300x169.png 300w, https:\/\/www.iemj.org\/wp-content\/uploads\/2021\/11\/ensemble-pour-Hanoucca-30-11-21-600x338.png 600w, https:\/\/www.iemj.org\/wp-content\/uploads\/2021\/11\/ensemble-pour-Hanoucca-30-11-21.png 614w\" sizes=\"(max-width: 653px) 100vw, 653px\" \/><\/p>\n","protected":false},"excerpt":{"rendered":"<p>An evening of study and music to light up the holiday, organized by the Alliance Isra\u00e9lite Universelle Lighting of the 3rd Hanukkah candle in VISIOCONFERENCE With: Armand Ab\u00e9cassis, Philosopher Judith<\/p>\n","protected":false},"author":5,"featured_media":71647,"template":"","meta":{"_acf_changed":false,"_tribe_events_status":"","_tribe_events_status_reason":"","_tribe_events_is_hybrid":"","_tribe_events_is_virtual":"","_tribe_events_virtual_video_source":"","_tribe_events_virtual_embed_video":"","_tribe_events_virtual_linked_button_text":"","_tribe_events_virtual_linked_button":"","_tribe_events_virtual_show_embed_at":"","_tribe_events_virtual_show_embed_to":[],"_tribe_events_virtual_show_on_event":"","_tribe_events_virtual_show_on_views":"","_tribe_events_virtual_url":"","footnotes":""},"tags":[],"tribe_events_cat":[1299],"class_list":["post-71662","tribe_events","type-tribe_events","status-publish","has-post-thumbnail","hentry","tribe_events_cat-partners-events","cat_partners-events"],"acf":[],"yoast_head":"<!-- This site is optimized with the Yoast SEO plugin v27.3 - https:\/\/yoast.com\/product\/yoast-seo-wordpress\/ -->\n<title>Together for Chanukah - Institut Europ\u00e9en des Musiques Juives<\/title>\n<meta name=\"robots\" content=\"index, follow, max-snippet:-1, max-image-preview:large, max-video-preview:-1\" \/>\n<link rel=\"canonical\" href=\"https:\/\/www.iemj.org\/en\/event\/ensemble-pour-hanoucca\/\" \/>\n<meta property=\"og:locale\" content=\"en_US\" \/>\n<meta property=\"og:type\" content=\"article\" \/>\n<meta property=\"og:title\" content=\"Together for Chanukah - Institut Europ\u00e9en des Musiques Juives\" \/>\n<meta property=\"og:description\" content=\"An evening of study and music to light up the holiday, organized by the Alliance Isra\u00e9lite Universelle Lighting of the 3rd Hanukkah candle in VISIOCONFERENCE With: Armand Ab\u00e9cassis, Philosopher Judith\" \/>\n<meta property=\"og:url\" content=\"https:\/\/www.iemj.org\/en\/event\/ensemble-pour-hanoucca\/\" \/>\n<meta property=\"og:site_name\" content=\"Institut Europ\u00e9en des Musiques Juives\" \/>\n<meta property=\"article:publisher\" content=\"https:\/\/www.facebook.com\/MusiquesJuives\/\" \/>\n<meta property=\"article:modified_time\" content=\"2021-11-24T11:05:32+00:00\" \/>\n<meta property=\"og:image\" content=\"https:\/\/www.iemj.org\/wp-content\/uploads\/2021\/11\/ensemble-pour-Hanoucca-30-11-21-e1637580013947.jpg\" \/>\n\t<meta property=\"og:image:width\" content=\"1024\" \/>\n\t<meta property=\"og:image:height\" content=\"577\" \/>\n\t<meta property=\"og:image:type\" content=\"image\/jpeg\" \/>\n<meta name=\"twitter:card\" content=\"summary_large_image\" \/>\n<meta name=\"twitter:label1\" content=\"Est. reading time\" \/>\n\t<meta name=\"twitter:data1\" content=\"1 minute\" \/>\n<script type=\"application\/ld+json\" class=\"yoast-schema-graph\">{\"@context\":\"https:\\\/\\\/schema.org\",\"@graph\":[{\"@type\":\"WebPage\",\"@id\":\"https:\\\/\\\/www.iemj.org\\\/en\\\/event\\\/ensemble-pour-hanoucca\\\/\",\"url\":\"https:\\\/\\\/www.iemj.org\\\/en\\\/event\\\/ensemble-pour-hanoucca\\\/\",\"name\":\"Together for Chanukah - Institut Europ\u00e9en des Musiques Juives\",\"isPartOf\":{\"@id\":\"https:\\\/\\\/www.iemj.org\\\/en\\\/#website\"},\"primaryImageOfPage\":{\"@id\":\"https:\\\/\\\/www.iemj.org\\\/en\\\/event\\\/ensemble-pour-hanoucca\\\/#primaryimage\"},\"image\":{\"@id\":\"https:\\\/\\\/www.iemj.org\\\/en\\\/event\\\/ensemble-pour-hanoucca\\\/#primaryimage\"},\"thumbnailUrl\":\"https:\\\/\\\/www.iemj.org\\\/wp-content\\\/uploads\\\/2021\\\/11\\\/ensemble-pour-Hanoucca-30-11-21-e1637580013947.jpg\",\"datePublished\":\"2021-11-22T11:21:06+00:00\",\"dateModified\":\"2021-11-24T11:05:32+00:00\",\"breadcrumb\":{\"@id\":\"https:\\\/\\\/www.iemj.org\\\/en\\\/event\\\/ensemble-pour-hanoucca\\\/#breadcrumb\"},\"inLanguage\":\"en-US\",\"potentialAction\":[{\"@type\":\"ReadAction\",\"target\":[\"https:\\\/\\\/www.iemj.org\\\/en\\\/event\\\/ensemble-pour-hanoucca\\\/\"]}]},{\"@type\":\"ImageObject\",\"inLanguage\":\"en-US\",\"@id\":\"https:\\\/\\\/www.iemj.org\\\/en\\\/event\\\/ensemble-pour-hanoucca\\\/#primaryimage\",\"url\":\"https:\\\/\\\/www.iemj.org\\\/wp-content\\\/uploads\\\/2021\\\/11\\\/ensemble-pour-Hanoucca-30-11-21-e1637580013947.jpg\",\"contentUrl\":\"https:\\\/\\\/www.iemj.org\\\/wp-content\\\/uploads\\\/2021\\\/11\\\/ensemble-pour-Hanoucca-30-11-21-e1637580013947.jpg\",\"width\":1024,\"height\":577},{\"@type\":\"BreadcrumbList\",\"@id\":\"https:\\\/\\\/www.iemj.org\\\/en\\\/event\\\/ensemble-pour-hanoucca\\\/#breadcrumb\",\"itemListElement\":[{\"@type\":\"ListItem\",\"position\":1,\"name\":\"Accueil\",\"item\":\"https:\\\/\\\/www.iemj.org\\\/en\\\/\"},{\"@type\":\"ListItem\",\"position\":2,\"name\":\"Events\",\"item\":\"https:\\\/\\\/www.iemj.org\\\/en\\\/events\\\/\"},{\"@type\":\"ListItem\",\"position\":3,\"name\":\"Together for Chanukah\"}]},{\"@type\":\"WebSite\",\"@id\":\"https:\\\/\\\/www.iemj.org\\\/en\\\/#website\",\"url\":\"https:\\\/\\\/www.iemj.org\\\/en\\\/\",\"name\":\"Institut Europ\u00e9en des Musiques Juives\",\"description\":\"Des traditions musicales \u00e0 la port\u00e9e de tous\",\"publisher\":{\"@id\":\"https:\\\/\\\/www.iemj.org\\\/en\\\/#organization\"},\"potentialAction\":[{\"@type\":\"SearchAction\",\"target\":{\"@type\":\"EntryPoint\",\"urlTemplate\":\"https:\\\/\\\/www.iemj.org\\\/en\\\/?s={search_term_string}\"},\"query-input\":{\"@type\":\"PropertyValueSpecification\",\"valueRequired\":true,\"valueName\":\"search_term_string\"}}],\"inLanguage\":\"en-US\"},{\"@type\":\"Organization\",\"@id\":\"https:\\\/\\\/www.iemj.org\\\/en\\\/#organization\",\"name\":\"Institut Europ\u00e9en des Musiques Juives\",\"url\":\"https:\\\/\\\/www.iemj.org\\\/en\\\/\",\"logo\":{\"@type\":\"ImageObject\",\"inLanguage\":\"en-US\",\"@id\":\"https:\\\/\\\/www.iemj.org\\\/en\\\/#\\\/schema\\\/logo\\\/image\\\/\",\"url\":\"https:\\\/\\\/www.iemj.org\\\/wp-content\\\/uploads\\\/2021\\\/09\\\/Logo-IEMJ-Paypal.jpg\",\"contentUrl\":\"https:\\\/\\\/www.iemj.org\\\/wp-content\\\/uploads\\\/2021\\\/09\\\/Logo-IEMJ-Paypal.jpg\",\"width\":150,\"height\":50,\"caption\":\"Institut Europ\u00e9en des Musiques Juives\"},\"image\":{\"@id\":\"https:\\\/\\\/www.iemj.org\\\/en\\\/#\\\/schema\\\/logo\\\/image\\\/\"},\"sameAs\":[\"https:\\\/\\\/www.facebook.com\\\/MusiquesJuives\\\/\",\"https:\\\/\\\/www.instagram.com\\\/musiquesjuives\\\/\",\"https:\\\/\\\/www.youtube.com\\\/user\\\/musiquesjuives\"]}]}<\/script>\n<!-- \/ Yoast SEO plugin. -->","yoast_head_json":{"title":"Together for Chanukah - Institut Europ\u00e9en des Musiques Juives","robots":{"index":"index","follow":"follow","max-snippet":"max-snippet:-1","max-image-preview":"max-image-preview:large","max-video-preview":"max-video-preview:-1"},"canonical":"https:\/\/www.iemj.org\/en\/event\/ensemble-pour-hanoucca\/","og_locale":"en_US","og_type":"article","og_title":"Together for Chanukah - Institut Europ\u00e9en des Musiques Juives","og_description":"An evening of study and music to light up the holiday, organized by the Alliance Isra\u00e9lite Universelle Lighting of the 3rd Hanukkah candle in VISIOCONFERENCE With: Armand Ab\u00e9cassis, Philosopher Judith","og_url":"https:\/\/www.iemj.org\/en\/event\/ensemble-pour-hanoucca\/","og_site_name":"Institut Europ\u00e9en des Musiques Juives","article_publisher":"https:\/\/www.facebook.com\/MusiquesJuives\/","article_modified_time":"2021-11-24T11:05:32+00:00","og_image":[{"width":1024,"height":577,"url":"https:\/\/www.iemj.org\/wp-content\/uploads\/2021\/11\/ensemble-pour-Hanoucca-30-11-21-e1637580013947.jpg","type":"image\/jpeg"}],"twitter_card":"summary_large_image","twitter_misc":{"Est. reading time":"1 minute"},"schema":{"@context":"https:\/\/schema.org","@graph":[{"@type":"WebPage","@id":"https:\/\/www.iemj.org\/en\/event\/ensemble-pour-hanoucca\/","url":"https:\/\/www.iemj.org\/en\/event\/ensemble-pour-hanoucca\/","name":"Together for Chanukah - Institut Europ\u00e9en des Musiques Juives","isPartOf":{"@id":"https:\/\/www.iemj.org\/en\/#website"},"primaryImageOfPage":{"@id":"https:\/\/www.iemj.org\/en\/event\/ensemble-pour-hanoucca\/#primaryimage"},"image":{"@id":"https:\/\/www.iemj.org\/en\/event\/ensemble-pour-hanoucca\/#primaryimage"},"thumbnailUrl":"https:\/\/www.iemj.org\/wp-content\/uploads\/2021\/11\/ensemble-pour-Hanoucca-30-11-21-e1637580013947.jpg","datePublished":"2021-11-22T11:21:06+00:00","dateModified":"2021-11-24T11:05:32+00:00","breadcrumb":{"@id":"https:\/\/www.iemj.org\/en\/event\/ensemble-pour-hanoucca\/#breadcrumb"},"inLanguage":"en-US","potentialAction":[{"@type":"ReadAction","target":["https:\/\/www.iemj.org\/en\/event\/ensemble-pour-hanoucca\/"]}]},{"@type":"ImageObject","inLanguage":"en-US","@id":"https:\/\/www.iemj.org\/en\/event\/ensemble-pour-hanoucca\/#primaryimage","url":"https:\/\/www.iemj.org\/wp-content\/uploads\/2021\/11\/ensemble-pour-Hanoucca-30-11-21-e1637580013947.jpg","contentUrl":"https:\/\/www.iemj.org\/wp-content\/uploads\/2021\/11\/ensemble-pour-Hanoucca-30-11-21-e1637580013947.jpg","width":1024,"height":577},{"@type":"BreadcrumbList","@id":"https:\/\/www.iemj.org\/en\/event\/ensemble-pour-hanoucca\/#breadcrumb","itemListElement":[{"@type":"ListItem","position":1,"name":"Accueil","item":"https:\/\/www.iemj.org\/en\/"},{"@type":"ListItem","position":2,"name":"Events","item":"https:\/\/www.iemj.org\/en\/events\/"},{"@type":"ListItem","position":3,"name":"Together for Chanukah"}]},{"@type":"WebSite","@id":"https:\/\/www.iemj.org\/en\/#website","url":"https:\/\/www.iemj.org\/en\/","name":"Institut Europ\u00e9en des Musiques Juives","description":"Des traditions musicales \u00e0 la port\u00e9e de tous","publisher":{"@id":"https:\/\/www.iemj.org\/en\/#organization"},"potentialAction":[{"@type":"SearchAction","target":{"@type":"EntryPoint","urlTemplate":"https:\/\/www.iemj.org\/en\/?s={search_term_string}"},"query-input":{"@type":"PropertyValueSpecification","valueRequired":true,"valueName":"search_term_string"}}],"inLanguage":"en-US"},{"@type":"Organization","@id":"https:\/\/www.iemj.org\/en\/#organization","name":"Institut Europ\u00e9en des Musiques Juives","url":"https:\/\/www.iemj.org\/en\/","logo":{"@type":"ImageObject","inLanguage":"en-US","@id":"https:\/\/www.iemj.org\/en\/#\/schema\/logo\/image\/","url":"https:\/\/www.iemj.org\/wp-content\/uploads\/2021\/09\/Logo-IEMJ-Paypal.jpg","contentUrl":"https:\/\/www.iemj.org\/wp-content\/uploads\/2021\/09\/Logo-IEMJ-Paypal.jpg","width":150,"height":50,"caption":"Institut Europ\u00e9en des Musiques Juives"},"image":{"@id":"https:\/\/www.iemj.org\/en\/#\/schema\/logo\/image\/"},"sameAs":["https:\/\/www.facebook.com\/MusiquesJuives\/","https:\/\/www.instagram.com\/musiquesjuives\/","https:\/\/www.youtube.com\/user\/musiquesjuives"]}]}},"_links":{"self":[{"href":"https:\/\/www.iemj.org\/en\/wp-json\/wp\/v2\/tribe_events\/71662","targetHints":{"allow":["GET"]}}],"collection":[{"href":"https:\/\/www.iemj.org\/en\/wp-json\/wp\/v2\/tribe_events"}],"about":[{"href":"https:\/\/www.iemj.org\/en\/wp-json\/wp\/v2\/types\/tribe_events"}],"author":[{"embeddable":true,"href":"https:\/\/www.iemj.org\/en\/wp-json\/wp\/v2\/users\/5"}],"version-history":[{"count":0,"href":"https:\/\/www.iemj.org\/en\/wp-json\/wp\/v2\/tribe_events\/71662\/revisions"}],"wp:featuredmedia":[{"embeddable":true,"href":"https:\/\/www.iemj.org\/en\/wp-json\/wp\/v2\/media\/71647"}],"wp:attachment":[{"href":"https:\/\/www.iemj.org\/en\/wp-json\/wp\/v2\/media?parent=71662"}],"wp:term":[{"taxonomy":"post_tag","embeddable":true,"href":"https:\/\/www.iemj.org\/en\/wp-json\/wp\/v2\/tags?post=71662"},{"taxonomy":"tribe_events_cat","embeddable":true,"href":"https:\/\/www.iemj.org\/en\/wp-json\/wp\/v2\/tribe_events_cat?post=71662"}],"curies":[{"name":"wp","href":"https:\/\/api.w.org\/{rel}","templated":true}]}}