{"id":84577,"date":"2022-05-23T15:02:07","date_gmt":"2022-05-23T13:02:07","guid":{"rendered":"https:\/\/www.iemj.org\/evenement\/la-nouvelle-ecole-juive-de-saint-petersbourg\/"},"modified":"2022-05-23T15:06:43","modified_gmt":"2022-05-23T13:06:43","slug":"la-nouvelle-ecole-juive-de-saint-petersbourg","status":"publish","type":"tribe_events","link":"https:\/\/www.iemj.org\/en\/event\/la-nouvelle-ecole-juive-de-saint-petersbourg\/","title":{"rendered":"THE \u201cNEW JEWISH SCHOOL OF SAINT-PETERSBURG\u201d"},"content":{"rendered":"<h3 id=\"0-eael-table-of-content\" class=\"eael-heading-content\">As part of the 17th Festival of Jewish Cultures<\/h3>\n<h3 class=\"paragraph eael-heading-content\" style=\"text-align: left;\"><span style=\"color: #3c4b98;\"><em><strong><span class=\"normaltextrun\">ORGANIZED BY THE EUROPEAN INSTITUTE OF JEWISH MUSIC,<br \/>\nTHE NATIONAL ARCHIVES AND THE FSJU<\/span><\/strong><\/em><\/span><\/h3>\n<p style=\"text-align: left;\"><strong>Sarah Iancu<\/strong>, cello<\/p>\n<p style=\"text-align: left;\"><strong>David Bismuth<\/strong>, piano<\/p>\n<div class=\"contenu\">\n<p>In 2016, Sarah Iancu, principal cellist of the Orchestre National du Capitole de Toulouse and David Bismuth, virtuoso pianist, presented their first opus\u00a0<strong><em>Hebrew Melodies, volume 1<\/em><\/strong>\u00a0at the National Archives as part of the Festival of Jewish Cultures.<\/p>\n<p>Six years later, the Festival welcomes them back with great pleasure to present their second opus, produced by the European Institute of Jewish Music and devoted in large part to composers from the \u00ab\u00a0<strong>New Jewish School of Saint-Petersburg<\/strong>\u00a0\u00bb.<\/p>\n<p>Sarah Iancu and David Bismuth invite you to discover composers such as Joel Engel, Alexander Krein, Lazare Saminski, Joachim Stoutchevski, Jacob Weinberg, Leo Zeitlin, who, under the influence of the Russian folk movement at the turn of the 20th century, began collecting, recording and transcribing Yiddish melodies as well as liturgical chants which served as a basis for their compositions, in order to undertake the creation of a national Jewish music<\/p>\n<p>Eastern Europe was at the time a place of artistic experimentation, expressed in particular through Yiddish literature and theatre, the latter making extensive use of songs that quickly became part of the popular repertoire.<\/p>\n<p>These Yiddish songs, imported to the United States, led to the creation in 1925 of the song My Yiddish Momme by Jack Yellen, which became a worldwide hit.<\/p>\n<p>These songs, meditations, dances, prayers and psalmodies resonate with a universal beauty and are an inexhaustible source of inspiration for us.<\/p>\n<p><strong>Fee: 12 \u20ac<\/strong><\/p>\n<p><strong><a href=\"https:\/\/www.festivaldesculturesjuives.org\/billetterie\/\" target=\"_blank\" rel=\"noopener\">Reservation online<\/a><\/strong><\/p>\n<p><img decoding=\"async\" class=\"alignnone wp-image-84426\" src=\"https:\/\/www.iemj.org\/wp-content\/uploads\/2022\/05\/3-logos-partenaires-1-300x52.jpg\" alt=\"\" width=\"496\" height=\"86\" srcset=\"https:\/\/www.iemj.org\/wp-content\/uploads\/2022\/05\/3-logos-partenaires-1-300x52.jpg 300w, https:\/\/www.iemj.org\/wp-content\/uploads\/2022\/05\/3-logos-partenaires-1-768x134.jpg 768w, https:\/\/www.iemj.org\/wp-content\/uploads\/2022\/05\/3-logos-partenaires-1-600x105.jpg 600w, https:\/\/www.iemj.org\/wp-content\/uploads\/2022\/05\/3-logos-partenaires-1.jpg 860w\" sizes=\"(max-width: 496px) 100vw, 496px\" \/><\/p>\n<div class=\"wp-block-column\"><\/div>\n<\/div>\n","protected":false},"excerpt":{"rendered":"<p>As part of the 17th Festival of Jewish Cultures ORGANIZED BY THE EUROPEAN INSTITUTE OF JEWISH MUSIC, THE NATIONAL ARCHIVES AND THE FSJU Sarah Iancu, cello David Bismuth, piano In<\/p>\n","protected":false},"author":5,"featured_media":84396,"template":"","meta":{"_acf_changed":false,"_tribe_events_status":"","_tribe_events_status_reason":"","_tribe_events_is_hybrid":"","_tribe_events_is_virtual":"","_tribe_events_virtual_video_source":"","_tribe_events_virtual_embed_video":"","_tribe_events_virtual_linked_button_text":"","_tribe_events_virtual_linked_button":"","_tribe_events_virtual_show_embed_at":"","_tribe_events_virtual_show_embed_to":[],"_tribe_events_virtual_show_on_event":"","_tribe_events_virtual_show_on_views":"","_tribe_events_virtual_url":"","footnotes":""},"tags":[],"tribe_events_cat":[1298,1299],"class_list":["post-84577","tribe_events","type-tribe_events","status-publish","has-post-thumbnail","hentry","tribe_events_cat-iemj-events","tribe_events_cat-partners-events","cat_iemj-events","cat_partners-events"],"acf":[],"yoast_head":"<!-- This site is optimized with the Yoast SEO plugin v27.3 - https:\/\/yoast.com\/product\/yoast-seo-wordpress\/ -->\n<title>THE \u201cNEW JEWISH SCHOOL OF SAINT-PETERSBURG\u201d - Institut Europ\u00e9en des Musiques Juives<\/title>\n<meta name=\"robots\" content=\"index, follow, max-snippet:-1, max-image-preview:large, max-video-preview:-1\" \/>\n<link rel=\"canonical\" href=\"https:\/\/www.iemj.org\/en\/event\/la-nouvelle-ecole-juive-de-saint-petersbourg\/\" \/>\n<meta property=\"og:locale\" content=\"en_US\" \/>\n<meta property=\"og:type\" content=\"article\" \/>\n<meta property=\"og:title\" content=\"THE \u201cNEW JEWISH SCHOOL OF SAINT-PETERSBURG\u201d - Institut Europ\u00e9en des Musiques Juives\" \/>\n<meta property=\"og:description\" content=\"As part of the 17th Festival of Jewish Cultures ORGANIZED BY THE EUROPEAN INSTITUTE OF JEWISH MUSIC, THE NATIONAL ARCHIVES AND THE FSJU Sarah Iancu, cello David Bismuth, piano In\" \/>\n<meta property=\"og:url\" content=\"https:\/\/www.iemj.org\/en\/event\/la-nouvelle-ecole-juive-de-saint-petersbourg\/\" \/>\n<meta property=\"og:site_name\" content=\"Institut Europ\u00e9en des Musiques Juives\" \/>\n<meta property=\"article:publisher\" content=\"https:\/\/www.facebook.com\/MusiquesJuives\/\" \/>\n<meta property=\"article:modified_time\" content=\"2022-05-23T13:06:43+00:00\" \/>\n<meta property=\"og:image\" content=\"https:\/\/www.iemj.org\/wp-content\/uploads\/2022\/05\/Logo-Concert-Archives-Nat._redim.jpg\" \/>\n\t<meta property=\"og:image:width\" content=\"440\" \/>\n\t<meta property=\"og:image:height\" content=\"250\" \/>\n\t<meta property=\"og:image:type\" content=\"image\/jpeg\" \/>\n<meta name=\"twitter:card\" content=\"summary_large_image\" \/>\n<meta name=\"twitter:label1\" content=\"Est. reading time\" \/>\n\t<meta name=\"twitter:data1\" content=\"2 minutes\" \/>\n<script type=\"application\/ld+json\" class=\"yoast-schema-graph\">{\"@context\":\"https:\\\/\\\/schema.org\",\"@graph\":[{\"@type\":\"WebPage\",\"@id\":\"https:\\\/\\\/www.iemj.org\\\/en\\\/event\\\/la-nouvelle-ecole-juive-de-saint-petersbourg\\\/\",\"url\":\"https:\\\/\\\/www.iemj.org\\\/en\\\/event\\\/la-nouvelle-ecole-juive-de-saint-petersbourg\\\/\",\"name\":\"THE \u201cNEW JEWISH SCHOOL OF SAINT-PETERSBURG\u201d - Institut Europ\u00e9en des Musiques Juives\",\"isPartOf\":{\"@id\":\"https:\\\/\\\/www.iemj.org\\\/en\\\/#website\"},\"primaryImageOfPage\":{\"@id\":\"https:\\\/\\\/www.iemj.org\\\/en\\\/event\\\/la-nouvelle-ecole-juive-de-saint-petersbourg\\\/#primaryimage\"},\"image\":{\"@id\":\"https:\\\/\\\/www.iemj.org\\\/en\\\/event\\\/la-nouvelle-ecole-juive-de-saint-petersbourg\\\/#primaryimage\"},\"thumbnailUrl\":\"https:\\\/\\\/www.iemj.org\\\/wp-content\\\/uploads\\\/2022\\\/05\\\/Logo-Concert-Archives-Nat._redim.jpg\",\"datePublished\":\"2022-05-23T13:02:07+00:00\",\"dateModified\":\"2022-05-23T13:06:43+00:00\",\"breadcrumb\":{\"@id\":\"https:\\\/\\\/www.iemj.org\\\/en\\\/event\\\/la-nouvelle-ecole-juive-de-saint-petersbourg\\\/#breadcrumb\"},\"inLanguage\":\"en-US\",\"potentialAction\":[{\"@type\":\"ReadAction\",\"target\":[\"https:\\\/\\\/www.iemj.org\\\/en\\\/event\\\/la-nouvelle-ecole-juive-de-saint-petersbourg\\\/\"]}]},{\"@type\":\"ImageObject\",\"inLanguage\":\"en-US\",\"@id\":\"https:\\\/\\\/www.iemj.org\\\/en\\\/event\\\/la-nouvelle-ecole-juive-de-saint-petersbourg\\\/#primaryimage\",\"url\":\"https:\\\/\\\/www.iemj.org\\\/wp-content\\\/uploads\\\/2022\\\/05\\\/Logo-Concert-Archives-Nat._redim.jpg\",\"contentUrl\":\"https:\\\/\\\/www.iemj.org\\\/wp-content\\\/uploads\\\/2022\\\/05\\\/Logo-Concert-Archives-Nat._redim.jpg\",\"width\":440,\"height\":250},{\"@type\":\"BreadcrumbList\",\"@id\":\"https:\\\/\\\/www.iemj.org\\\/en\\\/event\\\/la-nouvelle-ecole-juive-de-saint-petersbourg\\\/#breadcrumb\",\"itemListElement\":[{\"@type\":\"ListItem\",\"position\":1,\"name\":\"Accueil\",\"item\":\"https:\\\/\\\/www.iemj.org\\\/en\\\/\"},{\"@type\":\"ListItem\",\"position\":2,\"name\":\"Events\",\"item\":\"https:\\\/\\\/www.iemj.org\\\/en\\\/events\\\/\"},{\"@type\":\"ListItem\",\"position\":3,\"name\":\"THE \u201cNEW JEWISH SCHOOL OF SAINT-PETERSBURG\u201d\"}]},{\"@type\":\"WebSite\",\"@id\":\"https:\\\/\\\/www.iemj.org\\\/en\\\/#website\",\"url\":\"https:\\\/\\\/www.iemj.org\\\/en\\\/\",\"name\":\"Institut Europ\u00e9en des Musiques Juives\",\"description\":\"Des traditions musicales \u00e0 la port\u00e9e de tous\",\"publisher\":{\"@id\":\"https:\\\/\\\/www.iemj.org\\\/en\\\/#organization\"},\"potentialAction\":[{\"@type\":\"SearchAction\",\"target\":{\"@type\":\"EntryPoint\",\"urlTemplate\":\"https:\\\/\\\/www.iemj.org\\\/en\\\/?s={search_term_string}\"},\"query-input\":{\"@type\":\"PropertyValueSpecification\",\"valueRequired\":true,\"valueName\":\"search_term_string\"}}],\"inLanguage\":\"en-US\"},{\"@type\":\"Organization\",\"@id\":\"https:\\\/\\\/www.iemj.org\\\/en\\\/#organization\",\"name\":\"Institut Europ\u00e9en des Musiques Juives\",\"url\":\"https:\\\/\\\/www.iemj.org\\\/en\\\/\",\"logo\":{\"@type\":\"ImageObject\",\"inLanguage\":\"en-US\",\"@id\":\"https:\\\/\\\/www.iemj.org\\\/en\\\/#\\\/schema\\\/logo\\\/image\\\/\",\"url\":\"https:\\\/\\\/www.iemj.org\\\/wp-content\\\/uploads\\\/2021\\\/09\\\/Logo-IEMJ-Paypal.jpg\",\"contentUrl\":\"https:\\\/\\\/www.iemj.org\\\/wp-content\\\/uploads\\\/2021\\\/09\\\/Logo-IEMJ-Paypal.jpg\",\"width\":150,\"height\":50,\"caption\":\"Institut Europ\u00e9en des Musiques Juives\"},\"image\":{\"@id\":\"https:\\\/\\\/www.iemj.org\\\/en\\\/#\\\/schema\\\/logo\\\/image\\\/\"},\"sameAs\":[\"https:\\\/\\\/www.facebook.com\\\/MusiquesJuives\\\/\",\"https:\\\/\\\/www.instagram.com\\\/musiquesjuives\\\/\",\"https:\\\/\\\/www.youtube.com\\\/user\\\/musiquesjuives\"]}]}<\/script>\n<!-- \/ Yoast SEO plugin. -->","yoast_head_json":{"title":"THE \u201cNEW JEWISH SCHOOL OF SAINT-PETERSBURG\u201d - Institut Europ\u00e9en des Musiques Juives","robots":{"index":"index","follow":"follow","max-snippet":"max-snippet:-1","max-image-preview":"max-image-preview:large","max-video-preview":"max-video-preview:-1"},"canonical":"https:\/\/www.iemj.org\/en\/event\/la-nouvelle-ecole-juive-de-saint-petersbourg\/","og_locale":"en_US","og_type":"article","og_title":"THE \u201cNEW JEWISH SCHOOL OF SAINT-PETERSBURG\u201d - Institut Europ\u00e9en des Musiques Juives","og_description":"As part of the 17th Festival of Jewish Cultures ORGANIZED BY THE EUROPEAN INSTITUTE OF JEWISH MUSIC, THE NATIONAL ARCHIVES AND THE FSJU Sarah Iancu, cello David Bismuth, piano In","og_url":"https:\/\/www.iemj.org\/en\/event\/la-nouvelle-ecole-juive-de-saint-petersbourg\/","og_site_name":"Institut Europ\u00e9en des Musiques Juives","article_publisher":"https:\/\/www.facebook.com\/MusiquesJuives\/","article_modified_time":"2022-05-23T13:06:43+00:00","og_image":[{"width":440,"height":250,"url":"https:\/\/www.iemj.org\/wp-content\/uploads\/2022\/05\/Logo-Concert-Archives-Nat._redim.jpg","type":"image\/jpeg"}],"twitter_card":"summary_large_image","twitter_misc":{"Est. reading time":"2 minutes"},"schema":{"@context":"https:\/\/schema.org","@graph":[{"@type":"WebPage","@id":"https:\/\/www.iemj.org\/en\/event\/la-nouvelle-ecole-juive-de-saint-petersbourg\/","url":"https:\/\/www.iemj.org\/en\/event\/la-nouvelle-ecole-juive-de-saint-petersbourg\/","name":"THE \u201cNEW JEWISH SCHOOL OF SAINT-PETERSBURG\u201d - Institut Europ\u00e9en des Musiques Juives","isPartOf":{"@id":"https:\/\/www.iemj.org\/en\/#website"},"primaryImageOfPage":{"@id":"https:\/\/www.iemj.org\/en\/event\/la-nouvelle-ecole-juive-de-saint-petersbourg\/#primaryimage"},"image":{"@id":"https:\/\/www.iemj.org\/en\/event\/la-nouvelle-ecole-juive-de-saint-petersbourg\/#primaryimage"},"thumbnailUrl":"https:\/\/www.iemj.org\/wp-content\/uploads\/2022\/05\/Logo-Concert-Archives-Nat._redim.jpg","datePublished":"2022-05-23T13:02:07+00:00","dateModified":"2022-05-23T13:06:43+00:00","breadcrumb":{"@id":"https:\/\/www.iemj.org\/en\/event\/la-nouvelle-ecole-juive-de-saint-petersbourg\/#breadcrumb"},"inLanguage":"en-US","potentialAction":[{"@type":"ReadAction","target":["https:\/\/www.iemj.org\/en\/event\/la-nouvelle-ecole-juive-de-saint-petersbourg\/"]}]},{"@type":"ImageObject","inLanguage":"en-US","@id":"https:\/\/www.iemj.org\/en\/event\/la-nouvelle-ecole-juive-de-saint-petersbourg\/#primaryimage","url":"https:\/\/www.iemj.org\/wp-content\/uploads\/2022\/05\/Logo-Concert-Archives-Nat._redim.jpg","contentUrl":"https:\/\/www.iemj.org\/wp-content\/uploads\/2022\/05\/Logo-Concert-Archives-Nat._redim.jpg","width":440,"height":250},{"@type":"BreadcrumbList","@id":"https:\/\/www.iemj.org\/en\/event\/la-nouvelle-ecole-juive-de-saint-petersbourg\/#breadcrumb","itemListElement":[{"@type":"ListItem","position":1,"name":"Accueil","item":"https:\/\/www.iemj.org\/en\/"},{"@type":"ListItem","position":2,"name":"Events","item":"https:\/\/www.iemj.org\/en\/events\/"},{"@type":"ListItem","position":3,"name":"THE \u201cNEW JEWISH SCHOOL OF SAINT-PETERSBURG\u201d"}]},{"@type":"WebSite","@id":"https:\/\/www.iemj.org\/en\/#website","url":"https:\/\/www.iemj.org\/en\/","name":"Institut Europ\u00e9en des Musiques Juives","description":"Des traditions musicales \u00e0 la port\u00e9e de tous","publisher":{"@id":"https:\/\/www.iemj.org\/en\/#organization"},"potentialAction":[{"@type":"SearchAction","target":{"@type":"EntryPoint","urlTemplate":"https:\/\/www.iemj.org\/en\/?s={search_term_string}"},"query-input":{"@type":"PropertyValueSpecification","valueRequired":true,"valueName":"search_term_string"}}],"inLanguage":"en-US"},{"@type":"Organization","@id":"https:\/\/www.iemj.org\/en\/#organization","name":"Institut Europ\u00e9en des Musiques Juives","url":"https:\/\/www.iemj.org\/en\/","logo":{"@type":"ImageObject","inLanguage":"en-US","@id":"https:\/\/www.iemj.org\/en\/#\/schema\/logo\/image\/","url":"https:\/\/www.iemj.org\/wp-content\/uploads\/2021\/09\/Logo-IEMJ-Paypal.jpg","contentUrl":"https:\/\/www.iemj.org\/wp-content\/uploads\/2021\/09\/Logo-IEMJ-Paypal.jpg","width":150,"height":50,"caption":"Institut Europ\u00e9en des Musiques Juives"},"image":{"@id":"https:\/\/www.iemj.org\/en\/#\/schema\/logo\/image\/"},"sameAs":["https:\/\/www.facebook.com\/MusiquesJuives\/","https:\/\/www.instagram.com\/musiquesjuives\/","https:\/\/www.youtube.com\/user\/musiquesjuives"]}]}},"_links":{"self":[{"href":"https:\/\/www.iemj.org\/en\/wp-json\/wp\/v2\/tribe_events\/84577","targetHints":{"allow":["GET"]}}],"collection":[{"href":"https:\/\/www.iemj.org\/en\/wp-json\/wp\/v2\/tribe_events"}],"about":[{"href":"https:\/\/www.iemj.org\/en\/wp-json\/wp\/v2\/types\/tribe_events"}],"author":[{"embeddable":true,"href":"https:\/\/www.iemj.org\/en\/wp-json\/wp\/v2\/users\/5"}],"version-history":[{"count":0,"href":"https:\/\/www.iemj.org\/en\/wp-json\/wp\/v2\/tribe_events\/84577\/revisions"}],"wp:featuredmedia":[{"embeddable":true,"href":"https:\/\/www.iemj.org\/en\/wp-json\/wp\/v2\/media\/84396"}],"wp:attachment":[{"href":"https:\/\/www.iemj.org\/en\/wp-json\/wp\/v2\/media?parent=84577"}],"wp:term":[{"taxonomy":"post_tag","embeddable":true,"href":"https:\/\/www.iemj.org\/en\/wp-json\/wp\/v2\/tags?post=84577"},{"taxonomy":"tribe_events_cat","embeddable":true,"href":"https:\/\/www.iemj.org\/en\/wp-json\/wp\/v2\/tribe_events_cat?post=84577"}],"curies":[{"name":"wp","href":"https:\/\/api.w.org\/{rel}","templated":true}]}}