{"id":85361,"date":"2022-06-09T12:12:17","date_gmt":"2022-06-09T10:12:17","guid":{"rendered":"https:\/\/www.iemj.org\/evenement\/l-es-assocs-en-fete\/"},"modified":"2022-06-14T16:44:28","modified_gmt":"2022-06-14T14:44:28","slug":"l-es-assocs-en-fete","status":"publish","type":"tribe_events","link":"https:\/\/www.iemj.org\/en\/event\/l-es-assocs-en-fete\/","title":{"rendered":"Les Assoc\u2019s en f\u00eate"},"content":{"rendered":"<p><strong>An event proposed by the Yiddish sans Fronti\u00e8re association, the Paris Centre Town Hall and the FSJU with the participation of members<\/strong><\/p>\n<p>Among the organisations present: Aki Estamos, Al Syete, Amis de la CCE, Centre Medem, Cercle Bernard Lazare, Libert\u00e9 du Juda\u00efsme, Maison de la Culture Yiddish, OSE, FSJU-AUJF, <strong><span style=\"color: #3c4b98;\">European Institute of Jewish Music<\/span>*<\/strong>, Les Amis d\u2019Odessa, M\u00e9morial de la Shoah Union AC et Cercil, Passerelles, Transmosa\u00efk, Yiddish mama\u2026<\/p>\n<p><strong>They&#8217;re back<\/strong><br \/>\nAfter an absence of two years, the organisations will present their memorial, historical and cultural work and will meet the public with their usual enthusiasm. A day of sharing, of contacts, of memories, of life! Books, animations, meetings, book signings, lottery, catering, etc.<\/p>\n<ul>\n<li><strong>12h00<\/strong> : Reception of the public, restauration, animations<\/li>\n<li><strong>14h00<\/strong> : Presentation by the Mayor of Paris Centre, the FSJU and YsF<br \/>\nThe organisations AACCE, Centre Medem, Cercil, Maison de la Culture Yiddish and OSE will also present for a few minutes in the afternoon their ongoing projects.<\/li>\n<li><strong>15h00<\/strong> : Meeting around the subject of the Festival \u00ab Heritages \u00bb<br \/>\nH\u00e9lios Azoulay, composer, musician, writer<br \/>\nGuy Konopnicki, journalist, writer<br \/>\nMicha\u00ebl Prazan, film director, writer<br \/>\nHenri Raczymow, writer (subject to change)<br \/>\nThey will be signing their recently published books.<\/li>\n<li><strong>16h30<\/strong> : Screening of Talila&#8217;s DVD &#8220;Notre langue d&#8217;int\u00e9rieur&#8221; produced by YsF, in the presence of her daughter, the author, director and actress Flore Taguiev. Two generations crossing their memories\u2026<br \/>\nThese meetings will be hosted by Lise Amiel-Gutmann<\/li>\n<li><strong>18h00<\/strong> : End of the eventFree entrance<\/li>\n<\/ul>\n<p><strong>*<\/strong> <span style=\"color: #3c4b98;\"><em>Meet the <strong>European Institute of Jewish Music<\/strong> at the Day of Associations, an opportunity to present the work done and to buy CDs at a promotional price<\/em><\/span><\/p>\n","protected":false},"excerpt":{"rendered":"<p>An event proposed by the Yiddish sans Fronti\u00e8re association, the Paris Centre Town Hall and the FSJU with the participation of members Among the organisations present: Aki Estamos, Al Syete,<\/p>\n","protected":false},"author":5,"featured_media":85418,"template":"","meta":{"_acf_changed":false,"_tribe_events_status":"","_tribe_events_status_reason":"","_tribe_events_is_hybrid":"","_tribe_events_is_virtual":"","_tribe_events_virtual_video_source":"","_tribe_events_virtual_embed_video":"","_tribe_events_virtual_linked_button_text":"","_tribe_events_virtual_linked_button":"","_tribe_events_virtual_show_embed_at":"","_tribe_events_virtual_show_embed_to":[],"_tribe_events_virtual_show_on_event":"","_tribe_events_virtual_show_on_views":"","_tribe_events_virtual_url":"","footnotes":""},"tags":[],"tribe_events_cat":[],"class_list":["post-85361","tribe_events","type-tribe_events","status-publish","has-post-thumbnail","hentry"],"acf":[],"yoast_head":"<!-- This site is optimized with the Yoast SEO plugin v27.3 - https:\/\/yoast.com\/product\/yoast-seo-wordpress\/ -->\n<title>Les Assoc\u2019s en f\u00eate - Institut Europ\u00e9en des Musiques Juives<\/title>\n<meta name=\"robots\" content=\"index, follow, max-snippet:-1, max-image-preview:large, max-video-preview:-1\" \/>\n<link rel=\"canonical\" href=\"https:\/\/www.iemj.org\/en\/event\/l-es-assocs-en-fete\/\" \/>\n<meta property=\"og:locale\" content=\"en_US\" \/>\n<meta property=\"og:type\" content=\"article\" \/>\n<meta property=\"og:title\" content=\"Les Assoc\u2019s en f\u00eate - Institut Europ\u00e9en des Musiques Juives\" \/>\n<meta property=\"og:description\" content=\"An event proposed by the Yiddish sans Fronti\u00e8re association, the Paris Centre Town Hall and the FSJU with the participation of members Among the organisations present: Aki Estamos, Al Syete,\" \/>\n<meta property=\"og:url\" content=\"https:\/\/www.iemj.org\/en\/event\/l-es-assocs-en-fete\/\" \/>\n<meta property=\"og:site_name\" content=\"Institut Europ\u00e9en des Musiques Juives\" \/>\n<meta property=\"article:publisher\" content=\"https:\/\/www.facebook.com\/MusiquesJuives\/\" \/>\n<meta property=\"article:modified_time\" content=\"2022-06-14T14:44:28+00:00\" \/>\n<meta property=\"og:image\" content=\"https:\/\/www.iemj.org\/wp-content\/uploads\/2022\/06\/Les-Assoc-en-Fete_2022_Logo-site-carre.jpg\" \/>\n\t<meta property=\"og:image:width\" content=\"350\" \/>\n\t<meta property=\"og:image:height\" content=\"350\" \/>\n\t<meta property=\"og:image:type\" content=\"image\/jpeg\" \/>\n<meta name=\"twitter:card\" content=\"summary_large_image\" \/>\n<meta name=\"twitter:label1\" content=\"Est. reading time\" \/>\n\t<meta name=\"twitter:data1\" content=\"2 minutes\" \/>\n<script type=\"application\/ld+json\" class=\"yoast-schema-graph\">{\"@context\":\"https:\\\/\\\/schema.org\",\"@graph\":[{\"@type\":\"WebPage\",\"@id\":\"https:\\\/\\\/www.iemj.org\\\/en\\\/event\\\/l-es-assocs-en-fete\\\/\",\"url\":\"https:\\\/\\\/www.iemj.org\\\/en\\\/event\\\/l-es-assocs-en-fete\\\/\",\"name\":\"Les Assoc\u2019s en f\u00eate - Institut Europ\u00e9en des Musiques Juives\",\"isPartOf\":{\"@id\":\"https:\\\/\\\/www.iemj.org\\\/en\\\/#website\"},\"primaryImageOfPage\":{\"@id\":\"https:\\\/\\\/www.iemj.org\\\/en\\\/event\\\/l-es-assocs-en-fete\\\/#primaryimage\"},\"image\":{\"@id\":\"https:\\\/\\\/www.iemj.org\\\/en\\\/event\\\/l-es-assocs-en-fete\\\/#primaryimage\"},\"thumbnailUrl\":\"https:\\\/\\\/www.iemj.org\\\/wp-content\\\/uploads\\\/2022\\\/06\\\/Les-Assoc-en-Fete_2022_Logo-site-carre.jpg\",\"datePublished\":\"2022-06-09T10:12:17+00:00\",\"dateModified\":\"2022-06-14T14:44:28+00:00\",\"breadcrumb\":{\"@id\":\"https:\\\/\\\/www.iemj.org\\\/en\\\/event\\\/l-es-assocs-en-fete\\\/#breadcrumb\"},\"inLanguage\":\"en-US\",\"potentialAction\":[{\"@type\":\"ReadAction\",\"target\":[\"https:\\\/\\\/www.iemj.org\\\/en\\\/event\\\/l-es-assocs-en-fete\\\/\"]}]},{\"@type\":\"ImageObject\",\"inLanguage\":\"en-US\",\"@id\":\"https:\\\/\\\/www.iemj.org\\\/en\\\/event\\\/l-es-assocs-en-fete\\\/#primaryimage\",\"url\":\"https:\\\/\\\/www.iemj.org\\\/wp-content\\\/uploads\\\/2022\\\/06\\\/Les-Assoc-en-Fete_2022_Logo-site-carre.jpg\",\"contentUrl\":\"https:\\\/\\\/www.iemj.org\\\/wp-content\\\/uploads\\\/2022\\\/06\\\/Les-Assoc-en-Fete_2022_Logo-site-carre.jpg\",\"width\":350,\"height\":350},{\"@type\":\"BreadcrumbList\",\"@id\":\"https:\\\/\\\/www.iemj.org\\\/en\\\/event\\\/l-es-assocs-en-fete\\\/#breadcrumb\",\"itemListElement\":[{\"@type\":\"ListItem\",\"position\":1,\"name\":\"Accueil\",\"item\":\"https:\\\/\\\/www.iemj.org\\\/en\\\/\"},{\"@type\":\"ListItem\",\"position\":2,\"name\":\"Events\",\"item\":\"https:\\\/\\\/www.iemj.org\\\/en\\\/events\\\/\"},{\"@type\":\"ListItem\",\"position\":3,\"name\":\"Les Assoc\u2019s en f\u00eate\"}]},{\"@type\":\"WebSite\",\"@id\":\"https:\\\/\\\/www.iemj.org\\\/en\\\/#website\",\"url\":\"https:\\\/\\\/www.iemj.org\\\/en\\\/\",\"name\":\"Institut Europ\u00e9en des Musiques Juives\",\"description\":\"Des traditions musicales \u00e0 la port\u00e9e de tous\",\"publisher\":{\"@id\":\"https:\\\/\\\/www.iemj.org\\\/en\\\/#organization\"},\"potentialAction\":[{\"@type\":\"SearchAction\",\"target\":{\"@type\":\"EntryPoint\",\"urlTemplate\":\"https:\\\/\\\/www.iemj.org\\\/en\\\/?s={search_term_string}\"},\"query-input\":{\"@type\":\"PropertyValueSpecification\",\"valueRequired\":true,\"valueName\":\"search_term_string\"}}],\"inLanguage\":\"en-US\"},{\"@type\":\"Organization\",\"@id\":\"https:\\\/\\\/www.iemj.org\\\/en\\\/#organization\",\"name\":\"Institut Europ\u00e9en des Musiques Juives\",\"url\":\"https:\\\/\\\/www.iemj.org\\\/en\\\/\",\"logo\":{\"@type\":\"ImageObject\",\"inLanguage\":\"en-US\",\"@id\":\"https:\\\/\\\/www.iemj.org\\\/en\\\/#\\\/schema\\\/logo\\\/image\\\/\",\"url\":\"https:\\\/\\\/www.iemj.org\\\/wp-content\\\/uploads\\\/2021\\\/09\\\/Logo-IEMJ-Paypal.jpg\",\"contentUrl\":\"https:\\\/\\\/www.iemj.org\\\/wp-content\\\/uploads\\\/2021\\\/09\\\/Logo-IEMJ-Paypal.jpg\",\"width\":150,\"height\":50,\"caption\":\"Institut Europ\u00e9en des Musiques Juives\"},\"image\":{\"@id\":\"https:\\\/\\\/www.iemj.org\\\/en\\\/#\\\/schema\\\/logo\\\/image\\\/\"},\"sameAs\":[\"https:\\\/\\\/www.facebook.com\\\/MusiquesJuives\\\/\",\"https:\\\/\\\/www.instagram.com\\\/musiquesjuives\\\/\",\"https:\\\/\\\/www.youtube.com\\\/user\\\/musiquesjuives\"]}]}<\/script>\n<!-- \/ Yoast SEO plugin. -->","yoast_head_json":{"title":"Les Assoc\u2019s en f\u00eate - Institut Europ\u00e9en des Musiques Juives","robots":{"index":"index","follow":"follow","max-snippet":"max-snippet:-1","max-image-preview":"max-image-preview:large","max-video-preview":"max-video-preview:-1"},"canonical":"https:\/\/www.iemj.org\/en\/event\/l-es-assocs-en-fete\/","og_locale":"en_US","og_type":"article","og_title":"Les Assoc\u2019s en f\u00eate - Institut Europ\u00e9en des Musiques Juives","og_description":"An event proposed by the Yiddish sans Fronti\u00e8re association, the Paris Centre Town Hall and the FSJU with the participation of members Among the organisations present: Aki Estamos, Al Syete,","og_url":"https:\/\/www.iemj.org\/en\/event\/l-es-assocs-en-fete\/","og_site_name":"Institut Europ\u00e9en des Musiques Juives","article_publisher":"https:\/\/www.facebook.com\/MusiquesJuives\/","article_modified_time":"2022-06-14T14:44:28+00:00","og_image":[{"width":350,"height":350,"url":"https:\/\/www.iemj.org\/wp-content\/uploads\/2022\/06\/Les-Assoc-en-Fete_2022_Logo-site-carre.jpg","type":"image\/jpeg"}],"twitter_card":"summary_large_image","twitter_misc":{"Est. reading time":"2 minutes"},"schema":{"@context":"https:\/\/schema.org","@graph":[{"@type":"WebPage","@id":"https:\/\/www.iemj.org\/en\/event\/l-es-assocs-en-fete\/","url":"https:\/\/www.iemj.org\/en\/event\/l-es-assocs-en-fete\/","name":"Les Assoc\u2019s en f\u00eate - Institut Europ\u00e9en des Musiques Juives","isPartOf":{"@id":"https:\/\/www.iemj.org\/en\/#website"},"primaryImageOfPage":{"@id":"https:\/\/www.iemj.org\/en\/event\/l-es-assocs-en-fete\/#primaryimage"},"image":{"@id":"https:\/\/www.iemj.org\/en\/event\/l-es-assocs-en-fete\/#primaryimage"},"thumbnailUrl":"https:\/\/www.iemj.org\/wp-content\/uploads\/2022\/06\/Les-Assoc-en-Fete_2022_Logo-site-carre.jpg","datePublished":"2022-06-09T10:12:17+00:00","dateModified":"2022-06-14T14:44:28+00:00","breadcrumb":{"@id":"https:\/\/www.iemj.org\/en\/event\/l-es-assocs-en-fete\/#breadcrumb"},"inLanguage":"en-US","potentialAction":[{"@type":"ReadAction","target":["https:\/\/www.iemj.org\/en\/event\/l-es-assocs-en-fete\/"]}]},{"@type":"ImageObject","inLanguage":"en-US","@id":"https:\/\/www.iemj.org\/en\/event\/l-es-assocs-en-fete\/#primaryimage","url":"https:\/\/www.iemj.org\/wp-content\/uploads\/2022\/06\/Les-Assoc-en-Fete_2022_Logo-site-carre.jpg","contentUrl":"https:\/\/www.iemj.org\/wp-content\/uploads\/2022\/06\/Les-Assoc-en-Fete_2022_Logo-site-carre.jpg","width":350,"height":350},{"@type":"BreadcrumbList","@id":"https:\/\/www.iemj.org\/en\/event\/l-es-assocs-en-fete\/#breadcrumb","itemListElement":[{"@type":"ListItem","position":1,"name":"Accueil","item":"https:\/\/www.iemj.org\/en\/"},{"@type":"ListItem","position":2,"name":"Events","item":"https:\/\/www.iemj.org\/en\/events\/"},{"@type":"ListItem","position":3,"name":"Les Assoc\u2019s en f\u00eate"}]},{"@type":"WebSite","@id":"https:\/\/www.iemj.org\/en\/#website","url":"https:\/\/www.iemj.org\/en\/","name":"Institut Europ\u00e9en des Musiques Juives","description":"Des traditions musicales \u00e0 la port\u00e9e de tous","publisher":{"@id":"https:\/\/www.iemj.org\/en\/#organization"},"potentialAction":[{"@type":"SearchAction","target":{"@type":"EntryPoint","urlTemplate":"https:\/\/www.iemj.org\/en\/?s={search_term_string}"},"query-input":{"@type":"PropertyValueSpecification","valueRequired":true,"valueName":"search_term_string"}}],"inLanguage":"en-US"},{"@type":"Organization","@id":"https:\/\/www.iemj.org\/en\/#organization","name":"Institut Europ\u00e9en des Musiques Juives","url":"https:\/\/www.iemj.org\/en\/","logo":{"@type":"ImageObject","inLanguage":"en-US","@id":"https:\/\/www.iemj.org\/en\/#\/schema\/logo\/image\/","url":"https:\/\/www.iemj.org\/wp-content\/uploads\/2021\/09\/Logo-IEMJ-Paypal.jpg","contentUrl":"https:\/\/www.iemj.org\/wp-content\/uploads\/2021\/09\/Logo-IEMJ-Paypal.jpg","width":150,"height":50,"caption":"Institut Europ\u00e9en des Musiques Juives"},"image":{"@id":"https:\/\/www.iemj.org\/en\/#\/schema\/logo\/image\/"},"sameAs":["https:\/\/www.facebook.com\/MusiquesJuives\/","https:\/\/www.instagram.com\/musiquesjuives\/","https:\/\/www.youtube.com\/user\/musiquesjuives"]}]}},"_links":{"self":[{"href":"https:\/\/www.iemj.org\/en\/wp-json\/wp\/v2\/tribe_events\/85361","targetHints":{"allow":["GET"]}}],"collection":[{"href":"https:\/\/www.iemj.org\/en\/wp-json\/wp\/v2\/tribe_events"}],"about":[{"href":"https:\/\/www.iemj.org\/en\/wp-json\/wp\/v2\/types\/tribe_events"}],"author":[{"embeddable":true,"href":"https:\/\/www.iemj.org\/en\/wp-json\/wp\/v2\/users\/5"}],"version-history":[{"count":0,"href":"https:\/\/www.iemj.org\/en\/wp-json\/wp\/v2\/tribe_events\/85361\/revisions"}],"wp:featuredmedia":[{"embeddable":true,"href":"https:\/\/www.iemj.org\/en\/wp-json\/wp\/v2\/media\/85418"}],"wp:attachment":[{"href":"https:\/\/www.iemj.org\/en\/wp-json\/wp\/v2\/media?parent=85361"}],"wp:term":[{"taxonomy":"post_tag","embeddable":true,"href":"https:\/\/www.iemj.org\/en\/wp-json\/wp\/v2\/tags?post=85361"},{"taxonomy":"tribe_events_cat","embeddable":true,"href":"https:\/\/www.iemj.org\/en\/wp-json\/wp\/v2\/tribe_events_cat?post=85361"}],"curies":[{"name":"wp","href":"https:\/\/api.w.org\/{rel}","templated":true}]}}