{"id":97607,"date":"2023-05-31T17:44:07","date_gmt":"2023-05-31T15:44:07","guid":{"rendered":"https:\/\/www.iemj.org\/evenement\/yiddish-summer-weimar-2023\/"},"modified":"2023-06-01T10:00:45","modified_gmt":"2023-06-01T08:00:45","slug":"yiddish-summer-weimar-2023","status":"publish","type":"tribe_events","link":"https:\/\/www.iemj.org\/en\/event\/yiddish-summer-weimar-2023\/","title":{"rendered":"Yiddish Summer Weimar 2023"},"content":{"rendered":"<h1>From July 15 to August 19, 2023<\/h1>\n<div class=\"txt group\">\n<p>Our goal in 2023 is to go more deeply into Yiddish music in the Ottoman context, an incredibly rich and centuries-old transcultural matrix. As always, we offer immersion-style workshops in Yiddish language, instrumental and vocal music and dance in a warm and supportive atmosphere. Our teachers are leading international artists and scholars in their fields. Everyone is welcome, and there are workshops for every level of experience, from absolute newcomers to professionals. We are proud to be a diverse, inclusive community.<\/p>\n<\/div>\n<div class=\"txt group\">\n<p><strong>All workshops begin at 10 am on the first day and end in the late evening on the last day.<\/strong>\u00a0Please plan to be in Weimar the day before your workshop begins and leave no earlier than the day after it ends. If you have any questions, feel free to contact our office by\u00a0<a title=\"Contact\" href=\"https:\/\/yiddishsummer.eu\/service\/contact.html\" target=\"_blank\" rel=\"noopener\">email or phone<\/a>\u00a0and we\u2019ll do our best to answer them.<\/p>\n<p><span class=\"txt18\"><a href=\"https:\/\/yiddishsummer.eu\/main\/workshops\/yiddish-language-program.html\" target=\"_blank\" rel=\"noopener\">YIDDISH LANGUAGE PROGRAM<\/a><br \/>\n<strong><span class=\"grau\">July 29 &#8211; August 11, 2023<\/span><\/strong><\/span><br \/>\nWith Dr. Khayele Beer, Dr. Diana Matut, Janina Wurbs and Sharon Bar-Kochva<br \/>\n(If you\u2019re planning to take this workshop, consider staying on for a few more days\u00a0 to catch the Festival Weekend, August 12 &amp; 13, with hands-on \u201ctaster\u201d courses, concerts, lectures, sing-alongs and other events!)<\/p>\n<p><span class=\"txt18\"><a href=\"https:\/\/yiddishsummer.eu\/main\/workshops\/intermediate-advanced-song-workshop.html\" target=\"_blank\" rel=\"noopener\">INTERMEDIATE\/ADVANCED SONG WORKSHOP<\/a><br \/>\n<strong><span class=\"grau\">July 18\u00a0&#8211;\u00a025, 2023<\/span><\/strong><\/span><br \/>\nWith Sveta Kundish, Dilek T\u00fcrkan, Tayfun Guttstadt, Vassilis Ketentzoglou, Alan Bern and\u00a0Eftychia Mitritsa<\/p>\n<p><span class=\"txt18\"><a href=\"https:\/\/yiddishsummer.eu\/main\/workshops\/introduction-to-yiddish-song.html\" target=\"_blank\" rel=\"noopener\">INTRODUCTION TO YIDDISH SONG WORKSHOP<\/a><br \/>\n<strong><span class=\"grau\">July 20 &#8211; 25, 2023<\/span><\/strong><\/span><br \/>\nWith Sasha Lurje, Sanne M\u00f6ricke and Benjy Fox-Rosen<\/p>\n<p><span class=\"txt18\"><a href=\"https:\/\/yiddishsummer.eu\/main\/workshops\/introduction-to-klezmer-music.html\" target=\"_blank\" rel=\"noopener\">INTRODUCTION TO KLEZMER MUSIC WORKSHOP<\/a><br \/>\n<strong><span class=\"grau\">July 19 &#8211; 25, 2023<\/span><\/strong><\/span><br \/>\nWith Szilvia Csaranko, Susi Evans and Johannes Gr\u00e4\u00dfer<\/p>\n<p><span class=\"txt18\"><a href=\"https:\/\/yiddishsummer.eu\/main\/workshops\/a-speed-date-with-judaism-3000-years-in-3-days.html\" target=\"_blank\" rel=\"noopener\">A SPEED DATE WITH JUDAISM: 3000 YEARS IN 3 DAYS<\/a><br \/>\n<strong><span class=\"grau\">July 27 &#8211; 29, 2023<\/span><\/strong><\/span><br \/>\nWith Miriam Camerini<\/p>\n<p><span class=\"txt18\"><a href=\"https:\/\/yiddishsummer.eu\/main\/workshops\/intermediate-advanced-instrumental-workshop-session-i.html\" target=\"_blank\" rel=\"noopener\">INTERMEDIATE\/ADVANCED INSTRUMENTAL WORKSHOP\u00a0<em>SESSION I<\/em><\/a><br \/>\n<strong><span class=\"grau\">July 27 &#8211; August 3, 2023<\/span><\/strong><\/span><br \/>\nWith Tayfun Guttstadt, Ilya Shneyveys, Kyriakos Gouventas, Vassilis Ketentzoglou, Zo\u00eb Aqua, Marine Goldwasser, Yazan Alsabbagh, Alan Bern<br \/>\nArtist-in-Residence: Sanne M\u00f6ricke<br \/>\n(Please note: to make room for more participants, there are two different Intermediate\/Advanced Instrumental Workshop Sessions this year. Both workshops focus on the same basic topics and both are for intermediate and advanced participants. The differences between them are their dates and the teaching teams. It is possible to register for both sessions.<\/p>\n<p><span class=\"txt18\"><a href=\"https:\/\/yiddishsummer.eu\/main\/workshops\/intermediate-advanced-instrumental-workshop-session-ii.html\" target=\"_blank\" rel=\"noopener\">INTERMEDIATE\/ADVANCED INSTRUMENTAL WORKSHOP\u00a0<em>SESSION II<\/em><\/a><br \/>\n<strong><span class=\"grau\">August 5 &#8211; 12, 2023<\/span><\/strong><\/span><br \/>\nWith Tayfun Guttstadt, Ilya Shneyveys, Susi Evans, Mark Kovnatskiy, Danai Loukidi, Alan Bern and Harel Shachal<br \/>\nArtist-in-Residence: Szilvia Csaranko<br \/>\n(Please note: to make room for more participants, there are two different Intermediate\/Advanced Instrumental Workshop Sessions this year. Both workshops focus on the same basic topics and both are for intermediate and advanced participants. The differences between them are their dates and the teaching teams. It is possible to register for both sessions.<br \/>\nAND! If you\u2019re planning to take this workshop, consider staying on for\u00a0 a few more days\u00a0 to catch the Festival Weekend, August 12 &amp; 13, with hands-on \u201ctaster\u201d courses, concerts, lectures, sing-alongs and other events!)<\/p>\n<p><span class=\"txt18\"><a href=\"https:\/\/yiddishsummer.eu\/main\/workshops\/hasidic-music-workshop.html\" target=\"_blank\" rel=\"noopener\">HASIDIC MUSIC WORKSHOP<\/a><br \/>\n<strong><span class=\"grau\">July 30 &#8211; August 3, 2023<\/span><\/strong><\/span><br \/>\nWith Sasha Lurje, Craig Judelman<br \/>\n(for instrumentalists and singers)<\/p>\n<p><span class=\"txt18\"><a href=\"https:\/\/yiddishsummer.eu\/main\/workshops\/youth-klezmer-band-ykb.html\" target=\"_blank\" rel=\"noopener\">YOUTH KLEZMER BAND<\/a><br \/>\n<strong><span class=\"grau\">August 8 &#8211; 12, 2023<\/span><\/strong><\/span><br \/>\nWith Hannah Ochner<br \/>\n(If you\u2019re planning to take this workshop, consider staying on for\u00a0 a few more days\u00a0 to catch the Festival Weekend, August 12 &amp; 13, with hands-on \u201ctaster\u201d courses, concerts, lectures, sing-alongs and other events!)<\/p>\n<p><span class=\"txt18\"><a href=\"https:\/\/yiddishsummer.eu\/main\/workshops\/yiddish-and-greco-turkish-dance-orchestra.html\" target=\"_blank\" rel=\"noopener\">YIDDISH &amp; GRECO-TURKISH DANCE ORCHESTRA<\/a><br \/>\n<strong><span class=\"grau\">August 14 &#8211; 19, 2023<\/span><\/strong><\/span><br \/>\nWith Christian Dawid, Patrick Farrell, Jacobus Thiele and Michalis Kouloumis<br \/>\n(If you\u2019re planning to take this workshop, consider arriving a few days earlier to catch the Festival Weekend, August 12 &amp; 13, with hands-on \u201ctaster\u201d courses, concerts, lectures, sing-alongs and other events!)<\/p>\n<p><span class=\"txt18\"><a href=\"https:\/\/yiddishsummer.eu\/main\/workshops\/yiddish-and-greco-turkish-dance-workshop.html\" target=\"_blank\" rel=\"noopener\">YIDDISH &amp; GRECO-TURKISH DANCE WORSKHOP<\/a><br \/>\n<strong><span class=\"grau\">August 15 &#8211; 19, 2023<\/span><\/strong><\/span><br \/>\nWith Erik Bendix and\u00a0Mehmet Ali Orman<br \/>\n(If you\u2019re planning to take this workshop, consider arriving a few days earlier to catch the Festival Weekend, August 12 &amp; 13, with hands-on \u201ctaster\u201d courses, concerts, lectures, sing-alongs and other events!)<\/p>\n<p><span class=\"txt18\"><a href=\"https:\/\/yiddishsummer.eu\/main\/workshops\/yiddish-choir-workshop.html\" target=\"_blank\" rel=\"noopener\">YIDDISH CHOIR WORKSHOP<\/a><br \/>\n<strong><span class=\"grau\">August 16 &#8211; 19, 2023<\/span><\/strong><\/span><br \/>\nWith Benjy Fox-Rosen, Esther Wratschko<br \/>\n(If you\u2019re planning to take this workshop, consider arriving a few days earlier to catch the Festival Weekend, August 12 &amp; 13, with hands-on \u201ctaster\u201d courses, concerts, lectures, sing-alongs and other events!)<\/p>\n<p><span class=\"txt18\">FESTIVAL WEEKEND<br \/>\n<strong><span class=\"grau\">August 12 &#8211; 13, 2023<\/span><\/strong><\/span><br \/>\nFrom the story of Joseph interpreting Pharaoh&#8217;s dream we know that there are both \u201cfat years\u201d and \u201clean years.\u201d Under both circumstances, it\u2019s our task to create as much joy and meaningful experience as we can. This year, we are working on a new concept \u2013 a Festival Weekend. There will be hands-on workshops, lectures, city tours, concerts and large-scale outdoor events, but concentrated in two days instead of spread out over four or five. For newcomers to Yiddish Summer Weimar as well as friends from past years, the Festival Weekend is the place to meet or re-connect with other festival visitors and to celebrate being together in a spirit of music and hope for the future.<\/p>\n<\/div>\n","protected":false},"excerpt":{"rendered":"<p>From July 15 to August 19, 2023 Our goal in 2023 is to go more deeply into Yiddish music in the Ottoman context, an incredibly rich and centuries-old transcultural matrix.<\/p>\n","protected":false},"author":5,"featured_media":97547,"template":"","meta":{"_acf_changed":false,"_tribe_events_status":"","_tribe_events_status_reason":"","_tribe_events_is_hybrid":"","_tribe_events_is_virtual":"","_tribe_events_virtual_video_source":"","_tribe_events_virtual_embed_video":"","_tribe_events_virtual_linked_button_text":"","_tribe_events_virtual_linked_button":"","_tribe_events_virtual_show_embed_at":"","_tribe_events_virtual_show_embed_to":[],"_tribe_events_virtual_show_on_event":"","_tribe_events_virtual_show_on_views":"","_tribe_events_virtual_url":"","footnotes":""},"tags":[],"tribe_events_cat":[],"class_list":["post-97607","tribe_events","type-tribe_events","status-publish","has-post-thumbnail","hentry"],"acf":[],"yoast_head":"<!-- This site is optimized with the Yoast SEO plugin v27.3 - https:\/\/yoast.com\/product\/yoast-seo-wordpress\/ -->\n<title>Yiddish Summer Weimar 2023 - Institut Europ\u00e9en des Musiques Juives<\/title>\n<meta name=\"robots\" content=\"index, follow, max-snippet:-1, max-image-preview:large, max-video-preview:-1\" \/>\n<link rel=\"canonical\" href=\"https:\/\/www.iemj.org\/en\/event\/yiddish-summer-weimar-2023\/\" \/>\n<meta property=\"og:locale\" content=\"en_US\" \/>\n<meta property=\"og:type\" content=\"article\" \/>\n<meta property=\"og:title\" content=\"Yiddish Summer Weimar 2023 - Institut Europ\u00e9en des Musiques Juives\" \/>\n<meta property=\"og:description\" content=\"From July 15 to August 19, 2023 Our goal in 2023 is to go more deeply into Yiddish music in the Ottoman context, an incredibly rich and centuries-old transcultural matrix.\" \/>\n<meta property=\"og:url\" content=\"https:\/\/www.iemj.org\/en\/event\/yiddish-summer-weimar-2023\/\" \/>\n<meta property=\"og:site_name\" content=\"Institut Europ\u00e9en des Musiques Juives\" \/>\n<meta property=\"article:publisher\" content=\"https:\/\/www.facebook.com\/MusiquesJuives\/\" \/>\n<meta property=\"article:modified_time\" content=\"2023-06-01T08:00:45+00:00\" \/>\n<meta property=\"og:image\" content=\"https:\/\/www.iemj.org\/wp-content\/uploads\/2023\/05\/YWS-2023.jpg\" \/>\n\t<meta property=\"og:image:width\" content=\"607\" \/>\n\t<meta property=\"og:image:height\" content=\"287\" \/>\n\t<meta property=\"og:image:type\" content=\"image\/jpeg\" \/>\n<meta name=\"twitter:card\" content=\"summary_large_image\" \/>\n<meta name=\"twitter:label1\" content=\"Est. reading time\" \/>\n\t<meta name=\"twitter:data1\" content=\"5 minutes\" \/>\n<script type=\"application\/ld+json\" class=\"yoast-schema-graph\">{\"@context\":\"https:\\\/\\\/schema.org\",\"@graph\":[{\"@type\":\"WebPage\",\"@id\":\"https:\\\/\\\/www.iemj.org\\\/en\\\/event\\\/yiddish-summer-weimar-2023\\\/\",\"url\":\"https:\\\/\\\/www.iemj.org\\\/en\\\/event\\\/yiddish-summer-weimar-2023\\\/\",\"name\":\"Yiddish Summer Weimar 2023 - Institut Europ\u00e9en des Musiques Juives\",\"isPartOf\":{\"@id\":\"https:\\\/\\\/www.iemj.org\\\/en\\\/#website\"},\"primaryImageOfPage\":{\"@id\":\"https:\\\/\\\/www.iemj.org\\\/en\\\/event\\\/yiddish-summer-weimar-2023\\\/#primaryimage\"},\"image\":{\"@id\":\"https:\\\/\\\/www.iemj.org\\\/en\\\/event\\\/yiddish-summer-weimar-2023\\\/#primaryimage\"},\"thumbnailUrl\":\"https:\\\/\\\/www.iemj.org\\\/wp-content\\\/uploads\\\/2023\\\/05\\\/YWS-2023.jpg\",\"datePublished\":\"2023-05-31T15:44:07+00:00\",\"dateModified\":\"2023-06-01T08:00:45+00:00\",\"breadcrumb\":{\"@id\":\"https:\\\/\\\/www.iemj.org\\\/en\\\/event\\\/yiddish-summer-weimar-2023\\\/#breadcrumb\"},\"inLanguage\":\"en-US\",\"potentialAction\":[{\"@type\":\"ReadAction\",\"target\":[\"https:\\\/\\\/www.iemj.org\\\/en\\\/event\\\/yiddish-summer-weimar-2023\\\/\"]}]},{\"@type\":\"ImageObject\",\"inLanguage\":\"en-US\",\"@id\":\"https:\\\/\\\/www.iemj.org\\\/en\\\/event\\\/yiddish-summer-weimar-2023\\\/#primaryimage\",\"url\":\"https:\\\/\\\/www.iemj.org\\\/wp-content\\\/uploads\\\/2023\\\/05\\\/YWS-2023.jpg\",\"contentUrl\":\"https:\\\/\\\/www.iemj.org\\\/wp-content\\\/uploads\\\/2023\\\/05\\\/YWS-2023.jpg\",\"width\":607,\"height\":287},{\"@type\":\"BreadcrumbList\",\"@id\":\"https:\\\/\\\/www.iemj.org\\\/en\\\/event\\\/yiddish-summer-weimar-2023\\\/#breadcrumb\",\"itemListElement\":[{\"@type\":\"ListItem\",\"position\":1,\"name\":\"Accueil\",\"item\":\"https:\\\/\\\/www.iemj.org\\\/en\\\/\"},{\"@type\":\"ListItem\",\"position\":2,\"name\":\"Events\",\"item\":\"https:\\\/\\\/www.iemj.org\\\/en\\\/events\\\/\"},{\"@type\":\"ListItem\",\"position\":3,\"name\":\"Yiddish Summer Weimar 2023\"}]},{\"@type\":\"WebSite\",\"@id\":\"https:\\\/\\\/www.iemj.org\\\/en\\\/#website\",\"url\":\"https:\\\/\\\/www.iemj.org\\\/en\\\/\",\"name\":\"Institut Europ\u00e9en des Musiques Juives\",\"description\":\"Des traditions musicales \u00e0 la port\u00e9e de tous\",\"publisher\":{\"@id\":\"https:\\\/\\\/www.iemj.org\\\/en\\\/#organization\"},\"potentialAction\":[{\"@type\":\"SearchAction\",\"target\":{\"@type\":\"EntryPoint\",\"urlTemplate\":\"https:\\\/\\\/www.iemj.org\\\/en\\\/?s={search_term_string}\"},\"query-input\":{\"@type\":\"PropertyValueSpecification\",\"valueRequired\":true,\"valueName\":\"search_term_string\"}}],\"inLanguage\":\"en-US\"},{\"@type\":\"Organization\",\"@id\":\"https:\\\/\\\/www.iemj.org\\\/en\\\/#organization\",\"name\":\"Institut Europ\u00e9en des Musiques Juives\",\"url\":\"https:\\\/\\\/www.iemj.org\\\/en\\\/\",\"logo\":{\"@type\":\"ImageObject\",\"inLanguage\":\"en-US\",\"@id\":\"https:\\\/\\\/www.iemj.org\\\/en\\\/#\\\/schema\\\/logo\\\/image\\\/\",\"url\":\"https:\\\/\\\/www.iemj.org\\\/wp-content\\\/uploads\\\/2021\\\/09\\\/Logo-IEMJ-Paypal.jpg\",\"contentUrl\":\"https:\\\/\\\/www.iemj.org\\\/wp-content\\\/uploads\\\/2021\\\/09\\\/Logo-IEMJ-Paypal.jpg\",\"width\":150,\"height\":50,\"caption\":\"Institut Europ\u00e9en des Musiques Juives\"},\"image\":{\"@id\":\"https:\\\/\\\/www.iemj.org\\\/en\\\/#\\\/schema\\\/logo\\\/image\\\/\"},\"sameAs\":[\"https:\\\/\\\/www.facebook.com\\\/MusiquesJuives\\\/\",\"https:\\\/\\\/www.instagram.com\\\/musiquesjuives\\\/\",\"https:\\\/\\\/www.youtube.com\\\/user\\\/musiquesjuives\"]}]}<\/script>\n<!-- \/ Yoast SEO plugin. -->","yoast_head_json":{"title":"Yiddish Summer Weimar 2023 - Institut Europ\u00e9en des Musiques Juives","robots":{"index":"index","follow":"follow","max-snippet":"max-snippet:-1","max-image-preview":"max-image-preview:large","max-video-preview":"max-video-preview:-1"},"canonical":"https:\/\/www.iemj.org\/en\/event\/yiddish-summer-weimar-2023\/","og_locale":"en_US","og_type":"article","og_title":"Yiddish Summer Weimar 2023 - Institut Europ\u00e9en des Musiques Juives","og_description":"From July 15 to August 19, 2023 Our goal in 2023 is to go more deeply into Yiddish music in the Ottoman context, an incredibly rich and centuries-old transcultural matrix.","og_url":"https:\/\/www.iemj.org\/en\/event\/yiddish-summer-weimar-2023\/","og_site_name":"Institut Europ\u00e9en des Musiques Juives","article_publisher":"https:\/\/www.facebook.com\/MusiquesJuives\/","article_modified_time":"2023-06-01T08:00:45+00:00","og_image":[{"width":607,"height":287,"url":"https:\/\/www.iemj.org\/wp-content\/uploads\/2023\/05\/YWS-2023.jpg","type":"image\/jpeg"}],"twitter_card":"summary_large_image","twitter_misc":{"Est. reading time":"5 minutes"},"schema":{"@context":"https:\/\/schema.org","@graph":[{"@type":"WebPage","@id":"https:\/\/www.iemj.org\/en\/event\/yiddish-summer-weimar-2023\/","url":"https:\/\/www.iemj.org\/en\/event\/yiddish-summer-weimar-2023\/","name":"Yiddish Summer Weimar 2023 - Institut Europ\u00e9en des Musiques Juives","isPartOf":{"@id":"https:\/\/www.iemj.org\/en\/#website"},"primaryImageOfPage":{"@id":"https:\/\/www.iemj.org\/en\/event\/yiddish-summer-weimar-2023\/#primaryimage"},"image":{"@id":"https:\/\/www.iemj.org\/en\/event\/yiddish-summer-weimar-2023\/#primaryimage"},"thumbnailUrl":"https:\/\/www.iemj.org\/wp-content\/uploads\/2023\/05\/YWS-2023.jpg","datePublished":"2023-05-31T15:44:07+00:00","dateModified":"2023-06-01T08:00:45+00:00","breadcrumb":{"@id":"https:\/\/www.iemj.org\/en\/event\/yiddish-summer-weimar-2023\/#breadcrumb"},"inLanguage":"en-US","potentialAction":[{"@type":"ReadAction","target":["https:\/\/www.iemj.org\/en\/event\/yiddish-summer-weimar-2023\/"]}]},{"@type":"ImageObject","inLanguage":"en-US","@id":"https:\/\/www.iemj.org\/en\/event\/yiddish-summer-weimar-2023\/#primaryimage","url":"https:\/\/www.iemj.org\/wp-content\/uploads\/2023\/05\/YWS-2023.jpg","contentUrl":"https:\/\/www.iemj.org\/wp-content\/uploads\/2023\/05\/YWS-2023.jpg","width":607,"height":287},{"@type":"BreadcrumbList","@id":"https:\/\/www.iemj.org\/en\/event\/yiddish-summer-weimar-2023\/#breadcrumb","itemListElement":[{"@type":"ListItem","position":1,"name":"Accueil","item":"https:\/\/www.iemj.org\/en\/"},{"@type":"ListItem","position":2,"name":"Events","item":"https:\/\/www.iemj.org\/en\/events\/"},{"@type":"ListItem","position":3,"name":"Yiddish Summer Weimar 2023"}]},{"@type":"WebSite","@id":"https:\/\/www.iemj.org\/en\/#website","url":"https:\/\/www.iemj.org\/en\/","name":"Institut Europ\u00e9en des Musiques Juives","description":"Des traditions musicales \u00e0 la port\u00e9e de tous","publisher":{"@id":"https:\/\/www.iemj.org\/en\/#organization"},"potentialAction":[{"@type":"SearchAction","target":{"@type":"EntryPoint","urlTemplate":"https:\/\/www.iemj.org\/en\/?s={search_term_string}"},"query-input":{"@type":"PropertyValueSpecification","valueRequired":true,"valueName":"search_term_string"}}],"inLanguage":"en-US"},{"@type":"Organization","@id":"https:\/\/www.iemj.org\/en\/#organization","name":"Institut Europ\u00e9en des Musiques Juives","url":"https:\/\/www.iemj.org\/en\/","logo":{"@type":"ImageObject","inLanguage":"en-US","@id":"https:\/\/www.iemj.org\/en\/#\/schema\/logo\/image\/","url":"https:\/\/www.iemj.org\/wp-content\/uploads\/2021\/09\/Logo-IEMJ-Paypal.jpg","contentUrl":"https:\/\/www.iemj.org\/wp-content\/uploads\/2021\/09\/Logo-IEMJ-Paypal.jpg","width":150,"height":50,"caption":"Institut Europ\u00e9en des Musiques Juives"},"image":{"@id":"https:\/\/www.iemj.org\/en\/#\/schema\/logo\/image\/"},"sameAs":["https:\/\/www.facebook.com\/MusiquesJuives\/","https:\/\/www.instagram.com\/musiquesjuives\/","https:\/\/www.youtube.com\/user\/musiquesjuives"]}]}},"_links":{"self":[{"href":"https:\/\/www.iemj.org\/en\/wp-json\/wp\/v2\/tribe_events\/97607","targetHints":{"allow":["GET"]}}],"collection":[{"href":"https:\/\/www.iemj.org\/en\/wp-json\/wp\/v2\/tribe_events"}],"about":[{"href":"https:\/\/www.iemj.org\/en\/wp-json\/wp\/v2\/types\/tribe_events"}],"author":[{"embeddable":true,"href":"https:\/\/www.iemj.org\/en\/wp-json\/wp\/v2\/users\/5"}],"version-history":[{"count":0,"href":"https:\/\/www.iemj.org\/en\/wp-json\/wp\/v2\/tribe_events\/97607\/revisions"}],"wp:featuredmedia":[{"embeddable":true,"href":"https:\/\/www.iemj.org\/en\/wp-json\/wp\/v2\/media\/97547"}],"wp:attachment":[{"href":"https:\/\/www.iemj.org\/en\/wp-json\/wp\/v2\/media?parent=97607"}],"wp:term":[{"taxonomy":"post_tag","embeddable":true,"href":"https:\/\/www.iemj.org\/en\/wp-json\/wp\/v2\/tags?post=97607"},{"taxonomy":"tribe_events_cat","embeddable":true,"href":"https:\/\/www.iemj.org\/en\/wp-json\/wp\/v2\/tribe_events_cat?post=97607"}],"curies":[{"name":"wp","href":"https:\/\/api.w.org\/{rel}","templated":true}]}}