{"id":130434,"date":"2024-06-16T18:37:00","date_gmt":"2024-06-16T16:37:00","guid":{"rendered":"https:\/\/www.iemj.org\/descubrir\/recorridos-guiados\/la-musique-des-juifs-du-maghreb\/"},"modified":"2026-02-23T16:34:42","modified_gmt":"2026-02-23T15:34:42","slug":"la-musique-des-juifs-du-maghreb","status":"publish","type":"page","link":"https:\/\/www.iemj.org\/es\/descubrir\/recorridos-guiados\/la-musique-des-juifs-du-maghreb\/","title":{"rendered":"La m\u00fasica de los jud\u00edos del Magreb"},"content":{"rendered":"\n<div class=\"wp-block-cp-timeline-content-timeline-block Cool-Content-Timeline\"><div class=\"cool-timeline-block-f2989e42-21ec-4959-a1e4-9723eafcf00b\"><style>.cool-timeline-block-f2989e42-21ec-4959-a1e4-9723eafcf00b .cool-vertical-timeline-body{--ctlb-date-fontsize: 18px;--ctlb-date-line-height: 25px;--ctlb-date-color: #000;--ctlb-head-font-size: 18px;--ctlb-heading-color: #000;--ctlb-sub-head-font-size: 14px;--ctlb-sub-heading-color: #000;--ctlb-line-color: #3b4395;--ctlb-icon-bg: #3b4395;--ctlb-story-border-color: #3b4395;}<\/style><div class=\"cool-vertical-timeline-body ctlb-wrapper both-sided left\"><div class=\"cool-timeline-block-list\">\n<div class=\"wp-block-cp-timeline-content-timeline-block-child swiper-slide\"><div class=\"timeline-content icon-false \"><div class=\"timeline-block-timeline ctl-row  position-right\"><div class=\"ctl-6 timeline-block-time\"><div class=\"story-time\"><p>Art\u00edculo de fondo<\/p><\/div><\/div><div class=\"timeline-block-icon\"><svg stroke=\"currentColor\" fill=\"currentColor\" stroke-width=\"0\" viewBox=\"0 0 512 512\" height=\"1em\" width=\"1em\" xmlns=\"http:\/\/www.w3.org\/2000\/svg\"><path d=\"M256 8C119 8 8 119 8 256s111 248 248 248 248-111 248-248S393 8 256 8z\"><\/path><\/svg><\/div><div class=\"ctl-6 timeline-block-detail\"><div class=\"story-details\"><div class=\"story-content\"><div class=\"wp-block-image ctlb-block-image\">\n<figure class=\"aligncenter size-large is-resized\"><a href=\"https:\/\/www.iemj.org\/es\/le-seder-de-pessah-chez-les-juifs-du-maroc\/\" target=\"_blank\" rel=\" noreferrer noopener\"><img decoding=\"async\" src=\"https:\/\/www.iemj.org\/wp-content\/uploads\/2024\/04\/Logo-article-seder-Pessah-rite-Marocain.jpg\" alt=\"\" style=\"aspect-ratio:1.3333333333333333;object-fit:cover;width:220px;height:auto\"\/><\/a><\/figure>\n<\/div>\n\n\n<h3 class=\"wp-block-heading ctlb-block-title\" style=\"padding-top:0px;padding-right:0px;padding-bottom:0px;padding-left:0px\"><a href=\"https:\/\/www.iemj.org\/es\/le-seder-de-pessah-chez-les-juifs-du-maroc\/\" target=\"_blank\" rel=\"noreferrer noopener\">El Seder de Pesaj de los jud\u00edos de Marruecos<\/a><\/h3>\n\n\n\n<p class=\"ctlb-block-desc\" style=\"padding-top:0px;padding-right:0px;padding-bottom:0px;padding-left:0px\">En este art\u00edculo, echamos un vistazo a las principales canciones y oraciones de la noche del S\u00e9der de P\u00e9saj, en el rito marroqu\u00ed&#8230;<\/p>\n<\/div><\/div><\/div><\/div><\/div><\/div>\n\n\n\n<div class=\"wp-block-cp-timeline-content-timeline-block-child swiper-slide\"><div class=\"timeline-content icon-false \"><div class=\"timeline-block-timeline ctl-row  position-left\"><div class=\"ctl-6 timeline-block-time\"><div class=\"story-time\"><p>Art\u00edculo de fondo<\/p><\/div><\/div><div class=\"timeline-block-icon\"><svg stroke=\"currentColor\" fill=\"currentColor\" stroke-width=\"0\" viewBox=\"0 0 512 512\" height=\"1em\" width=\"1em\" xmlns=\"http:\/\/www.w3.org\/2000\/svg\"><path d=\"M256 8C119 8 8 119 8 256s111 248 248 248 248-111 248-248S393 8 256 8z\"><\/path><\/svg><\/div><div class=\"ctl-6 timeline-block-detail\"><div class=\"story-details\"><div class=\"story-content\">\n<figure class=\"wp-block-image size-large is-resized ctlb-block-image\"><a href=\"https:\/\/www.iemj.org\/es\/les-baqqachot\/\" target=\"_blank\" rel=\" noreferrer noopener\"><img decoding=\"async\" src=\"https:\/\/www.iemj.org\/wp-content\/uploads\/2025\/01\/Les-baqqachot_article-fond.jpg\" alt=\"\" style=\"aspect-ratio:1.3333333333333333;object-fit:cover;width:220px\"\/><\/a><\/figure>\n\n\n\n<h3 class=\"wp-block-heading ctlb-block-title\" style=\"padding-top:0px;padding-right:0px;padding-bottom:0px;padding-left:0px\"><a href=\"https:\/\/www.iemj.org\/es\/les-baqqachot\/\" target=\"_blank\" rel=\"noreferrer noopener\">Las baqqachot<\/a><\/h3>\n\n\n\n<p class=\"ctlb-block-desc\" style=\"padding-top:0px;padding-right:0px;padding-bottom:0px;padding-left:0px\">Los s\u00e1bados de invierno por la ma\u00f1ana, antes del amanecer, los jud\u00edos del Norte de \u00c1frica y Oriente Pr\u00f3ximo se re\u00fanen en la sinagoga para cantar baqqachot, una colecci\u00f3n de poemas lit\u00fargicos y a veces m\u00edsticos&#8230;<\/p>\n<\/div><\/div><\/div><\/div><\/div><\/div>\n\n\n\n<div class=\"wp-block-cp-timeline-content-timeline-block-child swiper-slide\"><div class=\"timeline-content icon-false \"><div class=\"timeline-block-timeline ctl-row  position-right\"><div class=\"ctl-6 timeline-block-time\"><div class=\"story-time\"><p>Biograf\u00edas<\/p><\/div><\/div><div class=\"timeline-block-icon\"><svg stroke=\"currentColor\" fill=\"currentColor\" stroke-width=\"0\" viewBox=\"0 0 512 512\" height=\"1em\" width=\"1em\" xmlns=\"http:\/\/www.w3.org\/2000\/svg\"><path d=\"M256 8C119 8 8 119 8 256s111 248 248 248 248-111 248-248S393 8 256 8z\"><\/path><\/svg><\/div><div class=\"ctl-6 timeline-block-detail\"><div class=\"story-details\"><div class=\"story-content\"><div class=\"wp-block-image ctlb-block-image\">\n<figure class=\"aligncenter size-full is-resized\"><img fetchpriority=\"high\" decoding=\"async\" width=\"447\" height=\"145\" src=\"https:\/\/www.iemj.org\/wp-content\/uploads\/2026\/02\/Logo-Bios-Maghreb.jpg\" alt=\"\" class=\"wp-image-130403\" style=\"width:280px\" srcset=\"https:\/\/www.iemj.org\/wp-content\/uploads\/2026\/02\/Logo-Bios-Maghreb.jpg 447w, https:\/\/www.iemj.org\/wp-content\/uploads\/2026\/02\/Logo-Bios-Maghreb-300x97.jpg 300w\" sizes=\"(max-width: 447px) 100vw, 447px\" \/><\/figure>\n<\/div>\n\n\n<h3 class=\"wp-block-heading ctlb-block-title\" style=\"padding-top:0px;padding-right:0px;padding-bottom:0px;padding-left:0px\">Saber todo sobre:<\/h3>\n\n\n\n<ul class=\"wp-block-list ctlb-block-desc\">\n<li><strong><a href=\"https:\/\/www.iemj.org\/es\/cheikh-raymond-1912-1961\/\" target=\"_blank\" rel=\"noreferrer noopener\">Cheikh Raymond (1912-1961)<\/a><\/strong><\/li>\n\n\n\n<li><a href=\"https:\/\/www.iemj.org\/es\/el-medioni-maurice-1928-2024\/\" target=\"_blank\" rel=\"noreferrer noopener\"><strong><\/strong><\/a><strong><a href=\"https:\/\/www.iemj.org\/es\/el-medioni-maurice-1928-2024\/\">El M\u00e9dioni, Maurice (1928-2024)<\/a><\/strong><\/li>\n\n\n\n<li><a href=\"https:\/\/www.iemj.org\/es\/elmaghribi-samy-1922-2008\/\" target=\"_blank\" rel=\"noreferrer noopener\"><strong><\/strong><\/a><strong><a href=\"https:\/\/www.iemj.org\/es\/elmaghribi-samy-1922-2008\/\">Elmaghribi, Samy (1922 \u2013 2008)<\/a><\/strong><\/li>\n\n\n\n<li><a href=\"https:\/\/www.iemj.org\/es\/journo-raoul-1911-2001\/\" target=\"_blank\" rel=\"noreferrer noopener\"><strong>Journo, Raoul (1911-2001)<\/strong><\/a><\/li>\n<\/ul>\n<\/div><\/div><\/div><\/div><\/div><\/div>\n\n\n\n<div class=\"wp-block-cp-timeline-content-timeline-block-child swiper-slide\"><div class=\"timeline-content icon-false \"><div class=\"timeline-block-timeline ctl-row  position-left\"><div class=\"ctl-6 timeline-block-time\"><div class=\"story-time\"><p>Programas de radio<\/p><\/div><\/div><div class=\"timeline-block-icon\"><svg stroke=\"currentColor\" fill=\"currentColor\" stroke-width=\"0\" viewBox=\"0 0 512 512\" height=\"1em\" width=\"1em\" xmlns=\"http:\/\/www.w3.org\/2000\/svg\"><path d=\"M256 8C119 8 8 119 8 256s111 248 248 248 248-111 248-248S393 8 256 8z\"><\/path><\/svg><\/div><div class=\"ctl-6 timeline-block-detail\"><div class=\"story-details\"><div class=\"story-content\"><div class=\"wp-block-image ctlb-block-image\">\n<figure class=\"aligncenter size-large is-resized\"><img decoding=\"async\" width=\"1024\" height=\"1024\" src=\"https:\/\/www.iemj.org\/wp-content\/uploads\/2021\/10\/Logo-poste-radio-Jaune-carre-1024x1024.jpg\" alt=\"\" class=\"wp-image-70561\" style=\"width:157px;height:auto\" srcset=\"https:\/\/www.iemj.org\/wp-content\/uploads\/2021\/10\/Logo-poste-radio-Jaune-carre-1024x1024.jpg 1024w, https:\/\/www.iemj.org\/wp-content\/uploads\/2021\/10\/Logo-poste-radio-Jaune-carre-300x300.jpg 300w, https:\/\/www.iemj.org\/wp-content\/uploads\/2021\/10\/Logo-poste-radio-Jaune-carre-150x150.jpg 150w, https:\/\/www.iemj.org\/wp-content\/uploads\/2021\/10\/Logo-poste-radio-Jaune-carre-768x768.jpg 768w, https:\/\/www.iemj.org\/wp-content\/uploads\/2021\/10\/Logo-poste-radio-Jaune-carre-600x600.jpg 600w, https:\/\/www.iemj.org\/wp-content\/uploads\/2021\/10\/Logo-poste-radio-Jaune-carre-100x100.jpg 100w, https:\/\/www.iemj.org\/wp-content\/uploads\/2021\/10\/Logo-poste-radio-Jaune-carre.jpg 1240w\" sizes=\"(max-width: 1024px) 100vw, 1024px\" \/><\/figure>\n<\/div>\n\n\n<h3 class=\"wp-block-heading ctlb-block-title\" style=\"padding-top:0px;padding-right:0px;padding-bottom:0px;padding-left:0px\">Escuchar:<\/h3>\n\n\n\n<ul class=\"wp-block-list\">\n<li><a href=\"https:\/\/www.iemj.org\/en\/the-french-arab-song-repertoire-1st-part\/\" target=\"_blank\" rel=\"noreferrer noopener\"><strong>The French-Arabic song repertoire (1st part)<\/strong><\/a>&nbsp;(en franc\u00e9s)<\/li>\n\n\n\n<li><a href=\"https:\/\/www.iemj.org\/en\/the-french-arab-repertoire-2nd-part\/\" target=\"_blank\" rel=\"noreferrer noopener\"><strong>The French-Arabic repertoire (2nd part)<\/strong><\/a>&nbsp;(en franc\u00e9s)<\/li>\n\n\n\n<li><a href=\"https:\/\/www.iemj.org\/en\/hidden-sides-of-jewish-music-judeo-arab-songs\/\" target=\"_blank\" rel=\"noreferrer noopener\"><strong>Hidden sides of Jewish music : Judeo-Arabic songs<\/strong><\/a>&nbsp;(en franc\u00e9s)<\/li>\n<\/ul>\n<\/div><\/div><\/div><\/div><\/div><\/div>\n\n\n\n<div class=\"wp-block-cp-timeline-content-timeline-block-child swiper-slide\"><div class=\"timeline-content icon-false \"><div class=\"timeline-block-timeline ctl-row  position-right\"><div class=\"ctl-6 timeline-block-time\"><div class=\"story-time\"><p>Listas de reproducci\u00f3n<\/p><\/div><\/div><div class=\"timeline-block-icon\"><svg stroke=\"currentColor\" fill=\"currentColor\" stroke-width=\"0\" viewBox=\"0 0 512 512\" height=\"1em\" width=\"1em\" xmlns=\"http:\/\/www.w3.org\/2000\/svg\"><path d=\"M256 8C119 8 8 119 8 256s111 248 248 248 248-111 248-248S393 8 256 8z\"><\/path><\/svg><\/div><div class=\"ctl-6 timeline-block-detail\"><div class=\"story-details\"><div class=\"story-content\">\n<h3 class=\"wp-block-heading ctlb-block-title\" style=\"padding-top:0px;padding-right:0px;padding-bottom:0px;padding-left:0px\">Escuchar:<\/h3>\n\n\n\n<ul class=\"wp-block-list\">\n<li><strong><a href=\"https:\/\/www.iemj.org\/es\/les-chants-judeo-espagnols-1\/\" target=\"_blank\" rel=\"noreferrer noopener\"><\/a><\/strong><a href=\"https:\/\/www.iemj.org\/es\/line-monty-la-diva-de-la-chanson-orientale\/\" target=\"_blank\" rel=\"noreferrer noopener\"><strong>Line Monty, la diva de la canci\u00f3n oriental<\/strong><\/a><\/li>\n\n\n\n<li><strong><a href=\"https:\/\/www.iemj.org\/es\/el-kahlaoui-tounsi\/\" target=\"_blank\" rel=\"noreferrer noopener\">El Kahlaoui Tounsi<\/a><\/strong><\/li>\n\n\n\n<li><a href=\"https:\/\/www.iemj.org\/es\/les-chants-de-shabbat-dans-le-rite-tunisien\/\" target=\"_blank\" rel=\"noreferrer noopener\"><strong>Los cantos de Shabat en el rito Tunecino<\/strong><\/a><\/li>\n\n\n\n<li><a href=\"https:\/\/www.iemj.org\/es\/les-chants-de-shabbat-dans-le-rite-algerien\/\" target=\"_blank\" rel=\"noreferrer noopener\"><strong>Los cantos de Shabat en el rito Argelino<\/strong><\/a><\/li>\n\n\n\n<li><a href=\"https:\/\/www.iemj.org\/es\/les-chants-de-shabbat-dans-le-rite-marocain\/\" target=\"_blank\" rel=\"noreferrer noopener\"><strong>Los cantos de Shabat en el rito Marroqu\u00ed<\/strong><\/a><\/li>\n\n\n\n<li><a href=\"https:\/\/www.iemj.org\/es\/chants-des-juifs-de-tunisie\/\" target=\"_blank\" rel=\"noreferrer noopener\"><strong>Cantos de los Jud\u00edos de T\u00fanez<\/strong><\/a><\/li>\n<\/ul>\n<\/div><\/div><\/div><\/div><\/div><\/div>\n\n\n\n<div class=\"wp-block-cp-timeline-content-timeline-block-child swiper-slide\"><div class=\"timeline-content icon-false \"><div class=\"timeline-block-timeline ctl-row  position-left\"><div class=\"ctl-6 timeline-block-time\"><div class=\"story-time\"><p>CD<\/p><\/div><\/div><div class=\"timeline-block-icon\"><svg stroke=\"currentColor\" fill=\"currentColor\" stroke-width=\"0\" viewBox=\"0 0 512 512\" height=\"1em\" width=\"1em\" xmlns=\"http:\/\/www.w3.org\/2000\/svg\"><path d=\"M256 8C119 8 8 119 8 256s111 248 248 248 248-111 248-248S393 8 256 8z\"><\/path><\/svg><\/div><div class=\"ctl-6 timeline-block-detail\"><div class=\"story-details\"><div class=\"story-content\">\n<figure class=\"wp-block-image size-large is-resized ctlb-block-image\"><a href=\"https:\/\/www.iemj.org\/es\/chanteurs-juifs-du-maroc\/\" target=\"_blank\" rel=\" noreferrer noopener\"><img decoding=\"async\" src=\"https:\/\/www.iemj.org\/wp-content\/uploads\/2013\/04\/Chanteurs-juifs-du-Maroc.jpg\" alt=\"\" style=\"width:150px\"\/><\/a><\/figure>\n\n\n\n<h3 class=\"wp-block-heading ctlb-block-title\" style=\"padding-top:0px;padding-right:0px;padding-bottom:0px;padding-left:0px\"><a href=\"https:\/\/www.iemj.org\/es\/a-jumpin-night-in-the-garden-of-eden\/\" target=\"_blank\" rel=\"noreferrer noopener\"><\/a><a href=\"https:\/\/www.iemj.org\/es\/chanteurs-juifs-du-maroc\/\" target=\"_blank\" rel=\"noreferrer noopener\"><\/a><a href=\"https:\/\/www.iemj.org\/es\/chanteurs-juifs-du-maroc\/\" target=\"_blank\" rel=\"noreferrer noopener\">Chanteurs juifs du Maroc<\/a><\/h3>\n\n\n\n<p class=\"ctlb-block-desc\" style=\"padding-top:0px;padding-right:0px;padding-bottom:0px;padding-left:0px\">Este CD presenta grabaciones remasterizadas de los cantantes jud\u00edos m\u00e1s famosos de Marruecos, de 1934 a 1985, de Zohra al F\u00e0siyya a Esther Elfasi, Raymonde, Cheikh Mwijo, Jo Amar, Boutboul, Samy Elmaghribi, Pinhass Cohen&#8230;<\/p>\n<\/div><\/div><\/div><\/div><\/div><\/div>\n\n\n\n<div class=\"wp-block-cp-timeline-content-timeline-block-child swiper-slide\"><div class=\"timeline-content icon-false \"><div class=\"timeline-block-timeline ctl-row  position-right\"><div class=\"ctl-6 timeline-block-time\"><div class=\"story-time\"><p>CD<\/p><\/div><\/div><div class=\"timeline-block-icon\"><svg stroke=\"currentColor\" fill=\"currentColor\" stroke-width=\"0\" viewBox=\"0 0 512 512\" height=\"1em\" width=\"1em\" xmlns=\"http:\/\/www.w3.org\/2000\/svg\"><path d=\"M256 8C119 8 8 119 8 256s111 248 248 248 248-111 248-248S393 8 256 8z\"><\/path><\/svg><\/div><div class=\"ctl-6 timeline-block-detail\"><div class=\"story-details\"><div class=\"story-content\">\n<figure class=\"wp-block-image size-large is-resized ctlb-block-image\"><a href=\"https:\/\/www.iemj.org\/es\/salim-halali-tresor-de-la-chanson-judeo-arabe\/\" target=\"_blank\" rel=\" noreferrer noopener\"><img decoding=\"async\" src=\"https:\/\/www.iemj.org\/wp-content\/uploads\/2015\/02\/arton223-e1619537349285.jpg\" alt=\"\" style=\"width:150px\"\/><\/a><\/figure>\n\n\n\n<h3 class=\"wp-block-heading ctlb-block-title\" style=\"padding-top:0px;padding-right:0px;padding-bottom:0px;padding-left:0px\"><a href=\"https:\/\/www.iemj.org\/es\/yahudice\/\" target=\"_blank\" rel=\"noreferrer noopener\"><\/a><a href=\"https:\/\/www.iemj.org\/es\/judeo-spanish-from-the-balkans-series-12\/\"><\/a><a href=\"https:\/\/www.iemj.org\/es\/salim-halali-tresor-de-la-chanson-judeo-arabe\/\" target=\"_blank\" rel=\"noreferrer noopener\"><\/a><a href=\"https:\/\/www.iemj.org\/es\/salim-halali-tresor-de-la-chanson-judeo-arabe\/\" target=\"_blank\" rel=\"noreferrer noopener\">Salim Halali<\/a><\/h3>\n\n\n\n<p class=\"ctlb-block-desc\" style=\"padding-top:0px;padding-right:0px;padding-bottom:0px;padding-left:0px\">Publicado por Buda Musique en 2012, este CD est\u00e1 dedicado a Salim Halali, nacido en 1920 en Annaba (antigua B\u00f4ne), en Argelia, y presenta canciones judeo-magreb\u00edes de los a\u00f1os 1940 a 1965&#8230;<\/p>\n<\/div><\/div><\/div><\/div><\/div><\/div>\n\n\n\n<div class=\"wp-block-cp-timeline-content-timeline-block-child swiper-slide\"><div class=\"timeline-content icon-false \"><div class=\"timeline-block-timeline ctl-row  position-left\"><div class=\"ctl-6 timeline-block-time\"><div class=\"story-time\"><p>CD<\/p><\/div><\/div><div class=\"timeline-block-icon\"><svg stroke=\"currentColor\" fill=\"currentColor\" stroke-width=\"0\" viewBox=\"0 0 512 512\" height=\"1em\" width=\"1em\" xmlns=\"http:\/\/www.w3.org\/2000\/svg\"><path d=\"M256 8C119 8 8 119 8 256s111 248 248 248 248-111 248-248S393 8 256 8z\"><\/path><\/svg><\/div><div class=\"ctl-6 timeline-block-detail\"><div class=\"story-details\"><div class=\"story-content\">\n<figure class=\"wp-block-image size-large is-resized ctlb-block-image\"><a href=\"https:\/\/www.iemj.org\/es\/chants-malouf-de-constantine\/\" target=\"_blank\" rel=\" noreferrer noopener\"><img decoding=\"async\" src=\"https:\/\/www.iemj.org\/wp-content\/uploads\/2016\/11\/arton1927.jpg\" alt=\"\" style=\"width:150px\"\/><\/a><\/figure>\n\n\n\n<h3 class=\"wp-block-heading ctlb-block-title\" style=\"padding-top:0px;padding-right:0px;padding-bottom:0px;padding-left:0px\"><a href=\"https:\/\/www.iemj.org\/es\/chants-malouf-de-constantine\/\" target=\"_blank\" rel=\"noreferrer noopener\"><\/a><a href=\"https:\/\/www.iemj.org\/es\/chants-malouf-de-constantine\/\" target=\"_blank\" rel=\"noreferrer noopener\">Chants Malouf de Constantine<\/a><\/h3>\n\n\n\n<p class=\"ctlb-block-desc\" style=\"padding-top:0px;padding-right:0px;padding-bottom:0px;padding-left:0px\">El sello MLP publica una nueva antolog\u00eda dedicada al c\u00e9lebre cantante y laudista argelino Cheikh Raymond. Un doble CD para redescubrir al maestro indiscutible de la m\u00fasica arabo-andaluza&#8230;<\/p>\n<\/div><\/div><\/div><\/div><\/div><\/div>\n\n\n\n<div class=\"wp-block-cp-timeline-content-timeline-block-child swiper-slide\"><div class=\"timeline-content icon-false \"><div class=\"timeline-block-timeline ctl-row  position-right\"><div class=\"ctl-6 timeline-block-time\"><div class=\"story-time\"><p>Libro<\/p><\/div><\/div><div class=\"timeline-block-icon\"><svg stroke=\"currentColor\" fill=\"currentColor\" stroke-width=\"0\" viewBox=\"0 0 512 512\" height=\"1em\" width=\"1em\" xmlns=\"http:\/\/www.w3.org\/2000\/svg\"><path d=\"M256 8C119 8 8 119 8 256s111 248 248 248 248-111 248-248S393 8 256 8z\"><\/path><\/svg><\/div><div class=\"ctl-6 timeline-block-detail\"><div class=\"story-details\"><div class=\"story-content\">\n<figure class=\"wp-block-image size-large is-resized ctlb-block-image\"><a href=\"https:\/\/www.iemj.org\/es\/lalgerie-en-musique\/\" target=\"_blank\" rel=\" noreferrer noopener\"><img decoding=\"async\" src=\"https:\/\/www.iemj.org\/wp-content\/uploads\/2018\/01\/arton3038.jpg\" alt=\"\" style=\"width:160px\"\/><\/a><\/figure>\n\n\n\n<h3 class=\"wp-block-heading ctlb-block-title\" style=\"padding-top:0px;padding-right:0px;padding-bottom:0px;padding-left:0px\"><a href=\"https:\/\/www.iemj.org\/es\/lalgerie-en-musique\/\" target=\"_blank\" rel=\"noreferrer noopener\">L\u2019Alg\u00e9rie en musique<\/a><\/h3>\n\n\n\n<p class=\"ctlb-block-desc\" style=\"padding-top:0px;padding-right:0px;padding-bottom:0px;padding-left:0px\">Basado en rese\u00f1as discogr\u00e1ficas, este libro del m\u00fasico y music\u00f3logo Taoufik Bestandji aborda todos los estilos musicales de Argelia. Un libro necesario y accesible para todos&#8230;<\/p>\n<\/div><\/div><\/div><\/div><\/div><\/div>\n\n\n\n<div class=\"wp-block-cp-timeline-content-timeline-block-child swiper-slide\"><div class=\"timeline-content icon-false \"><div class=\"timeline-block-timeline ctl-row  position-left\"><div class=\"ctl-6 timeline-block-time\"><div class=\"story-time\"><p>Libro<\/p><\/div><\/div><div class=\"timeline-block-icon\"><svg stroke=\"currentColor\" fill=\"currentColor\" stroke-width=\"0\" viewBox=\"0 0 512 512\" height=\"1em\" width=\"1em\" xmlns=\"http:\/\/www.w3.org\/2000\/svg\"><path d=\"M256 8C119 8 8 119 8 256s111 248 248 248 248-111 248-248S393 8 256 8z\"><\/path><\/svg><\/div><div class=\"ctl-6 timeline-block-detail\"><div class=\"story-details\"><div class=\"story-content\">\n<figure class=\"wp-block-image size-large is-resized ctlb-block-image\"><a href=\"https:\/\/www.iemj.org\/es\/the-lost-paradise\/\" target=\"_blank\" rel=\" noreferrer noopener\"><img decoding=\"async\" src=\"https:\/\/www.iemj.org\/wp-content\/uploads\/2017\/04\/arton2255.jpg\" alt=\"\" style=\"aspect-ratio:0.6574831322837865;object-fit:cover;width:160px\"\/><\/a><\/figure>\n\n\n\n<h3 class=\"wp-block-heading ctlb-block-title\" style=\"padding-top:0px;padding-right:0px;padding-bottom:0px;padding-left:0px\"><a href=\"https:\/\/www.iemj.org\/es\/the-lost-paradise\/\" target=\"_blank\" rel=\"noreferrer noopener\"><\/a><a href=\"https:\/\/www.iemj.org\/es\/the-lost-paradise\/\" target=\"_blank\" rel=\"noreferrer noopener\">The Lost Paradise<\/a><\/h3>\n\n\n\n<p class=\"ctlb-block-desc\" style=\"padding-top:0px;padding-right:0px;padding-bottom:0px;padding-left:0px\">Libro de Jonathan Glasser, publicado por la University of Chicago Press en febrero de 2016, que presenta una investigaci\u00f3n etnogr\u00e1fica sobre la m\u00fasica \u00e1rabe-andalus\u00ed y su pr\u00e1ctica po\u00e9tica en las ciudades del Magreb&#8230;<\/p>\n<\/div><\/div><\/div><\/div><\/div><\/div>\n\n\n\n<div class=\"wp-block-cp-timeline-content-timeline-block-child swiper-slide\"><div class=\"timeline-content icon-false \"><div class=\"timeline-block-timeline ctl-row  position-right\"><div class=\"ctl-6 timeline-block-time\"><div class=\"story-time\"><p>V\u00eddeo<\/p><\/div><\/div><div class=\"timeline-block-icon\"><svg stroke=\"currentColor\" fill=\"currentColor\" stroke-width=\"0\" viewBox=\"0 0 512 512\" height=\"1em\" width=\"1em\" xmlns=\"http:\/\/www.w3.org\/2000\/svg\"><path d=\"M256 8C119 8 8 119 8 256s111 248 248 248 248-111 248-248S393 8 256 8z\"><\/path><\/svg><\/div><div class=\"ctl-6 timeline-block-detail\"><div class=\"story-details\"><div class=\"story-content\">\n<figure class=\"wp-block-image size-large is-resized ctlb-block-image\"><a href=\"https:\/\/www.iemj.org\/es\/le-label-dounia\/\" target=\"_blank\" rel=\" noreferrer noopener\"><img decoding=\"async\" src=\"https:\/\/www.iemj.org\/wp-content\/uploads\/2022\/02\/Logo-video-label-Dounia-2-2.jpg\" alt=\"\" style=\"width:220px\"\/><\/a><\/figure>\n\n\n\n<h3 class=\"wp-block-heading ctlb-block-title\" style=\"padding-top:0px;padding-right:0px;padding-bottom:0px;padding-left:0px\"><a href=\"https:\/\/www.iemj.org\/es\/le-label-dounia\/\" target=\"_blank\" rel=\"noreferrer noopener\">El label Dounia<\/a><\/h3>\n\n\n\n<p class=\"ctlb-block-desc\" style=\"padding-top:0px;padding-right:0px;padding-bottom:0px;padding-left:0px\">Le invitamos a descubrir el label Dounia, fundado por el cantante tunecino El Kahlaoui Tounsi&#8230;<\/p>\n<\/div><\/div><\/div><\/div><\/div><\/div>\n\n\n\n<div class=\"wp-block-cp-timeline-content-timeline-block-child swiper-slide\"><div class=\"timeline-content icon-false \"><div class=\"timeline-block-timeline ctl-row  position-left\"><div class=\"ctl-6 timeline-block-time\"><div class=\"story-time\"><p>Ediciones del IEMJ<\/p><\/div><\/div><div class=\"timeline-block-icon\"><svg stroke=\"currentColor\" fill=\"currentColor\" stroke-width=\"0\" viewBox=\"0 0 512 512\" height=\"1em\" width=\"1em\" xmlns=\"http:\/\/www.w3.org\/2000\/svg\"><path d=\"M256 8C119 8 8 119 8 256s111 248 248 248 248-111 248-248S393 8 256 8z\"><\/path><\/svg><\/div><div class=\"ctl-6 timeline-block-detail\"><div class=\"story-details\"><div class=\"story-content\">\n<figure class=\"wp-block-image size-large is-resized ctlb-block-image\"><a href=\"https:\/\/www.iemj.org\/es\/les-psaumes-des-juifs-de-constantine\/\" target=\"_blank\" rel=\" noreferrer noopener\"><img decoding=\"async\" src=\"https:\/\/www.iemj.org\/wp-content\/uploads\/2012\/11\/arton585-e1625152333834.jpg\" alt=\"\" style=\"width:220px\"\/><\/a><\/figure>\n\n\n\n<h3 class=\"wp-block-heading ctlb-block-title\" style=\"padding-top:0px;padding-right:0px;padding-bottom:0px;padding-left:0px\"><a href=\"https:\/\/www.iemj.org\/es\/somos-los-cigarillos-klezmer-y-salsa\/\" target=\"_blank\" rel=\"noreferrer noopener\"><\/a><a href=\"https:\/\/www.iemj.org\/es\/les-psaumes-des-juifs-de-constantine\/\" target=\"_blank\" rel=\"noreferrer noopener\">Les psaumes des Juifs de Constantine<\/a><\/h3>\n\n\n\n<p class=\"ctlb-block-desc\" style=\"padding-top:0px;padding-right:0px;padding-bottom:0px;padding-left:0px\"><a href=\"https:\/\/www.iemj.org\/es\/produit\/les-psaumes-des-juifs-de-constantine\/\" target=\"_blank\" rel=\"noreferrer noopener\">Pedir el CD<\/a><\/p>\n<\/div><\/div><\/div><\/div><\/div><\/div>\n\n\n\n<div class=\"wp-block-cp-timeline-content-timeline-block-child swiper-slide\"><div class=\"timeline-content icon-false \"><div class=\"timeline-block-timeline ctl-row  position-right\"><div class=\"ctl-6 timeline-block-time\"><div class=\"story-time\"><p>Enlaces externos<\/p><\/div><\/div><div class=\"timeline-block-icon\"><svg stroke=\"currentColor\" fill=\"currentColor\" stroke-width=\"0\" viewBox=\"0 0 512 512\" height=\"1em\" width=\"1em\" xmlns=\"http:\/\/www.w3.org\/2000\/svg\"><path d=\"M256 8C119 8 8 119 8 256s111 248 248 248 248-111 248-248S393 8 256 8z\"><\/path><\/svg><\/div><div class=\"ctl-6 timeline-block-detail\"><div class=\"story-details\"><div class=\"story-content\">\n<h3 class=\"wp-block-heading ctlb-block-title\" style=\"padding-top:0px;padding-right:0px;padding-bottom:0px;padding-left:0px\"><a href=\"https:\/\/www.iemj.org\/en\/north-african-jewish-music\/\" target=\"_blank\" rel=\"noreferrer noopener\">M\u00fasica jud\u00edo-magreb\u00ed<\/a><\/h3>\n\n\n\n<p class=\"ctlb-block-desc\" style=\"padding-top:0px;padding-right:0px;padding-bottom:0px;padding-left:0px\">Blog con referencias hist\u00f3ricas y biogr\u00e1ficas, con algunos enlaces para escuchar\u2026<\/p>\n\n\n\n<p><\/p>\n\n\n\n<h3 class=\"wp-block-heading\"><a href=\"https:\/\/www.iemj.org\/es\/gharamophone\/\" target=\"_blank\" rel=\"noreferrer noopener\"><strong>Gharamophone<\/strong><\/a><\/h3>\n\n\n\n<p>Este sitio, dedicado a la conservaci\u00f3n de los archivos sonoros norteafricanos, presenta varias decenas de discos de 78 rpm que pueden escucharse en l\u00ednea&#8230;<\/p>\n<\/div><\/div><\/div><\/div><\/div><\/div>\n\n\n\n<div class=\"wp-block-cp-timeline-content-timeline-block-child swiper-slide\"><div class=\"timeline-content icon-false \"><div class=\"timeline-block-timeline ctl-row  position-left\"><div class=\"ctl-6 timeline-block-time\"><div class=\"story-time\"><p>Para ir m\u00e1s all\u00e1<\/p><\/div><\/div><div class=\"timeline-block-icon\"><svg stroke=\"currentColor\" fill=\"currentColor\" stroke-width=\"0\" viewBox=\"0 0 512 512\" height=\"1em\" width=\"1em\" xmlns=\"http:\/\/www.w3.org\/2000\/svg\"><path d=\"M256 8C119 8 8 119 8 256s111 248 248 248 248-111 248-248S393 8 256 8z\"><\/path><\/svg><\/div><div class=\"ctl-6 timeline-block-detail\"><div class=\"story-details\"><div class=\"story-content\">\n<h3 class=\"wp-block-heading ctlb-block-title\" style=\"padding-top:0px;padding-right:0px;padding-bottom:0px;padding-left:0px\"><a href=\"https:\/\/www.iemj.org\/es\/genre\/oriental-es\/\" target=\"_blank\" rel=\"noreferrer noopener\">Otros contenidos en l\u00ednea<\/a><\/h3>\n\n\n\n<p class=\"ctlb-block-desc\" style=\"padding-top:0px;padding-right:0px;padding-bottom:0px;padding-left:0px\">Descubra todos nuestros art\u00edculos relacionados con la m\u00fasica de los jud\u00edos del Magreb y la m\u00fasica oriental\u2026<\/p>\n<\/div><\/div><\/div><\/div><\/div><\/div>\n<\/div><\/div><\/div><\/div>\n","protected":false},"excerpt":{"rendered":"<p>Este recorrido musical est\u00e1 dedicado a los jud\u00edos del Magreb (Argelia, T\u00fanez, Marruecos y Libia), tanto en el \u00e1mbito religioso como en el profano (canciones orientales, franco\u00e1rabes, etc.).<br \/>\nDesc\u00fabralo en unos pocos clics&#8230;<\/p>\n","protected":false},"author":5,"featured_media":130400,"parent":40637,"menu_order":0,"comment_status":"closed","ping_status":"closed","template":"","meta":{"_acf_changed":false,"footnotes":""},"categories":[2220],"tags":[],"class_list":["post-130434","page","type-page","status-publish","has-post-thumbnail","hentry","category-recorridos-guiados-es"],"acf":[],"yoast_head":"<!-- This site is optimized with the Yoast SEO plugin v27.3 - https:\/\/yoast.com\/product\/yoast-seo-wordpress\/ -->\n<title>La m\u00fasica de los jud\u00edos del Magreb - Institut Europ\u00e9en des Musiques Juives<\/title>\n<meta name=\"robots\" content=\"index, follow, max-snippet:-1, max-image-preview:large, max-video-preview:-1\" \/>\n<link rel=\"canonical\" href=\"https:\/\/www.iemj.org\/es\/descubrir\/recorridos-guiados\/la-musique-des-juifs-du-maghreb\/\" \/>\n<meta property=\"og:locale\" content=\"es_ES\" \/>\n<meta property=\"og:type\" content=\"article\" \/>\n<meta property=\"og:title\" content=\"La m\u00fasica de los jud\u00edos del Magreb - Institut Europ\u00e9en des Musiques Juives\" \/>\n<meta property=\"og:description\" content=\"Este recorrido musical est\u00e1 dedicado a los jud\u00edos del Magreb (Argelia, T\u00fanez, Marruecos y Libia), tanto en el \u00e1mbito religioso como en el profano (canciones orientales, franco\u00e1rabes, etc.). Desc\u00fabralo en unos pocos clics...\" \/>\n<meta property=\"og:url\" content=\"https:\/\/www.iemj.org\/es\/descubrir\/recorridos-guiados\/la-musique-des-juifs-du-maghreb\/\" \/>\n<meta property=\"og:site_name\" content=\"Institut Europ\u00e9en des Musiques Juives\" \/>\n<meta property=\"article:publisher\" content=\"https:\/\/www.facebook.com\/MusiquesJuives\/\" \/>\n<meta property=\"article:modified_time\" content=\"2026-02-23T15:34:42+00:00\" \/>\n<meta property=\"og:image\" content=\"https:\/\/www.iemj.org\/wp-content\/uploads\/2026\/02\/Judeo-arabes-dautrefois.jpg\" \/>\n\t<meta property=\"og:image:width\" content=\"1642\" \/>\n\t<meta property=\"og:image:height\" content=\"898\" \/>\n\t<meta property=\"og:image:type\" content=\"image\/jpeg\" \/>\n<meta name=\"twitter:card\" content=\"summary_large_image\" \/>\n<meta name=\"twitter:label1\" content=\"Tiempo de lectura\" \/>\n\t<meta name=\"twitter:data1\" content=\"5 minutos\" \/>\n<script type=\"application\/ld+json\" class=\"yoast-schema-graph\">{\"@context\":\"https:\\\/\\\/schema.org\",\"@graph\":[{\"@type\":\"WebPage\",\"@id\":\"https:\\\/\\\/www.iemj.org\\\/es\\\/descubrir\\\/recorridos-guiados\\\/la-musique-des-juifs-du-maghreb\\\/\",\"url\":\"https:\\\/\\\/www.iemj.org\\\/es\\\/descubrir\\\/recorridos-guiados\\\/la-musique-des-juifs-du-maghreb\\\/\",\"name\":\"La m\u00fasica de los jud\u00edos del Magreb - Institut Europ\u00e9en des Musiques Juives\",\"isPartOf\":{\"@id\":\"https:\\\/\\\/www.iemj.org\\\/es\\\/#website\"},\"primaryImageOfPage\":{\"@id\":\"https:\\\/\\\/www.iemj.org\\\/es\\\/descubrir\\\/recorridos-guiados\\\/la-musique-des-juifs-du-maghreb\\\/#primaryimage\"},\"image\":{\"@id\":\"https:\\\/\\\/www.iemj.org\\\/es\\\/descubrir\\\/recorridos-guiados\\\/la-musique-des-juifs-du-maghreb\\\/#primaryimage\"},\"thumbnailUrl\":\"https:\\\/\\\/www.iemj.org\\\/wp-content\\\/uploads\\\/2026\\\/02\\\/Judeo-arabes-dautrefois.jpg\",\"datePublished\":\"2024-06-16T16:37:00+00:00\",\"dateModified\":\"2026-02-23T15:34:42+00:00\",\"breadcrumb\":{\"@id\":\"https:\\\/\\\/www.iemj.org\\\/es\\\/descubrir\\\/recorridos-guiados\\\/la-musique-des-juifs-du-maghreb\\\/#breadcrumb\"},\"inLanguage\":\"es\",\"potentialAction\":[{\"@type\":\"ReadAction\",\"target\":[\"https:\\\/\\\/www.iemj.org\\\/es\\\/descubrir\\\/recorridos-guiados\\\/la-musique-des-juifs-du-maghreb\\\/\"]}]},{\"@type\":\"ImageObject\",\"inLanguage\":\"es\",\"@id\":\"https:\\\/\\\/www.iemj.org\\\/es\\\/descubrir\\\/recorridos-guiados\\\/la-musique-des-juifs-du-maghreb\\\/#primaryimage\",\"url\":\"https:\\\/\\\/www.iemj.org\\\/wp-content\\\/uploads\\\/2026\\\/02\\\/Judeo-arabes-dautrefois.jpg\",\"contentUrl\":\"https:\\\/\\\/www.iemj.org\\\/wp-content\\\/uploads\\\/2026\\\/02\\\/Judeo-arabes-dautrefois.jpg\",\"width\":1642,\"height\":898},{\"@type\":\"BreadcrumbList\",\"@id\":\"https:\\\/\\\/www.iemj.org\\\/es\\\/descubrir\\\/recorridos-guiados\\\/la-musique-des-juifs-du-maghreb\\\/#breadcrumb\",\"itemListElement\":[{\"@type\":\"ListItem\",\"position\":1,\"name\":\"Accueil\",\"item\":\"https:\\\/\\\/www.iemj.org\\\/es\\\/\"},{\"@type\":\"ListItem\",\"position\":2,\"name\":\"DESCUBRIR\",\"item\":\"https:\\\/\\\/www.iemj.org\\\/es\\\/descubrir\\\/\"},{\"@type\":\"ListItem\",\"position\":3,\"name\":\"Recorridos guiados\",\"item\":\"https:\\\/\\\/www.iemj.org\\\/es\\\/decouvrir\\\/parcours-guides\\\/\"},{\"@type\":\"ListItem\",\"position\":4,\"name\":\"La m\u00fasica de los jud\u00edos del Magreb\"}]},{\"@type\":\"WebSite\",\"@id\":\"https:\\\/\\\/www.iemj.org\\\/es\\\/#website\",\"url\":\"https:\\\/\\\/www.iemj.org\\\/es\\\/\",\"name\":\"Institut Europ\u00e9en des Musiques Juives\",\"description\":\"Des traditions musicales \u00e0 la port\u00e9e de tous\",\"publisher\":{\"@id\":\"https:\\\/\\\/www.iemj.org\\\/es\\\/#organization\"},\"potentialAction\":[{\"@type\":\"SearchAction\",\"target\":{\"@type\":\"EntryPoint\",\"urlTemplate\":\"https:\\\/\\\/www.iemj.org\\\/es\\\/?s={search_term_string}\"},\"query-input\":{\"@type\":\"PropertyValueSpecification\",\"valueRequired\":true,\"valueName\":\"search_term_string\"}}],\"inLanguage\":\"es\"},{\"@type\":\"Organization\",\"@id\":\"https:\\\/\\\/www.iemj.org\\\/es\\\/#organization\",\"name\":\"Institut Europ\u00e9en des Musiques Juives\",\"url\":\"https:\\\/\\\/www.iemj.org\\\/es\\\/\",\"logo\":{\"@type\":\"ImageObject\",\"inLanguage\":\"es\",\"@id\":\"https:\\\/\\\/www.iemj.org\\\/es\\\/#\\\/schema\\\/logo\\\/image\\\/\",\"url\":\"https:\\\/\\\/www.iemj.org\\\/wp-content\\\/uploads\\\/2021\\\/09\\\/Logo-IEMJ-Paypal.jpg\",\"contentUrl\":\"https:\\\/\\\/www.iemj.org\\\/wp-content\\\/uploads\\\/2021\\\/09\\\/Logo-IEMJ-Paypal.jpg\",\"width\":150,\"height\":50,\"caption\":\"Institut Europ\u00e9en des Musiques Juives\"},\"image\":{\"@id\":\"https:\\\/\\\/www.iemj.org\\\/es\\\/#\\\/schema\\\/logo\\\/image\\\/\"},\"sameAs\":[\"https:\\\/\\\/www.facebook.com\\\/MusiquesJuives\\\/\",\"https:\\\/\\\/www.instagram.com\\\/musiquesjuives\\\/\",\"https:\\\/\\\/www.youtube.com\\\/user\\\/musiquesjuives\"]}]}<\/script>\n<!-- \/ Yoast SEO plugin. -->","yoast_head_json":{"title":"La m\u00fasica de los jud\u00edos del Magreb - Institut Europ\u00e9en des Musiques Juives","robots":{"index":"index","follow":"follow","max-snippet":"max-snippet:-1","max-image-preview":"max-image-preview:large","max-video-preview":"max-video-preview:-1"},"canonical":"https:\/\/www.iemj.org\/es\/descubrir\/recorridos-guiados\/la-musique-des-juifs-du-maghreb\/","og_locale":"es_ES","og_type":"article","og_title":"La m\u00fasica de los jud\u00edos del Magreb - Institut Europ\u00e9en des Musiques Juives","og_description":"Este recorrido musical est\u00e1 dedicado a los jud\u00edos del Magreb (Argelia, T\u00fanez, Marruecos y Libia), tanto en el \u00e1mbito religioso como en el profano (canciones orientales, franco\u00e1rabes, etc.). Desc\u00fabralo en unos pocos clics...","og_url":"https:\/\/www.iemj.org\/es\/descubrir\/recorridos-guiados\/la-musique-des-juifs-du-maghreb\/","og_site_name":"Institut Europ\u00e9en des Musiques Juives","article_publisher":"https:\/\/www.facebook.com\/MusiquesJuives\/","article_modified_time":"2026-02-23T15:34:42+00:00","og_image":[{"width":1642,"height":898,"url":"https:\/\/www.iemj.org\/wp-content\/uploads\/2026\/02\/Judeo-arabes-dautrefois.jpg","type":"image\/jpeg"}],"twitter_card":"summary_large_image","twitter_misc":{"Tiempo de lectura":"5 minutos"},"schema":{"@context":"https:\/\/schema.org","@graph":[{"@type":"WebPage","@id":"https:\/\/www.iemj.org\/es\/descubrir\/recorridos-guiados\/la-musique-des-juifs-du-maghreb\/","url":"https:\/\/www.iemj.org\/es\/descubrir\/recorridos-guiados\/la-musique-des-juifs-du-maghreb\/","name":"La m\u00fasica de los jud\u00edos del Magreb - Institut Europ\u00e9en des Musiques Juives","isPartOf":{"@id":"https:\/\/www.iemj.org\/es\/#website"},"primaryImageOfPage":{"@id":"https:\/\/www.iemj.org\/es\/descubrir\/recorridos-guiados\/la-musique-des-juifs-du-maghreb\/#primaryimage"},"image":{"@id":"https:\/\/www.iemj.org\/es\/descubrir\/recorridos-guiados\/la-musique-des-juifs-du-maghreb\/#primaryimage"},"thumbnailUrl":"https:\/\/www.iemj.org\/wp-content\/uploads\/2026\/02\/Judeo-arabes-dautrefois.jpg","datePublished":"2024-06-16T16:37:00+00:00","dateModified":"2026-02-23T15:34:42+00:00","breadcrumb":{"@id":"https:\/\/www.iemj.org\/es\/descubrir\/recorridos-guiados\/la-musique-des-juifs-du-maghreb\/#breadcrumb"},"inLanguage":"es","potentialAction":[{"@type":"ReadAction","target":["https:\/\/www.iemj.org\/es\/descubrir\/recorridos-guiados\/la-musique-des-juifs-du-maghreb\/"]}]},{"@type":"ImageObject","inLanguage":"es","@id":"https:\/\/www.iemj.org\/es\/descubrir\/recorridos-guiados\/la-musique-des-juifs-du-maghreb\/#primaryimage","url":"https:\/\/www.iemj.org\/wp-content\/uploads\/2026\/02\/Judeo-arabes-dautrefois.jpg","contentUrl":"https:\/\/www.iemj.org\/wp-content\/uploads\/2026\/02\/Judeo-arabes-dautrefois.jpg","width":1642,"height":898},{"@type":"BreadcrumbList","@id":"https:\/\/www.iemj.org\/es\/descubrir\/recorridos-guiados\/la-musique-des-juifs-du-maghreb\/#breadcrumb","itemListElement":[{"@type":"ListItem","position":1,"name":"Accueil","item":"https:\/\/www.iemj.org\/es\/"},{"@type":"ListItem","position":2,"name":"DESCUBRIR","item":"https:\/\/www.iemj.org\/es\/descubrir\/"},{"@type":"ListItem","position":3,"name":"Recorridos guiados","item":"https:\/\/www.iemj.org\/es\/decouvrir\/parcours-guides\/"},{"@type":"ListItem","position":4,"name":"La m\u00fasica de los jud\u00edos del Magreb"}]},{"@type":"WebSite","@id":"https:\/\/www.iemj.org\/es\/#website","url":"https:\/\/www.iemj.org\/es\/","name":"Institut Europ\u00e9en des Musiques Juives","description":"Des traditions musicales \u00e0 la port\u00e9e de tous","publisher":{"@id":"https:\/\/www.iemj.org\/es\/#organization"},"potentialAction":[{"@type":"SearchAction","target":{"@type":"EntryPoint","urlTemplate":"https:\/\/www.iemj.org\/es\/?s={search_term_string}"},"query-input":{"@type":"PropertyValueSpecification","valueRequired":true,"valueName":"search_term_string"}}],"inLanguage":"es"},{"@type":"Organization","@id":"https:\/\/www.iemj.org\/es\/#organization","name":"Institut Europ\u00e9en des Musiques Juives","url":"https:\/\/www.iemj.org\/es\/","logo":{"@type":"ImageObject","inLanguage":"es","@id":"https:\/\/www.iemj.org\/es\/#\/schema\/logo\/image\/","url":"https:\/\/www.iemj.org\/wp-content\/uploads\/2021\/09\/Logo-IEMJ-Paypal.jpg","contentUrl":"https:\/\/www.iemj.org\/wp-content\/uploads\/2021\/09\/Logo-IEMJ-Paypal.jpg","width":150,"height":50,"caption":"Institut Europ\u00e9en des Musiques Juives"},"image":{"@id":"https:\/\/www.iemj.org\/es\/#\/schema\/logo\/image\/"},"sameAs":["https:\/\/www.facebook.com\/MusiquesJuives\/","https:\/\/www.instagram.com\/musiquesjuives\/","https:\/\/www.youtube.com\/user\/musiquesjuives"]}]}},"_links":{"self":[{"href":"https:\/\/www.iemj.org\/es\/wp-json\/wp\/v2\/pages\/130434","targetHints":{"allow":["GET"]}}],"collection":[{"href":"https:\/\/www.iemj.org\/es\/wp-json\/wp\/v2\/pages"}],"about":[{"href":"https:\/\/www.iemj.org\/es\/wp-json\/wp\/v2\/types\/page"}],"author":[{"embeddable":true,"href":"https:\/\/www.iemj.org\/es\/wp-json\/wp\/v2\/users\/5"}],"replies":[{"embeddable":true,"href":"https:\/\/www.iemj.org\/es\/wp-json\/wp\/v2\/comments?post=130434"}],"version-history":[{"count":5,"href":"https:\/\/www.iemj.org\/es\/wp-json\/wp\/v2\/pages\/130434\/revisions"}],"predecessor-version":[{"id":130794,"href":"https:\/\/www.iemj.org\/es\/wp-json\/wp\/v2\/pages\/130434\/revisions\/130794"}],"up":[{"embeddable":true,"href":"https:\/\/www.iemj.org\/es\/wp-json\/wp\/v2\/pages\/40637"}],"wp:featuredmedia":[{"embeddable":true,"href":"https:\/\/www.iemj.org\/es\/wp-json\/wp\/v2\/media\/130400"}],"wp:attachment":[{"href":"https:\/\/www.iemj.org\/es\/wp-json\/wp\/v2\/media?parent=130434"}],"wp:term":[{"taxonomy":"category","embeddable":true,"href":"https:\/\/www.iemj.org\/es\/wp-json\/wp\/v2\/categories?post=130434"},{"taxonomy":"post_tag","embeddable":true,"href":"https:\/\/www.iemj.org\/es\/wp-json\/wp\/v2\/tags?post=130434"}],"curies":[{"name":"wp","href":"https:\/\/api.w.org\/{rel}","templated":true}]}}