{"id":47827,"date":"2026-02-19T10:11:49","date_gmt":"2026-02-19T09:11:49","guid":{"rendered":"https:\/\/www.iemj.org\/descubrir\/recorridos-guiados\/la-musique-klezmer-12\/"},"modified":"2026-02-19T15:05:36","modified_gmt":"2026-02-19T14:05:36","slug":"la-musique-klezmer-12","status":"publish","type":"page","link":"https:\/\/www.iemj.org\/es\/descubrir\/recorridos-guiados\/la-musique-klezmer-12\/","title":{"rendered":"La m\u00fasica klezmer"},"content":{"rendered":"\n<div class=\"wp-block-columns is-layout-flex wp-container-core-columns-is-layout-9d6595d7 wp-block-columns-is-layout-flex\"><\/div>\n\n\n\n<div class=\"wp-block-cp-timeline-content-timeline-block Cool-Content-Timeline\"><div class=\"cool-timeline-block-15b1bc4a-9656-45af-9108-018f7f8d76b0\"><style>.cool-timeline-block-15b1bc4a-9656-45af-9108-018f7f8d76b0 .cool-vertical-timeline-body{--ctlb-date-fontsize: 18px;--ctlb-date-line-height: 25px;--ctlb-date-color: #000;--ctlb-head-font-size: 18px;--ctlb-heading-color: #000;--ctlb-sub-head-font-size: 14px;--ctlb-sub-heading-color: #000;--ctlb-line-color: #3b4395;--ctlb-icon-bg: #3b4395;--ctlb-story-border-color: #3b4395;}<\/style><div class=\"cool-vertical-timeline-body ctlb-wrapper both-sided left\"><div class=\"cool-timeline-block-list\">\n<div class=\"wp-block-cp-timeline-content-timeline-block-child swiper-slide\"><div class=\"timeline-content icon-false \"><div class=\"timeline-block-timeline ctl-row  position-right\"><div class=\"ctl-6 timeline-block-time\"><div class=\"story-time\"><p>Art\u00edculo de fondo<\/p><\/div><\/div><div class=\"timeline-block-icon\"><svg stroke=\"currentColor\" fill=\"currentColor\" stroke-width=\"0\" viewBox=\"0 0 512 512\" height=\"1em\" width=\"1em\" xmlns=\"http:\/\/www.w3.org\/2000\/svg\"><path d=\"M256 8C119 8 8 119 8 256s111 248 248 248 248-111 248-248S393 8 256 8z\"><\/path><\/svg><\/div><div class=\"ctl-6 timeline-block-detail\"><div class=\"story-details\"><div class=\"story-content\">\n<figure class=\"wp-block-image ctlb-block-image\"><img decoding=\"async\" src=\"https:\/\/www.iemj.org\/wp-content\/uploads\/2021\/06\/jewish-musicians-of-rohatyn-west-ukraine_Logo-article-fond_Parcours-guides.gif\" alt=\"\" style=\"aspect-ratio:4\/3;object-fit:cover\"\/><\/figure>\n\n\n\n<h3 class=\"wp-block-heading ctlb-block-title\" style=\"padding-top:0px;padding-right:0px;padding-bottom:0px;padding-left:0px\"><a href=\"https:\/\/www.iemj.org\/es\/le-klezmer-musique-dhier-et-daujourdhui\/\" target=\"_blank\" rel=\"noreferrer noopener\">El klezmer: m\u00fasica de ayer y de hoy, por Herv\u00e9 Roten (12 min de lectura)<\/a><\/h3>\n\n\n\n<p class=\"ctlb-block-desc\" style=\"padding-top:0px;padding-right:0px;padding-bottom:0px;padding-left:0px\">El klezmer es una m\u00fasica instrumental festiva que en el pasado se interpretaba en las comunidades jud\u00edas de Europa del Este como acompa\u00f1amiento de bodas o festividades religiosas alegres\u2026<\/p>\n<\/div><\/div><\/div><\/div><\/div><\/div>\n\n\n\n<div class=\"wp-block-cp-timeline-content-timeline-block-child swiper-slide\"><div class=\"timeline-content icon-false \"><div class=\"timeline-block-timeline ctl-row  position-left\"><div class=\"ctl-6 timeline-block-time\"><div class=\"story-time\"><p>Conferencia<\/p><\/div><\/div><div class=\"timeline-block-icon\"><svg stroke=\"currentColor\" fill=\"currentColor\" stroke-width=\"0\" viewBox=\"0 0 512 512\" height=\"1em\" width=\"1em\" xmlns=\"http:\/\/www.w3.org\/2000\/svg\"><path d=\"M256 8C119 8 8 119 8 256s111 248 248 248 248-111 248-248S393 8 256 8z\"><\/path><\/svg><\/div><div class=\"ctl-6 timeline-block-detail\"><div class=\"story-details\"><div class=\"story-content\">\n<figure class=\"wp-block-image ctlb-block-image\"><img decoding=\"async\" src=\"https:\/\/www.iemj.org\/wp-content\/uploads\/2016\/02\/arton1483-e1622546078393.jpg\" alt=\"\" style=\"aspect-ratio:4\/3;object-fit:cover\"\/><\/figure>\n\n\n\n<h3 class=\"wp-block-heading ctlb-block-title\" style=\"padding-top:0px;padding-right:0px;padding-bottom:0px;padding-left:0px\"><a href=\"https:\/\/www.iemj.org\/es\/le-renouveau-du-klezmer-herve-roten-et-denis-cuniot\/\" target=\"_blank\" rel=\"noreferrer noopener\"><br>La renovaci\u00f3n del klezmer, por Herv\u00e9Roten y Denis Cuniot (1h45 de video en franc\u00e9s)<\/a><\/h3>\n\n\n\n<p class=\"ctlb-block-desc\" style=\"padding-top:0px;padding-right:0px;padding-bottom:0px;padding-left:0px\">En el marco de las Jornadas de la Cultura Yiddish 2010, Herv\u00e9 Roten, director del Instituto Europeo de las M\u00fasicas Jud\u00edas, y Denis Cuniot, pianista klezmer, nos presentan un panorama de la renovaci\u00f3n de la m\u00fasica klezmer&#8230;<br><a href=\"http:\/\/akadem-vod.streaminternet.com\/vod\/1577_MULTI.mp4\" target=\"_blank\" rel=\"noreferrer noopener\">Ver la vid\u00e9o<\/a><\/p>\n<\/div><\/div><\/div><\/div><\/div><\/div>\n\n\n\n<div class=\"wp-block-cp-timeline-content-timeline-block-child swiper-slide\"><div class=\"timeline-content icon-false \"><div class=\"timeline-block-timeline ctl-row  position-right\"><div class=\"ctl-6 timeline-block-time\"><div class=\"story-time\"><p><br><br><br>Biograf\u00edas<\/p><\/div><\/div><div class=\"timeline-block-icon\"><svg stroke=\"currentColor\" fill=\"currentColor\" stroke-width=\"0\" viewBox=\"0 0 512 512\" height=\"1em\" width=\"1em\" xmlns=\"http:\/\/www.w3.org\/2000\/svg\"><path d=\"M256 8C119 8 8 119 8 256s111 248 248 248 248-111 248-248S393 8 256 8z\"><\/path><\/svg><\/div><div class=\"ctl-6 timeline-block-detail\"><div class=\"story-details\"><div class=\"story-content\">\n<h3 class=\"wp-block-heading ctlb-block-title\" style=\"padding-top:0px;padding-right:0px;padding-bottom:0px;padding-left:0px\">Saber todo sobre:<\/h3>\n\n\n\n<p class=\"ctlb-block-desc\" style=\"padding-top:0px;padding-right:0px;padding-bottom:0px;padding-left:0px\"><a href=\"https:\/\/www.iemj.org\/es\/schwartz-abe-1881-1963\/\" target=\"_blank\" rel=\"noreferrer noopener\"><strong>Abe Schwartz (1881-1963) (2 min de lectura<\/strong><\/a>)<a data-type=\"post\" href=\"https:\/\/www.iemj.org\/es\/schwartz-abe-1881-1963\/\" target=\"_blank\" rel=\"noreferrer noopener\"><br><\/a><a href=\"https:\/\/www.iemj.org\/es\/brandwein-naftule-1889-1963\/\" target=\"_blank\" rel=\"noreferrer noopener\"><strong>Brandwein, Naftule (1889-1963) (3 min de lectura)<\/strong><\/a><\/p>\n<\/div><\/div><\/div><\/div><\/div><\/div>\n\n\n\n<div class=\"wp-block-cp-timeline-content-timeline-block-child swiper-slide\"><div class=\"timeline-content icon-false \"><div class=\"timeline-block-timeline ctl-row  position-left\"><div class=\"ctl-6 timeline-block-time\"><div class=\"story-time\"><p>Listas de reproducci\u00f3n<\/p><\/div><\/div><div class=\"timeline-block-icon\"><svg stroke=\"currentColor\" fill=\"currentColor\" stroke-width=\"0\" viewBox=\"0 0 512 512\" height=\"1em\" width=\"1em\" xmlns=\"http:\/\/www.w3.org\/2000\/svg\"><path d=\"M256 8C119 8 8 119 8 256s111 248 248 248 248-111 248-248S393 8 256 8z\"><\/path><\/svg><\/div><div class=\"ctl-6 timeline-block-detail\"><div class=\"story-details\"><div class=\"story-content\">\n<h3 class=\"wp-block-heading ctlb-block-title\" style=\"padding-top:0px;padding-right:0px;padding-bottom:0px;padding-left:0px\">Escuchar:<\/h3>\n\n\n\n<p class=\"ctlb-block-desc\" style=\"padding-top:0px;padding-right:0px;padding-bottom:0px;padding-left:0px\"><strong><a href=\"https:\/\/www.iemj.org\/es\/la-musique-klezmer-1\/\" target=\"_blank\" rel=\"noreferrer noopener\">La m\u00fasica klezmer-1 (37 min de m\u00fasica)<\/a><\/strong><br><strong><a href=\"https:\/\/www.iemj.org\/es\/la-musique-klezmer-2\/\" target=\"_blank\" rel=\"noreferrer noopener\">La m\u00fasica klezmer-2 (35 min de m\u00fasica)<\/a><br><a href=\"https:\/\/www.iemj.org\/es\/les-danses-klezmer\/\" target=\"_blank\" rel=\"noreferrer noopener\">Los bailes klezmer (44 min de m\u00fasica)<\/a><br><a href=\"https:\/\/www.iemj.org\/es\/la-clarinette-dans-la-musique-klezmer\/\" target=\"_blank\" rel=\"noreferrer noopener\">El clarinete klezmer (40 min de m\u00fasica)<\/a><\/strong><\/p>\n<\/div><\/div><\/div><\/div><\/div><\/div>\n\n\n\n<div class=\"wp-block-cp-timeline-content-timeline-block-child swiper-slide\"><div class=\"timeline-content icon-false \"><div class=\"timeline-block-timeline ctl-row  position-right\"><div class=\"ctl-6 timeline-block-time\"><div class=\"story-time\"><p>V\u00eddeo<\/p><\/div><\/div><div class=\"timeline-block-icon\"><svg stroke=\"currentColor\" fill=\"currentColor\" stroke-width=\"0\" viewBox=\"0 0 512 512\" height=\"1em\" width=\"1em\" xmlns=\"http:\/\/www.w3.org\/2000\/svg\"><path d=\"M256 8C119 8 8 119 8 256s111 248 248 248 248-111 248-248S393 8 256 8z\"><\/path><\/svg><\/div><div class=\"ctl-6 timeline-block-detail\"><div class=\"story-details\"><div class=\"story-content\">\n<figure class=\"wp-block-image ctlb-block-image\"><img decoding=\"async\" src=\"https:\/\/www.iemj.org\/wp-content\/uploads\/2018\/12\/arton3835.jpg\" alt=\"\" style=\"aspect-ratio:4\/3;object-fit:cover\"\/><\/figure>\n\n\n\n<h3 class=\"wp-block-heading ctlb-block-title\" style=\"padding-top:0px;padding-right:0px;padding-bottom:0px;padding-left:0px\"><a href=\"https:\/\/www.iemj.org\/es\/a-jumpin-night-in-the-garden-of-eden\/\" target=\"_blank\" rel=\"noreferrer noopener\">A Jumpin\u2019 Night in the Garden of Eden (10 min de extracto v\u00eddeo en ingl\u00e9s)<\/a><\/h3>\n\n\n\n<p class=\"ctlb-block-desc\" style=\"padding-top:0px;padding-right:0px;padding-bottom:0px;padding-left:0px\"><a href=\"https:\/\/www.iemj.org\/wp-content\/uploads\/2018\/12\/a_jumpin_night_trailer_iemj-1.mp4\" target=\"_blank\" rel=\"noreferrer noopener\">Ver el v\u00eddeo<\/a><\/p>\n<\/div><\/div><\/div><\/div><\/div><\/div>\n\n\n\n<div class=\"wp-block-cp-timeline-content-timeline-block-child swiper-slide\"><div class=\"timeline-content icon-false \"><div class=\"timeline-block-timeline ctl-row  position-left\"><div class=\"ctl-6 timeline-block-time\"><div class=\"story-time\"><p>Libro<\/p><\/div><\/div><div class=\"timeline-block-icon\"><svg stroke=\"currentColor\" fill=\"currentColor\" stroke-width=\"0\" viewBox=\"0 0 512 512\" height=\"1em\" width=\"1em\" xmlns=\"http:\/\/www.w3.org\/2000\/svg\"><path d=\"M256 8C119 8 8 119 8 256s111 248 248 248 248-111 248-248S393 8 256 8z\"><\/path><\/svg><\/div><div class=\"ctl-6 timeline-block-detail\"><div class=\"story-details\"><div class=\"story-content\">\n<figure class=\"wp-block-image ctlb-block-image\"><img decoding=\"async\" src=\"https:\/\/www.iemj.org\/wp-content\/uploads\/2017\/02\/arton2101-scaled-e1619341029260.jpg\" alt=\"\" style=\"aspect-ratio:4\/3;object-fit:cover\"\/><\/figure>\n\n\n\n<h3 class=\"wp-block-heading ctlb-block-title\" style=\"padding-top:0px;padding-right:0px;padding-bottom:0px;padding-left:0px\"><a href=\"https:\/\/www.iemj.org\/es\/klezmer-music-history-and-memory\/\" target=\"_blank\" rel=\"noreferrer noopener\">Klezmer: Music, History and Memory, by Walter Zev Feldman<\/a><\/h3>\n\n\n\n<p class=\"ctlb-block-desc\" style=\"padding-top:0px;padding-right:0px;padding-bottom:0px;padding-left:0px\"><em>Klezmer: Music, History and Memory<\/em> es el \u00faltimo estudio sobre la m\u00fasica de los m\u00fasicos jud\u00edos de Europa del Este\u2026<\/p>\n<\/div><\/div><\/div><\/div><\/div><\/div>\n\n\n\n<div class=\"wp-block-cp-timeline-content-timeline-block-child swiper-slide\"><div class=\"timeline-content icon-false \"><div class=\"timeline-block-timeline ctl-row  position-right\"><div class=\"ctl-6 timeline-block-time\"><div class=\"story-time\"><p>CD<\/p><\/div><\/div><div class=\"timeline-block-icon\"><svg stroke=\"currentColor\" fill=\"currentColor\" stroke-width=\"0\" viewBox=\"0 0 512 512\" height=\"1em\" width=\"1em\" xmlns=\"http:\/\/www.w3.org\/2000\/svg\"><path d=\"M256 8C119 8 8 119 8 256s111 248 248 248 248-111 248-248S393 8 256 8z\"><\/path><\/svg><\/div><div class=\"ctl-6 timeline-block-detail\"><div class=\"story-details\"><div class=\"story-content\">\n<figure class=\"wp-block-image ctlb-block-image\"><img decoding=\"async\" src=\"https:\/\/www.iemj.org\/wp-content\/uploads\/2015\/10\/arton1148-e1619448946232.jpg\" alt=\"\" style=\"aspect-ratio:4\/3;object-fit:cover\"\/><\/figure>\n\n\n\n<h3 class=\"wp-block-heading ctlb-block-title\" style=\"padding-top:0px;padding-right:0px;padding-bottom:0px;padding-left:0px\"><a href=\"https:\/\/www.iemj.org\/es\/chekhovs-band-eastern-european-klezmer-music-from-the-emi-archives-1908-1913\/\" target=\"_blank\" rel=\"noreferrer noopener\">Chekhov\u2019s Band &#8211; Eastern European Klezmer music from the EMI archives 1908-1913<\/a><\/h3>\n\n\n\n<p class=\"ctlb-block-desc\" style=\"padding-top:0px;padding-right:0px;padding-bottom:0px;padding-left:0px\">Acompa\u00f1ado de una riqu\u00edsima libreta, verdadero ensayo hist\u00f3rico y etnomusicol\u00f3gico, este disco, publicado en septiembre de 2015, nos ofrece grabaciones de archivo hasta ahora in\u00e9ditas y no escuchadas\u2026<\/p>\n<\/div><\/div><\/div><\/div><\/div><\/div>\n\n\n\n<div class=\"wp-block-cp-timeline-content-timeline-block-child swiper-slide\"><div class=\"timeline-content icon-false \"><div class=\"timeline-block-timeline ctl-row  position-left\"><div class=\"ctl-6 timeline-block-time\"><div class=\"story-time\"><p>Ediciones del IEMJ<\/p><\/div><\/div><div class=\"timeline-block-icon\"><svg stroke=\"currentColor\" fill=\"currentColor\" stroke-width=\"0\" viewBox=\"0 0 512 512\" height=\"1em\" width=\"1em\" xmlns=\"http:\/\/www.w3.org\/2000\/svg\"><path d=\"M256 8C119 8 8 119 8 256s111 248 248 248 248-111 248-248S393 8 256 8z\"><\/path><\/svg><\/div><div class=\"ctl-6 timeline-block-detail\"><div class=\"story-details\"><div class=\"story-content\">\n<figure class=\"wp-block-image ctlb-block-image\"><img decoding=\"async\" src=\"https:\/\/www.iemj.org\/wp-content\/uploads\/2016\/10\/arton1899.jpg\" alt=\"\" style=\"aspect-ratio:4\/3;object-fit:cover\"\/><\/figure>\n\n\n\n<h3 class=\"wp-block-heading ctlb-block-title\" style=\"padding-top:0px;padding-right:0px;padding-bottom:0px;padding-left:0px\"><a href=\"https:\/\/www.iemj.org\/es\/somos-los-cigarillos-klezmer-y-salsa\/\" target=\"_blank\" rel=\"noreferrer noopener\">Somos Los Cigarillos &#8211; Klezmer y Salsa<\/a><\/h3>\n\n\n\n<p class=\"ctlb-block-desc\" style=\"padding-top:0px;padding-right:0px;padding-bottom:0px;padding-left:0px\"><a href=\"https:\/\/www.iemj.org\/es\/produit\/somos-los-cigarillos\/\" target=\"_blank\" rel=\"noreferrer noopener\">Pedir el CD<\/a><br><\/p>\n<\/div><\/div><\/div><\/div><\/div><\/div>\n\n\n\n<div class=\"wp-block-cp-timeline-content-timeline-block-child swiper-slide\"><div class=\"timeline-content icon-false \"><div class=\"timeline-block-timeline ctl-row  position-right\"><div class=\"ctl-6 timeline-block-time\"><div class=\"story-time\"><p>Ediciones del IEMJ<\/p><\/div><\/div><div class=\"timeline-block-icon\"><svg stroke=\"currentColor\" fill=\"currentColor\" stroke-width=\"0\" viewBox=\"0 0 512 512\" height=\"1em\" width=\"1em\" xmlns=\"http:\/\/www.w3.org\/2000\/svg\"><path d=\"M256 8C119 8 8 119 8 256s111 248 248 248 248-111 248-248S393 8 256 8z\"><\/path><\/svg><\/div><div class=\"ctl-6 timeline-block-detail\"><div class=\"story-details\"><div class=\"story-content\">\n<figure class=\"wp-block-image ctlb-block-image\"><img decoding=\"async\" src=\"https:\/\/www.iemj.org\/wp-content\/uploads\/2018\/06\/arton3477.jpg\" alt=\"\" style=\"aspect-ratio:4\/3;object-fit:cover\"\/><\/figure>\n\n\n\n<h3 class=\"wp-block-heading ctlb-block-title\" style=\"padding-top:0px;padding-right:0px;padding-bottom:0px;padding-left:0px\"><a href=\"https:\/\/www.iemj.org\/es\/vingt-nigunim-pour-clarinette-et-piano-de-claudine-movsessian-et-martine-vialatte\/\" target=\"_blank\" rel=\"noreferrer noopener\">Vingt Nigunim pour clarinette et piano de Claudine Movsessian et Martine Vialatte<\/a><\/h3>\n\n\n\n<p class=\"ctlb-block-desc\" style=\"padding-top:0px;padding-right:0px;padding-bottom:0px;padding-left:0px\"><a href=\"https:\/\/www.iemj.org\/?attachment_id=49412\" target=\"_blank\" rel=\"noreferrer noopener\">Pedir la partitura<\/a><\/p>\n<\/div><\/div><\/div><\/div><\/div><\/div>\n\n\n\n<div class=\"wp-block-cp-timeline-content-timeline-block-child swiper-slide\"><div class=\"timeline-content icon-false \"><div class=\"timeline-block-timeline ctl-row  position-left\"><div class=\"ctl-6 timeline-block-time\"><div class=\"story-time\"><p>Enlace externo<\/p><\/div><\/div><div class=\"timeline-block-icon\"><svg stroke=\"currentColor\" fill=\"currentColor\" stroke-width=\"0\" viewBox=\"0 0 512 512\" height=\"1em\" width=\"1em\" xmlns=\"http:\/\/www.w3.org\/2000\/svg\"><path d=\"M256 8C119 8 8 119 8 256s111 248 248 248 248-111 248-248S393 8 256 8z\"><\/path><\/svg><\/div><div class=\"ctl-6 timeline-block-detail\"><div class=\"story-details\"><div class=\"story-content\">\n<h3 class=\"wp-block-heading ctlb-block-title\" style=\"padding-top:0px;padding-right:0px;padding-bottom:0px;padding-left:0px\"><a href=\"https:\/\/www.klezmerguide.com\/\" target=\"_blank\" rel=\"noreferrer noopener\">KlezmerGuide<\/a><\/h3>\n\n\n\n<p class=\"ctlb-block-desc\" style=\"padding-top:0px;padding-right:0px;padding-bottom:0px;padding-left:0px\">Sitio completo sobre la m\u00fasica klezmer, con muchos enlaces a m\u00fasica para escuchar y partituras para consultar.<\/p>\n<\/div><\/div><\/div><\/div><\/div><\/div>\n\n\n\n<div class=\"wp-block-cp-timeline-content-timeline-block-child swiper-slide\"><div class=\"timeline-content icon-false \"><div class=\"timeline-block-timeline ctl-row  position-right\"><div class=\"ctl-6 timeline-block-time\"><div class=\"story-time\"><p>Para ir m\u00e1s all\u00e1<\/p><\/div><\/div><div class=\"timeline-block-icon\"><svg stroke=\"currentColor\" fill=\"currentColor\" stroke-width=\"0\" viewBox=\"0 0 512 512\" height=\"1em\" width=\"1em\" xmlns=\"http:\/\/www.w3.org\/2000\/svg\"><path d=\"M256 8C119 8 8 119 8 256s111 248 248 248 248-111 248-248S393 8 256 8z\"><\/path><\/svg><\/div><div class=\"ctl-6 timeline-block-detail\"><div class=\"story-details\"><div class=\"story-content\">\n<h3 class=\"wp-block-heading ctlb-block-title\" style=\"padding-top:0px;padding-right:0px;padding-bottom:0px;padding-left:0px\"><a href=\"https:\/\/www.iemj.org\/es\/genre\/klezmer-es\/\" target=\"_blank\" rel=\"noreferrer noopener\">Otros contenidos en l\u00ednea<\/a><\/h3>\n\n\n\n<p class=\"ctlb-block-desc\" style=\"padding-top:0px;padding-right:0px;padding-bottom:0px;padding-left:0px\">Descubra todos nuestros art\u00edculos sobre la m\u00fasica klezmer\u2026<\/p>\n<\/div><\/div><\/div><\/div><\/div><\/div>\n<\/div><\/div><\/div><\/div>\n","protected":false},"excerpt":{"rendered":"<p>La palabra klezmer proviene de la combinaci\u00f3n de las palabras hebreas kli y zemer, que literalmente significan \u00abherramientas (o instrumentos) de canto\u00bb. El t\u00e9rmino se refiere a la m\u00fasica instrumental de los jud\u00edos de Europa Central y del Este. Fuertemente influenciada por su entorno geogr\u00e1fico y cultural, la m\u00fasica klezmer es extremadamente variopinta. Desc\u00fabralo en unos pocos clics&#8230;<\/p>\n","protected":false},"author":1930,"featured_media":43504,"parent":40637,"menu_order":0,"comment_status":"closed","ping_status":"closed","template":"","meta":{"_acf_changed":false,"footnotes":""},"categories":[2220],"tags":[],"class_list":["post-47827","page","type-page","status-publish","has-post-thumbnail","hentry","category-recorridos-guiados-es"],"acf":[],"yoast_head":"<!-- This site is optimized with the Yoast SEO plugin v27.3 - https:\/\/yoast.com\/product\/yoast-seo-wordpress\/ -->\n<title>La m\u00fasica klezmer - Institut Europ\u00e9en des Musiques Juives<\/title>\n<meta name=\"robots\" content=\"index, follow, max-snippet:-1, max-image-preview:large, max-video-preview:-1\" \/>\n<link rel=\"canonical\" href=\"https:\/\/www.iemj.org\/es\/descubrir\/recorridos-guiados\/la-musique-klezmer-12\/\" \/>\n<meta property=\"og:locale\" content=\"es_ES\" \/>\n<meta property=\"og:type\" content=\"article\" \/>\n<meta property=\"og:title\" content=\"La m\u00fasica klezmer - Institut Europ\u00e9en des Musiques Juives\" \/>\n<meta property=\"og:description\" content=\"La palabra klezmer proviene de la combinaci\u00f3n de las palabras hebreas kli y zemer, que literalmente significan &quot;herramientas (o instrumentos) de canto&quot;. El t\u00e9rmino se refiere a la m\u00fasica instrumental de los jud\u00edos de Europa Central y del Este. Fuertemente influenciada por su entorno geogr\u00e1fico y cultural, la m\u00fasica klezmer es extremadamente variopinta. Desc\u00fabralo en unos pocos clics...\" \/>\n<meta property=\"og:url\" content=\"https:\/\/www.iemj.org\/es\/descubrir\/recorridos-guiados\/la-musique-klezmer-12\/\" \/>\n<meta property=\"og:site_name\" content=\"Institut Europ\u00e9en des Musiques Juives\" \/>\n<meta property=\"article:publisher\" content=\"https:\/\/www.facebook.com\/MusiquesJuives\/\" \/>\n<meta property=\"article:modified_time\" content=\"2026-02-19T14:05:36+00:00\" \/>\n<meta property=\"og:image\" content=\"https:\/\/www.iemj.org\/wp-content\/uploads\/2021\/06\/la-musique-klezmer_Logo-parcours-guides.jpg\" \/>\n\t<meta property=\"og:image:width\" content=\"800\" \/>\n\t<meta property=\"og:image:height\" content=\"466\" \/>\n\t<meta property=\"og:image:type\" content=\"image\/jpeg\" \/>\n<meta name=\"twitter:card\" content=\"summary_large_image\" \/>\n<meta name=\"twitter:label1\" content=\"Tiempo de lectura\" \/>\n\t<meta name=\"twitter:data1\" content=\"4 minutos\" \/>\n<script type=\"application\/ld+json\" class=\"yoast-schema-graph\">{\"@context\":\"https:\\\/\\\/schema.org\",\"@graph\":[{\"@type\":\"WebPage\",\"@id\":\"https:\\\/\\\/www.iemj.org\\\/es\\\/descubrir\\\/recorridos-guiados\\\/la-musique-klezmer-12\\\/\",\"url\":\"https:\\\/\\\/www.iemj.org\\\/es\\\/descubrir\\\/recorridos-guiados\\\/la-musique-klezmer-12\\\/\",\"name\":\"La m\u00fasica klezmer - Institut Europ\u00e9en des Musiques Juives\",\"isPartOf\":{\"@id\":\"https:\\\/\\\/www.iemj.org\\\/es\\\/#website\"},\"primaryImageOfPage\":{\"@id\":\"https:\\\/\\\/www.iemj.org\\\/es\\\/descubrir\\\/recorridos-guiados\\\/la-musique-klezmer-12\\\/#primaryimage\"},\"image\":{\"@id\":\"https:\\\/\\\/www.iemj.org\\\/es\\\/descubrir\\\/recorridos-guiados\\\/la-musique-klezmer-12\\\/#primaryimage\"},\"thumbnailUrl\":\"https:\\\/\\\/www.iemj.org\\\/wp-content\\\/uploads\\\/2021\\\/06\\\/la-musique-klezmer_Logo-parcours-guides.jpg\",\"datePublished\":\"2026-02-19T09:11:49+00:00\",\"dateModified\":\"2026-02-19T14:05:36+00:00\",\"breadcrumb\":{\"@id\":\"https:\\\/\\\/www.iemj.org\\\/es\\\/descubrir\\\/recorridos-guiados\\\/la-musique-klezmer-12\\\/#breadcrumb\"},\"inLanguage\":\"es\",\"potentialAction\":[{\"@type\":\"ReadAction\",\"target\":[\"https:\\\/\\\/www.iemj.org\\\/es\\\/descubrir\\\/recorridos-guiados\\\/la-musique-klezmer-12\\\/\"]}]},{\"@type\":\"ImageObject\",\"inLanguage\":\"es\",\"@id\":\"https:\\\/\\\/www.iemj.org\\\/es\\\/descubrir\\\/recorridos-guiados\\\/la-musique-klezmer-12\\\/#primaryimage\",\"url\":\"https:\\\/\\\/www.iemj.org\\\/wp-content\\\/uploads\\\/2021\\\/06\\\/la-musique-klezmer_Logo-parcours-guides.jpg\",\"contentUrl\":\"https:\\\/\\\/www.iemj.org\\\/wp-content\\\/uploads\\\/2021\\\/06\\\/la-musique-klezmer_Logo-parcours-guides.jpg\",\"width\":800,\"height\":466},{\"@type\":\"BreadcrumbList\",\"@id\":\"https:\\\/\\\/www.iemj.org\\\/es\\\/descubrir\\\/recorridos-guiados\\\/la-musique-klezmer-12\\\/#breadcrumb\",\"itemListElement\":[{\"@type\":\"ListItem\",\"position\":1,\"name\":\"Accueil\",\"item\":\"https:\\\/\\\/www.iemj.org\\\/es\\\/\"},{\"@type\":\"ListItem\",\"position\":2,\"name\":\"DESCUBRIR\",\"item\":\"https:\\\/\\\/www.iemj.org\\\/es\\\/descubrir\\\/\"},{\"@type\":\"ListItem\",\"position\":3,\"name\":\"Recorridos guiados\",\"item\":\"https:\\\/\\\/www.iemj.org\\\/es\\\/decouvrir\\\/parcours-guides\\\/\"},{\"@type\":\"ListItem\",\"position\":4,\"name\":\"La m\u00fasica klezmer\"}]},{\"@type\":\"WebSite\",\"@id\":\"https:\\\/\\\/www.iemj.org\\\/es\\\/#website\",\"url\":\"https:\\\/\\\/www.iemj.org\\\/es\\\/\",\"name\":\"Institut Europ\u00e9en des Musiques Juives\",\"description\":\"Des traditions musicales \u00e0 la port\u00e9e de tous\",\"publisher\":{\"@id\":\"https:\\\/\\\/www.iemj.org\\\/es\\\/#organization\"},\"potentialAction\":[{\"@type\":\"SearchAction\",\"target\":{\"@type\":\"EntryPoint\",\"urlTemplate\":\"https:\\\/\\\/www.iemj.org\\\/es\\\/?s={search_term_string}\"},\"query-input\":{\"@type\":\"PropertyValueSpecification\",\"valueRequired\":true,\"valueName\":\"search_term_string\"}}],\"inLanguage\":\"es\"},{\"@type\":\"Organization\",\"@id\":\"https:\\\/\\\/www.iemj.org\\\/es\\\/#organization\",\"name\":\"Institut Europ\u00e9en des Musiques Juives\",\"url\":\"https:\\\/\\\/www.iemj.org\\\/es\\\/\",\"logo\":{\"@type\":\"ImageObject\",\"inLanguage\":\"es\",\"@id\":\"https:\\\/\\\/www.iemj.org\\\/es\\\/#\\\/schema\\\/logo\\\/image\\\/\",\"url\":\"https:\\\/\\\/www.iemj.org\\\/wp-content\\\/uploads\\\/2021\\\/09\\\/Logo-IEMJ-Paypal.jpg\",\"contentUrl\":\"https:\\\/\\\/www.iemj.org\\\/wp-content\\\/uploads\\\/2021\\\/09\\\/Logo-IEMJ-Paypal.jpg\",\"width\":150,\"height\":50,\"caption\":\"Institut Europ\u00e9en des Musiques Juives\"},\"image\":{\"@id\":\"https:\\\/\\\/www.iemj.org\\\/es\\\/#\\\/schema\\\/logo\\\/image\\\/\"},\"sameAs\":[\"https:\\\/\\\/www.facebook.com\\\/MusiquesJuives\\\/\",\"https:\\\/\\\/www.instagram.com\\\/musiquesjuives\\\/\",\"https:\\\/\\\/www.youtube.com\\\/user\\\/musiquesjuives\"]}]}<\/script>\n<!-- \/ Yoast SEO plugin. -->","yoast_head_json":{"title":"La m\u00fasica klezmer - Institut Europ\u00e9en des Musiques Juives","robots":{"index":"index","follow":"follow","max-snippet":"max-snippet:-1","max-image-preview":"max-image-preview:large","max-video-preview":"max-video-preview:-1"},"canonical":"https:\/\/www.iemj.org\/es\/descubrir\/recorridos-guiados\/la-musique-klezmer-12\/","og_locale":"es_ES","og_type":"article","og_title":"La m\u00fasica klezmer - Institut Europ\u00e9en des Musiques Juives","og_description":"La palabra klezmer proviene de la combinaci\u00f3n de las palabras hebreas kli y zemer, que literalmente significan \"herramientas (o instrumentos) de canto\". El t\u00e9rmino se refiere a la m\u00fasica instrumental de los jud\u00edos de Europa Central y del Este. Fuertemente influenciada por su entorno geogr\u00e1fico y cultural, la m\u00fasica klezmer es extremadamente variopinta. Desc\u00fabralo en unos pocos clics...","og_url":"https:\/\/www.iemj.org\/es\/descubrir\/recorridos-guiados\/la-musique-klezmer-12\/","og_site_name":"Institut Europ\u00e9en des Musiques Juives","article_publisher":"https:\/\/www.facebook.com\/MusiquesJuives\/","article_modified_time":"2026-02-19T14:05:36+00:00","og_image":[{"width":800,"height":466,"url":"https:\/\/www.iemj.org\/wp-content\/uploads\/2021\/06\/la-musique-klezmer_Logo-parcours-guides.jpg","type":"image\/jpeg"}],"twitter_card":"summary_large_image","twitter_misc":{"Tiempo de lectura":"4 minutos"},"schema":{"@context":"https:\/\/schema.org","@graph":[{"@type":"WebPage","@id":"https:\/\/www.iemj.org\/es\/descubrir\/recorridos-guiados\/la-musique-klezmer-12\/","url":"https:\/\/www.iemj.org\/es\/descubrir\/recorridos-guiados\/la-musique-klezmer-12\/","name":"La m\u00fasica klezmer - Institut Europ\u00e9en des Musiques Juives","isPartOf":{"@id":"https:\/\/www.iemj.org\/es\/#website"},"primaryImageOfPage":{"@id":"https:\/\/www.iemj.org\/es\/descubrir\/recorridos-guiados\/la-musique-klezmer-12\/#primaryimage"},"image":{"@id":"https:\/\/www.iemj.org\/es\/descubrir\/recorridos-guiados\/la-musique-klezmer-12\/#primaryimage"},"thumbnailUrl":"https:\/\/www.iemj.org\/wp-content\/uploads\/2021\/06\/la-musique-klezmer_Logo-parcours-guides.jpg","datePublished":"2026-02-19T09:11:49+00:00","dateModified":"2026-02-19T14:05:36+00:00","breadcrumb":{"@id":"https:\/\/www.iemj.org\/es\/descubrir\/recorridos-guiados\/la-musique-klezmer-12\/#breadcrumb"},"inLanguage":"es","potentialAction":[{"@type":"ReadAction","target":["https:\/\/www.iemj.org\/es\/descubrir\/recorridos-guiados\/la-musique-klezmer-12\/"]}]},{"@type":"ImageObject","inLanguage":"es","@id":"https:\/\/www.iemj.org\/es\/descubrir\/recorridos-guiados\/la-musique-klezmer-12\/#primaryimage","url":"https:\/\/www.iemj.org\/wp-content\/uploads\/2021\/06\/la-musique-klezmer_Logo-parcours-guides.jpg","contentUrl":"https:\/\/www.iemj.org\/wp-content\/uploads\/2021\/06\/la-musique-klezmer_Logo-parcours-guides.jpg","width":800,"height":466},{"@type":"BreadcrumbList","@id":"https:\/\/www.iemj.org\/es\/descubrir\/recorridos-guiados\/la-musique-klezmer-12\/#breadcrumb","itemListElement":[{"@type":"ListItem","position":1,"name":"Accueil","item":"https:\/\/www.iemj.org\/es\/"},{"@type":"ListItem","position":2,"name":"DESCUBRIR","item":"https:\/\/www.iemj.org\/es\/descubrir\/"},{"@type":"ListItem","position":3,"name":"Recorridos guiados","item":"https:\/\/www.iemj.org\/es\/decouvrir\/parcours-guides\/"},{"@type":"ListItem","position":4,"name":"La m\u00fasica klezmer"}]},{"@type":"WebSite","@id":"https:\/\/www.iemj.org\/es\/#website","url":"https:\/\/www.iemj.org\/es\/","name":"Institut Europ\u00e9en des Musiques Juives","description":"Des traditions musicales \u00e0 la port\u00e9e de tous","publisher":{"@id":"https:\/\/www.iemj.org\/es\/#organization"},"potentialAction":[{"@type":"SearchAction","target":{"@type":"EntryPoint","urlTemplate":"https:\/\/www.iemj.org\/es\/?s={search_term_string}"},"query-input":{"@type":"PropertyValueSpecification","valueRequired":true,"valueName":"search_term_string"}}],"inLanguage":"es"},{"@type":"Organization","@id":"https:\/\/www.iemj.org\/es\/#organization","name":"Institut Europ\u00e9en des Musiques Juives","url":"https:\/\/www.iemj.org\/es\/","logo":{"@type":"ImageObject","inLanguage":"es","@id":"https:\/\/www.iemj.org\/es\/#\/schema\/logo\/image\/","url":"https:\/\/www.iemj.org\/wp-content\/uploads\/2021\/09\/Logo-IEMJ-Paypal.jpg","contentUrl":"https:\/\/www.iemj.org\/wp-content\/uploads\/2021\/09\/Logo-IEMJ-Paypal.jpg","width":150,"height":50,"caption":"Institut Europ\u00e9en des Musiques Juives"},"image":{"@id":"https:\/\/www.iemj.org\/es\/#\/schema\/logo\/image\/"},"sameAs":["https:\/\/www.facebook.com\/MusiquesJuives\/","https:\/\/www.instagram.com\/musiquesjuives\/","https:\/\/www.youtube.com\/user\/musiquesjuives"]}]}},"_links":{"self":[{"href":"https:\/\/www.iemj.org\/es\/wp-json\/wp\/v2\/pages\/47827","targetHints":{"allow":["GET"]}}],"collection":[{"href":"https:\/\/www.iemj.org\/es\/wp-json\/wp\/v2\/pages"}],"about":[{"href":"https:\/\/www.iemj.org\/es\/wp-json\/wp\/v2\/types\/page"}],"author":[{"embeddable":true,"href":"https:\/\/www.iemj.org\/es\/wp-json\/wp\/v2\/users\/1930"}],"replies":[{"embeddable":true,"href":"https:\/\/www.iemj.org\/es\/wp-json\/wp\/v2\/comments?post=47827"}],"version-history":[{"count":5,"href":"https:\/\/www.iemj.org\/es\/wp-json\/wp\/v2\/pages\/47827\/revisions"}],"predecessor-version":[{"id":130514,"href":"https:\/\/www.iemj.org\/es\/wp-json\/wp\/v2\/pages\/47827\/revisions\/130514"}],"up":[{"embeddable":true,"href":"https:\/\/www.iemj.org\/es\/wp-json\/wp\/v2\/pages\/40637"}],"wp:featuredmedia":[{"embeddable":true,"href":"https:\/\/www.iemj.org\/es\/wp-json\/wp\/v2\/media\/43504"}],"wp:attachment":[{"href":"https:\/\/www.iemj.org\/es\/wp-json\/wp\/v2\/media?parent=47827"}],"wp:term":[{"taxonomy":"category","embeddable":true,"href":"https:\/\/www.iemj.org\/es\/wp-json\/wp\/v2\/categories?post=47827"},{"taxonomy":"post_tag","embeddable":true,"href":"https:\/\/www.iemj.org\/es\/wp-json\/wp\/v2\/tags?post=47827"}],"curies":[{"name":"wp","href":"https:\/\/api.w.org\/{rel}","templated":true}]}}