{"id":113889,"date":"2014-09-23T10:15:53","date_gmt":"2024-09-23T08:16:35","guid":{"rendered":"https:\/\/www.iemj.org\/produit\/andre-taieb-chants-sefarades-des-synagogues-du-languedoc\/"},"modified":"2024-09-23T10:17:43","modified_gmt":"2024-09-23T08:17:43","slug":"andre-taieb-chants-sefarades-des-synagogues-du-languedoc","status":"publish","type":"product","link":"https:\/\/www.iemj.org\/es\/produit\/andre-taieb-chants-sefarades-des-synagogues-du-languedoc\/","title":{"rendered":"Andr\u00e9 Ta\u00efeb, Chants s\u00e9farades des synagogues du Languedoc"},"content":{"rendered":"<div id=\"text\" class=\"section ltr\">\n<div class=\"text wResizable medium\">\n<p>This CD dedicated to <em>Andr\u00e9 Ta\u00efeb<\/em> is based on the remarkable work of Pierre-Luc Ben Soussan, a musician with the Mosa\u00efque Musiques association and founder of the Naguila ensemble, in collecting songs from the synagogues of Montpellier and the surrounding region.<\/p>\n<p>Andr\u00e9 Ta\u00efeb presents fourteen synagogal songs from the Constantine rite, performed <em>a cappella<\/em>.<\/p>\n<p>Born in 1931 in Constantine, a hotbed of Algerian musical production exemplified in particular by Cheikh Raymond, one of the masters of <em>ma&#8217;louf<\/em>, Andr\u00e9 Ta\u00efeb was trained from an early age in the art of <em>mawwal<\/em> (a cappella vocal improvisation in a musical mode) and <em>ma&#8217;louf<\/em>. Andr\u00e9 Ta\u00efeb left Algeria in 1962 and settled in Belfort, where he became cantor of the synagogue.<\/p>\n<p>In 1988, he retired to Montpellier, where he officiates at the Mazel Tov synagogue.<\/p>\n<audio class=\"wp-audio-shortcode\" id=\"audio-113889-1\" preload=\"none\" style=\"width: 100%;\" controls=\"controls\"><source type=\"audio\/mpeg\" src=\"https:\/\/www.iemj.org\/wp-content\/uploads\/2024\/09\/01_Kol-mahanot-extrait.mp3?_=1\" \/><a href=\"https:\/\/www.iemj.org\/wp-content\/uploads\/2024\/09\/01_Kol-mahanot-extrait.mp3\">https:\/\/www.iemj.org\/wp-content\/uploads\/2024\/09\/01_Kol-mahanot-extrait.mp3<\/a><\/audio>\n<p><strong>Kol mahanot (extract)<\/strong><\/p>\n<audio class=\"wp-audio-shortcode\" id=\"audio-113889-2\" preload=\"none\" style=\"width: 100%;\" controls=\"controls\"><source type=\"audio\/mpeg\" src=\"https:\/\/www.iemj.org\/wp-content\/uploads\/2024\/09\/05_Ve-Abraham-zaqen-extrait.mp3?_=2\" \/><a href=\"https:\/\/www.iemj.org\/wp-content\/uploads\/2024\/09\/05_Ve-Abraham-zaqen-extrait.mp3\">https:\/\/www.iemj.org\/wp-content\/uploads\/2024\/09\/05_Ve-Abraham-zaqen-extrait.mp3<\/a><\/audio>\n<p><strong>Ve-Abraham zaqen (extract)<\/strong><\/p>\n<audio class=\"wp-audio-shortcode\" id=\"audio-113889-3\" preload=\"none\" style=\"width: 100%;\" controls=\"controls\"><source type=\"audio\/mpeg\" src=\"https:\/\/www.iemj.org\/wp-content\/uploads\/2024\/09\/06_Hashkivenu-extrait.mp3?_=3\" \/><a href=\"https:\/\/www.iemj.org\/wp-content\/uploads\/2024\/09\/06_Hashkivenu-extrait.mp3\">https:\/\/www.iemj.org\/wp-content\/uploads\/2024\/09\/06_Hashkivenu-extrait.mp3<\/a><\/audio>\n<p><strong>Hashkivenu (extract)<\/strong><\/p>\n<audio class=\"wp-audio-shortcode\" id=\"audio-113889-4\" preload=\"none\" style=\"width: 100%;\" controls=\"controls\"><source type=\"audio\/mpeg\" src=\"https:\/\/www.iemj.org\/wp-content\/uploads\/2024\/09\/08_-Naar-hayiti-extrait.mp3?_=4\" \/><a href=\"https:\/\/www.iemj.org\/wp-content\/uploads\/2024\/09\/08_-Naar-hayiti-extrait.mp3\">https:\/\/www.iemj.org\/wp-content\/uploads\/2024\/09\/08_-Naar-hayiti-extrait.mp3<\/a><\/audio>\n<p><strong>Naar hayiti (extract)<\/strong><\/p>\n<audio class=\"wp-audio-shortcode\" id=\"audio-113889-5\" preload=\"none\" style=\"width: 100%;\" controls=\"controls\"><source type=\"audio\/mpeg\" src=\"https:\/\/www.iemj.org\/wp-content\/uploads\/2024\/09\/11_Shirat-hayam-extrait.mp3?_=5\" \/><a href=\"https:\/\/www.iemj.org\/wp-content\/uploads\/2024\/09\/11_Shirat-hayam-extrait.mp3\">https:\/\/www.iemj.org\/wp-content\/uploads\/2024\/09\/11_Shirat-hayam-extrait.mp3<\/a><\/audio>\n<p><strong>Shirat hayam (extract)<\/strong><\/p>\n<audio class=\"wp-audio-shortcode\" id=\"audio-113889-6\" preload=\"none\" style=\"width: 100%;\" controls=\"controls\"><source type=\"audio\/mpeg\" src=\"https:\/\/www.iemj.org\/wp-content\/uploads\/2024\/09\/14_Kol-Nidrei-extrait.mp3?_=6\" \/><a href=\"https:\/\/www.iemj.org\/wp-content\/uploads\/2024\/09\/14_Kol-Nidrei-extrait.mp3\">https:\/\/www.iemj.org\/wp-content\/uploads\/2024\/09\/14_Kol-Nidrei-extrait.mp3<\/a><\/audio>\n<p><strong>Kol Nidrei (extract)<\/strong><\/p>\n<\/div>\n<\/div>\n","protected":false},"excerpt":{"rendered":"<p>This CD dedicated to <em>Andr\u00e9 Ta\u00efeb<\/em> is based on Pierre-Luc Ben Soussan&#8217;s remarkable collection of songs from the synagogues of Montpellier and the surrounding region.<\/p>\n","protected":false},"featured_media":113837,"comment_status":"closed","ping_status":"closed","template":"","meta":{"_acf_changed":false},"product_brand":[],"product_cat":[1993,2328,2300],"product_tag":[],"class_list":{"0":"post-113889","1":"product","2":"type-product","3":"status-publish","4":"has-post-thumbnail","6":"product_cat-cd-es","7":"product_cat-oriental-cd-es","8":"product_cat-otros-editores-es","10":"first","11":"instock","12":"shipping-taxable","13":"purchasable","14":"product-type-simple"},"acf":[],"yoast_head":"<!-- This site is optimized with the Yoast SEO plugin v27.3 - https:\/\/yoast.com\/product\/yoast-seo-wordpress\/ -->\n<title>Andr\u00e9 Ta\u00efeb, Chants s\u00e9farades des synagogues du Languedoc - Institut Europ\u00e9en des Musiques Juives<\/title>\n<meta name=\"robots\" content=\"index, follow, max-snippet:-1, max-image-preview:large, max-video-preview:-1\" \/>\n<link rel=\"canonical\" href=\"https:\/\/www.iemj.org\/es\/produit\/andre-taieb-chants-sefarades-des-synagogues-du-languedoc\/\" \/>\n<meta property=\"og:locale\" content=\"es_ES\" \/>\n<meta property=\"og:type\" content=\"article\" \/>\n<meta property=\"og:title\" content=\"Andr\u00e9 Ta\u00efeb, Chants s\u00e9farades des synagogues du Languedoc - Institut Europ\u00e9en des Musiques Juives\" \/>\n<meta property=\"og:description\" content=\"This CD dedicated to Andr\u00e9 Ta\u00efeb is based on Pierre-Luc Ben Soussan&#039;s remarkable collection of songs from the synagogues of Montpellier and the surrounding region.\" \/>\n<meta property=\"og:url\" content=\"https:\/\/www.iemj.org\/es\/produit\/andre-taieb-chants-sefarades-des-synagogues-du-languedoc\/\" \/>\n<meta property=\"og:site_name\" content=\"Institut Europ\u00e9en des Musiques Juives\" \/>\n<meta property=\"article:publisher\" content=\"https:\/\/www.facebook.com\/MusiquesJuives\/\" \/>\n<meta property=\"article:modified_time\" content=\"2024-09-23T08:17:43+00:00\" \/>\n<meta property=\"og:image\" content=\"https:\/\/www.iemj.org\/wp-content\/uploads\/2024\/09\/COUV-CD-Andre-Taieb_350X314-px.jpg\" \/>\n\t<meta property=\"og:image:width\" content=\"350\" \/>\n\t<meta property=\"og:image:height\" content=\"314\" \/>\n\t<meta property=\"og:image:type\" content=\"image\/jpeg\" \/>\n<meta name=\"twitter:card\" content=\"summary_large_image\" \/>\n<meta name=\"twitter:label1\" content=\"Tiempo de lectura\" \/>\n\t<meta name=\"twitter:data1\" content=\"1 minuto\" \/>\n<script type=\"application\/ld+json\" class=\"yoast-schema-graph\">{\"@context\":\"https:\\\/\\\/schema.org\",\"@graph\":[{\"@type\":\"WebPage\",\"@id\":\"https:\\\/\\\/www.iemj.org\\\/es\\\/produit\\\/andre-taieb-chants-sefarades-des-synagogues-du-languedoc\\\/\",\"url\":\"https:\\\/\\\/www.iemj.org\\\/es\\\/produit\\\/andre-taieb-chants-sefarades-des-synagogues-du-languedoc\\\/\",\"name\":\"Andr\u00e9 Ta\u00efeb, Chants s\u00e9farades des synagogues du Languedoc - Institut Europ\u00e9en des Musiques Juives\",\"isPartOf\":{\"@id\":\"https:\\\/\\\/www.iemj.org\\\/es\\\/#website\"},\"primaryImageOfPage\":{\"@id\":\"https:\\\/\\\/www.iemj.org\\\/es\\\/produit\\\/andre-taieb-chants-sefarades-des-synagogues-du-languedoc\\\/#primaryimage\"},\"image\":{\"@id\":\"https:\\\/\\\/www.iemj.org\\\/es\\\/produit\\\/andre-taieb-chants-sefarades-des-synagogues-du-languedoc\\\/#primaryimage\"},\"thumbnailUrl\":\"https:\\\/\\\/www.iemj.org\\\/wp-content\\\/uploads\\\/2024\\\/09\\\/COUV-CD-Andre-Taieb_350X314-px.jpg\",\"datePublished\":\"2024-09-23T08:16:35+00:00\",\"dateModified\":\"2024-09-23T08:17:43+00:00\",\"breadcrumb\":{\"@id\":\"https:\\\/\\\/www.iemj.org\\\/es\\\/produit\\\/andre-taieb-chants-sefarades-des-synagogues-du-languedoc\\\/#breadcrumb\"},\"inLanguage\":\"es\",\"potentialAction\":[{\"@type\":\"ReadAction\",\"target\":[\"https:\\\/\\\/www.iemj.org\\\/es\\\/produit\\\/andre-taieb-chants-sefarades-des-synagogues-du-languedoc\\\/\"]}]},{\"@type\":\"ImageObject\",\"inLanguage\":\"es\",\"@id\":\"https:\\\/\\\/www.iemj.org\\\/es\\\/produit\\\/andre-taieb-chants-sefarades-des-synagogues-du-languedoc\\\/#primaryimage\",\"url\":\"https:\\\/\\\/www.iemj.org\\\/wp-content\\\/uploads\\\/2024\\\/09\\\/COUV-CD-Andre-Taieb_350X314-px.jpg\",\"contentUrl\":\"https:\\\/\\\/www.iemj.org\\\/wp-content\\\/uploads\\\/2024\\\/09\\\/COUV-CD-Andre-Taieb_350X314-px.jpg\",\"width\":350,\"height\":314},{\"@type\":\"BreadcrumbList\",\"@id\":\"https:\\\/\\\/www.iemj.org\\\/es\\\/produit\\\/andre-taieb-chants-sefarades-des-synagogues-du-languedoc\\\/#breadcrumb\",\"itemListElement\":[{\"@type\":\"ListItem\",\"position\":1,\"name\":\"Accueil\",\"item\":\"https:\\\/\\\/www.iemj.org\\\/es\\\/\"},{\"@type\":\"ListItem\",\"position\":2,\"name\":\"Tienda\",\"item\":\"https:\\\/\\\/www.iemj.org\\\/es\\\/tienda\\\/\"},{\"@type\":\"ListItem\",\"position\":3,\"name\":\"Andr\u00e9 Ta\u00efeb, Chants s\u00e9farades des synagogues du Languedoc\"}]},{\"@type\":\"WebSite\",\"@id\":\"https:\\\/\\\/www.iemj.org\\\/es\\\/#website\",\"url\":\"https:\\\/\\\/www.iemj.org\\\/es\\\/\",\"name\":\"Institut Europ\u00e9en des Musiques Juives\",\"description\":\"Des traditions musicales \u00e0 la port\u00e9e de tous\",\"publisher\":{\"@id\":\"https:\\\/\\\/www.iemj.org\\\/es\\\/#organization\"},\"potentialAction\":[{\"@type\":\"SearchAction\",\"target\":{\"@type\":\"EntryPoint\",\"urlTemplate\":\"https:\\\/\\\/www.iemj.org\\\/es\\\/?s={search_term_string}\"},\"query-input\":{\"@type\":\"PropertyValueSpecification\",\"valueRequired\":true,\"valueName\":\"search_term_string\"}}],\"inLanguage\":\"es\"},{\"@type\":\"Organization\",\"@id\":\"https:\\\/\\\/www.iemj.org\\\/es\\\/#organization\",\"name\":\"Institut Europ\u00e9en des Musiques Juives\",\"url\":\"https:\\\/\\\/www.iemj.org\\\/es\\\/\",\"logo\":{\"@type\":\"ImageObject\",\"inLanguage\":\"es\",\"@id\":\"https:\\\/\\\/www.iemj.org\\\/es\\\/#\\\/schema\\\/logo\\\/image\\\/\",\"url\":\"https:\\\/\\\/www.iemj.org\\\/wp-content\\\/uploads\\\/2021\\\/09\\\/Logo-IEMJ-Paypal.jpg\",\"contentUrl\":\"https:\\\/\\\/www.iemj.org\\\/wp-content\\\/uploads\\\/2021\\\/09\\\/Logo-IEMJ-Paypal.jpg\",\"width\":150,\"height\":50,\"caption\":\"Institut Europ\u00e9en des Musiques Juives\"},\"image\":{\"@id\":\"https:\\\/\\\/www.iemj.org\\\/es\\\/#\\\/schema\\\/logo\\\/image\\\/\"},\"sameAs\":[\"https:\\\/\\\/www.facebook.com\\\/MusiquesJuives\\\/\",\"https:\\\/\\\/www.instagram.com\\\/musiquesjuives\\\/\",\"https:\\\/\\\/www.youtube.com\\\/user\\\/musiquesjuives\"]}]}<\/script>\n<!-- \/ Yoast SEO plugin. -->","yoast_head_json":{"title":"Andr\u00e9 Ta\u00efeb, Chants s\u00e9farades des synagogues du Languedoc - Institut Europ\u00e9en des Musiques Juives","robots":{"index":"index","follow":"follow","max-snippet":"max-snippet:-1","max-image-preview":"max-image-preview:large","max-video-preview":"max-video-preview:-1"},"canonical":"https:\/\/www.iemj.org\/es\/produit\/andre-taieb-chants-sefarades-des-synagogues-du-languedoc\/","og_locale":"es_ES","og_type":"article","og_title":"Andr\u00e9 Ta\u00efeb, Chants s\u00e9farades des synagogues du Languedoc - Institut Europ\u00e9en des Musiques Juives","og_description":"This CD dedicated to Andr\u00e9 Ta\u00efeb is based on Pierre-Luc Ben Soussan's remarkable collection of songs from the synagogues of Montpellier and the surrounding region.","og_url":"https:\/\/www.iemj.org\/es\/produit\/andre-taieb-chants-sefarades-des-synagogues-du-languedoc\/","og_site_name":"Institut Europ\u00e9en des Musiques Juives","article_publisher":"https:\/\/www.facebook.com\/MusiquesJuives\/","article_modified_time":"2024-09-23T08:17:43+00:00","og_image":[{"width":350,"height":314,"url":"https:\/\/www.iemj.org\/wp-content\/uploads\/2024\/09\/COUV-CD-Andre-Taieb_350X314-px.jpg","type":"image\/jpeg"}],"twitter_card":"summary_large_image","twitter_misc":{"Tiempo de lectura":"1 minuto"},"schema":{"@context":"https:\/\/schema.org","@graph":[{"@type":"WebPage","@id":"https:\/\/www.iemj.org\/es\/produit\/andre-taieb-chants-sefarades-des-synagogues-du-languedoc\/","url":"https:\/\/www.iemj.org\/es\/produit\/andre-taieb-chants-sefarades-des-synagogues-du-languedoc\/","name":"Andr\u00e9 Ta\u00efeb, Chants s\u00e9farades des synagogues du Languedoc - Institut Europ\u00e9en des Musiques Juives","isPartOf":{"@id":"https:\/\/www.iemj.org\/es\/#website"},"primaryImageOfPage":{"@id":"https:\/\/www.iemj.org\/es\/produit\/andre-taieb-chants-sefarades-des-synagogues-du-languedoc\/#primaryimage"},"image":{"@id":"https:\/\/www.iemj.org\/es\/produit\/andre-taieb-chants-sefarades-des-synagogues-du-languedoc\/#primaryimage"},"thumbnailUrl":"https:\/\/www.iemj.org\/wp-content\/uploads\/2024\/09\/COUV-CD-Andre-Taieb_350X314-px.jpg","datePublished":"2024-09-23T08:16:35+00:00","dateModified":"2024-09-23T08:17:43+00:00","breadcrumb":{"@id":"https:\/\/www.iemj.org\/es\/produit\/andre-taieb-chants-sefarades-des-synagogues-du-languedoc\/#breadcrumb"},"inLanguage":"es","potentialAction":[{"@type":"ReadAction","target":["https:\/\/www.iemj.org\/es\/produit\/andre-taieb-chants-sefarades-des-synagogues-du-languedoc\/"]}]},{"@type":"ImageObject","inLanguage":"es","@id":"https:\/\/www.iemj.org\/es\/produit\/andre-taieb-chants-sefarades-des-synagogues-du-languedoc\/#primaryimage","url":"https:\/\/www.iemj.org\/wp-content\/uploads\/2024\/09\/COUV-CD-Andre-Taieb_350X314-px.jpg","contentUrl":"https:\/\/www.iemj.org\/wp-content\/uploads\/2024\/09\/COUV-CD-Andre-Taieb_350X314-px.jpg","width":350,"height":314},{"@type":"BreadcrumbList","@id":"https:\/\/www.iemj.org\/es\/produit\/andre-taieb-chants-sefarades-des-synagogues-du-languedoc\/#breadcrumb","itemListElement":[{"@type":"ListItem","position":1,"name":"Accueil","item":"https:\/\/www.iemj.org\/es\/"},{"@type":"ListItem","position":2,"name":"Tienda","item":"https:\/\/www.iemj.org\/es\/tienda\/"},{"@type":"ListItem","position":3,"name":"Andr\u00e9 Ta\u00efeb, Chants s\u00e9farades des synagogues du Languedoc"}]},{"@type":"WebSite","@id":"https:\/\/www.iemj.org\/es\/#website","url":"https:\/\/www.iemj.org\/es\/","name":"Institut Europ\u00e9en des Musiques Juives","description":"Des traditions musicales \u00e0 la port\u00e9e de tous","publisher":{"@id":"https:\/\/www.iemj.org\/es\/#organization"},"potentialAction":[{"@type":"SearchAction","target":{"@type":"EntryPoint","urlTemplate":"https:\/\/www.iemj.org\/es\/?s={search_term_string}"},"query-input":{"@type":"PropertyValueSpecification","valueRequired":true,"valueName":"search_term_string"}}],"inLanguage":"es"},{"@type":"Organization","@id":"https:\/\/www.iemj.org\/es\/#organization","name":"Institut Europ\u00e9en des Musiques Juives","url":"https:\/\/www.iemj.org\/es\/","logo":{"@type":"ImageObject","inLanguage":"es","@id":"https:\/\/www.iemj.org\/es\/#\/schema\/logo\/image\/","url":"https:\/\/www.iemj.org\/wp-content\/uploads\/2021\/09\/Logo-IEMJ-Paypal.jpg","contentUrl":"https:\/\/www.iemj.org\/wp-content\/uploads\/2021\/09\/Logo-IEMJ-Paypal.jpg","width":150,"height":50,"caption":"Institut Europ\u00e9en des Musiques Juives"},"image":{"@id":"https:\/\/www.iemj.org\/es\/#\/schema\/logo\/image\/"},"sameAs":["https:\/\/www.facebook.com\/MusiquesJuives\/","https:\/\/www.instagram.com\/musiquesjuives\/","https:\/\/www.youtube.com\/user\/musiquesjuives"]}]}},"_links":{"self":[{"href":"https:\/\/www.iemj.org\/es\/wp-json\/wp\/v2\/product\/113889","targetHints":{"allow":["GET"]}}],"collection":[{"href":"https:\/\/www.iemj.org\/es\/wp-json\/wp\/v2\/product"}],"about":[{"href":"https:\/\/www.iemj.org\/es\/wp-json\/wp\/v2\/types\/product"}],"replies":[{"embeddable":true,"href":"https:\/\/www.iemj.org\/es\/wp-json\/wp\/v2\/comments?post=113889"}],"wp:featuredmedia":[{"embeddable":true,"href":"https:\/\/www.iemj.org\/es\/wp-json\/wp\/v2\/media\/113837"}],"wp:attachment":[{"href":"https:\/\/www.iemj.org\/es\/wp-json\/wp\/v2\/media?parent=113889"}],"wp:term":[{"taxonomy":"product_brand","embeddable":true,"href":"https:\/\/www.iemj.org\/es\/wp-json\/wp\/v2\/product_brand?post=113889"},{"taxonomy":"product_cat","embeddable":true,"href":"https:\/\/www.iemj.org\/es\/wp-json\/wp\/v2\/product_cat?post=113889"},{"taxonomy":"product_tag","embeddable":true,"href":"https:\/\/www.iemj.org\/es\/wp-json\/wp\/v2\/product_tag?post=113889"}],"curies":[{"name":"wp","href":"https:\/\/api.w.org\/{rel}","templated":true}]}}