{"id":49237,"date":"2015-02-04T17:36:13","date_gmt":"2020-07-13T15:36:13","guid":{"rendered":"https:\/\/www.iemj.org\/produit\/nokh-oyfn-veg\/"},"modified":"2021-07-21T14:33:57","modified_gmt":"2021-07-21T12:33:57","slug":"nokh-oyfn-veg","status":"publish","type":"product","link":"https:\/\/www.iemj.org\/es\/produit\/nokh-oyfn-veg\/","title":{"rendered":"Nokh Oyfn Veg"},"content":{"rendered":"<p>Four years after their [first CD-&gt;https:\/\/www.iemj.org\/en\/media-libraryhalphen\/latest-acquisitions\/cd\/oyfn-veg-en-chemin.html?lang=en], here is the second album of the band \u00ab Oyfn Veg \u00bb.<\/p>\n<p>To the initial trio Isajoan with Anne Garcenot, Jo\u00eblle Garcenot and Isabelle Morelli have joined Roberto Graiff, tenor, and Jacques Fatus, bass and guitar.<\/p>\n<p>This album features polyphonic songs for mixed voices. They have been recorded by professional soloists, and harmonized for a choir.<\/p>\n<p>It needs time to get acquainted with this culture before singing it, and express the joy and nostalgia, with a glimpse of hope.<\/p>\n<p>Extraits :<\/p>\n<p>01 &#8211; Tumbalalaika<\/p>\n<audio class=\"wp-audio-shortcode\" id=\"audio-49237-1\" preload=\"none\" style=\"width: 100%;\" controls=\"controls\"><source type=\"audio\/mpeg\" src=\"https:\/\/www.iemj.org\/wp-content\/uploads\/2020\/07\/01-Tumbalalaika-Extrait.mp3?_=1\" \/><a href=\"https:\/\/www.iemj.org\/wp-content\/uploads\/2020\/07\/01-Tumbalalaika-Extrait.mp3\">https:\/\/www.iemj.org\/wp-content\/uploads\/2020\/07\/01-Tumbalalaika-Extrait.mp3<\/a><\/audio>\n<p>02 &#8211; Ydl mitn fidl<\/p>\n<audio class=\"wp-audio-shortcode\" id=\"audio-49237-2\" preload=\"none\" style=\"width: 100%;\" controls=\"controls\"><source type=\"audio\/mpeg\" src=\"https:\/\/www.iemj.org\/wp-content\/uploads\/2020\/07\/02-Ydl-mitn-fild-Extrait.mp3?_=2\" \/><a href=\"https:\/\/www.iemj.org\/wp-content\/uploads\/2020\/07\/02-Ydl-mitn-fild-Extrait.mp3\">https:\/\/www.iemj.org\/wp-content\/uploads\/2020\/07\/02-Ydl-mitn-fild-Extrait.mp3<\/a><\/audio>\n<p>03 &#8211; Vu iz dos gesele<\/p>\n<audio class=\"wp-audio-shortcode\" id=\"audio-49237-3\" preload=\"none\" style=\"width: 100%;\" controls=\"controls\"><source type=\"audio\/mpeg\" src=\"https:\/\/www.iemj.org\/wp-content\/uploads\/2020\/07\/03-Vu-iz-dos-gesele-Extrait.mp3?_=3\" \/><a href=\"https:\/\/www.iemj.org\/wp-content\/uploads\/2020\/07\/03-Vu-iz-dos-gesele-Extrait.mp3\">https:\/\/www.iemj.org\/wp-content\/uploads\/2020\/07\/03-Vu-iz-dos-gesele-Extrait.mp3<\/a><\/audio>\n<p>04 &#8211; Dem milners trern<\/p>\n<audio class=\"wp-audio-shortcode\" id=\"audio-49237-4\" preload=\"none\" style=\"width: 100%;\" controls=\"controls\"><source type=\"audio\/mpeg\" src=\"https:\/\/www.iemj.org\/wp-content\/uploads\/2020\/07\/04-Dem-milners-trern-Extrait.mp3?_=4\" \/><a href=\"https:\/\/www.iemj.org\/wp-content\/uploads\/2020\/07\/04-Dem-milners-trern-Extrait.mp3\">https:\/\/www.iemj.org\/wp-content\/uploads\/2020\/07\/04-Dem-milners-trern-Extrait.mp3<\/a><\/audio>\n<p>05 &#8211; Khavele<\/p>\n<audio class=\"wp-audio-shortcode\" id=\"audio-49237-5\" preload=\"none\" style=\"width: 100%;\" controls=\"controls\"><source type=\"audio\/mpeg\" src=\"https:\/\/www.iemj.org\/wp-content\/uploads\/2020\/07\/05-Khavele-Extrait.mp3?_=5\" \/><a href=\"https:\/\/www.iemj.org\/wp-content\/uploads\/2020\/07\/05-Khavele-Extrait.mp3\">https:\/\/www.iemj.org\/wp-content\/uploads\/2020\/07\/05-Khavele-Extrait.mp3<\/a><\/audio>\n<p>06 &#8211; Una pastora<\/p>\n<audio class=\"wp-audio-shortcode\" id=\"audio-49237-6\" preload=\"none\" style=\"width: 100%;\" controls=\"controls\"><source type=\"audio\/mpeg\" src=\"https:\/\/www.iemj.org\/wp-content\/uploads\/2020\/07\/06-Una-pastora-Extrait.mp3?_=6\" \/><a href=\"https:\/\/www.iemj.org\/wp-content\/uploads\/2020\/07\/06-Una-pastora-Extrait.mp3\">https:\/\/www.iemj.org\/wp-content\/uploads\/2020\/07\/06-Una-pastora-Extrait.mp3<\/a><\/audio>\n<p>07 &#8211; A la una<\/p>\n<audio class=\"wp-audio-shortcode\" id=\"audio-49237-7\" preload=\"none\" style=\"width: 100%;\" controls=\"controls\"><source type=\"audio\/mpeg\" src=\"https:\/\/www.iemj.org\/wp-content\/uploads\/2020\/07\/07-A-la-una-Extrait.mp3?_=7\" \/><a href=\"https:\/\/www.iemj.org\/wp-content\/uploads\/2020\/07\/07-A-la-una-Extrait.mp3\">https:\/\/www.iemj.org\/wp-content\/uploads\/2020\/07\/07-A-la-una-Extrait.mp3<\/a><\/audio>\n<p>09 &#8211; Dos lidl fun goldenem land<\/p>\n<audio class=\"wp-audio-shortcode\" id=\"audio-49237-8\" preload=\"none\" style=\"width: 100%;\" controls=\"controls\"><source type=\"audio\/mpeg\" src=\"https:\/\/www.iemj.org\/wp-content\/uploads\/2020\/07\/09-Dos-lidl-fun-golderman-land-Extrait.mp3?_=8\" \/><a href=\"https:\/\/www.iemj.org\/wp-content\/uploads\/2020\/07\/09-Dos-lidl-fun-golderman-land-Extrait.mp3\">https:\/\/www.iemj.org\/wp-content\/uploads\/2020\/07\/09-Dos-lidl-fun-golderman-land-Extrait.mp3<\/a><\/audio>\n<p>13 &#8211; Du, du<\/p>\n<audio class=\"wp-audio-shortcode\" id=\"audio-49237-9\" preload=\"none\" style=\"width: 100%;\" controls=\"controls\"><source type=\"audio\/mpeg\" src=\"https:\/\/www.iemj.org\/wp-content\/uploads\/2020\/07\/13-Du-du-Extrait.mp3?_=9\" \/><a href=\"https:\/\/www.iemj.org\/wp-content\/uploads\/2020\/07\/13-Du-du-Extrait.mp3\">https:\/\/www.iemj.org\/wp-content\/uploads\/2020\/07\/13-Du-du-Extrait.mp3<\/a><\/audio>\n<p>17 &#8211; Bay mir bistu sheyn<\/p>\n<audio class=\"wp-audio-shortcode\" id=\"audio-49237-10\" preload=\"none\" style=\"width: 100%;\" controls=\"controls\"><source type=\"audio\/mpeg\" src=\"https:\/\/www.iemj.org\/wp-content\/uploads\/2020\/07\/17-Bay-mir-bistu-sheryn-Extrait.mp3?_=10\" \/><a href=\"https:\/\/www.iemj.org\/wp-content\/uploads\/2020\/07\/17-Bay-mir-bistu-sheryn-Extrait.mp3\">https:\/\/www.iemj.org\/wp-content\/uploads\/2020\/07\/17-Bay-mir-bistu-sheryn-Extrait.mp3<\/a><\/audio>\n<p>18 &#8211; A glezele lekhayim<\/p>\n<audio class=\"wp-audio-shortcode\" id=\"audio-49237-11\" preload=\"none\" style=\"width: 100%;\" controls=\"controls\"><source type=\"audio\/mpeg\" src=\"https:\/\/www.iemj.org\/wp-content\/uploads\/2020\/07\/18-A-glezele-lekhayim-Extrait.mp3?_=11\" \/><a href=\"https:\/\/www.iemj.org\/wp-content\/uploads\/2020\/07\/18-A-glezele-lekhayim-Extrait.mp3\">https:\/\/www.iemj.org\/wp-content\/uploads\/2020\/07\/18-A-glezele-lekhayim-Extrait.mp3<\/a><\/audio>\n","protected":false},"excerpt":{"rendered":"<div id=\"tw-target-text-container\" class=\"tw-ta-container hide-focus-ring tw-nfl\">\n<p id=\"tw-target-text\" class=\"tw-data-text tw-text-large XcVN5d tw-ta\" dir=\"ltr\" style=\"text-align: left;\"><span lang=\"en\" xml:lang=\"en\">Polyphonic songs for mixed voices, harmonized for choir by and under the direction of Jean Golgevit.<\/span><\/p>\n<\/div>\n","protected":false},"featured_media":57583,"comment_status":"open","ping_status":"closed","template":"","meta":{"_acf_changed":false},"product_brand":[],"product_cat":[1993,2299,2300],"product_tag":[],"class_list":{"0":"post-49237","1":"product","2":"type-product","3":"status-publish","4":"has-post-thumbnail","6":"product_cat-cd-es","7":"product_cat-klezmer-yiddish-en-en-es","8":"product_cat-otros-editores-es","10":"first","11":"outofstock","12":"shipping-taxable","13":"purchasable","14":"product-type-simple"},"acf":[],"yoast_head":"<!-- This site is optimized with the Yoast SEO plugin v27.3 - https:\/\/yoast.com\/product\/yoast-seo-wordpress\/ -->\n<title>Nokh Oyfn Veg - Institut Europ\u00e9en des Musiques Juives<\/title>\n<meta name=\"robots\" content=\"index, follow, max-snippet:-1, max-image-preview:large, max-video-preview:-1\" \/>\n<link rel=\"canonical\" href=\"https:\/\/www.iemj.org\/es\/produit\/nokh-oyfn-veg\/\" \/>\n<meta property=\"og:locale\" content=\"es_ES\" \/>\n<meta property=\"og:type\" content=\"article\" \/>\n<meta property=\"og:title\" content=\"Nokh Oyfn Veg - Institut Europ\u00e9en des Musiques Juives\" \/>\n<meta property=\"og:description\" content=\"Polyphonic songs for mixed voices, harmonized for choir by and under the direction of Jean Golgevit.\" \/>\n<meta property=\"og:url\" content=\"https:\/\/www.iemj.org\/es\/produit\/nokh-oyfn-veg\/\" \/>\n<meta property=\"og:site_name\" content=\"Institut Europ\u00e9en des Musiques Juives\" \/>\n<meta property=\"article:publisher\" content=\"https:\/\/www.facebook.com\/MusiquesJuives\/\" \/>\n<meta property=\"article:modified_time\" content=\"2021-07-21T12:33:57+00:00\" \/>\n<meta property=\"og:image\" content=\"https:\/\/www.iemj.org\/wp-content\/uploads\/2020\/07\/COUV-CD-NOKH-OYFN-VEG.jpg\" \/>\n\t<meta property=\"og:image:width\" content=\"350\" \/>\n\t<meta property=\"og:image:height\" content=\"314\" \/>\n\t<meta property=\"og:image:type\" content=\"image\/jpeg\" \/>\n<meta name=\"twitter:card\" content=\"summary_large_image\" \/>\n<meta name=\"twitter:label1\" content=\"Tiempo de lectura\" \/>\n\t<meta name=\"twitter:data1\" content=\"1 minuto\" \/>\n<script type=\"application\/ld+json\" class=\"yoast-schema-graph\">{\"@context\":\"https:\\\/\\\/schema.org\",\"@graph\":[{\"@type\":\"WebPage\",\"@id\":\"https:\\\/\\\/www.iemj.org\\\/es\\\/produit\\\/nokh-oyfn-veg\\\/\",\"url\":\"https:\\\/\\\/www.iemj.org\\\/es\\\/produit\\\/nokh-oyfn-veg\\\/\",\"name\":\"Nokh Oyfn Veg - Institut Europ\u00e9en des Musiques Juives\",\"isPartOf\":{\"@id\":\"https:\\\/\\\/www.iemj.org\\\/es\\\/#website\"},\"primaryImageOfPage\":{\"@id\":\"https:\\\/\\\/www.iemj.org\\\/es\\\/produit\\\/nokh-oyfn-veg\\\/#primaryimage\"},\"image\":{\"@id\":\"https:\\\/\\\/www.iemj.org\\\/es\\\/produit\\\/nokh-oyfn-veg\\\/#primaryimage\"},\"thumbnailUrl\":\"https:\\\/\\\/www.iemj.org\\\/wp-content\\\/uploads\\\/2020\\\/07\\\/COUV-CD-NOKH-OYFN-VEG.jpg\",\"datePublished\":\"2020-07-13T15:36:13+00:00\",\"dateModified\":\"2021-07-21T12:33:57+00:00\",\"breadcrumb\":{\"@id\":\"https:\\\/\\\/www.iemj.org\\\/es\\\/produit\\\/nokh-oyfn-veg\\\/#breadcrumb\"},\"inLanguage\":\"es\",\"potentialAction\":[{\"@type\":\"ReadAction\",\"target\":[\"https:\\\/\\\/www.iemj.org\\\/es\\\/produit\\\/nokh-oyfn-veg\\\/\"]}]},{\"@type\":\"ImageObject\",\"inLanguage\":\"es\",\"@id\":\"https:\\\/\\\/www.iemj.org\\\/es\\\/produit\\\/nokh-oyfn-veg\\\/#primaryimage\",\"url\":\"https:\\\/\\\/www.iemj.org\\\/wp-content\\\/uploads\\\/2020\\\/07\\\/COUV-CD-NOKH-OYFN-VEG.jpg\",\"contentUrl\":\"https:\\\/\\\/www.iemj.org\\\/wp-content\\\/uploads\\\/2020\\\/07\\\/COUV-CD-NOKH-OYFN-VEG.jpg\",\"width\":350,\"height\":314,\"caption\":\"COUV CD NOKH OYFN VEG\"},{\"@type\":\"BreadcrumbList\",\"@id\":\"https:\\\/\\\/www.iemj.org\\\/es\\\/produit\\\/nokh-oyfn-veg\\\/#breadcrumb\",\"itemListElement\":[{\"@type\":\"ListItem\",\"position\":1,\"name\":\"Accueil\",\"item\":\"https:\\\/\\\/www.iemj.org\\\/es\\\/\"},{\"@type\":\"ListItem\",\"position\":2,\"name\":\"Tienda\",\"item\":\"https:\\\/\\\/www.iemj.org\\\/es\\\/tienda\\\/\"},{\"@type\":\"ListItem\",\"position\":3,\"name\":\"Nokh Oyfn Veg\"}]},{\"@type\":\"WebSite\",\"@id\":\"https:\\\/\\\/www.iemj.org\\\/es\\\/#website\",\"url\":\"https:\\\/\\\/www.iemj.org\\\/es\\\/\",\"name\":\"Institut Europ\u00e9en des Musiques Juives\",\"description\":\"Des traditions musicales \u00e0 la port\u00e9e de tous\",\"publisher\":{\"@id\":\"https:\\\/\\\/www.iemj.org\\\/es\\\/#organization\"},\"potentialAction\":[{\"@type\":\"SearchAction\",\"target\":{\"@type\":\"EntryPoint\",\"urlTemplate\":\"https:\\\/\\\/www.iemj.org\\\/es\\\/?s={search_term_string}\"},\"query-input\":{\"@type\":\"PropertyValueSpecification\",\"valueRequired\":true,\"valueName\":\"search_term_string\"}}],\"inLanguage\":\"es\"},{\"@type\":\"Organization\",\"@id\":\"https:\\\/\\\/www.iemj.org\\\/es\\\/#organization\",\"name\":\"Institut Europ\u00e9en des Musiques Juives\",\"url\":\"https:\\\/\\\/www.iemj.org\\\/es\\\/\",\"logo\":{\"@type\":\"ImageObject\",\"inLanguage\":\"es\",\"@id\":\"https:\\\/\\\/www.iemj.org\\\/es\\\/#\\\/schema\\\/logo\\\/image\\\/\",\"url\":\"https:\\\/\\\/www.iemj.org\\\/wp-content\\\/uploads\\\/2021\\\/09\\\/Logo-IEMJ-Paypal.jpg\",\"contentUrl\":\"https:\\\/\\\/www.iemj.org\\\/wp-content\\\/uploads\\\/2021\\\/09\\\/Logo-IEMJ-Paypal.jpg\",\"width\":150,\"height\":50,\"caption\":\"Institut Europ\u00e9en des Musiques Juives\"},\"image\":{\"@id\":\"https:\\\/\\\/www.iemj.org\\\/es\\\/#\\\/schema\\\/logo\\\/image\\\/\"},\"sameAs\":[\"https:\\\/\\\/www.facebook.com\\\/MusiquesJuives\\\/\",\"https:\\\/\\\/www.instagram.com\\\/musiquesjuives\\\/\",\"https:\\\/\\\/www.youtube.com\\\/user\\\/musiquesjuives\"]}]}<\/script>\n<!-- \/ Yoast SEO plugin. -->","yoast_head_json":{"title":"Nokh Oyfn Veg - Institut Europ\u00e9en des Musiques Juives","robots":{"index":"index","follow":"follow","max-snippet":"max-snippet:-1","max-image-preview":"max-image-preview:large","max-video-preview":"max-video-preview:-1"},"canonical":"https:\/\/www.iemj.org\/es\/produit\/nokh-oyfn-veg\/","og_locale":"es_ES","og_type":"article","og_title":"Nokh Oyfn Veg - Institut Europ\u00e9en des Musiques Juives","og_description":"Polyphonic songs for mixed voices, harmonized for choir by and under the direction of Jean Golgevit.","og_url":"https:\/\/www.iemj.org\/es\/produit\/nokh-oyfn-veg\/","og_site_name":"Institut Europ\u00e9en des Musiques Juives","article_publisher":"https:\/\/www.facebook.com\/MusiquesJuives\/","article_modified_time":"2021-07-21T12:33:57+00:00","og_image":[{"width":350,"height":314,"url":"https:\/\/www.iemj.org\/wp-content\/uploads\/2020\/07\/COUV-CD-NOKH-OYFN-VEG.jpg","type":"image\/jpeg"}],"twitter_card":"summary_large_image","twitter_misc":{"Tiempo de lectura":"1 minuto"},"schema":{"@context":"https:\/\/schema.org","@graph":[{"@type":"WebPage","@id":"https:\/\/www.iemj.org\/es\/produit\/nokh-oyfn-veg\/","url":"https:\/\/www.iemj.org\/es\/produit\/nokh-oyfn-veg\/","name":"Nokh Oyfn Veg - Institut Europ\u00e9en des Musiques Juives","isPartOf":{"@id":"https:\/\/www.iemj.org\/es\/#website"},"primaryImageOfPage":{"@id":"https:\/\/www.iemj.org\/es\/produit\/nokh-oyfn-veg\/#primaryimage"},"image":{"@id":"https:\/\/www.iemj.org\/es\/produit\/nokh-oyfn-veg\/#primaryimage"},"thumbnailUrl":"https:\/\/www.iemj.org\/wp-content\/uploads\/2020\/07\/COUV-CD-NOKH-OYFN-VEG.jpg","datePublished":"2020-07-13T15:36:13+00:00","dateModified":"2021-07-21T12:33:57+00:00","breadcrumb":{"@id":"https:\/\/www.iemj.org\/es\/produit\/nokh-oyfn-veg\/#breadcrumb"},"inLanguage":"es","potentialAction":[{"@type":"ReadAction","target":["https:\/\/www.iemj.org\/es\/produit\/nokh-oyfn-veg\/"]}]},{"@type":"ImageObject","inLanguage":"es","@id":"https:\/\/www.iemj.org\/es\/produit\/nokh-oyfn-veg\/#primaryimage","url":"https:\/\/www.iemj.org\/wp-content\/uploads\/2020\/07\/COUV-CD-NOKH-OYFN-VEG.jpg","contentUrl":"https:\/\/www.iemj.org\/wp-content\/uploads\/2020\/07\/COUV-CD-NOKH-OYFN-VEG.jpg","width":350,"height":314,"caption":"COUV CD NOKH OYFN VEG"},{"@type":"BreadcrumbList","@id":"https:\/\/www.iemj.org\/es\/produit\/nokh-oyfn-veg\/#breadcrumb","itemListElement":[{"@type":"ListItem","position":1,"name":"Accueil","item":"https:\/\/www.iemj.org\/es\/"},{"@type":"ListItem","position":2,"name":"Tienda","item":"https:\/\/www.iemj.org\/es\/tienda\/"},{"@type":"ListItem","position":3,"name":"Nokh Oyfn Veg"}]},{"@type":"WebSite","@id":"https:\/\/www.iemj.org\/es\/#website","url":"https:\/\/www.iemj.org\/es\/","name":"Institut Europ\u00e9en des Musiques Juives","description":"Des traditions musicales \u00e0 la port\u00e9e de tous","publisher":{"@id":"https:\/\/www.iemj.org\/es\/#organization"},"potentialAction":[{"@type":"SearchAction","target":{"@type":"EntryPoint","urlTemplate":"https:\/\/www.iemj.org\/es\/?s={search_term_string}"},"query-input":{"@type":"PropertyValueSpecification","valueRequired":true,"valueName":"search_term_string"}}],"inLanguage":"es"},{"@type":"Organization","@id":"https:\/\/www.iemj.org\/es\/#organization","name":"Institut Europ\u00e9en des Musiques Juives","url":"https:\/\/www.iemj.org\/es\/","logo":{"@type":"ImageObject","inLanguage":"es","@id":"https:\/\/www.iemj.org\/es\/#\/schema\/logo\/image\/","url":"https:\/\/www.iemj.org\/wp-content\/uploads\/2021\/09\/Logo-IEMJ-Paypal.jpg","contentUrl":"https:\/\/www.iemj.org\/wp-content\/uploads\/2021\/09\/Logo-IEMJ-Paypal.jpg","width":150,"height":50,"caption":"Institut Europ\u00e9en des Musiques Juives"},"image":{"@id":"https:\/\/www.iemj.org\/es\/#\/schema\/logo\/image\/"},"sameAs":["https:\/\/www.facebook.com\/MusiquesJuives\/","https:\/\/www.instagram.com\/musiquesjuives\/","https:\/\/www.youtube.com\/user\/musiquesjuives"]}]}},"_links":{"self":[{"href":"https:\/\/www.iemj.org\/es\/wp-json\/wp\/v2\/product\/49237","targetHints":{"allow":["GET"]}}],"collection":[{"href":"https:\/\/www.iemj.org\/es\/wp-json\/wp\/v2\/product"}],"about":[{"href":"https:\/\/www.iemj.org\/es\/wp-json\/wp\/v2\/types\/product"}],"replies":[{"embeddable":true,"href":"https:\/\/www.iemj.org\/es\/wp-json\/wp\/v2\/comments?post=49237"}],"wp:featuredmedia":[{"embeddable":true,"href":"https:\/\/www.iemj.org\/es\/wp-json\/wp\/v2\/media\/57583"}],"wp:attachment":[{"href":"https:\/\/www.iemj.org\/es\/wp-json\/wp\/v2\/media?parent=49237"}],"wp:term":[{"taxonomy":"product_brand","embeddable":true,"href":"https:\/\/www.iemj.org\/es\/wp-json\/wp\/v2\/product_brand?post=49237"},{"taxonomy":"product_cat","embeddable":true,"href":"https:\/\/www.iemj.org\/es\/wp-json\/wp\/v2\/product_cat?post=49237"},{"taxonomy":"product_tag","embeddable":true,"href":"https:\/\/www.iemj.org\/es\/wp-json\/wp\/v2\/product_tag?post=49237"}],"curies":[{"name":"wp","href":"https:\/\/api.w.org\/{rel}","templated":true}]}}