{"id":57347,"date":"2020-05-27T09:34:10","date_gmt":"2020-07-09T07:34:10","guid":{"rendered":"https:\/\/www.iemj.org\/produit\/josef-josef\/"},"modified":"2020-05-27T09:34:10","modified_gmt":"2020-07-09T07:34:10","slug":"josef-josef","status":"publish","type":"product","link":"https:\/\/www.iemj.org\/es\/produit\/josef-josef\/","title":{"rendered":"Josef Josef"},"content":{"rendered":"<p>\u201c<i>Josef Josef<\/i> is the name of a Yiddish song written in 1923 by Nellie Casman: <i>Yossel Yossel<\/i>\u2026 When my father heard that song, his face lit up with a sentimental smile. <i>Josef Josef<\/i> was one of his favorite songs. I decided to name the band Josef Josef, a mark of how this melody has stayed with me as long as I can remember<\/p>\n<p><i>Josef Josef<\/i>\u2019s first album consists of twelve songs, six of which are in Yiddish, the language of my grandparents. It also includes gypsy songs, traditional pieces from Russia and the Balkans (Serbia, Moldova), and one original composition. All this music fascinates me and transports me, and since the age of fifteen I have never stopped listening, discovering and playing it.<\/p>\n<p>Coming from several musical backgrounds, we are five instrumentalists who have known each other for a long time, notably in the group <i>Les Yeux Noirs<\/i> (1992-2017). The violin interacts in musical dialogues with the guitar and the accordion, and, in a less traditional way, with the drums and the bass. Three of us also sing.<\/p>\n<p>Everyone finds their way in different musical universes. And so, to create the unique sound of <i>Josef Josef<\/i>, we combine all our influences \u2014 world, jazz, classical, pop and rock \u2014 because we love them all.\u201d Eric Slabiak<\/p>\n<p><strong>Eric Slabiak<\/strong> (violin), <strong>Frank Anastasio<\/strong> (guitar), <strong>Dario Ivkovic<\/strong> (accordion), <strong>J\u00e9r\u00f4me Arrighi<\/strong> (bass), <strong>R\u00e9mi Sanna<\/strong> (drums).<\/p>\n<p>Extraits:<\/p>\n<p>01 &#8211; Chelipe<\/p>\n<audio class=\"wp-audio-shortcode\" id=\"audio-57347-1\" preload=\"none\" style=\"width: 100%;\" controls=\"controls\"><source type=\"audio\/mpeg\" src=\"https:\/\/www.iemj.org\/wp-content\/uploads\/2020\/07\/1.chelipe.mp3?_=1\" \/><a href=\"https:\/\/www.iemj.org\/wp-content\/uploads\/2020\/07\/1.chelipe.mp3\">https:\/\/www.iemj.org\/wp-content\/uploads\/2020\/07\/1.chelipe.mp3<\/a><\/audio>\n<p>02 &#8211; Unter Dayne Vayse Shtern<\/p>\n<audio class=\"wp-audio-shortcode\" id=\"audio-57347-2\" preload=\"none\" style=\"width: 100%;\" controls=\"controls\"><source type=\"audio\/mpeg\" src=\"https:\/\/www.iemj.org\/wp-content\/uploads\/2020\/07\/2.unter_dayne_vayse_shtern.mp3?_=2\" \/><a href=\"https:\/\/www.iemj.org\/wp-content\/uploads\/2020\/07\/2.unter_dayne_vayse_shtern.mp3\">https:\/\/www.iemj.org\/wp-content\/uploads\/2020\/07\/2.unter_dayne_vayse_shtern.mp3<\/a><\/audio>\n<p>03 &#8211; Opinca Hora De Mana<\/p>\n<audio class=\"wp-audio-shortcode\" id=\"audio-57347-3\" preload=\"none\" style=\"width: 100%;\" controls=\"controls\"><source type=\"audio\/mpeg\" src=\"https:\/\/www.iemj.org\/wp-content\/uploads\/2020\/07\/3.opinca_hora_de_mana.mp3?_=3\" \/><a href=\"https:\/\/www.iemj.org\/wp-content\/uploads\/2020\/07\/3.opinca_hora_de_mana.mp3\">https:\/\/www.iemj.org\/wp-content\/uploads\/2020\/07\/3.opinca_hora_de_mana.mp3<\/a><\/audio>\n<p>04 &#8211; A Glezele Lekhayim<\/p>\n<audio class=\"wp-audio-shortcode\" id=\"audio-57347-4\" preload=\"none\" style=\"width: 100%;\" controls=\"controls\"><source type=\"audio\/mpeg\" src=\"https:\/\/www.iemj.org\/wp-content\/uploads\/2020\/07\/4.a_glezele_lekhayim.mp3?_=4\" \/><a href=\"https:\/\/www.iemj.org\/wp-content\/uploads\/2020\/07\/4.a_glezele_lekhayim.mp3\">https:\/\/www.iemj.org\/wp-content\/uploads\/2020\/07\/4.a_glezele_lekhayim.mp3<\/a><\/audio>\n<p>05 &#8211; Sila Kale Bal<\/p>\n<audio class=\"wp-audio-shortcode\" id=\"audio-57347-5\" preload=\"none\" style=\"width: 100%;\" controls=\"controls\"><source type=\"audio\/mpeg\" src=\"https:\/\/www.iemj.org\/wp-content\/uploads\/2020\/07\/5.sila_kale_bal.mp3?_=5\" \/><a href=\"https:\/\/www.iemj.org\/wp-content\/uploads\/2020\/07\/5.sila_kale_bal.mp3\">https:\/\/www.iemj.org\/wp-content\/uploads\/2020\/07\/5.sila_kale_bal.mp3<\/a><\/audio>\n<p>06 &#8211; Hora Lui Buica<\/p>\n<audio class=\"wp-audio-shortcode\" id=\"audio-57347-6\" preload=\"none\" style=\"width: 100%;\" controls=\"controls\"><source type=\"audio\/mpeg\" src=\"https:\/\/www.iemj.org\/wp-content\/uploads\/2020\/07\/6.hora_lui_buica.mp3?_=6\" \/><a href=\"https:\/\/www.iemj.org\/wp-content\/uploads\/2020\/07\/6.hora_lui_buica.mp3\">https:\/\/www.iemj.org\/wp-content\/uploads\/2020\/07\/6.hora_lui_buica.mp3<\/a><\/audio>\n<p>07 &#8211; Sheyn Vi Di Levone<\/p>\n<audio class=\"wp-audio-shortcode\" id=\"audio-57347-7\" preload=\"none\" style=\"width: 100%;\" controls=\"controls\"><source type=\"audio\/mpeg\" src=\"https:\/\/www.iemj.org\/wp-content\/uploads\/2020\/07\/7.sheyn_vi_di_levone.mp3?_=7\" \/><a href=\"https:\/\/www.iemj.org\/wp-content\/uploads\/2020\/07\/7.sheyn_vi_di_levone.mp3\">https:\/\/www.iemj.org\/wp-content\/uploads\/2020\/07\/7.sheyn_vi_di_levone.mp3<\/a><\/audio>\n<p>08 &#8211; Zvecansko Kolo<\/p>\n<audio class=\"wp-audio-shortcode\" id=\"audio-57347-8\" preload=\"none\" style=\"width: 100%;\" controls=\"controls\"><source type=\"audio\/mpeg\" src=\"https:\/\/www.iemj.org\/wp-content\/uploads\/2020\/07\/8.zvecansko_kolo.mp3?_=8\" \/><a href=\"https:\/\/www.iemj.org\/wp-content\/uploads\/2020\/07\/8.zvecansko_kolo.mp3\">https:\/\/www.iemj.org\/wp-content\/uploads\/2020\/07\/8.zvecansko_kolo.mp3<\/a><\/audio>\n<p>09 &#8211; Gene Roma<\/p>\n<audio class=\"wp-audio-shortcode\" id=\"audio-57347-9\" preload=\"none\" style=\"width: 100%;\" controls=\"controls\"><source type=\"audio\/mpeg\" src=\"https:\/\/www.iemj.org\/wp-content\/uploads\/2020\/07\/9.gene_roma.mp3?_=9\" \/><a href=\"https:\/\/www.iemj.org\/wp-content\/uploads\/2020\/07\/9.gene_roma.mp3\">https:\/\/www.iemj.org\/wp-content\/uploads\/2020\/07\/9.gene_roma.mp3<\/a><\/audio>\n<p>10 &#8211; Brontshele<\/p>\n<audio class=\"wp-audio-shortcode\" id=\"audio-57347-10\" preload=\"none\" style=\"width: 100%;\" controls=\"controls\"><source type=\"audio\/mpeg\" src=\"https:\/\/www.iemj.org\/wp-content\/uploads\/2020\/07\/10.brontshele.mp3?_=10\" \/><a href=\"https:\/\/www.iemj.org\/wp-content\/uploads\/2020\/07\/10.brontshele.mp3\">https:\/\/www.iemj.org\/wp-content\/uploads\/2020\/07\/10.brontshele.mp3<\/a><\/audio>\n<p>11 &#8211; Vi Zaynen Mayne Zibn Guite Yur<\/p>\n<audio class=\"wp-audio-shortcode\" id=\"audio-57347-11\" preload=\"none\" style=\"width: 100%;\" controls=\"controls\"><source type=\"audio\/mpeg\" src=\"https:\/\/www.iemj.org\/wp-content\/uploads\/2020\/07\/11.vi_zaynen_mayne_zibn_guite_yur.mp3?_=11\" \/><a href=\"https:\/\/www.iemj.org\/wp-content\/uploads\/2020\/07\/11.vi_zaynen_mayne_zibn_guite_yur.mp3\">https:\/\/www.iemj.org\/wp-content\/uploads\/2020\/07\/11.vi_zaynen_mayne_zibn_guite_yur.mp3<\/a><\/audio>\n<p>12 &#8211; Josef Tanz<\/p>\n<audio class=\"wp-audio-shortcode\" id=\"audio-57347-12\" preload=\"none\" style=\"width: 100%;\" controls=\"controls\"><source type=\"audio\/mpeg\" src=\"https:\/\/www.iemj.org\/wp-content\/uploads\/2020\/07\/12.josef_tanz.mp3?_=12\" \/><a href=\"https:\/\/www.iemj.org\/wp-content\/uploads\/2020\/07\/12.josef_tanz.mp3\">https:\/\/www.iemj.org\/wp-content\/uploads\/2020\/07\/12.josef_tanz.mp3<\/a><\/audio>\n<p>&nbsp;<\/p>\n","protected":false},"excerpt":{"rendered":"<p id=\"tw-target-text\" class=\"tw-data-text tw-ta tw-text-small\" dir=\"ltr\" style=\"text-align: left; height: 120px;\">First album of the group <strong><i>Josef Josef<\/i><\/strong>, it includes Yiddish, Gypsy, and Russian sounds.<\/p>\n","protected":false},"featured_media":57593,"comment_status":"open","ping_status":"closed","template":"","meta":{"_acf_changed":false},"product_brand":[],"product_cat":[1993,2299,2300],"product_tag":[],"class_list":{"0":"post-57347","1":"product","2":"type-product","3":"status-publish","4":"has-post-thumbnail","6":"product_cat-cd-es","7":"product_cat-klezmer-yiddish-en-en-es","8":"product_cat-otros-editores-es","10":"first","11":"outofstock","12":"shipping-taxable","13":"purchasable","14":"product-type-simple"},"acf":[],"yoast_head":"<!-- This site is optimized with the Yoast SEO plugin v27.3 - https:\/\/yoast.com\/product\/yoast-seo-wordpress\/ -->\n<title>Josef Josef - Institut Europ\u00e9en des Musiques Juives<\/title>\n<meta name=\"robots\" content=\"index, follow, max-snippet:-1, max-image-preview:large, max-video-preview:-1\" \/>\n<link rel=\"canonical\" href=\"https:\/\/www.iemj.org\/es\/produit\/josef-josef\/\" \/>\n<meta property=\"og:locale\" content=\"es_ES\" \/>\n<meta property=\"og:type\" content=\"article\" \/>\n<meta property=\"og:title\" content=\"Josef Josef - Institut Europ\u00e9en des Musiques Juives\" \/>\n<meta property=\"og:description\" content=\"First album of the group Josef Josef, it includes Yiddish, Gypsy, and Russian sounds.\" \/>\n<meta property=\"og:url\" content=\"https:\/\/www.iemj.org\/es\/produit\/josef-josef\/\" \/>\n<meta property=\"og:site_name\" content=\"Institut Europ\u00e9en des Musiques Juives\" \/>\n<meta property=\"article:publisher\" content=\"https:\/\/www.facebook.com\/MusiquesJuives\/\" \/>\n<meta property=\"og:image\" content=\"https:\/\/www.iemj.org\/wp-content\/uploads\/2020\/05\/COUV-CD-Josef-Josef.jpg\" \/>\n\t<meta property=\"og:image:width\" content=\"350\" \/>\n\t<meta property=\"og:image:height\" content=\"314\" \/>\n\t<meta property=\"og:image:type\" content=\"image\/jpeg\" \/>\n<meta name=\"twitter:card\" content=\"summary_large_image\" \/>\n<meta name=\"twitter:label1\" content=\"Tiempo de lectura\" \/>\n\t<meta name=\"twitter:data1\" content=\"2 minutos\" \/>\n<script type=\"application\/ld+json\" class=\"yoast-schema-graph\">{\"@context\":\"https:\\\/\\\/schema.org\",\"@graph\":[{\"@type\":\"WebPage\",\"@id\":\"https:\\\/\\\/www.iemj.org\\\/es\\\/produit\\\/josef-josef\\\/\",\"url\":\"https:\\\/\\\/www.iemj.org\\\/es\\\/produit\\\/josef-josef\\\/\",\"name\":\"Josef Josef - Institut Europ\u00e9en des Musiques Juives\",\"isPartOf\":{\"@id\":\"https:\\\/\\\/www.iemj.org\\\/es\\\/#website\"},\"primaryImageOfPage\":{\"@id\":\"https:\\\/\\\/www.iemj.org\\\/es\\\/produit\\\/josef-josef\\\/#primaryimage\"},\"image\":{\"@id\":\"https:\\\/\\\/www.iemj.org\\\/es\\\/produit\\\/josef-josef\\\/#primaryimage\"},\"thumbnailUrl\":\"https:\\\/\\\/www.iemj.org\\\/wp-content\\\/uploads\\\/2020\\\/05\\\/COUV-CD-Josef-Josef.jpg\",\"datePublished\":\"2020-07-09T07:34:10+00:00\",\"breadcrumb\":{\"@id\":\"https:\\\/\\\/www.iemj.org\\\/es\\\/produit\\\/josef-josef\\\/#breadcrumb\"},\"inLanguage\":\"es\",\"potentialAction\":[{\"@type\":\"ReadAction\",\"target\":[\"https:\\\/\\\/www.iemj.org\\\/es\\\/produit\\\/josef-josef\\\/\"]}]},{\"@type\":\"ImageObject\",\"inLanguage\":\"es\",\"@id\":\"https:\\\/\\\/www.iemj.org\\\/es\\\/produit\\\/josef-josef\\\/#primaryimage\",\"url\":\"https:\\\/\\\/www.iemj.org\\\/wp-content\\\/uploads\\\/2020\\\/05\\\/COUV-CD-Josef-Josef.jpg\",\"contentUrl\":\"https:\\\/\\\/www.iemj.org\\\/wp-content\\\/uploads\\\/2020\\\/05\\\/COUV-CD-Josef-Josef.jpg\",\"width\":350,\"height\":314,\"caption\":\"COUV CD Josef Josef\"},{\"@type\":\"BreadcrumbList\",\"@id\":\"https:\\\/\\\/www.iemj.org\\\/es\\\/produit\\\/josef-josef\\\/#breadcrumb\",\"itemListElement\":[{\"@type\":\"ListItem\",\"position\":1,\"name\":\"Accueil\",\"item\":\"https:\\\/\\\/www.iemj.org\\\/es\\\/\"},{\"@type\":\"ListItem\",\"position\":2,\"name\":\"Tienda\",\"item\":\"https:\\\/\\\/www.iemj.org\\\/es\\\/tienda\\\/\"},{\"@type\":\"ListItem\",\"position\":3,\"name\":\"Josef Josef\"}]},{\"@type\":\"WebSite\",\"@id\":\"https:\\\/\\\/www.iemj.org\\\/es\\\/#website\",\"url\":\"https:\\\/\\\/www.iemj.org\\\/es\\\/\",\"name\":\"Institut Europ\u00e9en des Musiques Juives\",\"description\":\"Des traditions musicales \u00e0 la port\u00e9e de tous\",\"publisher\":{\"@id\":\"https:\\\/\\\/www.iemj.org\\\/es\\\/#organization\"},\"potentialAction\":[{\"@type\":\"SearchAction\",\"target\":{\"@type\":\"EntryPoint\",\"urlTemplate\":\"https:\\\/\\\/www.iemj.org\\\/es\\\/?s={search_term_string}\"},\"query-input\":{\"@type\":\"PropertyValueSpecification\",\"valueRequired\":true,\"valueName\":\"search_term_string\"}}],\"inLanguage\":\"es\"},{\"@type\":\"Organization\",\"@id\":\"https:\\\/\\\/www.iemj.org\\\/es\\\/#organization\",\"name\":\"Institut Europ\u00e9en des Musiques Juives\",\"url\":\"https:\\\/\\\/www.iemj.org\\\/es\\\/\",\"logo\":{\"@type\":\"ImageObject\",\"inLanguage\":\"es\",\"@id\":\"https:\\\/\\\/www.iemj.org\\\/es\\\/#\\\/schema\\\/logo\\\/image\\\/\",\"url\":\"https:\\\/\\\/www.iemj.org\\\/wp-content\\\/uploads\\\/2021\\\/09\\\/Logo-IEMJ-Paypal.jpg\",\"contentUrl\":\"https:\\\/\\\/www.iemj.org\\\/wp-content\\\/uploads\\\/2021\\\/09\\\/Logo-IEMJ-Paypal.jpg\",\"width\":150,\"height\":50,\"caption\":\"Institut Europ\u00e9en des Musiques Juives\"},\"image\":{\"@id\":\"https:\\\/\\\/www.iemj.org\\\/es\\\/#\\\/schema\\\/logo\\\/image\\\/\"},\"sameAs\":[\"https:\\\/\\\/www.facebook.com\\\/MusiquesJuives\\\/\",\"https:\\\/\\\/www.instagram.com\\\/musiquesjuives\\\/\",\"https:\\\/\\\/www.youtube.com\\\/user\\\/musiquesjuives\"]}]}<\/script>\n<!-- \/ Yoast SEO plugin. -->","yoast_head_json":{"title":"Josef Josef - Institut Europ\u00e9en des Musiques Juives","robots":{"index":"index","follow":"follow","max-snippet":"max-snippet:-1","max-image-preview":"max-image-preview:large","max-video-preview":"max-video-preview:-1"},"canonical":"https:\/\/www.iemj.org\/es\/produit\/josef-josef\/","og_locale":"es_ES","og_type":"article","og_title":"Josef Josef - Institut Europ\u00e9en des Musiques Juives","og_description":"First album of the group Josef Josef, it includes Yiddish, Gypsy, and Russian sounds.","og_url":"https:\/\/www.iemj.org\/es\/produit\/josef-josef\/","og_site_name":"Institut Europ\u00e9en des Musiques Juives","article_publisher":"https:\/\/www.facebook.com\/MusiquesJuives\/","og_image":[{"width":350,"height":314,"url":"https:\/\/www.iemj.org\/wp-content\/uploads\/2020\/05\/COUV-CD-Josef-Josef.jpg","type":"image\/jpeg"}],"twitter_card":"summary_large_image","twitter_misc":{"Tiempo de lectura":"2 minutos"},"schema":{"@context":"https:\/\/schema.org","@graph":[{"@type":"WebPage","@id":"https:\/\/www.iemj.org\/es\/produit\/josef-josef\/","url":"https:\/\/www.iemj.org\/es\/produit\/josef-josef\/","name":"Josef Josef - Institut Europ\u00e9en des Musiques Juives","isPartOf":{"@id":"https:\/\/www.iemj.org\/es\/#website"},"primaryImageOfPage":{"@id":"https:\/\/www.iemj.org\/es\/produit\/josef-josef\/#primaryimage"},"image":{"@id":"https:\/\/www.iemj.org\/es\/produit\/josef-josef\/#primaryimage"},"thumbnailUrl":"https:\/\/www.iemj.org\/wp-content\/uploads\/2020\/05\/COUV-CD-Josef-Josef.jpg","datePublished":"2020-07-09T07:34:10+00:00","breadcrumb":{"@id":"https:\/\/www.iemj.org\/es\/produit\/josef-josef\/#breadcrumb"},"inLanguage":"es","potentialAction":[{"@type":"ReadAction","target":["https:\/\/www.iemj.org\/es\/produit\/josef-josef\/"]}]},{"@type":"ImageObject","inLanguage":"es","@id":"https:\/\/www.iemj.org\/es\/produit\/josef-josef\/#primaryimage","url":"https:\/\/www.iemj.org\/wp-content\/uploads\/2020\/05\/COUV-CD-Josef-Josef.jpg","contentUrl":"https:\/\/www.iemj.org\/wp-content\/uploads\/2020\/05\/COUV-CD-Josef-Josef.jpg","width":350,"height":314,"caption":"COUV CD Josef Josef"},{"@type":"BreadcrumbList","@id":"https:\/\/www.iemj.org\/es\/produit\/josef-josef\/#breadcrumb","itemListElement":[{"@type":"ListItem","position":1,"name":"Accueil","item":"https:\/\/www.iemj.org\/es\/"},{"@type":"ListItem","position":2,"name":"Tienda","item":"https:\/\/www.iemj.org\/es\/tienda\/"},{"@type":"ListItem","position":3,"name":"Josef Josef"}]},{"@type":"WebSite","@id":"https:\/\/www.iemj.org\/es\/#website","url":"https:\/\/www.iemj.org\/es\/","name":"Institut Europ\u00e9en des Musiques Juives","description":"Des traditions musicales \u00e0 la port\u00e9e de tous","publisher":{"@id":"https:\/\/www.iemj.org\/es\/#organization"},"potentialAction":[{"@type":"SearchAction","target":{"@type":"EntryPoint","urlTemplate":"https:\/\/www.iemj.org\/es\/?s={search_term_string}"},"query-input":{"@type":"PropertyValueSpecification","valueRequired":true,"valueName":"search_term_string"}}],"inLanguage":"es"},{"@type":"Organization","@id":"https:\/\/www.iemj.org\/es\/#organization","name":"Institut Europ\u00e9en des Musiques Juives","url":"https:\/\/www.iemj.org\/es\/","logo":{"@type":"ImageObject","inLanguage":"es","@id":"https:\/\/www.iemj.org\/es\/#\/schema\/logo\/image\/","url":"https:\/\/www.iemj.org\/wp-content\/uploads\/2021\/09\/Logo-IEMJ-Paypal.jpg","contentUrl":"https:\/\/www.iemj.org\/wp-content\/uploads\/2021\/09\/Logo-IEMJ-Paypal.jpg","width":150,"height":50,"caption":"Institut Europ\u00e9en des Musiques Juives"},"image":{"@id":"https:\/\/www.iemj.org\/es\/#\/schema\/logo\/image\/"},"sameAs":["https:\/\/www.facebook.com\/MusiquesJuives\/","https:\/\/www.instagram.com\/musiquesjuives\/","https:\/\/www.youtube.com\/user\/musiquesjuives"]}]}},"_links":{"self":[{"href":"https:\/\/www.iemj.org\/es\/wp-json\/wp\/v2\/product\/57347","targetHints":{"allow":["GET"]}}],"collection":[{"href":"https:\/\/www.iemj.org\/es\/wp-json\/wp\/v2\/product"}],"about":[{"href":"https:\/\/www.iemj.org\/es\/wp-json\/wp\/v2\/types\/product"}],"replies":[{"embeddable":true,"href":"https:\/\/www.iemj.org\/es\/wp-json\/wp\/v2\/comments?post=57347"}],"wp:featuredmedia":[{"embeddable":true,"href":"https:\/\/www.iemj.org\/es\/wp-json\/wp\/v2\/media\/57593"}],"wp:attachment":[{"href":"https:\/\/www.iemj.org\/es\/wp-json\/wp\/v2\/media?parent=57347"}],"wp:term":[{"taxonomy":"product_brand","embeddable":true,"href":"https:\/\/www.iemj.org\/es\/wp-json\/wp\/v2\/product_brand?post=57347"},{"taxonomy":"product_cat","embeddable":true,"href":"https:\/\/www.iemj.org\/es\/wp-json\/wp\/v2\/product_cat?post=57347"},{"taxonomy":"product_tag","embeddable":true,"href":"https:\/\/www.iemj.org\/es\/wp-json\/wp\/v2\/product_tag?post=57347"}],"curies":[{"name":"wp","href":"https:\/\/api.w.org\/{rel}","templated":true}]}}