{"id":57396,"date":"2019-12-03T10:55:17","date_gmt":"2019-12-03T09:55:17","guid":{"rendered":"https:\/\/www.iemj.org\/produit\/sofia-falkovitch-the-voice-of-sacred-heritage\/"},"modified":"2021-07-21T15:20:26","modified_gmt":"2021-07-21T13:20:26","slug":"sofia-falkovitch-the-voice-of-sacred-heritage","status":"publish","type":"product","link":"https:\/\/www.iemj.org\/es\/produit\/sofia-falkovitch-the-voice-of-sacred-heritage\/","title":{"rendered":"Sofia Falkovitch &#8211; The Voice of Sacred Heritage"},"content":{"rendered":"<p id=\"tw-target-text\" class=\"tw-data-text tw-text-large tw-ta\" dir=\"ltr\" style=\"text-align: left;\"><span lang=\"en\" xml:lang=\"en\">Recorded in July 2019 in Paris at the Passy-Annunciation Temple, <strong>Sofia Falkovitch<\/strong>&#8216;s second musical album features a range of songs, prayers and psalms by the greatest composers of synagogue music in pre-war Europe and United States (Lewandowski, Naumburg, Alter, Jules Franck etc.). <\/span><\/p>\n<p class=\"tw-data-text tw-text-large tw-ta\" dir=\"ltr\" style=\"text-align: left;\"><span lang=\"en\" xml:lang=\"en\">While Sofia Falkovitch&#8217;s voice highlights the Jewish origins and flavor of music, the play of organist Raphael Tambyeff introduces the musicality of Western religious music. Sofia Falkovitch&#8217;s rich and profound voice, in the service of the Hebrew text, ideally adapts to the sudden modalities and nuances of Ashkenazi prayers. <\/span><\/p>\n<p class=\"tw-data-text tw-text-large tw-ta\" dir=\"ltr\" style=\"text-align: left;\"><span lang=\"en\" xml:lang=\"en\">It is striking to note that all the prayers interpreted here by Sofia Falkovitch are, of course, originally written for men&#8217;s voices, their execution not altering the restitution of the spirit of prayer, but making it even more affirmed while giving him a certain sweetness, very pleasant to listen.<\/span><\/p>\n<p>Extraits:<\/p>\n<p>01 &#8211; Barchenu &#8211; Avihu Medina, harmonisation &#8211; Raphael Tambyeff<\/p>\n<audio class=\"wp-audio-shortcode\" id=\"audio-57396-1\" preload=\"none\" style=\"width: 100%;\" controls=\"controls\"><source type=\"audio\/mpeg\" src=\"https:\/\/www.iemj.org\/wp-content\/uploads\/2019\/12\/cd_1424_01.mp3?_=1\" \/><a href=\"https:\/\/www.iemj.org\/wp-content\/uploads\/2019\/12\/cd_1424_01.mp3\">https:\/\/www.iemj.org\/wp-content\/uploads\/2019\/12\/cd_1424_01.mp3<\/a><\/audio>\n<p>02 &#8211; Kol Nidre &#8211; trad. chant (in Aramaic)<\/p>\n<audio class=\"wp-audio-shortcode\" id=\"audio-57396-2\" preload=\"none\" style=\"width: 100%;\" controls=\"controls\"><source type=\"audio\/mpeg\" src=\"https:\/\/www.iemj.org\/wp-content\/uploads\/2019\/12\/cd_1424_02.mp3?_=2\" \/><a href=\"https:\/\/www.iemj.org\/wp-content\/uploads\/2019\/12\/cd_1424_02.mp3\">https:\/\/www.iemj.org\/wp-content\/uploads\/2019\/12\/cd_1424_02.mp3<\/a><\/audio>\n<p>03 &#8211; Great Aleinu &#8211; Samuel Naumbourg, arr L\u00e9on Algazi<\/p>\n<audio class=\"wp-audio-shortcode\" id=\"audio-57396-3\" preload=\"none\" style=\"width: 100%;\" controls=\"controls\"><source type=\"audio\/mpeg\" src=\"https:\/\/www.iemj.org\/wp-content\/uploads\/2019\/12\/cd_1424_03.mp3?_=3\" \/><a href=\"https:\/\/www.iemj.org\/wp-content\/uploads\/2019\/12\/cd_1424_03.mp3\">https:\/\/www.iemj.org\/wp-content\/uploads\/2019\/12\/cd_1424_03.mp3<\/a><\/audio>\n<p>04 &#8211; Hineni &#8211; Israel Alter (a cappella)<\/p>\n<audio class=\"wp-audio-shortcode\" id=\"audio-57396-4\" preload=\"none\" style=\"width: 100%;\" controls=\"controls\"><source type=\"audio\/mpeg\" src=\"https:\/\/www.iemj.org\/wp-content\/uploads\/2019\/12\/cd_1424_04.mp3?_=4\" \/><a href=\"https:\/\/www.iemj.org\/wp-content\/uploads\/2019\/12\/cd_1424_04.mp3\">https:\/\/www.iemj.org\/wp-content\/uploads\/2019\/12\/cd_1424_04.mp3<\/a><\/audio>\n<p>05 &#8211; Finale of sonata #6 (Our Father), Op.65 &#8211; Felix Mendelssohn<\/p>\n<audio class=\"wp-audio-shortcode\" id=\"audio-57396-5\" preload=\"none\" style=\"width: 100%;\" controls=\"controls\"><source type=\"audio\/mpeg\" src=\"https:\/\/www.iemj.org\/wp-content\/uploads\/2019\/12\/cd_1424_05.mp3?_=5\" \/><a href=\"https:\/\/www.iemj.org\/wp-content\/uploads\/2019\/12\/cd_1424_05.mp3\">https:\/\/www.iemj.org\/wp-content\/uploads\/2019\/12\/cd_1424_05.mp3<\/a><\/audio>\n<p>06 &#8211; Enosh (ps. 103) &#8211; Ben Steinberg<\/p>\n<audio class=\"wp-audio-shortcode\" id=\"audio-57396-6\" preload=\"none\" style=\"width: 100%;\" controls=\"controls\"><source type=\"audio\/mpeg\" src=\"https:\/\/www.iemj.org\/wp-content\/uploads\/2019\/12\/cd_1424_06.mp3?_=6\" \/><a href=\"https:\/\/www.iemj.org\/wp-content\/uploads\/2019\/12\/cd_1424_06.mp3\">https:\/\/www.iemj.org\/wp-content\/uploads\/2019\/12\/cd_1424_06.mp3<\/a><\/audio>\n<p>07 &#8211; Mi Haish (ps. 34) &#8211; Baruch Chayit<\/p>\n<audio class=\"wp-audio-shortcode\" id=\"audio-57396-7\" preload=\"none\" style=\"width: 100%;\" controls=\"controls\"><source type=\"audio\/mpeg\" src=\"https:\/\/www.iemj.org\/wp-content\/uploads\/2019\/12\/cd_1424_07.mp3?_=7\" \/><a href=\"https:\/\/www.iemj.org\/wp-content\/uploads\/2019\/12\/cd_1424_07.mp3\">https:\/\/www.iemj.org\/wp-content\/uploads\/2019\/12\/cd_1424_07.mp3<\/a><\/audio>\n<p>08 &#8211; Tzadik Katamar (ps. 92) &#8211; Louis Lewandowski<\/p>\n<audio class=\"wp-audio-shortcode\" id=\"audio-57396-8\" preload=\"none\" style=\"width: 100%;\" controls=\"controls\"><source type=\"audio\/mpeg\" src=\"https:\/\/www.iemj.org\/wp-content\/uploads\/2019\/12\/cd_1424_08.mp3?_=8\" \/><a href=\"https:\/\/www.iemj.org\/wp-content\/uploads\/2019\/12\/cd_1424_08.mp3\">https:\/\/www.iemj.org\/wp-content\/uploads\/2019\/12\/cd_1424_08.mp3<\/a><\/audio>\n","protected":false},"excerpt":{"rendered":"<p>This latest musical offering from Cantor <strong>Sofia Falkovitch<\/strong> features a collection of songs, prayers and psalms by the leading synagogue composers of pre war Europe and the United States.<\/p>\n","protected":false},"featured_media":57613,"comment_status":"open","ping_status":"closed","template":"","meta":{"_acf_changed":false},"product_brand":[],"product_cat":[1993,2321,2300],"product_tag":[],"class_list":{"0":"post-57396","1":"product","2":"type-product","3":"status-publish","4":"has-post-thumbnail","6":"product_cat-cd-es","7":"product_cat-liturgicocd-es","8":"product_cat-otros-editores-es","10":"first","11":"outofstock","12":"shipping-taxable","13":"purchasable","14":"product-type-simple"},"acf":[],"yoast_head":"<!-- This site is optimized with the Yoast SEO plugin v27.3 - https:\/\/yoast.com\/product\/yoast-seo-wordpress\/ -->\n<title>Sofia Falkovitch - The Voice of Sacred Heritage - Institut Europ\u00e9en des Musiques Juives<\/title>\n<meta name=\"robots\" content=\"index, follow, max-snippet:-1, max-image-preview:large, max-video-preview:-1\" \/>\n<link rel=\"canonical\" href=\"https:\/\/www.iemj.org\/es\/produit\/sofia-falkovitch-the-voice-of-sacred-heritage\/\" \/>\n<meta property=\"og:locale\" content=\"es_ES\" \/>\n<meta property=\"og:type\" content=\"article\" \/>\n<meta property=\"og:title\" content=\"Sofia Falkovitch - The Voice of Sacred Heritage - Institut Europ\u00e9en des Musiques Juives\" \/>\n<meta property=\"og:description\" content=\"This latest musical offering from Cantor Sofia Falkovitch features a collection of songs, prayers and psalms by the leading synagogue composers of pre war Europe and the United States.\" \/>\n<meta property=\"og:url\" content=\"https:\/\/www.iemj.org\/es\/produit\/sofia-falkovitch-the-voice-of-sacred-heritage\/\" \/>\n<meta property=\"og:site_name\" content=\"Institut Europ\u00e9en des Musiques Juives\" \/>\n<meta property=\"article:publisher\" content=\"https:\/\/www.facebook.com\/MusiquesJuives\/\" \/>\n<meta property=\"article:modified_time\" content=\"2021-07-21T13:20:26+00:00\" \/>\n<meta property=\"og:image\" content=\"https:\/\/www.iemj.org\/wp-content\/uploads\/2019\/12\/COUV-CD-Sofia-Falkovitch.jpg\" \/>\n\t<meta property=\"og:image:width\" content=\"350\" \/>\n\t<meta property=\"og:image:height\" content=\"314\" \/>\n\t<meta property=\"og:image:type\" content=\"image\/jpeg\" \/>\n<meta name=\"twitter:card\" content=\"summary_large_image\" \/>\n<meta name=\"twitter:label1\" content=\"Tiempo de lectura\" \/>\n\t<meta name=\"twitter:data1\" content=\"1 minuto\" \/>\n<script type=\"application\/ld+json\" class=\"yoast-schema-graph\">{\"@context\":\"https:\\\/\\\/schema.org\",\"@graph\":[{\"@type\":\"WebPage\",\"@id\":\"https:\\\/\\\/www.iemj.org\\\/es\\\/produit\\\/sofia-falkovitch-the-voice-of-sacred-heritage\\\/\",\"url\":\"https:\\\/\\\/www.iemj.org\\\/es\\\/produit\\\/sofia-falkovitch-the-voice-of-sacred-heritage\\\/\",\"name\":\"Sofia Falkovitch - The Voice of Sacred Heritage - Institut Europ\u00e9en des Musiques Juives\",\"isPartOf\":{\"@id\":\"https:\\\/\\\/www.iemj.org\\\/es\\\/#website\"},\"primaryImageOfPage\":{\"@id\":\"https:\\\/\\\/www.iemj.org\\\/es\\\/produit\\\/sofia-falkovitch-the-voice-of-sacred-heritage\\\/#primaryimage\"},\"image\":{\"@id\":\"https:\\\/\\\/www.iemj.org\\\/es\\\/produit\\\/sofia-falkovitch-the-voice-of-sacred-heritage\\\/#primaryimage\"},\"thumbnailUrl\":\"https:\\\/\\\/www.iemj.org\\\/wp-content\\\/uploads\\\/2019\\\/12\\\/COUV-CD-Sofia-Falkovitch.jpg\",\"datePublished\":\"2019-12-03T09:55:17+00:00\",\"dateModified\":\"2021-07-21T13:20:26+00:00\",\"breadcrumb\":{\"@id\":\"https:\\\/\\\/www.iemj.org\\\/es\\\/produit\\\/sofia-falkovitch-the-voice-of-sacred-heritage\\\/#breadcrumb\"},\"inLanguage\":\"es\",\"potentialAction\":[{\"@type\":\"ReadAction\",\"target\":[\"https:\\\/\\\/www.iemj.org\\\/es\\\/produit\\\/sofia-falkovitch-the-voice-of-sacred-heritage\\\/\"]}]},{\"@type\":\"ImageObject\",\"inLanguage\":\"es\",\"@id\":\"https:\\\/\\\/www.iemj.org\\\/es\\\/produit\\\/sofia-falkovitch-the-voice-of-sacred-heritage\\\/#primaryimage\",\"url\":\"https:\\\/\\\/www.iemj.org\\\/wp-content\\\/uploads\\\/2019\\\/12\\\/COUV-CD-Sofia-Falkovitch.jpg\",\"contentUrl\":\"https:\\\/\\\/www.iemj.org\\\/wp-content\\\/uploads\\\/2019\\\/12\\\/COUV-CD-Sofia-Falkovitch.jpg\",\"width\":350,\"height\":314,\"caption\":\"COUV CD Sofia Falkovitch\"},{\"@type\":\"BreadcrumbList\",\"@id\":\"https:\\\/\\\/www.iemj.org\\\/es\\\/produit\\\/sofia-falkovitch-the-voice-of-sacred-heritage\\\/#breadcrumb\",\"itemListElement\":[{\"@type\":\"ListItem\",\"position\":1,\"name\":\"Accueil\",\"item\":\"https:\\\/\\\/www.iemj.org\\\/es\\\/\"},{\"@type\":\"ListItem\",\"position\":2,\"name\":\"Tienda\",\"item\":\"https:\\\/\\\/www.iemj.org\\\/es\\\/tienda\\\/\"},{\"@type\":\"ListItem\",\"position\":3,\"name\":\"Sofia Falkovitch &#8211; The Voice of Sacred Heritage\"}]},{\"@type\":\"WebSite\",\"@id\":\"https:\\\/\\\/www.iemj.org\\\/es\\\/#website\",\"url\":\"https:\\\/\\\/www.iemj.org\\\/es\\\/\",\"name\":\"Institut Europ\u00e9en des Musiques Juives\",\"description\":\"Des traditions musicales \u00e0 la port\u00e9e de tous\",\"publisher\":{\"@id\":\"https:\\\/\\\/www.iemj.org\\\/es\\\/#organization\"},\"potentialAction\":[{\"@type\":\"SearchAction\",\"target\":{\"@type\":\"EntryPoint\",\"urlTemplate\":\"https:\\\/\\\/www.iemj.org\\\/es\\\/?s={search_term_string}\"},\"query-input\":{\"@type\":\"PropertyValueSpecification\",\"valueRequired\":true,\"valueName\":\"search_term_string\"}}],\"inLanguage\":\"es\"},{\"@type\":\"Organization\",\"@id\":\"https:\\\/\\\/www.iemj.org\\\/es\\\/#organization\",\"name\":\"Institut Europ\u00e9en des Musiques Juives\",\"url\":\"https:\\\/\\\/www.iemj.org\\\/es\\\/\",\"logo\":{\"@type\":\"ImageObject\",\"inLanguage\":\"es\",\"@id\":\"https:\\\/\\\/www.iemj.org\\\/es\\\/#\\\/schema\\\/logo\\\/image\\\/\",\"url\":\"https:\\\/\\\/www.iemj.org\\\/wp-content\\\/uploads\\\/2021\\\/09\\\/Logo-IEMJ-Paypal.jpg\",\"contentUrl\":\"https:\\\/\\\/www.iemj.org\\\/wp-content\\\/uploads\\\/2021\\\/09\\\/Logo-IEMJ-Paypal.jpg\",\"width\":150,\"height\":50,\"caption\":\"Institut Europ\u00e9en des Musiques Juives\"},\"image\":{\"@id\":\"https:\\\/\\\/www.iemj.org\\\/es\\\/#\\\/schema\\\/logo\\\/image\\\/\"},\"sameAs\":[\"https:\\\/\\\/www.facebook.com\\\/MusiquesJuives\\\/\",\"https:\\\/\\\/www.instagram.com\\\/musiquesjuives\\\/\",\"https:\\\/\\\/www.youtube.com\\\/user\\\/musiquesjuives\"]}]}<\/script>\n<!-- \/ Yoast SEO plugin. -->","yoast_head_json":{"title":"Sofia Falkovitch - The Voice of Sacred Heritage - Institut Europ\u00e9en des Musiques Juives","robots":{"index":"index","follow":"follow","max-snippet":"max-snippet:-1","max-image-preview":"max-image-preview:large","max-video-preview":"max-video-preview:-1"},"canonical":"https:\/\/www.iemj.org\/es\/produit\/sofia-falkovitch-the-voice-of-sacred-heritage\/","og_locale":"es_ES","og_type":"article","og_title":"Sofia Falkovitch - The Voice of Sacred Heritage - Institut Europ\u00e9en des Musiques Juives","og_description":"This latest musical offering from Cantor Sofia Falkovitch features a collection of songs, prayers and psalms by the leading synagogue composers of pre war Europe and the United States.","og_url":"https:\/\/www.iemj.org\/es\/produit\/sofia-falkovitch-the-voice-of-sacred-heritage\/","og_site_name":"Institut Europ\u00e9en des Musiques Juives","article_publisher":"https:\/\/www.facebook.com\/MusiquesJuives\/","article_modified_time":"2021-07-21T13:20:26+00:00","og_image":[{"width":350,"height":314,"url":"https:\/\/www.iemj.org\/wp-content\/uploads\/2019\/12\/COUV-CD-Sofia-Falkovitch.jpg","type":"image\/jpeg"}],"twitter_card":"summary_large_image","twitter_misc":{"Tiempo de lectura":"1 minuto"},"schema":{"@context":"https:\/\/schema.org","@graph":[{"@type":"WebPage","@id":"https:\/\/www.iemj.org\/es\/produit\/sofia-falkovitch-the-voice-of-sacred-heritage\/","url":"https:\/\/www.iemj.org\/es\/produit\/sofia-falkovitch-the-voice-of-sacred-heritage\/","name":"Sofia Falkovitch - The Voice of Sacred Heritage - Institut Europ\u00e9en des Musiques Juives","isPartOf":{"@id":"https:\/\/www.iemj.org\/es\/#website"},"primaryImageOfPage":{"@id":"https:\/\/www.iemj.org\/es\/produit\/sofia-falkovitch-the-voice-of-sacred-heritage\/#primaryimage"},"image":{"@id":"https:\/\/www.iemj.org\/es\/produit\/sofia-falkovitch-the-voice-of-sacred-heritage\/#primaryimage"},"thumbnailUrl":"https:\/\/www.iemj.org\/wp-content\/uploads\/2019\/12\/COUV-CD-Sofia-Falkovitch.jpg","datePublished":"2019-12-03T09:55:17+00:00","dateModified":"2021-07-21T13:20:26+00:00","breadcrumb":{"@id":"https:\/\/www.iemj.org\/es\/produit\/sofia-falkovitch-the-voice-of-sacred-heritage\/#breadcrumb"},"inLanguage":"es","potentialAction":[{"@type":"ReadAction","target":["https:\/\/www.iemj.org\/es\/produit\/sofia-falkovitch-the-voice-of-sacred-heritage\/"]}]},{"@type":"ImageObject","inLanguage":"es","@id":"https:\/\/www.iemj.org\/es\/produit\/sofia-falkovitch-the-voice-of-sacred-heritage\/#primaryimage","url":"https:\/\/www.iemj.org\/wp-content\/uploads\/2019\/12\/COUV-CD-Sofia-Falkovitch.jpg","contentUrl":"https:\/\/www.iemj.org\/wp-content\/uploads\/2019\/12\/COUV-CD-Sofia-Falkovitch.jpg","width":350,"height":314,"caption":"COUV CD Sofia Falkovitch"},{"@type":"BreadcrumbList","@id":"https:\/\/www.iemj.org\/es\/produit\/sofia-falkovitch-the-voice-of-sacred-heritage\/#breadcrumb","itemListElement":[{"@type":"ListItem","position":1,"name":"Accueil","item":"https:\/\/www.iemj.org\/es\/"},{"@type":"ListItem","position":2,"name":"Tienda","item":"https:\/\/www.iemj.org\/es\/tienda\/"},{"@type":"ListItem","position":3,"name":"Sofia Falkovitch &#8211; The Voice of Sacred Heritage"}]},{"@type":"WebSite","@id":"https:\/\/www.iemj.org\/es\/#website","url":"https:\/\/www.iemj.org\/es\/","name":"Institut Europ\u00e9en des Musiques Juives","description":"Des traditions musicales \u00e0 la port\u00e9e de tous","publisher":{"@id":"https:\/\/www.iemj.org\/es\/#organization"},"potentialAction":[{"@type":"SearchAction","target":{"@type":"EntryPoint","urlTemplate":"https:\/\/www.iemj.org\/es\/?s={search_term_string}"},"query-input":{"@type":"PropertyValueSpecification","valueRequired":true,"valueName":"search_term_string"}}],"inLanguage":"es"},{"@type":"Organization","@id":"https:\/\/www.iemj.org\/es\/#organization","name":"Institut Europ\u00e9en des Musiques Juives","url":"https:\/\/www.iemj.org\/es\/","logo":{"@type":"ImageObject","inLanguage":"es","@id":"https:\/\/www.iemj.org\/es\/#\/schema\/logo\/image\/","url":"https:\/\/www.iemj.org\/wp-content\/uploads\/2021\/09\/Logo-IEMJ-Paypal.jpg","contentUrl":"https:\/\/www.iemj.org\/wp-content\/uploads\/2021\/09\/Logo-IEMJ-Paypal.jpg","width":150,"height":50,"caption":"Institut Europ\u00e9en des Musiques Juives"},"image":{"@id":"https:\/\/www.iemj.org\/es\/#\/schema\/logo\/image\/"},"sameAs":["https:\/\/www.facebook.com\/MusiquesJuives\/","https:\/\/www.instagram.com\/musiquesjuives\/","https:\/\/www.youtube.com\/user\/musiquesjuives"]}]}},"_links":{"self":[{"href":"https:\/\/www.iemj.org\/es\/wp-json\/wp\/v2\/product\/57396","targetHints":{"allow":["GET"]}}],"collection":[{"href":"https:\/\/www.iemj.org\/es\/wp-json\/wp\/v2\/product"}],"about":[{"href":"https:\/\/www.iemj.org\/es\/wp-json\/wp\/v2\/types\/product"}],"replies":[{"embeddable":true,"href":"https:\/\/www.iemj.org\/es\/wp-json\/wp\/v2\/comments?post=57396"}],"wp:featuredmedia":[{"embeddable":true,"href":"https:\/\/www.iemj.org\/es\/wp-json\/wp\/v2\/media\/57613"}],"wp:attachment":[{"href":"https:\/\/www.iemj.org\/es\/wp-json\/wp\/v2\/media?parent=57396"}],"wp:term":[{"taxonomy":"product_brand","embeddable":true,"href":"https:\/\/www.iemj.org\/es\/wp-json\/wp\/v2\/product_brand?post=57396"},{"taxonomy":"product_cat","embeddable":true,"href":"https:\/\/www.iemj.org\/es\/wp-json\/wp\/v2\/product_cat?post=57396"},{"taxonomy":"product_tag","embeddable":true,"href":"https:\/\/www.iemj.org\/es\/wp-json\/wp\/v2\/product_tag?post=57396"}],"curies":[{"name":"wp","href":"https:\/\/api.w.org\/{rel}","templated":true}]}}