{"id":57496,"date":"2018-05-21T14:53:21","date_gmt":"2018-05-21T12:53:21","guid":{"rendered":"https:\/\/www.iemj.org\/produit\/ventanas-altas-de-saloniki\/"},"modified":"2021-09-12T17:51:39","modified_gmt":"2021-09-12T15:51:39","slug":"ventanas-altas-de-saloniki","status":"publish","type":"product","link":"https:\/\/www.iemj.org\/es\/produit\/ventanas-altas-de-saloniki\/","title":{"rendered":"Ventanas Altas de Saloniki"},"content":{"rendered":"<p>Among the Jewish communities settled around the Mediterranean sea, after the expulsion of the Jews from the Iberian Peninsula, the community of Salonica occupies a special place by its demographic importance and by the intensity of the social and cultural exchanges that have developed there. In 1906, Jews represented almost half of the city\u2019s population, 47,312 Jews out of an estimated population of 98,930. The massive deportation of the Salonic Jews by the Nazis in 1943 marked the end of a Jewish presence attested in the New Testament in the first century of the Christian era.<\/p>\n<p>The double CD\u00a0<i>Ventanas altas by Saloniki &#8211; Sephardic songs, coplas and ballads from Thessaloniki<\/i>\u00a0gathers songs from research and field recordings made by\u00a0<strong>Susana Weich-Shahak<\/strong>, a teacher at Haifa University, since 1975. These recordings find a new life thanks to the performances of the singers\u00a0<strong>Orit Perlman<\/strong>\u00a0and\u00a0<strong>Kobi Zarco<\/strong>\u00a0accompanied by student musicians from the University of Haifa.<\/p>\n<p>The first CD is dedicated to the traditional genres of the Sephardic repertoire: the\u00a0<i>cantigas<\/i>,\u00a0<i>romanceros<\/i>\u00a0and\u00a0<i>coplas<\/i>. The second CD, which demonstrates the vitality of this tradition to this day, includes songs composed in the 20th century, in particular adaptations of popular songs on new texts in Ladino, or tunes belonging to the Sephardic theatrical repertoire. Finally some songs describe historical events that affected Jews during the 20th century.<\/p>\n<p>This double CD is accompanied by a beautiful booklet containing information on the history of the Jewish community of Salonica, the traditional language of the Jews of Salonica, and the songs of the repertoire.<\/p>\n<p>2 CDs, 2 hours of music to listen alone or with friends.<\/p>\n<p><a class=\"spip_out\" href=\"http:\/\/hcc.haifa.ac.il\/index.php?option=com_content&amp;view=article&amp;id=3443&amp;catid=145&amp;Itemid=225%E2%8C%A9=en\" target=\"_blank\" rel=\"noopener noreferrer\">Learn more<\/a><\/p>\n<p>Extraits :<\/p>\n<p>Alabar kero al Dio<\/p>\n<audio class=\"wp-audio-shortcode\" id=\"audio-57496-1\" preload=\"none\" style=\"width: 100%;\" controls=\"controls\"><source type=\"audio\/mpeg\" src=\"https:\/\/www.iemj.org\/wp-content\/uploads\/2018\/04\/cd_939a_19.mp3?_=1\" \/><a href=\"https:\/\/www.iemj.org\/wp-content\/uploads\/2018\/04\/cd_939a_19.mp3\">https:\/\/www.iemj.org\/wp-content\/uploads\/2018\/04\/cd_939a_19.mp3<\/a><\/audio>\n<p>Esther, tu lucia figura<\/p>\n<audio class=\"wp-audio-shortcode\" id=\"audio-57496-2\" preload=\"none\" style=\"width: 100%;\" controls=\"controls\"><source type=\"audio\/mpeg\" src=\"https:\/\/www.iemj.org\/wp-content\/uploads\/2018\/04\/cd_939b_11.mp3?_=2\" \/><a href=\"https:\/\/www.iemj.org\/wp-content\/uploads\/2018\/04\/cd_939b_11.mp3\">https:\/\/www.iemj.org\/wp-content\/uploads\/2018\/04\/cd_939b_11.mp3<\/a><\/audio>\n<p>Ni blanka sos<\/p>\n<audio class=\"wp-audio-shortcode\" id=\"audio-57496-3\" preload=\"none\" style=\"width: 100%;\" controls=\"controls\"><source type=\"audio\/mpeg\" src=\"https:\/\/www.iemj.org\/wp-content\/uploads\/2018\/04\/cd_939a_04.mp3?_=3\" \/><a href=\"https:\/\/www.iemj.org\/wp-content\/uploads\/2018\/04\/cd_939a_04.mp3\">https:\/\/www.iemj.org\/wp-content\/uploads\/2018\/04\/cd_939a_04.mp3<\/a><\/audio>\n<p>Un lunes por la manana<\/p>\n<audio class=\"wp-audio-shortcode\" id=\"audio-57496-4\" preload=\"none\" style=\"width: 100%;\" controls=\"controls\"><source type=\"audio\/mpeg\" src=\"https:\/\/www.iemj.org\/wp-content\/uploads\/2018\/04\/cd_939a_11.mp3?_=4\" \/><a href=\"https:\/\/www.iemj.org\/wp-content\/uploads\/2018\/04\/cd_939a_11.mp3\">https:\/\/www.iemj.org\/wp-content\/uploads\/2018\/04\/cd_939a_11.mp3<\/a><\/audio>\n<p>Vamos a la Palestina<\/p>\n<audio class=\"wp-audio-shortcode\" id=\"audio-57496-5\" preload=\"none\" style=\"width: 100%;\" controls=\"controls\"><source type=\"audio\/mpeg\" src=\"https:\/\/www.iemj.org\/wp-content\/uploads\/2018\/04\/cd_939b_15.mp3?_=5\" \/><a href=\"https:\/\/www.iemj.org\/wp-content\/uploads\/2018\/04\/cd_939b_15.mp3\">https:\/\/www.iemj.org\/wp-content\/uploads\/2018\/04\/cd_939b_15.mp3<\/a><\/audio>\n<p>Ventanas altas tienes tu<\/p>\n<audio class=\"wp-audio-shortcode\" id=\"audio-57496-6\" preload=\"none\" style=\"width: 100%;\" controls=\"controls\"><source type=\"audio\/mpeg\" src=\"https:\/\/www.iemj.org\/wp-content\/uploads\/2018\/04\/cd_939a_01.mp3?_=6\" \/><a href=\"https:\/\/www.iemj.org\/wp-content\/uploads\/2018\/04\/cd_939a_01.mp3\">https:\/\/www.iemj.org\/wp-content\/uploads\/2018\/04\/cd_939a_01.mp3<\/a><\/audio>\n<p>Ya sabes que yo so nina kurnasa<\/p>\n<audio class=\"wp-audio-shortcode\" id=\"audio-57496-7\" preload=\"none\" style=\"width: 100%;\" controls=\"controls\"><source type=\"audio\/mpeg\" src=\"https:\/\/www.iemj.org\/wp-content\/uploads\/2018\/04\/cd_939b_08.mp3?_=7\" \/><a href=\"https:\/\/www.iemj.org\/wp-content\/uploads\/2018\/04\/cd_939b_08.mp3\">https:\/\/www.iemj.org\/wp-content\/uploads\/2018\/04\/cd_939b_08.mp3<\/a><\/audio>\n","protected":false},"excerpt":{"rendered":"<h2 class=\"soustitre\">Sefardic songs, coplas and ballads from Thessaloniki<\/h2>\n<div class=\"chapo\">\n<p>This double CD, published in 2013 by the university of Haifa, gathers 36 songs that come from the traditional and modern repertoires of the Jews from Salonica.<\/p>\n<\/div>\n","protected":false},"featured_media":57658,"comment_status":"open","ping_status":"closed","template":"","meta":{"_acf_changed":false},"product_brand":[],"product_cat":[1993,2317,2300],"product_tag":[],"class_list":{"0":"post-57496","1":"product","2":"type-product","3":"status-publish","4":"has-post-thumbnail","6":"product_cat-cd-es","7":"product_cat-judeo-espanol","8":"product_cat-otros-editores-es","10":"first","11":"outofstock","12":"shipping-taxable","13":"purchasable","14":"product-type-simple"},"acf":[],"yoast_head":"<!-- This site is optimized with the Yoast SEO plugin v27.3 - https:\/\/yoast.com\/product\/yoast-seo-wordpress\/ -->\n<title>Ventanas Altas de Saloniki - Institut Europ\u00e9en des Musiques Juives<\/title>\n<meta name=\"robots\" content=\"index, follow, max-snippet:-1, max-image-preview:large, max-video-preview:-1\" \/>\n<link rel=\"canonical\" href=\"https:\/\/www.iemj.org\/es\/produit\/ventanas-altas-de-saloniki\/\" \/>\n<meta property=\"og:locale\" content=\"es_ES\" \/>\n<meta property=\"og:type\" content=\"article\" \/>\n<meta property=\"og:title\" content=\"Ventanas Altas de Saloniki - Institut Europ\u00e9en des Musiques Juives\" \/>\n<meta property=\"og:description\" content=\"Sefardic songs, coplas and ballads from Thessaloniki   This double CD, published in 2013 by the university of Haifa, gathers 36 songs that come from the traditional and modern repertoires of the Jews from Salonica.\" \/>\n<meta property=\"og:url\" content=\"https:\/\/www.iemj.org\/es\/produit\/ventanas-altas-de-saloniki\/\" \/>\n<meta property=\"og:site_name\" content=\"Institut Europ\u00e9en des Musiques Juives\" \/>\n<meta property=\"article:publisher\" content=\"https:\/\/www.facebook.com\/MusiquesJuives\/\" \/>\n<meta property=\"article:modified_time\" content=\"2021-09-12T15:51:39+00:00\" \/>\n<meta property=\"og:image\" content=\"https:\/\/www.iemj.org\/wp-content\/uploads\/2018\/05\/COUV-CD-Ventanas.jpg\" \/>\n\t<meta property=\"og:image:width\" content=\"350\" \/>\n\t<meta property=\"og:image:height\" content=\"314\" \/>\n\t<meta property=\"og:image:type\" content=\"image\/jpeg\" \/>\n<meta name=\"twitter:card\" content=\"summary_large_image\" \/>\n<meta name=\"twitter:label1\" content=\"Tiempo de lectura\" \/>\n\t<meta name=\"twitter:data1\" content=\"2 minutos\" \/>\n<script type=\"application\/ld+json\" class=\"yoast-schema-graph\">{\"@context\":\"https:\\\/\\\/schema.org\",\"@graph\":[{\"@type\":\"WebPage\",\"@id\":\"https:\\\/\\\/www.iemj.org\\\/es\\\/produit\\\/ventanas-altas-de-saloniki\\\/\",\"url\":\"https:\\\/\\\/www.iemj.org\\\/es\\\/produit\\\/ventanas-altas-de-saloniki\\\/\",\"name\":\"Ventanas Altas de Saloniki - Institut Europ\u00e9en des Musiques Juives\",\"isPartOf\":{\"@id\":\"https:\\\/\\\/www.iemj.org\\\/es\\\/#website\"},\"primaryImageOfPage\":{\"@id\":\"https:\\\/\\\/www.iemj.org\\\/es\\\/produit\\\/ventanas-altas-de-saloniki\\\/#primaryimage\"},\"image\":{\"@id\":\"https:\\\/\\\/www.iemj.org\\\/es\\\/produit\\\/ventanas-altas-de-saloniki\\\/#primaryimage\"},\"thumbnailUrl\":\"https:\\\/\\\/www.iemj.org\\\/wp-content\\\/uploads\\\/2018\\\/05\\\/COUV-CD-Ventanas.jpg\",\"datePublished\":\"2018-05-21T12:53:21+00:00\",\"dateModified\":\"2021-09-12T15:51:39+00:00\",\"breadcrumb\":{\"@id\":\"https:\\\/\\\/www.iemj.org\\\/es\\\/produit\\\/ventanas-altas-de-saloniki\\\/#breadcrumb\"},\"inLanguage\":\"es\",\"potentialAction\":[{\"@type\":\"ReadAction\",\"target\":[\"https:\\\/\\\/www.iemj.org\\\/es\\\/produit\\\/ventanas-altas-de-saloniki\\\/\"]}]},{\"@type\":\"ImageObject\",\"inLanguage\":\"es\",\"@id\":\"https:\\\/\\\/www.iemj.org\\\/es\\\/produit\\\/ventanas-altas-de-saloniki\\\/#primaryimage\",\"url\":\"https:\\\/\\\/www.iemj.org\\\/wp-content\\\/uploads\\\/2018\\\/05\\\/COUV-CD-Ventanas.jpg\",\"contentUrl\":\"https:\\\/\\\/www.iemj.org\\\/wp-content\\\/uploads\\\/2018\\\/05\\\/COUV-CD-Ventanas.jpg\",\"width\":350,\"height\":314,\"caption\":\"COUV CD Ventanas\"},{\"@type\":\"BreadcrumbList\",\"@id\":\"https:\\\/\\\/www.iemj.org\\\/es\\\/produit\\\/ventanas-altas-de-saloniki\\\/#breadcrumb\",\"itemListElement\":[{\"@type\":\"ListItem\",\"position\":1,\"name\":\"Accueil\",\"item\":\"https:\\\/\\\/www.iemj.org\\\/es\\\/\"},{\"@type\":\"ListItem\",\"position\":2,\"name\":\"Tienda\",\"item\":\"https:\\\/\\\/www.iemj.org\\\/es\\\/tienda\\\/\"},{\"@type\":\"ListItem\",\"position\":3,\"name\":\"Ventanas Altas de Saloniki\"}]},{\"@type\":\"WebSite\",\"@id\":\"https:\\\/\\\/www.iemj.org\\\/es\\\/#website\",\"url\":\"https:\\\/\\\/www.iemj.org\\\/es\\\/\",\"name\":\"Institut Europ\u00e9en des Musiques Juives\",\"description\":\"Des traditions musicales \u00e0 la port\u00e9e de tous\",\"publisher\":{\"@id\":\"https:\\\/\\\/www.iemj.org\\\/es\\\/#organization\"},\"potentialAction\":[{\"@type\":\"SearchAction\",\"target\":{\"@type\":\"EntryPoint\",\"urlTemplate\":\"https:\\\/\\\/www.iemj.org\\\/es\\\/?s={search_term_string}\"},\"query-input\":{\"@type\":\"PropertyValueSpecification\",\"valueRequired\":true,\"valueName\":\"search_term_string\"}}],\"inLanguage\":\"es\"},{\"@type\":\"Organization\",\"@id\":\"https:\\\/\\\/www.iemj.org\\\/es\\\/#organization\",\"name\":\"Institut Europ\u00e9en des Musiques Juives\",\"url\":\"https:\\\/\\\/www.iemj.org\\\/es\\\/\",\"logo\":{\"@type\":\"ImageObject\",\"inLanguage\":\"es\",\"@id\":\"https:\\\/\\\/www.iemj.org\\\/es\\\/#\\\/schema\\\/logo\\\/image\\\/\",\"url\":\"https:\\\/\\\/www.iemj.org\\\/wp-content\\\/uploads\\\/2021\\\/09\\\/Logo-IEMJ-Paypal.jpg\",\"contentUrl\":\"https:\\\/\\\/www.iemj.org\\\/wp-content\\\/uploads\\\/2021\\\/09\\\/Logo-IEMJ-Paypal.jpg\",\"width\":150,\"height\":50,\"caption\":\"Institut Europ\u00e9en des Musiques Juives\"},\"image\":{\"@id\":\"https:\\\/\\\/www.iemj.org\\\/es\\\/#\\\/schema\\\/logo\\\/image\\\/\"},\"sameAs\":[\"https:\\\/\\\/www.facebook.com\\\/MusiquesJuives\\\/\",\"https:\\\/\\\/www.instagram.com\\\/musiquesjuives\\\/\",\"https:\\\/\\\/www.youtube.com\\\/user\\\/musiquesjuives\"]}]}<\/script>\n<!-- \/ Yoast SEO plugin. -->","yoast_head_json":{"title":"Ventanas Altas de Saloniki - Institut Europ\u00e9en des Musiques Juives","robots":{"index":"index","follow":"follow","max-snippet":"max-snippet:-1","max-image-preview":"max-image-preview:large","max-video-preview":"max-video-preview:-1"},"canonical":"https:\/\/www.iemj.org\/es\/produit\/ventanas-altas-de-saloniki\/","og_locale":"es_ES","og_type":"article","og_title":"Ventanas Altas de Saloniki - Institut Europ\u00e9en des Musiques Juives","og_description":"Sefardic songs, coplas and ballads from Thessaloniki   This double CD, published in 2013 by the university of Haifa, gathers 36 songs that come from the traditional and modern repertoires of the Jews from Salonica.","og_url":"https:\/\/www.iemj.org\/es\/produit\/ventanas-altas-de-saloniki\/","og_site_name":"Institut Europ\u00e9en des Musiques Juives","article_publisher":"https:\/\/www.facebook.com\/MusiquesJuives\/","article_modified_time":"2021-09-12T15:51:39+00:00","og_image":[{"width":350,"height":314,"url":"https:\/\/www.iemj.org\/wp-content\/uploads\/2018\/05\/COUV-CD-Ventanas.jpg","type":"image\/jpeg"}],"twitter_card":"summary_large_image","twitter_misc":{"Tiempo de lectura":"2 minutos"},"schema":{"@context":"https:\/\/schema.org","@graph":[{"@type":"WebPage","@id":"https:\/\/www.iemj.org\/es\/produit\/ventanas-altas-de-saloniki\/","url":"https:\/\/www.iemj.org\/es\/produit\/ventanas-altas-de-saloniki\/","name":"Ventanas Altas de Saloniki - Institut Europ\u00e9en des Musiques Juives","isPartOf":{"@id":"https:\/\/www.iemj.org\/es\/#website"},"primaryImageOfPage":{"@id":"https:\/\/www.iemj.org\/es\/produit\/ventanas-altas-de-saloniki\/#primaryimage"},"image":{"@id":"https:\/\/www.iemj.org\/es\/produit\/ventanas-altas-de-saloniki\/#primaryimage"},"thumbnailUrl":"https:\/\/www.iemj.org\/wp-content\/uploads\/2018\/05\/COUV-CD-Ventanas.jpg","datePublished":"2018-05-21T12:53:21+00:00","dateModified":"2021-09-12T15:51:39+00:00","breadcrumb":{"@id":"https:\/\/www.iemj.org\/es\/produit\/ventanas-altas-de-saloniki\/#breadcrumb"},"inLanguage":"es","potentialAction":[{"@type":"ReadAction","target":["https:\/\/www.iemj.org\/es\/produit\/ventanas-altas-de-saloniki\/"]}]},{"@type":"ImageObject","inLanguage":"es","@id":"https:\/\/www.iemj.org\/es\/produit\/ventanas-altas-de-saloniki\/#primaryimage","url":"https:\/\/www.iemj.org\/wp-content\/uploads\/2018\/05\/COUV-CD-Ventanas.jpg","contentUrl":"https:\/\/www.iemj.org\/wp-content\/uploads\/2018\/05\/COUV-CD-Ventanas.jpg","width":350,"height":314,"caption":"COUV CD Ventanas"},{"@type":"BreadcrumbList","@id":"https:\/\/www.iemj.org\/es\/produit\/ventanas-altas-de-saloniki\/#breadcrumb","itemListElement":[{"@type":"ListItem","position":1,"name":"Accueil","item":"https:\/\/www.iemj.org\/es\/"},{"@type":"ListItem","position":2,"name":"Tienda","item":"https:\/\/www.iemj.org\/es\/tienda\/"},{"@type":"ListItem","position":3,"name":"Ventanas Altas de Saloniki"}]},{"@type":"WebSite","@id":"https:\/\/www.iemj.org\/es\/#website","url":"https:\/\/www.iemj.org\/es\/","name":"Institut Europ\u00e9en des Musiques Juives","description":"Des traditions musicales \u00e0 la port\u00e9e de tous","publisher":{"@id":"https:\/\/www.iemj.org\/es\/#organization"},"potentialAction":[{"@type":"SearchAction","target":{"@type":"EntryPoint","urlTemplate":"https:\/\/www.iemj.org\/es\/?s={search_term_string}"},"query-input":{"@type":"PropertyValueSpecification","valueRequired":true,"valueName":"search_term_string"}}],"inLanguage":"es"},{"@type":"Organization","@id":"https:\/\/www.iemj.org\/es\/#organization","name":"Institut Europ\u00e9en des Musiques Juives","url":"https:\/\/www.iemj.org\/es\/","logo":{"@type":"ImageObject","inLanguage":"es","@id":"https:\/\/www.iemj.org\/es\/#\/schema\/logo\/image\/","url":"https:\/\/www.iemj.org\/wp-content\/uploads\/2021\/09\/Logo-IEMJ-Paypal.jpg","contentUrl":"https:\/\/www.iemj.org\/wp-content\/uploads\/2021\/09\/Logo-IEMJ-Paypal.jpg","width":150,"height":50,"caption":"Institut Europ\u00e9en des Musiques Juives"},"image":{"@id":"https:\/\/www.iemj.org\/es\/#\/schema\/logo\/image\/"},"sameAs":["https:\/\/www.facebook.com\/MusiquesJuives\/","https:\/\/www.instagram.com\/musiquesjuives\/","https:\/\/www.youtube.com\/user\/musiquesjuives"]}]}},"_links":{"self":[{"href":"https:\/\/www.iemj.org\/es\/wp-json\/wp\/v2\/product\/57496","targetHints":{"allow":["GET"]}}],"collection":[{"href":"https:\/\/www.iemj.org\/es\/wp-json\/wp\/v2\/product"}],"about":[{"href":"https:\/\/www.iemj.org\/es\/wp-json\/wp\/v2\/types\/product"}],"replies":[{"embeddable":true,"href":"https:\/\/www.iemj.org\/es\/wp-json\/wp\/v2\/comments?post=57496"}],"wp:featuredmedia":[{"embeddable":true,"href":"https:\/\/www.iemj.org\/es\/wp-json\/wp\/v2\/media\/57658"}],"wp:attachment":[{"href":"https:\/\/www.iemj.org\/es\/wp-json\/wp\/v2\/media?parent=57496"}],"wp:term":[{"taxonomy":"product_brand","embeddable":true,"href":"https:\/\/www.iemj.org\/es\/wp-json\/wp\/v2\/product_brand?post=57496"},{"taxonomy":"product_cat","embeddable":true,"href":"https:\/\/www.iemj.org\/es\/wp-json\/wp\/v2\/product_cat?post=57496"},{"taxonomy":"product_tag","embeddable":true,"href":"https:\/\/www.iemj.org\/es\/wp-json\/wp\/v2\/product_tag?post=57496"}],"curies":[{"name":"wp","href":"https:\/\/api.w.org\/{rel}","templated":true}]}}