{"id":57505,"date":"2018-02-19T11:56:10","date_gmt":"2018-02-19T10:56:10","guid":{"rendered":"https:\/\/www.iemj.org\/produit\/tango-ladino\/"},"modified":"2021-07-21T15:54:05","modified_gmt":"2021-07-21T13:54:05","slug":"tango-ladino","status":"publish","type":"product","link":"https:\/\/www.iemj.org\/es\/produit\/tango-ladino\/","title":{"rendered":"Tango Ladino"},"content":{"rendered":"<p>Keren Esther,\u00a0voice<\/p>\n<p>Narciso Sa\u00fcl, guitar<\/p>\n<p>Ga\u00eblle Poirier,\u00a0bandon\u00e9eon<\/p>\n<p>Extraits :<\/p>\n<p><span class=\"mp3_label\">Caminito<\/span><\/p>\n<audio class=\"wp-audio-shortcode\" id=\"audio-57505-1\" preload=\"none\" style=\"width: 100%;\" controls=\"controls\"><source type=\"audio\/mpeg\" src=\"https:\/\/www.iemj.org\/wp-content\/uploads\/2018\/02\/02_piste_2-2.mp3?_=1\" \/><a href=\"https:\/\/www.iemj.org\/wp-content\/uploads\/2018\/02\/02_piste_2-2.mp3\">https:\/\/www.iemj.org\/wp-content\/uploads\/2018\/02\/02_piste_2-2.mp3<\/a><\/audio>\n<p>Ir me Kero<\/p>\n<audio class=\"wp-audio-shortcode\" id=\"audio-57505-2\" preload=\"none\" style=\"width: 100%;\" controls=\"controls\"><source type=\"audio\/mpeg\" src=\"https:\/\/www.iemj.org\/wp-content\/uploads\/2018\/02\/12_piste_12.mp3?_=2\" \/><a href=\"https:\/\/www.iemj.org\/wp-content\/uploads\/2018\/02\/12_piste_12.mp3\">https:\/\/www.iemj.org\/wp-content\/uploads\/2018\/02\/12_piste_12.mp3<\/a><\/audio>\n<p>Klaro del Dya<\/p>\n<audio class=\"wp-audio-shortcode\" id=\"audio-57505-3\" preload=\"none\" style=\"width: 100%;\" controls=\"controls\"><source type=\"audio\/mpeg\" src=\"https:\/\/www.iemj.org\/wp-content\/uploads\/2018\/02\/01_piste_1-2.mp3?_=3\" \/><a href=\"https:\/\/www.iemj.org\/wp-content\/uploads\/2018\/02\/01_piste_1-2.mp3\">https:\/\/www.iemj.org\/wp-content\/uploads\/2018\/02\/01_piste_1-2.mp3<\/a><\/audio>\n<p>Skalerika de Oro<\/p>\n<audio class=\"wp-audio-shortcode\" id=\"audio-57505-4\" preload=\"none\" style=\"width: 100%;\" controls=\"controls\"><source type=\"audio\/mpeg\" src=\"https:\/\/www.iemj.org\/wp-content\/uploads\/2018\/02\/04_piste_4-2.mp3?_=4\" \/><a href=\"https:\/\/www.iemj.org\/wp-content\/uploads\/2018\/02\/04_piste_4-2.mp3\">https:\/\/www.iemj.org\/wp-content\/uploads\/2018\/02\/04_piste_4-2.mp3<\/a><\/audio>\n<p>Un Sue\u00f1o<\/p>\n<audio class=\"wp-audio-shortcode\" id=\"audio-57505-5\" preload=\"none\" style=\"width: 100%;\" controls=\"controls\"><source type=\"audio\/mpeg\" src=\"https:\/\/www.iemj.org\/wp-content\/uploads\/2018\/02\/11_piste_11.mp3?_=5\" \/><a href=\"https:\/\/www.iemj.org\/wp-content\/uploads\/2018\/02\/11_piste_11.mp3\">https:\/\/www.iemj.org\/wp-content\/uploads\/2018\/02\/11_piste_11.mp3<\/a><\/audio>\n<p>Volver<\/p>\n<audio class=\"wp-audio-shortcode\" id=\"audio-57505-6\" preload=\"none\" style=\"width: 100%;\" controls=\"controls\"><source type=\"audio\/mpeg\" src=\"https:\/\/www.iemj.org\/wp-content\/uploads\/2018\/02\/03_piste_3-2.mp3?_=6\" \/><a href=\"https:\/\/www.iemj.org\/wp-content\/uploads\/2018\/02\/03_piste_3-2.mp3\">https:\/\/www.iemj.org\/wp-content\/uploads\/2018\/02\/03_piste_3-2.mp3<\/a><\/audio>\n","protected":false},"excerpt":{"rendered":"<p>TANGO LADINO<\/p>\n<p>Third CD recorded by Karen Esther, following \u00abA la una yo nacy\u00bb and Fuente Nueva, published by the\u00a0EIJM<\/p>\n","protected":false},"featured_media":57663,"comment_status":"open","ping_status":"closed","template":"","meta":{"_acf_changed":false},"product_brand":[],"product_cat":[1993,2317,2300],"product_tag":[],"class_list":{"0":"post-57505","1":"product","2":"type-product","3":"status-publish","4":"has-post-thumbnail","6":"product_cat-cd-es","7":"product_cat-judeo-espanol","8":"product_cat-otros-editores-es","10":"first","11":"instock","12":"shipping-taxable","13":"purchasable","14":"product-type-simple"},"acf":[],"yoast_head":"<!-- This site is optimized with the Yoast SEO plugin v27.3 - https:\/\/yoast.com\/product\/yoast-seo-wordpress\/ -->\n<title>Tango Ladino - Institut Europ\u00e9en des Musiques Juives<\/title>\n<meta name=\"robots\" content=\"index, follow, max-snippet:-1, max-image-preview:large, max-video-preview:-1\" \/>\n<link rel=\"canonical\" href=\"https:\/\/www.iemj.org\/es\/produit\/tango-ladino\/\" \/>\n<meta property=\"og:locale\" content=\"es_ES\" \/>\n<meta property=\"og:type\" content=\"article\" \/>\n<meta property=\"og:title\" content=\"Tango Ladino - Institut Europ\u00e9en des Musiques Juives\" \/>\n<meta property=\"og:description\" content=\"TANGO LADINO  Third CD recorded by Karen Esther, following &quot;A la una yo nacy&quot; and Fuente Nueva, published by the\u00a0EIJM\" \/>\n<meta property=\"og:url\" content=\"https:\/\/www.iemj.org\/es\/produit\/tango-ladino\/\" \/>\n<meta property=\"og:site_name\" content=\"Institut Europ\u00e9en des Musiques Juives\" \/>\n<meta property=\"article:publisher\" content=\"https:\/\/www.facebook.com\/MusiquesJuives\/\" \/>\n<meta property=\"article:modified_time\" content=\"2021-07-21T13:54:05+00:00\" \/>\n<meta property=\"og:image\" content=\"https:\/\/www.iemj.org\/wp-content\/uploads\/2018\/02\/COUV-CD-Tango-Ladino.jpg\" \/>\n\t<meta property=\"og:image:width\" content=\"350\" \/>\n\t<meta property=\"og:image:height\" content=\"314\" \/>\n\t<meta property=\"og:image:type\" content=\"image\/jpeg\" \/>\n<meta name=\"twitter:card\" content=\"summary_large_image\" \/>\n<script type=\"application\/ld+json\" class=\"yoast-schema-graph\">{\"@context\":\"https:\\\/\\\/schema.org\",\"@graph\":[{\"@type\":\"WebPage\",\"@id\":\"https:\\\/\\\/www.iemj.org\\\/es\\\/produit\\\/tango-ladino\\\/\",\"url\":\"https:\\\/\\\/www.iemj.org\\\/es\\\/produit\\\/tango-ladino\\\/\",\"name\":\"Tango Ladino - Institut Europ\u00e9en des Musiques Juives\",\"isPartOf\":{\"@id\":\"https:\\\/\\\/www.iemj.org\\\/es\\\/#website\"},\"primaryImageOfPage\":{\"@id\":\"https:\\\/\\\/www.iemj.org\\\/es\\\/produit\\\/tango-ladino\\\/#primaryimage\"},\"image\":{\"@id\":\"https:\\\/\\\/www.iemj.org\\\/es\\\/produit\\\/tango-ladino\\\/#primaryimage\"},\"thumbnailUrl\":\"https:\\\/\\\/www.iemj.org\\\/wp-content\\\/uploads\\\/2018\\\/02\\\/COUV-CD-Tango-Ladino.jpg\",\"datePublished\":\"2018-02-19T10:56:10+00:00\",\"dateModified\":\"2021-07-21T13:54:05+00:00\",\"breadcrumb\":{\"@id\":\"https:\\\/\\\/www.iemj.org\\\/es\\\/produit\\\/tango-ladino\\\/#breadcrumb\"},\"inLanguage\":\"es\",\"potentialAction\":[{\"@type\":\"ReadAction\",\"target\":[\"https:\\\/\\\/www.iemj.org\\\/es\\\/produit\\\/tango-ladino\\\/\"]}]},{\"@type\":\"ImageObject\",\"inLanguage\":\"es\",\"@id\":\"https:\\\/\\\/www.iemj.org\\\/es\\\/produit\\\/tango-ladino\\\/#primaryimage\",\"url\":\"https:\\\/\\\/www.iemj.org\\\/wp-content\\\/uploads\\\/2018\\\/02\\\/COUV-CD-Tango-Ladino.jpg\",\"contentUrl\":\"https:\\\/\\\/www.iemj.org\\\/wp-content\\\/uploads\\\/2018\\\/02\\\/COUV-CD-Tango-Ladino.jpg\",\"width\":350,\"height\":314,\"caption\":\"COUV CD Tango Ladino\"},{\"@type\":\"BreadcrumbList\",\"@id\":\"https:\\\/\\\/www.iemj.org\\\/es\\\/produit\\\/tango-ladino\\\/#breadcrumb\",\"itemListElement\":[{\"@type\":\"ListItem\",\"position\":1,\"name\":\"Accueil\",\"item\":\"https:\\\/\\\/www.iemj.org\\\/es\\\/\"},{\"@type\":\"ListItem\",\"position\":2,\"name\":\"Tienda\",\"item\":\"https:\\\/\\\/www.iemj.org\\\/es\\\/tienda\\\/\"},{\"@type\":\"ListItem\",\"position\":3,\"name\":\"Tango Ladino\"}]},{\"@type\":\"WebSite\",\"@id\":\"https:\\\/\\\/www.iemj.org\\\/es\\\/#website\",\"url\":\"https:\\\/\\\/www.iemj.org\\\/es\\\/\",\"name\":\"Institut Europ\u00e9en des Musiques Juives\",\"description\":\"Des traditions musicales \u00e0 la port\u00e9e de tous\",\"publisher\":{\"@id\":\"https:\\\/\\\/www.iemj.org\\\/es\\\/#organization\"},\"potentialAction\":[{\"@type\":\"SearchAction\",\"target\":{\"@type\":\"EntryPoint\",\"urlTemplate\":\"https:\\\/\\\/www.iemj.org\\\/es\\\/?s={search_term_string}\"},\"query-input\":{\"@type\":\"PropertyValueSpecification\",\"valueRequired\":true,\"valueName\":\"search_term_string\"}}],\"inLanguage\":\"es\"},{\"@type\":\"Organization\",\"@id\":\"https:\\\/\\\/www.iemj.org\\\/es\\\/#organization\",\"name\":\"Institut Europ\u00e9en des Musiques Juives\",\"url\":\"https:\\\/\\\/www.iemj.org\\\/es\\\/\",\"logo\":{\"@type\":\"ImageObject\",\"inLanguage\":\"es\",\"@id\":\"https:\\\/\\\/www.iemj.org\\\/es\\\/#\\\/schema\\\/logo\\\/image\\\/\",\"url\":\"https:\\\/\\\/www.iemj.org\\\/wp-content\\\/uploads\\\/2021\\\/09\\\/Logo-IEMJ-Paypal.jpg\",\"contentUrl\":\"https:\\\/\\\/www.iemj.org\\\/wp-content\\\/uploads\\\/2021\\\/09\\\/Logo-IEMJ-Paypal.jpg\",\"width\":150,\"height\":50,\"caption\":\"Institut Europ\u00e9en des Musiques Juives\"},\"image\":{\"@id\":\"https:\\\/\\\/www.iemj.org\\\/es\\\/#\\\/schema\\\/logo\\\/image\\\/\"},\"sameAs\":[\"https:\\\/\\\/www.facebook.com\\\/MusiquesJuives\\\/\",\"https:\\\/\\\/www.instagram.com\\\/musiquesjuives\\\/\",\"https:\\\/\\\/www.youtube.com\\\/user\\\/musiquesjuives\"]}]}<\/script>\n<!-- \/ Yoast SEO plugin. -->","yoast_head_json":{"title":"Tango Ladino - Institut Europ\u00e9en des Musiques Juives","robots":{"index":"index","follow":"follow","max-snippet":"max-snippet:-1","max-image-preview":"max-image-preview:large","max-video-preview":"max-video-preview:-1"},"canonical":"https:\/\/www.iemj.org\/es\/produit\/tango-ladino\/","og_locale":"es_ES","og_type":"article","og_title":"Tango Ladino - Institut Europ\u00e9en des Musiques Juives","og_description":"TANGO LADINO  Third CD recorded by Karen Esther, following \"A la una yo nacy\" and Fuente Nueva, published by the\u00a0EIJM","og_url":"https:\/\/www.iemj.org\/es\/produit\/tango-ladino\/","og_site_name":"Institut Europ\u00e9en des Musiques Juives","article_publisher":"https:\/\/www.facebook.com\/MusiquesJuives\/","article_modified_time":"2021-07-21T13:54:05+00:00","og_image":[{"width":350,"height":314,"url":"https:\/\/www.iemj.org\/wp-content\/uploads\/2018\/02\/COUV-CD-Tango-Ladino.jpg","type":"image\/jpeg"}],"twitter_card":"summary_large_image","schema":{"@context":"https:\/\/schema.org","@graph":[{"@type":"WebPage","@id":"https:\/\/www.iemj.org\/es\/produit\/tango-ladino\/","url":"https:\/\/www.iemj.org\/es\/produit\/tango-ladino\/","name":"Tango Ladino - Institut Europ\u00e9en des Musiques Juives","isPartOf":{"@id":"https:\/\/www.iemj.org\/es\/#website"},"primaryImageOfPage":{"@id":"https:\/\/www.iemj.org\/es\/produit\/tango-ladino\/#primaryimage"},"image":{"@id":"https:\/\/www.iemj.org\/es\/produit\/tango-ladino\/#primaryimage"},"thumbnailUrl":"https:\/\/www.iemj.org\/wp-content\/uploads\/2018\/02\/COUV-CD-Tango-Ladino.jpg","datePublished":"2018-02-19T10:56:10+00:00","dateModified":"2021-07-21T13:54:05+00:00","breadcrumb":{"@id":"https:\/\/www.iemj.org\/es\/produit\/tango-ladino\/#breadcrumb"},"inLanguage":"es","potentialAction":[{"@type":"ReadAction","target":["https:\/\/www.iemj.org\/es\/produit\/tango-ladino\/"]}]},{"@type":"ImageObject","inLanguage":"es","@id":"https:\/\/www.iemj.org\/es\/produit\/tango-ladino\/#primaryimage","url":"https:\/\/www.iemj.org\/wp-content\/uploads\/2018\/02\/COUV-CD-Tango-Ladino.jpg","contentUrl":"https:\/\/www.iemj.org\/wp-content\/uploads\/2018\/02\/COUV-CD-Tango-Ladino.jpg","width":350,"height":314,"caption":"COUV CD Tango Ladino"},{"@type":"BreadcrumbList","@id":"https:\/\/www.iemj.org\/es\/produit\/tango-ladino\/#breadcrumb","itemListElement":[{"@type":"ListItem","position":1,"name":"Accueil","item":"https:\/\/www.iemj.org\/es\/"},{"@type":"ListItem","position":2,"name":"Tienda","item":"https:\/\/www.iemj.org\/es\/tienda\/"},{"@type":"ListItem","position":3,"name":"Tango Ladino"}]},{"@type":"WebSite","@id":"https:\/\/www.iemj.org\/es\/#website","url":"https:\/\/www.iemj.org\/es\/","name":"Institut Europ\u00e9en des Musiques Juives","description":"Des traditions musicales \u00e0 la port\u00e9e de tous","publisher":{"@id":"https:\/\/www.iemj.org\/es\/#organization"},"potentialAction":[{"@type":"SearchAction","target":{"@type":"EntryPoint","urlTemplate":"https:\/\/www.iemj.org\/es\/?s={search_term_string}"},"query-input":{"@type":"PropertyValueSpecification","valueRequired":true,"valueName":"search_term_string"}}],"inLanguage":"es"},{"@type":"Organization","@id":"https:\/\/www.iemj.org\/es\/#organization","name":"Institut Europ\u00e9en des Musiques Juives","url":"https:\/\/www.iemj.org\/es\/","logo":{"@type":"ImageObject","inLanguage":"es","@id":"https:\/\/www.iemj.org\/es\/#\/schema\/logo\/image\/","url":"https:\/\/www.iemj.org\/wp-content\/uploads\/2021\/09\/Logo-IEMJ-Paypal.jpg","contentUrl":"https:\/\/www.iemj.org\/wp-content\/uploads\/2021\/09\/Logo-IEMJ-Paypal.jpg","width":150,"height":50,"caption":"Institut Europ\u00e9en des Musiques Juives"},"image":{"@id":"https:\/\/www.iemj.org\/es\/#\/schema\/logo\/image\/"},"sameAs":["https:\/\/www.facebook.com\/MusiquesJuives\/","https:\/\/www.instagram.com\/musiquesjuives\/","https:\/\/www.youtube.com\/user\/musiquesjuives"]}]}},"_links":{"self":[{"href":"https:\/\/www.iemj.org\/es\/wp-json\/wp\/v2\/product\/57505","targetHints":{"allow":["GET"]}}],"collection":[{"href":"https:\/\/www.iemj.org\/es\/wp-json\/wp\/v2\/product"}],"about":[{"href":"https:\/\/www.iemj.org\/es\/wp-json\/wp\/v2\/types\/product"}],"replies":[{"embeddable":true,"href":"https:\/\/www.iemj.org\/es\/wp-json\/wp\/v2\/comments?post=57505"}],"wp:featuredmedia":[{"embeddable":true,"href":"https:\/\/www.iemj.org\/es\/wp-json\/wp\/v2\/media\/57663"}],"wp:attachment":[{"href":"https:\/\/www.iemj.org\/es\/wp-json\/wp\/v2\/media?parent=57505"}],"wp:term":[{"taxonomy":"product_brand","embeddable":true,"href":"https:\/\/www.iemj.org\/es\/wp-json\/wp\/v2\/product_brand?post=57505"},{"taxonomy":"product_cat","embeddable":true,"href":"https:\/\/www.iemj.org\/es\/wp-json\/wp\/v2\/product_cat?post=57505"},{"taxonomy":"product_tag","embeddable":true,"href":"https:\/\/www.iemj.org\/es\/wp-json\/wp\/v2\/product_tag?post=57505"}],"curies":[{"name":"wp","href":"https:\/\/api.w.org\/{rel}","templated":true}]}}