{"id":84574,"date":"2022-05-19T11:28:12","date_gmt":"2022-05-19T09:28:12","guid":{"rendered":"https:\/\/www.iemj.org\/evenement\/la-nouvelle-ecole-juive-de-saint-petersbourg\/"},"modified":"2022-05-23T15:24:06","modified_gmt":"2022-05-23T13:24:06","slug":"la-nouvelle-ecole-juive-de-saint-petersbourg","status":"publish","type":"tribe_events","link":"https:\/\/www.iemj.org\/es\/eventos\/la-nouvelle-ecole-juive-de-saint-petersbourg\/","title":{"rendered":"LA \u201cNUEVA ESCUELA JUD\u00cdA DE SAN PETERSBURGO\u201d"},"content":{"rendered":"<h3 id=\"0-eael-table-of-content\" class=\"eael-heading-content\">En el marco del 17\u00b0 Festival de las culturas Jud\u00edas<\/h3>\n<h3 id=\"3-eael-table-of-content\" class=\"paragraph eael-heading-content\"><span style=\"color: #3c4b98;\"><em><strong><span class=\"normaltextrun\">PROPUESTO POR EL INSTITUT EUROP\u00c9EN DES MUSIQUES JUIVES,<\/span><\/strong><\/em><\/span><\/h3>\n<h3 id=\"4-eael-table-of-content\" class=\"paragraph eael-heading-content\"><span style=\"color: #3c4b98;\"><em><strong><span class=\"normaltextrun\">LOS ARCHIVES NATIONALES Y EL FSJU<\/span><\/strong><\/em><\/span><\/h3>\n<p style=\"text-align: left;\"><strong>Sarah Iancu<\/strong>, violonchelista<\/p>\n<p style=\"text-align: left;\"><strong>David Bismuth<\/strong>, piano<\/p>\n<div class=\"contenu\">\n<p>En 2016, Sarah Iancu, violonchelista solista de la Orquesta del Capitolio de Toulouse y David Bismuth, virtuoso pianista, hab\u00edan presentado su primer opus<em>\u00a0<strong>Melod\u00edas<\/strong><\/em><em><strong>\u00a0hebreas, volumen 1\u00a0<\/strong><\/em><em>a los<\/em>\u00a0Archivos Nacionales en el marco del Festival de las Culturas Jud\u00edas.<\/p>\n<p>Seis a\u00f1os m\u00e1s tarde, el Festival los recibe de nuevo y con mucho placer para presentar su segundo opus, producido por el \u201cInstitut europ\u00e9en des musiques juives\u201d y dedicado en gran parte a los compositores que proceden de la\u00a0<strong>\u00abNueva escuela jud\u00eda de San Petersburgo\u00bb<\/strong>.<\/p>\n<p class=\"Textbody\"><span lang=\"ES\">Sarah Iancu y David Bismuth les propone descurbrir compositores como Joel Engel, Alexander Krein, Lazare Saminski, Joachim Stoutchevski, Jacob Weinberg, Leo Zeitlin, que, bajo la influencia de la corriente folclorista rusa en el momento crucial del siglo 20, se pusieron a recolectar, grabar y transcribir melod\u00edas yiddish y cantos lit\u00fargicos que sirvieron de base para sus composiciones, para empezar la creaci\u00f3n de una m\u00fasica nacional jud\u00eda.<\/span><\/p>\n<p>En aquella \u00e9poca, Europa del Este era un lugar de experimentaci\u00f3n art\u00edstica que se expresaba en particular a trav\u00e9s de la literatura y del teatro yiddish, este \u00faltimo recurriendo ampliamente a canciones que integraron r\u00e1pidamente el repertorio popular.<\/p>\n<p>Estas canciones en yiddish, importadas a los Estados Unidos, generaron la creaci\u00f3n en 1925 de la canci\u00f3n\u00a0<em>My yiddish Momme<\/em>\u00a0de Jack Yellen, que se convertir\u00e1 en un \u00e9xito mundial.<\/p>\n<p>Estos cantos, meditaciones, bailes, oraciones, c\u00e1nticos reflejan la belleza universal y son para nosotros una fuente de inspiraci\u00f3n inagotable.<\/p>\n<p><strong>Tarifa \u00fanica: 12 \u20ac<\/strong><\/p>\n<p><strong><a href=\"https:\/\/www.festivaldesculturesjuives.org\/billetterie\/\" target=\"_blank\" rel=\"noopener\">Reserva en l\u00ednea<\/a><\/strong><\/p>\n<p><img decoding=\"async\" class=\"alignnone wp-image-84429\" src=\"https:\/\/www.iemj.org\/wp-content\/uploads\/2022\/05\/3-logos-partenaires-1-300x52.jpg\" alt=\"\" width=\"496\" height=\"86\" srcset=\"https:\/\/www.iemj.org\/wp-content\/uploads\/2022\/05\/3-logos-partenaires-1-300x52.jpg 300w, https:\/\/www.iemj.org\/wp-content\/uploads\/2022\/05\/3-logos-partenaires-1-768x134.jpg 768w, https:\/\/www.iemj.org\/wp-content\/uploads\/2022\/05\/3-logos-partenaires-1-600x105.jpg 600w, https:\/\/www.iemj.org\/wp-content\/uploads\/2022\/05\/3-logos-partenaires-1.jpg 860w\" sizes=\"(max-width: 496px) 100vw, 496px\" \/><\/p>\n<div class=\"wp-block-column\"><\/div>\n<\/div>\n","protected":false},"excerpt":{"rendered":"<p>En el marco del 17\u00b0 Festival de las culturas Jud\u00edas PROPUESTO POR EL INSTITUT EUROP\u00c9EN DES MUSIQUES JUIVES, LOS ARCHIVES NATIONALES Y EL FSJU Sarah Iancu, violonchelista David Bismuth, piano<\/p>\n","protected":false},"author":5,"featured_media":84399,"template":"","meta":{"_acf_changed":false,"_tribe_events_status":"","_tribe_events_status_reason":"","_tribe_events_is_hybrid":"","_tribe_events_is_virtual":"","_tribe_events_virtual_video_source":"","_tribe_events_virtual_embed_video":"","_tribe_events_virtual_linked_button_text":"","_tribe_events_virtual_linked_button":"","_tribe_events_virtual_show_embed_at":"","_tribe_events_virtual_show_embed_to":[],"_tribe_events_virtual_show_on_event":"","_tribe_events_virtual_show_on_views":"","_tribe_events_virtual_url":"","footnotes":""},"tags":[],"tribe_events_cat":[1633,1631],"class_list":["post-84574","tribe_events","type-tribe_events","status-publish","has-post-thumbnail","hentry","tribe_events_cat-eventos-asociados-en","tribe_events_cat-eventos-iemj-es","cat_eventos-asociados-en","cat_eventos-iemj-es"],"acf":[],"yoast_head":"<!-- This site is optimized with the Yoast SEO plugin v27.3 - https:\/\/yoast.com\/product\/yoast-seo-wordpress\/ -->\n<title>LA \u201cNUEVA ESCUELA JUD\u00cdA DE SAN PETERSBURGO\u201d - Institut Europ\u00e9en des Musiques Juives<\/title>\n<meta name=\"robots\" content=\"index, follow, max-snippet:-1, max-image-preview:large, max-video-preview:-1\" \/>\n<link rel=\"canonical\" href=\"https:\/\/www.iemj.org\/es\/eventos\/la-nouvelle-ecole-juive-de-saint-petersbourg\/\" \/>\n<meta property=\"og:locale\" content=\"es_ES\" \/>\n<meta property=\"og:type\" content=\"article\" \/>\n<meta property=\"og:title\" content=\"LA \u201cNUEVA ESCUELA JUD\u00cdA DE SAN PETERSBURGO\u201d - Institut Europ\u00e9en des Musiques Juives\" \/>\n<meta property=\"og:description\" content=\"En el marco del 17\u00b0 Festival de las culturas Jud\u00edas PROPUESTO POR EL INSTITUT EUROP\u00c9EN DES MUSIQUES JUIVES, LOS ARCHIVES NATIONALES Y EL FSJU Sarah Iancu, violonchelista David Bismuth, piano\" \/>\n<meta property=\"og:url\" content=\"https:\/\/www.iemj.org\/es\/eventos\/la-nouvelle-ecole-juive-de-saint-petersbourg\/\" \/>\n<meta property=\"og:site_name\" content=\"Institut Europ\u00e9en des Musiques Juives\" \/>\n<meta property=\"article:publisher\" content=\"https:\/\/www.facebook.com\/MusiquesJuives\/\" \/>\n<meta property=\"article:modified_time\" content=\"2022-05-23T13:24:06+00:00\" \/>\n<meta property=\"og:image\" content=\"https:\/\/www.iemj.org\/wp-content\/uploads\/2022\/05\/Logo-Concert-Archives-Nat._redim.jpg\" \/>\n\t<meta property=\"og:image:width\" content=\"440\" \/>\n\t<meta property=\"og:image:height\" content=\"250\" \/>\n\t<meta property=\"og:image:type\" content=\"image\/jpeg\" \/>\n<meta name=\"twitter:card\" content=\"summary_large_image\" \/>\n<meta name=\"twitter:label1\" content=\"Tiempo de lectura\" \/>\n\t<meta name=\"twitter:data1\" content=\"2 minutos\" \/>\n<script type=\"application\/ld+json\" class=\"yoast-schema-graph\">{\"@context\":\"https:\\\/\\\/schema.org\",\"@graph\":[{\"@type\":\"WebPage\",\"@id\":\"https:\\\/\\\/www.iemj.org\\\/es\\\/eventos\\\/la-nouvelle-ecole-juive-de-saint-petersbourg\\\/\",\"url\":\"https:\\\/\\\/www.iemj.org\\\/es\\\/eventos\\\/la-nouvelle-ecole-juive-de-saint-petersbourg\\\/\",\"name\":\"LA \u201cNUEVA ESCUELA JUD\u00cdA DE SAN PETERSBURGO\u201d - Institut Europ\u00e9en des Musiques Juives\",\"isPartOf\":{\"@id\":\"https:\\\/\\\/www.iemj.org\\\/es\\\/#website\"},\"primaryImageOfPage\":{\"@id\":\"https:\\\/\\\/www.iemj.org\\\/es\\\/eventos\\\/la-nouvelle-ecole-juive-de-saint-petersbourg\\\/#primaryimage\"},\"image\":{\"@id\":\"https:\\\/\\\/www.iemj.org\\\/es\\\/eventos\\\/la-nouvelle-ecole-juive-de-saint-petersbourg\\\/#primaryimage\"},\"thumbnailUrl\":\"https:\\\/\\\/www.iemj.org\\\/wp-content\\\/uploads\\\/2022\\\/05\\\/Logo-Concert-Archives-Nat._redim.jpg\",\"datePublished\":\"2022-05-19T09:28:12+00:00\",\"dateModified\":\"2022-05-23T13:24:06+00:00\",\"breadcrumb\":{\"@id\":\"https:\\\/\\\/www.iemj.org\\\/es\\\/eventos\\\/la-nouvelle-ecole-juive-de-saint-petersbourg\\\/#breadcrumb\"},\"inLanguage\":\"es\",\"potentialAction\":[{\"@type\":\"ReadAction\",\"target\":[\"https:\\\/\\\/www.iemj.org\\\/es\\\/eventos\\\/la-nouvelle-ecole-juive-de-saint-petersbourg\\\/\"]}]},{\"@type\":\"ImageObject\",\"inLanguage\":\"es\",\"@id\":\"https:\\\/\\\/www.iemj.org\\\/es\\\/eventos\\\/la-nouvelle-ecole-juive-de-saint-petersbourg\\\/#primaryimage\",\"url\":\"https:\\\/\\\/www.iemj.org\\\/wp-content\\\/uploads\\\/2022\\\/05\\\/Logo-Concert-Archives-Nat._redim.jpg\",\"contentUrl\":\"https:\\\/\\\/www.iemj.org\\\/wp-content\\\/uploads\\\/2022\\\/05\\\/Logo-Concert-Archives-Nat._redim.jpg\",\"width\":440,\"height\":250},{\"@type\":\"BreadcrumbList\",\"@id\":\"https:\\\/\\\/www.iemj.org\\\/es\\\/eventos\\\/la-nouvelle-ecole-juive-de-saint-petersbourg\\\/#breadcrumb\",\"itemListElement\":[{\"@type\":\"ListItem\",\"position\":1,\"name\":\"Accueil\",\"item\":\"https:\\\/\\\/www.iemj.org\\\/es\\\/\"},{\"@type\":\"ListItem\",\"position\":2,\"name\":\"Eventos\",\"item\":\"https:\\\/\\\/www.iemj.org\\\/es\\\/events\\\/\"},{\"@type\":\"ListItem\",\"position\":3,\"name\":\"LA \u201cNUEVA ESCUELA JUD\u00cdA DE SAN PETERSBURGO\u201d\"}]},{\"@type\":\"WebSite\",\"@id\":\"https:\\\/\\\/www.iemj.org\\\/es\\\/#website\",\"url\":\"https:\\\/\\\/www.iemj.org\\\/es\\\/\",\"name\":\"Institut Europ\u00e9en des Musiques Juives\",\"description\":\"Des traditions musicales \u00e0 la port\u00e9e de tous\",\"publisher\":{\"@id\":\"https:\\\/\\\/www.iemj.org\\\/es\\\/#organization\"},\"potentialAction\":[{\"@type\":\"SearchAction\",\"target\":{\"@type\":\"EntryPoint\",\"urlTemplate\":\"https:\\\/\\\/www.iemj.org\\\/es\\\/?s={search_term_string}\"},\"query-input\":{\"@type\":\"PropertyValueSpecification\",\"valueRequired\":true,\"valueName\":\"search_term_string\"}}],\"inLanguage\":\"es\"},{\"@type\":\"Organization\",\"@id\":\"https:\\\/\\\/www.iemj.org\\\/es\\\/#organization\",\"name\":\"Institut Europ\u00e9en des Musiques Juives\",\"url\":\"https:\\\/\\\/www.iemj.org\\\/es\\\/\",\"logo\":{\"@type\":\"ImageObject\",\"inLanguage\":\"es\",\"@id\":\"https:\\\/\\\/www.iemj.org\\\/es\\\/#\\\/schema\\\/logo\\\/image\\\/\",\"url\":\"https:\\\/\\\/www.iemj.org\\\/wp-content\\\/uploads\\\/2021\\\/09\\\/Logo-IEMJ-Paypal.jpg\",\"contentUrl\":\"https:\\\/\\\/www.iemj.org\\\/wp-content\\\/uploads\\\/2021\\\/09\\\/Logo-IEMJ-Paypal.jpg\",\"width\":150,\"height\":50,\"caption\":\"Institut Europ\u00e9en des Musiques Juives\"},\"image\":{\"@id\":\"https:\\\/\\\/www.iemj.org\\\/es\\\/#\\\/schema\\\/logo\\\/image\\\/\"},\"sameAs\":[\"https:\\\/\\\/www.facebook.com\\\/MusiquesJuives\\\/\",\"https:\\\/\\\/www.instagram.com\\\/musiquesjuives\\\/\",\"https:\\\/\\\/www.youtube.com\\\/user\\\/musiquesjuives\"]}]}<\/script>\n<!-- \/ Yoast SEO plugin. -->","yoast_head_json":{"title":"LA \u201cNUEVA ESCUELA JUD\u00cdA DE SAN PETERSBURGO\u201d - Institut Europ\u00e9en des Musiques Juives","robots":{"index":"index","follow":"follow","max-snippet":"max-snippet:-1","max-image-preview":"max-image-preview:large","max-video-preview":"max-video-preview:-1"},"canonical":"https:\/\/www.iemj.org\/es\/eventos\/la-nouvelle-ecole-juive-de-saint-petersbourg\/","og_locale":"es_ES","og_type":"article","og_title":"LA \u201cNUEVA ESCUELA JUD\u00cdA DE SAN PETERSBURGO\u201d - Institut Europ\u00e9en des Musiques Juives","og_description":"En el marco del 17\u00b0 Festival de las culturas Jud\u00edas PROPUESTO POR EL INSTITUT EUROP\u00c9EN DES MUSIQUES JUIVES, LOS ARCHIVES NATIONALES Y EL FSJU Sarah Iancu, violonchelista David Bismuth, piano","og_url":"https:\/\/www.iemj.org\/es\/eventos\/la-nouvelle-ecole-juive-de-saint-petersbourg\/","og_site_name":"Institut Europ\u00e9en des Musiques Juives","article_publisher":"https:\/\/www.facebook.com\/MusiquesJuives\/","article_modified_time":"2022-05-23T13:24:06+00:00","og_image":[{"width":440,"height":250,"url":"https:\/\/www.iemj.org\/wp-content\/uploads\/2022\/05\/Logo-Concert-Archives-Nat._redim.jpg","type":"image\/jpeg"}],"twitter_card":"summary_large_image","twitter_misc":{"Tiempo de lectura":"2 minutos"},"schema":{"@context":"https:\/\/schema.org","@graph":[{"@type":"WebPage","@id":"https:\/\/www.iemj.org\/es\/eventos\/la-nouvelle-ecole-juive-de-saint-petersbourg\/","url":"https:\/\/www.iemj.org\/es\/eventos\/la-nouvelle-ecole-juive-de-saint-petersbourg\/","name":"LA \u201cNUEVA ESCUELA JUD\u00cdA DE SAN PETERSBURGO\u201d - Institut Europ\u00e9en des Musiques Juives","isPartOf":{"@id":"https:\/\/www.iemj.org\/es\/#website"},"primaryImageOfPage":{"@id":"https:\/\/www.iemj.org\/es\/eventos\/la-nouvelle-ecole-juive-de-saint-petersbourg\/#primaryimage"},"image":{"@id":"https:\/\/www.iemj.org\/es\/eventos\/la-nouvelle-ecole-juive-de-saint-petersbourg\/#primaryimage"},"thumbnailUrl":"https:\/\/www.iemj.org\/wp-content\/uploads\/2022\/05\/Logo-Concert-Archives-Nat._redim.jpg","datePublished":"2022-05-19T09:28:12+00:00","dateModified":"2022-05-23T13:24:06+00:00","breadcrumb":{"@id":"https:\/\/www.iemj.org\/es\/eventos\/la-nouvelle-ecole-juive-de-saint-petersbourg\/#breadcrumb"},"inLanguage":"es","potentialAction":[{"@type":"ReadAction","target":["https:\/\/www.iemj.org\/es\/eventos\/la-nouvelle-ecole-juive-de-saint-petersbourg\/"]}]},{"@type":"ImageObject","inLanguage":"es","@id":"https:\/\/www.iemj.org\/es\/eventos\/la-nouvelle-ecole-juive-de-saint-petersbourg\/#primaryimage","url":"https:\/\/www.iemj.org\/wp-content\/uploads\/2022\/05\/Logo-Concert-Archives-Nat._redim.jpg","contentUrl":"https:\/\/www.iemj.org\/wp-content\/uploads\/2022\/05\/Logo-Concert-Archives-Nat._redim.jpg","width":440,"height":250},{"@type":"BreadcrumbList","@id":"https:\/\/www.iemj.org\/es\/eventos\/la-nouvelle-ecole-juive-de-saint-petersbourg\/#breadcrumb","itemListElement":[{"@type":"ListItem","position":1,"name":"Accueil","item":"https:\/\/www.iemj.org\/es\/"},{"@type":"ListItem","position":2,"name":"Eventos","item":"https:\/\/www.iemj.org\/es\/events\/"},{"@type":"ListItem","position":3,"name":"LA \u201cNUEVA ESCUELA JUD\u00cdA DE SAN PETERSBURGO\u201d"}]},{"@type":"WebSite","@id":"https:\/\/www.iemj.org\/es\/#website","url":"https:\/\/www.iemj.org\/es\/","name":"Institut Europ\u00e9en des Musiques Juives","description":"Des traditions musicales \u00e0 la port\u00e9e de tous","publisher":{"@id":"https:\/\/www.iemj.org\/es\/#organization"},"potentialAction":[{"@type":"SearchAction","target":{"@type":"EntryPoint","urlTemplate":"https:\/\/www.iemj.org\/es\/?s={search_term_string}"},"query-input":{"@type":"PropertyValueSpecification","valueRequired":true,"valueName":"search_term_string"}}],"inLanguage":"es"},{"@type":"Organization","@id":"https:\/\/www.iemj.org\/es\/#organization","name":"Institut Europ\u00e9en des Musiques Juives","url":"https:\/\/www.iemj.org\/es\/","logo":{"@type":"ImageObject","inLanguage":"es","@id":"https:\/\/www.iemj.org\/es\/#\/schema\/logo\/image\/","url":"https:\/\/www.iemj.org\/wp-content\/uploads\/2021\/09\/Logo-IEMJ-Paypal.jpg","contentUrl":"https:\/\/www.iemj.org\/wp-content\/uploads\/2021\/09\/Logo-IEMJ-Paypal.jpg","width":150,"height":50,"caption":"Institut Europ\u00e9en des Musiques Juives"},"image":{"@id":"https:\/\/www.iemj.org\/es\/#\/schema\/logo\/image\/"},"sameAs":["https:\/\/www.facebook.com\/MusiquesJuives\/","https:\/\/www.instagram.com\/musiquesjuives\/","https:\/\/www.youtube.com\/user\/musiquesjuives"]}]}},"_links":{"self":[{"href":"https:\/\/www.iemj.org\/es\/wp-json\/wp\/v2\/tribe_events\/84574","targetHints":{"allow":["GET"]}}],"collection":[{"href":"https:\/\/www.iemj.org\/es\/wp-json\/wp\/v2\/tribe_events"}],"about":[{"href":"https:\/\/www.iemj.org\/es\/wp-json\/wp\/v2\/types\/tribe_events"}],"author":[{"embeddable":true,"href":"https:\/\/www.iemj.org\/es\/wp-json\/wp\/v2\/users\/5"}],"version-history":[{"count":0,"href":"https:\/\/www.iemj.org\/es\/wp-json\/wp\/v2\/tribe_events\/84574\/revisions"}],"wp:featuredmedia":[{"embeddable":true,"href":"https:\/\/www.iemj.org\/es\/wp-json\/wp\/v2\/media\/84399"}],"wp:attachment":[{"href":"https:\/\/www.iemj.org\/es\/wp-json\/wp\/v2\/media?parent=84574"}],"wp:term":[{"taxonomy":"post_tag","embeddable":true,"href":"https:\/\/www.iemj.org\/es\/wp-json\/wp\/v2\/tags?post=84574"},{"taxonomy":"tribe_events_cat","embeddable":true,"href":"https:\/\/www.iemj.org\/es\/wp-json\/wp\/v2\/tribe_events_cat?post=84574"}],"curies":[{"name":"wp","href":"https:\/\/api.w.org\/{rel}","templated":true}]}}