{"id":97686,"date":"2023-06-05T10:19:47","date_gmt":"2023-06-05T08:19:47","guid":{"rendered":"https:\/\/www.iemj.org\/evenement\/itinerances-africaines\/"},"modified":"2023-06-12T17:41:57","modified_gmt":"2023-06-12T15:41:57","slug":"itinerances-africaines","status":"publish","type":"tribe_events","link":"https:\/\/www.iemj.org\/es\/eventos\/itinerances-africaines\/","title":{"rendered":"ITIN\u00c9RANCES AFRICAINES"},"content":{"rendered":"<h1>CONF\u00c9RENCE MUSICALE \u2013 PROJECTION \u2013 AP\u00c9RO \u00c9THIOPIEN<\/h1>\n<p><strong><img fetchpriority=\"high\" decoding=\"async\" class=\"wp-image-1699 alignright\" src=\"https:\/\/www.festivaldesculturesjuives.org\/wp-content\/uploads\/doc-1-ethiopie-300x277.jpg\" sizes=\"(max-width: 395px) 100vw, 395px\" srcset=\"https:\/\/www.festivaldesculturesjuives.org\/wp-content\/uploads\/doc-1-ethiopie-300x277.jpg 300w, https:\/\/www.festivaldesculturesjuives.org\/wp-content\/uploads\/doc-1-ethiopie-1024x946.jpg 1024w, https:\/\/www.festivaldesculturesjuives.org\/wp-content\/uploads\/doc-1-ethiopie-768x710.jpg 768w, https:\/\/www.festivaldesculturesjuives.org\/wp-content\/uploads\/doc-1-ethiopie-1536x1420.jpg 1536w, https:\/\/www.festivaldesculturesjuives.org\/wp-content\/uploads\/doc-1-ethiopie-2048x1893.jpg 2048w, https:\/\/www.festivaldesculturesjuives.org\/wp-content\/uploads\/doc-1-ethiopie-1320x1220.jpg 1320w\" alt=\"\" width=\"360\" height=\"333\" \/><span style=\"color: #3c4b98;\">19H : LE CHANT LITURGIQUE DES JUIFS D\u2019\u00c9THIOPIE, UN DESTIN ISRA\u00c9LIEN<\/span><br \/>\n<\/strong><\/p>\n<p><em>Conf\u00e9rence musicale de <strong>Simha Arom<\/strong>\u00a0et\u00a0<strong>Olivier Tourny<\/strong>, ethnomusicologues, anim\u00e9e par\u00a0<strong>Herv\u00e9 Roten<\/strong>, directeur de l\u2019Institut Europ\u00e9en des Musiques Juives<\/em><\/p>\n<p>\u00c0 la fin des ann\u00e9es 1980 et tout au long des ann\u00e9es 1990, la communaut\u00e9 juive d\u2019\u00c9thiopie \u00e9migrait massivement en Isra\u00ebl, accomplissant le r\u00eave de leurs anc\u00eatres d\u2019un retour \u00e0 J\u00e9rusalem. Cependant, en raison de croyances et de pratiques religieuses consid\u00e9r\u00e9es comme archa\u00efsantes, elle fut invit\u00e9e \u00e0 rejoindre un juda\u00efsme normatif plus adapt\u00e9 au contexte de l\u2019Isra\u00ebl contemporain.<\/p>\n<p>Dans ces conditions, Simha Arom lan\u00e7ait un programme d\u2019\u00e9tude, d\u2019enregistrement et de sauvegarde de ce patrimoine, associant une \u00e9quipe du Centre de Recherche Fran\u00e7ais \u00e0 J\u00e9rusalem et de l\u2019Universit\u00e9 H\u00e9bra\u00efque. Ce programme allait produire un grand nombre de travaux et de publications, dont une anthologie\u00a0<a href=\"https:\/\/www.iemj.org\/es\/the-liturgy-of-beta-israel-music-of-the-ethiopian-jewish-prayer\/\">The Liturgy of Beta Israel \u2013 Music of the Ethiopian Jewish Prayer<\/a>\u00a0publi\u00e9 en 2018 par le Centre de Recherche sur les Musiques Juives de l\u2019Universit\u00e9 H\u00e9bra\u00efque de J\u00e9rusalem.<\/p>\n<p>Quelques trente ann\u00e9es plus tard, qu\u2019est-il advenu du chant de la communaut\u00e9 juive \u00e9thiopienne ? Cette conf\u00e9rence musicale en d\u00e9taillera le destin.<\/p>\n<p><img decoding=\"async\" class=\" wp-image-1700 alignleft\" src=\"https:\/\/www.festivaldesculturesjuives.org\/wp-content\/uploads\/Simha-Arom-294x300.jpg\" sizes=\"(max-width: 294px) 100vw, 294px\" srcset=\"https:\/\/www.festivaldesculturesjuives.org\/wp-content\/uploads\/Simha-Arom-294x300.jpg 294w, https:\/\/www.festivaldesculturesjuives.org\/wp-content\/uploads\/Simha-Arom-1004x1024.jpg 1004w, https:\/\/www.festivaldesculturesjuives.org\/wp-content\/uploads\/Simha-Arom-768x783.jpg 768w, https:\/\/www.festivaldesculturesjuives.org\/wp-content\/uploads\/Simha-Arom.jpg 1147w\" alt=\"\" width=\"106\" height=\"108\" \/><\/p>\n<p><strong>Simha Arom<\/strong><\/p>\n<p><span class=\"NormalTextRun SCXW31654011 BCX9\">Directeur de recherche \u00e9m\u00e9rite au CNRS,\u00a0<\/span><strong><span class=\"NormalTextRun SpellingErrorV2Themed SCXW31654011 BCX9\">Simha<\/span>\u00a0<span class=\"NormalTextRun SpellingErrorV2Themed SCXW31654011 BCX9\">Arom<\/span><\/strong><span class=\"NormalTextRun SCXW31654011 BCX9\">\u00a0est m<\/span>embre-fondateur de la Soci\u00e9t\u00e9 fran\u00e7aise d\u2019ethnomusicologie, de la Soci\u00e9t\u00e9 fran\u00e7aise d\u2019analyse musicale, de la European Society for the Cognitive Sciences of Music (ESCOM) et du European Seminar in Ethnomusicology ; il est \u00e9galement membre de la Soci\u00e9t\u00e9 fran\u00e7aise de musicologie et du Board of directors du projet The Universe of Music (UNESCO). Simha Arom a re\u00e7u en 2014 le\u00a0Prix Antoine Bernheim\u00a0d\u00e9cern\u00e9 par la\u00a0Fondation du juda\u00efsme fran\u00e7ais.<\/p>\n<p><img decoding=\"async\" class=\" wp-image-1701 alignleft\" src=\"https:\/\/www.festivaldesculturesjuives.org\/wp-content\/uploads\/Olivier-Tourny-270x300.jpg\" sizes=\"(max-width: 270px) 100vw, 270px\" srcset=\"https:\/\/www.festivaldesculturesjuives.org\/wp-content\/uploads\/Olivier-Tourny-270x300.jpg 270w, https:\/\/www.festivaldesculturesjuives.org\/wp-content\/uploads\/Olivier-Tourny-768x854.jpg 768w, https:\/\/www.festivaldesculturesjuives.org\/wp-content\/uploads\/Olivier-Tourny.jpg 789w\" alt=\"\" width=\"97\" height=\"107\" \/><\/p>\n<p><strong>Olivier Tourny<\/strong><\/p>\n<p>Directeur de recherche au\u00a0CNRS, <strong>Olivier Tourny<\/strong> est musicologue ethnomusicologue sp\u00e9cialiste de musiques rituelles et liturgiques d\u2019\u00c9thiopie et de J\u00e9rusalem. Directeur des programmes \u00ab\u00a0Ethnomusicologie de l\u2019\u00c9thiopie\u00a0\u00bb, puis directeur du Centre de Recherche Fran\u00e7ais \u00e0 J\u00e9rusalem, il travaille \u00e0 pr\u00e9sent \u00e0 l\u2019Institut d\u2019Ethnologie M\u00e9diterran\u00e9enne, Europ\u00e9enne, Comparative d\u2019Aix-Marseille Universit\u00e9.<\/p>\n<p><span style=\"color: #3c4b98;\"><strong>20H :\u00a0<\/strong><strong>JUIFS NOIRS, LES RACINES DE L\u2019OLIVIER<\/strong><\/span><\/p>\n<p><em>Projection du documentaire de\u00a0<strong>Laurence Gavron<\/strong>\u00a0(France-S\u00e9n\u00e9gal \/ 2015 \/ 53 min \/ VOSTF), suivi d\u2019un \u00e9change avec la r\u00e9alisatrice.<\/em><\/p>\n<p><img loading=\"lazy\" decoding=\"async\" class=\"wp-image-1696 alignright\" src=\"https:\/\/www.festivaldesculturesjuives.org\/wp-content\/uploads\/Juifs-Noirs-les-racines-de-lolivier-9-300x169.jpg\" sizes=\"(max-width: 394px) 100vw, 394px\" srcset=\"https:\/\/www.festivaldesculturesjuives.org\/wp-content\/uploads\/Juifs-Noirs-les-racines-de-lolivier-9-300x169.jpg 300w, https:\/\/www.festivaldesculturesjuives.org\/wp-content\/uploads\/Juifs-Noirs-les-racines-de-lolivier-9-1024x576.jpg 1024w, https:\/\/www.festivaldesculturesjuives.org\/wp-content\/uploads\/Juifs-Noirs-les-racines-de-lolivier-9-768x432.jpg 768w, https:\/\/www.festivaldesculturesjuives.org\/wp-content\/uploads\/Juifs-Noirs-les-racines-de-lolivier-9.jpg 1280w\" alt=\"\" width=\"321\" height=\"181\" \/><\/p>\n<p>Dans le courant du 20<sup>e<\/sup>\u00a0sie\u0300cle, un grand nombre de groupes, dans diff\u00e9rents pays d\u2019Afrique subsaharienne (Afrique du Sud, Nigeria, Ghana, Ouganda, Cameroun, Mali, Co\u0302te d\u2019Ivoire\u2026) se sont \u00ab\u00a0auto-convertis\u00a0\u00bb et revendiquent une identit\u00e9\u0301 juive. Ces communaut\u00e9s respectent les pratiques cultuelles et les interdits alimentaires du juda\u00efsme, qu\u2019ils ont souvent appris via internet, ainsi que la culture juive \u2013 cuisine, musique, langue, etc.<\/p>\n<p>Les leaders de plusieurs de ces communaut\u00e9s ont pu partir en Israel pour \u00e9tudier dans des yeshivas afin de devenir rabbins. On connaissait d\u00e9j\u00e0\u0300, depuis la fin du 19<sup>e<\/sup>\u00a0si\u00e8cle, l\u2019existence de nombreux Juifs noirs aux E\u0301tats-Unis. Ils seraient aujourd\u2019hui plus de 100 000 sur le continent nord-am\u00e9ricain. Le film veut rendre compte de ce juda\u00efsme noir, a\u0300 travers une communaut\u00e9 africaine \u2013 celle du Cameroun, avec a\u0300 sa t\u00eate Serge Ete\u0301le\u0301.<\/p>\n<p><span style=\"color: #3c4b98;\"><strong>21H30 :\u00a0<\/strong><strong>SAVEURS \u00c9THIOPIENNES<\/strong><\/span><\/p>\n<p><img loading=\"lazy\" decoding=\"async\" class=\" wp-image-98077 alignright\" src=\"https:\/\/www.iemj.org\/wp-content\/uploads\/2023\/06\/Buffet-ethiopien-300x203.jpg\" alt=\"\" width=\"254\" height=\"172\" srcset=\"https:\/\/www.iemj.org\/wp-content\/uploads\/2023\/06\/Buffet-ethiopien-300x203.jpg 300w, https:\/\/www.iemj.org\/wp-content\/uploads\/2023\/06\/Buffet-ethiopien.jpg 348w\" sizes=\"(max-width: 254px) 100vw, 254px\" \/>La soir\u00e9e se terminera autour d\u2019un buffet, \u00e0 la d\u00e9couverte de quelques plats typiques \u00e9thiopiens.<\/p>\n<h4><strong>Le tarif cat\u00e9gorie 1 (\u00e0 20 \u20ac) inclut la conf\u00e9rence musicale, la projection et le buffet<\/strong><\/h4>\n<h4><strong>Le tarif cat\u00e9gorie 2 (\u00e0 10 \u20ac) inclut la conf\u00e9rence musicale et la projection uniquement<\/strong><\/h4>\n<h1 style=\"text-align: center;\"><a href=\"https:\/\/www.festivaldesculturesjuives.org\/billetterie\/\" target=\"_blank\" rel=\"noopener\">R\u00e9servation en ligne<\/a><\/h1>\n","protected":false},"excerpt":{"rendered":"<p>CONF\u00c9RENCE MUSICALE \u2013 PROJECTION \u2013 AP\u00c9RO \u00c9THIOPIEN 19H : LE CHANT LITURGIQUE DES JUIFS D\u2019\u00c9THIOPIE, UN DESTIN ISRA\u00c9LIEN Conf\u00e9rence musicale de Simha Arom\u00a0et\u00a0Olivier Tourny, ethnomusicologues, anim\u00e9e par\u00a0Herv\u00e9 Roten, directeur de<\/p>\n","protected":false},"author":5,"featured_media":97663,"template":"","meta":{"_acf_changed":false,"_tribe_events_status":"","_tribe_events_status_reason":"","_tribe_events_is_hybrid":"","_tribe_events_is_virtual":"","_tribe_events_virtual_video_source":"","_tribe_events_virtual_embed_video":"","_tribe_events_virtual_linked_button_text":"","_tribe_events_virtual_linked_button":"","_tribe_events_virtual_show_embed_at":"","_tribe_events_virtual_show_embed_to":[],"_tribe_events_virtual_show_on_event":"","_tribe_events_virtual_show_on_views":"","_tribe_events_virtual_url":"","footnotes":""},"tags":[],"tribe_events_cat":[],"class_list":["post-97686","tribe_events","type-tribe_events","status-publish","has-post-thumbnail","hentry"],"acf":[],"yoast_head":"<!-- This site is optimized with the Yoast SEO plugin v27.3 - https:\/\/yoast.com\/product\/yoast-seo-wordpress\/ -->\n<title>ITIN\u00c9RANCES AFRICAINES - Institut Europ\u00e9en des Musiques Juives<\/title>\n<meta name=\"robots\" content=\"index, follow, max-snippet:-1, max-image-preview:large, max-video-preview:-1\" \/>\n<link rel=\"canonical\" href=\"https:\/\/www.iemj.org\/es\/eventos\/itinerances-africaines\/\" \/>\n<meta property=\"og:locale\" content=\"es_ES\" \/>\n<meta property=\"og:type\" content=\"article\" \/>\n<meta property=\"og:title\" content=\"ITIN\u00c9RANCES AFRICAINES - Institut Europ\u00e9en des Musiques Juives\" \/>\n<meta property=\"og:description\" content=\"CONF\u00c9RENCE MUSICALE \u2013 PROJECTION \u2013 AP\u00c9RO \u00c9THIOPIEN 19H : LE CHANT LITURGIQUE DES JUIFS D\u2019\u00c9THIOPIE, UN DESTIN ISRA\u00c9LIEN Conf\u00e9rence musicale de Simha Arom\u00a0et\u00a0Olivier Tourny, ethnomusicologues, anim\u00e9e par\u00a0Herv\u00e9 Roten, directeur de\" \/>\n<meta property=\"og:url\" content=\"https:\/\/www.iemj.org\/es\/eventos\/itinerances-africaines\/\" \/>\n<meta property=\"og:site_name\" content=\"Institut Europ\u00e9en des Musiques Juives\" \/>\n<meta property=\"article:publisher\" content=\"https:\/\/www.facebook.com\/MusiquesJuives\/\" \/>\n<meta property=\"article:modified_time\" content=\"2023-06-12T15:41:57+00:00\" \/>\n<meta property=\"og:image\" content=\"https:\/\/www.iemj.org\/wp-content\/uploads\/2023\/06\/Itinerances-africaines.jpg\" \/>\n\t<meta property=\"og:image:width\" content=\"500\" \/>\n\t<meta property=\"og:image:height\" content=\"281\" \/>\n\t<meta property=\"og:image:type\" content=\"image\/jpeg\" \/>\n<meta name=\"twitter:card\" content=\"summary_large_image\" \/>\n<meta name=\"twitter:label1\" content=\"Tiempo de lectura\" \/>\n\t<meta name=\"twitter:data1\" content=\"3 minutos\" \/>\n<script type=\"application\/ld+json\" class=\"yoast-schema-graph\">{\"@context\":\"https:\\\/\\\/schema.org\",\"@graph\":[{\"@type\":\"WebPage\",\"@id\":\"https:\\\/\\\/www.iemj.org\\\/es\\\/eventos\\\/itinerances-africaines\\\/\",\"url\":\"https:\\\/\\\/www.iemj.org\\\/es\\\/eventos\\\/itinerances-africaines\\\/\",\"name\":\"ITIN\u00c9RANCES AFRICAINES - Institut Europ\u00e9en des Musiques Juives\",\"isPartOf\":{\"@id\":\"https:\\\/\\\/www.iemj.org\\\/es\\\/#website\"},\"primaryImageOfPage\":{\"@id\":\"https:\\\/\\\/www.iemj.org\\\/es\\\/eventos\\\/itinerances-africaines\\\/#primaryimage\"},\"image\":{\"@id\":\"https:\\\/\\\/www.iemj.org\\\/es\\\/eventos\\\/itinerances-africaines\\\/#primaryimage\"},\"thumbnailUrl\":\"https:\\\/\\\/www.iemj.org\\\/wp-content\\\/uploads\\\/2023\\\/06\\\/Itinerances-africaines.jpg\",\"datePublished\":\"2023-06-05T08:19:47+00:00\",\"dateModified\":\"2023-06-12T15:41:57+00:00\",\"breadcrumb\":{\"@id\":\"https:\\\/\\\/www.iemj.org\\\/es\\\/eventos\\\/itinerances-africaines\\\/#breadcrumb\"},\"inLanguage\":\"es\",\"potentialAction\":[{\"@type\":\"ReadAction\",\"target\":[\"https:\\\/\\\/www.iemj.org\\\/es\\\/eventos\\\/itinerances-africaines\\\/\"]}]},{\"@type\":\"ImageObject\",\"inLanguage\":\"es\",\"@id\":\"https:\\\/\\\/www.iemj.org\\\/es\\\/eventos\\\/itinerances-africaines\\\/#primaryimage\",\"url\":\"https:\\\/\\\/www.iemj.org\\\/wp-content\\\/uploads\\\/2023\\\/06\\\/Itinerances-africaines.jpg\",\"contentUrl\":\"https:\\\/\\\/www.iemj.org\\\/wp-content\\\/uploads\\\/2023\\\/06\\\/Itinerances-africaines.jpg\",\"width\":500,\"height\":281},{\"@type\":\"BreadcrumbList\",\"@id\":\"https:\\\/\\\/www.iemj.org\\\/es\\\/eventos\\\/itinerances-africaines\\\/#breadcrumb\",\"itemListElement\":[{\"@type\":\"ListItem\",\"position\":1,\"name\":\"Accueil\",\"item\":\"https:\\\/\\\/www.iemj.org\\\/es\\\/\"},{\"@type\":\"ListItem\",\"position\":2,\"name\":\"Eventos\",\"item\":\"https:\\\/\\\/www.iemj.org\\\/es\\\/events\\\/\"},{\"@type\":\"ListItem\",\"position\":3,\"name\":\"ITIN\u00c9RANCES AFRICAINES\"}]},{\"@type\":\"WebSite\",\"@id\":\"https:\\\/\\\/www.iemj.org\\\/es\\\/#website\",\"url\":\"https:\\\/\\\/www.iemj.org\\\/es\\\/\",\"name\":\"Institut Europ\u00e9en des Musiques Juives\",\"description\":\"Des traditions musicales \u00e0 la port\u00e9e de tous\",\"publisher\":{\"@id\":\"https:\\\/\\\/www.iemj.org\\\/es\\\/#organization\"},\"potentialAction\":[{\"@type\":\"SearchAction\",\"target\":{\"@type\":\"EntryPoint\",\"urlTemplate\":\"https:\\\/\\\/www.iemj.org\\\/es\\\/?s={search_term_string}\"},\"query-input\":{\"@type\":\"PropertyValueSpecification\",\"valueRequired\":true,\"valueName\":\"search_term_string\"}}],\"inLanguage\":\"es\"},{\"@type\":\"Organization\",\"@id\":\"https:\\\/\\\/www.iemj.org\\\/es\\\/#organization\",\"name\":\"Institut Europ\u00e9en des Musiques Juives\",\"url\":\"https:\\\/\\\/www.iemj.org\\\/es\\\/\",\"logo\":{\"@type\":\"ImageObject\",\"inLanguage\":\"es\",\"@id\":\"https:\\\/\\\/www.iemj.org\\\/es\\\/#\\\/schema\\\/logo\\\/image\\\/\",\"url\":\"https:\\\/\\\/www.iemj.org\\\/wp-content\\\/uploads\\\/2021\\\/09\\\/Logo-IEMJ-Paypal.jpg\",\"contentUrl\":\"https:\\\/\\\/www.iemj.org\\\/wp-content\\\/uploads\\\/2021\\\/09\\\/Logo-IEMJ-Paypal.jpg\",\"width\":150,\"height\":50,\"caption\":\"Institut Europ\u00e9en des Musiques Juives\"},\"image\":{\"@id\":\"https:\\\/\\\/www.iemj.org\\\/es\\\/#\\\/schema\\\/logo\\\/image\\\/\"},\"sameAs\":[\"https:\\\/\\\/www.facebook.com\\\/MusiquesJuives\\\/\",\"https:\\\/\\\/www.instagram.com\\\/musiquesjuives\\\/\",\"https:\\\/\\\/www.youtube.com\\\/user\\\/musiquesjuives\"]}]}<\/script>\n<!-- \/ Yoast SEO plugin. -->","yoast_head_json":{"title":"ITIN\u00c9RANCES AFRICAINES - Institut Europ\u00e9en des Musiques Juives","robots":{"index":"index","follow":"follow","max-snippet":"max-snippet:-1","max-image-preview":"max-image-preview:large","max-video-preview":"max-video-preview:-1"},"canonical":"https:\/\/www.iemj.org\/es\/eventos\/itinerances-africaines\/","og_locale":"es_ES","og_type":"article","og_title":"ITIN\u00c9RANCES AFRICAINES - Institut Europ\u00e9en des Musiques Juives","og_description":"CONF\u00c9RENCE MUSICALE \u2013 PROJECTION \u2013 AP\u00c9RO \u00c9THIOPIEN 19H : LE CHANT LITURGIQUE DES JUIFS D\u2019\u00c9THIOPIE, UN DESTIN ISRA\u00c9LIEN Conf\u00e9rence musicale de Simha Arom\u00a0et\u00a0Olivier Tourny, ethnomusicologues, anim\u00e9e par\u00a0Herv\u00e9 Roten, directeur de","og_url":"https:\/\/www.iemj.org\/es\/eventos\/itinerances-africaines\/","og_site_name":"Institut Europ\u00e9en des Musiques Juives","article_publisher":"https:\/\/www.facebook.com\/MusiquesJuives\/","article_modified_time":"2023-06-12T15:41:57+00:00","og_image":[{"width":500,"height":281,"url":"https:\/\/www.iemj.org\/wp-content\/uploads\/2023\/06\/Itinerances-africaines.jpg","type":"image\/jpeg"}],"twitter_card":"summary_large_image","twitter_misc":{"Tiempo de lectura":"3 minutos"},"schema":{"@context":"https:\/\/schema.org","@graph":[{"@type":"WebPage","@id":"https:\/\/www.iemj.org\/es\/eventos\/itinerances-africaines\/","url":"https:\/\/www.iemj.org\/es\/eventos\/itinerances-africaines\/","name":"ITIN\u00c9RANCES AFRICAINES - Institut Europ\u00e9en des Musiques Juives","isPartOf":{"@id":"https:\/\/www.iemj.org\/es\/#website"},"primaryImageOfPage":{"@id":"https:\/\/www.iemj.org\/es\/eventos\/itinerances-africaines\/#primaryimage"},"image":{"@id":"https:\/\/www.iemj.org\/es\/eventos\/itinerances-africaines\/#primaryimage"},"thumbnailUrl":"https:\/\/www.iemj.org\/wp-content\/uploads\/2023\/06\/Itinerances-africaines.jpg","datePublished":"2023-06-05T08:19:47+00:00","dateModified":"2023-06-12T15:41:57+00:00","breadcrumb":{"@id":"https:\/\/www.iemj.org\/es\/eventos\/itinerances-africaines\/#breadcrumb"},"inLanguage":"es","potentialAction":[{"@type":"ReadAction","target":["https:\/\/www.iemj.org\/es\/eventos\/itinerances-africaines\/"]}]},{"@type":"ImageObject","inLanguage":"es","@id":"https:\/\/www.iemj.org\/es\/eventos\/itinerances-africaines\/#primaryimage","url":"https:\/\/www.iemj.org\/wp-content\/uploads\/2023\/06\/Itinerances-africaines.jpg","contentUrl":"https:\/\/www.iemj.org\/wp-content\/uploads\/2023\/06\/Itinerances-africaines.jpg","width":500,"height":281},{"@type":"BreadcrumbList","@id":"https:\/\/www.iemj.org\/es\/eventos\/itinerances-africaines\/#breadcrumb","itemListElement":[{"@type":"ListItem","position":1,"name":"Accueil","item":"https:\/\/www.iemj.org\/es\/"},{"@type":"ListItem","position":2,"name":"Eventos","item":"https:\/\/www.iemj.org\/es\/events\/"},{"@type":"ListItem","position":3,"name":"ITIN\u00c9RANCES AFRICAINES"}]},{"@type":"WebSite","@id":"https:\/\/www.iemj.org\/es\/#website","url":"https:\/\/www.iemj.org\/es\/","name":"Institut Europ\u00e9en des Musiques Juives","description":"Des traditions musicales \u00e0 la port\u00e9e de tous","publisher":{"@id":"https:\/\/www.iemj.org\/es\/#organization"},"potentialAction":[{"@type":"SearchAction","target":{"@type":"EntryPoint","urlTemplate":"https:\/\/www.iemj.org\/es\/?s={search_term_string}"},"query-input":{"@type":"PropertyValueSpecification","valueRequired":true,"valueName":"search_term_string"}}],"inLanguage":"es"},{"@type":"Organization","@id":"https:\/\/www.iemj.org\/es\/#organization","name":"Institut Europ\u00e9en des Musiques Juives","url":"https:\/\/www.iemj.org\/es\/","logo":{"@type":"ImageObject","inLanguage":"es","@id":"https:\/\/www.iemj.org\/es\/#\/schema\/logo\/image\/","url":"https:\/\/www.iemj.org\/wp-content\/uploads\/2021\/09\/Logo-IEMJ-Paypal.jpg","contentUrl":"https:\/\/www.iemj.org\/wp-content\/uploads\/2021\/09\/Logo-IEMJ-Paypal.jpg","width":150,"height":50,"caption":"Institut Europ\u00e9en des Musiques Juives"},"image":{"@id":"https:\/\/www.iemj.org\/es\/#\/schema\/logo\/image\/"},"sameAs":["https:\/\/www.facebook.com\/MusiquesJuives\/","https:\/\/www.instagram.com\/musiquesjuives\/","https:\/\/www.youtube.com\/user\/musiquesjuives"]}]}},"_links":{"self":[{"href":"https:\/\/www.iemj.org\/es\/wp-json\/wp\/v2\/tribe_events\/97686","targetHints":{"allow":["GET"]}}],"collection":[{"href":"https:\/\/www.iemj.org\/es\/wp-json\/wp\/v2\/tribe_events"}],"about":[{"href":"https:\/\/www.iemj.org\/es\/wp-json\/wp\/v2\/types\/tribe_events"}],"author":[{"embeddable":true,"href":"https:\/\/www.iemj.org\/es\/wp-json\/wp\/v2\/users\/5"}],"version-history":[{"count":0,"href":"https:\/\/www.iemj.org\/es\/wp-json\/wp\/v2\/tribe_events\/97686\/revisions"}],"wp:featuredmedia":[{"embeddable":true,"href":"https:\/\/www.iemj.org\/es\/wp-json\/wp\/v2\/media\/97663"}],"wp:attachment":[{"href":"https:\/\/www.iemj.org\/es\/wp-json\/wp\/v2\/media?parent=97686"}],"wp:term":[{"taxonomy":"post_tag","embeddable":true,"href":"https:\/\/www.iemj.org\/es\/wp-json\/wp\/v2\/tags?post=97686"},{"taxonomy":"tribe_events_cat","embeddable":true,"href":"https:\/\/www.iemj.org\/es\/wp-json\/wp\/v2\/tribe_events_cat?post=97686"}],"curies":[{"name":"wp","href":"https:\/\/api.w.org\/{rel}","templated":true}]}}