{"id":130265,"date":"2024-06-17T13:00:00","date_gmt":"2024-06-17T11:00:00","guid":{"rendered":"https:\/\/www.iemj.org\/scoprire\/visite-guidate\/la-musique-judeo-espagnole\/"},"modified":"2026-02-19T10:21:00","modified_gmt":"2026-02-19T09:21:00","slug":"la-musique-judeo-espagnole","status":"publish","type":"page","link":"https:\/\/www.iemj.org\/it\/scoprire\/visite-guidate\/la-musique-judeo-espagnole\/","title":{"rendered":"La musica giudaico-spagnola"},"content":{"rendered":"\n<div class=\"wp-block-cp-timeline-content-timeline-block Cool-Content-Timeline\"><div class=\"cool-timeline-block-1ed16a80-cd53-4234-94f7-0a0215df4432\"><style>.cool-timeline-block-1ed16a80-cd53-4234-94f7-0a0215df4432 .cool-vertical-timeline-body{--ctlb-date-fontsize: 18px;--ctlb-date-line-height: 25px;--ctlb-date-color: #000;--ctlb-head-font-size: 18px;--ctlb-heading-color: #000;--ctlb-sub-head-font-size: 14px;--ctlb-sub-heading-color: #000;--ctlb-line-color: #3b4395;--ctlb-icon-bg: #3b4395;--ctlb-story-border-color: #3b4395;}<\/style><div class=\"cool-vertical-timeline-body ctlb-wrapper both-sided left\"><div class=\"cool-timeline-block-list\">\n<div class=\"wp-block-cp-timeline-content-timeline-block-child swiper-slide\"><div class=\"timeline-content icon-false \"><div class=\"timeline-block-timeline ctl-row  position-right\"><div class=\"ctl-6 timeline-block-time\"><div class=\"story-time\"><p>Articlo di fondo<\/p><\/div><\/div><div class=\"timeline-block-icon\"><svg stroke=\"currentColor\" fill=\"currentColor\" stroke-width=\"0\" viewBox=\"0 0 512 512\" height=\"1em\" width=\"1em\" xmlns=\"http:\/\/www.w3.org\/2000\/svg\"><path d=\"M256 8C119 8 8 119 8 256s111 248 248 248 248-111 248-248S393 8 256 8z\"><\/path><\/svg><\/div><div class=\"ctl-6 timeline-block-detail\"><div class=\"story-details\"><div class=\"story-content\"><div class=\"wp-block-image ctlb-block-image\">\n<figure class=\"aligncenter size-full is-resized\"><a href=\"https:\/\/www.iemj.org\/it\/le-chant-des-juifs-sefarades\/\" target=\"_blank\" rel=\" noreferrer noopener\"><img fetchpriority=\"high\" decoding=\"async\" width=\"350\" height=\"255\" src=\"https:\/\/www.iemj.org\/wp-content\/uploads\/2016\/04\/arton1563-e1618388133409.jpg\" alt=\"\" class=\"wp-image-9891\" style=\"aspect-ratio:1.3333333333333333;object-fit:cover;width:220px;height:auto\"\/><\/a><\/figure>\n<\/div>\n\n\n<h3 class=\"wp-block-heading ctlb-block-title\" style=\"padding-top:0px;padding-right:0px;padding-bottom:0px;padding-left:0px\"><a href=\"https:\/\/www.iemj.org\/it\/le-chant-des-juifs-sefarades\/\" target=\"_blank\" rel=\"noreferrer noopener\">Il canto degli ebrei sefarditi<\/a><\/h3>\n\n\n\n<p class=\"ctlb-block-desc\" style=\"padding-top:0px;padding-right:0px;padding-bottom:0px;padding-left:0px\">Articolo introduttivo sul canto degli ebrei sefarditi: sfondo storico, etimologia e repertorio&#8230;<\/p>\n<\/div><\/div><\/div><\/div><\/div><\/div>\n\n\n\n<div class=\"wp-block-cp-timeline-content-timeline-block-child swiper-slide\"><div class=\"timeline-content icon-false \"><div class=\"timeline-block-timeline ctl-row  position-left\"><div class=\"ctl-6 timeline-block-time\"><div class=\"story-time\"><p>Articlo di fondo<\/p><\/div><\/div><div class=\"timeline-block-icon\"><svg stroke=\"currentColor\" fill=\"currentColor\" stroke-width=\"0\" viewBox=\"0 0 512 512\" height=\"1em\" width=\"1em\" xmlns=\"http:\/\/www.w3.org\/2000\/svg\"><path d=\"M256 8C119 8 8 119 8 256s111 248 248 248 248-111 248-248S393 8 256 8z\"><\/path><\/svg><\/div><div class=\"ctl-6 timeline-block-detail\"><div class=\"story-details\"><div class=\"story-content\">\n<figure class=\"wp-block-image size-full is-resized ctlb-block-image\"><a href=\"https:\/\/www.iemj.org\/it\/la-musique-juive-en-espagne\/\" target=\"_blank\" rel=\" noreferrer noopener\"><img decoding=\"async\" width=\"350\" height=\"350\" src=\"https:\/\/www.iemj.org\/wp-content\/uploads\/2022\/06\/Logo-Article.png\" alt=\"\" class=\"wp-image-85546\" style=\"aspect-ratio:1.3333333333333333;object-fit:cover;width:220px\" srcset=\"https:\/\/www.iemj.org\/wp-content\/uploads\/2022\/06\/Logo-Article.png 350w, https:\/\/www.iemj.org\/wp-content\/uploads\/2022\/06\/Logo-Article-300x300.png 300w, https:\/\/www.iemj.org\/wp-content\/uploads\/2022\/06\/Logo-Article-150x150.png 150w, https:\/\/www.iemj.org\/wp-content\/uploads\/2022\/06\/Logo-Article-100x100.png 100w\" sizes=\"(max-width: 350px) 100vw, 350px\" \/><\/a><\/figure>\n\n\n\n<h3 class=\"wp-block-heading ctlb-block-title\" style=\"padding-top:0px;padding-right:0px;padding-bottom:0px;padding-left:0px\"><a href=\"https:\/\/www.iemj.org\/it\/la-musique-juive-en-espagne\/\" target=\"_blank\" rel=\"noreferrer noopener\">La Musica Ebraica in Spagna<\/a><\/h3>\n\n\n\n<p class=\"ctlb-block-desc\" style=\"padding-top:0px;padding-right:0px;padding-bottom:0px;padding-left:0px\">Articolo sulla situazione storica della musica ebraica in Spagna, di Jorge Rozemblum, direttore di Radio Sefarad e corrispondente spagnolo della Rete Europea di Musica Ebraica&#8230;<\/p>\n<\/div><\/div><\/div><\/div><\/div><\/div>\n\n\n\n<div class=\"wp-block-cp-timeline-content-timeline-block-child swiper-slide\"><div class=\"timeline-content icon-false \"><div class=\"timeline-block-timeline ctl-row  position-right\"><div class=\"ctl-6 timeline-block-time\"><div class=\"story-time\"><p>Biografie<\/p><\/div><\/div><div class=\"timeline-block-icon\"><svg stroke=\"currentColor\" fill=\"currentColor\" stroke-width=\"0\" viewBox=\"0 0 512 512\" height=\"1em\" width=\"1em\" xmlns=\"http:\/\/www.w3.org\/2000\/svg\"><path d=\"M256 8C119 8 8 119 8 256s111 248 248 248 248-111 248-248S393 8 256 8z\"><\/path><\/svg><\/div><div class=\"ctl-6 timeline-block-detail\"><div class=\"story-details\"><div class=\"story-content\"><div class=\"wp-block-image ctlb-block-image\">\n<figure class=\"aligncenter size-full is-resized\"><img decoding=\"async\" width=\"500\" height=\"231\" src=\"https:\/\/www.iemj.org\/wp-content\/uploads\/2026\/02\/logo.jpg\" alt=\"\" class=\"wp-image-130173\" style=\"aspect-ratio:2.1646499207210215;object-fit:cover;width:280px\" srcset=\"https:\/\/www.iemj.org\/wp-content\/uploads\/2026\/02\/logo.jpg 500w, https:\/\/www.iemj.org\/wp-content\/uploads\/2026\/02\/logo-300x139.jpg 300w\" sizes=\"(max-width: 500px) 100vw, 500px\" \/><\/figure>\n<\/div>\n\n\n<h3 class=\"wp-block-heading ctlb-block-title\" style=\"padding-top:0px;padding-right:0px;padding-bottom:0px;padding-left:0px\">Tutto su:<\/h3>\n\n\n\n<ul class=\"wp-block-list ctlb-block-desc\">\n<li><a href=\"https:\/\/www.iemj.org\/it\/hemsi-alberto-1898-1975\/\" target=\"_blank\" rel=\"noreferrer noopener\"><strong>Hemsi, Alberto (1896-1975)<\/strong><\/a><\/li>\n\n\n\n<li><a href=\"https:\/\/www.iemj.org\/it\/weich-shahak-susana\/\" target=\"_blank\" rel=\"noreferrer noopener\"><strong>Weich-Shahak, Susana<\/strong><\/a><\/li>\n\n\n\n<li><a href=\"https:\/\/www.iemj.org\/it\/cohen-judith\/\" target=\"_blank\" rel=\"noreferrer noopener\"><strong>Cohen, Judith<\/strong><\/a><\/li>\n<\/ul>\n<\/div><\/div><\/div><\/div><\/div><\/div>\n\n\n\n<div class=\"wp-block-cp-timeline-content-timeline-block-child swiper-slide\"><div class=\"timeline-content icon-false \"><div class=\"timeline-block-timeline ctl-row  position-left\"><div class=\"ctl-6 timeline-block-time\"><div class=\"story-time\"><p>Programmi radiofonici<\/p><\/div><\/div><div class=\"timeline-block-icon\"><svg stroke=\"currentColor\" fill=\"currentColor\" stroke-width=\"0\" viewBox=\"0 0 512 512\" height=\"1em\" width=\"1em\" xmlns=\"http:\/\/www.w3.org\/2000\/svg\"><path d=\"M256 8C119 8 8 119 8 256s111 248 248 248 248-111 248-248S393 8 256 8z\"><\/path><\/svg><\/div><div class=\"ctl-6 timeline-block-detail\"><div class=\"story-details\"><div class=\"story-content\"><div class=\"wp-block-image ctlb-block-image\">\n<figure class=\"aligncenter size-large is-resized\"><img loading=\"lazy\" decoding=\"async\" width=\"1024\" height=\"1024\" src=\"https:\/\/www.iemj.org\/wp-content\/uploads\/2021\/10\/Logo-poste-radio-Jaune-carre-1024x1024.jpg\" alt=\"\" class=\"wp-image-70561\" style=\"width:157px;height:auto\" srcset=\"https:\/\/www.iemj.org\/wp-content\/uploads\/2021\/10\/Logo-poste-radio-Jaune-carre-1024x1024.jpg 1024w, https:\/\/www.iemj.org\/wp-content\/uploads\/2021\/10\/Logo-poste-radio-Jaune-carre-300x300.jpg 300w, https:\/\/www.iemj.org\/wp-content\/uploads\/2021\/10\/Logo-poste-radio-Jaune-carre-150x150.jpg 150w, https:\/\/www.iemj.org\/wp-content\/uploads\/2021\/10\/Logo-poste-radio-Jaune-carre-768x768.jpg 768w, https:\/\/www.iemj.org\/wp-content\/uploads\/2021\/10\/Logo-poste-radio-Jaune-carre-600x600.jpg 600w, https:\/\/www.iemj.org\/wp-content\/uploads\/2021\/10\/Logo-poste-radio-Jaune-carre-100x100.jpg 100w, https:\/\/www.iemj.org\/wp-content\/uploads\/2021\/10\/Logo-poste-radio-Jaune-carre.jpg 1240w\" sizes=\"(max-width: 1024px) 100vw, 1024px\" \/><\/figure>\n<\/div>\n\n\n<h3 class=\"wp-block-heading ctlb-block-title\" style=\"padding-top:0px;padding-right:0px;padding-bottom:0px;padding-left:0px\">Ascoltare:<\/h3>\n\n\n\n<ul class=\"wp-block-list\">\n<li><a data-type=\"post\" href=\"https:\/\/www.iemj.org\/it\/schwartz-abe-1881-1963\/\" target=\"_blank\" rel=\"noreferrer noopener\"><\/a><strong><a href=\"https:\/\/www.iemj.org\/en\/se-reinventer-au-present-musical-history-of-the-judeo-spanish-diaspora-of-france\/\" target=\"_blank\" rel=\"noreferrer noopener\">Reinventing oneself in the present: musical history of the Judeo-Spanish diaspora of France<\/a><\/strong> (in Francese)<\/li>\n\n\n\n<li><a href=\"https:\/\/www.iemj.org\/en\/judeo-spanish-music-reappropriation-and-staging\/\" target=\"_blank\" rel=\"noreferrer noopener\"><strong>Judeo-Spanish music : reappropriation and staging<\/strong><\/a> (in Francese)<\/li>\n\n\n\n<li><a href=\"https:\/\/www.iemj.org\/en\/judeo-spanish-singing-by-women-from-morocco\/\" target=\"_blank\" rel=\"noreferrer noopener\"><strong>Judeo-Spanish songs by women from Morocco<\/strong><\/a> (in Francese)<\/li>\n\n\n\n<li><strong><a href=\"https:\/\/www.iemj.org\/en\/the-representation-of-the-jewish-mother-in-the-judeo-spanish-song\/\" target=\"_blank\" rel=\"noreferrer noopener\">The representation of the Jewish mother in the Judeo-Spanish song<\/a><\/strong> (in Francese)<\/li>\n<\/ul>\n<\/div><\/div><\/div><\/div><\/div><\/div>\n\n\n\n<div class=\"wp-block-cp-timeline-content-timeline-block-child swiper-slide\"><div class=\"timeline-content icon-false \"><div class=\"timeline-block-timeline ctl-row  position-right\"><div class=\"ctl-6 timeline-block-time\"><div class=\"story-time\"><p>Playlists<\/p><\/div><\/div><div class=\"timeline-block-icon\"><svg stroke=\"currentColor\" fill=\"currentColor\" stroke-width=\"0\" viewBox=\"0 0 512 512\" height=\"1em\" width=\"1em\" xmlns=\"http:\/\/www.w3.org\/2000\/svg\"><path d=\"M256 8C119 8 8 119 8 256s111 248 248 248 248-111 248-248S393 8 256 8z\"><\/path><\/svg><\/div><div class=\"ctl-6 timeline-block-detail\"><div class=\"story-details\"><div class=\"story-content\">\n<h3 class=\"wp-block-heading ctlb-block-title\" style=\"padding-top:0px;padding-right:0px;padding-bottom:0px;padding-left:0px\">Ascoltare:<\/h3>\n\n\n\n<ul class=\"wp-block-list\">\n<li><a href=\"https:\/\/www.iemj.org\/it\/les-chants-judeo-espagnols-1\/\" target=\"_blank\" rel=\"noreferrer noopener\"><strong>I canti giudaico-spagnoli 1<\/strong><\/a><\/li>\n\n\n\n<li><a href=\"https:\/\/www.iemj.org\/it\/les-chants-judeo-espagnols-2\/\" target=\"_blank\" rel=\"noreferrer noopener\"><strong>I canti giudaico-spagnoli 2<\/strong><\/a><\/li>\n\n\n\n<li><a href=\"https:\/\/www.iemj.org\/it\/les-chants-judeo-espagnols-3\/\" target=\"_blank\" rel=\"noreferrer noopener\"><strong>I canti giudaico-spagnoli 3<\/strong><\/a><\/li>\n\n\n\n<li><a href=\"https:\/\/www.iemj.org\/it\/playlist-speciale-helene-engel\/\" target=\"_blank\" rel=\"noreferrer noopener\"><strong>Playlist speciale H\u00e9l\u00e8ne Engel<\/strong><\/a><\/li>\n<\/ul>\n<\/div><\/div><\/div><\/div><\/div><\/div>\n\n\n\n<div class=\"wp-block-cp-timeline-content-timeline-block-child swiper-slide\"><div class=\"timeline-content icon-false \"><div class=\"timeline-block-timeline ctl-row  position-left\"><div class=\"ctl-6 timeline-block-time\"><div class=\"story-time\"><p>CD<\/p><\/div><\/div><div class=\"timeline-block-icon\"><svg stroke=\"currentColor\" fill=\"currentColor\" stroke-width=\"0\" viewBox=\"0 0 512 512\" height=\"1em\" width=\"1em\" xmlns=\"http:\/\/www.w3.org\/2000\/svg\"><path d=\"M256 8C119 8 8 119 8 256s111 248 248 248 248-111 248-248S393 8 256 8z\"><\/path><\/svg><\/div><div class=\"ctl-6 timeline-block-detail\"><div class=\"story-details\"><div class=\"story-content\">\n<figure class=\"wp-block-image size-large is-resized ctlb-block-image\"><a href=\"https:\/\/www.iemj.org\/it\/judeo-spanish-from-the-balkans-series-12\/\" target=\"_blank\" rel=\" noreferrer noopener\"><img decoding=\"async\" src=\"https:\/\/www.iemj.org\/wp-content\/uploads\/2021\/04\/COUV-CD-Judeo-Spanish-from-the-Balkans_350x354px.jpg\" alt=\"\" style=\"width:150px\"\/><\/a><\/figure>\n\n\n\n<h3 class=\"wp-block-heading ctlb-block-title\" style=\"padding-top:0px;padding-right:0px;padding-bottom:0px;padding-left:0px\"><a href=\"https:\/\/www.iemj.org\/it\/a-jumpin-night-in-the-garden-of-eden\/\" target=\"_blank\" rel=\"noreferrer noopener\"><\/a><a href=\"https:\/\/www.iemj.org\/it\/judeo-spanish-from-the-balkans-series-12\/\">Judeo-Spanish from the Balkans \u2013 Series 12<\/a><\/h3>\n\n\n\n<p class=\"ctlb-block-desc\" style=\"padding-top:0px;padding-right:0px;padding-bottom:0px;padding-left:0px\">Questo CD\/DVD riccamente documentato contiene registrazioni storiche giudeo-spagnole provenienti dai Balcani&#8230;<\/p>\n<\/div><\/div><\/div><\/div><\/div><\/div>\n\n\n\n<div class=\"wp-block-cp-timeline-content-timeline-block-child swiper-slide\"><div class=\"timeline-content icon-false \"><div class=\"timeline-block-timeline ctl-row  position-right\"><div class=\"ctl-6 timeline-block-time\"><div class=\"story-time\"><p>CD<\/p><\/div><\/div><div class=\"timeline-block-icon\"><svg stroke=\"currentColor\" fill=\"currentColor\" stroke-width=\"0\" viewBox=\"0 0 512 512\" height=\"1em\" width=\"1em\" xmlns=\"http:\/\/www.w3.org\/2000\/svg\"><path d=\"M256 8C119 8 8 119 8 256s111 248 248 248 248-111 248-248S393 8 256 8z\"><\/path><\/svg><\/div><div class=\"ctl-6 timeline-block-detail\"><div class=\"story-details\"><div class=\"story-content\">\n<figure class=\"wp-block-image size-large is-resized ctlb-block-image\"><a href=\"https:\/\/www.iemj.org\/it\/judeo-spanish-from-the-balkans-series-12\/\" target=\"_blank\" rel=\" noreferrer noopener\"><img decoding=\"async\" src=\"https:\/\/www.iemj.org\/wp-content\/uploads\/2020\/02\/Yahudice.jpg\" alt=\"\" style=\"width:150px\"\/><\/a><\/figure>\n\n\n\n<h3 class=\"wp-block-heading ctlb-block-title\" style=\"padding-top:0px;padding-right:0px;padding-bottom:0px;padding-left:0px\"><a href=\"https:\/\/www.iemj.org\/it\/yahudice\/\" target=\"_blank\" rel=\"noreferrer noopener\"><\/a><a href=\"https:\/\/www.iemj.org\/it\/judeo-spanish-from-the-balkans-series-12\/\"><\/a><a href=\"https:\/\/www.iemj.org\/it\/yahudice\/\">Yahudice<\/a><\/h3>\n\n\n\n<p class=\"ctlb-block-desc\" style=\"padding-top:0px;padding-right:0px;padding-bottom:0px;padding-left:0px\">CD di musica giudeo-spagnola da Istanbul, Izmir, Salonicco e Gerusalemme. Testi dell&#8217;opuscolo in inglese, turco, giudeo-spagnolo ed ebraico, pubblicati nel 2003 da KALAN Publishing, Istanbul&#8230;<\/p>\n<\/div><\/div><\/div><\/div><\/div><\/div>\n\n\n\n<div class=\"wp-block-cp-timeline-content-timeline-block-child swiper-slide\"><div class=\"timeline-content icon-false \"><div class=\"timeline-block-timeline ctl-row  position-left\"><div class=\"ctl-6 timeline-block-time\"><div class=\"story-time\"><p>CD<\/p><\/div><\/div><div class=\"timeline-block-icon\"><svg stroke=\"currentColor\" fill=\"currentColor\" stroke-width=\"0\" viewBox=\"0 0 512 512\" height=\"1em\" width=\"1em\" xmlns=\"http:\/\/www.w3.org\/2000\/svg\"><path d=\"M256 8C119 8 8 119 8 256s111 248 248 248 248-111 248-248S393 8 256 8z\"><\/path><\/svg><\/div><div class=\"ctl-6 timeline-block-detail\"><div class=\"story-details\"><div class=\"story-content\">\n<figure class=\"wp-block-image size-large is-resized ctlb-block-image\"><a href=\"https:\/\/www.iemj.org\/it\/judeo-spanish-songs-for-the-life-cycle-in-the-eastern-mediterranean-cantares-judeo-espanoles-del-ciclo-de-la-vida-en-el-mediterraneo-oriental\/\" target=\"_blank\" rel=\" noreferrer noopener\"><img decoding=\"async\" src=\"https:\/\/www.iemj.org\/wp-content\/uploads\/2015\/07\/arton1036-e1619535568800.jpg\" alt=\"\" style=\"width:150px\"\/><\/a><\/figure>\n\n\n\n<h3 class=\"wp-block-heading ctlb-block-title\" style=\"padding-top:0px;padding-right:0px;padding-bottom:0px;padding-left:0px\"><a href=\"https:\/\/www.iemj.org\/it\/judeo-spanish-songs-for-the-life-cycle-in-the-eastern-mediterranean-cantares-judeo-espanoles-del-ciclo-de-la-vida-en-el-mediterraneo-oriental\/\" target=\"_blank\" rel=\"noreferrer noopener\"><\/a><a href=\"https:\/\/www.iemj.org\/it\/judeo-spanish-from-the-balkans-series-12\/\"><\/a><a href=\"https:\/\/www.iemj.org\/it\/yahudice\/\"><\/a><a href=\"https:\/\/www.iemj.org\/it\/judeo-spanish-songs-for-the-life-cycle-in-the-eastern-mediterranean-cantares-judeo-espanoles-del-ciclo-de-la-vida-en-el-mediterraneo-oriental\/\">Judeo-Spanish Songs for the Life Cycle in the Eastern Mediterranean \/ Cantares Judeo-espanoles del Ciclo de la Vida en el Mediterraneo Oriental<\/a><\/h3>\n\n\n\n<p class=\"ctlb-block-desc\" style=\"padding-top:0px;padding-right:0px;padding-bottom:0px;padding-left:0px\">Pubblicato dal JMRC nel 2014 sotto la direzione di Susana Weich-Shahak, questo doppio album ripercorre i vari momenti musicali della vita delle comunit\u00e0 giudeo-spagnole del Mediterraneo orientale, dalla nascita alla morte, includendo ninne nanne, filastrocche, canti di matrimonio&#8230;<\/p>\n<\/div><\/div><\/div><\/div><\/div><\/div>\n\n\n\n<div class=\"wp-block-cp-timeline-content-timeline-block-child swiper-slide\"><div class=\"timeline-content icon-false \"><div class=\"timeline-block-timeline ctl-row  position-right\"><div class=\"ctl-6 timeline-block-time\"><div class=\"story-time\"><p>CD<\/p><\/div><\/div><div class=\"timeline-block-icon\"><svg stroke=\"currentColor\" fill=\"currentColor\" stroke-width=\"0\" viewBox=\"0 0 512 512\" height=\"1em\" width=\"1em\" xmlns=\"http:\/\/www.w3.org\/2000\/svg\"><path d=\"M256 8C119 8 8 119 8 256s111 248 248 248 248-111 248-248S393 8 256 8z\"><\/path><\/svg><\/div><div class=\"ctl-6 timeline-block-detail\"><div class=\"story-details\"><div class=\"story-content\">\n<figure class=\"wp-block-image size-large is-resized ctlb-block-image\"><a href=\"https:\/\/www.iemj.org\/it\/decile-a-mi-amor\/\" target=\"_blank\" rel=\" noreferrer noopener\"><img decoding=\"async\" src=\"https:\/\/www.iemj.org\/wp-content\/uploads\/2020\/01\/arton4485-e1619022529912.jpg\" alt=\"\" style=\"width:150px\"\/><\/a><\/figure>\n\n\n\n<h3 class=\"wp-block-heading ctlb-block-title\" style=\"padding-top:0px;padding-right:0px;padding-bottom:0px;padding-left:0px\"><a href=\"https:\/\/www.iemj.org\/it\/decile-a-mi-amor\/\">Decile a mi Amor<\/a><\/h3>\n\n\n\n<p class=\"ctlb-block-desc\" style=\"padding-top:0px;padding-right:0px;padding-bottom:0px;padding-left:0px\">Un album che rende omaggio alla ricca tradizione musicale sefardita della citt\u00e0 di Tetouan, prodotto sulla base della ricerca e sotto la direzione dell&#8217;etnomusicologa israeliana Susana Weich-Shahak e che \u00e8 stato reso possibile grazie al sostegno del Centro per il Patrimonio Ebraico di Salonicco e di Grecia&#8230;<\/p>\n<\/div><\/div><\/div><\/div><\/div><\/div>\n\n\n\n<div class=\"wp-block-cp-timeline-content-timeline-block-child swiper-slide\"><div class=\"timeline-content icon-false \"><div class=\"timeline-block-timeline ctl-row  position-left\"><div class=\"ctl-6 timeline-block-time\"><div class=\"story-time\"><p>Spartiti<\/p><\/div><\/div><div class=\"timeline-block-icon\"><svg stroke=\"currentColor\" fill=\"currentColor\" stroke-width=\"0\" viewBox=\"0 0 512 512\" height=\"1em\" width=\"1em\" xmlns=\"http:\/\/www.w3.org\/2000\/svg\"><path d=\"M256 8C119 8 8 119 8 256s111 248 248 248 248-111 248-248S393 8 256 8z\"><\/path><\/svg><\/div><div class=\"ctl-6 timeline-block-detail\"><div class=\"story-details\"><div class=\"story-content\">\n<figure class=\"wp-block-image size-large is-resized ctlb-block-image\"><a href=\"https:\/\/www.iemj.org\/it\/decile-a-mi-amor\/\" target=\"_blank\" rel=\" noreferrer noopener\"><img decoding=\"async\" src=\"https:\/\/www.iemj.org\/wp-content\/uploads\/2015\/03\/185-thickbox_default-Coplas-Sefardies-10eme-serie.jpg\" alt=\"\" style=\"width:211px;height:auto\"\/><\/a><\/figure>\n\n\n\n<h3 class=\"wp-block-heading ctlb-block-title\" style=\"padding-top:0px;padding-right:0px;padding-bottom:0px;padding-left:0px\"><a href=\"https:\/\/www.iemj.org\/it\/decile-a-mi-amor\/\"><\/a><a href=\"https:\/\/www.iemj.org\/it\/produit\/coplas-sefardies-10th-serie\/\">Hemsi \u2013 Coplas Sefardies<\/a><\/h3>\n\n\n\n<p class=\"ctlb-block-desc\" style=\"padding-top:0px;padding-right:0px;padding-bottom:0px;padding-left:0px\">Le 10 raccolte di spartiti delle Coplas Sefardies di Alberto Hemsi<\/p>\n\n\n\n<p><a href=\"http:\/\/www.rachelnet.net\/F\/?func=find-c&amp;ccl_term=WACM+%3D+hemsi+ET+WTI+%3D+Coplas+sefardies+ET+WTY+%3D+P1+or+P2+or+P3+or+P4+or+A3+or+A4&amp;local_base=iemcg\" target=\"_blank\" rel=\"noreferrer noopener\"><strong>Consulta tutte le Coplas sul nostro catalogo online<\/strong><\/a><\/p>\n\n\n\n<p><a href=\"https:\/\/www.iemj.org\/?search_type=product&amp;s=Coplas+Sefardies&amp;submit=Recherche\" target=\"_blank\" rel=\"noreferrer noopener\"><strong>Ordina gli spartiti sul nostro negozio online<\/strong><\/a><\/p>\n<\/div><\/div><\/div><\/div><\/div><\/div>\n\n\n\n<div class=\"wp-block-cp-timeline-content-timeline-block-child swiper-slide\"><div class=\"timeline-content icon-false \"><div class=\"timeline-block-timeline ctl-row  position-right\"><div class=\"ctl-6 timeline-block-time\"><div class=\"story-time\"><p>Libro<\/p><\/div><\/div><div class=\"timeline-block-icon\"><svg stroke=\"currentColor\" fill=\"currentColor\" stroke-width=\"0\" viewBox=\"0 0 512 512\" height=\"1em\" width=\"1em\" xmlns=\"http:\/\/www.w3.org\/2000\/svg\"><path d=\"M256 8C119 8 8 119 8 256s111 248 248 248 248-111 248-248S393 8 256 8z\"><\/path><\/svg><\/div><div class=\"ctl-6 timeline-block-detail\"><div class=\"story-details\"><div class=\"story-content\">\n<figure class=\"wp-block-image size-large is-resized ctlb-block-image\"><a href=\"https:\/\/www.iemj.org\/it\/se-reinventer-au-present\/\" target=\"_blank\" rel=\" noreferrer noopener\"><img decoding=\"async\" src=\"https:\/\/www.iemj.org\/wp-content\/uploads\/2018\/06\/arton3531.jpg\" alt=\"\" style=\"width:201px;height:auto\"\/><\/a><\/figure>\n\n\n\n<h3 class=\"wp-block-heading ctlb-block-title\" style=\"padding-top:0px;padding-right:0px;padding-bottom:0px;padding-left:0px\"><a href=\"https:\/\/www.iemj.org\/it\/se-reinventer-au-present\/\" target=\"_blank\" rel=\"noreferrer noopener\">Se r\u00e9inventer au pr\u00e9sent<\/a><\/h3>\n\n\n\n<p class=\"ctlb-block-desc\" style=\"padding-top:0px;padding-right:0px;padding-bottom:0px;padding-left:0px\">Jessica Roda ha pubblicato un libro di approfondimento sugli ispano-ebraici di Francia e sul loro patrimonio musicale, edito da Presses universitaires de Rennes&#8230;<\/p>\n<\/div><\/div><\/div><\/div><\/div><\/div>\n\n\n\n<div class=\"wp-block-cp-timeline-content-timeline-block-child swiper-slide\"><div class=\"timeline-content icon-false \"><div class=\"timeline-block-timeline ctl-row  position-left\"><div class=\"ctl-6 timeline-block-time\"><div class=\"story-time\"><p>Edizioni dell\u2019IEMJ<\/p><\/div><\/div><div class=\"timeline-block-icon\"><svg stroke=\"currentColor\" fill=\"currentColor\" stroke-width=\"0\" viewBox=\"0 0 512 512\" height=\"1em\" width=\"1em\" xmlns=\"http:\/\/www.w3.org\/2000\/svg\"><path d=\"M256 8C119 8 8 119 8 256s111 248 248 248 248-111 248-248S393 8 256 8z\"><\/path><\/svg><\/div><div class=\"ctl-6 timeline-block-detail\"><div class=\"story-details\"><div class=\"story-content\">\n<figure class=\"wp-block-image size-large is-resized ctlb-block-image\"><a href=\"https:\/\/www.iemj.org\/it\/alberto-hemsi-coplas-sefardies\/\" target=\"_blank\" rel=\" noreferrer noopener\"><img decoding=\"async\" src=\"https:\/\/www.iemj.org\/wp-content\/uploads\/2010\/03\/arton36-e1625321577105.jpg\" alt=\"\" style=\"width:220px\"\/><\/a><\/figure>\n\n\n\n<h3 class=\"wp-block-heading ctlb-block-title\" style=\"padding-top:0px;padding-right:0px;padding-bottom:0px;padding-left:0px\"><a href=\"https:\/\/www.iemj.org\/it\/somos-los-cigarillos-klezmer-y-salsa\/\" target=\"_blank\" rel=\"noreferrer noopener\"><\/a><a href=\"https:\/\/www.iemj.org\/it\/alberto-hemsi-coplas-sefardies\/\" target=\"_blank\" rel=\"noreferrer noopener\">Alberto Hemsi \u2013 Coplas sefardies<\/a><\/h3>\n\n\n\n<p class=\"ctlb-block-desc\" style=\"padding-top:0px;padding-right:0px;padding-bottom:0px;padding-left:0px\"><a href=\"https:\/\/www.iemj.org\/it\/produit\/alberto-hemsi-coplas-sefardies\/\" target=\"_blank\" rel=\"noreferrer noopener\">Ordinare il CD<\/a><br><\/p>\n<\/div><\/div><\/div><\/div><\/div><\/div>\n\n\n\n<div class=\"wp-block-cp-timeline-content-timeline-block-child swiper-slide\"><div class=\"timeline-content icon-false \"><div class=\"timeline-block-timeline ctl-row  position-right\"><div class=\"ctl-6 timeline-block-time\"><div class=\"story-time\"><p>Edizioni dell\u2019IEMJ<\/p><\/div><\/div><div class=\"timeline-block-icon\"><svg stroke=\"currentColor\" fill=\"currentColor\" stroke-width=\"0\" viewBox=\"0 0 512 512\" height=\"1em\" width=\"1em\" xmlns=\"http:\/\/www.w3.org\/2000\/svg\"><path d=\"M256 8C119 8 8 119 8 256s111 248 248 248 248-111 248-248S393 8 256 8z\"><\/path><\/svg><\/div><div class=\"ctl-6 timeline-block-detail\"><div class=\"story-details\"><div class=\"story-content\">\n<figure class=\"wp-block-image size-large is-resized ctlb-block-image\"><a href=\"https:\/\/www.iemj.org\/it\/balkanes-sefarades-la-rencontre-des-monodies-judeo-espagnoles-et-des-polyphonies-bulgares\/\" target=\"_blank\" rel=\" noreferrer noopener\"><img decoding=\"async\" src=\"https:\/\/www.iemj.org\/wp-content\/uploads\/2016\/10\/arton1897-e1625060531710.jpg\" alt=\"\" style=\"width:220px\"\/><\/a><\/figure>\n\n\n\n<h3 class=\"wp-block-heading ctlb-block-title\" style=\"padding-top:0px;padding-right:0px;padding-bottom:0px;padding-left:0px\"><a href=\"https:\/\/www.iemj.org\/it\/balkanes-sefarades-la-rencontre-des-monodies-judeo-espagnoles-et-des-polyphonies-bulgares\/\" target=\"_blank\" rel=\"noreferrer noopener\">Balkanes Sefarades \u2013 La rencontre des monodies jud\u00e9o-espagnoles et des polyphonies bulgares<\/a><\/h3>\n\n\n\n<p class=\"ctlb-block-desc\" style=\"padding-top:0px;padding-right:0px;padding-bottom:0px;padding-left:0px\"><a href=\"https:\/\/www.iemj.org\/it\/produit\/balkanes-sefarades\/\" target=\"_blank\" rel=\"noreferrer noopener\">Ordinare il CD<\/a><\/p>\n<\/div><\/div><\/div><\/div><\/div><\/div>\n\n\n\n<div class=\"wp-block-cp-timeline-content-timeline-block-child swiper-slide\"><div class=\"timeline-content icon-false \"><div class=\"timeline-block-timeline ctl-row  position-left\"><div class=\"ctl-6 timeline-block-time\"><div class=\"story-time\"><p>Link esterno<\/p><\/div><\/div><div class=\"timeline-block-icon\"><svg stroke=\"currentColor\" fill=\"currentColor\" stroke-width=\"0\" viewBox=\"0 0 512 512\" height=\"1em\" width=\"1em\" xmlns=\"http:\/\/www.w3.org\/2000\/svg\"><path d=\"M256 8C119 8 8 119 8 256s111 248 248 248 248-111 248-248S393 8 256 8z\"><\/path><\/svg><\/div><div class=\"ctl-6 timeline-block-detail\"><div class=\"story-details\"><div class=\"story-content\">\n<h3 class=\"wp-block-heading ctlb-block-title\" style=\"padding-top:0px;padding-right:0px;padding-bottom:0px;padding-left:0px\"><a href=\"https:\/\/www.iemj.org\/it\/sephardic-music\/\" target=\"_blank\" rel=\"noreferrer noopener\">Sephardic Music<\/a><\/h3>\n\n\n\n<p class=\"ctlb-block-desc\" style=\"padding-top:0px;padding-right:0px;padding-bottom:0px;padding-left:0px\">Sito web di Joel Bresler dedicato alla musica ebraica sefardita, che presenta oltre un secolo di registrazioni musicali sefardite, dai 78 giri ai giorni nostri\u2026<\/p>\n<\/div><\/div><\/div><\/div><\/div><\/div>\n\n\n\n<div class=\"wp-block-cp-timeline-content-timeline-block-child swiper-slide\"><div class=\"timeline-content icon-false \"><div class=\"timeline-block-timeline ctl-row  position-right\"><div class=\"ctl-6 timeline-block-time\"><div class=\"story-time\"><p>Per andare pi\u00f9 a fondo<\/p><\/div><\/div><div class=\"timeline-block-icon\"><svg stroke=\"currentColor\" fill=\"currentColor\" stroke-width=\"0\" viewBox=\"0 0 512 512\" height=\"1em\" width=\"1em\" xmlns=\"http:\/\/www.w3.org\/2000\/svg\"><path d=\"M256 8C119 8 8 119 8 256s111 248 248 248 248-111 248-248S393 8 256 8z\"><\/path><\/svg><\/div><div class=\"ctl-6 timeline-block-detail\"><div class=\"story-details\"><div class=\"story-content\">\n<h3 class=\"wp-block-heading ctlb-block-title\" style=\"padding-top:0px;padding-right:0px;padding-bottom:0px;padding-left:0px\"><a href=\"https:\/\/www.iemj.org\/it\/genre\/giudeo-spagnolo-it\/\" target=\"_blank\" rel=\"noreferrer noopener\">Altri contenuti in linea<\/a><\/h3>\n\n\n\n<p class=\"ctlb-block-desc\" style=\"padding-top:0px;padding-right:0px;padding-bottom:0px;padding-left:0px\">Scoprite tutti i nostri articoli relativi alla musica ebraico-spagnola&#8230;<\/p>\n<\/div><\/div><\/div><\/div><\/div><\/div>\n<\/div><\/div><\/div><\/div>\n","protected":false},"excerpt":{"rendered":"<p>Trasmessa per lungo tempo oralmente, la musica detta ebraico-spagnola o ladina \u00e8 quella dei discendenti degli ebrei di Spagna, che vi hanno infuso le tradizioni dei vari paesi attraversati e delle terre che li hanno accolti.<br \/>\nScopritela con pochi clic&#8230;<\/p>\n","protected":false},"author":5,"featured_media":130206,"parent":40631,"menu_order":0,"comment_status":"closed","ping_status":"closed","template":"","meta":{"_acf_changed":false,"footnotes":""},"categories":[2219],"tags":[],"class_list":["post-130265","page","type-page","status-publish","has-post-thumbnail","hentry","category-visite-guidate-it"],"acf":[],"yoast_head":"<!-- This site is optimized with the Yoast SEO plugin v27.3 - https:\/\/yoast.com\/product\/yoast-seo-wordpress\/ -->\n<title>La musica giudaico-spagnola - Institut Europ\u00e9en des Musiques Juives<\/title>\n<meta name=\"robots\" content=\"index, follow, max-snippet:-1, max-image-preview:large, max-video-preview:-1\" \/>\n<link rel=\"canonical\" href=\"https:\/\/www.iemj.org\/it\/scoprire\/visite-guidate\/la-musique-judeo-espagnole\/\" \/>\n<meta property=\"og:locale\" content=\"it_IT\" \/>\n<meta property=\"og:type\" content=\"article\" \/>\n<meta property=\"og:title\" content=\"La musica giudaico-spagnola - Institut Europ\u00e9en des Musiques Juives\" \/>\n<meta property=\"og:description\" content=\"Trasmessa per lungo tempo oralmente, la musica detta ebraico-spagnola o ladina \u00e8 quella dei discendenti degli ebrei di Spagna, che vi hanno infuso le tradizioni dei vari paesi attraversati e delle terre che li hanno accolti. Scopritela con pochi clic...\" \/>\n<meta property=\"og:url\" content=\"https:\/\/www.iemj.org\/it\/scoprire\/visite-guidate\/la-musique-judeo-espagnole\/\" \/>\n<meta property=\"og:site_name\" content=\"Institut Europ\u00e9en des Musiques Juives\" \/>\n<meta property=\"article:publisher\" content=\"https:\/\/www.facebook.com\/MusiquesJuives\/\" \/>\n<meta property=\"article:modified_time\" content=\"2026-02-19T09:21:00+00:00\" \/>\n<meta property=\"og:image\" content=\"https:\/\/www.iemj.org\/wp-content\/uploads\/2026\/02\/Logo-Parcours-Guides_Judeo-esp-2.png\" \/>\n\t<meta property=\"og:image:width\" content=\"1081\" \/>\n\t<meta property=\"og:image:height\" content=\"500\" \/>\n\t<meta property=\"og:image:type\" content=\"image\/png\" \/>\n<meta name=\"twitter:card\" content=\"summary_large_image\" \/>\n<meta name=\"twitter:label1\" content=\"Tempo di lettura stimato\" \/>\n\t<meta name=\"twitter:data1\" content=\"5 minuti\" \/>\n<script type=\"application\/ld+json\" class=\"yoast-schema-graph\">{\"@context\":\"https:\\\/\\\/schema.org\",\"@graph\":[{\"@type\":\"WebPage\",\"@id\":\"https:\\\/\\\/www.iemj.org\\\/it\\\/scoprire\\\/visite-guidate\\\/la-musique-judeo-espagnole\\\/\",\"url\":\"https:\\\/\\\/www.iemj.org\\\/it\\\/scoprire\\\/visite-guidate\\\/la-musique-judeo-espagnole\\\/\",\"name\":\"La musica giudaico-spagnola - Institut Europ\u00e9en des Musiques Juives\",\"isPartOf\":{\"@id\":\"https:\\\/\\\/www.iemj.org\\\/it\\\/#website\"},\"primaryImageOfPage\":{\"@id\":\"https:\\\/\\\/www.iemj.org\\\/it\\\/scoprire\\\/visite-guidate\\\/la-musique-judeo-espagnole\\\/#primaryimage\"},\"image\":{\"@id\":\"https:\\\/\\\/www.iemj.org\\\/it\\\/scoprire\\\/visite-guidate\\\/la-musique-judeo-espagnole\\\/#primaryimage\"},\"thumbnailUrl\":\"https:\\\/\\\/www.iemj.org\\\/wp-content\\\/uploads\\\/2026\\\/02\\\/Logo-Parcours-Guides_Judeo-esp-2.png\",\"datePublished\":\"2024-06-17T11:00:00+00:00\",\"dateModified\":\"2026-02-19T09:21:00+00:00\",\"breadcrumb\":{\"@id\":\"https:\\\/\\\/www.iemj.org\\\/it\\\/scoprire\\\/visite-guidate\\\/la-musique-judeo-espagnole\\\/#breadcrumb\"},\"inLanguage\":\"it-IT\",\"potentialAction\":[{\"@type\":\"ReadAction\",\"target\":[\"https:\\\/\\\/www.iemj.org\\\/it\\\/scoprire\\\/visite-guidate\\\/la-musique-judeo-espagnole\\\/\"]}]},{\"@type\":\"ImageObject\",\"inLanguage\":\"it-IT\",\"@id\":\"https:\\\/\\\/www.iemj.org\\\/it\\\/scoprire\\\/visite-guidate\\\/la-musique-judeo-espagnole\\\/#primaryimage\",\"url\":\"https:\\\/\\\/www.iemj.org\\\/wp-content\\\/uploads\\\/2026\\\/02\\\/Logo-Parcours-Guides_Judeo-esp-2.png\",\"contentUrl\":\"https:\\\/\\\/www.iemj.org\\\/wp-content\\\/uploads\\\/2026\\\/02\\\/Logo-Parcours-Guides_Judeo-esp-2.png\",\"width\":1081,\"height\":500},{\"@type\":\"BreadcrumbList\",\"@id\":\"https:\\\/\\\/www.iemj.org\\\/it\\\/scoprire\\\/visite-guidate\\\/la-musique-judeo-espagnole\\\/#breadcrumb\",\"itemListElement\":[{\"@type\":\"ListItem\",\"position\":1,\"name\":\"Accueil\",\"item\":\"https:\\\/\\\/www.iemj.org\\\/it\\\/\"},{\"@type\":\"ListItem\",\"position\":2,\"name\":\"Scoprire\",\"item\":\"https:\\\/\\\/www.iemj.org\\\/it\\\/decouvrir\\\/\"},{\"@type\":\"ListItem\",\"position\":3,\"name\":\"Visite guidate\",\"item\":\"https:\\\/\\\/www.iemj.org\\\/it\\\/decouvrir\\\/parcours-guides\\\/\"},{\"@type\":\"ListItem\",\"position\":4,\"name\":\"La musica giudaico-spagnola\"}]},{\"@type\":\"WebSite\",\"@id\":\"https:\\\/\\\/www.iemj.org\\\/it\\\/#website\",\"url\":\"https:\\\/\\\/www.iemj.org\\\/it\\\/\",\"name\":\"Institut Europ\u00e9en des Musiques Juives\",\"description\":\"Des traditions musicales \u00e0 la port\u00e9e de tous\",\"publisher\":{\"@id\":\"https:\\\/\\\/www.iemj.org\\\/it\\\/#organization\"},\"potentialAction\":[{\"@type\":\"SearchAction\",\"target\":{\"@type\":\"EntryPoint\",\"urlTemplate\":\"https:\\\/\\\/www.iemj.org\\\/it\\\/?s={search_term_string}\"},\"query-input\":{\"@type\":\"PropertyValueSpecification\",\"valueRequired\":true,\"valueName\":\"search_term_string\"}}],\"inLanguage\":\"it-IT\"},{\"@type\":\"Organization\",\"@id\":\"https:\\\/\\\/www.iemj.org\\\/it\\\/#organization\",\"name\":\"Institut Europ\u00e9en des Musiques Juives\",\"url\":\"https:\\\/\\\/www.iemj.org\\\/it\\\/\",\"logo\":{\"@type\":\"ImageObject\",\"inLanguage\":\"it-IT\",\"@id\":\"https:\\\/\\\/www.iemj.org\\\/it\\\/#\\\/schema\\\/logo\\\/image\\\/\",\"url\":\"https:\\\/\\\/www.iemj.org\\\/wp-content\\\/uploads\\\/2021\\\/09\\\/Logo-IEMJ-Paypal.jpg\",\"contentUrl\":\"https:\\\/\\\/www.iemj.org\\\/wp-content\\\/uploads\\\/2021\\\/09\\\/Logo-IEMJ-Paypal.jpg\",\"width\":150,\"height\":50,\"caption\":\"Institut Europ\u00e9en des Musiques Juives\"},\"image\":{\"@id\":\"https:\\\/\\\/www.iemj.org\\\/it\\\/#\\\/schema\\\/logo\\\/image\\\/\"},\"sameAs\":[\"https:\\\/\\\/www.facebook.com\\\/MusiquesJuives\\\/\",\"https:\\\/\\\/www.instagram.com\\\/musiquesjuives\\\/\",\"https:\\\/\\\/www.youtube.com\\\/user\\\/musiquesjuives\"]}]}<\/script>\n<!-- \/ Yoast SEO plugin. -->","yoast_head_json":{"title":"La musica giudaico-spagnola - Institut Europ\u00e9en des Musiques Juives","robots":{"index":"index","follow":"follow","max-snippet":"max-snippet:-1","max-image-preview":"max-image-preview:large","max-video-preview":"max-video-preview:-1"},"canonical":"https:\/\/www.iemj.org\/it\/scoprire\/visite-guidate\/la-musique-judeo-espagnole\/","og_locale":"it_IT","og_type":"article","og_title":"La musica giudaico-spagnola - Institut Europ\u00e9en des Musiques Juives","og_description":"Trasmessa per lungo tempo oralmente, la musica detta ebraico-spagnola o ladina \u00e8 quella dei discendenti degli ebrei di Spagna, che vi hanno infuso le tradizioni dei vari paesi attraversati e delle terre che li hanno accolti. Scopritela con pochi clic...","og_url":"https:\/\/www.iemj.org\/it\/scoprire\/visite-guidate\/la-musique-judeo-espagnole\/","og_site_name":"Institut Europ\u00e9en des Musiques Juives","article_publisher":"https:\/\/www.facebook.com\/MusiquesJuives\/","article_modified_time":"2026-02-19T09:21:00+00:00","og_image":[{"width":1081,"height":500,"url":"https:\/\/www.iemj.org\/wp-content\/uploads\/2026\/02\/Logo-Parcours-Guides_Judeo-esp-2.png","type":"image\/png"}],"twitter_card":"summary_large_image","twitter_misc":{"Tempo di lettura stimato":"5 minuti"},"schema":{"@context":"https:\/\/schema.org","@graph":[{"@type":"WebPage","@id":"https:\/\/www.iemj.org\/it\/scoprire\/visite-guidate\/la-musique-judeo-espagnole\/","url":"https:\/\/www.iemj.org\/it\/scoprire\/visite-guidate\/la-musique-judeo-espagnole\/","name":"La musica giudaico-spagnola - Institut Europ\u00e9en des Musiques Juives","isPartOf":{"@id":"https:\/\/www.iemj.org\/it\/#website"},"primaryImageOfPage":{"@id":"https:\/\/www.iemj.org\/it\/scoprire\/visite-guidate\/la-musique-judeo-espagnole\/#primaryimage"},"image":{"@id":"https:\/\/www.iemj.org\/it\/scoprire\/visite-guidate\/la-musique-judeo-espagnole\/#primaryimage"},"thumbnailUrl":"https:\/\/www.iemj.org\/wp-content\/uploads\/2026\/02\/Logo-Parcours-Guides_Judeo-esp-2.png","datePublished":"2024-06-17T11:00:00+00:00","dateModified":"2026-02-19T09:21:00+00:00","breadcrumb":{"@id":"https:\/\/www.iemj.org\/it\/scoprire\/visite-guidate\/la-musique-judeo-espagnole\/#breadcrumb"},"inLanguage":"it-IT","potentialAction":[{"@type":"ReadAction","target":["https:\/\/www.iemj.org\/it\/scoprire\/visite-guidate\/la-musique-judeo-espagnole\/"]}]},{"@type":"ImageObject","inLanguage":"it-IT","@id":"https:\/\/www.iemj.org\/it\/scoprire\/visite-guidate\/la-musique-judeo-espagnole\/#primaryimage","url":"https:\/\/www.iemj.org\/wp-content\/uploads\/2026\/02\/Logo-Parcours-Guides_Judeo-esp-2.png","contentUrl":"https:\/\/www.iemj.org\/wp-content\/uploads\/2026\/02\/Logo-Parcours-Guides_Judeo-esp-2.png","width":1081,"height":500},{"@type":"BreadcrumbList","@id":"https:\/\/www.iemj.org\/it\/scoprire\/visite-guidate\/la-musique-judeo-espagnole\/#breadcrumb","itemListElement":[{"@type":"ListItem","position":1,"name":"Accueil","item":"https:\/\/www.iemj.org\/it\/"},{"@type":"ListItem","position":2,"name":"Scoprire","item":"https:\/\/www.iemj.org\/it\/decouvrir\/"},{"@type":"ListItem","position":3,"name":"Visite guidate","item":"https:\/\/www.iemj.org\/it\/decouvrir\/parcours-guides\/"},{"@type":"ListItem","position":4,"name":"La musica giudaico-spagnola"}]},{"@type":"WebSite","@id":"https:\/\/www.iemj.org\/it\/#website","url":"https:\/\/www.iemj.org\/it\/","name":"Institut Europ\u00e9en des Musiques Juives","description":"Des traditions musicales \u00e0 la port\u00e9e de tous","publisher":{"@id":"https:\/\/www.iemj.org\/it\/#organization"},"potentialAction":[{"@type":"SearchAction","target":{"@type":"EntryPoint","urlTemplate":"https:\/\/www.iemj.org\/it\/?s={search_term_string}"},"query-input":{"@type":"PropertyValueSpecification","valueRequired":true,"valueName":"search_term_string"}}],"inLanguage":"it-IT"},{"@type":"Organization","@id":"https:\/\/www.iemj.org\/it\/#organization","name":"Institut Europ\u00e9en des Musiques Juives","url":"https:\/\/www.iemj.org\/it\/","logo":{"@type":"ImageObject","inLanguage":"it-IT","@id":"https:\/\/www.iemj.org\/it\/#\/schema\/logo\/image\/","url":"https:\/\/www.iemj.org\/wp-content\/uploads\/2021\/09\/Logo-IEMJ-Paypal.jpg","contentUrl":"https:\/\/www.iemj.org\/wp-content\/uploads\/2021\/09\/Logo-IEMJ-Paypal.jpg","width":150,"height":50,"caption":"Institut Europ\u00e9en des Musiques Juives"},"image":{"@id":"https:\/\/www.iemj.org\/it\/#\/schema\/logo\/image\/"},"sameAs":["https:\/\/www.facebook.com\/MusiquesJuives\/","https:\/\/www.instagram.com\/musiquesjuives\/","https:\/\/www.youtube.com\/user\/musiquesjuives"]}]}},"_links":{"self":[{"href":"https:\/\/www.iemj.org\/it\/wp-json\/wp\/v2\/pages\/130265","targetHints":{"allow":["GET"]}}],"collection":[{"href":"https:\/\/www.iemj.org\/it\/wp-json\/wp\/v2\/pages"}],"about":[{"href":"https:\/\/www.iemj.org\/it\/wp-json\/wp\/v2\/types\/page"}],"author":[{"embeddable":true,"href":"https:\/\/www.iemj.org\/it\/wp-json\/wp\/v2\/users\/5"}],"replies":[{"embeddable":true,"href":"https:\/\/www.iemj.org\/it\/wp-json\/wp\/v2\/comments?post=130265"}],"version-history":[{"count":4,"href":"https:\/\/www.iemj.org\/it\/wp-json\/wp\/v2\/pages\/130265\/revisions"}],"predecessor-version":[{"id":130428,"href":"https:\/\/www.iemj.org\/it\/wp-json\/wp\/v2\/pages\/130265\/revisions\/130428"}],"up":[{"embeddable":true,"href":"https:\/\/www.iemj.org\/it\/wp-json\/wp\/v2\/pages\/40631"}],"wp:featuredmedia":[{"embeddable":true,"href":"https:\/\/www.iemj.org\/it\/wp-json\/wp\/v2\/media\/130206"}],"wp:attachment":[{"href":"https:\/\/www.iemj.org\/it\/wp-json\/wp\/v2\/media?parent=130265"}],"wp:term":[{"taxonomy":"category","embeddable":true,"href":"https:\/\/www.iemj.org\/it\/wp-json\/wp\/v2\/categories?post=130265"},{"taxonomy":"post_tag","embeddable":true,"href":"https:\/\/www.iemj.org\/it\/wp-json\/wp\/v2\/tags?post=130265"}],"curies":[{"name":"wp","href":"https:\/\/api.w.org\/{rel}","templated":true}]}}