{"id":40484,"date":"2021-05-14T11:46:03","date_gmt":"2021-05-14T09:46:03","guid":{"rendered":"https:\/\/www.iemj.org\/?page_id=40484"},"modified":"2025-11-06T17:34:44","modified_gmt":"2025-11-06T16:34:44","slug":"partners","status":"publish","type":"page","link":"https:\/\/www.iemj.org\/it\/liemj\/partners\/","title":{"rendered":"Partners"},"content":{"rendered":"\t\t<div data-elementor-type=\"wp-page\" data-elementor-id=\"40484\" class=\"elementor elementor-40484 elementor-24965\" data-elementor-post-type=\"page\">\n\t\t\t\t\t\t<section class=\"elementor-section elementor-top-section elementor-element elementor-element-a929aa7 elementor-section-boxed elementor-section-height-default elementor-section-height-default\" data-id=\"a929aa7\" data-element_type=\"section\" data-e-type=\"section\">\n\t\t\t\t\t\t<div class=\"elementor-container elementor-column-gap-default\">\n\t\t\t\t\t<div class=\"elementor-column elementor-col-25 elementor-top-column elementor-element elementor-element-720b933\" data-id=\"720b933\" data-element_type=\"column\" data-e-type=\"column\">\n\t\t\t<div class=\"elementor-widget-wrap\">\n\t\t\t\t\t\t\t<\/div>\n\t\t<\/div>\n\t\t\t\t<div class=\"elementor-column elementor-col-50 elementor-top-column elementor-element elementor-element-89749fb\" data-id=\"89749fb\" data-element_type=\"column\" data-e-type=\"column\">\n\t\t\t<div class=\"elementor-widget-wrap elementor-element-populated\">\n\t\t\t\t\t\t<div class=\"elementor-element elementor-element-4819945 titre_souligne elementor-widget elementor-widget-heading\" data-id=\"4819945\" data-element_type=\"widget\" data-e-type=\"widget\" data-widget_type=\"heading.default\">\n\t\t\t\t<div class=\"elementor-widget-container\">\n\t\t\t\t\t<h1 class=\"elementor-heading-title elementor-size-default\">Partners<\/h1>\t\t\t\t<\/div>\n\t\t\t\t<\/div>\n\t\t\t\t<div class=\"elementor-element elementor-element-a42714b neutra_book elementor-widget elementor-widget-text-editor\" data-id=\"a42714b\" data-element_type=\"widget\" data-e-type=\"widget\" data-widget_type=\"text-editor.default\">\n\t\t\t\t<div class=\"elementor-widget-container\">\n\t\t\t\t\t\t\t\t\t<p>Creato nel 2006 dalla Fondation du Juda\u00efsme Fran\u00e7ais, l&#8217;associazione Yuval e la Fondazione Henriette Halphen, l&#8217;Istituto Europeo di Musiche Ebraiche (IEMJ) \u00e8 diventato il pi\u00f9 importante centro di conservazione e diffusione della musica ebraica in Europa, grazie al fedele sostegno dei suoi partner e donatori.<\/p>\t\t\t\t\t\t\t\t<\/div>\n\t\t\t\t<\/div>\n\t\t\t\t<section class=\"elementor-section elementor-inner-section elementor-element elementor-element-ab088d5 elementor-section-content-middle elementor-section-full_width elementor-section-height-default elementor-section-height-default\" data-id=\"ab088d5\" data-element_type=\"section\" data-e-type=\"section\">\n\t\t\t\t\t\t<div class=\"elementor-container elementor-column-gap-default\">\n\t\t\t\t\t<div class=\"elementor-column elementor-col-20 elementor-inner-column elementor-element elementor-element-fc588e6\" data-id=\"fc588e6\" data-element_type=\"column\" data-e-type=\"column\">\n\t\t\t<div class=\"elementor-widget-wrap elementor-element-populated\">\n\t\t\t\t\t\t<div class=\"elementor-element elementor-element-0ed6246 elementor-widget elementor-widget-image\" data-id=\"0ed6246\" data-element_type=\"widget\" data-e-type=\"widget\" data-widget_type=\"image.default\">\n\t\t\t\t<div class=\"elementor-widget-container\">\n\t\t\t\t\t\t\t\t\t\t\t\t\t\t\t\t<a href=\"https:\/\/www.iemj.org\/it\/iemj\/partners\/#fjf\">\n\t\t\t\t\t\t\t<img fetchpriority=\"high\" decoding=\"async\" width=\"550\" height=\"550\" src=\"https:\/\/www.iemj.org\/wp-content\/uploads\/2021\/05\/Logo-FJF_550x550px.jpg\" class=\"attachment-full size-full wp-image-39044\" alt=\"Logo,\" srcset=\"https:\/\/www.iemj.org\/wp-content\/uploads\/2021\/05\/Logo-FJF_550x550px.jpg 550w, https:\/\/www.iemj.org\/wp-content\/uploads\/2021\/05\/Logo-FJF_550x550px-300x300.jpg 300w, https:\/\/www.iemj.org\/wp-content\/uploads\/2021\/05\/Logo-FJF_550x550px-150x150.jpg 150w, https:\/\/www.iemj.org\/wp-content\/uploads\/2021\/05\/Logo-FJF_550x550px-100x100.jpg 100w\" sizes=\"(max-width: 550px) 100vw, 550px\" \/>\t\t\t\t\t\t\t\t<\/a>\n\t\t\t\t\t\t\t\t\t\t\t\t\t\t\t<\/div>\n\t\t\t\t<\/div>\n\t\t\t\t\t<\/div>\n\t\t<\/div>\n\t\t\t\t<div class=\"elementor-column elementor-col-20 elementor-inner-column elementor-element elementor-element-d0d415c\" data-id=\"d0d415c\" data-element_type=\"column\" data-e-type=\"column\">\n\t\t\t<div class=\"elementor-widget-wrap elementor-element-populated\">\n\t\t\t\t\t\t<div class=\"elementor-element elementor-element-b903862 elementor-widget elementor-widget-image\" data-id=\"b903862\" data-element_type=\"widget\" data-e-type=\"widget\" data-widget_type=\"image.default\">\n\t\t\t\t<div class=\"elementor-widget-container\">\n\t\t\t\t\t\t\t\t\t\t\t\t\t\t\t\t<a href=\"https:\/\/www.iemj.org\/it\/iemj\/partners\/#fhh\">\n\t\t\t\t\t\t\t<img decoding=\"async\" width=\"550\" height=\"550\" src=\"https:\/\/www.iemj.org\/wp-content\/uploads\/2021\/05\/logo-carre-Fondation-Henriette-H-5.jpg\" class=\"attachment-full size-full wp-image-39162\" alt=\"logo carr\u00e9 Fondation Henriette H - 5\" srcset=\"https:\/\/www.iemj.org\/wp-content\/uploads\/2021\/05\/logo-carre-Fondation-Henriette-H-5.jpg 550w, https:\/\/www.iemj.org\/wp-content\/uploads\/2021\/05\/logo-carre-Fondation-Henriette-H-5-300x300.jpg 300w, https:\/\/www.iemj.org\/wp-content\/uploads\/2021\/05\/logo-carre-Fondation-Henriette-H-5-150x150.jpg 150w, https:\/\/www.iemj.org\/wp-content\/uploads\/2021\/05\/logo-carre-Fondation-Henriette-H-5-100x100.jpg 100w\" sizes=\"(max-width: 550px) 100vw, 550px\" \/>\t\t\t\t\t\t\t\t<\/a>\n\t\t\t\t\t\t\t\t\t\t\t\t\t\t\t<\/div>\n\t\t\t\t<\/div>\n\t\t\t\t\t<\/div>\n\t\t<\/div>\n\t\t\t\t<div class=\"elementor-column elementor-col-20 elementor-inner-column elementor-element elementor-element-eb79f86\" data-id=\"eb79f86\" data-element_type=\"column\" data-e-type=\"column\">\n\t\t\t<div class=\"elementor-widget-wrap elementor-element-populated\">\n\t\t\t\t\t\t<div class=\"elementor-element elementor-element-ab59011 elementor-widget elementor-widget-image\" data-id=\"ab59011\" data-element_type=\"widget\" data-e-type=\"widget\" data-widget_type=\"image.default\">\n\t\t\t\t<div class=\"elementor-widget-container\">\n\t\t\t\t\t\t\t\t\t\t\t\t\t\t\t\t<a href=\"https:\/\/www.iemj.org\/it\/iemj\/partners\/#yuval\">\n\t\t\t\t\t\t\t<img decoding=\"async\" width=\"550\" height=\"550\" src=\"https:\/\/www.iemj.org\/wp-content\/uploads\/2021\/05\/Logo-Yuval_550x550px.jpg\" class=\"attachment-full size-full wp-image-39064\" alt=\"Logo Yuval_550x550px\" srcset=\"https:\/\/www.iemj.org\/wp-content\/uploads\/2021\/05\/Logo-Yuval_550x550px.jpg 550w, https:\/\/www.iemj.org\/wp-content\/uploads\/2021\/05\/Logo-Yuval_550x550px-300x300.jpg 300w, https:\/\/www.iemj.org\/wp-content\/uploads\/2021\/05\/Logo-Yuval_550x550px-150x150.jpg 150w, https:\/\/www.iemj.org\/wp-content\/uploads\/2021\/05\/Logo-Yuval_550x550px-100x100.jpg 100w\" sizes=\"(max-width: 550px) 100vw, 550px\" \/>\t\t\t\t\t\t\t\t<\/a>\n\t\t\t\t\t\t\t\t\t\t\t\t\t\t\t<\/div>\n\t\t\t\t<\/div>\n\t\t\t\t\t<\/div>\n\t\t<\/div>\n\t\t\t\t<div class=\"elementor-column elementor-col-20 elementor-inner-column elementor-element elementor-element-d9a4145\" data-id=\"d9a4145\" data-element_type=\"column\" data-e-type=\"column\">\n\t\t\t<div class=\"elementor-widget-wrap elementor-element-populated\">\n\t\t\t\t\t\t<div class=\"elementor-element elementor-element-15598e4 elementor-widget elementor-widget-image\" data-id=\"15598e4\" data-element_type=\"widget\" data-e-type=\"widget\" data-widget_type=\"image.default\">\n\t\t\t\t<div class=\"elementor-widget-container\">\n\t\t\t\t\t\t\t\t\t\t\t\t\t\t\t\t<a href=\"https:\/\/www.iemj.org\/it\/iemj\/partners\/#fms\">\n\t\t\t\t\t\t\t<img loading=\"lazy\" decoding=\"async\" width=\"550\" height=\"550\" src=\"https:\/\/www.iemj.org\/wp-content\/uploads\/2021\/05\/Logo-FMS_550x550px.jpg\" class=\"attachment-full size-full wp-image-39049\" alt=\"Logo FMS_550x550px\" srcset=\"https:\/\/www.iemj.org\/wp-content\/uploads\/2021\/05\/Logo-FMS_550x550px.jpg 550w, https:\/\/www.iemj.org\/wp-content\/uploads\/2021\/05\/Logo-FMS_550x550px-300x300.jpg 300w, https:\/\/www.iemj.org\/wp-content\/uploads\/2021\/05\/Logo-FMS_550x550px-150x150.jpg 150w, https:\/\/www.iemj.org\/wp-content\/uploads\/2021\/05\/Logo-FMS_550x550px-100x100.jpg 100w\" sizes=\"(max-width: 550px) 100vw, 550px\" \/>\t\t\t\t\t\t\t\t<\/a>\n\t\t\t\t\t\t\t\t\t\t\t\t\t\t\t<\/div>\n\t\t\t\t<\/div>\n\t\t\t\t\t<\/div>\n\t\t<\/div>\n\t\t\t\t<div class=\"elementor-column elementor-col-20 elementor-inner-column elementor-element elementor-element-92097ee\" data-id=\"92097ee\" data-element_type=\"column\" data-e-type=\"column\">\n\t\t\t<div class=\"elementor-widget-wrap elementor-element-populated\">\n\t\t\t\t\t\t<div class=\"elementor-element elementor-element-d4f9977 elementor-widget elementor-widget-image\" data-id=\"d4f9977\" data-element_type=\"widget\" data-e-type=\"widget\" data-widget_type=\"image.default\">\n\t\t\t\t<div class=\"elementor-widget-container\">\n\t\t\t\t\t\t\t\t\t\t\t\t\t\t\t\t<a href=\"https:\/\/www.iemj.org\/it\/iemj\/partners\/#fr\">\n\t\t\t\t\t\t\t<img loading=\"lazy\" decoding=\"async\" width=\"550\" height=\"550\" src=\"https:\/\/www.iemj.org\/wp-content\/uploads\/2021\/05\/Logo-Fondation-Rothschild_550x550px.jpg\" class=\"attachment-full size-full wp-image-39059\" alt=\"Logo Fondation Rothschild_550x550px\" srcset=\"https:\/\/www.iemj.org\/wp-content\/uploads\/2021\/05\/Logo-Fondation-Rothschild_550x550px.jpg 550w, https:\/\/www.iemj.org\/wp-content\/uploads\/2021\/05\/Logo-Fondation-Rothschild_550x550px-300x300.jpg 300w, https:\/\/www.iemj.org\/wp-content\/uploads\/2021\/05\/Logo-Fondation-Rothschild_550x550px-150x150.jpg 150w, https:\/\/www.iemj.org\/wp-content\/uploads\/2021\/05\/Logo-Fondation-Rothschild_550x550px-100x100.jpg 100w\" sizes=\"(max-width: 550px) 100vw, 550px\" \/>\t\t\t\t\t\t\t\t<\/a>\n\t\t\t\t\t\t\t\t\t\t\t\t\t\t\t<\/div>\n\t\t\t\t<\/div>\n\t\t\t\t\t<\/div>\n\t\t<\/div>\n\t\t\t\t\t<\/div>\n\t\t<\/section>\n\t\t\t\t<section class=\"elementor-section elementor-inner-section elementor-element elementor-element-3536ce4 partenaire elementor-section-boxed elementor-section-height-default elementor-section-height-default\" data-id=\"3536ce4\" data-element_type=\"section\" data-e-type=\"section\" id=\"fjf\">\n\t\t\t\t\t\t<div class=\"elementor-container elementor-column-gap-default\">\n\t\t\t\t\t<div class=\"elementor-column elementor-col-33 elementor-inner-column elementor-element elementor-element-f29fd84\" data-id=\"f29fd84\" data-element_type=\"column\" data-e-type=\"column\">\n\t\t\t<div class=\"elementor-widget-wrap elementor-element-populated\">\n\t\t\t\t\t\t<div class=\"elementor-element elementor-element-694e3db elementor-widget elementor-widget-image\" data-id=\"694e3db\" data-element_type=\"widget\" data-e-type=\"widget\" data-widget_type=\"image.default\">\n\t\t\t\t<div class=\"elementor-widget-container\">\n\t\t\t\t\t\t\t\t\t\t\t\t\t\t\t\t<a href=\"http:\/\/www.fondationjudaisme.org\/\" target=\"_blank\">\n\t\t\t\t\t\t\t<img fetchpriority=\"high\" decoding=\"async\" width=\"550\" height=\"550\" src=\"https:\/\/www.iemj.org\/wp-content\/uploads\/2021\/05\/Logo-FJF_550x550px.jpg\" class=\"attachment-full size-full wp-image-39044\" alt=\"Logo,\" srcset=\"https:\/\/www.iemj.org\/wp-content\/uploads\/2021\/05\/Logo-FJF_550x550px.jpg 550w, https:\/\/www.iemj.org\/wp-content\/uploads\/2021\/05\/Logo-FJF_550x550px-300x300.jpg 300w, https:\/\/www.iemj.org\/wp-content\/uploads\/2021\/05\/Logo-FJF_550x550px-150x150.jpg 150w, https:\/\/www.iemj.org\/wp-content\/uploads\/2021\/05\/Logo-FJF_550x550px-100x100.jpg 100w\" sizes=\"(max-width: 550px) 100vw, 550px\" \/>\t\t\t\t\t\t\t\t<\/a>\n\t\t\t\t\t\t\t\t\t\t\t\t\t\t\t<\/div>\n\t\t\t\t<\/div>\n\t\t\t\t<div class=\"elementor-element elementor-element-ed41e12 neutra_bold elementor-widget elementor-widget-button\" data-id=\"ed41e12\" data-element_type=\"widget\" data-e-type=\"widget\" data-widget_type=\"button.default\">\n\t\t\t\t<div class=\"elementor-widget-container\">\n\t\t\t\t\t\t\t\t\t<div class=\"elementor-button-wrapper\">\n\t\t\t\t\t<a class=\"elementor-button elementor-button-link elementor-size-xs\" href=\"http:\/\/www.fondationjudaisme.org\/\" target=\"_blank\">\n\t\t\t\t\t\t<span class=\"elementor-button-content-wrapper\">\n\t\t\t\t\t\t\t\t\t<span class=\"elementor-button-text\">visita il sito web<\/span>\n\t\t\t\t\t<\/span>\n\t\t\t\t\t<\/a>\n\t\t\t\t<\/div>\n\t\t\t\t\t\t\t\t<\/div>\n\t\t\t\t<\/div>\n\t\t\t\t\t<\/div>\n\t\t<\/div>\n\t\t\t\t<div class=\"elementor-column elementor-col-33 elementor-inner-column elementor-element elementor-element-af89b08\" data-id=\"af89b08\" data-element_type=\"column\" data-e-type=\"column\">\n\t\t\t<div class=\"elementor-widget-wrap\">\n\t\t\t\t\t\t\t<\/div>\n\t\t<\/div>\n\t\t\t\t<div class=\"elementor-column elementor-col-33 elementor-inner-column elementor-element elementor-element-99333c8\" data-id=\"99333c8\" data-element_type=\"column\" data-e-type=\"column\">\n\t\t\t<div class=\"elementor-widget-wrap elementor-element-populated\">\n\t\t\t\t\t\t<div class=\"elementor-element elementor-element-cfe8d2d neutra_bold elementor-widget elementor-widget-heading\" data-id=\"cfe8d2d\" data-element_type=\"widget\" data-e-type=\"widget\" data-widget_type=\"heading.default\">\n\t\t\t\t<div class=\"elementor-widget-container\">\n\t\t\t\t\t<h2 class=\"elementor-heading-title elementor-size-default\"><a href=\"http:\/\/www.fondationjudaisme.org\/\" target=\"_blank\">Fondation du juda\u00efsme fran\u00e7ais<\/a><\/h2>\t\t\t\t<\/div>\n\t\t\t\t<\/div>\n\t\t\t\t<div class=\"elementor-element elementor-element-9c139b4 elementor-widget elementor-widget-text-editor\" data-id=\"9c139b4\" data-element_type=\"widget\" data-e-type=\"widget\" data-widget_type=\"text-editor.default\">\n\t\t\t\t<div class=\"elementor-widget-container\">\n\t\t\t\t\t\t\t\t\t<p>Sostenendo l&#8217;impegno dei fondatori e la generosit\u00e0 dei donatori, la Fondation du Juda\u00efsme Fran\u00e7ais \u00e8 impegnata in un ampio spettro di attivit\u00e0, intervenendo in base al proprio statuto in tutti i settori di interesse generale: solidariet\u00e0, progetti culturali, istituzioni educative, giovani, dialogo cittadino&#8230;<\/p><p>La Fondazione promuove lo scambio e offre il proprio know-how a tutti coloro che vogliono lavorare per un&#8217;istituzione, un progetto, o per servire i valori universali e repubblicani.<\/p>\t\t\t\t\t\t\t\t<\/div>\n\t\t\t\t<\/div>\n\t\t\t\t\t<\/div>\n\t\t<\/div>\n\t\t\t\t\t<\/div>\n\t\t<\/section>\n\t\t\t\t<section class=\"elementor-section elementor-inner-section elementor-element elementor-element-90385dd partenaire elementor-section-boxed elementor-section-height-default elementor-section-height-default\" data-id=\"90385dd\" data-element_type=\"section\" data-e-type=\"section\" id=\"fhh\">\n\t\t\t\t\t\t<div class=\"elementor-container elementor-column-gap-default\">\n\t\t\t\t\t<div class=\"elementor-column elementor-col-33 elementor-inner-column elementor-element elementor-element-4f9c664\" data-id=\"4f9c664\" data-element_type=\"column\" data-e-type=\"column\">\n\t\t\t<div class=\"elementor-widget-wrap elementor-element-populated\">\n\t\t\t\t\t\t<div class=\"elementor-element elementor-element-b151ac8 elementor-widget elementor-widget-image\" data-id=\"b151ac8\" data-element_type=\"widget\" data-e-type=\"widget\" data-widget_type=\"image.default\">\n\t\t\t\t<div class=\"elementor-widget-container\">\n\t\t\t\t\t\t\t\t\t\t\t\t\t\t\t\t<a href=\"https:\/\/www.fondationjudaisme.org\/fondation-abritee\/la-fondation-henriette-halphen-schumann\/\" target=\"_blank\">\n\t\t\t\t\t\t\t<img decoding=\"async\" width=\"550\" height=\"550\" src=\"https:\/\/www.iemj.org\/wp-content\/uploads\/2021\/05\/logo-carre-Fondation-Henriette-H-5.jpg\" class=\"attachment-full size-full wp-image-39162\" alt=\"logo carr\u00e9 Fondation Henriette H - 5\" srcset=\"https:\/\/www.iemj.org\/wp-content\/uploads\/2021\/05\/logo-carre-Fondation-Henriette-H-5.jpg 550w, https:\/\/www.iemj.org\/wp-content\/uploads\/2021\/05\/logo-carre-Fondation-Henriette-H-5-300x300.jpg 300w, https:\/\/www.iemj.org\/wp-content\/uploads\/2021\/05\/logo-carre-Fondation-Henriette-H-5-150x150.jpg 150w, https:\/\/www.iemj.org\/wp-content\/uploads\/2021\/05\/logo-carre-Fondation-Henriette-H-5-100x100.jpg 100w\" sizes=\"(max-width: 550px) 100vw, 550px\" \/>\t\t\t\t\t\t\t\t<\/a>\n\t\t\t\t\t\t\t\t\t\t\t\t\t\t\t<\/div>\n\t\t\t\t<\/div>\n\t\t\t\t<div class=\"elementor-element elementor-element-dbb08c3 neutra_bold elementor-widget elementor-widget-button\" data-id=\"dbb08c3\" data-element_type=\"widget\" data-e-type=\"widget\" data-widget_type=\"button.default\">\n\t\t\t\t<div class=\"elementor-widget-container\">\n\t\t\t\t\t\t\t\t\t<div class=\"elementor-button-wrapper\">\n\t\t\t\t\t<a class=\"elementor-button elementor-button-link elementor-size-xs\" href=\"https:\/\/www.fondationjudaisme.org\/fondation-abritee\/la-fondation-henriette-halphen-schumann\/\" target=\"_blank\">\n\t\t\t\t\t\t<span class=\"elementor-button-content-wrapper\">\n\t\t\t\t\t\t\t\t\t<span class=\"elementor-button-text\">Leggere di pi\u00f9<\/span>\n\t\t\t\t\t<\/span>\n\t\t\t\t\t<\/a>\n\t\t\t\t<\/div>\n\t\t\t\t\t\t\t\t<\/div>\n\t\t\t\t<\/div>\n\t\t\t\t\t<\/div>\n\t\t<\/div>\n\t\t\t\t<div class=\"elementor-column elementor-col-33 elementor-inner-column elementor-element elementor-element-d1ab55a\" data-id=\"d1ab55a\" data-element_type=\"column\" data-e-type=\"column\">\n\t\t\t<div class=\"elementor-widget-wrap\">\n\t\t\t\t\t\t\t<\/div>\n\t\t<\/div>\n\t\t\t\t<div class=\"elementor-column elementor-col-33 elementor-inner-column elementor-element elementor-element-72972ae\" data-id=\"72972ae\" data-element_type=\"column\" data-e-type=\"column\">\n\t\t\t<div class=\"elementor-widget-wrap elementor-element-populated\">\n\t\t\t\t\t\t<div class=\"elementor-element elementor-element-70c0009 neutra_bold elementor-widget elementor-widget-heading\" data-id=\"70c0009\" data-element_type=\"widget\" data-e-type=\"widget\" data-widget_type=\"heading.default\">\n\t\t\t\t<div class=\"elementor-widget-container\">\n\t\t\t\t\t<h2 class=\"elementor-heading-title elementor-size-default\"><a href=\"https:\/\/www.fondationjudaisme.org\/fondation-abritee\/la-fondation-henriette-halphen-schumann\/\" target=\"_blank\">Fondation Henriette Halphen<\/a><\/h2>\t\t\t\t<\/div>\n\t\t\t\t<\/div>\n\t\t\t\t<div class=\"elementor-element elementor-element-6f75291 elementor-widget elementor-widget-text-editor\" data-id=\"6f75291\" data-element_type=\"widget\" data-e-type=\"widget\" data-widget_type=\"text-editor.default\">\n\t\t\t\t<div class=\"elementor-widget-container\">\n\t\t\t\t\t\t\t\t\t<p>Creata sotto l&#8217;egida della Fondation du Juda\u00efsme Fran\u00e7ais, le missioni della Fondazione Henriette Halphen sono di sostenere le azioni sviluppate dall&#8217;IEMJ, di concedere borse di studio per la formazione ed il lavoro di musicologi e di organizzare eventi dedicati alla memoria di Henriette Halphen-Schumann (conferenze, concerti, pubblicazioni, ecc.).<\/p>\t\t\t\t\t\t\t\t<\/div>\n\t\t\t\t<\/div>\n\t\t\t\t\t<\/div>\n\t\t<\/div>\n\t\t\t\t\t<\/div>\n\t\t<\/section>\n\t\t\t\t<section class=\"elementor-section elementor-inner-section elementor-element elementor-element-1c9cdaa partenaire elementor-section-boxed elementor-section-height-default elementor-section-height-default\" data-id=\"1c9cdaa\" data-element_type=\"section\" data-e-type=\"section\" id=\"yuval\">\n\t\t\t\t\t\t<div class=\"elementor-container elementor-column-gap-default\">\n\t\t\t\t\t<div class=\"elementor-column elementor-col-33 elementor-inner-column elementor-element elementor-element-82731e1\" data-id=\"82731e1\" data-element_type=\"column\" data-e-type=\"column\">\n\t\t\t<div class=\"elementor-widget-wrap elementor-element-populated\">\n\t\t\t\t\t\t<div class=\"elementor-element elementor-element-14fa75f elementor-widget elementor-widget-image\" data-id=\"14fa75f\" data-element_type=\"widget\" data-e-type=\"widget\" data-widget_type=\"image.default\">\n\t\t\t\t<div class=\"elementor-widget-container\">\n\t\t\t\t\t\t\t\t\t\t\t\t\t\t\t\t<a href=\"https:\/\/www.iemj.org\/association-yuval\/\">\n\t\t\t\t\t\t\t<img decoding=\"async\" width=\"550\" height=\"550\" src=\"https:\/\/www.iemj.org\/wp-content\/uploads\/2021\/05\/Logo-Yuval_550x550px.jpg\" class=\"attachment-full size-full wp-image-39064\" alt=\"Logo Yuval_550x550px\" srcset=\"https:\/\/www.iemj.org\/wp-content\/uploads\/2021\/05\/Logo-Yuval_550x550px.jpg 550w, https:\/\/www.iemj.org\/wp-content\/uploads\/2021\/05\/Logo-Yuval_550x550px-300x300.jpg 300w, https:\/\/www.iemj.org\/wp-content\/uploads\/2021\/05\/Logo-Yuval_550x550px-150x150.jpg 150w, https:\/\/www.iemj.org\/wp-content\/uploads\/2021\/05\/Logo-Yuval_550x550px-100x100.jpg 100w\" sizes=\"(max-width: 550px) 100vw, 550px\" \/>\t\t\t\t\t\t\t\t<\/a>\n\t\t\t\t\t\t\t\t\t\t\t\t\t\t\t<\/div>\n\t\t\t\t<\/div>\n\t\t\t\t<div class=\"elementor-element elementor-element-5f10b55 neutra_bold elementor-widget elementor-widget-button\" data-id=\"5f10b55\" data-element_type=\"widget\" data-e-type=\"widget\" data-widget_type=\"button.default\">\n\t\t\t\t<div class=\"elementor-widget-container\">\n\t\t\t\t\t\t\t\t\t<div class=\"elementor-button-wrapper\">\n\t\t\t\t\t<a class=\"elementor-button elementor-button-link elementor-size-xs\" href=\"https:\/\/www.iemj.org\/it\/association-yuval\/\">\n\t\t\t\t\t\t<span class=\"elementor-button-content-wrapper\">\n\t\t\t\t\t\t\t\t\t<span class=\"elementor-button-text\">Leggere di pi\u00f9<\/span>\n\t\t\t\t\t<\/span>\n\t\t\t\t\t<\/a>\n\t\t\t\t<\/div>\n\t\t\t\t\t\t\t\t<\/div>\n\t\t\t\t<\/div>\n\t\t\t\t\t<\/div>\n\t\t<\/div>\n\t\t\t\t<div class=\"elementor-column elementor-col-33 elementor-inner-column elementor-element elementor-element-4a2172c\" data-id=\"4a2172c\" data-element_type=\"column\" data-e-type=\"column\">\n\t\t\t<div class=\"elementor-widget-wrap\">\n\t\t\t\t\t\t\t<\/div>\n\t\t<\/div>\n\t\t\t\t<div class=\"elementor-column elementor-col-33 elementor-inner-column elementor-element elementor-element-94e9be2\" data-id=\"94e9be2\" data-element_type=\"column\" data-e-type=\"column\">\n\t\t\t<div class=\"elementor-widget-wrap elementor-element-populated\">\n\t\t\t\t\t\t<div class=\"elementor-element elementor-element-18a41d7 neutra_bold elementor-widget elementor-widget-heading\" data-id=\"18a41d7\" data-element_type=\"widget\" data-e-type=\"widget\" data-widget_type=\"heading.default\">\n\t\t\t\t<div class=\"elementor-widget-container\">\n\t\t\t\t\t<h2 class=\"elementor-heading-title elementor-size-default\"><a href=\"https:\/\/www.iemj.org\/association-yuval\/\">Yuval<\/a><\/h2>\t\t\t\t<\/div>\n\t\t\t\t<\/div>\n\t\t\t\t<div class=\"elementor-element elementor-element-9d2136e elementor-widget elementor-widget-text-editor\" data-id=\"9d2136e\" data-element_type=\"widget\" data-e-type=\"widget\" data-widget_type=\"text-editor.default\">\n\t\t\t\t<div class=\"elementor-widget-container\">\n\t\t\t\t\t\t\t\t\t<p>Creata nel 1985 dai professori Israel Adler, Frank Alvarez-Pereyre e Simha Arom, Yuval, associazione francese per la conservazione delle tradizioni musicali ebraiche, ha come scopo quello di raccogliere, preservare, studiare e diffondere le tradizioni musicali ebraiche di Francia e di fuori Francia.<\/p>\t\t\t\t\t\t\t\t<\/div>\n\t\t\t\t<\/div>\n\t\t\t\t\t<\/div>\n\t\t<\/div>\n\t\t\t\t\t<\/div>\n\t\t<\/section>\n\t\t\t\t<section class=\"elementor-section elementor-inner-section elementor-element elementor-element-9541c5a partenaire elementor-section-boxed elementor-section-height-default elementor-section-height-default\" data-id=\"9541c5a\" data-element_type=\"section\" data-e-type=\"section\" id=\"fms\">\n\t\t\t\t\t\t<div class=\"elementor-container elementor-column-gap-default\">\n\t\t\t\t\t<div class=\"elementor-column elementor-col-33 elementor-inner-column elementor-element elementor-element-76e604a\" data-id=\"76e604a\" data-element_type=\"column\" data-e-type=\"column\">\n\t\t\t<div class=\"elementor-widget-wrap elementor-element-populated\">\n\t\t\t\t\t\t<div class=\"elementor-element elementor-element-390a1e3 elementor-widget elementor-widget-image\" data-id=\"390a1e3\" data-element_type=\"widget\" data-e-type=\"widget\" data-widget_type=\"image.default\">\n\t\t\t\t<div class=\"elementor-widget-container\">\n\t\t\t\t\t\t\t\t\t\t\t\t\t\t\t\t<a href=\"http:\/\/www.fondationshoah.org\/\" target=\"_blank\">\n\t\t\t\t\t\t\t<img loading=\"lazy\" decoding=\"async\" width=\"550\" height=\"550\" src=\"https:\/\/www.iemj.org\/wp-content\/uploads\/2021\/05\/Logo-FMS_550x550px.jpg\" class=\"attachment-full size-full wp-image-39049\" alt=\"Logo FMS_550x550px\" srcset=\"https:\/\/www.iemj.org\/wp-content\/uploads\/2021\/05\/Logo-FMS_550x550px.jpg 550w, https:\/\/www.iemj.org\/wp-content\/uploads\/2021\/05\/Logo-FMS_550x550px-300x300.jpg 300w, https:\/\/www.iemj.org\/wp-content\/uploads\/2021\/05\/Logo-FMS_550x550px-150x150.jpg 150w, https:\/\/www.iemj.org\/wp-content\/uploads\/2021\/05\/Logo-FMS_550x550px-100x100.jpg 100w\" sizes=\"(max-width: 550px) 100vw, 550px\" \/>\t\t\t\t\t\t\t\t<\/a>\n\t\t\t\t\t\t\t\t\t\t\t\t\t\t\t<\/div>\n\t\t\t\t<\/div>\n\t\t\t\t<div class=\"elementor-element elementor-element-1acc175 neutra_bold elementor-widget elementor-widget-button\" data-id=\"1acc175\" data-element_type=\"widget\" data-e-type=\"widget\" data-widget_type=\"button.default\">\n\t\t\t\t<div class=\"elementor-widget-container\">\n\t\t\t\t\t\t\t\t\t<div class=\"elementor-button-wrapper\">\n\t\t\t\t\t<a class=\"elementor-button elementor-button-link elementor-size-xs\" href=\"http:\/\/www.fondationshoah.org\/\" target=\"_blank\">\n\t\t\t\t\t\t<span class=\"elementor-button-content-wrapper\">\n\t\t\t\t\t\t\t\t\t<span class=\"elementor-button-text\">visita il sito web<\/span>\n\t\t\t\t\t<\/span>\n\t\t\t\t\t<\/a>\n\t\t\t\t<\/div>\n\t\t\t\t\t\t\t\t<\/div>\n\t\t\t\t<\/div>\n\t\t\t\t\t<\/div>\n\t\t<\/div>\n\t\t\t\t<div class=\"elementor-column elementor-col-33 elementor-inner-column elementor-element elementor-element-be8b5dc\" data-id=\"be8b5dc\" data-element_type=\"column\" data-e-type=\"column\">\n\t\t\t<div class=\"elementor-widget-wrap\">\n\t\t\t\t\t\t\t<\/div>\n\t\t<\/div>\n\t\t\t\t<div class=\"elementor-column elementor-col-33 elementor-inner-column elementor-element elementor-element-78ed7a0\" data-id=\"78ed7a0\" data-element_type=\"column\" data-e-type=\"column\">\n\t\t\t<div class=\"elementor-widget-wrap elementor-element-populated\">\n\t\t\t\t\t\t<div class=\"elementor-element elementor-element-e1f04d5 neutra_bold elementor-widget elementor-widget-heading\" data-id=\"e1f04d5\" data-element_type=\"widget\" data-e-type=\"widget\" data-widget_type=\"heading.default\">\n\t\t\t\t<div class=\"elementor-widget-container\">\n\t\t\t\t\t<h2 class=\"elementor-heading-title elementor-size-default\"><a href=\"http:\/\/www.fondationshoah.org\/\" target=\"_blank\">Fondation pour la m\u00e9moire de la Shoah<\/a><\/h2>\t\t\t\t<\/div>\n\t\t\t\t<\/div>\n\t\t\t\t<div class=\"elementor-element elementor-element-678fc20 elementor-widget elementor-widget-text-editor\" data-id=\"678fc20\" data-element_type=\"widget\" data-e-type=\"widget\" data-widget_type=\"text-editor.default\">\n\t\t\t\t<div class=\"elementor-widget-container\">\n\t\t\t\t\t\t\t\t\t<p>La Fondazione per la Memoria della Shoah \u00e8 una fondazione privata riconosciuta di pubblica utilit\u00e0. La sua dotazione deriva dalla restituzione da parte dello Stato e delle istituzioni finanziarie interessate dei fondi senza eredi e derivanti dalla spoliazione degli Ebrei di Francia durante la Seconda Guerra mondiale.<\/p><p>Con i proventi finanziari di questa dotazione, la Fondazione sovvenziona il Memoriale della Shoah (a Parigi e Drancy) e sostiene progetti che consentono di ampliare la conoscenza della Shoah, di aiutare i sopravvissuti in difficolt\u00e0, di trasmettere il patrimonio della cultura ebraica, di combattere l\u2019antisemitismo e di promuovere il dialogo interculturale.<\/p>\t\t\t\t\t\t\t\t<\/div>\n\t\t\t\t<\/div>\n\t\t\t\t\t<\/div>\n\t\t<\/div>\n\t\t\t\t\t<\/div>\n\t\t<\/section>\n\t\t\t\t<section class=\"elementor-section elementor-inner-section elementor-element elementor-element-ce84dc5 partenaire elementor-section-boxed elementor-section-height-default elementor-section-height-default\" data-id=\"ce84dc5\" data-element_type=\"section\" data-e-type=\"section\" id=\"fr\">\n\t\t\t\t\t\t<div class=\"elementor-container elementor-column-gap-default\">\n\t\t\t\t\t<div class=\"elementor-column elementor-col-33 elementor-inner-column elementor-element elementor-element-164d58a\" data-id=\"164d58a\" data-element_type=\"column\" data-e-type=\"column\">\n\t\t\t<div class=\"elementor-widget-wrap elementor-element-populated\">\n\t\t\t\t\t\t<div class=\"elementor-element elementor-element-fa7430e elementor-widget elementor-widget-image\" data-id=\"fa7430e\" data-element_type=\"widget\" data-e-type=\"widget\" data-widget_type=\"image.default\">\n\t\t\t\t<div class=\"elementor-widget-container\">\n\t\t\t\t\t\t\t\t\t\t\t\t\t\t\t\t<a href=\"https:\/\/www.fondation-de-rothschild.fr\/\" target=\"_blank\">\n\t\t\t\t\t\t\t<img loading=\"lazy\" decoding=\"async\" width=\"550\" height=\"550\" src=\"https:\/\/www.iemj.org\/wp-content\/uploads\/2021\/05\/Logo-Fondation-Rothschild_550x550px.jpg\" class=\"attachment-full size-full wp-image-39059\" alt=\"Logo Fondation Rothschild_550x550px\" srcset=\"https:\/\/www.iemj.org\/wp-content\/uploads\/2021\/05\/Logo-Fondation-Rothschild_550x550px.jpg 550w, https:\/\/www.iemj.org\/wp-content\/uploads\/2021\/05\/Logo-Fondation-Rothschild_550x550px-300x300.jpg 300w, https:\/\/www.iemj.org\/wp-content\/uploads\/2021\/05\/Logo-Fondation-Rothschild_550x550px-150x150.jpg 150w, https:\/\/www.iemj.org\/wp-content\/uploads\/2021\/05\/Logo-Fondation-Rothschild_550x550px-100x100.jpg 100w\" sizes=\"(max-width: 550px) 100vw, 550px\" \/>\t\t\t\t\t\t\t\t<\/a>\n\t\t\t\t\t\t\t\t\t\t\t\t\t\t\t<\/div>\n\t\t\t\t<\/div>\n\t\t\t\t<div class=\"elementor-element elementor-element-a105223 neutra_bold elementor-widget elementor-widget-button\" data-id=\"a105223\" data-element_type=\"widget\" data-e-type=\"widget\" data-widget_type=\"button.default\">\n\t\t\t\t<div class=\"elementor-widget-container\">\n\t\t\t\t\t\t\t\t\t<div class=\"elementor-button-wrapper\">\n\t\t\t\t\t<a class=\"elementor-button elementor-button-link elementor-size-xs\" href=\"https:\/\/www.fondation-de-rothschild.fr\/\" target=\"_blank\">\n\t\t\t\t\t\t<span class=\"elementor-button-content-wrapper\">\n\t\t\t\t\t\t\t\t\t<span class=\"elementor-button-text\">visita il sito web<\/span>\n\t\t\t\t\t<\/span>\n\t\t\t\t\t<\/a>\n\t\t\t\t<\/div>\n\t\t\t\t\t\t\t\t<\/div>\n\t\t\t\t<\/div>\n\t\t\t\t\t<\/div>\n\t\t<\/div>\n\t\t\t\t<div class=\"elementor-column elementor-col-33 elementor-inner-column elementor-element elementor-element-340c24b\" data-id=\"340c24b\" data-element_type=\"column\" data-e-type=\"column\">\n\t\t\t<div class=\"elementor-widget-wrap\">\n\t\t\t\t\t\t\t<\/div>\n\t\t<\/div>\n\t\t\t\t<div class=\"elementor-column elementor-col-33 elementor-inner-column elementor-element elementor-element-af4f0a7\" data-id=\"af4f0a7\" data-element_type=\"column\" data-e-type=\"column\">\n\t\t\t<div class=\"elementor-widget-wrap elementor-element-populated\">\n\t\t\t\t\t\t<div class=\"elementor-element elementor-element-5b302a9 neutra_bold elementor-widget elementor-widget-heading\" data-id=\"5b302a9\" data-element_type=\"widget\" data-e-type=\"widget\" data-widget_type=\"heading.default\">\n\t\t\t\t<div class=\"elementor-widget-container\">\n\t\t\t\t\t<h2 class=\"elementor-heading-title elementor-size-default\"><a href=\"https:\/\/www.fondation-de-rothschild.fr\/\" target=\"_blank\">Fondation Rothschild - Institut Alain de Rothschild<\/a><\/h2>\t\t\t\t<\/div>\n\t\t\t\t<\/div>\n\t\t\t\t<div class=\"elementor-element elementor-element-ebae89c elementor-widget elementor-widget-text-editor\" data-id=\"ebae89c\" data-element_type=\"widget\" data-e-type=\"widget\" data-widget_type=\"text-editor.default\">\n\t\t\t\t<div class=\"elementor-widget-container\">\n\t\t\t\t\t\t\t\t\t<p>Lo scopo della Fondazione Rothschild &#8211; Istituto Alain de Rothschild \u00e8 quello di studiare e di mettere in opera dei mezzi per migliorare le condizioni di vita e d&#8217;esistenza materiale, in particolare nel campo dell\u2019ambiente e degli alloggi. Fornisce inoltre sostegno ai progetti di sviluppo della comunit\u00e0 ebraica francese.<\/p>\t\t\t\t\t\t\t\t<\/div>\n\t\t\t\t<\/div>\n\t\t\t\t\t<\/div>\n\t\t<\/div>\n\t\t\t\t\t<\/div>\n\t\t<\/section>\n\t\t\t\t\t<\/div>\n\t\t<\/div>\n\t\t\t\t<div class=\"elementor-column elementor-col-25 elementor-top-column elementor-element elementor-element-75d230f\" data-id=\"75d230f\" data-element_type=\"column\" data-e-type=\"column\">\n\t\t\t<div class=\"elementor-widget-wrap\">\n\t\t\t\t\t\t\t<\/div>\n\t\t<\/div>\n\t\t\t\t\t<\/div>\n\t\t<\/section>\n\t\t\t\t<\/div>\n\t\t","protected":false},"excerpt":{"rendered":"<p>Partners Creato nel 2006 dalla Fondation du Juda\u00efsme Fran\u00e7ais, l&#8217;associazione Yuval e la Fondazione Henriette Halphen, l&#8217;Istituto Europeo di Musiche Ebraiche (IEMJ) \u00e8 diventato il pi\u00f9 importante centro di conservazione<\/p>\n","protected":false},"author":1045,"featured_media":0,"parent":40293,"menu_order":0,"comment_status":"closed","ping_status":"closed","template":"","meta":{"_acf_changed":false,"footnotes":""},"categories":[],"tags":[],"class_list":["post-40484","page","type-page","status-publish","hentry"],"acf":[],"yoast_head":"<!-- This site is optimized with the Yoast SEO plugin v27.3 - https:\/\/yoast.com\/product\/yoast-seo-wordpress\/ -->\n<title>Partners - Institut Europ\u00e9en des Musiques Juives<\/title>\n<meta name=\"robots\" content=\"index, follow, max-snippet:-1, max-image-preview:large, max-video-preview:-1\" \/>\n<link rel=\"canonical\" href=\"https:\/\/www.iemj.org\/it\/liemj\/partners\/\" \/>\n<meta property=\"og:locale\" content=\"it_IT\" \/>\n<meta property=\"og:type\" content=\"article\" \/>\n<meta property=\"og:title\" content=\"Partners - Institut Europ\u00e9en des Musiques Juives\" \/>\n<meta property=\"og:description\" content=\"Partners Creato nel 2006 dalla Fondation du Juda\u00efsme Fran\u00e7ais, l&#8217;associazione Yuval e la Fondazione Henriette Halphen, l&#8217;Istituto Europeo di Musiche Ebraiche (IEMJ) \u00e8 diventato il pi\u00f9 importante centro di conservazione\" \/>\n<meta property=\"og:url\" content=\"https:\/\/www.iemj.org\/it\/liemj\/partners\/\" \/>\n<meta property=\"og:site_name\" content=\"Institut Europ\u00e9en des Musiques Juives\" \/>\n<meta property=\"article:publisher\" content=\"https:\/\/www.facebook.com\/MusiquesJuives\/\" \/>\n<meta property=\"article:modified_time\" content=\"2025-11-06T16:34:44+00:00\" \/>\n<meta property=\"og:image\" content=\"https:\/\/www.iemj.org\/wp-content\/uploads\/2021\/05\/Logo-FJF_550x550px.jpg\" \/>\n\t<meta property=\"og:image:width\" content=\"550\" \/>\n\t<meta property=\"og:image:height\" content=\"550\" \/>\n\t<meta property=\"og:image:type\" content=\"image\/jpeg\" \/>\n<meta name=\"twitter:card\" content=\"summary_large_image\" \/>\n<meta name=\"twitter:label1\" content=\"Tempo di lettura stimato\" \/>\n\t<meta name=\"twitter:data1\" content=\"4 minuti\" \/>\n<script type=\"application\/ld+json\" class=\"yoast-schema-graph\">{\"@context\":\"https:\\\/\\\/schema.org\",\"@graph\":[{\"@type\":\"WebPage\",\"@id\":\"https:\\\/\\\/www.iemj.org\\\/it\\\/liemj\\\/partners\\\/\",\"url\":\"https:\\\/\\\/www.iemj.org\\\/it\\\/liemj\\\/partners\\\/\",\"name\":\"Partners - Institut Europ\u00e9en des Musiques Juives\",\"isPartOf\":{\"@id\":\"https:\\\/\\\/www.iemj.org\\\/it\\\/#website\"},\"primaryImageOfPage\":{\"@id\":\"https:\\\/\\\/www.iemj.org\\\/it\\\/liemj\\\/partners\\\/#primaryimage\"},\"image\":{\"@id\":\"https:\\\/\\\/www.iemj.org\\\/it\\\/liemj\\\/partners\\\/#primaryimage\"},\"thumbnailUrl\":\"https:\\\/\\\/www.iemj.org\\\/wp-content\\\/uploads\\\/2021\\\/05\\\/Logo-FJF_550x550px.jpg\",\"datePublished\":\"2021-05-14T09:46:03+00:00\",\"dateModified\":\"2025-11-06T16:34:44+00:00\",\"breadcrumb\":{\"@id\":\"https:\\\/\\\/www.iemj.org\\\/it\\\/liemj\\\/partners\\\/#breadcrumb\"},\"inLanguage\":\"it-IT\",\"potentialAction\":[{\"@type\":\"ReadAction\",\"target\":[\"https:\\\/\\\/www.iemj.org\\\/it\\\/liemj\\\/partners\\\/\"]}]},{\"@type\":\"ImageObject\",\"inLanguage\":\"it-IT\",\"@id\":\"https:\\\/\\\/www.iemj.org\\\/it\\\/liemj\\\/partners\\\/#primaryimage\",\"url\":\"https:\\\/\\\/www.iemj.org\\\/wp-content\\\/uploads\\\/2021\\\/05\\\/Logo-FJF_550x550px.jpg\",\"contentUrl\":\"https:\\\/\\\/www.iemj.org\\\/wp-content\\\/uploads\\\/2021\\\/05\\\/Logo-FJF_550x550px.jpg\"},{\"@type\":\"BreadcrumbList\",\"@id\":\"https:\\\/\\\/www.iemj.org\\\/it\\\/liemj\\\/partners\\\/#breadcrumb\",\"itemListElement\":[{\"@type\":\"ListItem\",\"position\":1,\"name\":\"Accueil\",\"item\":\"https:\\\/\\\/www.iemj.org\\\/it\\\/\"},{\"@type\":\"ListItem\",\"position\":2,\"name\":\"L&#8217;IEMJ\",\"item\":\"https:\\\/\\\/www.iemj.org\\\/it\\\/liemj\\\/\"},{\"@type\":\"ListItem\",\"position\":3,\"name\":\"Partners\"}]},{\"@type\":\"WebSite\",\"@id\":\"https:\\\/\\\/www.iemj.org\\\/it\\\/#website\",\"url\":\"https:\\\/\\\/www.iemj.org\\\/it\\\/\",\"name\":\"Institut Europ\u00e9en des Musiques Juives\",\"description\":\"Des traditions musicales \u00e0 la port\u00e9e de tous\",\"publisher\":{\"@id\":\"https:\\\/\\\/www.iemj.org\\\/it\\\/#organization\"},\"potentialAction\":[{\"@type\":\"SearchAction\",\"target\":{\"@type\":\"EntryPoint\",\"urlTemplate\":\"https:\\\/\\\/www.iemj.org\\\/it\\\/?s={search_term_string}\"},\"query-input\":{\"@type\":\"PropertyValueSpecification\",\"valueRequired\":true,\"valueName\":\"search_term_string\"}}],\"inLanguage\":\"it-IT\"},{\"@type\":\"Organization\",\"@id\":\"https:\\\/\\\/www.iemj.org\\\/it\\\/#organization\",\"name\":\"Institut Europ\u00e9en des Musiques Juives\",\"url\":\"https:\\\/\\\/www.iemj.org\\\/it\\\/\",\"logo\":{\"@type\":\"ImageObject\",\"inLanguage\":\"it-IT\",\"@id\":\"https:\\\/\\\/www.iemj.org\\\/it\\\/#\\\/schema\\\/logo\\\/image\\\/\",\"url\":\"https:\\\/\\\/www.iemj.org\\\/wp-content\\\/uploads\\\/2021\\\/09\\\/Logo-IEMJ-Paypal.jpg\",\"contentUrl\":\"https:\\\/\\\/www.iemj.org\\\/wp-content\\\/uploads\\\/2021\\\/09\\\/Logo-IEMJ-Paypal.jpg\",\"width\":150,\"height\":50,\"caption\":\"Institut Europ\u00e9en des Musiques Juives\"},\"image\":{\"@id\":\"https:\\\/\\\/www.iemj.org\\\/it\\\/#\\\/schema\\\/logo\\\/image\\\/\"},\"sameAs\":[\"https:\\\/\\\/www.facebook.com\\\/MusiquesJuives\\\/\",\"https:\\\/\\\/www.instagram.com\\\/musiquesjuives\\\/\",\"https:\\\/\\\/www.youtube.com\\\/user\\\/musiquesjuives\"]}]}<\/script>\n<!-- \/ Yoast SEO plugin. -->","yoast_head_json":{"title":"Partners - Institut Europ\u00e9en des Musiques Juives","robots":{"index":"index","follow":"follow","max-snippet":"max-snippet:-1","max-image-preview":"max-image-preview:large","max-video-preview":"max-video-preview:-1"},"canonical":"https:\/\/www.iemj.org\/it\/liemj\/partners\/","og_locale":"it_IT","og_type":"article","og_title":"Partners - Institut Europ\u00e9en des Musiques Juives","og_description":"Partners Creato nel 2006 dalla Fondation du Juda\u00efsme Fran\u00e7ais, l&#8217;associazione Yuval e la Fondazione Henriette Halphen, l&#8217;Istituto Europeo di Musiche Ebraiche (IEMJ) \u00e8 diventato il pi\u00f9 importante centro di conservazione","og_url":"https:\/\/www.iemj.org\/it\/liemj\/partners\/","og_site_name":"Institut Europ\u00e9en des Musiques Juives","article_publisher":"https:\/\/www.facebook.com\/MusiquesJuives\/","article_modified_time":"2025-11-06T16:34:44+00:00","og_image":[{"width":550,"height":550,"url":"https:\/\/www.iemj.org\/wp-content\/uploads\/2021\/05\/Logo-FJF_550x550px.jpg","type":"image\/jpeg"}],"twitter_card":"summary_large_image","twitter_misc":{"Tempo di lettura stimato":"4 minuti"},"schema":{"@context":"https:\/\/schema.org","@graph":[{"@type":"WebPage","@id":"https:\/\/www.iemj.org\/it\/liemj\/partners\/","url":"https:\/\/www.iemj.org\/it\/liemj\/partners\/","name":"Partners - Institut Europ\u00e9en des Musiques Juives","isPartOf":{"@id":"https:\/\/www.iemj.org\/it\/#website"},"primaryImageOfPage":{"@id":"https:\/\/www.iemj.org\/it\/liemj\/partners\/#primaryimage"},"image":{"@id":"https:\/\/www.iemj.org\/it\/liemj\/partners\/#primaryimage"},"thumbnailUrl":"https:\/\/www.iemj.org\/wp-content\/uploads\/2021\/05\/Logo-FJF_550x550px.jpg","datePublished":"2021-05-14T09:46:03+00:00","dateModified":"2025-11-06T16:34:44+00:00","breadcrumb":{"@id":"https:\/\/www.iemj.org\/it\/liemj\/partners\/#breadcrumb"},"inLanguage":"it-IT","potentialAction":[{"@type":"ReadAction","target":["https:\/\/www.iemj.org\/it\/liemj\/partners\/"]}]},{"@type":"ImageObject","inLanguage":"it-IT","@id":"https:\/\/www.iemj.org\/it\/liemj\/partners\/#primaryimage","url":"https:\/\/www.iemj.org\/wp-content\/uploads\/2021\/05\/Logo-FJF_550x550px.jpg","contentUrl":"https:\/\/www.iemj.org\/wp-content\/uploads\/2021\/05\/Logo-FJF_550x550px.jpg"},{"@type":"BreadcrumbList","@id":"https:\/\/www.iemj.org\/it\/liemj\/partners\/#breadcrumb","itemListElement":[{"@type":"ListItem","position":1,"name":"Accueil","item":"https:\/\/www.iemj.org\/it\/"},{"@type":"ListItem","position":2,"name":"L&#8217;IEMJ","item":"https:\/\/www.iemj.org\/it\/liemj\/"},{"@type":"ListItem","position":3,"name":"Partners"}]},{"@type":"WebSite","@id":"https:\/\/www.iemj.org\/it\/#website","url":"https:\/\/www.iemj.org\/it\/","name":"Institut Europ\u00e9en des Musiques Juives","description":"Des traditions musicales \u00e0 la port\u00e9e de tous","publisher":{"@id":"https:\/\/www.iemj.org\/it\/#organization"},"potentialAction":[{"@type":"SearchAction","target":{"@type":"EntryPoint","urlTemplate":"https:\/\/www.iemj.org\/it\/?s={search_term_string}"},"query-input":{"@type":"PropertyValueSpecification","valueRequired":true,"valueName":"search_term_string"}}],"inLanguage":"it-IT"},{"@type":"Organization","@id":"https:\/\/www.iemj.org\/it\/#organization","name":"Institut Europ\u00e9en des Musiques Juives","url":"https:\/\/www.iemj.org\/it\/","logo":{"@type":"ImageObject","inLanguage":"it-IT","@id":"https:\/\/www.iemj.org\/it\/#\/schema\/logo\/image\/","url":"https:\/\/www.iemj.org\/wp-content\/uploads\/2021\/09\/Logo-IEMJ-Paypal.jpg","contentUrl":"https:\/\/www.iemj.org\/wp-content\/uploads\/2021\/09\/Logo-IEMJ-Paypal.jpg","width":150,"height":50,"caption":"Institut Europ\u00e9en des Musiques Juives"},"image":{"@id":"https:\/\/www.iemj.org\/it\/#\/schema\/logo\/image\/"},"sameAs":["https:\/\/www.facebook.com\/MusiquesJuives\/","https:\/\/www.instagram.com\/musiquesjuives\/","https:\/\/www.youtube.com\/user\/musiquesjuives"]}]}},"_links":{"self":[{"href":"https:\/\/www.iemj.org\/it\/wp-json\/wp\/v2\/pages\/40484","targetHints":{"allow":["GET"]}}],"collection":[{"href":"https:\/\/www.iemj.org\/it\/wp-json\/wp\/v2\/pages"}],"about":[{"href":"https:\/\/www.iemj.org\/it\/wp-json\/wp\/v2\/types\/page"}],"author":[{"embeddable":true,"href":"https:\/\/www.iemj.org\/it\/wp-json\/wp\/v2\/users\/1045"}],"replies":[{"embeddable":true,"href":"https:\/\/www.iemj.org\/it\/wp-json\/wp\/v2\/comments?post=40484"}],"version-history":[{"count":3,"href":"https:\/\/www.iemj.org\/it\/wp-json\/wp\/v2\/pages\/40484\/revisions"}],"predecessor-version":[{"id":127975,"href":"https:\/\/www.iemj.org\/it\/wp-json\/wp\/v2\/pages\/40484\/revisions\/127975"}],"up":[{"embeddable":true,"href":"https:\/\/www.iemj.org\/it\/wp-json\/wp\/v2\/pages\/40293"}],"wp:attachment":[{"href":"https:\/\/www.iemj.org\/it\/wp-json\/wp\/v2\/media?parent=40484"}],"wp:term":[{"taxonomy":"category","embeddable":true,"href":"https:\/\/www.iemj.org\/it\/wp-json\/wp\/v2\/categories?post=40484"},{"taxonomy":"post_tag","embeddable":true,"href":"https:\/\/www.iemj.org\/it\/wp-json\/wp\/v2\/tags?post=40484"}],"curies":[{"name":"wp","href":"https:\/\/api.w.org\/{rel}","templated":true}]}}