{"id":47826,"date":"2026-02-19T10:10:54","date_gmt":"2026-02-19T09:10:54","guid":{"rendered":"https:\/\/www.iemj.org\/scoprire\/visite-guidate\/la-musique-klezmer-12\/"},"modified":"2026-02-19T10:11:13","modified_gmt":"2026-02-19T09:11:13","slug":"la-musique-klezmer-12","status":"publish","type":"page","link":"https:\/\/www.iemj.org\/it\/scoprire\/visite-guidate\/la-musique-klezmer-12\/","title":{"rendered":"La musica Klezmer"},"content":{"rendered":"\n<div class=\"wp-block-columns is-layout-flex wp-container-core-columns-is-layout-9d6595d7 wp-block-columns-is-layout-flex\"><\/div>\n\n\n\n<div class=\"wp-block-cp-timeline-content-timeline-block Cool-Content-Timeline\"><div class=\"cool-timeline-block-3795aebe-dcdf-4012-8d76-61a82f448691\"><style>.cool-timeline-block-3795aebe-dcdf-4012-8d76-61a82f448691 .cool-vertical-timeline-body{--ctlb-date-fontsize: 18px;--ctlb-date-line-height: 25px;--ctlb-date-color: #000;--ctlb-head-font-size: 18px;--ctlb-heading-color: #000;--ctlb-sub-head-font-size: 14px;--ctlb-sub-heading-color: #000;--ctlb-line-color: #3b4395;--ctlb-icon-bg: #3b4395;--ctlb-story-border-color: #3b4395;}<\/style><div class=\"cool-vertical-timeline-body ctlb-wrapper both-sided left\"><div class=\"cool-timeline-block-list\">\n<div class=\"wp-block-cp-timeline-content-timeline-block-child swiper-slide\"><div class=\"timeline-content icon-false \"><div class=\"timeline-block-timeline ctl-row  position-right\"><div class=\"ctl-6 timeline-block-time\"><div class=\"story-time\"><p>Articlo di fondo<\/p><\/div><\/div><div class=\"timeline-block-icon\"><svg stroke=\"currentColor\" fill=\"currentColor\" stroke-width=\"0\" viewBox=\"0 0 512 512\" height=\"1em\" width=\"1em\" xmlns=\"http:\/\/www.w3.org\/2000\/svg\"><path d=\"M256 8C119 8 8 119 8 256s111 248 248 248 248-111 248-248S393 8 256 8z\"><\/path><\/svg><\/div><div class=\"ctl-6 timeline-block-detail\"><div class=\"story-details\"><div class=\"story-content\">\n<figure class=\"wp-block-image ctlb-block-image\"><img decoding=\"async\" src=\"https:\/\/www.iemj.org\/wp-content\/uploads\/2021\/06\/jewish-musicians-of-rohatyn-west-ukraine_Logo-article-fond_Parcours-guides.gif\" alt=\"\" style=\"aspect-ratio:4\/3;object-fit:cover\"\/><\/figure>\n\n\n\n<h3 class=\"wp-block-heading ctlb-block-title\" style=\"padding-top:0px;padding-right:0px;padding-bottom:0px;padding-left:0px\"><a href=\"https:\/\/www.iemj.org\/it\/le-klezmer-musique-dhier-et-daujourdhui\/\" target=\"_blank\" rel=\"noreferrer noopener\">Klezmer: musica di ieri et di oggi, da Herv\u00e9 Roten (12 minuti di lettura)<\/a><\/h3>\n\n\n\n<p class=\"ctlb-block-desc\" style=\"padding-top:0px;padding-right:0px;padding-bottom:0px;padding-left:0px\">Il Klezmer \u00e8 una musica strumentale festosa che un tempo veniva suonata nelle comunit\u00e0 ebraiche dell\u2019Europa orientale per accompagnare i matrimoni o le gioiose feste religiose\u2026<\/p>\n<\/div><\/div><\/div><\/div><\/div><\/div>\n\n\n\n<div class=\"wp-block-cp-timeline-content-timeline-block-child swiper-slide\"><div class=\"timeline-content icon-false \"><div class=\"timeline-block-timeline ctl-row  position-left\"><div class=\"ctl-6 timeline-block-time\"><div class=\"story-time\"><p>Conferenza<\/p><\/div><\/div><div class=\"timeline-block-icon\"><svg stroke=\"currentColor\" fill=\"currentColor\" stroke-width=\"0\" viewBox=\"0 0 512 512\" height=\"1em\" width=\"1em\" xmlns=\"http:\/\/www.w3.org\/2000\/svg\"><path d=\"M256 8C119 8 8 119 8 256s111 248 248 248 248-111 248-248S393 8 256 8z\"><\/path><\/svg><\/div><div class=\"ctl-6 timeline-block-detail\"><div class=\"story-details\"><div class=\"story-content\">\n<figure class=\"wp-block-image ctlb-block-image\"><img decoding=\"async\" src=\"https:\/\/www.iemj.org\/wp-content\/uploads\/2016\/02\/arton1483-e1622546078393.jpg\" alt=\"\" style=\"aspect-ratio:4\/3;object-fit:cover\"\/><\/figure>\n\n\n\n<h3 class=\"wp-block-heading ctlb-block-title\" style=\"padding-top:0px;padding-right:0px;padding-bottom:0px;padding-left:0px\"><a href=\"https:\/\/www.iemj.org\/it\/le-renouveau-du-klezmer-herve-roten-et-denis-cuniot\/\" target=\"_blank\" rel=\"noreferrer noopener\">Il rivival del klezmer &#8211; Herv\u00e9 Roten e Denis Cuniot<\/a> <a href=\"https:\/\/www.iemj.org\/it\/le-renouveau-du-klezmer-herve-roten-et-denis-cuniot\/\" target=\"_blank\" rel=\"noreferrer noopener\">(un&#8217;ora e 45 minuti di video in francese)<\/a><\/h3>\n\n\n\n<p class=\"ctlb-block-desc\" style=\"padding-top:0px;padding-right:0px;padding-bottom:0px;padding-left:0px\">Nell&#8217;ambito delle Giornate della Cultura Yiddish 2010, Herv\u00e9 Roten, etnomusicologo e direttore dell&#8217;Istituto Europeo di Musiche Ebraiche, e Denis Cuniot, pianista klezmer, presentano un panorama del revival della musica klezmer\u2026<br><a href=\"http:\/\/akadem-vod.streaminternet.com\/vod\/1577_MULTI.mp4\" target=\"_blank\" rel=\"noreferrer noopener\">Vedere la video<\/a><\/p>\n<\/div><\/div><\/div><\/div><\/div><\/div>\n\n\n\n<div class=\"wp-block-cp-timeline-content-timeline-block-child swiper-slide\"><div class=\"timeline-content icon-false \"><div class=\"timeline-block-timeline ctl-row  position-right\"><div class=\"ctl-6 timeline-block-time\"><div class=\"story-time\"><p>Biografia<\/p><\/div><\/div><div class=\"timeline-block-icon\"><svg stroke=\"currentColor\" fill=\"currentColor\" stroke-width=\"0\" viewBox=\"0 0 512 512\" height=\"1em\" width=\"1em\" xmlns=\"http:\/\/www.w3.org\/2000\/svg\"><path d=\"M256 8C119 8 8 119 8 256s111 248 248 248 248-111 248-248S393 8 256 8z\"><\/path><\/svg><\/div><div class=\"ctl-6 timeline-block-detail\"><div class=\"story-details\"><div class=\"story-content\">\n<h3 class=\"wp-block-heading ctlb-block-title\" style=\"padding-top:0px;padding-right:0px;padding-bottom:0px;padding-left:0px\">Tutto su:<\/h3>\n\n\n\n<p class=\"ctlb-block-desc\" style=\"padding-top:0px;padding-right:0px;padding-bottom:0px;padding-left:0px\"><a href=\"https:\/\/www.iemj.org\/it\/schwartz-abe-1881-1963\/\" target=\"_blank\" rel=\"noreferrer noopener\"><strong>Abe Schwartz (1881-1963) (<\/strong><\/a><strong><a href=\"https:\/\/www.iemj.org\/it\/le-klezmer-musique-dhier-et-daujourdhui\/\" target=\"_blank\" rel=\"noreferrer noopener\">2 minuti di lettura<\/a><a href=\"https:\/\/www.iemj.org\/it\/schwartz-abe-1881-1963\/\">)<\/a><\/strong><br><a href=\"https:\/\/www.iemj.org\/it\/brandwein-naftule-1889-1963\/\" target=\"_blank\" rel=\"noreferrer noopener\"><strong>Brandwein, Naftule (1889-1963) (<\/strong><\/a><strong><a href=\"https:\/\/www.iemj.org\/it\/le-klezmer-musique-dhier-et-daujourdhui\/\" target=\"_blank\" rel=\"noreferrer noopener\">3 minuti di lettura<\/a><a href=\"https:\/\/www.iemj.org\/it\/le-klezmer-musique-dhier-et-daujourdhui\/\">)<\/a><\/strong><\/p>\n<\/div><\/div><\/div><\/div><\/div><\/div>\n\n\n\n<div class=\"wp-block-cp-timeline-content-timeline-block-child swiper-slide\"><div class=\"timeline-content icon-false \"><div class=\"timeline-block-timeline ctl-row  position-left\"><div class=\"ctl-6 timeline-block-time\"><div class=\"story-time\"><p>Playlist<\/p><\/div><\/div><div class=\"timeline-block-icon\"><svg stroke=\"currentColor\" fill=\"currentColor\" stroke-width=\"0\" viewBox=\"0 0 512 512\" height=\"1em\" width=\"1em\" xmlns=\"http:\/\/www.w3.org\/2000\/svg\"><path d=\"M256 8C119 8 8 119 8 256s111 248 248 248 248-111 248-248S393 8 256 8z\"><\/path><\/svg><\/div><div class=\"ctl-6 timeline-block-detail\"><div class=\"story-details\"><div class=\"story-content\">\n<h3 class=\"wp-block-heading ctlb-block-title\" style=\"padding-top:0px;padding-right:0px;padding-bottom:0px;padding-left:0px\">Ascoltare:<\/h3>\n\n\n\n<p class=\"ctlb-block-desc\" style=\"padding-top:0px;padding-right:0px;padding-bottom:0px;padding-left:0px\"><strong><a href=\"https:\/\/www.iemj.org\/it\/la-musique-klezmer-1\/\" target=\"_blank\" rel=\"noreferrer noopener\">La musica klezmer-1 (37 <\/a><a href=\"https:\/\/www.iemj.org\/it\/le-klezmer-musique-dhier-et-daujourdhui\/\" target=\"_blank\" rel=\"noreferrer noopener\">minuti di musica<\/a>)<\/strong><br><strong><a href=\"https:\/\/www.iemj.org\/it\/la-musique-klezmer-2\/\" target=\"_blank\" rel=\"noreferrer noopener\">La musica klezmer-2 (35<\/a><a href=\"https:\/\/www.iemj.org\/it\/le-klezmer-musique-dhier-et-daujourdhui\/\" target=\"_blank\" rel=\"noreferrer noopener\"> minuti di musica<\/a>)<br><a href=\"https:\/\/www.iemj.org\/it\/les-danses-klezmer\/\" target=\"_blank\" rel=\"noreferrer noopener\">Le danze klezmer (44 minuti di musica)<\/a><br><a href=\"https:\/\/www.iemj.org\/it\/la-clarinette-dans-la-musique-klezmer\/\" target=\"_blank\" rel=\"noreferrer noopener\">Il clarinetto klezmer (40 minuti di musica)<\/a><\/strong><\/p>\n<\/div><\/div><\/div><\/div><\/div><\/div>\n\n\n\n<div class=\"wp-block-cp-timeline-content-timeline-block-child swiper-slide\"><div class=\"timeline-content icon-false \"><div class=\"timeline-block-timeline ctl-row  position-right\"><div class=\"ctl-6 timeline-block-time\"><div class=\"story-time\"><p>Video<\/p><\/div><\/div><div class=\"timeline-block-icon\"><svg stroke=\"currentColor\" fill=\"currentColor\" stroke-width=\"0\" viewBox=\"0 0 512 512\" height=\"1em\" width=\"1em\" xmlns=\"http:\/\/www.w3.org\/2000\/svg\"><path d=\"M256 8C119 8 8 119 8 256s111 248 248 248 248-111 248-248S393 8 256 8z\"><\/path><\/svg><\/div><div class=\"ctl-6 timeline-block-detail\"><div class=\"story-details\"><div class=\"story-content\">\n<figure class=\"wp-block-image ctlb-block-image\"><img decoding=\"async\" src=\"https:\/\/www.iemj.org\/wp-content\/uploads\/2018\/12\/arton3835.jpg\" alt=\"\" style=\"aspect-ratio:4\/3;object-fit:cover\"\/><\/figure>\n\n\n\n<h3 class=\"wp-block-heading ctlb-block-title\" style=\"padding-top:0px;padding-right:0px;padding-bottom:0px;padding-left:0px\"><a href=\"https:\/\/www.iemj.org\/it\/a-jumpin-night-in-the-garden-of-eden\/\" target=\"_blank\" rel=\"noreferrer noopener\">A Jumpin\u2019 Night in the Garden of Eden (10 min d\u2019extrait vid\u00e9o en anglais)<\/a><\/h3>\n\n\n\n<p class=\"ctlb-block-desc\" style=\"padding-top:0px;padding-right:0px;padding-bottom:0px;padding-left:0px\"><a href=\"https:\/\/www.iemj.org\/wp-content\/uploads\/2018\/12\/a_jumpin_night_trailer_iemj-1.mp4\" target=\"_blank\" rel=\"noreferrer noopener\">Vedere la video<\/a><\/p>\n<\/div><\/div><\/div><\/div><\/div><\/div>\n\n\n\n<div class=\"wp-block-cp-timeline-content-timeline-block-child swiper-slide\"><div class=\"timeline-content icon-false \"><div class=\"timeline-block-timeline ctl-row  position-left\"><div class=\"ctl-6 timeline-block-time\"><div class=\"story-time\"><p>Libro<\/p><\/div><\/div><div class=\"timeline-block-icon\"><svg stroke=\"currentColor\" fill=\"currentColor\" stroke-width=\"0\" viewBox=\"0 0 512 512\" height=\"1em\" width=\"1em\" xmlns=\"http:\/\/www.w3.org\/2000\/svg\"><path d=\"M256 8C119 8 8 119 8 256s111 248 248 248 248-111 248-248S393 8 256 8z\"><\/path><\/svg><\/div><div class=\"ctl-6 timeline-block-detail\"><div class=\"story-details\"><div class=\"story-content\">\n<figure class=\"wp-block-image ctlb-block-image\"><img decoding=\"async\" src=\"https:\/\/www.iemj.org\/wp-content\/uploads\/2017\/02\/arton2101-scaled-e1619341029260.jpg\" alt=\"\" style=\"aspect-ratio:4\/3;object-fit:cover\"\/><\/figure>\n\n\n\n<h3 class=\"wp-block-heading ctlb-block-title\" style=\"padding-top:0px;padding-right:0px;padding-bottom:0px;padding-left:0px\"><a href=\"https:\/\/www.iemj.org\/it\/klezmer-music-history-and-memory\/\" target=\"_blank\" rel=\"noreferrer noopener\">Klezmer: Music, History and Memory, by Walter Zev Feldman<\/a><\/h3>\n\n\n\n<p class=\"ctlb-block-desc\" style=\"padding-top:0px;padding-right:0px;padding-bottom:0px;padding-left:0px\"><em>Klezmer: Music, History and Memory<\/em> \u00e8 l&#8217;ultimo studio sulla musica dei musicisti ebrei dell&#8217;Europa orientale\u2026<\/p>\n<\/div><\/div><\/div><\/div><\/div><\/div>\n\n\n\n<div class=\"wp-block-cp-timeline-content-timeline-block-child swiper-slide\"><div class=\"timeline-content icon-false \"><div class=\"timeline-block-timeline ctl-row  position-right\"><div class=\"ctl-6 timeline-block-time\"><div class=\"story-time\"><p>CD<\/p><\/div><\/div><div class=\"timeline-block-icon\"><svg stroke=\"currentColor\" fill=\"currentColor\" stroke-width=\"0\" viewBox=\"0 0 512 512\" height=\"1em\" width=\"1em\" xmlns=\"http:\/\/www.w3.org\/2000\/svg\"><path d=\"M256 8C119 8 8 119 8 256s111 248 248 248 248-111 248-248S393 8 256 8z\"><\/path><\/svg><\/div><div class=\"ctl-6 timeline-block-detail\"><div class=\"story-details\"><div class=\"story-content\">\n<figure class=\"wp-block-image ctlb-block-image\"><img decoding=\"async\" src=\"https:\/\/www.iemj.org\/wp-content\/uploads\/2015\/10\/arton1148-e1619448946232.jpg\" alt=\"\" style=\"aspect-ratio:4\/3;object-fit:cover\"\/><\/figure>\n\n\n\n<h3 class=\"wp-block-heading ctlb-block-title\" style=\"padding-top:0px;padding-right:0px;padding-bottom:0px;padding-left:0px\"><a href=\"https:\/\/www.iemj.org\/it\/chekhovs-band-eastern-european-klezmer-music-from-the-emi-archives-1908-1913\/\" target=\"_blank\" rel=\"noreferrer noopener\">Chekhov\u2019s Band &#8211; Eastern European Klezmer music from the EMI archives 1908-1913<\/a><\/h3>\n\n\n\n<p class=\"ctlb-block-desc\" style=\"padding-top:0px;padding-right:0px;padding-bottom:0px;padding-left:0px\">Accompagnato da un ricchissimo libretto, un vero e proprio saggio storico ed etnomusicologico, questo disco, uscito nel settembre 2015, ci fornisce registrazioni d&#8217;archivio inedite e straordinarie\u2026<\/p>\n<\/div><\/div><\/div><\/div><\/div><\/div>\n\n\n\n<div class=\"wp-block-cp-timeline-content-timeline-block-child swiper-slide\"><div class=\"timeline-content icon-false \"><div class=\"timeline-block-timeline ctl-row  position-left\"><div class=\"ctl-6 timeline-block-time\"><div class=\"story-time\"><p>Edizioni dell&#8217;IEMJ<\/p><\/div><\/div><div class=\"timeline-block-icon\"><svg stroke=\"currentColor\" fill=\"currentColor\" stroke-width=\"0\" viewBox=\"0 0 512 512\" height=\"1em\" width=\"1em\" xmlns=\"http:\/\/www.w3.org\/2000\/svg\"><path d=\"M256 8C119 8 8 119 8 256s111 248 248 248 248-111 248-248S393 8 256 8z\"><\/path><\/svg><\/div><div class=\"ctl-6 timeline-block-detail\"><div class=\"story-details\"><div class=\"story-content\">\n<figure class=\"wp-block-image ctlb-block-image\"><img decoding=\"async\" src=\"https:\/\/www.iemj.org\/wp-content\/uploads\/2016\/10\/arton1899.jpg\" alt=\"\" style=\"aspect-ratio:4\/3;object-fit:cover\"\/><\/figure>\n\n\n\n<h3 class=\"wp-block-heading ctlb-block-title\" style=\"padding-top:0px;padding-right:0px;padding-bottom:0px;padding-left:0px\"><a href=\"https:\/\/www.iemj.org\/it\/somos-los-cigarillos-klezmer-y-salsa\/\" target=\"_blank\" rel=\"noreferrer noopener\">Somos Los Cigarillos &#8211; Klezmer y Salsa<\/a><\/h3>\n\n\n\n<p class=\"ctlb-block-desc\" style=\"padding-top:0px;padding-right:0px;padding-bottom:0px;padding-left:0px\"><a href=\"https:\/\/www.iemj.org\/it\/produit\/somos-los-cigarillos\/\" target=\"_blank\" rel=\"noreferrer noopener\">Ordinare il CD<\/a><br><\/p>\n<\/div><\/div><\/div><\/div><\/div><\/div>\n\n\n\n<div class=\"wp-block-cp-timeline-content-timeline-block-child swiper-slide\"><div class=\"timeline-content icon-false \"><div class=\"timeline-block-timeline ctl-row  position-right\"><div class=\"ctl-6 timeline-block-time\"><div class=\"story-time\"><p>Edizioni dell&#8217;IEMJ<\/p><\/div><\/div><div class=\"timeline-block-icon\"><svg stroke=\"currentColor\" fill=\"currentColor\" stroke-width=\"0\" viewBox=\"0 0 512 512\" height=\"1em\" width=\"1em\" xmlns=\"http:\/\/www.w3.org\/2000\/svg\"><path d=\"M256 8C119 8 8 119 8 256s111 248 248 248 248-111 248-248S393 8 256 8z\"><\/path><\/svg><\/div><div class=\"ctl-6 timeline-block-detail\"><div class=\"story-details\"><div class=\"story-content\">\n<figure class=\"wp-block-image ctlb-block-image\"><img decoding=\"async\" src=\"https:\/\/www.iemj.org\/wp-content\/uploads\/2018\/06\/arton3477.jpg\" alt=\"\" style=\"aspect-ratio:4\/3;object-fit:cover\"\/><\/figure>\n\n\n\n<h3 class=\"wp-block-heading ctlb-block-title\" style=\"padding-top:0px;padding-right:0px;padding-bottom:0px;padding-left:0px\"><a href=\"https:\/\/www.iemj.org\/it\/vingt-nigunim-pour-clarinette-et-piano-de-claudine-movsessian-et-martine-vialatte\/\" target=\"_blank\" rel=\"noreferrer noopener\">Vingt Nigunim pour clarinette et piano de Claudine Movsessian et Martine Vialatte<\/a><\/h3>\n\n\n\n<p class=\"ctlb-block-desc\" style=\"padding-top:0px;padding-right:0px;padding-bottom:0px;padding-left:0px\"><a href=\"https:\/\/www.iemj.org\/it\/produit\/movsessian-and-vialatte-twenty-nigunim-for-clarinet-and-piano-printed-score\/\">Ordinare la partitura<\/a><\/p>\n<\/div><\/div><\/div><\/div><\/div><\/div>\n\n\n\n<div class=\"wp-block-cp-timeline-content-timeline-block-child swiper-slide\"><div class=\"timeline-content icon-false \"><div class=\"timeline-block-timeline ctl-row  position-left\"><div class=\"ctl-6 timeline-block-time\"><div class=\"story-time\"><p>Link esterno<\/p><\/div><\/div><div class=\"timeline-block-icon\"><svg stroke=\"currentColor\" fill=\"currentColor\" stroke-width=\"0\" viewBox=\"0 0 512 512\" height=\"1em\" width=\"1em\" xmlns=\"http:\/\/www.w3.org\/2000\/svg\"><path d=\"M256 8C119 8 8 119 8 256s111 248 248 248 248-111 248-248S393 8 256 8z\"><\/path><\/svg><\/div><div class=\"ctl-6 timeline-block-detail\"><div class=\"story-details\"><div class=\"story-content\">\n<h3 class=\"wp-block-heading ctlb-block-title\" style=\"padding-top:0px;padding-right:0px;padding-bottom:0px;padding-left:0px\"><a href=\"https:\/\/www.klezmerguide.com\/\" target=\"_blank\" rel=\"noreferrer noopener\">KlezmerGuide<\/a><\/h3>\n\n\n\n<p class=\"ctlb-block-desc\" style=\"padding-top:0px;padding-right:0px;padding-bottom:0px;padding-left:0px\">Sito completo sulla musica klezmer, con dei numerosi rinvii verso delle musiche da ascoltare e degli spartiti da consultare.<\/p>\n<\/div><\/div><\/div><\/div><\/div><\/div>\n\n\n\n<div class=\"wp-block-cp-timeline-content-timeline-block-child swiper-slide\"><div class=\"timeline-content icon-false \"><div class=\"timeline-block-timeline ctl-row  position-right\"><div class=\"ctl-6 timeline-block-time\"><div class=\"story-time\"><p>Per andare pi\u00f9 a fondo<\/p><\/div><\/div><div class=\"timeline-block-icon\"><svg stroke=\"currentColor\" fill=\"currentColor\" stroke-width=\"0\" viewBox=\"0 0 512 512\" height=\"1em\" width=\"1em\" xmlns=\"http:\/\/www.w3.org\/2000\/svg\"><path d=\"M256 8C119 8 8 119 8 256s111 248 248 248 248-111 248-248S393 8 256 8z\"><\/path><\/svg><\/div><div class=\"ctl-6 timeline-block-detail\"><div class=\"story-details\"><div class=\"story-content\">\n<h3 class=\"wp-block-heading ctlb-block-title\" style=\"padding-top:0px;padding-right:0px;padding-bottom:0px;padding-left:0px\"><a href=\"https:\/\/www.iemj.org\/it\/genre\/klezmer-it\/\" target=\"_blank\" rel=\"noreferrer noopener\">Altri contenuti in linea<\/a><\/h3>\n\n\n\n<p class=\"ctlb-block-desc\" style=\"padding-top:0px;padding-right:0px;padding-bottom:0px;padding-left:0px\">Scoprite tutti i nostri articoli sulla musica klezmer&#8230;<\/p>\n<\/div><\/div><\/div><\/div><\/div><\/div>\n<\/div><\/div><\/div><\/div>\n","protected":false},"excerpt":{"rendered":"<p>La parola klezmer deriva dalla combinazione delle parole ebraiche kli e zemer, che letteralmente significano \u00ab strumenti del canto \u00bb. Il termine si riferisce alla musica strumentale degli ebrei dell&#8217;Europa centrale ed orientale. Fortemente influenzata dal suo ambiente geografico e culturale, la musica klezmer \u00e8 estremamente composita. Scoprilo in pochi click&#8230;<\/p>\n","protected":false},"author":1930,"featured_media":43503,"parent":40631,"menu_order":0,"comment_status":"closed","ping_status":"closed","template":"","meta":{"_acf_changed":false,"footnotes":""},"categories":[2219],"tags":[],"class_list":["post-47826","page","type-page","status-publish","has-post-thumbnail","hentry","category-visite-guidate-it"],"acf":[],"yoast_head":"<!-- This site is optimized with the Yoast SEO plugin v27.3 - https:\/\/yoast.com\/product\/yoast-seo-wordpress\/ -->\n<title>La musica Klezmer - Institut Europ\u00e9en des Musiques Juives<\/title>\n<meta name=\"robots\" content=\"index, follow, max-snippet:-1, max-image-preview:large, max-video-preview:-1\" \/>\n<link rel=\"canonical\" href=\"https:\/\/www.iemj.org\/it\/scoprire\/visite-guidate\/la-musique-klezmer-12\/\" \/>\n<meta property=\"og:locale\" content=\"it_IT\" \/>\n<meta property=\"og:type\" content=\"article\" \/>\n<meta property=\"og:title\" content=\"La musica Klezmer - Institut Europ\u00e9en des Musiques Juives\" \/>\n<meta property=\"og:description\" content=\"La parola klezmer deriva dalla combinazione delle parole ebraiche kli e zemer, che letteralmente significano \u00ab strumenti del canto \u00bb. Il termine si riferisce alla musica strumentale degli ebrei dell&#039;Europa centrale ed orientale. Fortemente influenzata dal suo ambiente geografico e culturale, la musica klezmer \u00e8 estremamente composita. Scoprilo in pochi click...\" \/>\n<meta property=\"og:url\" content=\"https:\/\/www.iemj.org\/it\/scoprire\/visite-guidate\/la-musique-klezmer-12\/\" \/>\n<meta property=\"og:site_name\" content=\"Institut Europ\u00e9en des Musiques Juives\" \/>\n<meta property=\"article:publisher\" content=\"https:\/\/www.facebook.com\/MusiquesJuives\/\" \/>\n<meta property=\"article:modified_time\" content=\"2026-02-19T09:11:13+00:00\" \/>\n<meta property=\"og:image\" content=\"https:\/\/www.iemj.org\/wp-content\/uploads\/2021\/06\/la-musique-klezmer_Logo-parcours-guides.jpg\" \/>\n\t<meta property=\"og:image:width\" content=\"800\" \/>\n\t<meta property=\"og:image:height\" content=\"466\" \/>\n\t<meta property=\"og:image:type\" content=\"image\/jpeg\" \/>\n<meta name=\"twitter:card\" content=\"summary_large_image\" \/>\n<meta name=\"twitter:label1\" content=\"Tempo di lettura stimato\" \/>\n\t<meta name=\"twitter:data1\" content=\"4 minuti\" \/>\n<script type=\"application\/ld+json\" class=\"yoast-schema-graph\">{\"@context\":\"https:\\\/\\\/schema.org\",\"@graph\":[{\"@type\":\"WebPage\",\"@id\":\"https:\\\/\\\/www.iemj.org\\\/it\\\/scoprire\\\/visite-guidate\\\/la-musique-klezmer-12\\\/\",\"url\":\"https:\\\/\\\/www.iemj.org\\\/it\\\/scoprire\\\/visite-guidate\\\/la-musique-klezmer-12\\\/\",\"name\":\"La musica Klezmer - Institut Europ\u00e9en des Musiques Juives\",\"isPartOf\":{\"@id\":\"https:\\\/\\\/www.iemj.org\\\/it\\\/#website\"},\"primaryImageOfPage\":{\"@id\":\"https:\\\/\\\/www.iemj.org\\\/it\\\/scoprire\\\/visite-guidate\\\/la-musique-klezmer-12\\\/#primaryimage\"},\"image\":{\"@id\":\"https:\\\/\\\/www.iemj.org\\\/it\\\/scoprire\\\/visite-guidate\\\/la-musique-klezmer-12\\\/#primaryimage\"},\"thumbnailUrl\":\"https:\\\/\\\/www.iemj.org\\\/wp-content\\\/uploads\\\/2021\\\/06\\\/la-musique-klezmer_Logo-parcours-guides.jpg\",\"datePublished\":\"2026-02-19T09:10:54+00:00\",\"dateModified\":\"2026-02-19T09:11:13+00:00\",\"breadcrumb\":{\"@id\":\"https:\\\/\\\/www.iemj.org\\\/it\\\/scoprire\\\/visite-guidate\\\/la-musique-klezmer-12\\\/#breadcrumb\"},\"inLanguage\":\"it-IT\",\"potentialAction\":[{\"@type\":\"ReadAction\",\"target\":[\"https:\\\/\\\/www.iemj.org\\\/it\\\/scoprire\\\/visite-guidate\\\/la-musique-klezmer-12\\\/\"]}]},{\"@type\":\"ImageObject\",\"inLanguage\":\"it-IT\",\"@id\":\"https:\\\/\\\/www.iemj.org\\\/it\\\/scoprire\\\/visite-guidate\\\/la-musique-klezmer-12\\\/#primaryimage\",\"url\":\"https:\\\/\\\/www.iemj.org\\\/wp-content\\\/uploads\\\/2021\\\/06\\\/la-musique-klezmer_Logo-parcours-guides.jpg\",\"contentUrl\":\"https:\\\/\\\/www.iemj.org\\\/wp-content\\\/uploads\\\/2021\\\/06\\\/la-musique-klezmer_Logo-parcours-guides.jpg\",\"width\":800,\"height\":466},{\"@type\":\"BreadcrumbList\",\"@id\":\"https:\\\/\\\/www.iemj.org\\\/it\\\/scoprire\\\/visite-guidate\\\/la-musique-klezmer-12\\\/#breadcrumb\",\"itemListElement\":[{\"@type\":\"ListItem\",\"position\":1,\"name\":\"Accueil\",\"item\":\"https:\\\/\\\/www.iemj.org\\\/it\\\/\"},{\"@type\":\"ListItem\",\"position\":2,\"name\":\"Scoprire\",\"item\":\"https:\\\/\\\/www.iemj.org\\\/it\\\/decouvrir\\\/\"},{\"@type\":\"ListItem\",\"position\":3,\"name\":\"Visite guidate\",\"item\":\"https:\\\/\\\/www.iemj.org\\\/it\\\/decouvrir\\\/parcours-guides\\\/\"},{\"@type\":\"ListItem\",\"position\":4,\"name\":\"La musica Klezmer\"}]},{\"@type\":\"WebSite\",\"@id\":\"https:\\\/\\\/www.iemj.org\\\/it\\\/#website\",\"url\":\"https:\\\/\\\/www.iemj.org\\\/it\\\/\",\"name\":\"Institut Europ\u00e9en des Musiques Juives\",\"description\":\"Des traditions musicales \u00e0 la port\u00e9e de tous\",\"publisher\":{\"@id\":\"https:\\\/\\\/www.iemj.org\\\/it\\\/#organization\"},\"potentialAction\":[{\"@type\":\"SearchAction\",\"target\":{\"@type\":\"EntryPoint\",\"urlTemplate\":\"https:\\\/\\\/www.iemj.org\\\/it\\\/?s={search_term_string}\"},\"query-input\":{\"@type\":\"PropertyValueSpecification\",\"valueRequired\":true,\"valueName\":\"search_term_string\"}}],\"inLanguage\":\"it-IT\"},{\"@type\":\"Organization\",\"@id\":\"https:\\\/\\\/www.iemj.org\\\/it\\\/#organization\",\"name\":\"Institut Europ\u00e9en des Musiques Juives\",\"url\":\"https:\\\/\\\/www.iemj.org\\\/it\\\/\",\"logo\":{\"@type\":\"ImageObject\",\"inLanguage\":\"it-IT\",\"@id\":\"https:\\\/\\\/www.iemj.org\\\/it\\\/#\\\/schema\\\/logo\\\/image\\\/\",\"url\":\"https:\\\/\\\/www.iemj.org\\\/wp-content\\\/uploads\\\/2021\\\/09\\\/Logo-IEMJ-Paypal.jpg\",\"contentUrl\":\"https:\\\/\\\/www.iemj.org\\\/wp-content\\\/uploads\\\/2021\\\/09\\\/Logo-IEMJ-Paypal.jpg\",\"width\":150,\"height\":50,\"caption\":\"Institut Europ\u00e9en des Musiques Juives\"},\"image\":{\"@id\":\"https:\\\/\\\/www.iemj.org\\\/it\\\/#\\\/schema\\\/logo\\\/image\\\/\"},\"sameAs\":[\"https:\\\/\\\/www.facebook.com\\\/MusiquesJuives\\\/\",\"https:\\\/\\\/www.instagram.com\\\/musiquesjuives\\\/\",\"https:\\\/\\\/www.youtube.com\\\/user\\\/musiquesjuives\"]}]}<\/script>\n<!-- \/ Yoast SEO plugin. -->","yoast_head_json":{"title":"La musica Klezmer - Institut Europ\u00e9en des Musiques Juives","robots":{"index":"index","follow":"follow","max-snippet":"max-snippet:-1","max-image-preview":"max-image-preview:large","max-video-preview":"max-video-preview:-1"},"canonical":"https:\/\/www.iemj.org\/it\/scoprire\/visite-guidate\/la-musique-klezmer-12\/","og_locale":"it_IT","og_type":"article","og_title":"La musica Klezmer - Institut Europ\u00e9en des Musiques Juives","og_description":"La parola klezmer deriva dalla combinazione delle parole ebraiche kli e zemer, che letteralmente significano \u00ab strumenti del canto \u00bb. Il termine si riferisce alla musica strumentale degli ebrei dell'Europa centrale ed orientale. Fortemente influenzata dal suo ambiente geografico e culturale, la musica klezmer \u00e8 estremamente composita. Scoprilo in pochi click...","og_url":"https:\/\/www.iemj.org\/it\/scoprire\/visite-guidate\/la-musique-klezmer-12\/","og_site_name":"Institut Europ\u00e9en des Musiques Juives","article_publisher":"https:\/\/www.facebook.com\/MusiquesJuives\/","article_modified_time":"2026-02-19T09:11:13+00:00","og_image":[{"width":800,"height":466,"url":"https:\/\/www.iemj.org\/wp-content\/uploads\/2021\/06\/la-musique-klezmer_Logo-parcours-guides.jpg","type":"image\/jpeg"}],"twitter_card":"summary_large_image","twitter_misc":{"Tempo di lettura stimato":"4 minuti"},"schema":{"@context":"https:\/\/schema.org","@graph":[{"@type":"WebPage","@id":"https:\/\/www.iemj.org\/it\/scoprire\/visite-guidate\/la-musique-klezmer-12\/","url":"https:\/\/www.iemj.org\/it\/scoprire\/visite-guidate\/la-musique-klezmer-12\/","name":"La musica Klezmer - Institut Europ\u00e9en des Musiques Juives","isPartOf":{"@id":"https:\/\/www.iemj.org\/it\/#website"},"primaryImageOfPage":{"@id":"https:\/\/www.iemj.org\/it\/scoprire\/visite-guidate\/la-musique-klezmer-12\/#primaryimage"},"image":{"@id":"https:\/\/www.iemj.org\/it\/scoprire\/visite-guidate\/la-musique-klezmer-12\/#primaryimage"},"thumbnailUrl":"https:\/\/www.iemj.org\/wp-content\/uploads\/2021\/06\/la-musique-klezmer_Logo-parcours-guides.jpg","datePublished":"2026-02-19T09:10:54+00:00","dateModified":"2026-02-19T09:11:13+00:00","breadcrumb":{"@id":"https:\/\/www.iemj.org\/it\/scoprire\/visite-guidate\/la-musique-klezmer-12\/#breadcrumb"},"inLanguage":"it-IT","potentialAction":[{"@type":"ReadAction","target":["https:\/\/www.iemj.org\/it\/scoprire\/visite-guidate\/la-musique-klezmer-12\/"]}]},{"@type":"ImageObject","inLanguage":"it-IT","@id":"https:\/\/www.iemj.org\/it\/scoprire\/visite-guidate\/la-musique-klezmer-12\/#primaryimage","url":"https:\/\/www.iemj.org\/wp-content\/uploads\/2021\/06\/la-musique-klezmer_Logo-parcours-guides.jpg","contentUrl":"https:\/\/www.iemj.org\/wp-content\/uploads\/2021\/06\/la-musique-klezmer_Logo-parcours-guides.jpg","width":800,"height":466},{"@type":"BreadcrumbList","@id":"https:\/\/www.iemj.org\/it\/scoprire\/visite-guidate\/la-musique-klezmer-12\/#breadcrumb","itemListElement":[{"@type":"ListItem","position":1,"name":"Accueil","item":"https:\/\/www.iemj.org\/it\/"},{"@type":"ListItem","position":2,"name":"Scoprire","item":"https:\/\/www.iemj.org\/it\/decouvrir\/"},{"@type":"ListItem","position":3,"name":"Visite guidate","item":"https:\/\/www.iemj.org\/it\/decouvrir\/parcours-guides\/"},{"@type":"ListItem","position":4,"name":"La musica Klezmer"}]},{"@type":"WebSite","@id":"https:\/\/www.iemj.org\/it\/#website","url":"https:\/\/www.iemj.org\/it\/","name":"Institut Europ\u00e9en des Musiques Juives","description":"Des traditions musicales \u00e0 la port\u00e9e de tous","publisher":{"@id":"https:\/\/www.iemj.org\/it\/#organization"},"potentialAction":[{"@type":"SearchAction","target":{"@type":"EntryPoint","urlTemplate":"https:\/\/www.iemj.org\/it\/?s={search_term_string}"},"query-input":{"@type":"PropertyValueSpecification","valueRequired":true,"valueName":"search_term_string"}}],"inLanguage":"it-IT"},{"@type":"Organization","@id":"https:\/\/www.iemj.org\/it\/#organization","name":"Institut Europ\u00e9en des Musiques Juives","url":"https:\/\/www.iemj.org\/it\/","logo":{"@type":"ImageObject","inLanguage":"it-IT","@id":"https:\/\/www.iemj.org\/it\/#\/schema\/logo\/image\/","url":"https:\/\/www.iemj.org\/wp-content\/uploads\/2021\/09\/Logo-IEMJ-Paypal.jpg","contentUrl":"https:\/\/www.iemj.org\/wp-content\/uploads\/2021\/09\/Logo-IEMJ-Paypal.jpg","width":150,"height":50,"caption":"Institut Europ\u00e9en des Musiques Juives"},"image":{"@id":"https:\/\/www.iemj.org\/it\/#\/schema\/logo\/image\/"},"sameAs":["https:\/\/www.facebook.com\/MusiquesJuives\/","https:\/\/www.instagram.com\/musiquesjuives\/","https:\/\/www.youtube.com\/user\/musiquesjuives"]}]}},"_links":{"self":[{"href":"https:\/\/www.iemj.org\/it\/wp-json\/wp\/v2\/pages\/47826","targetHints":{"allow":["GET"]}}],"collection":[{"href":"https:\/\/www.iemj.org\/it\/wp-json\/wp\/v2\/pages"}],"about":[{"href":"https:\/\/www.iemj.org\/it\/wp-json\/wp\/v2\/types\/page"}],"author":[{"embeddable":true,"href":"https:\/\/www.iemj.org\/it\/wp-json\/wp\/v2\/users\/1930"}],"replies":[{"embeddable":true,"href":"https:\/\/www.iemj.org\/it\/wp-json\/wp\/v2\/comments?post=47826"}],"version-history":[{"count":3,"href":"https:\/\/www.iemj.org\/it\/wp-json\/wp\/v2\/pages\/47826\/revisions"}],"predecessor-version":[{"id":130419,"href":"https:\/\/www.iemj.org\/it\/wp-json\/wp\/v2\/pages\/47826\/revisions\/130419"}],"up":[{"embeddable":true,"href":"https:\/\/www.iemj.org\/it\/wp-json\/wp\/v2\/pages\/40631"}],"wp:featuredmedia":[{"embeddable":true,"href":"https:\/\/www.iemj.org\/it\/wp-json\/wp\/v2\/media\/43503"}],"wp:attachment":[{"href":"https:\/\/www.iemj.org\/it\/wp-json\/wp\/v2\/media?parent=47826"}],"wp:term":[{"taxonomy":"category","embeddable":true,"href":"https:\/\/www.iemj.org\/it\/wp-json\/wp\/v2\/categories?post=47826"},{"taxonomy":"post_tag","embeddable":true,"href":"https:\/\/www.iemj.org\/it\/wp-json\/wp\/v2\/tags?post=47826"}],"curies":[{"name":"wp","href":"https:\/\/api.w.org\/{rel}","templated":true}]}}