{"id":54377,"date":"2020-01-16T15:43:34","date_gmt":"2020-01-16T14:43:34","guid":{"rendered":"https:\/\/www.iemj.org\/produit\/decile-a-mi-amor-judeo-spanish-songs-from-tetuan\/"},"modified":"2021-07-21T15:01:47","modified_gmt":"2021-07-21T13:01:47","slug":"decile-a-mi-amor-judeo-spanish-songs-from-tetuan","status":"publish","type":"product","link":"https:\/\/www.iemj.org\/it\/produit\/decile-a-mi-amor-judeo-spanish-songs-from-tetuan\/","title":{"rendered":"Decile a mi amor &#8211; Judeo-Spanish Songs from Tetuan"},"content":{"rendered":"<p>These recordings are a tribute to the rich musical tradition of the Sephardim from Tetuan, the town that was the spiritual center of Sephardic Judaism in northern Morocco. We named the CD after the first words of the first song-&#8220;Decile a Mi Amor&#8221;-tell my love, this seemed appropriate in expressing the depth of our feelings for this incredibly beautiful repertoire and for its singers. The songs are performed by <strong>Orit Perlman<\/strong>, a talented and devoted singer whom 1 have been working closely for the past ten years, accompanied by two very gifted and special musicians: <strong>Zeev Yaniv<\/strong> and <strong>Yarden Erez<\/strong>, the latter of whom prepared the arrangements. The songs are accompanied by traditional instruments (ud, darbuka, and frame-drums) as well as accordion, guitar and violin. Despite the time limitations of a single CD, this compilation includes the three traditional genres that comprise the repertoire: romances, coplas and cantigas, as well as songs composed in the early 20th century.<\/p>\n<p>This project was made possible by the support and generous contribution of The Salonika and Greece Jewry Heritage Center and is a token of our gratitude to the Sephardic singers whom Susana\u00a0Weich-Shahak recorded in Israel as well as in their communities abroad: Alicia Ben-Dayan (Ashkelon), Rina (Reina) Benabu-Benarosh and Estrella Ben TolilaHalfon (Holon), Ginett Benabu (Kiryat Gat), Rabbi Abraham Benhamu (Lima, Peru), Rachel Gerson-Israel and Clarita Benaim Levy (Madrid), Nelly Toledano (Buenos Aires), Moises Abitbol(Ashdod).<\/p>\n<p>Extraits:<\/p>\n<p>01 &#8211; DeciIe a mi Amor &#8211; Estas casas altas son<\/p>\n<audio class=\"wp-audio-shortcode\" id=\"audio-54377-1\" preload=\"none\" style=\"width: 100%;\" controls=\"controls\"><source type=\"audio\/mpeg\" src=\"https:\/\/www.iemj.org\/wp-content\/uploads\/2020\/01\/01-deciie_a_mi_amor_-_estas_casas_altas_son.mp3?_=1\" \/><a href=\"https:\/\/www.iemj.org\/wp-content\/uploads\/2020\/01\/01-deciie_a_mi_amor_-_estas_casas_altas_son.mp3\">https:\/\/www.iemj.org\/wp-content\/uploads\/2020\/01\/01-deciie_a_mi_amor_-_estas_casas_altas_son.mp3<\/a><\/audio>\n<p>02 &#8211; <span class=\"mp3_label\">La Novia se Ba\u00f1aba &#8211; Arrelumbre y arrelumbre &#8211; Y Fu\u00e9rame a Ba\u00f1ar<\/span><\/p>\n<div>\n<audio class=\"wp-audio-shortcode\" id=\"audio-54377-2\" preload=\"none\" style=\"width: 100%;\" controls=\"controls\"><source type=\"audio\/mpeg\" src=\"https:\/\/www.iemj.org\/wp-content\/uploads\/2020\/01\/02-la_novia_se_banaba_-_arrelumbre_y_arrelumbre_-_y_fuerame_a_banar.mp3?_=2\" \/><a href=\"https:\/\/www.iemj.org\/wp-content\/uploads\/2020\/01\/02-la_novia_se_banaba_-_arrelumbre_y_arrelumbre_-_y_fuerame_a_banar.mp3\">https:\/\/www.iemj.org\/wp-content\/uploads\/2020\/01\/02-la_novia_se_banaba_-_arrelumbre_y_arrelumbre_-_y_fuerame_a_banar.mp3<\/a><\/audio>\n<p>03 &#8211; Eres Chiquita y Bonita (Coplitas de columpio)<\/p>\n<audio class=\"wp-audio-shortcode\" id=\"audio-54377-3\" preload=\"none\" style=\"width: 100%;\" controls=\"controls\"><source type=\"audio\/mpeg\" src=\"https:\/\/www.iemj.org\/wp-content\/uploads\/2020\/01\/03-eres_chiquita_y_bonita_coplitas_de_columpio_.mp3?_=3\" \/><a href=\"https:\/\/www.iemj.org\/wp-content\/uploads\/2020\/01\/03-eres_chiquita_y_bonita_coplitas_de_columpio_.mp3\">https:\/\/www.iemj.org\/wp-content\/uploads\/2020\/01\/03-eres_chiquita_y_bonita_coplitas_de_columpio_.mp3<\/a><\/audio>\n<p>05 &#8211; Una hija tiene el Rey (Por qu\u00e9 no cantas, la bella)<\/p>\n<audio class=\"wp-audio-shortcode\" id=\"audio-54377-4\" preload=\"none\" style=\"width: 100%;\" controls=\"controls\"><source type=\"audio\/mpeg\" src=\"https:\/\/www.iemj.org\/wp-content\/uploads\/2020\/01\/05-una_hija_tiene_el_rey_por_que_no_cantas_la_bella_.mp3?_=4\" \/><a href=\"https:\/\/www.iemj.org\/wp-content\/uploads\/2020\/01\/05-una_hija_tiene_el_rey_por_que_no_cantas_la_bella_.mp3\">https:\/\/www.iemj.org\/wp-content\/uploads\/2020\/01\/05-una_hija_tiene_el_rey_por_que_no_cantas_la_bella_.mp3<\/a><\/audio>\n<p>06 &#8211; Rey Fernando (Sancho y Urraca)<\/p>\n<audio class=\"wp-audio-shortcode\" id=\"audio-54377-5\" preload=\"none\" style=\"width: 100%;\" controls=\"controls\"><source type=\"audio\/mpeg\" src=\"https:\/\/www.iemj.org\/wp-content\/uploads\/2020\/01\/06-rey_fernando_sancho_y_urraca_.mp3?_=5\" \/><a href=\"https:\/\/www.iemj.org\/wp-content\/uploads\/2020\/01\/06-rey_fernando_sancho_y_urraca_.mp3\">https:\/\/www.iemj.org\/wp-content\/uploads\/2020\/01\/06-rey_fernando_sancho_y_urraca_.mp3<\/a><\/audio>\n<p>07 &#8211; Esta Rahel lastimosa (Rahel la estimosa)<\/p>\n<audio class=\"wp-audio-shortcode\" id=\"audio-54377-6\" preload=\"none\" style=\"width: 100%;\" controls=\"controls\"><source type=\"audio\/mpeg\" src=\"https:\/\/www.iemj.org\/wp-content\/uploads\/2020\/01\/07-esta_rahel_lastimosa_rahel_la_estimosa_.mp3?_=6\" \/><a href=\"https:\/\/www.iemj.org\/wp-content\/uploads\/2020\/01\/07-esta_rahel_lastimosa_rahel_la_estimosa_.mp3\">https:\/\/www.iemj.org\/wp-content\/uploads\/2020\/01\/07-esta_rahel_lastimosa_rahel_la_estimosa_.mp3<\/a><\/audio>\n<p>08 &#8211; Mose Sali\u00f3 de Misrayim (La consagracion de Moises)<\/p>\n<audio class=\"wp-audio-shortcode\" id=\"audio-54377-7\" preload=\"none\" style=\"width: 100%;\" controls=\"controls\"><source type=\"audio\/mpeg\" src=\"https:\/\/www.iemj.org\/wp-content\/uploads\/2020\/01\/08-mose_salio_de_misrayim_laconsagracion_de_moises_.mp3?_=7\" \/><a href=\"https:\/\/www.iemj.org\/wp-content\/uploads\/2020\/01\/08-mose_salio_de_misrayim_laconsagracion_de_moises_.mp3\">https:\/\/www.iemj.org\/wp-content\/uploads\/2020\/01\/08-mose_salio_de_misrayim_laconsagracion_de_moises_.mp3<\/a><\/audio>\n<p>09 &#8211; Ay Mi Padre ay mi Madre (Coplas de Bar Mitzva)<\/p>\n<audio class=\"wp-audio-shortcode\" id=\"audio-54377-8\" preload=\"none\" style=\"width: 100%;\" controls=\"controls\"><source type=\"audio\/mpeg\" src=\"https:\/\/www.iemj.org\/wp-content\/uploads\/2020\/01\/09-ay_mi_padre_ay_mi_madre_coplas_de_bar_mitzva_.mp3?_=8\" \/><a href=\"https:\/\/www.iemj.org\/wp-content\/uploads\/2020\/01\/09-ay_mi_padre_ay_mi_madre_coplas_de_bar_mitzva_.mp3\">https:\/\/www.iemj.org\/wp-content\/uploads\/2020\/01\/09-ay_mi_padre_ay_mi_madre_coplas_de_bar_mitzva_.mp3<\/a><\/audio>\n<p>10 &#8211; Nuestro Se\u00f1or Elohenu (Simhat Tor\u00e1, Moises en los cielos)<\/p>\n<audio class=\"wp-audio-shortcode\" id=\"audio-54377-9\" preload=\"none\" style=\"width: 100%;\" controls=\"controls\"><source type=\"audio\/mpeg\" src=\"https:\/\/www.iemj.org\/wp-content\/uploads\/2020\/01\/10-nuestro_senor_simhat_torah_.mp3?_=9\" \/><a href=\"https:\/\/www.iemj.org\/wp-content\/uploads\/2020\/01\/10-nuestro_senor_simhat_torah_.mp3\">https:\/\/www.iemj.org\/wp-content\/uploads\/2020\/01\/10-nuestro_senor_simhat_torah_.mp3<\/a><\/audio>\n<p>11 &#8211; De una al\u2019azba si vieras que hial (Nesim y Holi)<\/p>\n<audio class=\"wp-audio-shortcode\" id=\"audio-54377-10\" preload=\"none\" style=\"width: 100%;\" controls=\"controls\"><source type=\"audio\/mpeg\" src=\"https:\/\/www.iemj.org\/wp-content\/uploads\/2020\/01\/11-de_una_al_azba_si_vieras_que_hial_nesim_y_holi__ex.mp3?_=10\" \/><a href=\"https:\/\/www.iemj.org\/wp-content\/uploads\/2020\/01\/11-de_una_al_azba_si_vieras_que_hial_nesim_y_holi__ex.mp3\">https:\/\/www.iemj.org\/wp-content\/uploads\/2020\/01\/11-de_una_al_azba_si_vieras_que_hial_nesim_y_holi__ex.mp3<\/a><\/audio>\n<\/div>\n","protected":false},"excerpt":{"rendered":"<p id=\"tw-target-text\" class=\"tw-data-text tw-text-large tw-ta\" dir=\"ltr\" style=\"text-align: left;\"><span lang=\"en\" xml:lang=\"en\">These recordings are a tribute to the rich musical tradition of the Sephardim from <strong>Tetuan<\/strong>, the town that was the spiritual center of Sephardic Judaism in northern Morocco, produced on the basis of research and under the direction of the Israeli ethnomusicologist <strong>Susana Weich-Shahak<\/strong> and made possible thanks to the support of the<strong> Jewish Heritage Center of Salonica and Greece<\/strong>.<\/span><\/p>\n","protected":false},"featured_media":57602,"comment_status":"open","ping_status":"closed","template":"","meta":{"_acf_changed":false},"product_brand":[],"product_cat":[2297,1992,2319],"product_tag":[],"class_list":{"0":"post-54377","1":"product","2":"type-product","3":"status-publish","4":"has-post-thumbnail","6":"product_cat-altri-editori-it","7":"product_cat-cd-it","8":"product_cat-giudeo-spagnolo","10":"first","11":"instock","12":"shipping-taxable","13":"purchasable","14":"product-type-simple"},"acf":[],"yoast_head":"<!-- This site is optimized with the Yoast SEO plugin v27.3 - https:\/\/yoast.com\/product\/yoast-seo-wordpress\/ -->\n<title>Decile a mi amor - Judeo-Spanish Songs from Tetuan - Institut Europ\u00e9en des Musiques Juives<\/title>\n<meta name=\"robots\" content=\"index, follow, max-snippet:-1, max-image-preview:large, max-video-preview:-1\" \/>\n<link rel=\"canonical\" href=\"https:\/\/www.iemj.org\/it\/produit\/decile-a-mi-amor-judeo-spanish-songs-from-tetuan\/\" \/>\n<meta property=\"og:locale\" content=\"it_IT\" \/>\n<meta property=\"og:type\" content=\"article\" \/>\n<meta property=\"og:title\" content=\"Decile a mi amor - Judeo-Spanish Songs from Tetuan - Institut Europ\u00e9en des Musiques Juives\" \/>\n<meta property=\"og:description\" content=\"These recordings are a tribute to the rich musical tradition of the Sephardim from Tetuan, the town that was the spiritual center of Sephardic Judaism in northern Morocco, produced on the basis of research and under the direction of the Israeli ethnomusicologist Susana Weich-Shahak and made possible thanks to the support of the Jewish Heritage Center of Salonica and Greece.\" \/>\n<meta property=\"og:url\" content=\"https:\/\/www.iemj.org\/it\/produit\/decile-a-mi-amor-judeo-spanish-songs-from-tetuan\/\" \/>\n<meta property=\"og:site_name\" content=\"Institut Europ\u00e9en des Musiques Juives\" \/>\n<meta property=\"article:publisher\" content=\"https:\/\/www.facebook.com\/MusiquesJuives\/\" \/>\n<meta property=\"article:modified_time\" content=\"2021-07-21T13:01:47+00:00\" \/>\n<meta property=\"og:image\" content=\"https:\/\/www.iemj.org\/wp-content\/uploads\/2020\/01\/COUV-CD-Decile-a-mi-Amor.jpg\" \/>\n\t<meta property=\"og:image:width\" content=\"350\" \/>\n\t<meta property=\"og:image:height\" content=\"314\" \/>\n\t<meta property=\"og:image:type\" content=\"image\/jpeg\" \/>\n<meta name=\"twitter:card\" content=\"summary_large_image\" \/>\n<meta name=\"twitter:label1\" content=\"Tempo di lettura stimato\" \/>\n\t<meta name=\"twitter:data1\" content=\"3 minuti\" \/>\n<script type=\"application\/ld+json\" class=\"yoast-schema-graph\">{\"@context\":\"https:\\\/\\\/schema.org\",\"@graph\":[{\"@type\":\"WebPage\",\"@id\":\"https:\\\/\\\/www.iemj.org\\\/it\\\/produit\\\/decile-a-mi-amor-judeo-spanish-songs-from-tetuan\\\/\",\"url\":\"https:\\\/\\\/www.iemj.org\\\/it\\\/produit\\\/decile-a-mi-amor-judeo-spanish-songs-from-tetuan\\\/\",\"name\":\"Decile a mi amor - Judeo-Spanish Songs from Tetuan - Institut Europ\u00e9en des Musiques Juives\",\"isPartOf\":{\"@id\":\"https:\\\/\\\/www.iemj.org\\\/it\\\/#website\"},\"primaryImageOfPage\":{\"@id\":\"https:\\\/\\\/www.iemj.org\\\/it\\\/produit\\\/decile-a-mi-amor-judeo-spanish-songs-from-tetuan\\\/#primaryimage\"},\"image\":{\"@id\":\"https:\\\/\\\/www.iemj.org\\\/it\\\/produit\\\/decile-a-mi-amor-judeo-spanish-songs-from-tetuan\\\/#primaryimage\"},\"thumbnailUrl\":\"https:\\\/\\\/www.iemj.org\\\/wp-content\\\/uploads\\\/2020\\\/01\\\/COUV-CD-Decile-a-mi-Amor.jpg\",\"datePublished\":\"2020-01-16T14:43:34+00:00\",\"dateModified\":\"2021-07-21T13:01:47+00:00\",\"breadcrumb\":{\"@id\":\"https:\\\/\\\/www.iemj.org\\\/it\\\/produit\\\/decile-a-mi-amor-judeo-spanish-songs-from-tetuan\\\/#breadcrumb\"},\"inLanguage\":\"it-IT\",\"potentialAction\":[{\"@type\":\"ReadAction\",\"target\":[\"https:\\\/\\\/www.iemj.org\\\/it\\\/produit\\\/decile-a-mi-amor-judeo-spanish-songs-from-tetuan\\\/\"]}]},{\"@type\":\"ImageObject\",\"inLanguage\":\"it-IT\",\"@id\":\"https:\\\/\\\/www.iemj.org\\\/it\\\/produit\\\/decile-a-mi-amor-judeo-spanish-songs-from-tetuan\\\/#primaryimage\",\"url\":\"https:\\\/\\\/www.iemj.org\\\/wp-content\\\/uploads\\\/2020\\\/01\\\/COUV-CD-Decile-a-mi-Amor.jpg\",\"contentUrl\":\"https:\\\/\\\/www.iemj.org\\\/wp-content\\\/uploads\\\/2020\\\/01\\\/COUV-CD-Decile-a-mi-Amor.jpg\",\"width\":350,\"height\":314,\"caption\":\"COUV CD Decile a mi Amor\"},{\"@type\":\"BreadcrumbList\",\"@id\":\"https:\\\/\\\/www.iemj.org\\\/it\\\/produit\\\/decile-a-mi-amor-judeo-spanish-songs-from-tetuan\\\/#breadcrumb\",\"itemListElement\":[{\"@type\":\"ListItem\",\"position\":1,\"name\":\"Accueil\",\"item\":\"https:\\\/\\\/www.iemj.org\\\/it\\\/\"},{\"@type\":\"ListItem\",\"position\":2,\"name\":\"Boutique\",\"item\":\"https:\\\/\\\/www.iemj.org\\\/it\\\/negozio\\\/\"},{\"@type\":\"ListItem\",\"position\":3,\"name\":\"Decile a mi amor &#8211; Judeo-Spanish Songs from Tetuan\"}]},{\"@type\":\"WebSite\",\"@id\":\"https:\\\/\\\/www.iemj.org\\\/it\\\/#website\",\"url\":\"https:\\\/\\\/www.iemj.org\\\/it\\\/\",\"name\":\"Institut Europ\u00e9en des Musiques Juives\",\"description\":\"Des traditions musicales \u00e0 la port\u00e9e de tous\",\"publisher\":{\"@id\":\"https:\\\/\\\/www.iemj.org\\\/it\\\/#organization\"},\"potentialAction\":[{\"@type\":\"SearchAction\",\"target\":{\"@type\":\"EntryPoint\",\"urlTemplate\":\"https:\\\/\\\/www.iemj.org\\\/it\\\/?s={search_term_string}\"},\"query-input\":{\"@type\":\"PropertyValueSpecification\",\"valueRequired\":true,\"valueName\":\"search_term_string\"}}],\"inLanguage\":\"it-IT\"},{\"@type\":\"Organization\",\"@id\":\"https:\\\/\\\/www.iemj.org\\\/it\\\/#organization\",\"name\":\"Institut Europ\u00e9en des Musiques Juives\",\"url\":\"https:\\\/\\\/www.iemj.org\\\/it\\\/\",\"logo\":{\"@type\":\"ImageObject\",\"inLanguage\":\"it-IT\",\"@id\":\"https:\\\/\\\/www.iemj.org\\\/it\\\/#\\\/schema\\\/logo\\\/image\\\/\",\"url\":\"https:\\\/\\\/www.iemj.org\\\/wp-content\\\/uploads\\\/2021\\\/09\\\/Logo-IEMJ-Paypal.jpg\",\"contentUrl\":\"https:\\\/\\\/www.iemj.org\\\/wp-content\\\/uploads\\\/2021\\\/09\\\/Logo-IEMJ-Paypal.jpg\",\"width\":150,\"height\":50,\"caption\":\"Institut Europ\u00e9en des Musiques Juives\"},\"image\":{\"@id\":\"https:\\\/\\\/www.iemj.org\\\/it\\\/#\\\/schema\\\/logo\\\/image\\\/\"},\"sameAs\":[\"https:\\\/\\\/www.facebook.com\\\/MusiquesJuives\\\/\",\"https:\\\/\\\/www.instagram.com\\\/musiquesjuives\\\/\",\"https:\\\/\\\/www.youtube.com\\\/user\\\/musiquesjuives\"]}]}<\/script>\n<!-- \/ Yoast SEO plugin. -->","yoast_head_json":{"title":"Decile a mi amor - Judeo-Spanish Songs from Tetuan - Institut Europ\u00e9en des Musiques Juives","robots":{"index":"index","follow":"follow","max-snippet":"max-snippet:-1","max-image-preview":"max-image-preview:large","max-video-preview":"max-video-preview:-1"},"canonical":"https:\/\/www.iemj.org\/it\/produit\/decile-a-mi-amor-judeo-spanish-songs-from-tetuan\/","og_locale":"it_IT","og_type":"article","og_title":"Decile a mi amor - Judeo-Spanish Songs from Tetuan - Institut Europ\u00e9en des Musiques Juives","og_description":"These recordings are a tribute to the rich musical tradition of the Sephardim from Tetuan, the town that was the spiritual center of Sephardic Judaism in northern Morocco, produced on the basis of research and under the direction of the Israeli ethnomusicologist Susana Weich-Shahak and made possible thanks to the support of the Jewish Heritage Center of Salonica and Greece.","og_url":"https:\/\/www.iemj.org\/it\/produit\/decile-a-mi-amor-judeo-spanish-songs-from-tetuan\/","og_site_name":"Institut Europ\u00e9en des Musiques Juives","article_publisher":"https:\/\/www.facebook.com\/MusiquesJuives\/","article_modified_time":"2021-07-21T13:01:47+00:00","og_image":[{"width":350,"height":314,"url":"https:\/\/www.iemj.org\/wp-content\/uploads\/2020\/01\/COUV-CD-Decile-a-mi-Amor.jpg","type":"image\/jpeg"}],"twitter_card":"summary_large_image","twitter_misc":{"Tempo di lettura stimato":"3 minuti"},"schema":{"@context":"https:\/\/schema.org","@graph":[{"@type":"WebPage","@id":"https:\/\/www.iemj.org\/it\/produit\/decile-a-mi-amor-judeo-spanish-songs-from-tetuan\/","url":"https:\/\/www.iemj.org\/it\/produit\/decile-a-mi-amor-judeo-spanish-songs-from-tetuan\/","name":"Decile a mi amor - Judeo-Spanish Songs from Tetuan - Institut Europ\u00e9en des Musiques Juives","isPartOf":{"@id":"https:\/\/www.iemj.org\/it\/#website"},"primaryImageOfPage":{"@id":"https:\/\/www.iemj.org\/it\/produit\/decile-a-mi-amor-judeo-spanish-songs-from-tetuan\/#primaryimage"},"image":{"@id":"https:\/\/www.iemj.org\/it\/produit\/decile-a-mi-amor-judeo-spanish-songs-from-tetuan\/#primaryimage"},"thumbnailUrl":"https:\/\/www.iemj.org\/wp-content\/uploads\/2020\/01\/COUV-CD-Decile-a-mi-Amor.jpg","datePublished":"2020-01-16T14:43:34+00:00","dateModified":"2021-07-21T13:01:47+00:00","breadcrumb":{"@id":"https:\/\/www.iemj.org\/it\/produit\/decile-a-mi-amor-judeo-spanish-songs-from-tetuan\/#breadcrumb"},"inLanguage":"it-IT","potentialAction":[{"@type":"ReadAction","target":["https:\/\/www.iemj.org\/it\/produit\/decile-a-mi-amor-judeo-spanish-songs-from-tetuan\/"]}]},{"@type":"ImageObject","inLanguage":"it-IT","@id":"https:\/\/www.iemj.org\/it\/produit\/decile-a-mi-amor-judeo-spanish-songs-from-tetuan\/#primaryimage","url":"https:\/\/www.iemj.org\/wp-content\/uploads\/2020\/01\/COUV-CD-Decile-a-mi-Amor.jpg","contentUrl":"https:\/\/www.iemj.org\/wp-content\/uploads\/2020\/01\/COUV-CD-Decile-a-mi-Amor.jpg","width":350,"height":314,"caption":"COUV CD Decile a mi Amor"},{"@type":"BreadcrumbList","@id":"https:\/\/www.iemj.org\/it\/produit\/decile-a-mi-amor-judeo-spanish-songs-from-tetuan\/#breadcrumb","itemListElement":[{"@type":"ListItem","position":1,"name":"Accueil","item":"https:\/\/www.iemj.org\/it\/"},{"@type":"ListItem","position":2,"name":"Boutique","item":"https:\/\/www.iemj.org\/it\/negozio\/"},{"@type":"ListItem","position":3,"name":"Decile a mi amor &#8211; Judeo-Spanish Songs from Tetuan"}]},{"@type":"WebSite","@id":"https:\/\/www.iemj.org\/it\/#website","url":"https:\/\/www.iemj.org\/it\/","name":"Institut Europ\u00e9en des Musiques Juives","description":"Des traditions musicales \u00e0 la port\u00e9e de tous","publisher":{"@id":"https:\/\/www.iemj.org\/it\/#organization"},"potentialAction":[{"@type":"SearchAction","target":{"@type":"EntryPoint","urlTemplate":"https:\/\/www.iemj.org\/it\/?s={search_term_string}"},"query-input":{"@type":"PropertyValueSpecification","valueRequired":true,"valueName":"search_term_string"}}],"inLanguage":"it-IT"},{"@type":"Organization","@id":"https:\/\/www.iemj.org\/it\/#organization","name":"Institut Europ\u00e9en des Musiques Juives","url":"https:\/\/www.iemj.org\/it\/","logo":{"@type":"ImageObject","inLanguage":"it-IT","@id":"https:\/\/www.iemj.org\/it\/#\/schema\/logo\/image\/","url":"https:\/\/www.iemj.org\/wp-content\/uploads\/2021\/09\/Logo-IEMJ-Paypal.jpg","contentUrl":"https:\/\/www.iemj.org\/wp-content\/uploads\/2021\/09\/Logo-IEMJ-Paypal.jpg","width":150,"height":50,"caption":"Institut Europ\u00e9en des Musiques Juives"},"image":{"@id":"https:\/\/www.iemj.org\/it\/#\/schema\/logo\/image\/"},"sameAs":["https:\/\/www.facebook.com\/MusiquesJuives\/","https:\/\/www.instagram.com\/musiquesjuives\/","https:\/\/www.youtube.com\/user\/musiquesjuives"]}]}},"_links":{"self":[{"href":"https:\/\/www.iemj.org\/it\/wp-json\/wp\/v2\/product\/54377","targetHints":{"allow":["GET"]}}],"collection":[{"href":"https:\/\/www.iemj.org\/it\/wp-json\/wp\/v2\/product"}],"about":[{"href":"https:\/\/www.iemj.org\/it\/wp-json\/wp\/v2\/types\/product"}],"replies":[{"embeddable":true,"href":"https:\/\/www.iemj.org\/it\/wp-json\/wp\/v2\/comments?post=54377"}],"wp:featuredmedia":[{"embeddable":true,"href":"https:\/\/www.iemj.org\/it\/wp-json\/wp\/v2\/media\/57602"}],"wp:attachment":[{"href":"https:\/\/www.iemj.org\/it\/wp-json\/wp\/v2\/media?parent=54377"}],"wp:term":[{"taxonomy":"product_brand","embeddable":true,"href":"https:\/\/www.iemj.org\/it\/wp-json\/wp\/v2\/product_brand?post=54377"},{"taxonomy":"product_cat","embeddable":true,"href":"https:\/\/www.iemj.org\/it\/wp-json\/wp\/v2\/product_cat?post=54377"},{"taxonomy":"product_tag","embeddable":true,"href":"https:\/\/www.iemj.org\/it\/wp-json\/wp\/v2\/product_tag?post=54377"}],"curies":[{"name":"wp","href":"https:\/\/api.w.org\/{rel}","templated":true}]}}