{"id":56992,"date":"2015-02-28T10:19:20","date_gmt":"2015-02-28T09:19:20","guid":{"rendered":"https:\/\/www.iemj.org\/produit\/shalom-berlinski-la-voix-de-la-ferveur\/"},"modified":"2021-10-26T12:08:14","modified_gmt":"2021-10-26T10:08:14","slug":"shalom-berlinski-la-voix-de-la-ferveur","status":"publish","type":"product","link":"https:\/\/www.iemj.org\/it\/produit\/shalom-berlinski-la-voix-de-la-ferveur\/","title":{"rendered":"Shalom Berlinski, la voix de la ferveur"},"content":{"rendered":"<p>This double CD pack, 3rd volume in the collection Musical Heritage of the Jews from France, published by the Foundation of French Judaism together creates a rare anthology. It gathers recordings of\u00a0<a href=\"https:\/\/www.iemj.org\/it\/berlinski-shalom-1918-2008\/\" target=\"_blank\" rel=\"noopener\">Shalom Berlinski<\/a>\u00a0in 1972, with the Colonne Orchestra led by Jean-Paul Kreder and a mixed choir of 32 singers from Radio France; the organ and piano were played by Jean Bonfils. All the music has been digitalized and restored.<\/p>\n<p>The voice of Shalom Berlinski, at the top of his art, is as comfortable with the great melodies of Western European Ashkenazi liturgy, as with the Hassidic melodies that come from Eastern Europe.<\/p>\n<p>Shalom Berlinski, born in Poland, was the cantor of the biggest synagogue in France, rue de la Victoire in Paris, between 1948 and 1979. Present at every official or liturgical ceremony, he was the epitomy of the voice of French Ashkenazi Judaism for more than 30 years. During his long career, Shalom Berlinski became close to the greatest composers, such as Henry Barraud, Jean Wiener, Darius Milhaud, and cantors like Jan Peerce and Mosh\u00e9 Koussevitski. But behind this public person, there is man who unveils, and reveals himself, as the last witness of a bygone period in which small stories and big history sit together to create French Judaism, born from the Enlightment period and willing to integrate itself with modern values.<\/p>\n<p>Extracts:<\/p>\n<p>01 &#8211; Lecho dodi<\/p>\n<audio class=\"wp-audio-shortcode\" id=\"audio-56992-1\" preload=\"none\" style=\"width: 100%;\" controls=\"controls\"><source type=\"audio\/mpeg\" src=\"https:\/\/www.iemj.org\/wp-content\/uploads\/2021\/01\/01_lecho_dodi_samuel_naumbourg-shalom_berlinski_extrait_.mp3?_=1\" \/><a href=\"https:\/\/www.iemj.org\/wp-content\/uploads\/2021\/01\/01_lecho_dodi_samuel_naumbourg-shalom_berlinski_extrait_.mp3\">https:\/\/www.iemj.org\/wp-content\/uploads\/2021\/01\/01_lecho_dodi_samuel_naumbourg-shalom_berlinski_extrait_.mp3<\/a><\/audio>\n<p>13 &#8211; Eli Eli !<\/p>\n<audio class=\"wp-audio-shortcode\" id=\"audio-56992-2\" preload=\"none\" style=\"width: 100%;\" controls=\"controls\"><source type=\"audio\/mpeg\" src=\"https:\/\/www.iemj.org\/wp-content\/uploads\/2015\/02\/Eli-Eli-.mp3?_=2\" \/><a href=\"https:\/\/www.iemj.org\/wp-content\/uploads\/2015\/02\/Eli-Eli-.mp3\">https:\/\/www.iemj.org\/wp-content\/uploads\/2015\/02\/Eli-Eli-.mp3<\/a><\/audio>\n<p>17 &#8211; Kaddisch<\/p>\n<audio class=\"wp-audio-shortcode\" id=\"audio-56992-3\" preload=\"none\" style=\"width: 100%;\" controls=\"controls\"><source type=\"audio\/mpeg\" src=\"https:\/\/www.iemj.org\/wp-content\/uploads\/2015\/02\/Kaddisch-extrait.mp3?_=3\" \/><a href=\"https:\/\/www.iemj.org\/wp-content\/uploads\/2015\/02\/Kaddisch-extrait.mp3\">https:\/\/www.iemj.org\/wp-content\/uploads\/2015\/02\/Kaddisch-extrait.mp3<\/a><\/audio>\n<p>29 &#8211; Kol nidrei<\/p>\n<audio class=\"wp-audio-shortcode\" id=\"audio-56992-4\" preload=\"none\" style=\"width: 100%;\" controls=\"controls\"><source type=\"audio\/mpeg\" src=\"https:\/\/www.iemj.org\/wp-content\/uploads\/2018\/10\/vl3-kol_nidrei_extrait_.mp3?_=4\" \/><a href=\"https:\/\/www.iemj.org\/wp-content\/uploads\/2018\/10\/vl3-kol_nidrei_extrait_.mp3\">https:\/\/www.iemj.org\/wp-content\/uploads\/2018\/10\/vl3-kol_nidrei_extrait_.mp3<\/a><\/audio>\n","protected":false},"excerpt":{"rendered":"<p>A rare and beautiful anthology of french Ashkenazi liturgy sung by Shalom Berlinski, cantor at the Synagogue de la Victoire (Paris) from 1948 to 1979, with Jean Bonfils (organ\/piano), the Colonne Orchestra and a mixed 32-voice choir.<\/p>\n","protected":false},"featured_media":56802,"comment_status":"open","ping_status":"closed","template":"","meta":{"_acf_changed":false},"product_brand":[],"product_cat":[1992,2314,2302,2296,2322],"product_tag":[],"class_list":{"0":"post-56992","1":"product","2":"type-product","3":"status-publish","4":"has-post-thumbnail","6":"product_cat-cd-it","7":"product_cat-collezione-pmjf","8":"product_cat-edizioni-delliemj-it","9":"product_cat-klezmer-yiddish-en-en-it","10":"product_cat-liturgico-cd-it","11":"pa_musique-album-fisico-it","12":"pa_musique-album-scaricabile-it","14":"first","15":"instock","16":"shipping-taxable","17":"purchasable","18":"product-type-variable"},"acf":[],"yoast_head":"<!-- This site is optimized with the Yoast SEO plugin v27.3 - https:\/\/yoast.com\/product\/yoast-seo-wordpress\/ -->\n<title>Shalom Berlinski, la voix de la ferveur - Institut Europ\u00e9en des Musiques Juives<\/title>\n<meta name=\"robots\" content=\"index, follow, max-snippet:-1, max-image-preview:large, max-video-preview:-1\" \/>\n<link rel=\"canonical\" href=\"https:\/\/www.iemj.org\/it\/produit\/shalom-berlinski-la-voix-de-la-ferveur\/\" \/>\n<meta property=\"og:locale\" content=\"it_IT\" \/>\n<meta property=\"og:type\" content=\"article\" \/>\n<meta property=\"og:title\" content=\"Shalom Berlinski, la voix de la ferveur - Institut Europ\u00e9en des Musiques Juives\" \/>\n<meta property=\"og:description\" content=\"A rare and beautiful anthology of french Ashkenazi liturgy sung by Shalom Berlinski, cantor at the Synagogue de la Victoire (Paris) from 1948 to 1979, with Jean Bonfils (organ\/piano), the Colonne Orchestra and a mixed 32-voice choir.\" \/>\n<meta property=\"og:url\" content=\"https:\/\/www.iemj.org\/it\/produit\/shalom-berlinski-la-voix-de-la-ferveur\/\" \/>\n<meta property=\"og:site_name\" content=\"Institut Europ\u00e9en des Musiques Juives\" \/>\n<meta property=\"article:publisher\" content=\"https:\/\/www.facebook.com\/MusiquesJuives\/\" \/>\n<meta property=\"article:modified_time\" content=\"2021-10-26T10:08:14+00:00\" \/>\n<meta property=\"og:image\" content=\"https:\/\/www.iemj.org\/wp-content\/uploads\/2021\/07\/CD-PMJF-3.jpg\" \/>\n\t<meta property=\"og:image:width\" content=\"350\" \/>\n\t<meta property=\"og:image:height\" content=\"350\" \/>\n\t<meta property=\"og:image:type\" content=\"image\/jpeg\" \/>\n<meta name=\"twitter:card\" content=\"summary_large_image\" \/>\n<meta name=\"twitter:label1\" content=\"Tempo di lettura stimato\" \/>\n\t<meta name=\"twitter:data1\" content=\"1 minuto\" \/>\n<script type=\"application\/ld+json\" class=\"yoast-schema-graph\">{\"@context\":\"https:\\\/\\\/schema.org\",\"@graph\":[{\"@type\":\"WebPage\",\"@id\":\"https:\\\/\\\/www.iemj.org\\\/it\\\/produit\\\/shalom-berlinski-la-voix-de-la-ferveur\\\/\",\"url\":\"https:\\\/\\\/www.iemj.org\\\/it\\\/produit\\\/shalom-berlinski-la-voix-de-la-ferveur\\\/\",\"name\":\"Shalom Berlinski, la voix de la ferveur - Institut Europ\u00e9en des Musiques Juives\",\"isPartOf\":{\"@id\":\"https:\\\/\\\/www.iemj.org\\\/it\\\/#website\"},\"primaryImageOfPage\":{\"@id\":\"https:\\\/\\\/www.iemj.org\\\/it\\\/produit\\\/shalom-berlinski-la-voix-de-la-ferveur\\\/#primaryimage\"},\"image\":{\"@id\":\"https:\\\/\\\/www.iemj.org\\\/it\\\/produit\\\/shalom-berlinski-la-voix-de-la-ferveur\\\/#primaryimage\"},\"thumbnailUrl\":\"https:\\\/\\\/www.iemj.org\\\/wp-content\\\/uploads\\\/2021\\\/07\\\/CD-PMJF-3.jpg\",\"datePublished\":\"2015-02-28T09:19:20+00:00\",\"dateModified\":\"2021-10-26T10:08:14+00:00\",\"breadcrumb\":{\"@id\":\"https:\\\/\\\/www.iemj.org\\\/it\\\/produit\\\/shalom-berlinski-la-voix-de-la-ferveur\\\/#breadcrumb\"},\"inLanguage\":\"it-IT\",\"potentialAction\":[{\"@type\":\"ReadAction\",\"target\":[\"https:\\\/\\\/www.iemj.org\\\/it\\\/produit\\\/shalom-berlinski-la-voix-de-la-ferveur\\\/\"]}]},{\"@type\":\"ImageObject\",\"inLanguage\":\"it-IT\",\"@id\":\"https:\\\/\\\/www.iemj.org\\\/it\\\/produit\\\/shalom-berlinski-la-voix-de-la-ferveur\\\/#primaryimage\",\"url\":\"https:\\\/\\\/www.iemj.org\\\/wp-content\\\/uploads\\\/2021\\\/07\\\/CD-PMJF-3.jpg\",\"contentUrl\":\"https:\\\/\\\/www.iemj.org\\\/wp-content\\\/uploads\\\/2021\\\/07\\\/CD-PMJF-3.jpg\",\"width\":350,\"height\":350,\"caption\":\"COUV CD PMJF 3 - Berlinski\"},{\"@type\":\"BreadcrumbList\",\"@id\":\"https:\\\/\\\/www.iemj.org\\\/it\\\/produit\\\/shalom-berlinski-la-voix-de-la-ferveur\\\/#breadcrumb\",\"itemListElement\":[{\"@type\":\"ListItem\",\"position\":1,\"name\":\"Accueil\",\"item\":\"https:\\\/\\\/www.iemj.org\\\/it\\\/\"},{\"@type\":\"ListItem\",\"position\":2,\"name\":\"Boutique\",\"item\":\"https:\\\/\\\/www.iemj.org\\\/it\\\/negozio\\\/\"},{\"@type\":\"ListItem\",\"position\":3,\"name\":\"Shalom Berlinski, la voix de la ferveur\"}]},{\"@type\":\"WebSite\",\"@id\":\"https:\\\/\\\/www.iemj.org\\\/it\\\/#website\",\"url\":\"https:\\\/\\\/www.iemj.org\\\/it\\\/\",\"name\":\"Institut Europ\u00e9en des Musiques Juives\",\"description\":\"Des traditions musicales \u00e0 la port\u00e9e de tous\",\"publisher\":{\"@id\":\"https:\\\/\\\/www.iemj.org\\\/it\\\/#organization\"},\"potentialAction\":[{\"@type\":\"SearchAction\",\"target\":{\"@type\":\"EntryPoint\",\"urlTemplate\":\"https:\\\/\\\/www.iemj.org\\\/it\\\/?s={search_term_string}\"},\"query-input\":{\"@type\":\"PropertyValueSpecification\",\"valueRequired\":true,\"valueName\":\"search_term_string\"}}],\"inLanguage\":\"it-IT\"},{\"@type\":\"Organization\",\"@id\":\"https:\\\/\\\/www.iemj.org\\\/it\\\/#organization\",\"name\":\"Institut Europ\u00e9en des Musiques Juives\",\"url\":\"https:\\\/\\\/www.iemj.org\\\/it\\\/\",\"logo\":{\"@type\":\"ImageObject\",\"inLanguage\":\"it-IT\",\"@id\":\"https:\\\/\\\/www.iemj.org\\\/it\\\/#\\\/schema\\\/logo\\\/image\\\/\",\"url\":\"https:\\\/\\\/www.iemj.org\\\/wp-content\\\/uploads\\\/2021\\\/09\\\/Logo-IEMJ-Paypal.jpg\",\"contentUrl\":\"https:\\\/\\\/www.iemj.org\\\/wp-content\\\/uploads\\\/2021\\\/09\\\/Logo-IEMJ-Paypal.jpg\",\"width\":150,\"height\":50,\"caption\":\"Institut Europ\u00e9en des Musiques Juives\"},\"image\":{\"@id\":\"https:\\\/\\\/www.iemj.org\\\/it\\\/#\\\/schema\\\/logo\\\/image\\\/\"},\"sameAs\":[\"https:\\\/\\\/www.facebook.com\\\/MusiquesJuives\\\/\",\"https:\\\/\\\/www.instagram.com\\\/musiquesjuives\\\/\",\"https:\\\/\\\/www.youtube.com\\\/user\\\/musiquesjuives\"]}]}<\/script>\n<!-- \/ Yoast SEO plugin. -->","yoast_head_json":{"title":"Shalom Berlinski, la voix de la ferveur - Institut Europ\u00e9en des Musiques Juives","robots":{"index":"index","follow":"follow","max-snippet":"max-snippet:-1","max-image-preview":"max-image-preview:large","max-video-preview":"max-video-preview:-1"},"canonical":"https:\/\/www.iemj.org\/it\/produit\/shalom-berlinski-la-voix-de-la-ferveur\/","og_locale":"it_IT","og_type":"article","og_title":"Shalom Berlinski, la voix de la ferveur - Institut Europ\u00e9en des Musiques Juives","og_description":"A rare and beautiful anthology of french Ashkenazi liturgy sung by Shalom Berlinski, cantor at the Synagogue de la Victoire (Paris) from 1948 to 1979, with Jean Bonfils (organ\/piano), the Colonne Orchestra and a mixed 32-voice choir.","og_url":"https:\/\/www.iemj.org\/it\/produit\/shalom-berlinski-la-voix-de-la-ferveur\/","og_site_name":"Institut Europ\u00e9en des Musiques Juives","article_publisher":"https:\/\/www.facebook.com\/MusiquesJuives\/","article_modified_time":"2021-10-26T10:08:14+00:00","og_image":[{"width":350,"height":350,"url":"https:\/\/www.iemj.org\/wp-content\/uploads\/2021\/07\/CD-PMJF-3.jpg","type":"image\/jpeg"}],"twitter_card":"summary_large_image","twitter_misc":{"Tempo di lettura stimato":"1 minuto"},"schema":{"@context":"https:\/\/schema.org","@graph":[{"@type":"WebPage","@id":"https:\/\/www.iemj.org\/it\/produit\/shalom-berlinski-la-voix-de-la-ferveur\/","url":"https:\/\/www.iemj.org\/it\/produit\/shalom-berlinski-la-voix-de-la-ferveur\/","name":"Shalom Berlinski, la voix de la ferveur - Institut Europ\u00e9en des Musiques Juives","isPartOf":{"@id":"https:\/\/www.iemj.org\/it\/#website"},"primaryImageOfPage":{"@id":"https:\/\/www.iemj.org\/it\/produit\/shalom-berlinski-la-voix-de-la-ferveur\/#primaryimage"},"image":{"@id":"https:\/\/www.iemj.org\/it\/produit\/shalom-berlinski-la-voix-de-la-ferveur\/#primaryimage"},"thumbnailUrl":"https:\/\/www.iemj.org\/wp-content\/uploads\/2021\/07\/CD-PMJF-3.jpg","datePublished":"2015-02-28T09:19:20+00:00","dateModified":"2021-10-26T10:08:14+00:00","breadcrumb":{"@id":"https:\/\/www.iemj.org\/it\/produit\/shalom-berlinski-la-voix-de-la-ferveur\/#breadcrumb"},"inLanguage":"it-IT","potentialAction":[{"@type":"ReadAction","target":["https:\/\/www.iemj.org\/it\/produit\/shalom-berlinski-la-voix-de-la-ferveur\/"]}]},{"@type":"ImageObject","inLanguage":"it-IT","@id":"https:\/\/www.iemj.org\/it\/produit\/shalom-berlinski-la-voix-de-la-ferveur\/#primaryimage","url":"https:\/\/www.iemj.org\/wp-content\/uploads\/2021\/07\/CD-PMJF-3.jpg","contentUrl":"https:\/\/www.iemj.org\/wp-content\/uploads\/2021\/07\/CD-PMJF-3.jpg","width":350,"height":350,"caption":"COUV CD PMJF 3 - Berlinski"},{"@type":"BreadcrumbList","@id":"https:\/\/www.iemj.org\/it\/produit\/shalom-berlinski-la-voix-de-la-ferveur\/#breadcrumb","itemListElement":[{"@type":"ListItem","position":1,"name":"Accueil","item":"https:\/\/www.iemj.org\/it\/"},{"@type":"ListItem","position":2,"name":"Boutique","item":"https:\/\/www.iemj.org\/it\/negozio\/"},{"@type":"ListItem","position":3,"name":"Shalom Berlinski, la voix de la ferveur"}]},{"@type":"WebSite","@id":"https:\/\/www.iemj.org\/it\/#website","url":"https:\/\/www.iemj.org\/it\/","name":"Institut Europ\u00e9en des Musiques Juives","description":"Des traditions musicales \u00e0 la port\u00e9e de tous","publisher":{"@id":"https:\/\/www.iemj.org\/it\/#organization"},"potentialAction":[{"@type":"SearchAction","target":{"@type":"EntryPoint","urlTemplate":"https:\/\/www.iemj.org\/it\/?s={search_term_string}"},"query-input":{"@type":"PropertyValueSpecification","valueRequired":true,"valueName":"search_term_string"}}],"inLanguage":"it-IT"},{"@type":"Organization","@id":"https:\/\/www.iemj.org\/it\/#organization","name":"Institut Europ\u00e9en des Musiques Juives","url":"https:\/\/www.iemj.org\/it\/","logo":{"@type":"ImageObject","inLanguage":"it-IT","@id":"https:\/\/www.iemj.org\/it\/#\/schema\/logo\/image\/","url":"https:\/\/www.iemj.org\/wp-content\/uploads\/2021\/09\/Logo-IEMJ-Paypal.jpg","contentUrl":"https:\/\/www.iemj.org\/wp-content\/uploads\/2021\/09\/Logo-IEMJ-Paypal.jpg","width":150,"height":50,"caption":"Institut Europ\u00e9en des Musiques Juives"},"image":{"@id":"https:\/\/www.iemj.org\/it\/#\/schema\/logo\/image\/"},"sameAs":["https:\/\/www.facebook.com\/MusiquesJuives\/","https:\/\/www.instagram.com\/musiquesjuives\/","https:\/\/www.youtube.com\/user\/musiquesjuives"]}]}},"_links":{"self":[{"href":"https:\/\/www.iemj.org\/it\/wp-json\/wp\/v2\/product\/56992","targetHints":{"allow":["GET"]}}],"collection":[{"href":"https:\/\/www.iemj.org\/it\/wp-json\/wp\/v2\/product"}],"about":[{"href":"https:\/\/www.iemj.org\/it\/wp-json\/wp\/v2\/types\/product"}],"replies":[{"embeddable":true,"href":"https:\/\/www.iemj.org\/it\/wp-json\/wp\/v2\/comments?post=56992"}],"wp:featuredmedia":[{"embeddable":true,"href":"https:\/\/www.iemj.org\/it\/wp-json\/wp\/v2\/media\/56802"}],"wp:attachment":[{"href":"https:\/\/www.iemj.org\/it\/wp-json\/wp\/v2\/media?parent=56992"}],"wp:term":[{"taxonomy":"product_brand","embeddable":true,"href":"https:\/\/www.iemj.org\/it\/wp-json\/wp\/v2\/product_brand?post=56992"},{"taxonomy":"product_cat","embeddable":true,"href":"https:\/\/www.iemj.org\/it\/wp-json\/wp\/v2\/product_cat?post=56992"},{"taxonomy":"product_tag","embeddable":true,"href":"https:\/\/www.iemj.org\/it\/wp-json\/wp\/v2\/product_tag?post=56992"}],"curies":[{"name":"wp","href":"https:\/\/api.w.org\/{rel}","templated":true}]}}