{"id":57008,"date":"2015-02-28T10:15:26","date_gmt":"2015-02-28T09:15:26","guid":{"rendered":"https:\/\/www.iemj.org\/produit\/musiques-judeo-francaises-des-xviiie-et-xixe-siecles\/"},"modified":"2025-10-13T11:29:30","modified_gmt":"2025-10-13T09:29:30","slug":"musiques-judeo-francaises-des-xviiie-et-xixe-siecles","status":"publish","type":"product","link":"https:\/\/www.iemj.org\/it\/produit\/musiques-judeo-francaises-des-xviiie-et-xixe-siecles\/","title":{"rendered":"Musiques jud\u00e9o-francaises des XVIIIe et XIXe si\u00e8cles"},"content":{"rendered":"<p>In the 18th century, the Jewish people are concentrated in three major locations : the Comtat Venaissin, the South West of France and Alsace-Lorraine region. Their musical practices come primarily from oral tradition.<\/p>\n<p>The reform of the Consistory at the beginning of the 19th century will bring great changes to musical practices in the synagogues: music will be written, chorus created, and instrumental accompaniment become widespread. But the 2nd World War and the demographic upheavals of the 20th century will cause the decline of these three traditions. They are, however, original musical traditions. The Comtadin music, which has been forgotten today, reveals the old-fashioned charm of Proven\u00e7al music from the 18th century. Religious poems are in the Proven\u00e7al language, sometimes mixed with Hebrew or Aramaic.<\/p>\n<p>The traditions from Bordeaux and Bayonne resembles those of the ancient Portuguese nationality from South West of France that had a complicated fate. Music from various origins are mixed in, from antique biblical cantillations to harmonized arrangements of the 19th century, touching on the soft Andalusian melodies of Medieval Spain.<\/p>\n<p>Finally, in the music from the Consistory, the use of the organ, the beauty of the mixed chorus and the care brought to the arrangements reveal a cult that wishes to integrate the aesthetic styles of its era while at the same time, be open to modernity.<\/p>\n<p>Featuring many previously unreleased pieces of music recorded by Adolphe Attia, Mag Tayar and Michel Podolak\u2019s choir, this CD offers a glimpse into the liturgical traditions of the Comtadins, Portuguese and Ashkenazim in France in the 18th and 19th centuries.<\/p>\n<p>Extracts:<\/p>\n<p>01 &#8211; Lekha dodi<\/p>\n<audio class=\"wp-audio-shortcode\" id=\"audio-57008-1\" preload=\"none\" style=\"width: 100%;\" controls=\"controls\"><source type=\"audio\/mpeg\" src=\"https:\/\/www.iemj.org\/wp-content\/uploads\/2015\/02\/Lekha-dodi.mp3?_=1\" \/><a href=\"https:\/\/www.iemj.org\/wp-content\/uploads\/2015\/02\/Lekha-dodi.mp3\">https:\/\/www.iemj.org\/wp-content\/uploads\/2015\/02\/Lekha-dodi.mp3<\/a><\/audio>\n<p>10 &#8211; Un cabri, had gadya<\/p>\n<audio class=\"wp-audio-shortcode\" id=\"audio-57008-2\" preload=\"none\" style=\"width: 100%;\" controls=\"controls\"><source type=\"audio\/mpeg\" src=\"https:\/\/www.iemj.org\/wp-content\/uploads\/2015\/02\/Un-cabri-had-gadya-extrait.mp3?_=2\" \/><a href=\"https:\/\/www.iemj.org\/wp-content\/uploads\/2015\/02\/Un-cabri-had-gadya-extrait.mp3\">https:\/\/www.iemj.org\/wp-content\/uploads\/2015\/02\/Un-cabri-had-gadya-extrait.mp3<\/a><\/audio>\n<p>12 &#8211; Kaddish<\/p>\n<audio class=\"wp-audio-shortcode\" id=\"audio-57008-3\" preload=\"none\" style=\"width: 100%;\" controls=\"controls\"><source type=\"audio\/mpeg\" src=\"https:\/\/www.iemj.org\/wp-content\/uploads\/2015\/02\/Kaddish-extrait.mp3?_=3\" \/><a href=\"https:\/\/www.iemj.org\/wp-content\/uploads\/2015\/02\/Kaddish-extrait.mp3\">https:\/\/www.iemj.org\/wp-content\/uploads\/2015\/02\/Kaddish-extrait.mp3<\/a><\/audio>\n<p>18 &#8211; Adon olam<\/p>\n<audio class=\"wp-audio-shortcode\" id=\"audio-57008-4\" preload=\"none\" style=\"width: 100%;\" controls=\"controls\"><source type=\"audio\/mpeg\" src=\"https:\/\/www.iemj.org\/wp-content\/uploads\/2015\/02\/Adon-olam-extrait.mp3?_=4\" \/><a href=\"https:\/\/www.iemj.org\/wp-content\/uploads\/2015\/02\/Adon-olam-extrait.mp3\">https:\/\/www.iemj.org\/wp-content\/uploads\/2015\/02\/Adon-olam-extrait.mp3<\/a><\/audio>\n","protected":false},"excerpt":{"rendered":"<p>A rare glimpse at three centuries of now vanished Comtadine, Portuguese and French Ashkenazi Jewish musical traditions.<\/p>\n","protected":false},"featured_media":56857,"comment_status":"open","ping_status":"closed","template":"","meta":{"_acf_changed":false},"product_brand":[],"product_cat":[1992,2314,2302,2322],"product_tag":[],"class_list":{"0":"post-57008","1":"product","2":"type-product","3":"status-publish","4":"has-post-thumbnail","6":"product_cat-cd-it","7":"product_cat-collezione-pmjf","8":"product_cat-edizioni-delliemj-it","9":"product_cat-liturgico-cd-it","10":"pa_musique-album-fisico-it","11":"pa_musique-album-scaricabile-it","13":"first","14":"instock","15":"featured","16":"shipping-taxable","17":"purchasable","18":"product-type-variable"},"acf":[],"yoast_head":"<!-- This site is optimized with the Yoast SEO plugin v27.3 - https:\/\/yoast.com\/product\/yoast-seo-wordpress\/ -->\n<title>Musiques jud\u00e9o-francaises des XVIIIe et XIXe si\u00e8cles - Institut Europ\u00e9en des Musiques Juives<\/title>\n<meta name=\"robots\" content=\"index, follow, max-snippet:-1, max-image-preview:large, max-video-preview:-1\" \/>\n<link rel=\"canonical\" href=\"https:\/\/www.iemj.org\/it\/produit\/musiques-judeo-francaises-des-xviiie-et-xixe-siecles\/\" \/>\n<meta property=\"og:locale\" content=\"it_IT\" \/>\n<meta property=\"og:type\" content=\"article\" \/>\n<meta property=\"og:title\" content=\"Musiques jud\u00e9o-francaises des XVIIIe et XIXe si\u00e8cles - Institut Europ\u00e9en des Musiques Juives\" \/>\n<meta property=\"og:description\" content=\"A rare glimpse at three centuries of now vanished Comtadine, Portuguese and French Ashkenazi Jewish musical traditions.\" \/>\n<meta property=\"og:url\" content=\"https:\/\/www.iemj.org\/it\/produit\/musiques-judeo-francaises-des-xviiie-et-xixe-siecles\/\" \/>\n<meta property=\"og:site_name\" content=\"Institut Europ\u00e9en des Musiques Juives\" \/>\n<meta property=\"article:publisher\" content=\"https:\/\/www.facebook.com\/MusiquesJuives\/\" \/>\n<meta property=\"article:modified_time\" content=\"2025-10-13T09:29:30+00:00\" \/>\n<meta property=\"og:image\" content=\"https:\/\/www.iemj.org\/wp-content\/uploads\/2021\/07\/CD-PMJF-2.jpg\" \/>\n\t<meta property=\"og:image:width\" content=\"350\" \/>\n\t<meta property=\"og:image:height\" content=\"350\" \/>\n\t<meta property=\"og:image:type\" content=\"image\/jpeg\" \/>\n<meta name=\"twitter:card\" content=\"summary_large_image\" \/>\n<meta name=\"twitter:label1\" content=\"Tempo di lettura stimato\" \/>\n\t<meta name=\"twitter:data1\" content=\"2 minuti\" \/>\n<script type=\"application\/ld+json\" class=\"yoast-schema-graph\">{\"@context\":\"https:\\\/\\\/schema.org\",\"@graph\":[{\"@type\":\"WebPage\",\"@id\":\"https:\\\/\\\/www.iemj.org\\\/it\\\/produit\\\/musiques-judeo-francaises-des-xviiie-et-xixe-siecles\\\/\",\"url\":\"https:\\\/\\\/www.iemj.org\\\/it\\\/produit\\\/musiques-judeo-francaises-des-xviiie-et-xixe-siecles\\\/\",\"name\":\"Musiques jud\u00e9o-francaises des XVIIIe et XIXe si\u00e8cles - Institut Europ\u00e9en des Musiques Juives\",\"isPartOf\":{\"@id\":\"https:\\\/\\\/www.iemj.org\\\/it\\\/#website\"},\"primaryImageOfPage\":{\"@id\":\"https:\\\/\\\/www.iemj.org\\\/it\\\/produit\\\/musiques-judeo-francaises-des-xviiie-et-xixe-siecles\\\/#primaryimage\"},\"image\":{\"@id\":\"https:\\\/\\\/www.iemj.org\\\/it\\\/produit\\\/musiques-judeo-francaises-des-xviiie-et-xixe-siecles\\\/#primaryimage\"},\"thumbnailUrl\":\"https:\\\/\\\/www.iemj.org\\\/wp-content\\\/uploads\\\/2021\\\/07\\\/CD-PMJF-2.jpg\",\"datePublished\":\"2015-02-28T09:15:26+00:00\",\"dateModified\":\"2025-10-13T09:29:30+00:00\",\"breadcrumb\":{\"@id\":\"https:\\\/\\\/www.iemj.org\\\/it\\\/produit\\\/musiques-judeo-francaises-des-xviiie-et-xixe-siecles\\\/#breadcrumb\"},\"inLanguage\":\"it-IT\",\"potentialAction\":[{\"@type\":\"ReadAction\",\"target\":[\"https:\\\/\\\/www.iemj.org\\\/it\\\/produit\\\/musiques-judeo-francaises-des-xviiie-et-xixe-siecles\\\/\"]}]},{\"@type\":\"ImageObject\",\"inLanguage\":\"it-IT\",\"@id\":\"https:\\\/\\\/www.iemj.org\\\/it\\\/produit\\\/musiques-judeo-francaises-des-xviiie-et-xixe-siecles\\\/#primaryimage\",\"url\":\"https:\\\/\\\/www.iemj.org\\\/wp-content\\\/uploads\\\/2021\\\/07\\\/CD-PMJF-2.jpg\",\"contentUrl\":\"https:\\\/\\\/www.iemj.org\\\/wp-content\\\/uploads\\\/2021\\\/07\\\/CD-PMJF-2.jpg\",\"width\":350,\"height\":350,\"caption\":\"COV CD PMJF - Musiques jud\u00e9o-francaises des XVIIIe et XIXe si\u00e8cles\"},{\"@type\":\"BreadcrumbList\",\"@id\":\"https:\\\/\\\/www.iemj.org\\\/it\\\/produit\\\/musiques-judeo-francaises-des-xviiie-et-xixe-siecles\\\/#breadcrumb\",\"itemListElement\":[{\"@type\":\"ListItem\",\"position\":1,\"name\":\"Accueil\",\"item\":\"https:\\\/\\\/www.iemj.org\\\/it\\\/\"},{\"@type\":\"ListItem\",\"position\":2,\"name\":\"Boutique\",\"item\":\"https:\\\/\\\/www.iemj.org\\\/it\\\/negozio\\\/\"},{\"@type\":\"ListItem\",\"position\":3,\"name\":\"Musiques jud\u00e9o-francaises des XVIIIe et XIXe si\u00e8cles\"}]},{\"@type\":\"WebSite\",\"@id\":\"https:\\\/\\\/www.iemj.org\\\/it\\\/#website\",\"url\":\"https:\\\/\\\/www.iemj.org\\\/it\\\/\",\"name\":\"Institut Europ\u00e9en des Musiques Juives\",\"description\":\"Des traditions musicales \u00e0 la port\u00e9e de tous\",\"publisher\":{\"@id\":\"https:\\\/\\\/www.iemj.org\\\/it\\\/#organization\"},\"potentialAction\":[{\"@type\":\"SearchAction\",\"target\":{\"@type\":\"EntryPoint\",\"urlTemplate\":\"https:\\\/\\\/www.iemj.org\\\/it\\\/?s={search_term_string}\"},\"query-input\":{\"@type\":\"PropertyValueSpecification\",\"valueRequired\":true,\"valueName\":\"search_term_string\"}}],\"inLanguage\":\"it-IT\"},{\"@type\":\"Organization\",\"@id\":\"https:\\\/\\\/www.iemj.org\\\/it\\\/#organization\",\"name\":\"Institut Europ\u00e9en des Musiques Juives\",\"url\":\"https:\\\/\\\/www.iemj.org\\\/it\\\/\",\"logo\":{\"@type\":\"ImageObject\",\"inLanguage\":\"it-IT\",\"@id\":\"https:\\\/\\\/www.iemj.org\\\/it\\\/#\\\/schema\\\/logo\\\/image\\\/\",\"url\":\"https:\\\/\\\/www.iemj.org\\\/wp-content\\\/uploads\\\/2021\\\/09\\\/Logo-IEMJ-Paypal.jpg\",\"contentUrl\":\"https:\\\/\\\/www.iemj.org\\\/wp-content\\\/uploads\\\/2021\\\/09\\\/Logo-IEMJ-Paypal.jpg\",\"width\":150,\"height\":50,\"caption\":\"Institut Europ\u00e9en des Musiques Juives\"},\"image\":{\"@id\":\"https:\\\/\\\/www.iemj.org\\\/it\\\/#\\\/schema\\\/logo\\\/image\\\/\"},\"sameAs\":[\"https:\\\/\\\/www.facebook.com\\\/MusiquesJuives\\\/\",\"https:\\\/\\\/www.instagram.com\\\/musiquesjuives\\\/\",\"https:\\\/\\\/www.youtube.com\\\/user\\\/musiquesjuives\"]}]}<\/script>\n<!-- \/ Yoast SEO plugin. -->","yoast_head_json":{"title":"Musiques jud\u00e9o-francaises des XVIIIe et XIXe si\u00e8cles - Institut Europ\u00e9en des Musiques Juives","robots":{"index":"index","follow":"follow","max-snippet":"max-snippet:-1","max-image-preview":"max-image-preview:large","max-video-preview":"max-video-preview:-1"},"canonical":"https:\/\/www.iemj.org\/it\/produit\/musiques-judeo-francaises-des-xviiie-et-xixe-siecles\/","og_locale":"it_IT","og_type":"article","og_title":"Musiques jud\u00e9o-francaises des XVIIIe et XIXe si\u00e8cles - Institut Europ\u00e9en des Musiques Juives","og_description":"A rare glimpse at three centuries of now vanished Comtadine, Portuguese and French Ashkenazi Jewish musical traditions.","og_url":"https:\/\/www.iemj.org\/it\/produit\/musiques-judeo-francaises-des-xviiie-et-xixe-siecles\/","og_site_name":"Institut Europ\u00e9en des Musiques Juives","article_publisher":"https:\/\/www.facebook.com\/MusiquesJuives\/","article_modified_time":"2025-10-13T09:29:30+00:00","og_image":[{"width":350,"height":350,"url":"https:\/\/www.iemj.org\/wp-content\/uploads\/2021\/07\/CD-PMJF-2.jpg","type":"image\/jpeg"}],"twitter_card":"summary_large_image","twitter_misc":{"Tempo di lettura stimato":"2 minuti"},"schema":{"@context":"https:\/\/schema.org","@graph":[{"@type":"WebPage","@id":"https:\/\/www.iemj.org\/it\/produit\/musiques-judeo-francaises-des-xviiie-et-xixe-siecles\/","url":"https:\/\/www.iemj.org\/it\/produit\/musiques-judeo-francaises-des-xviiie-et-xixe-siecles\/","name":"Musiques jud\u00e9o-francaises des XVIIIe et XIXe si\u00e8cles - Institut Europ\u00e9en des Musiques Juives","isPartOf":{"@id":"https:\/\/www.iemj.org\/it\/#website"},"primaryImageOfPage":{"@id":"https:\/\/www.iemj.org\/it\/produit\/musiques-judeo-francaises-des-xviiie-et-xixe-siecles\/#primaryimage"},"image":{"@id":"https:\/\/www.iemj.org\/it\/produit\/musiques-judeo-francaises-des-xviiie-et-xixe-siecles\/#primaryimage"},"thumbnailUrl":"https:\/\/www.iemj.org\/wp-content\/uploads\/2021\/07\/CD-PMJF-2.jpg","datePublished":"2015-02-28T09:15:26+00:00","dateModified":"2025-10-13T09:29:30+00:00","breadcrumb":{"@id":"https:\/\/www.iemj.org\/it\/produit\/musiques-judeo-francaises-des-xviiie-et-xixe-siecles\/#breadcrumb"},"inLanguage":"it-IT","potentialAction":[{"@type":"ReadAction","target":["https:\/\/www.iemj.org\/it\/produit\/musiques-judeo-francaises-des-xviiie-et-xixe-siecles\/"]}]},{"@type":"ImageObject","inLanguage":"it-IT","@id":"https:\/\/www.iemj.org\/it\/produit\/musiques-judeo-francaises-des-xviiie-et-xixe-siecles\/#primaryimage","url":"https:\/\/www.iemj.org\/wp-content\/uploads\/2021\/07\/CD-PMJF-2.jpg","contentUrl":"https:\/\/www.iemj.org\/wp-content\/uploads\/2021\/07\/CD-PMJF-2.jpg","width":350,"height":350,"caption":"COV CD PMJF - Musiques jud\u00e9o-francaises des XVIIIe et XIXe si\u00e8cles"},{"@type":"BreadcrumbList","@id":"https:\/\/www.iemj.org\/it\/produit\/musiques-judeo-francaises-des-xviiie-et-xixe-siecles\/#breadcrumb","itemListElement":[{"@type":"ListItem","position":1,"name":"Accueil","item":"https:\/\/www.iemj.org\/it\/"},{"@type":"ListItem","position":2,"name":"Boutique","item":"https:\/\/www.iemj.org\/it\/negozio\/"},{"@type":"ListItem","position":3,"name":"Musiques jud\u00e9o-francaises des XVIIIe et XIXe si\u00e8cles"}]},{"@type":"WebSite","@id":"https:\/\/www.iemj.org\/it\/#website","url":"https:\/\/www.iemj.org\/it\/","name":"Institut Europ\u00e9en des Musiques Juives","description":"Des traditions musicales \u00e0 la port\u00e9e de tous","publisher":{"@id":"https:\/\/www.iemj.org\/it\/#organization"},"potentialAction":[{"@type":"SearchAction","target":{"@type":"EntryPoint","urlTemplate":"https:\/\/www.iemj.org\/it\/?s={search_term_string}"},"query-input":{"@type":"PropertyValueSpecification","valueRequired":true,"valueName":"search_term_string"}}],"inLanguage":"it-IT"},{"@type":"Organization","@id":"https:\/\/www.iemj.org\/it\/#organization","name":"Institut Europ\u00e9en des Musiques Juives","url":"https:\/\/www.iemj.org\/it\/","logo":{"@type":"ImageObject","inLanguage":"it-IT","@id":"https:\/\/www.iemj.org\/it\/#\/schema\/logo\/image\/","url":"https:\/\/www.iemj.org\/wp-content\/uploads\/2021\/09\/Logo-IEMJ-Paypal.jpg","contentUrl":"https:\/\/www.iemj.org\/wp-content\/uploads\/2021\/09\/Logo-IEMJ-Paypal.jpg","width":150,"height":50,"caption":"Institut Europ\u00e9en des Musiques Juives"},"image":{"@id":"https:\/\/www.iemj.org\/it\/#\/schema\/logo\/image\/"},"sameAs":["https:\/\/www.facebook.com\/MusiquesJuives\/","https:\/\/www.instagram.com\/musiquesjuives\/","https:\/\/www.youtube.com\/user\/musiquesjuives"]}]}},"_links":{"self":[{"href":"https:\/\/www.iemj.org\/it\/wp-json\/wp\/v2\/product\/57008","targetHints":{"allow":["GET"]}}],"collection":[{"href":"https:\/\/www.iemj.org\/it\/wp-json\/wp\/v2\/product"}],"about":[{"href":"https:\/\/www.iemj.org\/it\/wp-json\/wp\/v2\/types\/product"}],"replies":[{"embeddable":true,"href":"https:\/\/www.iemj.org\/it\/wp-json\/wp\/v2\/comments?post=57008"}],"wp:featuredmedia":[{"embeddable":true,"href":"https:\/\/www.iemj.org\/it\/wp-json\/wp\/v2\/media\/56857"}],"wp:attachment":[{"href":"https:\/\/www.iemj.org\/it\/wp-json\/wp\/v2\/media?parent=57008"}],"wp:term":[{"taxonomy":"product_brand","embeddable":true,"href":"https:\/\/www.iemj.org\/it\/wp-json\/wp\/v2\/product_brand?post=57008"},{"taxonomy":"product_cat","embeddable":true,"href":"https:\/\/www.iemj.org\/it\/wp-json\/wp\/v2\/product_cat?post=57008"},{"taxonomy":"product_tag","embeddable":true,"href":"https:\/\/www.iemj.org\/it\/wp-json\/wp\/v2\/product_tag?post=57008"}],"curies":[{"name":"wp","href":"https:\/\/api.w.org\/{rel}","templated":true}]}}