{"id":57544,"date":"2015-06-22T17:15:30","date_gmt":"2015-06-22T15:15:30","guid":{"rendered":"https:\/\/www.iemj.org\/produit\/yubka-samuel-berthod-plays-jean-pierre-stora\/"},"modified":"2021-07-21T16:09:00","modified_gmt":"2021-07-21T14:09:00","slug":"yubka-samuel-berthod-plays-jean-pierre-stora","status":"publish","type":"product","link":"https:\/\/www.iemj.org\/it\/produit\/yubka-samuel-berthod-plays-jean-pierre-stora\/","title":{"rendered":"Yubka &#8211; Samuel Berthod plays Jean-Pierre Stora"},"content":{"rendered":"<p>In this CD called Yubka, beautifully perfomed by the clarinetist Samuel Berthod, with Gabriel Androne on the accordion and Fr\u00e9d\u00e9rik Fraysse on the double bass, the composer Jean-Pierre Stora offers to us an album inspired by East-European Jewish music.<\/p>\n<p><br class=\"autobr\" \/>An amazing cocktail of simple and rich melodies, to listen to without restraint&#8230;<\/p>\n<p>Extraits :<\/p>\n<p>03 &#8211; Agnia<\/p>\n<audio class=\"wp-audio-shortcode\" id=\"audio-57544-1\" preload=\"none\" style=\"width: 100%;\" controls=\"controls\"><source type=\"audio\/mpeg\" src=\"https:\/\/www.iemj.org\/wp-content\/uploads\/2015\/06\/Agnia-extrait.mp3?_=1\" \/><a href=\"https:\/\/www.iemj.org\/wp-content\/uploads\/2015\/06\/Agnia-extrait.mp3\">https:\/\/www.iemj.org\/wp-content\/uploads\/2015\/06\/Agnia-extrait.mp3<\/a><\/audio>\n<p>05 &#8211; Yubka<\/p>\n<audio class=\"wp-audio-shortcode\" id=\"audio-57544-2\" preload=\"none\" style=\"width: 100%;\" controls=\"controls\"><source type=\"audio\/mpeg\" src=\"https:\/\/www.iemj.org\/wp-content\/uploads\/2015\/06\/Yubka-extrait.mp3?_=2\" \/><a href=\"https:\/\/www.iemj.org\/wp-content\/uploads\/2015\/06\/Yubka-extrait.mp3\">https:\/\/www.iemj.org\/wp-content\/uploads\/2015\/06\/Yubka-extrait.mp3<\/a><\/audio>\n<p>08 &#8211; Douce Larissa<\/p>\n<audio class=\"wp-audio-shortcode\" id=\"audio-57544-3\" preload=\"none\" style=\"width: 100%;\" controls=\"controls\"><source type=\"audio\/mpeg\" src=\"https:\/\/www.iemj.org\/wp-content\/uploads\/2015\/06\/Douce-Larissa-extrait.mp3?_=3\" \/><a href=\"https:\/\/www.iemj.org\/wp-content\/uploads\/2015\/06\/Douce-Larissa-extrait.mp3\">https:\/\/www.iemj.org\/wp-content\/uploads\/2015\/06\/Douce-Larissa-extrait.mp3<\/a><\/audio>\n<p>10 &#8211; Souffle de libert\u00e9<\/p>\n<audio class=\"wp-audio-shortcode\" id=\"audio-57544-4\" preload=\"none\" style=\"width: 100%;\" controls=\"controls\"><source type=\"audio\/mpeg\" src=\"https:\/\/www.iemj.org\/wp-content\/uploads\/2015\/06\/Souffle-de-liberte-extrait.mp3?_=4\" \/><a href=\"https:\/\/www.iemj.org\/wp-content\/uploads\/2015\/06\/Souffle-de-liberte-extrait.mp3\">https:\/\/www.iemj.org\/wp-content\/uploads\/2015\/06\/Souffle-de-liberte-extrait.mp3<\/a><\/audio>\n","protected":false},"excerpt":{"rendered":"<p>The composer Jean-Pierre Stora offers to us an album inspired by East-European Jewish music.<\/p>\n","protected":false},"featured_media":57687,"comment_status":"open","ping_status":"closed","template":"","meta":{"_acf_changed":false},"product_brand":[],"product_cat":[2297,1992],"product_tag":[],"class_list":{"0":"post-57544","1":"product","2":"type-product","3":"status-publish","4":"has-post-thumbnail","6":"product_cat-altri-editori-it","7":"product_cat-cd-it","9":"first","10":"outofstock","11":"shipping-taxable","12":"purchasable","13":"product-type-simple"},"acf":[],"yoast_head":"<!-- This site is optimized with the Yoast SEO plugin v27.3 - https:\/\/yoast.com\/product\/yoast-seo-wordpress\/ -->\n<title>Yubka - Samuel Berthod plays Jean-Pierre Stora - Institut Europ\u00e9en des Musiques Juives<\/title>\n<meta name=\"robots\" content=\"index, follow, max-snippet:-1, max-image-preview:large, max-video-preview:-1\" \/>\n<link rel=\"canonical\" href=\"https:\/\/www.iemj.org\/it\/produit\/yubka-samuel-berthod-plays-jean-pierre-stora\/\" \/>\n<meta property=\"og:locale\" content=\"it_IT\" \/>\n<meta property=\"og:type\" content=\"article\" \/>\n<meta property=\"og:title\" content=\"Yubka - Samuel Berthod plays Jean-Pierre Stora - Institut Europ\u00e9en des Musiques Juives\" \/>\n<meta property=\"og:description\" content=\"The composer Jean-Pierre Stora offers to us an album inspired by East-European Jewish music.\" \/>\n<meta property=\"og:url\" content=\"https:\/\/www.iemj.org\/it\/produit\/yubka-samuel-berthod-plays-jean-pierre-stora\/\" \/>\n<meta property=\"og:site_name\" content=\"Institut Europ\u00e9en des Musiques Juives\" \/>\n<meta property=\"article:publisher\" content=\"https:\/\/www.facebook.com\/MusiquesJuives\/\" \/>\n<meta property=\"article:modified_time\" content=\"2021-07-21T14:09:00+00:00\" \/>\n<meta property=\"og:image\" content=\"https:\/\/www.iemj.org\/wp-content\/uploads\/2015\/06\/COUV-CD-Yubka.jpg\" \/>\n\t<meta property=\"og:image:width\" content=\"350\" \/>\n\t<meta property=\"og:image:height\" content=\"314\" \/>\n\t<meta property=\"og:image:type\" content=\"image\/jpeg\" \/>\n<meta name=\"twitter:card\" content=\"summary_large_image\" \/>\n<meta name=\"twitter:label1\" content=\"Tempo di lettura stimato\" \/>\n\t<meta name=\"twitter:data1\" content=\"1 minuto\" \/>\n<script type=\"application\/ld+json\" class=\"yoast-schema-graph\">{\"@context\":\"https:\\\/\\\/schema.org\",\"@graph\":[{\"@type\":\"WebPage\",\"@id\":\"https:\\\/\\\/www.iemj.org\\\/it\\\/produit\\\/yubka-samuel-berthod-plays-jean-pierre-stora\\\/\",\"url\":\"https:\\\/\\\/www.iemj.org\\\/it\\\/produit\\\/yubka-samuel-berthod-plays-jean-pierre-stora\\\/\",\"name\":\"Yubka - Samuel Berthod plays Jean-Pierre Stora - Institut Europ\u00e9en des Musiques Juives\",\"isPartOf\":{\"@id\":\"https:\\\/\\\/www.iemj.org\\\/it\\\/#website\"},\"primaryImageOfPage\":{\"@id\":\"https:\\\/\\\/www.iemj.org\\\/it\\\/produit\\\/yubka-samuel-berthod-plays-jean-pierre-stora\\\/#primaryimage\"},\"image\":{\"@id\":\"https:\\\/\\\/www.iemj.org\\\/it\\\/produit\\\/yubka-samuel-berthod-plays-jean-pierre-stora\\\/#primaryimage\"},\"thumbnailUrl\":\"https:\\\/\\\/www.iemj.org\\\/wp-content\\\/uploads\\\/2015\\\/06\\\/COUV-CD-Yubka.jpg\",\"datePublished\":\"2015-06-22T15:15:30+00:00\",\"dateModified\":\"2021-07-21T14:09:00+00:00\",\"breadcrumb\":{\"@id\":\"https:\\\/\\\/www.iemj.org\\\/it\\\/produit\\\/yubka-samuel-berthod-plays-jean-pierre-stora\\\/#breadcrumb\"},\"inLanguage\":\"it-IT\",\"potentialAction\":[{\"@type\":\"ReadAction\",\"target\":[\"https:\\\/\\\/www.iemj.org\\\/it\\\/produit\\\/yubka-samuel-berthod-plays-jean-pierre-stora\\\/\"]}]},{\"@type\":\"ImageObject\",\"inLanguage\":\"it-IT\",\"@id\":\"https:\\\/\\\/www.iemj.org\\\/it\\\/produit\\\/yubka-samuel-berthod-plays-jean-pierre-stora\\\/#primaryimage\",\"url\":\"https:\\\/\\\/www.iemj.org\\\/wp-content\\\/uploads\\\/2015\\\/06\\\/COUV-CD-Yubka.jpg\",\"contentUrl\":\"https:\\\/\\\/www.iemj.org\\\/wp-content\\\/uploads\\\/2015\\\/06\\\/COUV-CD-Yubka.jpg\",\"width\":350,\"height\":314,\"caption\":\"COUV CD Yubka\"},{\"@type\":\"BreadcrumbList\",\"@id\":\"https:\\\/\\\/www.iemj.org\\\/it\\\/produit\\\/yubka-samuel-berthod-plays-jean-pierre-stora\\\/#breadcrumb\",\"itemListElement\":[{\"@type\":\"ListItem\",\"position\":1,\"name\":\"Accueil\",\"item\":\"https:\\\/\\\/www.iemj.org\\\/it\\\/\"},{\"@type\":\"ListItem\",\"position\":2,\"name\":\"Boutique\",\"item\":\"https:\\\/\\\/www.iemj.org\\\/it\\\/negozio\\\/\"},{\"@type\":\"ListItem\",\"position\":3,\"name\":\"Yubka &#8211; Samuel Berthod plays Jean-Pierre Stora\"}]},{\"@type\":\"WebSite\",\"@id\":\"https:\\\/\\\/www.iemj.org\\\/it\\\/#website\",\"url\":\"https:\\\/\\\/www.iemj.org\\\/it\\\/\",\"name\":\"Institut Europ\u00e9en des Musiques Juives\",\"description\":\"Des traditions musicales \u00e0 la port\u00e9e de tous\",\"publisher\":{\"@id\":\"https:\\\/\\\/www.iemj.org\\\/it\\\/#organization\"},\"potentialAction\":[{\"@type\":\"SearchAction\",\"target\":{\"@type\":\"EntryPoint\",\"urlTemplate\":\"https:\\\/\\\/www.iemj.org\\\/it\\\/?s={search_term_string}\"},\"query-input\":{\"@type\":\"PropertyValueSpecification\",\"valueRequired\":true,\"valueName\":\"search_term_string\"}}],\"inLanguage\":\"it-IT\"},{\"@type\":\"Organization\",\"@id\":\"https:\\\/\\\/www.iemj.org\\\/it\\\/#organization\",\"name\":\"Institut Europ\u00e9en des Musiques Juives\",\"url\":\"https:\\\/\\\/www.iemj.org\\\/it\\\/\",\"logo\":{\"@type\":\"ImageObject\",\"inLanguage\":\"it-IT\",\"@id\":\"https:\\\/\\\/www.iemj.org\\\/it\\\/#\\\/schema\\\/logo\\\/image\\\/\",\"url\":\"https:\\\/\\\/www.iemj.org\\\/wp-content\\\/uploads\\\/2021\\\/09\\\/Logo-IEMJ-Paypal.jpg\",\"contentUrl\":\"https:\\\/\\\/www.iemj.org\\\/wp-content\\\/uploads\\\/2021\\\/09\\\/Logo-IEMJ-Paypal.jpg\",\"width\":150,\"height\":50,\"caption\":\"Institut Europ\u00e9en des Musiques Juives\"},\"image\":{\"@id\":\"https:\\\/\\\/www.iemj.org\\\/it\\\/#\\\/schema\\\/logo\\\/image\\\/\"},\"sameAs\":[\"https:\\\/\\\/www.facebook.com\\\/MusiquesJuives\\\/\",\"https:\\\/\\\/www.instagram.com\\\/musiquesjuives\\\/\",\"https:\\\/\\\/www.youtube.com\\\/user\\\/musiquesjuives\"]}]}<\/script>\n<!-- \/ Yoast SEO plugin. -->","yoast_head_json":{"title":"Yubka - Samuel Berthod plays Jean-Pierre Stora - Institut Europ\u00e9en des Musiques Juives","robots":{"index":"index","follow":"follow","max-snippet":"max-snippet:-1","max-image-preview":"max-image-preview:large","max-video-preview":"max-video-preview:-1"},"canonical":"https:\/\/www.iemj.org\/it\/produit\/yubka-samuel-berthod-plays-jean-pierre-stora\/","og_locale":"it_IT","og_type":"article","og_title":"Yubka - Samuel Berthod plays Jean-Pierre Stora - Institut Europ\u00e9en des Musiques Juives","og_description":"The composer Jean-Pierre Stora offers to us an album inspired by East-European Jewish music.","og_url":"https:\/\/www.iemj.org\/it\/produit\/yubka-samuel-berthod-plays-jean-pierre-stora\/","og_site_name":"Institut Europ\u00e9en des Musiques Juives","article_publisher":"https:\/\/www.facebook.com\/MusiquesJuives\/","article_modified_time":"2021-07-21T14:09:00+00:00","og_image":[{"width":350,"height":314,"url":"https:\/\/www.iemj.org\/wp-content\/uploads\/2015\/06\/COUV-CD-Yubka.jpg","type":"image\/jpeg"}],"twitter_card":"summary_large_image","twitter_misc":{"Tempo di lettura stimato":"1 minuto"},"schema":{"@context":"https:\/\/schema.org","@graph":[{"@type":"WebPage","@id":"https:\/\/www.iemj.org\/it\/produit\/yubka-samuel-berthod-plays-jean-pierre-stora\/","url":"https:\/\/www.iemj.org\/it\/produit\/yubka-samuel-berthod-plays-jean-pierre-stora\/","name":"Yubka - Samuel Berthod plays Jean-Pierre Stora - Institut Europ\u00e9en des Musiques Juives","isPartOf":{"@id":"https:\/\/www.iemj.org\/it\/#website"},"primaryImageOfPage":{"@id":"https:\/\/www.iemj.org\/it\/produit\/yubka-samuel-berthod-plays-jean-pierre-stora\/#primaryimage"},"image":{"@id":"https:\/\/www.iemj.org\/it\/produit\/yubka-samuel-berthod-plays-jean-pierre-stora\/#primaryimage"},"thumbnailUrl":"https:\/\/www.iemj.org\/wp-content\/uploads\/2015\/06\/COUV-CD-Yubka.jpg","datePublished":"2015-06-22T15:15:30+00:00","dateModified":"2021-07-21T14:09:00+00:00","breadcrumb":{"@id":"https:\/\/www.iemj.org\/it\/produit\/yubka-samuel-berthod-plays-jean-pierre-stora\/#breadcrumb"},"inLanguage":"it-IT","potentialAction":[{"@type":"ReadAction","target":["https:\/\/www.iemj.org\/it\/produit\/yubka-samuel-berthod-plays-jean-pierre-stora\/"]}]},{"@type":"ImageObject","inLanguage":"it-IT","@id":"https:\/\/www.iemj.org\/it\/produit\/yubka-samuel-berthod-plays-jean-pierre-stora\/#primaryimage","url":"https:\/\/www.iemj.org\/wp-content\/uploads\/2015\/06\/COUV-CD-Yubka.jpg","contentUrl":"https:\/\/www.iemj.org\/wp-content\/uploads\/2015\/06\/COUV-CD-Yubka.jpg","width":350,"height":314,"caption":"COUV CD Yubka"},{"@type":"BreadcrumbList","@id":"https:\/\/www.iemj.org\/it\/produit\/yubka-samuel-berthod-plays-jean-pierre-stora\/#breadcrumb","itemListElement":[{"@type":"ListItem","position":1,"name":"Accueil","item":"https:\/\/www.iemj.org\/it\/"},{"@type":"ListItem","position":2,"name":"Boutique","item":"https:\/\/www.iemj.org\/it\/negozio\/"},{"@type":"ListItem","position":3,"name":"Yubka &#8211; Samuel Berthod plays Jean-Pierre Stora"}]},{"@type":"WebSite","@id":"https:\/\/www.iemj.org\/it\/#website","url":"https:\/\/www.iemj.org\/it\/","name":"Institut Europ\u00e9en des Musiques Juives","description":"Des traditions musicales \u00e0 la port\u00e9e de tous","publisher":{"@id":"https:\/\/www.iemj.org\/it\/#organization"},"potentialAction":[{"@type":"SearchAction","target":{"@type":"EntryPoint","urlTemplate":"https:\/\/www.iemj.org\/it\/?s={search_term_string}"},"query-input":{"@type":"PropertyValueSpecification","valueRequired":true,"valueName":"search_term_string"}}],"inLanguage":"it-IT"},{"@type":"Organization","@id":"https:\/\/www.iemj.org\/it\/#organization","name":"Institut Europ\u00e9en des Musiques Juives","url":"https:\/\/www.iemj.org\/it\/","logo":{"@type":"ImageObject","inLanguage":"it-IT","@id":"https:\/\/www.iemj.org\/it\/#\/schema\/logo\/image\/","url":"https:\/\/www.iemj.org\/wp-content\/uploads\/2021\/09\/Logo-IEMJ-Paypal.jpg","contentUrl":"https:\/\/www.iemj.org\/wp-content\/uploads\/2021\/09\/Logo-IEMJ-Paypal.jpg","width":150,"height":50,"caption":"Institut Europ\u00e9en des Musiques Juives"},"image":{"@id":"https:\/\/www.iemj.org\/it\/#\/schema\/logo\/image\/"},"sameAs":["https:\/\/www.facebook.com\/MusiquesJuives\/","https:\/\/www.instagram.com\/musiquesjuives\/","https:\/\/www.youtube.com\/user\/musiquesjuives"]}]}},"_links":{"self":[{"href":"https:\/\/www.iemj.org\/it\/wp-json\/wp\/v2\/product\/57544","targetHints":{"allow":["GET"]}}],"collection":[{"href":"https:\/\/www.iemj.org\/it\/wp-json\/wp\/v2\/product"}],"about":[{"href":"https:\/\/www.iemj.org\/it\/wp-json\/wp\/v2\/types\/product"}],"replies":[{"embeddable":true,"href":"https:\/\/www.iemj.org\/it\/wp-json\/wp\/v2\/comments?post=57544"}],"wp:featuredmedia":[{"embeddable":true,"href":"https:\/\/www.iemj.org\/it\/wp-json\/wp\/v2\/media\/57687"}],"wp:attachment":[{"href":"https:\/\/www.iemj.org\/it\/wp-json\/wp\/v2\/media?parent=57544"}],"wp:term":[{"taxonomy":"product_brand","embeddable":true,"href":"https:\/\/www.iemj.org\/it\/wp-json\/wp\/v2\/product_brand?post=57544"},{"taxonomy":"product_cat","embeddable":true,"href":"https:\/\/www.iemj.org\/it\/wp-json\/wp\/v2\/product_cat?post=57544"},{"taxonomy":"product_tag","embeddable":true,"href":"https:\/\/www.iemj.org\/it\/wp-json\/wp\/v2\/product_tag?post=57544"}],"curies":[{"name":"wp","href":"https:\/\/api.w.org\/{rel}","templated":true}]}}