{"id":60665,"date":"2019-02-12T13:22:52","date_gmt":"2020-12-03T12:22:52","guid":{"rendered":"https:\/\/www.iemj.org\/produit\/daniel-kol-nidrei-for-choir-tenor-soloist-clarinet-and-string-quartet-printed-score\/"},"modified":"2025-01-30T11:25:47","modified_gmt":"2025-01-30T10:25:47","slug":"daniel-kol-nidrei-for-choir-tenor-soloist-clarinet-and-string-quartet-printed-score","status":"publish","type":"product","link":"https:\/\/www.iemj.org\/it\/produit\/daniel-kol-nidrei-for-choir-tenor-soloist-clarinet-and-string-quartet-printed-score\/","title":{"rendered":"Daniel &#8211; Kol Nidrei, for choir, tenor soloist, clarinet and string quartet"},"content":{"rendered":"<p><em>Born in Israel, Itai Daniel is a composer, pianist and conductor. He begins his piano studies at the age of eight with renowned teachers such as Jonathan Zak, Boris Guslitzer and Victor Derevianko, which later are completed with viola and harmony courses.<\/em><\/p>\n<p><em>In 1991 he enters the Academy of Music at the Tel Aviv University, where he studies, as a full-scholarship student, orchestra conducting with prof. Noam Sheriff and choral conducting with prof. Avner Itai. After completing his degree he leaves to the Cleveland Institute of Music in the United-States, to continue his studies. Following a music summer-festival in Aspen, he receives an invitation to join the Oregon Symphony Orchestra as an Apprentice Conductor and the following summer returns to this prestigious festival as a Fellowship Conductor. Later on, he moves to Chicago and works there as conductor and pianist, mainly at the Northwestern and DePaul universities.<\/em><\/p>\n<p><em>In 2004, Itai Daniel moves to Paris and decides to devote himself to composition. Among his major works in the Jewish tradition are three large cantatas (Mahzor Hayim, Shma Koleinu and B\u2019resh\u00eft) and many compositions, large and small, based on major Jewish prayers and texts (Kaddish, Oseh Shalom, Adon Olam, Kol Nidrei, Yotzer, Haskivenu, Shalom Rav and many others). Among his non-Jewish compositions are a piano sonata, a flute sonata, an El\u00e9gie for cello and piano and Shlosha Yeladim for soprano and piano (dedicated to the children perished during the Holocaust). His works have been performed in England, the United States, Germany, Italy, South Africa, and France.<\/em><\/p>\n<p><em>Since 2009, Itai Daniel is the conductor of the Copernic Choral Ensemble in Paris, now recognized as one of the leading Jewish choirs in Europe. Since 2019 he has been a member of the executive committee of the EUAJC (European Association of Jewish Choirs).<\/em><\/p>\n","protected":false},"excerpt":{"rendered":"<h3><strong>&#8211; Choir\/conductor score available in <span style=\"color: #ff0000;\">printed version<\/span> (\u20ac10) or <span style=\"color: #ff0000;\">downloadable version<\/span> (\u20ac6)<\/strong><\/h3>\n<p><span style=\"color: #0000ff;\"><strong style=\"font-family: var(--bs-body-font-family); font-size: var(--bs-body-font-size); text-align: var(--bs-body-text-align);\">(minimum order for choir\/conductor part: 10 copies<\/strong><strong style=\"font-family: var(--bs-body-font-family); font-size: var(--bs-body-font-size); text-align: var(--bs-body-text-align);\">)<\/strong><\/span><\/p>\n<h3><strong>&#8211; 5 instrumental parts (clarinet, violin1-2, viola, cello) available in <\/strong><strong><span style=\"color: #ff0000;\">printed version <\/span><\/strong><strong>(\u20ac20) or <\/strong><strong><span style=\"color: #ff0000;\">downloadable version <\/span><\/strong><strong>(\u20ac12) <\/strong><\/h3>\n<p><span style=\"color: #0000ff;\"><strong style=\"background-color: var(--bs-body-bg); font-family: var(--bs-body-font-family); font-size: var(--bs-body-font-size); text-align: var(--bs-body-text-align);\">(1 PDF supplied per instrument)<\/strong><\/span><\/p>\n","protected":false},"featured_media":64683,"comment_status":"closed","ping_status":"closed","template":"","meta":{"_acf_changed":false},"product_brand":[],"product_cat":[2376,2355,2333,1652,2364,2340,2000,2407,2402,2400],"product_tag":[],"class_list":{"0":"post-60665","1":"product","2":"type-product","3":"status-publish","4":"has-post-thumbnail","6":"product_cat-clarinetto-it","7":"product_cat-classico","8":"product_cat-coro","9":"product_cat-daniel-itai-it","10":"product_cat-liturgico-it-2","11":"product_cat-quartetto","12":"product_cat-spartiti-it","13":"product_cat-spartiti-da-scaricare","14":"product_cat-spartiti-stampati","15":"product_cat-voce","16":"pa_partition-scaricabile","17":"pa_partition-spartito-scaricabile-coro-conduttore","18":"pa_partition-spartito-scaricabile-parti-strumentali","19":"pa_partition-spartito-stampato-coro-conduttore","20":"pa_partition-spartito-stampato-parti-strumentali","21":"pa_partition-stampato","23":"first","24":"instock","25":"shipping-taxable","26":"purchasable","27":"product-type-variable"},"acf":[],"yoast_head":"<!-- This site is optimized with the Yoast SEO plugin v27.3 - https:\/\/yoast.com\/product\/yoast-seo-wordpress\/ -->\n<title>Daniel - Kol Nidrei, for choir, tenor soloist, clarinet and string quartet - Institut Europ\u00e9en des Musiques Juives<\/title>\n<meta name=\"robots\" content=\"index, follow, max-snippet:-1, max-image-preview:large, max-video-preview:-1\" \/>\n<link rel=\"canonical\" href=\"https:\/\/www.iemj.org\/it\/produit\/daniel-kol-nidrei-for-choir-tenor-soloist-clarinet-and-string-quartet-printed-score\/\" \/>\n<meta property=\"og:locale\" content=\"it_IT\" \/>\n<meta property=\"og:type\" content=\"article\" \/>\n<meta property=\"og:title\" content=\"Daniel - Kol Nidrei, for choir, tenor soloist, clarinet and string quartet - Institut Europ\u00e9en des Musiques Juives\" \/>\n<meta property=\"og:description\" content=\"- Choir\/conductor score available in printed version (\u20ac10) or downloadable version (\u20ac6) (minimum order for choir\/conductor part: 10 copies) - 5 instrumental parts (clarinet, violin1-2, viola, cello) available in printed version (\u20ac20) or downloadable version (\u20ac12)  (1 PDF supplied per instrument)\" \/>\n<meta property=\"og:url\" content=\"https:\/\/www.iemj.org\/it\/produit\/daniel-kol-nidrei-for-choir-tenor-soloist-clarinet-and-string-quartet-printed-score\/\" \/>\n<meta property=\"og:site_name\" content=\"Institut Europ\u00e9en des Musiques Juives\" \/>\n<meta property=\"article:publisher\" content=\"https:\/\/www.facebook.com\/MusiquesJuives\/\" \/>\n<meta property=\"article:modified_time\" content=\"2025-01-30T10:25:47+00:00\" \/>\n<meta property=\"og:image\" content=\"https:\/\/www.iemj.org\/wp-content\/uploads\/2018\/04\/Couverture-partition-Kol-Nidrei-I.-Daniel.jpg\" \/>\n\t<meta property=\"og:image:width\" content=\"547\" \/>\n\t<meta property=\"og:image:height\" content=\"489\" \/>\n\t<meta property=\"og:image:type\" content=\"image\/jpeg\" \/>\n<meta name=\"twitter:card\" content=\"summary_large_image\" \/>\n<meta name=\"twitter:label1\" content=\"Tempo di lettura stimato\" \/>\n\t<meta name=\"twitter:data1\" content=\"1 minuto\" \/>\n<script type=\"application\/ld+json\" class=\"yoast-schema-graph\">{\"@context\":\"https:\\\/\\\/schema.org\",\"@graph\":[{\"@type\":\"WebPage\",\"@id\":\"https:\\\/\\\/www.iemj.org\\\/it\\\/produit\\\/daniel-kol-nidrei-for-choir-tenor-soloist-clarinet-and-string-quartet-printed-score\\\/\",\"url\":\"https:\\\/\\\/www.iemj.org\\\/it\\\/produit\\\/daniel-kol-nidrei-for-choir-tenor-soloist-clarinet-and-string-quartet-printed-score\\\/\",\"name\":\"Daniel - Kol Nidrei, for choir, tenor soloist, clarinet and string quartet - Institut Europ\u00e9en des Musiques Juives\",\"isPartOf\":{\"@id\":\"https:\\\/\\\/www.iemj.org\\\/it\\\/#website\"},\"primaryImageOfPage\":{\"@id\":\"https:\\\/\\\/www.iemj.org\\\/it\\\/produit\\\/daniel-kol-nidrei-for-choir-tenor-soloist-clarinet-and-string-quartet-printed-score\\\/#primaryimage\"},\"image\":{\"@id\":\"https:\\\/\\\/www.iemj.org\\\/it\\\/produit\\\/daniel-kol-nidrei-for-choir-tenor-soloist-clarinet-and-string-quartet-printed-score\\\/#primaryimage\"},\"thumbnailUrl\":\"https:\\\/\\\/www.iemj.org\\\/wp-content\\\/uploads\\\/2018\\\/04\\\/Couverture-partition-Kol-Nidrei-I.-Daniel.jpg\",\"datePublished\":\"2020-12-03T12:22:52+00:00\",\"dateModified\":\"2025-01-30T10:25:47+00:00\",\"breadcrumb\":{\"@id\":\"https:\\\/\\\/www.iemj.org\\\/it\\\/produit\\\/daniel-kol-nidrei-for-choir-tenor-soloist-clarinet-and-string-quartet-printed-score\\\/#breadcrumb\"},\"inLanguage\":\"it-IT\",\"potentialAction\":[{\"@type\":\"ReadAction\",\"target\":[\"https:\\\/\\\/www.iemj.org\\\/it\\\/produit\\\/daniel-kol-nidrei-for-choir-tenor-soloist-clarinet-and-string-quartet-printed-score\\\/\"]}]},{\"@type\":\"ImageObject\",\"inLanguage\":\"it-IT\",\"@id\":\"https:\\\/\\\/www.iemj.org\\\/it\\\/produit\\\/daniel-kol-nidrei-for-choir-tenor-soloist-clarinet-and-string-quartet-printed-score\\\/#primaryimage\",\"url\":\"https:\\\/\\\/www.iemj.org\\\/wp-content\\\/uploads\\\/2018\\\/04\\\/Couverture-partition-Kol-Nidrei-I.-Daniel.jpg\",\"contentUrl\":\"https:\\\/\\\/www.iemj.org\\\/wp-content\\\/uploads\\\/2018\\\/04\\\/Couverture-partition-Kol-Nidrei-I.-Daniel.jpg\",\"width\":547,\"height\":489},{\"@type\":\"BreadcrumbList\",\"@id\":\"https:\\\/\\\/www.iemj.org\\\/it\\\/produit\\\/daniel-kol-nidrei-for-choir-tenor-soloist-clarinet-and-string-quartet-printed-score\\\/#breadcrumb\",\"itemListElement\":[{\"@type\":\"ListItem\",\"position\":1,\"name\":\"Accueil\",\"item\":\"https:\\\/\\\/www.iemj.org\\\/it\\\/\"},{\"@type\":\"ListItem\",\"position\":2,\"name\":\"Boutique\",\"item\":\"https:\\\/\\\/www.iemj.org\\\/it\\\/negozio\\\/\"},{\"@type\":\"ListItem\",\"position\":3,\"name\":\"Daniel &#8211; Kol Nidrei, for choir, tenor soloist, clarinet and string quartet\"}]},{\"@type\":\"WebSite\",\"@id\":\"https:\\\/\\\/www.iemj.org\\\/it\\\/#website\",\"url\":\"https:\\\/\\\/www.iemj.org\\\/it\\\/\",\"name\":\"Institut Europ\u00e9en des Musiques Juives\",\"description\":\"Des traditions musicales \u00e0 la port\u00e9e de tous\",\"publisher\":{\"@id\":\"https:\\\/\\\/www.iemj.org\\\/it\\\/#organization\"},\"potentialAction\":[{\"@type\":\"SearchAction\",\"target\":{\"@type\":\"EntryPoint\",\"urlTemplate\":\"https:\\\/\\\/www.iemj.org\\\/it\\\/?s={search_term_string}\"},\"query-input\":{\"@type\":\"PropertyValueSpecification\",\"valueRequired\":true,\"valueName\":\"search_term_string\"}}],\"inLanguage\":\"it-IT\"},{\"@type\":\"Organization\",\"@id\":\"https:\\\/\\\/www.iemj.org\\\/it\\\/#organization\",\"name\":\"Institut Europ\u00e9en des Musiques Juives\",\"url\":\"https:\\\/\\\/www.iemj.org\\\/it\\\/\",\"logo\":{\"@type\":\"ImageObject\",\"inLanguage\":\"it-IT\",\"@id\":\"https:\\\/\\\/www.iemj.org\\\/it\\\/#\\\/schema\\\/logo\\\/image\\\/\",\"url\":\"https:\\\/\\\/www.iemj.org\\\/wp-content\\\/uploads\\\/2021\\\/09\\\/Logo-IEMJ-Paypal.jpg\",\"contentUrl\":\"https:\\\/\\\/www.iemj.org\\\/wp-content\\\/uploads\\\/2021\\\/09\\\/Logo-IEMJ-Paypal.jpg\",\"width\":150,\"height\":50,\"caption\":\"Institut Europ\u00e9en des Musiques Juives\"},\"image\":{\"@id\":\"https:\\\/\\\/www.iemj.org\\\/it\\\/#\\\/schema\\\/logo\\\/image\\\/\"},\"sameAs\":[\"https:\\\/\\\/www.facebook.com\\\/MusiquesJuives\\\/\",\"https:\\\/\\\/www.instagram.com\\\/musiquesjuives\\\/\",\"https:\\\/\\\/www.youtube.com\\\/user\\\/musiquesjuives\"]}]}<\/script>\n<!-- \/ Yoast SEO plugin. -->","yoast_head_json":{"title":"Daniel - Kol Nidrei, for choir, tenor soloist, clarinet and string quartet - Institut Europ\u00e9en des Musiques Juives","robots":{"index":"index","follow":"follow","max-snippet":"max-snippet:-1","max-image-preview":"max-image-preview:large","max-video-preview":"max-video-preview:-1"},"canonical":"https:\/\/www.iemj.org\/it\/produit\/daniel-kol-nidrei-for-choir-tenor-soloist-clarinet-and-string-quartet-printed-score\/","og_locale":"it_IT","og_type":"article","og_title":"Daniel - Kol Nidrei, for choir, tenor soloist, clarinet and string quartet - Institut Europ\u00e9en des Musiques Juives","og_description":"- Choir\/conductor score available in printed version (\u20ac10) or downloadable version (\u20ac6) (minimum order for choir\/conductor part: 10 copies) - 5 instrumental parts (clarinet, violin1-2, viola, cello) available in printed version (\u20ac20) or downloadable version (\u20ac12)  (1 PDF supplied per instrument)","og_url":"https:\/\/www.iemj.org\/it\/produit\/daniel-kol-nidrei-for-choir-tenor-soloist-clarinet-and-string-quartet-printed-score\/","og_site_name":"Institut Europ\u00e9en des Musiques Juives","article_publisher":"https:\/\/www.facebook.com\/MusiquesJuives\/","article_modified_time":"2025-01-30T10:25:47+00:00","og_image":[{"width":547,"height":489,"url":"https:\/\/www.iemj.org\/wp-content\/uploads\/2018\/04\/Couverture-partition-Kol-Nidrei-I.-Daniel.jpg","type":"image\/jpeg"}],"twitter_card":"summary_large_image","twitter_misc":{"Tempo di lettura stimato":"1 minuto"},"schema":{"@context":"https:\/\/schema.org","@graph":[{"@type":"WebPage","@id":"https:\/\/www.iemj.org\/it\/produit\/daniel-kol-nidrei-for-choir-tenor-soloist-clarinet-and-string-quartet-printed-score\/","url":"https:\/\/www.iemj.org\/it\/produit\/daniel-kol-nidrei-for-choir-tenor-soloist-clarinet-and-string-quartet-printed-score\/","name":"Daniel - Kol Nidrei, for choir, tenor soloist, clarinet and string quartet - Institut Europ\u00e9en des Musiques Juives","isPartOf":{"@id":"https:\/\/www.iemj.org\/it\/#website"},"primaryImageOfPage":{"@id":"https:\/\/www.iemj.org\/it\/produit\/daniel-kol-nidrei-for-choir-tenor-soloist-clarinet-and-string-quartet-printed-score\/#primaryimage"},"image":{"@id":"https:\/\/www.iemj.org\/it\/produit\/daniel-kol-nidrei-for-choir-tenor-soloist-clarinet-and-string-quartet-printed-score\/#primaryimage"},"thumbnailUrl":"https:\/\/www.iemj.org\/wp-content\/uploads\/2018\/04\/Couverture-partition-Kol-Nidrei-I.-Daniel.jpg","datePublished":"2020-12-03T12:22:52+00:00","dateModified":"2025-01-30T10:25:47+00:00","breadcrumb":{"@id":"https:\/\/www.iemj.org\/it\/produit\/daniel-kol-nidrei-for-choir-tenor-soloist-clarinet-and-string-quartet-printed-score\/#breadcrumb"},"inLanguage":"it-IT","potentialAction":[{"@type":"ReadAction","target":["https:\/\/www.iemj.org\/it\/produit\/daniel-kol-nidrei-for-choir-tenor-soloist-clarinet-and-string-quartet-printed-score\/"]}]},{"@type":"ImageObject","inLanguage":"it-IT","@id":"https:\/\/www.iemj.org\/it\/produit\/daniel-kol-nidrei-for-choir-tenor-soloist-clarinet-and-string-quartet-printed-score\/#primaryimage","url":"https:\/\/www.iemj.org\/wp-content\/uploads\/2018\/04\/Couverture-partition-Kol-Nidrei-I.-Daniel.jpg","contentUrl":"https:\/\/www.iemj.org\/wp-content\/uploads\/2018\/04\/Couverture-partition-Kol-Nidrei-I.-Daniel.jpg","width":547,"height":489},{"@type":"BreadcrumbList","@id":"https:\/\/www.iemj.org\/it\/produit\/daniel-kol-nidrei-for-choir-tenor-soloist-clarinet-and-string-quartet-printed-score\/#breadcrumb","itemListElement":[{"@type":"ListItem","position":1,"name":"Accueil","item":"https:\/\/www.iemj.org\/it\/"},{"@type":"ListItem","position":2,"name":"Boutique","item":"https:\/\/www.iemj.org\/it\/negozio\/"},{"@type":"ListItem","position":3,"name":"Daniel &#8211; Kol Nidrei, for choir, tenor soloist, clarinet and string quartet"}]},{"@type":"WebSite","@id":"https:\/\/www.iemj.org\/it\/#website","url":"https:\/\/www.iemj.org\/it\/","name":"Institut Europ\u00e9en des Musiques Juives","description":"Des traditions musicales \u00e0 la port\u00e9e de tous","publisher":{"@id":"https:\/\/www.iemj.org\/it\/#organization"},"potentialAction":[{"@type":"SearchAction","target":{"@type":"EntryPoint","urlTemplate":"https:\/\/www.iemj.org\/it\/?s={search_term_string}"},"query-input":{"@type":"PropertyValueSpecification","valueRequired":true,"valueName":"search_term_string"}}],"inLanguage":"it-IT"},{"@type":"Organization","@id":"https:\/\/www.iemj.org\/it\/#organization","name":"Institut Europ\u00e9en des Musiques Juives","url":"https:\/\/www.iemj.org\/it\/","logo":{"@type":"ImageObject","inLanguage":"it-IT","@id":"https:\/\/www.iemj.org\/it\/#\/schema\/logo\/image\/","url":"https:\/\/www.iemj.org\/wp-content\/uploads\/2021\/09\/Logo-IEMJ-Paypal.jpg","contentUrl":"https:\/\/www.iemj.org\/wp-content\/uploads\/2021\/09\/Logo-IEMJ-Paypal.jpg","width":150,"height":50,"caption":"Institut Europ\u00e9en des Musiques Juives"},"image":{"@id":"https:\/\/www.iemj.org\/it\/#\/schema\/logo\/image\/"},"sameAs":["https:\/\/www.facebook.com\/MusiquesJuives\/","https:\/\/www.instagram.com\/musiquesjuives\/","https:\/\/www.youtube.com\/user\/musiquesjuives"]}]}},"_links":{"self":[{"href":"https:\/\/www.iemj.org\/it\/wp-json\/wp\/v2\/product\/60665","targetHints":{"allow":["GET"]}}],"collection":[{"href":"https:\/\/www.iemj.org\/it\/wp-json\/wp\/v2\/product"}],"about":[{"href":"https:\/\/www.iemj.org\/it\/wp-json\/wp\/v2\/types\/product"}],"replies":[{"embeddable":true,"href":"https:\/\/www.iemj.org\/it\/wp-json\/wp\/v2\/comments?post=60665"}],"wp:featuredmedia":[{"embeddable":true,"href":"https:\/\/www.iemj.org\/it\/wp-json\/wp\/v2\/media\/64683"}],"wp:attachment":[{"href":"https:\/\/www.iemj.org\/it\/wp-json\/wp\/v2\/media?parent=60665"}],"wp:term":[{"taxonomy":"product_brand","embeddable":true,"href":"https:\/\/www.iemj.org\/it\/wp-json\/wp\/v2\/product_brand?post=60665"},{"taxonomy":"product_cat","embeddable":true,"href":"https:\/\/www.iemj.org\/it\/wp-json\/wp\/v2\/product_cat?post=60665"},{"taxonomy":"product_tag","embeddable":true,"href":"https:\/\/www.iemj.org\/it\/wp-json\/wp\/v2\/product_tag?post=60665"}],"curies":[{"name":"wp","href":"https:\/\/api.w.org\/{rel}","templated":true}]}}