{"id":69251,"date":"2021-10-08T18:35:54","date_gmt":"2021-10-08T16:35:54","guid":{"rendered":"https:\/\/www.iemj.org\/produit\/rose-en-ciel\/"},"modified":"2022-01-03T17:10:45","modified_gmt":"2022-01-03T16:10:45","slug":"rose-en-ciel","status":"publish","type":"product","link":"https:\/\/www.iemj.org\/it\/produit\/rose-en-ciel\/","title":{"rendered":"Rose en Ciel"},"content":{"rendered":"<h3 id=\"0-eael-table-of-content\" class=\"eael-heading-content\">Poetic and musical tale, created by Mir\u00e9l\u00e8 Rozen<\/h3>\n<div class=\"contenu\">\n<p>By finding old family documents in a chest, a young lady learns that her great grandfather, whom she did not know, was Jewish.<\/p>\n<p>The letters that she discovers make appear in front of her eyes the events and people from the past, rebuilding the lost story of her family, while a timeless dialogue starts with her great grandfather.<\/p>\n<p>This is how her forefather, in a delightful exchange full of humor and poetry, reveals to her his Alsatian origins, his childhood in a deprived family, his passionate love for a young Catholic woman who he will marry, in the time of the Dreyfus Affair.<\/p>\n<p>He speaks of his life in Constantine, then in Bordeaux during the occupation, his daughter Josette, but also his fears. The heroine becomes aware of the unconscious forces that play in this family story, and links her love for the Yiddish songs that she discovered by accident, to her family roots hidden by her grandmother. She draws from it the strength to confront her own doubts, to claim her part of Jewishness that she felt inside of her, as well as her desire to pass on to the future generations those Yiddish songs that she loves so much<\/p>\n<p>At first a musical and poetic tale created by Mir\u00e9l\u00e8 Rozen,\u00a0this performance for children became a book-CD. Alternating narratives and traditional songs, mainly in Yiddish, and featuring their phonetic transcription, this story makes us learn about Yiddish music and the richness of this culture.<\/p>\n<p>With the participation of Jean Birenbaum, Jos\u00e9 Navas, Alexis Chalom, Jacinta, Rapha\u00eblle and Monique Vainberg, illustrated by Oph\u00e9lie Trichereau, prefaced by Ya\u00ebl Hassan, supported by La fondation Rothschild, La Fondation pour la M\u00e9moire de la Shoah and La Fondation d\u2019entreprise La Poste, and <strong>edited by Anima &amp; Cie<\/strong>.<\/p>\n<p><strong>Extracts :\u00a0<\/strong><\/p>\n<p>01. A mol iz geven a mayse<\/p>\n<audio class=\"wp-audio-shortcode\" id=\"audio-69251-1\" preload=\"none\" style=\"width: 100%;\" controls=\"controls\"><source type=\"audio\/mpeg\" src=\"https:\/\/www.iemj.org\/wp-content\/uploads\/2021\/10\/01.-A-mol-iz-geven-a-mayse.mp3?_=1\" \/><a href=\"https:\/\/www.iemj.org\/wp-content\/uploads\/2021\/10\/01.-A-mol-iz-geven-a-mayse.mp3\">https:\/\/www.iemj.org\/wp-content\/uploads\/2021\/10\/01.-A-mol-iz-geven-a-mayse.mp3<\/a><\/audio>\n<p>09. I like she<\/p>\n<audio class=\"wp-audio-shortcode\" id=\"audio-69251-2\" preload=\"none\" style=\"width: 100%;\" controls=\"controls\"><source type=\"audio\/mpeg\" src=\"https:\/\/www.iemj.org\/wp-content\/uploads\/2021\/10\/09.-I-like-she.mp3?_=2\" \/><a href=\"https:\/\/www.iemj.org\/wp-content\/uploads\/2021\/10\/09.-I-like-she.mp3\">https:\/\/www.iemj.org\/wp-content\/uploads\/2021\/10\/09.-I-like-she.mp3<\/a><\/audio>\n<p>16. Miserlu<\/p>\n<audio class=\"wp-audio-shortcode\" id=\"audio-69251-3\" preload=\"none\" style=\"width: 100%;\" controls=\"controls\"><source type=\"audio\/mpeg\" src=\"https:\/\/www.iemj.org\/wp-content\/uploads\/2021\/10\/16.-Miserlu.mp3?_=3\" \/><a href=\"https:\/\/www.iemj.org\/wp-content\/uploads\/2021\/10\/16.-Miserlu.mp3\">https:\/\/www.iemj.org\/wp-content\/uploads\/2021\/10\/16.-Miserlu.mp3<\/a><\/audio>\n<p>18. Dodi li<\/p>\n<audio class=\"wp-audio-shortcode\" id=\"audio-69251-4\" preload=\"none\" style=\"width: 100%;\" controls=\"controls\"><source type=\"audio\/mpeg\" src=\"https:\/\/www.iemj.org\/wp-content\/uploads\/2021\/10\/18.-Dodi-li.mp3?_=4\" \/><a href=\"https:\/\/www.iemj.org\/wp-content\/uploads\/2021\/10\/18.-Dodi-li.mp3\">https:\/\/www.iemj.org\/wp-content\/uploads\/2021\/10\/18.-Dodi-li.mp3<\/a><\/audio>\n<p>25. Unter dayne vayse shtern<\/p>\n<audio class=\"wp-audio-shortcode\" id=\"audio-69251-5\" preload=\"none\" style=\"width: 100%;\" controls=\"controls\"><source type=\"audio\/mpeg\" src=\"https:\/\/www.iemj.org\/wp-content\/uploads\/2021\/10\/25.-Unter-dayne-vayse-shtern.mp3?_=5\" \/><a href=\"https:\/\/www.iemj.org\/wp-content\/uploads\/2021\/10\/25.-Unter-dayne-vayse-shtern.mp3\">https:\/\/www.iemj.org\/wp-content\/uploads\/2021\/10\/25.-Unter-dayne-vayse-shtern.mp3<\/a><\/audio>\n<\/div>\n","protected":false},"excerpt":{"rendered":"<p>Book-CD. Poetic and musical tale, created by Mir\u00e9l\u00e8 Rozen. Alternating stories and traditional songs, mainly in Yiddish, presented with their phonetic transcription.<\/p>\n","protected":false},"featured_media":69236,"comment_status":"closed","ping_status":"closed","template":"","meta":{"_acf_changed":false},"product_brand":[],"product_cat":[2297,1992],"product_tag":[],"class_list":{"0":"post-69251","1":"product","2":"type-product","3":"status-publish","4":"has-post-thumbnail","6":"product_cat-altri-editori-it","7":"product_cat-cd-it","9":"first","10":"instock","11":"shipping-taxable","12":"purchasable","13":"product-type-simple"},"acf":[],"yoast_head":"<!-- This site is optimized with the Yoast SEO plugin v27.3 - https:\/\/yoast.com\/product\/yoast-seo-wordpress\/ -->\n<title>Rose en Ciel - Institut Europ\u00e9en des Musiques Juives<\/title>\n<meta name=\"robots\" content=\"index, follow, max-snippet:-1, max-image-preview:large, max-video-preview:-1\" \/>\n<link rel=\"canonical\" href=\"https:\/\/www.iemj.org\/it\/produit\/rose-en-ciel\/\" \/>\n<meta property=\"og:locale\" content=\"it_IT\" \/>\n<meta property=\"og:type\" content=\"article\" \/>\n<meta property=\"og:title\" content=\"Rose en Ciel - Institut Europ\u00e9en des Musiques Juives\" \/>\n<meta property=\"og:description\" content=\"Book-CD. Poetic and musical tale, created by Mir\u00e9l\u00e8 Rozen. Alternating stories and traditional songs, mainly in Yiddish, presented with their phonetic transcription.\" \/>\n<meta property=\"og:url\" content=\"https:\/\/www.iemj.org\/it\/produit\/rose-en-ciel\/\" \/>\n<meta property=\"og:site_name\" content=\"Institut Europ\u00e9en des Musiques Juives\" \/>\n<meta property=\"article:publisher\" content=\"https:\/\/www.facebook.com\/MusiquesJuives\/\" \/>\n<meta property=\"article:modified_time\" content=\"2022-01-03T16:10:45+00:00\" \/>\n<meta property=\"og:image\" content=\"https:\/\/www.iemj.org\/wp-content\/uploads\/2021\/10\/COUV-CD-Rose-en-Ciel_Boutique.jpg\" \/>\n\t<meta property=\"og:image:width\" content=\"350\" \/>\n\t<meta property=\"og:image:height\" content=\"314\" \/>\n\t<meta property=\"og:image:type\" content=\"image\/jpeg\" \/>\n<meta name=\"twitter:card\" content=\"summary_large_image\" \/>\n<meta name=\"twitter:label1\" content=\"Tempo di lettura stimato\" \/>\n\t<meta name=\"twitter:data1\" content=\"2 minuti\" \/>\n<script type=\"application\/ld+json\" class=\"yoast-schema-graph\">{\"@context\":\"https:\\\/\\\/schema.org\",\"@graph\":[{\"@type\":\"WebPage\",\"@id\":\"https:\\\/\\\/www.iemj.org\\\/it\\\/produit\\\/rose-en-ciel\\\/\",\"url\":\"https:\\\/\\\/www.iemj.org\\\/it\\\/produit\\\/rose-en-ciel\\\/\",\"name\":\"Rose en Ciel - Institut Europ\u00e9en des Musiques Juives\",\"isPartOf\":{\"@id\":\"https:\\\/\\\/www.iemj.org\\\/it\\\/#website\"},\"primaryImageOfPage\":{\"@id\":\"https:\\\/\\\/www.iemj.org\\\/it\\\/produit\\\/rose-en-ciel\\\/#primaryimage\"},\"image\":{\"@id\":\"https:\\\/\\\/www.iemj.org\\\/it\\\/produit\\\/rose-en-ciel\\\/#primaryimage\"},\"thumbnailUrl\":\"https:\\\/\\\/www.iemj.org\\\/wp-content\\\/uploads\\\/2021\\\/10\\\/COUV-CD-Rose-en-Ciel_Boutique.jpg\",\"datePublished\":\"2021-10-08T16:35:54+00:00\",\"dateModified\":\"2022-01-03T16:10:45+00:00\",\"breadcrumb\":{\"@id\":\"https:\\\/\\\/www.iemj.org\\\/it\\\/produit\\\/rose-en-ciel\\\/#breadcrumb\"},\"inLanguage\":\"it-IT\",\"potentialAction\":[{\"@type\":\"ReadAction\",\"target\":[\"https:\\\/\\\/www.iemj.org\\\/it\\\/produit\\\/rose-en-ciel\\\/\"]}]},{\"@type\":\"ImageObject\",\"inLanguage\":\"it-IT\",\"@id\":\"https:\\\/\\\/www.iemj.org\\\/it\\\/produit\\\/rose-en-ciel\\\/#primaryimage\",\"url\":\"https:\\\/\\\/www.iemj.org\\\/wp-content\\\/uploads\\\/2021\\\/10\\\/COUV-CD-Rose-en-Ciel_Boutique.jpg\",\"contentUrl\":\"https:\\\/\\\/www.iemj.org\\\/wp-content\\\/uploads\\\/2021\\\/10\\\/COUV-CD-Rose-en-Ciel_Boutique.jpg\",\"width\":350,\"height\":314,\"caption\":\"COUV CD Rose en Ciel_Boutique\"},{\"@type\":\"BreadcrumbList\",\"@id\":\"https:\\\/\\\/www.iemj.org\\\/it\\\/produit\\\/rose-en-ciel\\\/#breadcrumb\",\"itemListElement\":[{\"@type\":\"ListItem\",\"position\":1,\"name\":\"Accueil\",\"item\":\"https:\\\/\\\/www.iemj.org\\\/it\\\/\"},{\"@type\":\"ListItem\",\"position\":2,\"name\":\"Boutique\",\"item\":\"https:\\\/\\\/www.iemj.org\\\/it\\\/negozio\\\/\"},{\"@type\":\"ListItem\",\"position\":3,\"name\":\"Rose en Ciel\"}]},{\"@type\":\"WebSite\",\"@id\":\"https:\\\/\\\/www.iemj.org\\\/it\\\/#website\",\"url\":\"https:\\\/\\\/www.iemj.org\\\/it\\\/\",\"name\":\"Institut Europ\u00e9en des Musiques Juives\",\"description\":\"Des traditions musicales \u00e0 la port\u00e9e de tous\",\"publisher\":{\"@id\":\"https:\\\/\\\/www.iemj.org\\\/it\\\/#organization\"},\"potentialAction\":[{\"@type\":\"SearchAction\",\"target\":{\"@type\":\"EntryPoint\",\"urlTemplate\":\"https:\\\/\\\/www.iemj.org\\\/it\\\/?s={search_term_string}\"},\"query-input\":{\"@type\":\"PropertyValueSpecification\",\"valueRequired\":true,\"valueName\":\"search_term_string\"}}],\"inLanguage\":\"it-IT\"},{\"@type\":\"Organization\",\"@id\":\"https:\\\/\\\/www.iemj.org\\\/it\\\/#organization\",\"name\":\"Institut Europ\u00e9en des Musiques Juives\",\"url\":\"https:\\\/\\\/www.iemj.org\\\/it\\\/\",\"logo\":{\"@type\":\"ImageObject\",\"inLanguage\":\"it-IT\",\"@id\":\"https:\\\/\\\/www.iemj.org\\\/it\\\/#\\\/schema\\\/logo\\\/image\\\/\",\"url\":\"https:\\\/\\\/www.iemj.org\\\/wp-content\\\/uploads\\\/2021\\\/09\\\/Logo-IEMJ-Paypal.jpg\",\"contentUrl\":\"https:\\\/\\\/www.iemj.org\\\/wp-content\\\/uploads\\\/2021\\\/09\\\/Logo-IEMJ-Paypal.jpg\",\"width\":150,\"height\":50,\"caption\":\"Institut Europ\u00e9en des Musiques Juives\"},\"image\":{\"@id\":\"https:\\\/\\\/www.iemj.org\\\/it\\\/#\\\/schema\\\/logo\\\/image\\\/\"},\"sameAs\":[\"https:\\\/\\\/www.facebook.com\\\/MusiquesJuives\\\/\",\"https:\\\/\\\/www.instagram.com\\\/musiquesjuives\\\/\",\"https:\\\/\\\/www.youtube.com\\\/user\\\/musiquesjuives\"]}]}<\/script>\n<!-- \/ Yoast SEO plugin. -->","yoast_head_json":{"title":"Rose en Ciel - Institut Europ\u00e9en des Musiques Juives","robots":{"index":"index","follow":"follow","max-snippet":"max-snippet:-1","max-image-preview":"max-image-preview:large","max-video-preview":"max-video-preview:-1"},"canonical":"https:\/\/www.iemj.org\/it\/produit\/rose-en-ciel\/","og_locale":"it_IT","og_type":"article","og_title":"Rose en Ciel - Institut Europ\u00e9en des Musiques Juives","og_description":"Book-CD. Poetic and musical tale, created by Mir\u00e9l\u00e8 Rozen. Alternating stories and traditional songs, mainly in Yiddish, presented with their phonetic transcription.","og_url":"https:\/\/www.iemj.org\/it\/produit\/rose-en-ciel\/","og_site_name":"Institut Europ\u00e9en des Musiques Juives","article_publisher":"https:\/\/www.facebook.com\/MusiquesJuives\/","article_modified_time":"2022-01-03T16:10:45+00:00","og_image":[{"width":350,"height":314,"url":"https:\/\/www.iemj.org\/wp-content\/uploads\/2021\/10\/COUV-CD-Rose-en-Ciel_Boutique.jpg","type":"image\/jpeg"}],"twitter_card":"summary_large_image","twitter_misc":{"Tempo di lettura stimato":"2 minuti"},"schema":{"@context":"https:\/\/schema.org","@graph":[{"@type":"WebPage","@id":"https:\/\/www.iemj.org\/it\/produit\/rose-en-ciel\/","url":"https:\/\/www.iemj.org\/it\/produit\/rose-en-ciel\/","name":"Rose en Ciel - Institut Europ\u00e9en des Musiques Juives","isPartOf":{"@id":"https:\/\/www.iemj.org\/it\/#website"},"primaryImageOfPage":{"@id":"https:\/\/www.iemj.org\/it\/produit\/rose-en-ciel\/#primaryimage"},"image":{"@id":"https:\/\/www.iemj.org\/it\/produit\/rose-en-ciel\/#primaryimage"},"thumbnailUrl":"https:\/\/www.iemj.org\/wp-content\/uploads\/2021\/10\/COUV-CD-Rose-en-Ciel_Boutique.jpg","datePublished":"2021-10-08T16:35:54+00:00","dateModified":"2022-01-03T16:10:45+00:00","breadcrumb":{"@id":"https:\/\/www.iemj.org\/it\/produit\/rose-en-ciel\/#breadcrumb"},"inLanguage":"it-IT","potentialAction":[{"@type":"ReadAction","target":["https:\/\/www.iemj.org\/it\/produit\/rose-en-ciel\/"]}]},{"@type":"ImageObject","inLanguage":"it-IT","@id":"https:\/\/www.iemj.org\/it\/produit\/rose-en-ciel\/#primaryimage","url":"https:\/\/www.iemj.org\/wp-content\/uploads\/2021\/10\/COUV-CD-Rose-en-Ciel_Boutique.jpg","contentUrl":"https:\/\/www.iemj.org\/wp-content\/uploads\/2021\/10\/COUV-CD-Rose-en-Ciel_Boutique.jpg","width":350,"height":314,"caption":"COUV CD Rose en Ciel_Boutique"},{"@type":"BreadcrumbList","@id":"https:\/\/www.iemj.org\/it\/produit\/rose-en-ciel\/#breadcrumb","itemListElement":[{"@type":"ListItem","position":1,"name":"Accueil","item":"https:\/\/www.iemj.org\/it\/"},{"@type":"ListItem","position":2,"name":"Boutique","item":"https:\/\/www.iemj.org\/it\/negozio\/"},{"@type":"ListItem","position":3,"name":"Rose en Ciel"}]},{"@type":"WebSite","@id":"https:\/\/www.iemj.org\/it\/#website","url":"https:\/\/www.iemj.org\/it\/","name":"Institut Europ\u00e9en des Musiques Juives","description":"Des traditions musicales \u00e0 la port\u00e9e de tous","publisher":{"@id":"https:\/\/www.iemj.org\/it\/#organization"},"potentialAction":[{"@type":"SearchAction","target":{"@type":"EntryPoint","urlTemplate":"https:\/\/www.iemj.org\/it\/?s={search_term_string}"},"query-input":{"@type":"PropertyValueSpecification","valueRequired":true,"valueName":"search_term_string"}}],"inLanguage":"it-IT"},{"@type":"Organization","@id":"https:\/\/www.iemj.org\/it\/#organization","name":"Institut Europ\u00e9en des Musiques Juives","url":"https:\/\/www.iemj.org\/it\/","logo":{"@type":"ImageObject","inLanguage":"it-IT","@id":"https:\/\/www.iemj.org\/it\/#\/schema\/logo\/image\/","url":"https:\/\/www.iemj.org\/wp-content\/uploads\/2021\/09\/Logo-IEMJ-Paypal.jpg","contentUrl":"https:\/\/www.iemj.org\/wp-content\/uploads\/2021\/09\/Logo-IEMJ-Paypal.jpg","width":150,"height":50,"caption":"Institut Europ\u00e9en des Musiques Juives"},"image":{"@id":"https:\/\/www.iemj.org\/it\/#\/schema\/logo\/image\/"},"sameAs":["https:\/\/www.facebook.com\/MusiquesJuives\/","https:\/\/www.instagram.com\/musiquesjuives\/","https:\/\/www.youtube.com\/user\/musiquesjuives"]}]}},"_links":{"self":[{"href":"https:\/\/www.iemj.org\/it\/wp-json\/wp\/v2\/product\/69251","targetHints":{"allow":["GET"]}}],"collection":[{"href":"https:\/\/www.iemj.org\/it\/wp-json\/wp\/v2\/product"}],"about":[{"href":"https:\/\/www.iemj.org\/it\/wp-json\/wp\/v2\/types\/product"}],"replies":[{"embeddable":true,"href":"https:\/\/www.iemj.org\/it\/wp-json\/wp\/v2\/comments?post=69251"}],"wp:featuredmedia":[{"embeddable":true,"href":"https:\/\/www.iemj.org\/it\/wp-json\/wp\/v2\/media\/69236"}],"wp:attachment":[{"href":"https:\/\/www.iemj.org\/it\/wp-json\/wp\/v2\/media?parent=69251"}],"wp:term":[{"taxonomy":"product_brand","embeddable":true,"href":"https:\/\/www.iemj.org\/it\/wp-json\/wp\/v2\/product_brand?post=69251"},{"taxonomy":"product_cat","embeddable":true,"href":"https:\/\/www.iemj.org\/it\/wp-json\/wp\/v2\/product_cat?post=69251"},{"taxonomy":"product_tag","embeddable":true,"href":"https:\/\/www.iemj.org\/it\/wp-json\/wp\/v2\/product_tag?post=69251"}],"curies":[{"name":"wp","href":"https:\/\/api.w.org\/{rel}","templated":true}]}}