{"id":82571,"date":"2015-03-12T15:59:01","date_gmt":"2015-03-12T14:59:01","guid":{"rendered":"https:\/\/www.iemj.org\/produit\/les-traditions-musicales-judeo-portugaises-en-france-h-roten\/"},"modified":"2022-04-06T11:31:04","modified_gmt":"2022-04-06T09:31:04","slug":"les-traditions-musicales-judeo-portugaises-en-france-h-roten","status":"publish","type":"product","link":"https:\/\/www.iemj.org\/it\/produit\/les-traditions-musicales-judeo-portugaises-en-france-h-roten\/","title":{"rendered":"Les traditions musicales jud\u00e9o-portugaises en France (H. Roten)"},"content":{"rendered":"<p>During the first half of the XVIth century, several families of Portuguese Maranos, who fled the persecutions of the Inquisition, settled in the Bayonne region. Considered \u201cnew Christians\u201d, they secretly practiced Judaism until its official recognition in 1790.<\/p>\n<p>These ancient Portuguese nations from South West of France have already been the subject of much research. But their musical traditions have never been studied completely. This book aims to accomplish this.<\/p>\n<p>For nearly 200 years, the Jewish communities of Bordeaux and Bayonne developed an intense musical activity, as witnessed by the ten compilations of sheet music and many recordings that exist today. These sources offer a more varied and complex view on the Judeo-Portuguese musical traditions in France.<\/p>\n<p><i> <strong>Herv\u00e9 ROTEN<\/strong> is an ethnomusicologist, doctor of musicology, Paris IV Sorbonne University. He is the director of the European Institute of Jewish Music and author of numerous articles, books and records on the various aspects of Jewish musical traditions in France and in the world. <\/i><\/p>\n","protected":false},"excerpt":{"rendered":"<div id=\"tw-target-text-container\" class=\"tw-ta-container hide-focus-ring tw-nfl\">\n<p id=\"tw-target-text\" class=\"tw-data-text tw-text-large XcVN5d tw-ta\" dir=\"ltr\" style=\"text-align: left;\"><span lang=\"en\" xml:lang=\"en\">A complete study on the Judeo-Portuguese traditions in France, by Herv\u00e9 Roten, Doctor in musicology, Officer of Arts and Letters.<\/span><\/p>\n<\/div>\n","protected":false},"featured_media":82572,"comment_status":"open","ping_status":"closed","template":"","meta":{"_acf_changed":false},"product_brand":[],"product_cat":[1996],"product_tag":[],"class_list":{"0":"post-82571","1":"product","2":"type-product","3":"status-publish","4":"has-post-thumbnail","6":"product_cat-libri-it","8":"first","9":"instock","10":"shipping-taxable","11":"purchasable","12":"product-type-simple"},"acf":[],"yoast_head":"<!-- This site is optimized with the Yoast SEO plugin v27.3 - https:\/\/yoast.com\/product\/yoast-seo-wordpress\/ -->\n<title>Les traditions musicales jud\u00e9o-portugaises en France (H. Roten) - Institut Europ\u00e9en des Musiques Juives<\/title>\n<meta name=\"robots\" content=\"index, follow, max-snippet:-1, max-image-preview:large, max-video-preview:-1\" \/>\n<link rel=\"canonical\" href=\"https:\/\/www.iemj.org\/it\/produit\/les-traditions-musicales-judeo-portugaises-en-france-h-roten\/\" \/>\n<meta property=\"og:locale\" content=\"it_IT\" \/>\n<meta property=\"og:type\" content=\"article\" \/>\n<meta property=\"og:title\" content=\"Les traditions musicales jud\u00e9o-portugaises en France (H. Roten) - Institut Europ\u00e9en des Musiques Juives\" \/>\n<meta property=\"og:description\" content=\"A complete study on the Judeo-Portuguese traditions in France, by Herv\u00e9 Roten, Doctor in musicology, Officer of Arts and Letters.\" \/>\n<meta property=\"og:url\" content=\"https:\/\/www.iemj.org\/it\/produit\/les-traditions-musicales-judeo-portugaises-en-france-h-roten\/\" \/>\n<meta property=\"og:site_name\" content=\"Institut Europ\u00e9en des Musiques Juives\" \/>\n<meta property=\"article:publisher\" content=\"https:\/\/www.facebook.com\/MusiquesJuives\/\" \/>\n<meta property=\"article:modified_time\" content=\"2022-04-06T09:31:04+00:00\" \/>\n<meta property=\"og:image\" content=\"https:\/\/www.iemj.org\/wp-content\/uploads\/2015\/03\/154-thickbox_default-Les-traditions-musicales-judeo-portugaises-en-France-H.-Roten.jpg\" \/>\n\t<meta property=\"og:image:width\" content=\"700\" \/>\n\t<meta property=\"og:image:height\" content=\"700\" \/>\n\t<meta property=\"og:image:type\" content=\"image\/jpeg\" \/>\n<meta name=\"twitter:card\" content=\"summary_large_image\" \/>\n<meta name=\"twitter:label1\" content=\"Tempo di lettura stimato\" \/>\n\t<meta name=\"twitter:data1\" content=\"1 minuto\" \/>\n<script type=\"application\/ld+json\" class=\"yoast-schema-graph\">{\"@context\":\"https:\\\/\\\/schema.org\",\"@graph\":[{\"@type\":\"WebPage\",\"@id\":\"https:\\\/\\\/www.iemj.org\\\/it\\\/produit\\\/les-traditions-musicales-judeo-portugaises-en-france-h-roten\\\/\",\"url\":\"https:\\\/\\\/www.iemj.org\\\/it\\\/produit\\\/les-traditions-musicales-judeo-portugaises-en-france-h-roten\\\/\",\"name\":\"Les traditions musicales jud\u00e9o-portugaises en France (H. Roten) - Institut Europ\u00e9en des Musiques Juives\",\"isPartOf\":{\"@id\":\"https:\\\/\\\/www.iemj.org\\\/it\\\/#website\"},\"primaryImageOfPage\":{\"@id\":\"https:\\\/\\\/www.iemj.org\\\/it\\\/produit\\\/les-traditions-musicales-judeo-portugaises-en-france-h-roten\\\/#primaryimage\"},\"image\":{\"@id\":\"https:\\\/\\\/www.iemj.org\\\/it\\\/produit\\\/les-traditions-musicales-judeo-portugaises-en-france-h-roten\\\/#primaryimage\"},\"thumbnailUrl\":\"https:\\\/\\\/www.iemj.org\\\/wp-content\\\/uploads\\\/2015\\\/03\\\/154-thickbox_default-Les-traditions-musicales-judeo-portugaises-en-France-H.-Roten.jpg\",\"datePublished\":\"2015-03-12T14:59:01+00:00\",\"dateModified\":\"2022-04-06T09:31:04+00:00\",\"breadcrumb\":{\"@id\":\"https:\\\/\\\/www.iemj.org\\\/it\\\/produit\\\/les-traditions-musicales-judeo-portugaises-en-france-h-roten\\\/#breadcrumb\"},\"inLanguage\":\"it-IT\",\"potentialAction\":[{\"@type\":\"ReadAction\",\"target\":[\"https:\\\/\\\/www.iemj.org\\\/it\\\/produit\\\/les-traditions-musicales-judeo-portugaises-en-france-h-roten\\\/\"]}]},{\"@type\":\"ImageObject\",\"inLanguage\":\"it-IT\",\"@id\":\"https:\\\/\\\/www.iemj.org\\\/it\\\/produit\\\/les-traditions-musicales-judeo-portugaises-en-france-h-roten\\\/#primaryimage\",\"url\":\"https:\\\/\\\/www.iemj.org\\\/wp-content\\\/uploads\\\/2015\\\/03\\\/154-thickbox_default-Les-traditions-musicales-judeo-portugaises-en-France-H.-Roten.jpg\",\"contentUrl\":\"https:\\\/\\\/www.iemj.org\\\/wp-content\\\/uploads\\\/2015\\\/03\\\/154-thickbox_default-Les-traditions-musicales-judeo-portugaises-en-France-H.-Roten.jpg\",\"width\":700,\"height\":700},{\"@type\":\"BreadcrumbList\",\"@id\":\"https:\\\/\\\/www.iemj.org\\\/it\\\/produit\\\/les-traditions-musicales-judeo-portugaises-en-france-h-roten\\\/#breadcrumb\",\"itemListElement\":[{\"@type\":\"ListItem\",\"position\":1,\"name\":\"Accueil\",\"item\":\"https:\\\/\\\/www.iemj.org\\\/it\\\/\"},{\"@type\":\"ListItem\",\"position\":2,\"name\":\"Boutique\",\"item\":\"https:\\\/\\\/www.iemj.org\\\/it\\\/negozio\\\/\"},{\"@type\":\"ListItem\",\"position\":3,\"name\":\"Les traditions musicales jud\u00e9o-portugaises en France (H. Roten)\"}]},{\"@type\":\"WebSite\",\"@id\":\"https:\\\/\\\/www.iemj.org\\\/it\\\/#website\",\"url\":\"https:\\\/\\\/www.iemj.org\\\/it\\\/\",\"name\":\"Institut Europ\u00e9en des Musiques Juives\",\"description\":\"Des traditions musicales \u00e0 la port\u00e9e de tous\",\"publisher\":{\"@id\":\"https:\\\/\\\/www.iemj.org\\\/it\\\/#organization\"},\"potentialAction\":[{\"@type\":\"SearchAction\",\"target\":{\"@type\":\"EntryPoint\",\"urlTemplate\":\"https:\\\/\\\/www.iemj.org\\\/it\\\/?s={search_term_string}\"},\"query-input\":{\"@type\":\"PropertyValueSpecification\",\"valueRequired\":true,\"valueName\":\"search_term_string\"}}],\"inLanguage\":\"it-IT\"},{\"@type\":\"Organization\",\"@id\":\"https:\\\/\\\/www.iemj.org\\\/it\\\/#organization\",\"name\":\"Institut Europ\u00e9en des Musiques Juives\",\"url\":\"https:\\\/\\\/www.iemj.org\\\/it\\\/\",\"logo\":{\"@type\":\"ImageObject\",\"inLanguage\":\"it-IT\",\"@id\":\"https:\\\/\\\/www.iemj.org\\\/it\\\/#\\\/schema\\\/logo\\\/image\\\/\",\"url\":\"https:\\\/\\\/www.iemj.org\\\/wp-content\\\/uploads\\\/2021\\\/09\\\/Logo-IEMJ-Paypal.jpg\",\"contentUrl\":\"https:\\\/\\\/www.iemj.org\\\/wp-content\\\/uploads\\\/2021\\\/09\\\/Logo-IEMJ-Paypal.jpg\",\"width\":150,\"height\":50,\"caption\":\"Institut Europ\u00e9en des Musiques Juives\"},\"image\":{\"@id\":\"https:\\\/\\\/www.iemj.org\\\/it\\\/#\\\/schema\\\/logo\\\/image\\\/\"},\"sameAs\":[\"https:\\\/\\\/www.facebook.com\\\/MusiquesJuives\\\/\",\"https:\\\/\\\/www.instagram.com\\\/musiquesjuives\\\/\",\"https:\\\/\\\/www.youtube.com\\\/user\\\/musiquesjuives\"]}]}<\/script>\n<!-- \/ Yoast SEO plugin. -->","yoast_head_json":{"title":"Les traditions musicales jud\u00e9o-portugaises en France (H. Roten) - Institut Europ\u00e9en des Musiques Juives","robots":{"index":"index","follow":"follow","max-snippet":"max-snippet:-1","max-image-preview":"max-image-preview:large","max-video-preview":"max-video-preview:-1"},"canonical":"https:\/\/www.iemj.org\/it\/produit\/les-traditions-musicales-judeo-portugaises-en-france-h-roten\/","og_locale":"it_IT","og_type":"article","og_title":"Les traditions musicales jud\u00e9o-portugaises en France (H. Roten) - Institut Europ\u00e9en des Musiques Juives","og_description":"A complete study on the Judeo-Portuguese traditions in France, by Herv\u00e9 Roten, Doctor in musicology, Officer of Arts and Letters.","og_url":"https:\/\/www.iemj.org\/it\/produit\/les-traditions-musicales-judeo-portugaises-en-france-h-roten\/","og_site_name":"Institut Europ\u00e9en des Musiques Juives","article_publisher":"https:\/\/www.facebook.com\/MusiquesJuives\/","article_modified_time":"2022-04-06T09:31:04+00:00","og_image":[{"width":700,"height":700,"url":"https:\/\/www.iemj.org\/wp-content\/uploads\/2015\/03\/154-thickbox_default-Les-traditions-musicales-judeo-portugaises-en-France-H.-Roten.jpg","type":"image\/jpeg"}],"twitter_card":"summary_large_image","twitter_misc":{"Tempo di lettura stimato":"1 minuto"},"schema":{"@context":"https:\/\/schema.org","@graph":[{"@type":"WebPage","@id":"https:\/\/www.iemj.org\/it\/produit\/les-traditions-musicales-judeo-portugaises-en-france-h-roten\/","url":"https:\/\/www.iemj.org\/it\/produit\/les-traditions-musicales-judeo-portugaises-en-france-h-roten\/","name":"Les traditions musicales jud\u00e9o-portugaises en France (H. Roten) - Institut Europ\u00e9en des Musiques Juives","isPartOf":{"@id":"https:\/\/www.iemj.org\/it\/#website"},"primaryImageOfPage":{"@id":"https:\/\/www.iemj.org\/it\/produit\/les-traditions-musicales-judeo-portugaises-en-france-h-roten\/#primaryimage"},"image":{"@id":"https:\/\/www.iemj.org\/it\/produit\/les-traditions-musicales-judeo-portugaises-en-france-h-roten\/#primaryimage"},"thumbnailUrl":"https:\/\/www.iemj.org\/wp-content\/uploads\/2015\/03\/154-thickbox_default-Les-traditions-musicales-judeo-portugaises-en-France-H.-Roten.jpg","datePublished":"2015-03-12T14:59:01+00:00","dateModified":"2022-04-06T09:31:04+00:00","breadcrumb":{"@id":"https:\/\/www.iemj.org\/it\/produit\/les-traditions-musicales-judeo-portugaises-en-france-h-roten\/#breadcrumb"},"inLanguage":"it-IT","potentialAction":[{"@type":"ReadAction","target":["https:\/\/www.iemj.org\/it\/produit\/les-traditions-musicales-judeo-portugaises-en-france-h-roten\/"]}]},{"@type":"ImageObject","inLanguage":"it-IT","@id":"https:\/\/www.iemj.org\/it\/produit\/les-traditions-musicales-judeo-portugaises-en-france-h-roten\/#primaryimage","url":"https:\/\/www.iemj.org\/wp-content\/uploads\/2015\/03\/154-thickbox_default-Les-traditions-musicales-judeo-portugaises-en-France-H.-Roten.jpg","contentUrl":"https:\/\/www.iemj.org\/wp-content\/uploads\/2015\/03\/154-thickbox_default-Les-traditions-musicales-judeo-portugaises-en-France-H.-Roten.jpg","width":700,"height":700},{"@type":"BreadcrumbList","@id":"https:\/\/www.iemj.org\/it\/produit\/les-traditions-musicales-judeo-portugaises-en-france-h-roten\/#breadcrumb","itemListElement":[{"@type":"ListItem","position":1,"name":"Accueil","item":"https:\/\/www.iemj.org\/it\/"},{"@type":"ListItem","position":2,"name":"Boutique","item":"https:\/\/www.iemj.org\/it\/negozio\/"},{"@type":"ListItem","position":3,"name":"Les traditions musicales jud\u00e9o-portugaises en France (H. Roten)"}]},{"@type":"WebSite","@id":"https:\/\/www.iemj.org\/it\/#website","url":"https:\/\/www.iemj.org\/it\/","name":"Institut Europ\u00e9en des Musiques Juives","description":"Des traditions musicales \u00e0 la port\u00e9e de tous","publisher":{"@id":"https:\/\/www.iemj.org\/it\/#organization"},"potentialAction":[{"@type":"SearchAction","target":{"@type":"EntryPoint","urlTemplate":"https:\/\/www.iemj.org\/it\/?s={search_term_string}"},"query-input":{"@type":"PropertyValueSpecification","valueRequired":true,"valueName":"search_term_string"}}],"inLanguage":"it-IT"},{"@type":"Organization","@id":"https:\/\/www.iemj.org\/it\/#organization","name":"Institut Europ\u00e9en des Musiques Juives","url":"https:\/\/www.iemj.org\/it\/","logo":{"@type":"ImageObject","inLanguage":"it-IT","@id":"https:\/\/www.iemj.org\/it\/#\/schema\/logo\/image\/","url":"https:\/\/www.iemj.org\/wp-content\/uploads\/2021\/09\/Logo-IEMJ-Paypal.jpg","contentUrl":"https:\/\/www.iemj.org\/wp-content\/uploads\/2021\/09\/Logo-IEMJ-Paypal.jpg","width":150,"height":50,"caption":"Institut Europ\u00e9en des Musiques Juives"},"image":{"@id":"https:\/\/www.iemj.org\/it\/#\/schema\/logo\/image\/"},"sameAs":["https:\/\/www.facebook.com\/MusiquesJuives\/","https:\/\/www.instagram.com\/musiquesjuives\/","https:\/\/www.youtube.com\/user\/musiquesjuives"]}]}},"_links":{"self":[{"href":"https:\/\/www.iemj.org\/it\/wp-json\/wp\/v2\/product\/82571","targetHints":{"allow":["GET"]}}],"collection":[{"href":"https:\/\/www.iemj.org\/it\/wp-json\/wp\/v2\/product"}],"about":[{"href":"https:\/\/www.iemj.org\/it\/wp-json\/wp\/v2\/types\/product"}],"replies":[{"embeddable":true,"href":"https:\/\/www.iemj.org\/it\/wp-json\/wp\/v2\/comments?post=82571"}],"wp:featuredmedia":[{"embeddable":true,"href":"https:\/\/www.iemj.org\/it\/wp-json\/wp\/v2\/media\/82572"}],"wp:attachment":[{"href":"https:\/\/www.iemj.org\/it\/wp-json\/wp\/v2\/media?parent=82571"}],"wp:term":[{"taxonomy":"product_brand","embeddable":true,"href":"https:\/\/www.iemj.org\/it\/wp-json\/wp\/v2\/product_brand?post=82571"},{"taxonomy":"product_cat","embeddable":true,"href":"https:\/\/www.iemj.org\/it\/wp-json\/wp\/v2\/product_cat?post=82571"},{"taxonomy":"product_tag","embeddable":true,"href":"https:\/\/www.iemj.org\/it\/wp-json\/wp\/v2\/product_tag?post=82571"}],"curies":[{"name":"wp","href":"https:\/\/api.w.org\/{rel}","templated":true}]}}