{"id":88892,"date":"2015-03-19T22:33:57","date_gmt":"2015-03-19T21:33:57","guid":{"rendered":"https:\/\/www.iemj.org\/produit\/whole-collection-of-the10-series-of-coplas-sefardies\/"},"modified":"2023-03-08T09:42:32","modified_gmt":"2023-03-08T08:42:32","slug":"whole-collection-of-the10-series-of-coplas-sefardies","status":"publish","type":"product","link":"https:\/\/www.iemj.org\/it\/produit\/whole-collection-of-the10-series-of-coplas-sefardies\/","title":{"rendered":"Whole collection of the 10 series of Coplas Sefardies"},"content":{"rendered":"<p>Set of 10 collections of scores of Coplas Sefardies by Alberto Hemsi (All original scores by Alberto Hemsi, except the 1st collection out of print and replaced by a facsimile)<\/p>\n<p><img fetchpriority=\"high\" decoding=\"async\" class=\"alignnone size-medium wp-image-424\" src=\"https:\/\/www.iemj.org\/wp-content\/uploads\/2015\/03\/187-thickbox_default-Ensemble-des-10-partitions-Coplas-Sefardies-de-Alberto-Hemsi-300x300.jpg\" alt=\"\" width=\"300\" height=\"300\" srcset=\"https:\/\/www.iemj.org\/wp-content\/uploads\/2015\/03\/187-thickbox_default-Ensemble-des-10-partitions-Coplas-Sefardies-de-Alberto-Hemsi-300x300.jpg 300w, https:\/\/www.iemj.org\/wp-content\/uploads\/2015\/03\/187-thickbox_default-Ensemble-des-10-partitions-Coplas-Sefardies-de-Alberto-Hemsi-100x100.jpg 100w, https:\/\/www.iemj.org\/wp-content\/uploads\/2015\/03\/187-thickbox_default-Ensemble-des-10-partitions-Coplas-Sefardies-de-Alberto-Hemsi-600x600.jpg 600w, https:\/\/www.iemj.org\/wp-content\/uploads\/2015\/03\/187-thickbox_default-Ensemble-des-10-partitions-Coplas-Sefardies-de-Alberto-Hemsi-150x150.jpg 150w, https:\/\/www.iemj.org\/wp-content\/uploads\/2015\/03\/187-thickbox_default-Ensemble-des-10-partitions-Coplas-Sefardies-de-Alberto-Hemsi.jpg 700w\" sizes=\"(max-width: 300px) 100vw, 300px\" \/><\/p>\n","protected":false},"excerpt":{"rendered":"<p>Whole collection of the 10 booklets of Coplas Sefardies, composed by Alberto Hemsi (<em>The first booklet being out is replaced by a fac-simile version<\/em>)<\/p>\n<h3><a href=\"https:\/\/www.iemj.org\/en\/products-categories\/sheet-music-en\/composers-en\/hemsi-alberto-en-2\/\" target=\"_blank\" rel=\"noopener\"><strong>Find all the works of Alberto Hemsi on our store<\/strong><\/a><\/h3>\n<p>&nbsp;<\/p>\n","protected":false},"featured_media":95426,"comment_status":"open","ping_status":"closed","template":"","meta":{"_acf_changed":false},"product_brand":[],"product_cat":[3966,2355,2337,2358,1661,2402,2400],"product_tag":[],"class_list":{"0":"post-88892","1":"product","2":"type-product","3":"status-publish","4":"has-post-thumbnail","6":"product_cat-boutique-it","7":"product_cat-classico","8":"product_cat-duo-it","9":"product_cat-giudeo-spagnolo-it","10":"product_cat-hemsi-alberto-it","11":"product_cat-spartiti-stampati","12":"product_cat-voce","14":"first","15":"instock","16":"shipping-taxable","17":"purchasable","18":"product-type-simple"},"acf":[],"yoast_head":"<!-- This site is optimized with the Yoast SEO plugin v27.3 - https:\/\/yoast.com\/product\/yoast-seo-wordpress\/ -->\n<title>Whole collection of the 10 series of Coplas Sefardies - Institut Europ\u00e9en des Musiques Juives<\/title>\n<meta name=\"robots\" content=\"index, follow, max-snippet:-1, max-image-preview:large, max-video-preview:-1\" \/>\n<link rel=\"canonical\" href=\"https:\/\/www.iemj.org\/it\/produit\/whole-collection-of-the10-series-of-coplas-sefardies\/\" \/>\n<meta property=\"og:locale\" content=\"it_IT\" \/>\n<meta property=\"og:type\" content=\"article\" \/>\n<meta property=\"og:title\" content=\"Whole collection of the 10 series of Coplas Sefardies - Institut Europ\u00e9en des Musiques Juives\" \/>\n<meta property=\"og:description\" content=\"Whole collection of the 10 booklets of Coplas Sefardies, composed by Alberto Hemsi (The first booklet being out is replaced by a fac-simile version) Find all the works of Alberto Hemsi on our store &nbsp;\" \/>\n<meta property=\"og:url\" content=\"https:\/\/www.iemj.org\/it\/produit\/whole-collection-of-the10-series-of-coplas-sefardies\/\" \/>\n<meta property=\"og:site_name\" content=\"Institut Europ\u00e9en des Musiques Juives\" \/>\n<meta property=\"article:publisher\" content=\"https:\/\/www.facebook.com\/MusiquesJuives\/\" \/>\n<meta property=\"article:modified_time\" content=\"2023-03-08T08:42:32+00:00\" \/>\n<meta property=\"og:image\" content=\"https:\/\/www.iemj.org\/wp-content\/uploads\/2015\/03\/Logo-Coplas_sans-blanc-sur-les-cotes.jpg\" \/>\n\t<meta property=\"og:image:width\" content=\"700\" \/>\n\t<meta property=\"og:image:height\" content=\"700\" \/>\n\t<meta property=\"og:image:type\" content=\"image\/jpeg\" \/>\n<meta name=\"twitter:card\" content=\"summary_large_image\" \/>\n<script type=\"application\/ld+json\" class=\"yoast-schema-graph\">{\"@context\":\"https:\\\/\\\/schema.org\",\"@graph\":[{\"@type\":\"WebPage\",\"@id\":\"https:\\\/\\\/www.iemj.org\\\/it\\\/produit\\\/whole-collection-of-the10-series-of-coplas-sefardies\\\/\",\"url\":\"https:\\\/\\\/www.iemj.org\\\/it\\\/produit\\\/whole-collection-of-the10-series-of-coplas-sefardies\\\/\",\"name\":\"Whole collection of the 10 series of Coplas Sefardies - Institut Europ\u00e9en des Musiques Juives\",\"isPartOf\":{\"@id\":\"https:\\\/\\\/www.iemj.org\\\/it\\\/#website\"},\"primaryImageOfPage\":{\"@id\":\"https:\\\/\\\/www.iemj.org\\\/it\\\/produit\\\/whole-collection-of-the10-series-of-coplas-sefardies\\\/#primaryimage\"},\"image\":{\"@id\":\"https:\\\/\\\/www.iemj.org\\\/it\\\/produit\\\/whole-collection-of-the10-series-of-coplas-sefardies\\\/#primaryimage\"},\"thumbnailUrl\":\"https:\\\/\\\/www.iemj.org\\\/wp-content\\\/uploads\\\/2015\\\/03\\\/Logo-Coplas_sans-blanc-sur-les-cotes.jpg\",\"datePublished\":\"2015-03-19T21:33:57+00:00\",\"dateModified\":\"2023-03-08T08:42:32+00:00\",\"breadcrumb\":{\"@id\":\"https:\\\/\\\/www.iemj.org\\\/it\\\/produit\\\/whole-collection-of-the10-series-of-coplas-sefardies\\\/#breadcrumb\"},\"inLanguage\":\"it-IT\",\"potentialAction\":[{\"@type\":\"ReadAction\",\"target\":[\"https:\\\/\\\/www.iemj.org\\\/it\\\/produit\\\/whole-collection-of-the10-series-of-coplas-sefardies\\\/\"]}]},{\"@type\":\"ImageObject\",\"inLanguage\":\"it-IT\",\"@id\":\"https:\\\/\\\/www.iemj.org\\\/it\\\/produit\\\/whole-collection-of-the10-series-of-coplas-sefardies\\\/#primaryimage\",\"url\":\"https:\\\/\\\/www.iemj.org\\\/wp-content\\\/uploads\\\/2015\\\/03\\\/Logo-Coplas_sans-blanc-sur-les-cotes.jpg\",\"contentUrl\":\"https:\\\/\\\/www.iemj.org\\\/wp-content\\\/uploads\\\/2015\\\/03\\\/Logo-Coplas_sans-blanc-sur-les-cotes.jpg\",\"width\":700,\"height\":700},{\"@type\":\"BreadcrumbList\",\"@id\":\"https:\\\/\\\/www.iemj.org\\\/it\\\/produit\\\/whole-collection-of-the10-series-of-coplas-sefardies\\\/#breadcrumb\",\"itemListElement\":[{\"@type\":\"ListItem\",\"position\":1,\"name\":\"Accueil\",\"item\":\"https:\\\/\\\/www.iemj.org\\\/it\\\/\"},{\"@type\":\"ListItem\",\"position\":2,\"name\":\"Boutique\",\"item\":\"https:\\\/\\\/www.iemj.org\\\/it\\\/negozio\\\/\"},{\"@type\":\"ListItem\",\"position\":3,\"name\":\"Whole collection of the 10 series of Coplas Sefardies\"}]},{\"@type\":\"WebSite\",\"@id\":\"https:\\\/\\\/www.iemj.org\\\/it\\\/#website\",\"url\":\"https:\\\/\\\/www.iemj.org\\\/it\\\/\",\"name\":\"Institut Europ\u00e9en des Musiques Juives\",\"description\":\"Des traditions musicales \u00e0 la port\u00e9e de tous\",\"publisher\":{\"@id\":\"https:\\\/\\\/www.iemj.org\\\/it\\\/#organization\"},\"potentialAction\":[{\"@type\":\"SearchAction\",\"target\":{\"@type\":\"EntryPoint\",\"urlTemplate\":\"https:\\\/\\\/www.iemj.org\\\/it\\\/?s={search_term_string}\"},\"query-input\":{\"@type\":\"PropertyValueSpecification\",\"valueRequired\":true,\"valueName\":\"search_term_string\"}}],\"inLanguage\":\"it-IT\"},{\"@type\":\"Organization\",\"@id\":\"https:\\\/\\\/www.iemj.org\\\/it\\\/#organization\",\"name\":\"Institut Europ\u00e9en des Musiques Juives\",\"url\":\"https:\\\/\\\/www.iemj.org\\\/it\\\/\",\"logo\":{\"@type\":\"ImageObject\",\"inLanguage\":\"it-IT\",\"@id\":\"https:\\\/\\\/www.iemj.org\\\/it\\\/#\\\/schema\\\/logo\\\/image\\\/\",\"url\":\"https:\\\/\\\/www.iemj.org\\\/wp-content\\\/uploads\\\/2021\\\/09\\\/Logo-IEMJ-Paypal.jpg\",\"contentUrl\":\"https:\\\/\\\/www.iemj.org\\\/wp-content\\\/uploads\\\/2021\\\/09\\\/Logo-IEMJ-Paypal.jpg\",\"width\":150,\"height\":50,\"caption\":\"Institut Europ\u00e9en des Musiques Juives\"},\"image\":{\"@id\":\"https:\\\/\\\/www.iemj.org\\\/it\\\/#\\\/schema\\\/logo\\\/image\\\/\"},\"sameAs\":[\"https:\\\/\\\/www.facebook.com\\\/MusiquesJuives\\\/\",\"https:\\\/\\\/www.instagram.com\\\/musiquesjuives\\\/\",\"https:\\\/\\\/www.youtube.com\\\/user\\\/musiquesjuives\"]}]}<\/script>\n<!-- \/ Yoast SEO plugin. -->","yoast_head_json":{"title":"Whole collection of the 10 series of Coplas Sefardies - Institut Europ\u00e9en des Musiques Juives","robots":{"index":"index","follow":"follow","max-snippet":"max-snippet:-1","max-image-preview":"max-image-preview:large","max-video-preview":"max-video-preview:-1"},"canonical":"https:\/\/www.iemj.org\/it\/produit\/whole-collection-of-the10-series-of-coplas-sefardies\/","og_locale":"it_IT","og_type":"article","og_title":"Whole collection of the 10 series of Coplas Sefardies - Institut Europ\u00e9en des Musiques Juives","og_description":"Whole collection of the 10 booklets of Coplas Sefardies, composed by Alberto Hemsi (The first booklet being out is replaced by a fac-simile version) Find all the works of Alberto Hemsi on our store &nbsp;","og_url":"https:\/\/www.iemj.org\/it\/produit\/whole-collection-of-the10-series-of-coplas-sefardies\/","og_site_name":"Institut Europ\u00e9en des Musiques Juives","article_publisher":"https:\/\/www.facebook.com\/MusiquesJuives\/","article_modified_time":"2023-03-08T08:42:32+00:00","og_image":[{"width":700,"height":700,"url":"https:\/\/www.iemj.org\/wp-content\/uploads\/2015\/03\/Logo-Coplas_sans-blanc-sur-les-cotes.jpg","type":"image\/jpeg"}],"twitter_card":"summary_large_image","schema":{"@context":"https:\/\/schema.org","@graph":[{"@type":"WebPage","@id":"https:\/\/www.iemj.org\/it\/produit\/whole-collection-of-the10-series-of-coplas-sefardies\/","url":"https:\/\/www.iemj.org\/it\/produit\/whole-collection-of-the10-series-of-coplas-sefardies\/","name":"Whole collection of the 10 series of Coplas Sefardies - Institut Europ\u00e9en des Musiques Juives","isPartOf":{"@id":"https:\/\/www.iemj.org\/it\/#website"},"primaryImageOfPage":{"@id":"https:\/\/www.iemj.org\/it\/produit\/whole-collection-of-the10-series-of-coplas-sefardies\/#primaryimage"},"image":{"@id":"https:\/\/www.iemj.org\/it\/produit\/whole-collection-of-the10-series-of-coplas-sefardies\/#primaryimage"},"thumbnailUrl":"https:\/\/www.iemj.org\/wp-content\/uploads\/2015\/03\/Logo-Coplas_sans-blanc-sur-les-cotes.jpg","datePublished":"2015-03-19T21:33:57+00:00","dateModified":"2023-03-08T08:42:32+00:00","breadcrumb":{"@id":"https:\/\/www.iemj.org\/it\/produit\/whole-collection-of-the10-series-of-coplas-sefardies\/#breadcrumb"},"inLanguage":"it-IT","potentialAction":[{"@type":"ReadAction","target":["https:\/\/www.iemj.org\/it\/produit\/whole-collection-of-the10-series-of-coplas-sefardies\/"]}]},{"@type":"ImageObject","inLanguage":"it-IT","@id":"https:\/\/www.iemj.org\/it\/produit\/whole-collection-of-the10-series-of-coplas-sefardies\/#primaryimage","url":"https:\/\/www.iemj.org\/wp-content\/uploads\/2015\/03\/Logo-Coplas_sans-blanc-sur-les-cotes.jpg","contentUrl":"https:\/\/www.iemj.org\/wp-content\/uploads\/2015\/03\/Logo-Coplas_sans-blanc-sur-les-cotes.jpg","width":700,"height":700},{"@type":"BreadcrumbList","@id":"https:\/\/www.iemj.org\/it\/produit\/whole-collection-of-the10-series-of-coplas-sefardies\/#breadcrumb","itemListElement":[{"@type":"ListItem","position":1,"name":"Accueil","item":"https:\/\/www.iemj.org\/it\/"},{"@type":"ListItem","position":2,"name":"Boutique","item":"https:\/\/www.iemj.org\/it\/negozio\/"},{"@type":"ListItem","position":3,"name":"Whole collection of the 10 series of Coplas Sefardies"}]},{"@type":"WebSite","@id":"https:\/\/www.iemj.org\/it\/#website","url":"https:\/\/www.iemj.org\/it\/","name":"Institut Europ\u00e9en des Musiques Juives","description":"Des traditions musicales \u00e0 la port\u00e9e de tous","publisher":{"@id":"https:\/\/www.iemj.org\/it\/#organization"},"potentialAction":[{"@type":"SearchAction","target":{"@type":"EntryPoint","urlTemplate":"https:\/\/www.iemj.org\/it\/?s={search_term_string}"},"query-input":{"@type":"PropertyValueSpecification","valueRequired":true,"valueName":"search_term_string"}}],"inLanguage":"it-IT"},{"@type":"Organization","@id":"https:\/\/www.iemj.org\/it\/#organization","name":"Institut Europ\u00e9en des Musiques Juives","url":"https:\/\/www.iemj.org\/it\/","logo":{"@type":"ImageObject","inLanguage":"it-IT","@id":"https:\/\/www.iemj.org\/it\/#\/schema\/logo\/image\/","url":"https:\/\/www.iemj.org\/wp-content\/uploads\/2021\/09\/Logo-IEMJ-Paypal.jpg","contentUrl":"https:\/\/www.iemj.org\/wp-content\/uploads\/2021\/09\/Logo-IEMJ-Paypal.jpg","width":150,"height":50,"caption":"Institut Europ\u00e9en des Musiques Juives"},"image":{"@id":"https:\/\/www.iemj.org\/it\/#\/schema\/logo\/image\/"},"sameAs":["https:\/\/www.facebook.com\/MusiquesJuives\/","https:\/\/www.instagram.com\/musiquesjuives\/","https:\/\/www.youtube.com\/user\/musiquesjuives"]}]}},"_links":{"self":[{"href":"https:\/\/www.iemj.org\/it\/wp-json\/wp\/v2\/product\/88892","targetHints":{"allow":["GET"]}}],"collection":[{"href":"https:\/\/www.iemj.org\/it\/wp-json\/wp\/v2\/product"}],"about":[{"href":"https:\/\/www.iemj.org\/it\/wp-json\/wp\/v2\/types\/product"}],"replies":[{"embeddable":true,"href":"https:\/\/www.iemj.org\/it\/wp-json\/wp\/v2\/comments?post=88892"}],"wp:featuredmedia":[{"embeddable":true,"href":"https:\/\/www.iemj.org\/it\/wp-json\/wp\/v2\/media\/95426"}],"wp:attachment":[{"href":"https:\/\/www.iemj.org\/it\/wp-json\/wp\/v2\/media?parent=88892"}],"wp:term":[{"taxonomy":"product_brand","embeddable":true,"href":"https:\/\/www.iemj.org\/it\/wp-json\/wp\/v2\/product_brand?post=88892"},{"taxonomy":"product_cat","embeddable":true,"href":"https:\/\/www.iemj.org\/it\/wp-json\/wp\/v2\/product_cat?post=88892"},{"taxonomy":"product_tag","embeddable":true,"href":"https:\/\/www.iemj.org\/it\/wp-json\/wp\/v2\/product_tag?post=88892"}],"curies":[{"name":"wp","href":"https:\/\/api.w.org\/{rel}","templated":true}]}}