{"id":106119,"date":"2023-11-30T14:59:33","date_gmt":"2023-11-30T13:59:33","guid":{"rendered":"https:\/\/www.iemj.org\/?post_type=tribe_events&#038;p=106119"},"modified":"2023-11-30T15:34:26","modified_gmt":"2023-11-30T14:34:26","slug":"cantate-ad-hashem-un-canto-nuovo-sal-981-liturgia-ebraica-e-liturgia-cristiana-ieri-e-oggi","status":"publish","type":"tribe_events","link":"https:\/\/www.iemj.org\/it\/eventi\/cantate-ad-hashem-un-canto-nuovo-sal-981-liturgia-ebraica-e-liturgia-cristiana-ieri-e-oggi\/","title":{"rendered":"Cantate ad HaShem un canto nuovo (Sal 98,1). Liturgia ebraica e liturgia cristiana ieri e oggi"},"content":{"rendered":"<p><img decoding=\"async\" class=\"wp-image-106137 alignright\" src=\"https:\/\/www.iemj.org\/wp-content\/uploads\/2023\/11\/Coro-300x284.png\" alt=\"\" width=\"210\" height=\"199\" srcset=\"https:\/\/www.iemj.org\/wp-content\/uploads\/2023\/11\/Coro-300x284.png 300w, https:\/\/www.iemj.org\/wp-content\/uploads\/2023\/11\/Coro.png 366w\" sizes=\"(max-width: 210px) 100vw, 210px\" \/>Colloqui ebraico-cristiani. XLV Incontro Nazionale Camaldoli (Arezzo, Italia).<br \/>\n1. Relazioni di autorevoli studiosi di ebraismo, ebrei e non, e biblisti presentano la liturgia ebraica e cristina in dialogo.<br \/>\n2. Gruppi e seminari<\/p>\n<p><strong><span dir=\"ltr\" role=\"presentation\">Sabato 9 dicembre &#8211; 21:00<\/span><\/strong><br \/>\n<strong>Concerto di canti ebraici del Coro Ha-Kol<\/strong> (<a href=\"https:\/\/www.corohakol.it\/\" target=\"_blank\" rel=\"noopener\">https:\/\/www.corohakol.it\/<\/a>)<\/p>\n<h2><a href=\"https:\/\/www.iemj.org\/wp-content\/uploads\/2023\/11\/Colloquio-Ebraico-Cristiano-2023-web-1.pdf\" target=\"_blank\" rel=\"noopener\">Scaricare il programma del colloquio<\/a><\/h2>\n","protected":false},"excerpt":{"rendered":"<p>Colloqui ebraico-cristiani. XLV Incontro Nazionale Camaldoli (Arezzo, Italia). 1. Relazioni di autorevoli studiosi di ebraismo, ebrei e non, e biblisti presentano la liturgia ebraica e cristina in dialogo. 2. Gruppi<\/p>\n","protected":false},"author":2070,"featured_media":106142,"template":"","meta":{"_acf_changed":false,"_tribe_events_status":"","_tribe_events_status_reason":"","_tribe_events_is_hybrid":"","_tribe_events_is_virtual":"","_tribe_events_virtual_video_source":"","_tribe_events_virtual_embed_video":"","_tribe_events_virtual_linked_button_text":"","_tribe_events_virtual_linked_button":"","_tribe_events_virtual_show_embed_at":"","_tribe_events_virtual_show_embed_to":[],"_tribe_events_virtual_show_on_event":"","_tribe_events_virtual_show_on_views":"","_tribe_events_virtual_url":"","footnotes":""},"tags":[],"tribe_events_cat":[],"class_list":["post-106119","tribe_events","type-tribe_events","status-publish","has-post-thumbnail","hentry"],"acf":[],"yoast_head":"<!-- This site is optimized with the Yoast SEO plugin v27.3 - https:\/\/yoast.com\/product\/yoast-seo-wordpress\/ -->\n<title>Cantate ad HaShem un canto nuovo (Sal 98,1). Liturgia ebraica e liturgia cristiana ieri e oggi - Institut Europ\u00e9en des Musiques Juives<\/title>\n<meta name=\"robots\" content=\"index, follow, max-snippet:-1, max-image-preview:large, max-video-preview:-1\" \/>\n<link rel=\"canonical\" href=\"https:\/\/www.iemj.org\/it\/eventi\/cantate-ad-hashem-un-canto-nuovo-sal-981-liturgia-ebraica-e-liturgia-cristiana-ieri-e-oggi\/\" \/>\n<meta property=\"og:locale\" content=\"it_IT\" \/>\n<meta property=\"og:type\" content=\"article\" \/>\n<meta property=\"og:title\" content=\"Cantate ad HaShem un canto nuovo (Sal 98,1). Liturgia ebraica e liturgia cristiana ieri e oggi - Institut Europ\u00e9en des Musiques Juives\" \/>\n<meta property=\"og:description\" content=\"Colloqui ebraico-cristiani. XLV Incontro Nazionale Camaldoli (Arezzo, Italia). 1. Relazioni di autorevoli studiosi di ebraismo, ebrei e non, e biblisti presentano la liturgia ebraica e cristina in dialogo. 2. Gruppi\" \/>\n<meta property=\"og:url\" content=\"https:\/\/www.iemj.org\/it\/eventi\/cantate-ad-hashem-un-canto-nuovo-sal-981-liturgia-ebraica-e-liturgia-cristiana-ieri-e-oggi\/\" \/>\n<meta property=\"og:site_name\" content=\"Institut Europ\u00e9en des Musiques Juives\" \/>\n<meta property=\"article:publisher\" content=\"https:\/\/www.facebook.com\/MusiquesJuives\/\" \/>\n<meta property=\"article:modified_time\" content=\"2023-11-30T14:34:26+00:00\" \/>\n<meta property=\"og:image\" content=\"https:\/\/www.iemj.org\/wp-content\/uploads\/2023\/11\/Colloque-Italie.png\" \/>\n\t<meta property=\"og:image:width\" content=\"432\" \/>\n\t<meta property=\"og:image:height\" content=\"623\" \/>\n\t<meta property=\"og:image:type\" content=\"image\/png\" \/>\n<meta name=\"twitter:card\" content=\"summary_large_image\" \/>\n<meta name=\"twitter:label1\" content=\"Tempo di lettura stimato\" \/>\n\t<meta name=\"twitter:data1\" content=\"1 minuto\" \/>\n<script type=\"application\/ld+json\" class=\"yoast-schema-graph\">{\"@context\":\"https:\\\/\\\/schema.org\",\"@graph\":[{\"@type\":\"WebPage\",\"@id\":\"https:\\\/\\\/www.iemj.org\\\/it\\\/eventi\\\/cantate-ad-hashem-un-canto-nuovo-sal-981-liturgia-ebraica-e-liturgia-cristiana-ieri-e-oggi\\\/\",\"url\":\"https:\\\/\\\/www.iemj.org\\\/it\\\/eventi\\\/cantate-ad-hashem-un-canto-nuovo-sal-981-liturgia-ebraica-e-liturgia-cristiana-ieri-e-oggi\\\/\",\"name\":\"Cantate ad HaShem un canto nuovo (Sal 98,1). Liturgia ebraica e liturgia cristiana ieri e oggi - Institut Europ\u00e9en des Musiques Juives\",\"isPartOf\":{\"@id\":\"https:\\\/\\\/www.iemj.org\\\/it\\\/#website\"},\"primaryImageOfPage\":{\"@id\":\"https:\\\/\\\/www.iemj.org\\\/it\\\/eventi\\\/cantate-ad-hashem-un-canto-nuovo-sal-981-liturgia-ebraica-e-liturgia-cristiana-ieri-e-oggi\\\/#primaryimage\"},\"image\":{\"@id\":\"https:\\\/\\\/www.iemj.org\\\/it\\\/eventi\\\/cantate-ad-hashem-un-canto-nuovo-sal-981-liturgia-ebraica-e-liturgia-cristiana-ieri-e-oggi\\\/#primaryimage\"},\"thumbnailUrl\":\"https:\\\/\\\/www.iemj.org\\\/wp-content\\\/uploads\\\/2023\\\/11\\\/Colloque-Italie.png\",\"datePublished\":\"2023-11-30T13:59:33+00:00\",\"dateModified\":\"2023-11-30T14:34:26+00:00\",\"breadcrumb\":{\"@id\":\"https:\\\/\\\/www.iemj.org\\\/it\\\/eventi\\\/cantate-ad-hashem-un-canto-nuovo-sal-981-liturgia-ebraica-e-liturgia-cristiana-ieri-e-oggi\\\/#breadcrumb\"},\"inLanguage\":\"it-IT\",\"potentialAction\":[{\"@type\":\"ReadAction\",\"target\":[\"https:\\\/\\\/www.iemj.org\\\/it\\\/eventi\\\/cantate-ad-hashem-un-canto-nuovo-sal-981-liturgia-ebraica-e-liturgia-cristiana-ieri-e-oggi\\\/\"]}]},{\"@type\":\"ImageObject\",\"inLanguage\":\"it-IT\",\"@id\":\"https:\\\/\\\/www.iemj.org\\\/it\\\/eventi\\\/cantate-ad-hashem-un-canto-nuovo-sal-981-liturgia-ebraica-e-liturgia-cristiana-ieri-e-oggi\\\/#primaryimage\",\"url\":\"https:\\\/\\\/www.iemj.org\\\/wp-content\\\/uploads\\\/2023\\\/11\\\/Colloque-Italie.png\",\"contentUrl\":\"https:\\\/\\\/www.iemj.org\\\/wp-content\\\/uploads\\\/2023\\\/11\\\/Colloque-Italie.png\",\"width\":432,\"height\":623},{\"@type\":\"BreadcrumbList\",\"@id\":\"https:\\\/\\\/www.iemj.org\\\/it\\\/eventi\\\/cantate-ad-hashem-un-canto-nuovo-sal-981-liturgia-ebraica-e-liturgia-cristiana-ieri-e-oggi\\\/#breadcrumb\",\"itemListElement\":[{\"@type\":\"ListItem\",\"position\":1,\"name\":\"Accueil\",\"item\":\"https:\\\/\\\/www.iemj.org\\\/it\\\/\"},{\"@type\":\"ListItem\",\"position\":2,\"name\":\"Eventi\",\"item\":\"https:\\\/\\\/www.iemj.org\\\/it\\\/events\\\/\"},{\"@type\":\"ListItem\",\"position\":3,\"name\":\"Cantate ad HaShem un canto nuovo (Sal 98,1). Liturgia ebraica e liturgia cristiana ieri e oggi\"}]},{\"@type\":\"WebSite\",\"@id\":\"https:\\\/\\\/www.iemj.org\\\/it\\\/#website\",\"url\":\"https:\\\/\\\/www.iemj.org\\\/it\\\/\",\"name\":\"Institut Europ\u00e9en des Musiques Juives\",\"description\":\"Des traditions musicales \u00e0 la port\u00e9e de tous\",\"publisher\":{\"@id\":\"https:\\\/\\\/www.iemj.org\\\/it\\\/#organization\"},\"potentialAction\":[{\"@type\":\"SearchAction\",\"target\":{\"@type\":\"EntryPoint\",\"urlTemplate\":\"https:\\\/\\\/www.iemj.org\\\/it\\\/?s={search_term_string}\"},\"query-input\":{\"@type\":\"PropertyValueSpecification\",\"valueRequired\":true,\"valueName\":\"search_term_string\"}}],\"inLanguage\":\"it-IT\"},{\"@type\":\"Organization\",\"@id\":\"https:\\\/\\\/www.iemj.org\\\/it\\\/#organization\",\"name\":\"Institut Europ\u00e9en des Musiques Juives\",\"url\":\"https:\\\/\\\/www.iemj.org\\\/it\\\/\",\"logo\":{\"@type\":\"ImageObject\",\"inLanguage\":\"it-IT\",\"@id\":\"https:\\\/\\\/www.iemj.org\\\/it\\\/#\\\/schema\\\/logo\\\/image\\\/\",\"url\":\"https:\\\/\\\/www.iemj.org\\\/wp-content\\\/uploads\\\/2021\\\/09\\\/Logo-IEMJ-Paypal.jpg\",\"contentUrl\":\"https:\\\/\\\/www.iemj.org\\\/wp-content\\\/uploads\\\/2021\\\/09\\\/Logo-IEMJ-Paypal.jpg\",\"width\":150,\"height\":50,\"caption\":\"Institut Europ\u00e9en des Musiques Juives\"},\"image\":{\"@id\":\"https:\\\/\\\/www.iemj.org\\\/it\\\/#\\\/schema\\\/logo\\\/image\\\/\"},\"sameAs\":[\"https:\\\/\\\/www.facebook.com\\\/MusiquesJuives\\\/\",\"https:\\\/\\\/www.instagram.com\\\/musiquesjuives\\\/\",\"https:\\\/\\\/www.youtube.com\\\/user\\\/musiquesjuives\"]}]}<\/script>\n<!-- \/ Yoast SEO plugin. -->","yoast_head_json":{"title":"Cantate ad HaShem un canto nuovo (Sal 98,1). Liturgia ebraica e liturgia cristiana ieri e oggi - Institut Europ\u00e9en des Musiques Juives","robots":{"index":"index","follow":"follow","max-snippet":"max-snippet:-1","max-image-preview":"max-image-preview:large","max-video-preview":"max-video-preview:-1"},"canonical":"https:\/\/www.iemj.org\/it\/eventi\/cantate-ad-hashem-un-canto-nuovo-sal-981-liturgia-ebraica-e-liturgia-cristiana-ieri-e-oggi\/","og_locale":"it_IT","og_type":"article","og_title":"Cantate ad HaShem un canto nuovo (Sal 98,1). Liturgia ebraica e liturgia cristiana ieri e oggi - Institut Europ\u00e9en des Musiques Juives","og_description":"Colloqui ebraico-cristiani. XLV Incontro Nazionale Camaldoli (Arezzo, Italia). 1. Relazioni di autorevoli studiosi di ebraismo, ebrei e non, e biblisti presentano la liturgia ebraica e cristina in dialogo. 2. Gruppi","og_url":"https:\/\/www.iemj.org\/it\/eventi\/cantate-ad-hashem-un-canto-nuovo-sal-981-liturgia-ebraica-e-liturgia-cristiana-ieri-e-oggi\/","og_site_name":"Institut Europ\u00e9en des Musiques Juives","article_publisher":"https:\/\/www.facebook.com\/MusiquesJuives\/","article_modified_time":"2023-11-30T14:34:26+00:00","og_image":[{"width":432,"height":623,"url":"https:\/\/www.iemj.org\/wp-content\/uploads\/2023\/11\/Colloque-Italie.png","type":"image\/png"}],"twitter_card":"summary_large_image","twitter_misc":{"Tempo di lettura stimato":"1 minuto"},"schema":{"@context":"https:\/\/schema.org","@graph":[{"@type":"WebPage","@id":"https:\/\/www.iemj.org\/it\/eventi\/cantate-ad-hashem-un-canto-nuovo-sal-981-liturgia-ebraica-e-liturgia-cristiana-ieri-e-oggi\/","url":"https:\/\/www.iemj.org\/it\/eventi\/cantate-ad-hashem-un-canto-nuovo-sal-981-liturgia-ebraica-e-liturgia-cristiana-ieri-e-oggi\/","name":"Cantate ad HaShem un canto nuovo (Sal 98,1). Liturgia ebraica e liturgia cristiana ieri e oggi - Institut Europ\u00e9en des Musiques Juives","isPartOf":{"@id":"https:\/\/www.iemj.org\/it\/#website"},"primaryImageOfPage":{"@id":"https:\/\/www.iemj.org\/it\/eventi\/cantate-ad-hashem-un-canto-nuovo-sal-981-liturgia-ebraica-e-liturgia-cristiana-ieri-e-oggi\/#primaryimage"},"image":{"@id":"https:\/\/www.iemj.org\/it\/eventi\/cantate-ad-hashem-un-canto-nuovo-sal-981-liturgia-ebraica-e-liturgia-cristiana-ieri-e-oggi\/#primaryimage"},"thumbnailUrl":"https:\/\/www.iemj.org\/wp-content\/uploads\/2023\/11\/Colloque-Italie.png","datePublished":"2023-11-30T13:59:33+00:00","dateModified":"2023-11-30T14:34:26+00:00","breadcrumb":{"@id":"https:\/\/www.iemj.org\/it\/eventi\/cantate-ad-hashem-un-canto-nuovo-sal-981-liturgia-ebraica-e-liturgia-cristiana-ieri-e-oggi\/#breadcrumb"},"inLanguage":"it-IT","potentialAction":[{"@type":"ReadAction","target":["https:\/\/www.iemj.org\/it\/eventi\/cantate-ad-hashem-un-canto-nuovo-sal-981-liturgia-ebraica-e-liturgia-cristiana-ieri-e-oggi\/"]}]},{"@type":"ImageObject","inLanguage":"it-IT","@id":"https:\/\/www.iemj.org\/it\/eventi\/cantate-ad-hashem-un-canto-nuovo-sal-981-liturgia-ebraica-e-liturgia-cristiana-ieri-e-oggi\/#primaryimage","url":"https:\/\/www.iemj.org\/wp-content\/uploads\/2023\/11\/Colloque-Italie.png","contentUrl":"https:\/\/www.iemj.org\/wp-content\/uploads\/2023\/11\/Colloque-Italie.png","width":432,"height":623},{"@type":"BreadcrumbList","@id":"https:\/\/www.iemj.org\/it\/eventi\/cantate-ad-hashem-un-canto-nuovo-sal-981-liturgia-ebraica-e-liturgia-cristiana-ieri-e-oggi\/#breadcrumb","itemListElement":[{"@type":"ListItem","position":1,"name":"Accueil","item":"https:\/\/www.iemj.org\/it\/"},{"@type":"ListItem","position":2,"name":"Eventi","item":"https:\/\/www.iemj.org\/it\/events\/"},{"@type":"ListItem","position":3,"name":"Cantate ad HaShem un canto nuovo (Sal 98,1). Liturgia ebraica e liturgia cristiana ieri e oggi"}]},{"@type":"WebSite","@id":"https:\/\/www.iemj.org\/it\/#website","url":"https:\/\/www.iemj.org\/it\/","name":"Institut Europ\u00e9en des Musiques Juives","description":"Des traditions musicales \u00e0 la port\u00e9e de tous","publisher":{"@id":"https:\/\/www.iemj.org\/it\/#organization"},"potentialAction":[{"@type":"SearchAction","target":{"@type":"EntryPoint","urlTemplate":"https:\/\/www.iemj.org\/it\/?s={search_term_string}"},"query-input":{"@type":"PropertyValueSpecification","valueRequired":true,"valueName":"search_term_string"}}],"inLanguage":"it-IT"},{"@type":"Organization","@id":"https:\/\/www.iemj.org\/it\/#organization","name":"Institut Europ\u00e9en des Musiques Juives","url":"https:\/\/www.iemj.org\/it\/","logo":{"@type":"ImageObject","inLanguage":"it-IT","@id":"https:\/\/www.iemj.org\/it\/#\/schema\/logo\/image\/","url":"https:\/\/www.iemj.org\/wp-content\/uploads\/2021\/09\/Logo-IEMJ-Paypal.jpg","contentUrl":"https:\/\/www.iemj.org\/wp-content\/uploads\/2021\/09\/Logo-IEMJ-Paypal.jpg","width":150,"height":50,"caption":"Institut Europ\u00e9en des Musiques Juives"},"image":{"@id":"https:\/\/www.iemj.org\/it\/#\/schema\/logo\/image\/"},"sameAs":["https:\/\/www.facebook.com\/MusiquesJuives\/","https:\/\/www.instagram.com\/musiquesjuives\/","https:\/\/www.youtube.com\/user\/musiquesjuives"]}]}},"_links":{"self":[{"href":"https:\/\/www.iemj.org\/it\/wp-json\/wp\/v2\/tribe_events\/106119","targetHints":{"allow":["GET"]}}],"collection":[{"href":"https:\/\/www.iemj.org\/it\/wp-json\/wp\/v2\/tribe_events"}],"about":[{"href":"https:\/\/www.iemj.org\/it\/wp-json\/wp\/v2\/types\/tribe_events"}],"author":[{"embeddable":true,"href":"https:\/\/www.iemj.org\/it\/wp-json\/wp\/v2\/users\/2070"}],"version-history":[{"count":0,"href":"https:\/\/www.iemj.org\/it\/wp-json\/wp\/v2\/tribe_events\/106119\/revisions"}],"wp:featuredmedia":[{"embeddable":true,"href":"https:\/\/www.iemj.org\/it\/wp-json\/wp\/v2\/media\/106142"}],"wp:attachment":[{"href":"https:\/\/www.iemj.org\/it\/wp-json\/wp\/v2\/media?parent=106119"}],"wp:term":[{"taxonomy":"post_tag","embeddable":true,"href":"https:\/\/www.iemj.org\/it\/wp-json\/wp\/v2\/tags?post=106119"},{"taxonomy":"tribe_events_cat","embeddable":true,"href":"https:\/\/www.iemj.org\/it\/wp-json\/wp\/v2\/tribe_events_cat?post=106119"}],"curies":[{"name":"wp","href":"https:\/\/api.w.org\/{rel}","templated":true}]}}