{"id":84573,"date":"2022-05-19T11:28:12","date_gmt":"2022-05-19T09:28:12","guid":{"rendered":"https:\/\/www.iemj.org\/evenement\/la-nouvelle-ecole-juive-de-saint-petersbourg\/"},"modified":"2022-05-23T15:16:22","modified_gmt":"2022-05-23T13:16:22","slug":"la-nouvelle-ecole-juive-de-saint-petersbourg","status":"publish","type":"tribe_events","link":"https:\/\/www.iemj.org\/it\/eventi\/la-nouvelle-ecole-juive-de-saint-petersbourg\/","title":{"rendered":"LA \u201cNUOVA SCUOLA EBRAICA DI SAN PIETROBURGO\u201d"},"content":{"rendered":"<h3 id=\"0-eael-table-of-content\" class=\"eael-heading-content\">Nell&#8217;ambito del 17\u00b0 Festival delle culture ebraiche<\/h3>\n<h3 id=\"3-eael-table-of-content\" class=\"paragraph eael-heading-content\"><span style=\"color: #3c4b98;\"><em><strong><span class=\"normaltextrun\">PROPOSTO DALL\u2019INSTITUT EUROP\u00c9EN DES MUSIQUES JUIVES,<\/span><\/strong><\/em><\/span><\/h3>\n<h3 id=\"4-eael-table-of-content\" class=\"paragraph eael-heading-content\"><span style=\"color: #3c4b98;\"><em><strong><span class=\"normaltextrun\">GLI ARCHIVES NATIONALES E IL FSJU<\/span><\/strong><\/em><\/span><\/h3>\n<p style=\"text-align: left;\"><strong>Sarah Iancu<\/strong>, violoncello<\/p>\n<p style=\"text-align: left;\"><strong>David Bismuth<\/strong>, piano<\/p>\n<div class=\"contenu\">\n<p>Nel 2016, violoncellista solista dell\u2019Orchestre National du Capitole de Toulouse e David Bismuth, pianista virtuoso, avevano presentato la loro prima opera\u00a0<strong><em>Melodie ebraiche, volume 1<\/em><\/strong>, presso gli Archivi Nazionali nell\u2019ambito del Festival delle Culture Ebraiche, a Parigi (<em>Festival des Cultures Juives<\/em>).<\/p>\n<p>Sei anni dopo, il Festival li accoglie nuovamente con grande piacere per presentare la loro seconda opera, prodotta dall\u2019Istituto Europeo di Musica Ebraica (<em>Institut Europ\u00e9en des musiques Juives<\/em>) e dedicata in gran parte ai compositori della \u201c<strong>Nuova Scuola Ebraica di San Pietroburgo<\/strong>\u201c.<\/p>\n<p>Sarah Iancu e David Bismuth vi invitano a scoprire compositori come Joel Engel, Alexander Krein, Lazare Saminski, Joachim Stoutchevski, Jacob Weinberg, Leo Zeitlin che, sotto l\u2019influenza del movimento folkloristico russo a cavallo del XX secolo, iniziarono a raccogliere, registrare e trascrivere melodie yiddish e canti liturgici base alle loro composizioni, al fine di intraprendere la creazione di una musica nazionale ebraica.<\/p>\n<p>L\u2019Europa dell\u2019 Est costituisce in questo periodo un luogo di sperimentazione artistica, che si esprime in particolare attraverso la letteratura e il teatro yiddish, quest\u2019ultimo con un ampio uso di canzoni che entrano rapidamente a far parte del repertorio popolare.<\/p>\n<p>Queste canzoni yiddish, importate negli Stati Uniti, portano alla creazione, nel 1925, della canzone\u00a0<em>My Yiddish Momme<\/em>\u00a0di Jack Yellen, che diventa un successo mondiale.<\/p>\n<p>Questi canti, meditazioni, danze, preghiere e salmodie risuonano di una bellezza universale e sono per noi una fonte infinita di ispirazione.<\/p>\n<p><strong>Tariffa singola: 12 \u20ac<\/strong><\/p>\n<p><strong><a href=\"https:\/\/www.festivaldesculturesjuives.org\/billetterie\/\" target=\"_blank\" rel=\"noopener\">Prenotazione online<\/a><\/strong><\/p>\n<p><img decoding=\"async\" class=\"alignnone wp-image-84428\" src=\"https:\/\/www.iemj.org\/wp-content\/uploads\/2022\/05\/3-logos-partenaires-1-300x52.jpg\" alt=\"\" width=\"496\" height=\"86\" srcset=\"https:\/\/www.iemj.org\/wp-content\/uploads\/2022\/05\/3-logos-partenaires-1-300x52.jpg 300w, https:\/\/www.iemj.org\/wp-content\/uploads\/2022\/05\/3-logos-partenaires-1-768x134.jpg 768w, https:\/\/www.iemj.org\/wp-content\/uploads\/2022\/05\/3-logos-partenaires-1-600x105.jpg 600w, https:\/\/www.iemj.org\/wp-content\/uploads\/2022\/05\/3-logos-partenaires-1.jpg 860w\" sizes=\"(max-width: 496px) 100vw, 496px\" \/><\/p>\n<div class=\"wp-block-column\"><\/div>\n<\/div>\n","protected":false},"excerpt":{"rendered":"<p>Nell&#8217;ambito del 17\u00b0 Festival delle culture ebraiche PROPOSTO DALL\u2019INSTITUT EUROP\u00c9EN DES MUSIQUES JUIVES, GLI ARCHIVES NATIONALES E IL FSJU Sarah Iancu, violoncello David Bismuth, piano Nel 2016, violoncellista solista dell\u2019Orchestre<\/p>\n","protected":false},"author":5,"featured_media":84398,"template":"","meta":{"_acf_changed":false,"_tribe_events_status":"","_tribe_events_status_reason":"","_tribe_events_is_hybrid":"","_tribe_events_is_virtual":"","_tribe_events_virtual_video_source":"","_tribe_events_virtual_embed_video":"","_tribe_events_virtual_linked_button_text":"","_tribe_events_virtual_linked_button":"","_tribe_events_virtual_show_embed_at":"","_tribe_events_virtual_show_embed_to":[],"_tribe_events_virtual_show_on_event":"","_tribe_events_virtual_show_on_views":"","_tribe_events_virtual_url":"","footnotes":""},"tags":[],"tribe_events_cat":[1630,1634],"class_list":["post-84573","tribe_events","type-tribe_events","status-publish","has-post-thumbnail","hentry","tribe_events_cat-eventi-iemj","tribe_events_cat-eventi-partner-it","cat_eventi-iemj","cat_eventi-partner-it"],"acf":[],"yoast_head":"<!-- This site is optimized with the Yoast SEO plugin v27.3 - https:\/\/yoast.com\/product\/yoast-seo-wordpress\/ -->\n<title>LA \u201cNUOVA SCUOLA EBRAICA DI SAN PIETROBURGO\u201d - Institut Europ\u00e9en des Musiques Juives<\/title>\n<meta name=\"robots\" content=\"index, follow, max-snippet:-1, max-image-preview:large, max-video-preview:-1\" \/>\n<link rel=\"canonical\" href=\"https:\/\/www.iemj.org\/it\/eventi\/la-nouvelle-ecole-juive-de-saint-petersbourg\/\" \/>\n<meta property=\"og:locale\" content=\"it_IT\" \/>\n<meta property=\"og:type\" content=\"article\" \/>\n<meta property=\"og:title\" content=\"LA \u201cNUOVA SCUOLA EBRAICA DI SAN PIETROBURGO\u201d - Institut Europ\u00e9en des Musiques Juives\" \/>\n<meta property=\"og:description\" content=\"Nell&#8217;ambito del 17\u00b0 Festival delle culture ebraiche PROPOSTO DALL\u2019INSTITUT EUROP\u00c9EN DES MUSIQUES JUIVES, GLI ARCHIVES NATIONALES E IL FSJU Sarah Iancu, violoncello David Bismuth, piano Nel 2016, violoncellista solista dell\u2019Orchestre\" \/>\n<meta property=\"og:url\" content=\"https:\/\/www.iemj.org\/it\/eventi\/la-nouvelle-ecole-juive-de-saint-petersbourg\/\" \/>\n<meta property=\"og:site_name\" content=\"Institut Europ\u00e9en des Musiques Juives\" \/>\n<meta property=\"article:publisher\" content=\"https:\/\/www.facebook.com\/MusiquesJuives\/\" \/>\n<meta property=\"article:modified_time\" content=\"2022-05-23T13:16:22+00:00\" \/>\n<meta property=\"og:image\" content=\"https:\/\/www.iemj.org\/wp-content\/uploads\/2022\/05\/Logo-Concert-Archives-Nat._redim.jpg\" \/>\n\t<meta property=\"og:image:width\" content=\"440\" \/>\n\t<meta property=\"og:image:height\" content=\"250\" \/>\n\t<meta property=\"og:image:type\" content=\"image\/jpeg\" \/>\n<meta name=\"twitter:card\" content=\"summary_large_image\" \/>\n<meta name=\"twitter:label1\" content=\"Tempo di lettura stimato\" \/>\n\t<meta name=\"twitter:data1\" content=\"2 minuti\" \/>\n<script type=\"application\/ld+json\" class=\"yoast-schema-graph\">{\"@context\":\"https:\\\/\\\/schema.org\",\"@graph\":[{\"@type\":\"WebPage\",\"@id\":\"https:\\\/\\\/www.iemj.org\\\/it\\\/eventi\\\/la-nouvelle-ecole-juive-de-saint-petersbourg\\\/\",\"url\":\"https:\\\/\\\/www.iemj.org\\\/it\\\/eventi\\\/la-nouvelle-ecole-juive-de-saint-petersbourg\\\/\",\"name\":\"LA \u201cNUOVA SCUOLA EBRAICA DI SAN PIETROBURGO\u201d - Institut Europ\u00e9en des Musiques Juives\",\"isPartOf\":{\"@id\":\"https:\\\/\\\/www.iemj.org\\\/it\\\/#website\"},\"primaryImageOfPage\":{\"@id\":\"https:\\\/\\\/www.iemj.org\\\/it\\\/eventi\\\/la-nouvelle-ecole-juive-de-saint-petersbourg\\\/#primaryimage\"},\"image\":{\"@id\":\"https:\\\/\\\/www.iemj.org\\\/it\\\/eventi\\\/la-nouvelle-ecole-juive-de-saint-petersbourg\\\/#primaryimage\"},\"thumbnailUrl\":\"https:\\\/\\\/www.iemj.org\\\/wp-content\\\/uploads\\\/2022\\\/05\\\/Logo-Concert-Archives-Nat._redim.jpg\",\"datePublished\":\"2022-05-19T09:28:12+00:00\",\"dateModified\":\"2022-05-23T13:16:22+00:00\",\"breadcrumb\":{\"@id\":\"https:\\\/\\\/www.iemj.org\\\/it\\\/eventi\\\/la-nouvelle-ecole-juive-de-saint-petersbourg\\\/#breadcrumb\"},\"inLanguage\":\"it-IT\",\"potentialAction\":[{\"@type\":\"ReadAction\",\"target\":[\"https:\\\/\\\/www.iemj.org\\\/it\\\/eventi\\\/la-nouvelle-ecole-juive-de-saint-petersbourg\\\/\"]}]},{\"@type\":\"ImageObject\",\"inLanguage\":\"it-IT\",\"@id\":\"https:\\\/\\\/www.iemj.org\\\/it\\\/eventi\\\/la-nouvelle-ecole-juive-de-saint-petersbourg\\\/#primaryimage\",\"url\":\"https:\\\/\\\/www.iemj.org\\\/wp-content\\\/uploads\\\/2022\\\/05\\\/Logo-Concert-Archives-Nat._redim.jpg\",\"contentUrl\":\"https:\\\/\\\/www.iemj.org\\\/wp-content\\\/uploads\\\/2022\\\/05\\\/Logo-Concert-Archives-Nat._redim.jpg\",\"width\":440,\"height\":250},{\"@type\":\"BreadcrumbList\",\"@id\":\"https:\\\/\\\/www.iemj.org\\\/it\\\/eventi\\\/la-nouvelle-ecole-juive-de-saint-petersbourg\\\/#breadcrumb\",\"itemListElement\":[{\"@type\":\"ListItem\",\"position\":1,\"name\":\"Accueil\",\"item\":\"https:\\\/\\\/www.iemj.org\\\/it\\\/\"},{\"@type\":\"ListItem\",\"position\":2,\"name\":\"Eventi\",\"item\":\"https:\\\/\\\/www.iemj.org\\\/it\\\/events\\\/\"},{\"@type\":\"ListItem\",\"position\":3,\"name\":\"LA \u201cNUOVA SCUOLA EBRAICA DI SAN PIETROBURGO\u201d\"}]},{\"@type\":\"WebSite\",\"@id\":\"https:\\\/\\\/www.iemj.org\\\/it\\\/#website\",\"url\":\"https:\\\/\\\/www.iemj.org\\\/it\\\/\",\"name\":\"Institut Europ\u00e9en des Musiques Juives\",\"description\":\"Des traditions musicales \u00e0 la port\u00e9e de tous\",\"publisher\":{\"@id\":\"https:\\\/\\\/www.iemj.org\\\/it\\\/#organization\"},\"potentialAction\":[{\"@type\":\"SearchAction\",\"target\":{\"@type\":\"EntryPoint\",\"urlTemplate\":\"https:\\\/\\\/www.iemj.org\\\/it\\\/?s={search_term_string}\"},\"query-input\":{\"@type\":\"PropertyValueSpecification\",\"valueRequired\":true,\"valueName\":\"search_term_string\"}}],\"inLanguage\":\"it-IT\"},{\"@type\":\"Organization\",\"@id\":\"https:\\\/\\\/www.iemj.org\\\/it\\\/#organization\",\"name\":\"Institut Europ\u00e9en des Musiques Juives\",\"url\":\"https:\\\/\\\/www.iemj.org\\\/it\\\/\",\"logo\":{\"@type\":\"ImageObject\",\"inLanguage\":\"it-IT\",\"@id\":\"https:\\\/\\\/www.iemj.org\\\/it\\\/#\\\/schema\\\/logo\\\/image\\\/\",\"url\":\"https:\\\/\\\/www.iemj.org\\\/wp-content\\\/uploads\\\/2021\\\/09\\\/Logo-IEMJ-Paypal.jpg\",\"contentUrl\":\"https:\\\/\\\/www.iemj.org\\\/wp-content\\\/uploads\\\/2021\\\/09\\\/Logo-IEMJ-Paypal.jpg\",\"width\":150,\"height\":50,\"caption\":\"Institut Europ\u00e9en des Musiques Juives\"},\"image\":{\"@id\":\"https:\\\/\\\/www.iemj.org\\\/it\\\/#\\\/schema\\\/logo\\\/image\\\/\"},\"sameAs\":[\"https:\\\/\\\/www.facebook.com\\\/MusiquesJuives\\\/\",\"https:\\\/\\\/www.instagram.com\\\/musiquesjuives\\\/\",\"https:\\\/\\\/www.youtube.com\\\/user\\\/musiquesjuives\"]}]}<\/script>\n<!-- \/ Yoast SEO plugin. -->","yoast_head_json":{"title":"LA \u201cNUOVA SCUOLA EBRAICA DI SAN PIETROBURGO\u201d - Institut Europ\u00e9en des Musiques Juives","robots":{"index":"index","follow":"follow","max-snippet":"max-snippet:-1","max-image-preview":"max-image-preview:large","max-video-preview":"max-video-preview:-1"},"canonical":"https:\/\/www.iemj.org\/it\/eventi\/la-nouvelle-ecole-juive-de-saint-petersbourg\/","og_locale":"it_IT","og_type":"article","og_title":"LA \u201cNUOVA SCUOLA EBRAICA DI SAN PIETROBURGO\u201d - Institut Europ\u00e9en des Musiques Juives","og_description":"Nell&#8217;ambito del 17\u00b0 Festival delle culture ebraiche PROPOSTO DALL\u2019INSTITUT EUROP\u00c9EN DES MUSIQUES JUIVES, GLI ARCHIVES NATIONALES E IL FSJU Sarah Iancu, violoncello David Bismuth, piano Nel 2016, violoncellista solista dell\u2019Orchestre","og_url":"https:\/\/www.iemj.org\/it\/eventi\/la-nouvelle-ecole-juive-de-saint-petersbourg\/","og_site_name":"Institut Europ\u00e9en des Musiques Juives","article_publisher":"https:\/\/www.facebook.com\/MusiquesJuives\/","article_modified_time":"2022-05-23T13:16:22+00:00","og_image":[{"width":440,"height":250,"url":"https:\/\/www.iemj.org\/wp-content\/uploads\/2022\/05\/Logo-Concert-Archives-Nat._redim.jpg","type":"image\/jpeg"}],"twitter_card":"summary_large_image","twitter_misc":{"Tempo di lettura stimato":"2 minuti"},"schema":{"@context":"https:\/\/schema.org","@graph":[{"@type":"WebPage","@id":"https:\/\/www.iemj.org\/it\/eventi\/la-nouvelle-ecole-juive-de-saint-petersbourg\/","url":"https:\/\/www.iemj.org\/it\/eventi\/la-nouvelle-ecole-juive-de-saint-petersbourg\/","name":"LA \u201cNUOVA SCUOLA EBRAICA DI SAN PIETROBURGO\u201d - Institut Europ\u00e9en des Musiques Juives","isPartOf":{"@id":"https:\/\/www.iemj.org\/it\/#website"},"primaryImageOfPage":{"@id":"https:\/\/www.iemj.org\/it\/eventi\/la-nouvelle-ecole-juive-de-saint-petersbourg\/#primaryimage"},"image":{"@id":"https:\/\/www.iemj.org\/it\/eventi\/la-nouvelle-ecole-juive-de-saint-petersbourg\/#primaryimage"},"thumbnailUrl":"https:\/\/www.iemj.org\/wp-content\/uploads\/2022\/05\/Logo-Concert-Archives-Nat._redim.jpg","datePublished":"2022-05-19T09:28:12+00:00","dateModified":"2022-05-23T13:16:22+00:00","breadcrumb":{"@id":"https:\/\/www.iemj.org\/it\/eventi\/la-nouvelle-ecole-juive-de-saint-petersbourg\/#breadcrumb"},"inLanguage":"it-IT","potentialAction":[{"@type":"ReadAction","target":["https:\/\/www.iemj.org\/it\/eventi\/la-nouvelle-ecole-juive-de-saint-petersbourg\/"]}]},{"@type":"ImageObject","inLanguage":"it-IT","@id":"https:\/\/www.iemj.org\/it\/eventi\/la-nouvelle-ecole-juive-de-saint-petersbourg\/#primaryimage","url":"https:\/\/www.iemj.org\/wp-content\/uploads\/2022\/05\/Logo-Concert-Archives-Nat._redim.jpg","contentUrl":"https:\/\/www.iemj.org\/wp-content\/uploads\/2022\/05\/Logo-Concert-Archives-Nat._redim.jpg","width":440,"height":250},{"@type":"BreadcrumbList","@id":"https:\/\/www.iemj.org\/it\/eventi\/la-nouvelle-ecole-juive-de-saint-petersbourg\/#breadcrumb","itemListElement":[{"@type":"ListItem","position":1,"name":"Accueil","item":"https:\/\/www.iemj.org\/it\/"},{"@type":"ListItem","position":2,"name":"Eventi","item":"https:\/\/www.iemj.org\/it\/events\/"},{"@type":"ListItem","position":3,"name":"LA \u201cNUOVA SCUOLA EBRAICA DI SAN PIETROBURGO\u201d"}]},{"@type":"WebSite","@id":"https:\/\/www.iemj.org\/it\/#website","url":"https:\/\/www.iemj.org\/it\/","name":"Institut Europ\u00e9en des Musiques Juives","description":"Des traditions musicales \u00e0 la port\u00e9e de tous","publisher":{"@id":"https:\/\/www.iemj.org\/it\/#organization"},"potentialAction":[{"@type":"SearchAction","target":{"@type":"EntryPoint","urlTemplate":"https:\/\/www.iemj.org\/it\/?s={search_term_string}"},"query-input":{"@type":"PropertyValueSpecification","valueRequired":true,"valueName":"search_term_string"}}],"inLanguage":"it-IT"},{"@type":"Organization","@id":"https:\/\/www.iemj.org\/it\/#organization","name":"Institut Europ\u00e9en des Musiques Juives","url":"https:\/\/www.iemj.org\/it\/","logo":{"@type":"ImageObject","inLanguage":"it-IT","@id":"https:\/\/www.iemj.org\/it\/#\/schema\/logo\/image\/","url":"https:\/\/www.iemj.org\/wp-content\/uploads\/2021\/09\/Logo-IEMJ-Paypal.jpg","contentUrl":"https:\/\/www.iemj.org\/wp-content\/uploads\/2021\/09\/Logo-IEMJ-Paypal.jpg","width":150,"height":50,"caption":"Institut Europ\u00e9en des Musiques Juives"},"image":{"@id":"https:\/\/www.iemj.org\/it\/#\/schema\/logo\/image\/"},"sameAs":["https:\/\/www.facebook.com\/MusiquesJuives\/","https:\/\/www.instagram.com\/musiquesjuives\/","https:\/\/www.youtube.com\/user\/musiquesjuives"]}]}},"_links":{"self":[{"href":"https:\/\/www.iemj.org\/it\/wp-json\/wp\/v2\/tribe_events\/84573","targetHints":{"allow":["GET"]}}],"collection":[{"href":"https:\/\/www.iemj.org\/it\/wp-json\/wp\/v2\/tribe_events"}],"about":[{"href":"https:\/\/www.iemj.org\/it\/wp-json\/wp\/v2\/types\/tribe_events"}],"author":[{"embeddable":true,"href":"https:\/\/www.iemj.org\/it\/wp-json\/wp\/v2\/users\/5"}],"version-history":[{"count":0,"href":"https:\/\/www.iemj.org\/it\/wp-json\/wp\/v2\/tribe_events\/84573\/revisions"}],"wp:featuredmedia":[{"embeddable":true,"href":"https:\/\/www.iemj.org\/it\/wp-json\/wp\/v2\/media\/84398"}],"wp:attachment":[{"href":"https:\/\/www.iemj.org\/it\/wp-json\/wp\/v2\/media?parent=84573"}],"wp:term":[{"taxonomy":"post_tag","embeddable":true,"href":"https:\/\/www.iemj.org\/it\/wp-json\/wp\/v2\/tags?post=84573"},{"taxonomy":"tribe_events_cat","embeddable":true,"href":"https:\/\/www.iemj.org\/it\/wp-json\/wp\/v2\/tribe_events_cat?post=84573"}],"curies":[{"name":"wp","href":"https:\/\/api.w.org\/{rel}","templated":true}]}}