{"id":85360,"date":"2022-06-09T12:50:10","date_gmt":"2022-06-09T10:50:10","guid":{"rendered":"https:\/\/www.iemj.org\/evenement\/les-assocs-en-fete-le-associazioni-in-festa\/"},"modified":"2022-06-14T16:45:39","modified_gmt":"2022-06-14T14:45:39","slug":"les-assocs-en-fete-le-associazioni-in-festa","status":"publish","type":"tribe_events","link":"https:\/\/www.iemj.org\/it\/eventi\/les-assocs-en-fete-le-associazioni-in-festa\/","title":{"rendered":"Les Assoc\u2019s en f\u00eate (Le associazioni in festa)"},"content":{"rendered":"<p><strong>Programma proposto dal collettivo Yiddish sans Fronti\u00e8re, dal municipio di Parigi Centro e dal FSJU con la partecipazione dei membri<\/strong><\/p>\n<p>Con, tra gli altri, le Associazioni : Aki Estamos, Al Syete, Amis de la CCE, Centre Medem, Cercle Bernard Lazare, Libert\u00e9 du Juda\u00efsme, Maison de la Culture Yiddish, OSE, FSJU-AUJF, <strong><span style=\"color: #3c4b98;\">Institut Europ\u00e9en des Musiques Juives<\/span>*<\/strong>, Les Amis d\u2019Odessa, M\u00e9morial de la Shoah Union AC et Cercil, Passerelles, Transmosa\u00efk, Yiddish mama\u2026<\/p>\n<p><strong>Il ritorno<\/strong><br \/>\nDopo due anni di assenza, le associazioni presenteranno il loro lavoro commemorativo, storico e culturale ed incontreranno il pubblico con il loro solito entusiasmo. Una giornata di condivisione, di contatti, di ricordi, di vita! Stand, libri, animazioni, incontri, firma di libri, tombola, catering, ecc.<\/p>\n<ul>\n<li><strong>12h00<\/strong> : Accoglienza del pubblico, ristorazione, intrattenimento<\/li>\n<li><strong>14h00<\/strong> : Presentazioni del Sindaco di Parigi Centro, del FSJU e del YsF.<br \/>\nLe associazioni AACCE, Centre Medem, Cercil, Maison de la Culture Yiddish ed OSE presenteranno i loro progetti nel pomeriggio.<\/li>\n<li><strong>15h00<\/strong> : Incontro sul tema del Festival &#8220;Eredit\u00e0&#8221;<br \/>\nH\u00e9lios Azoulay, compositore, musicista, scrittore<br \/>\nGuy Konopnicki, giornalista, scrittore<br \/>\nMicha\u00ebl Prazan, regista, scrittore<br \/>\nHenri Raczymow, scrittore (da confermare)<br \/>\nGli autori firmeranno i loro libri pubblicati di recente.<\/li>\n<li><strong>16h30<\/strong> : Proiezione del DVD di Talila &#8220;Il nostro linguaggio interiore&#8221; prodotto da YsF, alla presenza dell&#8217;autrice e della regista ed attrice Flore Taguiev, sua figlia. Due generazioni che incrociano i loro ricordi&#8230;<br \/>\nQuesti incontri saranno moderati da Lise Amiel-Gutmann.<\/li>\n<li><strong>18h00<\/strong> : Chiusura<br \/>\nIngresso libero<\/li>\n<\/ul>\n<p><strong>*<\/strong> <span style=\"color: #3c4b98;\"><em>Incontro con l&#8217;<strong>Istituto Europeo di Musiche Ebraiche<\/strong> in occasione della Giornata delle Associazioni, un&#8217;occasione per presentare il lavoro svolto ed acquistare CD a prezzo promozionale.<\/em><\/span><\/p>\n","protected":false},"excerpt":{"rendered":"<p>Programma proposto dal collettivo Yiddish sans Fronti\u00e8re, dal municipio di Parigi Centro e dal FSJU con la partecipazione dei membri Con, tra gli altri, le Associazioni : Aki Estamos, Al<\/p>\n","protected":false},"author":5,"featured_media":85420,"template":"","meta":{"_acf_changed":false,"_tribe_events_status":"","_tribe_events_status_reason":"","_tribe_events_is_hybrid":"","_tribe_events_is_virtual":"","_tribe_events_virtual_video_source":"","_tribe_events_virtual_embed_video":"","_tribe_events_virtual_linked_button_text":"","_tribe_events_virtual_linked_button":"","_tribe_events_virtual_show_embed_at":"","_tribe_events_virtual_show_embed_to":[],"_tribe_events_virtual_show_on_event":"","_tribe_events_virtual_show_on_views":"","_tribe_events_virtual_url":"","footnotes":""},"tags":[],"tribe_events_cat":[],"class_list":["post-85360","tribe_events","type-tribe_events","status-publish","has-post-thumbnail","hentry"],"acf":[],"yoast_head":"<!-- This site is optimized with the Yoast SEO plugin v27.3 - https:\/\/yoast.com\/product\/yoast-seo-wordpress\/ -->\n<title>Les Assoc\u2019s en f\u00eate (Le associazioni in festa) - Institut Europ\u00e9en des Musiques Juives<\/title>\n<meta name=\"robots\" content=\"index, follow, max-snippet:-1, max-image-preview:large, max-video-preview:-1\" \/>\n<link rel=\"canonical\" href=\"https:\/\/www.iemj.org\/it\/eventi\/les-assocs-en-fete-le-associazioni-in-festa\/\" \/>\n<meta property=\"og:locale\" content=\"it_IT\" \/>\n<meta property=\"og:type\" content=\"article\" \/>\n<meta property=\"og:title\" content=\"Les Assoc\u2019s en f\u00eate (Le associazioni in festa) - Institut Europ\u00e9en des Musiques Juives\" \/>\n<meta property=\"og:description\" content=\"Programma proposto dal collettivo Yiddish sans Fronti\u00e8re, dal municipio di Parigi Centro e dal FSJU con la partecipazione dei membri Con, tra gli altri, le Associazioni : Aki Estamos, Al\" \/>\n<meta property=\"og:url\" content=\"https:\/\/www.iemj.org\/it\/eventi\/les-assocs-en-fete-le-associazioni-in-festa\/\" \/>\n<meta property=\"og:site_name\" content=\"Institut Europ\u00e9en des Musiques Juives\" \/>\n<meta property=\"article:publisher\" content=\"https:\/\/www.facebook.com\/MusiquesJuives\/\" \/>\n<meta property=\"article:modified_time\" content=\"2022-06-14T14:45:39+00:00\" \/>\n<meta property=\"og:image\" content=\"https:\/\/www.iemj.org\/wp-content\/uploads\/2022\/06\/Les-Assoc-en-Fete_2022_Logo-site-carre.jpg\" \/>\n\t<meta property=\"og:image:width\" content=\"350\" \/>\n\t<meta property=\"og:image:height\" content=\"350\" \/>\n\t<meta property=\"og:image:type\" content=\"image\/jpeg\" \/>\n<meta name=\"twitter:card\" content=\"summary_large_image\" \/>\n<meta name=\"twitter:label1\" content=\"Tempo di lettura stimato\" \/>\n\t<meta name=\"twitter:data1\" content=\"1 minuto\" \/>\n<script type=\"application\/ld+json\" class=\"yoast-schema-graph\">{\"@context\":\"https:\\\/\\\/schema.org\",\"@graph\":[{\"@type\":\"WebPage\",\"@id\":\"https:\\\/\\\/www.iemj.org\\\/it\\\/eventi\\\/les-assocs-en-fete-le-associazioni-in-festa\\\/\",\"url\":\"https:\\\/\\\/www.iemj.org\\\/it\\\/eventi\\\/les-assocs-en-fete-le-associazioni-in-festa\\\/\",\"name\":\"Les Assoc\u2019s en f\u00eate (Le associazioni in festa) - Institut Europ\u00e9en des Musiques Juives\",\"isPartOf\":{\"@id\":\"https:\\\/\\\/www.iemj.org\\\/it\\\/#website\"},\"primaryImageOfPage\":{\"@id\":\"https:\\\/\\\/www.iemj.org\\\/it\\\/eventi\\\/les-assocs-en-fete-le-associazioni-in-festa\\\/#primaryimage\"},\"image\":{\"@id\":\"https:\\\/\\\/www.iemj.org\\\/it\\\/eventi\\\/les-assocs-en-fete-le-associazioni-in-festa\\\/#primaryimage\"},\"thumbnailUrl\":\"https:\\\/\\\/www.iemj.org\\\/wp-content\\\/uploads\\\/2022\\\/06\\\/Les-Assoc-en-Fete_2022_Logo-site-carre.jpg\",\"datePublished\":\"2022-06-09T10:50:10+00:00\",\"dateModified\":\"2022-06-14T14:45:39+00:00\",\"breadcrumb\":{\"@id\":\"https:\\\/\\\/www.iemj.org\\\/it\\\/eventi\\\/les-assocs-en-fete-le-associazioni-in-festa\\\/#breadcrumb\"},\"inLanguage\":\"it-IT\",\"potentialAction\":[{\"@type\":\"ReadAction\",\"target\":[\"https:\\\/\\\/www.iemj.org\\\/it\\\/eventi\\\/les-assocs-en-fete-le-associazioni-in-festa\\\/\"]}]},{\"@type\":\"ImageObject\",\"inLanguage\":\"it-IT\",\"@id\":\"https:\\\/\\\/www.iemj.org\\\/it\\\/eventi\\\/les-assocs-en-fete-le-associazioni-in-festa\\\/#primaryimage\",\"url\":\"https:\\\/\\\/www.iemj.org\\\/wp-content\\\/uploads\\\/2022\\\/06\\\/Les-Assoc-en-Fete_2022_Logo-site-carre.jpg\",\"contentUrl\":\"https:\\\/\\\/www.iemj.org\\\/wp-content\\\/uploads\\\/2022\\\/06\\\/Les-Assoc-en-Fete_2022_Logo-site-carre.jpg\",\"width\":350,\"height\":350},{\"@type\":\"BreadcrumbList\",\"@id\":\"https:\\\/\\\/www.iemj.org\\\/it\\\/eventi\\\/les-assocs-en-fete-le-associazioni-in-festa\\\/#breadcrumb\",\"itemListElement\":[{\"@type\":\"ListItem\",\"position\":1,\"name\":\"Accueil\",\"item\":\"https:\\\/\\\/www.iemj.org\\\/it\\\/\"},{\"@type\":\"ListItem\",\"position\":2,\"name\":\"Eventi\",\"item\":\"https:\\\/\\\/www.iemj.org\\\/it\\\/events\\\/\"},{\"@type\":\"ListItem\",\"position\":3,\"name\":\"Les Assoc\u2019s en f\u00eate (Le associazioni in festa)\"}]},{\"@type\":\"WebSite\",\"@id\":\"https:\\\/\\\/www.iemj.org\\\/it\\\/#website\",\"url\":\"https:\\\/\\\/www.iemj.org\\\/it\\\/\",\"name\":\"Institut Europ\u00e9en des Musiques Juives\",\"description\":\"Des traditions musicales \u00e0 la port\u00e9e de tous\",\"publisher\":{\"@id\":\"https:\\\/\\\/www.iemj.org\\\/it\\\/#organization\"},\"potentialAction\":[{\"@type\":\"SearchAction\",\"target\":{\"@type\":\"EntryPoint\",\"urlTemplate\":\"https:\\\/\\\/www.iemj.org\\\/it\\\/?s={search_term_string}\"},\"query-input\":{\"@type\":\"PropertyValueSpecification\",\"valueRequired\":true,\"valueName\":\"search_term_string\"}}],\"inLanguage\":\"it-IT\"},{\"@type\":\"Organization\",\"@id\":\"https:\\\/\\\/www.iemj.org\\\/it\\\/#organization\",\"name\":\"Institut Europ\u00e9en des Musiques Juives\",\"url\":\"https:\\\/\\\/www.iemj.org\\\/it\\\/\",\"logo\":{\"@type\":\"ImageObject\",\"inLanguage\":\"it-IT\",\"@id\":\"https:\\\/\\\/www.iemj.org\\\/it\\\/#\\\/schema\\\/logo\\\/image\\\/\",\"url\":\"https:\\\/\\\/www.iemj.org\\\/wp-content\\\/uploads\\\/2021\\\/09\\\/Logo-IEMJ-Paypal.jpg\",\"contentUrl\":\"https:\\\/\\\/www.iemj.org\\\/wp-content\\\/uploads\\\/2021\\\/09\\\/Logo-IEMJ-Paypal.jpg\",\"width\":150,\"height\":50,\"caption\":\"Institut Europ\u00e9en des Musiques Juives\"},\"image\":{\"@id\":\"https:\\\/\\\/www.iemj.org\\\/it\\\/#\\\/schema\\\/logo\\\/image\\\/\"},\"sameAs\":[\"https:\\\/\\\/www.facebook.com\\\/MusiquesJuives\\\/\",\"https:\\\/\\\/www.instagram.com\\\/musiquesjuives\\\/\",\"https:\\\/\\\/www.youtube.com\\\/user\\\/musiquesjuives\"]}]}<\/script>\n<!-- \/ Yoast SEO plugin. -->","yoast_head_json":{"title":"Les Assoc\u2019s en f\u00eate (Le associazioni in festa) - Institut Europ\u00e9en des Musiques Juives","robots":{"index":"index","follow":"follow","max-snippet":"max-snippet:-1","max-image-preview":"max-image-preview:large","max-video-preview":"max-video-preview:-1"},"canonical":"https:\/\/www.iemj.org\/it\/eventi\/les-assocs-en-fete-le-associazioni-in-festa\/","og_locale":"it_IT","og_type":"article","og_title":"Les Assoc\u2019s en f\u00eate (Le associazioni in festa) - Institut Europ\u00e9en des Musiques Juives","og_description":"Programma proposto dal collettivo Yiddish sans Fronti\u00e8re, dal municipio di Parigi Centro e dal FSJU con la partecipazione dei membri Con, tra gli altri, le Associazioni : Aki Estamos, Al","og_url":"https:\/\/www.iemj.org\/it\/eventi\/les-assocs-en-fete-le-associazioni-in-festa\/","og_site_name":"Institut Europ\u00e9en des Musiques Juives","article_publisher":"https:\/\/www.facebook.com\/MusiquesJuives\/","article_modified_time":"2022-06-14T14:45:39+00:00","og_image":[{"width":350,"height":350,"url":"https:\/\/www.iemj.org\/wp-content\/uploads\/2022\/06\/Les-Assoc-en-Fete_2022_Logo-site-carre.jpg","type":"image\/jpeg"}],"twitter_card":"summary_large_image","twitter_misc":{"Tempo di lettura stimato":"1 minuto"},"schema":{"@context":"https:\/\/schema.org","@graph":[{"@type":"WebPage","@id":"https:\/\/www.iemj.org\/it\/eventi\/les-assocs-en-fete-le-associazioni-in-festa\/","url":"https:\/\/www.iemj.org\/it\/eventi\/les-assocs-en-fete-le-associazioni-in-festa\/","name":"Les Assoc\u2019s en f\u00eate (Le associazioni in festa) - Institut Europ\u00e9en des Musiques Juives","isPartOf":{"@id":"https:\/\/www.iemj.org\/it\/#website"},"primaryImageOfPage":{"@id":"https:\/\/www.iemj.org\/it\/eventi\/les-assocs-en-fete-le-associazioni-in-festa\/#primaryimage"},"image":{"@id":"https:\/\/www.iemj.org\/it\/eventi\/les-assocs-en-fete-le-associazioni-in-festa\/#primaryimage"},"thumbnailUrl":"https:\/\/www.iemj.org\/wp-content\/uploads\/2022\/06\/Les-Assoc-en-Fete_2022_Logo-site-carre.jpg","datePublished":"2022-06-09T10:50:10+00:00","dateModified":"2022-06-14T14:45:39+00:00","breadcrumb":{"@id":"https:\/\/www.iemj.org\/it\/eventi\/les-assocs-en-fete-le-associazioni-in-festa\/#breadcrumb"},"inLanguage":"it-IT","potentialAction":[{"@type":"ReadAction","target":["https:\/\/www.iemj.org\/it\/eventi\/les-assocs-en-fete-le-associazioni-in-festa\/"]}]},{"@type":"ImageObject","inLanguage":"it-IT","@id":"https:\/\/www.iemj.org\/it\/eventi\/les-assocs-en-fete-le-associazioni-in-festa\/#primaryimage","url":"https:\/\/www.iemj.org\/wp-content\/uploads\/2022\/06\/Les-Assoc-en-Fete_2022_Logo-site-carre.jpg","contentUrl":"https:\/\/www.iemj.org\/wp-content\/uploads\/2022\/06\/Les-Assoc-en-Fete_2022_Logo-site-carre.jpg","width":350,"height":350},{"@type":"BreadcrumbList","@id":"https:\/\/www.iemj.org\/it\/eventi\/les-assocs-en-fete-le-associazioni-in-festa\/#breadcrumb","itemListElement":[{"@type":"ListItem","position":1,"name":"Accueil","item":"https:\/\/www.iemj.org\/it\/"},{"@type":"ListItem","position":2,"name":"Eventi","item":"https:\/\/www.iemj.org\/it\/events\/"},{"@type":"ListItem","position":3,"name":"Les Assoc\u2019s en f\u00eate (Le associazioni in festa)"}]},{"@type":"WebSite","@id":"https:\/\/www.iemj.org\/it\/#website","url":"https:\/\/www.iemj.org\/it\/","name":"Institut Europ\u00e9en des Musiques Juives","description":"Des traditions musicales \u00e0 la port\u00e9e de tous","publisher":{"@id":"https:\/\/www.iemj.org\/it\/#organization"},"potentialAction":[{"@type":"SearchAction","target":{"@type":"EntryPoint","urlTemplate":"https:\/\/www.iemj.org\/it\/?s={search_term_string}"},"query-input":{"@type":"PropertyValueSpecification","valueRequired":true,"valueName":"search_term_string"}}],"inLanguage":"it-IT"},{"@type":"Organization","@id":"https:\/\/www.iemj.org\/it\/#organization","name":"Institut Europ\u00e9en des Musiques Juives","url":"https:\/\/www.iemj.org\/it\/","logo":{"@type":"ImageObject","inLanguage":"it-IT","@id":"https:\/\/www.iemj.org\/it\/#\/schema\/logo\/image\/","url":"https:\/\/www.iemj.org\/wp-content\/uploads\/2021\/09\/Logo-IEMJ-Paypal.jpg","contentUrl":"https:\/\/www.iemj.org\/wp-content\/uploads\/2021\/09\/Logo-IEMJ-Paypal.jpg","width":150,"height":50,"caption":"Institut Europ\u00e9en des Musiques Juives"},"image":{"@id":"https:\/\/www.iemj.org\/it\/#\/schema\/logo\/image\/"},"sameAs":["https:\/\/www.facebook.com\/MusiquesJuives\/","https:\/\/www.instagram.com\/musiquesjuives\/","https:\/\/www.youtube.com\/user\/musiquesjuives"]}]}},"_links":{"self":[{"href":"https:\/\/www.iemj.org\/it\/wp-json\/wp\/v2\/tribe_events\/85360","targetHints":{"allow":["GET"]}}],"collection":[{"href":"https:\/\/www.iemj.org\/it\/wp-json\/wp\/v2\/tribe_events"}],"about":[{"href":"https:\/\/www.iemj.org\/it\/wp-json\/wp\/v2\/types\/tribe_events"}],"author":[{"embeddable":true,"href":"https:\/\/www.iemj.org\/it\/wp-json\/wp\/v2\/users\/5"}],"version-history":[{"count":0,"href":"https:\/\/www.iemj.org\/it\/wp-json\/wp\/v2\/tribe_events\/85360\/revisions"}],"wp:featuredmedia":[{"embeddable":true,"href":"https:\/\/www.iemj.org\/it\/wp-json\/wp\/v2\/media\/85420"}],"wp:attachment":[{"href":"https:\/\/www.iemj.org\/it\/wp-json\/wp\/v2\/media?parent=85360"}],"wp:term":[{"taxonomy":"post_tag","embeddable":true,"href":"https:\/\/www.iemj.org\/it\/wp-json\/wp\/v2\/tags?post=85360"},{"taxonomy":"tribe_events_cat","embeddable":true,"href":"https:\/\/www.iemj.org\/it\/wp-json\/wp\/v2\/tribe_events_cat?post=85360"}],"curies":[{"name":"wp","href":"https:\/\/api.w.org\/{rel}","templated":true}]}}