{"id":98102,"date":"2023-06-13T10:07:40","date_gmt":"2023-06-13T08:07:40","guid":{"rendered":"https:\/\/www.iemj.org\/evenement\/week-end-de-flute-klezmer-et-baroque\/"},"modified":"2023-06-14T09:59:00","modified_gmt":"2023-06-14T07:59:00","slug":"week-end-de-flute-klezmer-et-baroque","status":"publish","type":"tribe_events","link":"https:\/\/www.iemj.org\/it\/eventi\/week-end-de-flute-klezmer-et-baroque\/","title":{"rendered":"Klezmer and Baroque flute Weekend"},"content":{"rendered":"<h2>Workshops and concerts in Paris with ADRIANNE GREENBAUM<\/h2>\n<p>Join us for a special Klezmer and Baroque flute Weekend: Workshops and concerts in Paris with legendary flautist, recording artist and klezmer composer ADRIANNE GREENBAUM, celebrating her 50th professional anniversary with a Klezmer and Baroque Weekend in Paris, France, from June 30th to July 2nd!<\/p>\n<p>As the foremost pioneering purveyor of the klezmer flute, she will kick off the festivities with a mini-concert of soulful and upbeat klezmer dance and rarely-heard gypsy baroque tunes. This is your chance to experience the music firsthand and get a taste of what\u2019s to come in the weekend\u2019s workshops, including a little dancing!<\/p>\n<p>Participants will receive PDFs of the repertoire ahead of time to come prepared to play. All repertoire will be chosen for playability and to share with performing partners or students. The workshop is open to adults of intermediate to advanced level and will also benefit professionals wanting to broaden their musical sources.<\/p>\n<p>The fee for the entire weekend, including the Friday night concert, all-day workshops on Saturday and Sunday (with a lunch break), and a participant mini-concert at the end, is 160 \u20ac.<br \/>\nEarly Bird registration before April 20th is just 135 \u20ac.<br \/>\nAuditors\/listeners can join us for just 80 \u20ac for the weekend (no early bird). <strong>The Friday evening concert alone is just 10 Euros and is open to the public<\/strong>.<\/p>\n<p>Don\u2019t miss out on this rare opportunity to learn from this celebrated scholar and performer of these traditions and immerse yourself in the rich tradition of klezmer flute music and the baroque. Register now and join us in Paris for a weekend you won\u2019t forget!<\/p>\n<p>The venue is a 10-minute walk from the line 13 metro stop Les Agnettes: T.A.C (Territoire, Art et Cr\u00e9ation), 4 rue Marie Laure, 92270 Bois Colombes<br \/>\nTo reserve your place or for further information, please email <a href=\"mailto:greenbaumflute@gmail.com\" target=\"_blank\" rel=\"noopener\">greenbaumflute@gmail.com<\/a>,<br \/>\na down payment of 50 \u20ac will be required to secure your place.<\/p>\n<p>Lessons will be in English; bilingual English\/French will be present.<\/p>\n<p>&nbsp;<\/p>\n<h2><a href=\"https:\/\/www.youtube.com\/playlist?list=PLzJf77EloG9f_ODaNBWihN5mVUVTfYE3m\" target=\"_blank\" rel=\"noopener\">Listen to excerpts<\/a><\/h2>\n","protected":false},"excerpt":{"rendered":"<p>Workshops and concerts in Paris with ADRIANNE GREENBAUM Join us for a special Klezmer and Baroque flute Weekend: Workshops and concerts in Paris with legendary flautist, recording artist and klezmer<\/p>\n","protected":false},"author":3181,"featured_media":97853,"template":"","meta":{"_acf_changed":false,"_tribe_events_status":"","_tribe_events_status_reason":"","_tribe_events_is_hybrid":"","_tribe_events_is_virtual":"","_tribe_events_virtual_video_source":"","_tribe_events_virtual_embed_video":"","_tribe_events_virtual_linked_button_text":"","_tribe_events_virtual_linked_button":"","_tribe_events_virtual_show_embed_at":"","_tribe_events_virtual_show_embed_to":[],"_tribe_events_virtual_show_on_event":"","_tribe_events_virtual_show_on_views":"","_tribe_events_virtual_url":"","footnotes":""},"tags":[],"tribe_events_cat":[],"class_list":["post-98102","tribe_events","type-tribe_events","status-publish","has-post-thumbnail","hentry"],"acf":[],"yoast_head":"<!-- This site is optimized with the Yoast SEO plugin v27.3 - https:\/\/yoast.com\/product\/yoast-seo-wordpress\/ -->\n<title>Klezmer and Baroque flute Weekend - Institut Europ\u00e9en des Musiques Juives<\/title>\n<meta name=\"robots\" content=\"index, follow, max-snippet:-1, max-image-preview:large, max-video-preview:-1\" \/>\n<link rel=\"canonical\" href=\"https:\/\/www.iemj.org\/it\/eventi\/week-end-de-flute-klezmer-et-baroque\/\" \/>\n<meta property=\"og:locale\" content=\"it_IT\" \/>\n<meta property=\"og:type\" content=\"article\" \/>\n<meta property=\"og:title\" content=\"Klezmer and Baroque flute Weekend - Institut Europ\u00e9en des Musiques Juives\" \/>\n<meta property=\"og:description\" content=\"Workshops and concerts in Paris with ADRIANNE GREENBAUM Join us for a special Klezmer and Baroque flute Weekend: Workshops and concerts in Paris with legendary flautist, recording artist and klezmer\" \/>\n<meta property=\"og:url\" content=\"https:\/\/www.iemj.org\/it\/eventi\/week-end-de-flute-klezmer-et-baroque\/\" \/>\n<meta property=\"og:site_name\" content=\"Institut Europ\u00e9en des Musiques Juives\" \/>\n<meta property=\"article:publisher\" content=\"https:\/\/www.facebook.com\/MusiquesJuives\/\" \/>\n<meta property=\"article:modified_time\" content=\"2023-06-14T07:59:00+00:00\" \/>\n<meta property=\"og:image\" content=\"https:\/\/www.iemj.org\/wp-content\/uploads\/2023\/06\/IMG_2272.jpeg\" \/>\n\t<meta property=\"og:image:width\" content=\"2162\" \/>\n\t<meta property=\"og:image:height\" content=\"1209\" \/>\n\t<meta property=\"og:image:type\" content=\"image\/jpeg\" \/>\n<meta name=\"twitter:card\" content=\"summary_large_image\" \/>\n<meta name=\"twitter:label1\" content=\"Tempo di lettura stimato\" \/>\n\t<meta name=\"twitter:data1\" content=\"2 minuti\" \/>\n<script type=\"application\/ld+json\" class=\"yoast-schema-graph\">{\"@context\":\"https:\\\/\\\/schema.org\",\"@graph\":[{\"@type\":\"WebPage\",\"@id\":\"https:\\\/\\\/www.iemj.org\\\/it\\\/eventi\\\/week-end-de-flute-klezmer-et-baroque\\\/\",\"url\":\"https:\\\/\\\/www.iemj.org\\\/it\\\/eventi\\\/week-end-de-flute-klezmer-et-baroque\\\/\",\"name\":\"Klezmer and Baroque flute Weekend - Institut Europ\u00e9en des Musiques Juives\",\"isPartOf\":{\"@id\":\"https:\\\/\\\/www.iemj.org\\\/it\\\/#website\"},\"primaryImageOfPage\":{\"@id\":\"https:\\\/\\\/www.iemj.org\\\/it\\\/eventi\\\/week-end-de-flute-klezmer-et-baroque\\\/#primaryimage\"},\"image\":{\"@id\":\"https:\\\/\\\/www.iemj.org\\\/it\\\/eventi\\\/week-end-de-flute-klezmer-et-baroque\\\/#primaryimage\"},\"thumbnailUrl\":\"https:\\\/\\\/www.iemj.org\\\/wp-content\\\/uploads\\\/2023\\\/06\\\/IMG_2272.jpeg\",\"datePublished\":\"2023-06-13T08:07:40+00:00\",\"dateModified\":\"2023-06-14T07:59:00+00:00\",\"breadcrumb\":{\"@id\":\"https:\\\/\\\/www.iemj.org\\\/it\\\/eventi\\\/week-end-de-flute-klezmer-et-baroque\\\/#breadcrumb\"},\"inLanguage\":\"it-IT\",\"potentialAction\":[{\"@type\":\"ReadAction\",\"target\":[\"https:\\\/\\\/www.iemj.org\\\/it\\\/eventi\\\/week-end-de-flute-klezmer-et-baroque\\\/\"]}]},{\"@type\":\"ImageObject\",\"inLanguage\":\"it-IT\",\"@id\":\"https:\\\/\\\/www.iemj.org\\\/it\\\/eventi\\\/week-end-de-flute-klezmer-et-baroque\\\/#primaryimage\",\"url\":\"https:\\\/\\\/www.iemj.org\\\/wp-content\\\/uploads\\\/2023\\\/06\\\/IMG_2272.jpeg\",\"contentUrl\":\"https:\\\/\\\/www.iemj.org\\\/wp-content\\\/uploads\\\/2023\\\/06\\\/IMG_2272.jpeg\",\"width\":2162,\"height\":1209},{\"@type\":\"BreadcrumbList\",\"@id\":\"https:\\\/\\\/www.iemj.org\\\/it\\\/eventi\\\/week-end-de-flute-klezmer-et-baroque\\\/#breadcrumb\",\"itemListElement\":[{\"@type\":\"ListItem\",\"position\":1,\"name\":\"Accueil\",\"item\":\"https:\\\/\\\/www.iemj.org\\\/it\\\/\"},{\"@type\":\"ListItem\",\"position\":2,\"name\":\"Eventi\",\"item\":\"https:\\\/\\\/www.iemj.org\\\/it\\\/events\\\/\"},{\"@type\":\"ListItem\",\"position\":3,\"name\":\"Klezmer and Baroque flute Weekend\"}]},{\"@type\":\"WebSite\",\"@id\":\"https:\\\/\\\/www.iemj.org\\\/it\\\/#website\",\"url\":\"https:\\\/\\\/www.iemj.org\\\/it\\\/\",\"name\":\"Institut Europ\u00e9en des Musiques Juives\",\"description\":\"Des traditions musicales \u00e0 la port\u00e9e de tous\",\"publisher\":{\"@id\":\"https:\\\/\\\/www.iemj.org\\\/it\\\/#organization\"},\"potentialAction\":[{\"@type\":\"SearchAction\",\"target\":{\"@type\":\"EntryPoint\",\"urlTemplate\":\"https:\\\/\\\/www.iemj.org\\\/it\\\/?s={search_term_string}\"},\"query-input\":{\"@type\":\"PropertyValueSpecification\",\"valueRequired\":true,\"valueName\":\"search_term_string\"}}],\"inLanguage\":\"it-IT\"},{\"@type\":\"Organization\",\"@id\":\"https:\\\/\\\/www.iemj.org\\\/it\\\/#organization\",\"name\":\"Institut Europ\u00e9en des Musiques Juives\",\"url\":\"https:\\\/\\\/www.iemj.org\\\/it\\\/\",\"logo\":{\"@type\":\"ImageObject\",\"inLanguage\":\"it-IT\",\"@id\":\"https:\\\/\\\/www.iemj.org\\\/it\\\/#\\\/schema\\\/logo\\\/image\\\/\",\"url\":\"https:\\\/\\\/www.iemj.org\\\/wp-content\\\/uploads\\\/2021\\\/09\\\/Logo-IEMJ-Paypal.jpg\",\"contentUrl\":\"https:\\\/\\\/www.iemj.org\\\/wp-content\\\/uploads\\\/2021\\\/09\\\/Logo-IEMJ-Paypal.jpg\",\"width\":150,\"height\":50,\"caption\":\"Institut Europ\u00e9en des Musiques Juives\"},\"image\":{\"@id\":\"https:\\\/\\\/www.iemj.org\\\/it\\\/#\\\/schema\\\/logo\\\/image\\\/\"},\"sameAs\":[\"https:\\\/\\\/www.facebook.com\\\/MusiquesJuives\\\/\",\"https:\\\/\\\/www.instagram.com\\\/musiquesjuives\\\/\",\"https:\\\/\\\/www.youtube.com\\\/user\\\/musiquesjuives\"]}]}<\/script>\n<!-- \/ Yoast SEO plugin. -->","yoast_head_json":{"title":"Klezmer and Baroque flute Weekend - Institut Europ\u00e9en des Musiques Juives","robots":{"index":"index","follow":"follow","max-snippet":"max-snippet:-1","max-image-preview":"max-image-preview:large","max-video-preview":"max-video-preview:-1"},"canonical":"https:\/\/www.iemj.org\/it\/eventi\/week-end-de-flute-klezmer-et-baroque\/","og_locale":"it_IT","og_type":"article","og_title":"Klezmer and Baroque flute Weekend - Institut Europ\u00e9en des Musiques Juives","og_description":"Workshops and concerts in Paris with ADRIANNE GREENBAUM Join us for a special Klezmer and Baroque flute Weekend: Workshops and concerts in Paris with legendary flautist, recording artist and klezmer","og_url":"https:\/\/www.iemj.org\/it\/eventi\/week-end-de-flute-klezmer-et-baroque\/","og_site_name":"Institut Europ\u00e9en des Musiques Juives","article_publisher":"https:\/\/www.facebook.com\/MusiquesJuives\/","article_modified_time":"2023-06-14T07:59:00+00:00","og_image":[{"width":2162,"height":1209,"url":"https:\/\/www.iemj.org\/wp-content\/uploads\/2023\/06\/IMG_2272.jpeg","type":"image\/jpeg"}],"twitter_card":"summary_large_image","twitter_misc":{"Tempo di lettura stimato":"2 minuti"},"schema":{"@context":"https:\/\/schema.org","@graph":[{"@type":"WebPage","@id":"https:\/\/www.iemj.org\/it\/eventi\/week-end-de-flute-klezmer-et-baroque\/","url":"https:\/\/www.iemj.org\/it\/eventi\/week-end-de-flute-klezmer-et-baroque\/","name":"Klezmer and Baroque flute Weekend - Institut Europ\u00e9en des Musiques Juives","isPartOf":{"@id":"https:\/\/www.iemj.org\/it\/#website"},"primaryImageOfPage":{"@id":"https:\/\/www.iemj.org\/it\/eventi\/week-end-de-flute-klezmer-et-baroque\/#primaryimage"},"image":{"@id":"https:\/\/www.iemj.org\/it\/eventi\/week-end-de-flute-klezmer-et-baroque\/#primaryimage"},"thumbnailUrl":"https:\/\/www.iemj.org\/wp-content\/uploads\/2023\/06\/IMG_2272.jpeg","datePublished":"2023-06-13T08:07:40+00:00","dateModified":"2023-06-14T07:59:00+00:00","breadcrumb":{"@id":"https:\/\/www.iemj.org\/it\/eventi\/week-end-de-flute-klezmer-et-baroque\/#breadcrumb"},"inLanguage":"it-IT","potentialAction":[{"@type":"ReadAction","target":["https:\/\/www.iemj.org\/it\/eventi\/week-end-de-flute-klezmer-et-baroque\/"]}]},{"@type":"ImageObject","inLanguage":"it-IT","@id":"https:\/\/www.iemj.org\/it\/eventi\/week-end-de-flute-klezmer-et-baroque\/#primaryimage","url":"https:\/\/www.iemj.org\/wp-content\/uploads\/2023\/06\/IMG_2272.jpeg","contentUrl":"https:\/\/www.iemj.org\/wp-content\/uploads\/2023\/06\/IMG_2272.jpeg","width":2162,"height":1209},{"@type":"BreadcrumbList","@id":"https:\/\/www.iemj.org\/it\/eventi\/week-end-de-flute-klezmer-et-baroque\/#breadcrumb","itemListElement":[{"@type":"ListItem","position":1,"name":"Accueil","item":"https:\/\/www.iemj.org\/it\/"},{"@type":"ListItem","position":2,"name":"Eventi","item":"https:\/\/www.iemj.org\/it\/events\/"},{"@type":"ListItem","position":3,"name":"Klezmer and Baroque flute Weekend"}]},{"@type":"WebSite","@id":"https:\/\/www.iemj.org\/it\/#website","url":"https:\/\/www.iemj.org\/it\/","name":"Institut Europ\u00e9en des Musiques Juives","description":"Des traditions musicales \u00e0 la port\u00e9e de tous","publisher":{"@id":"https:\/\/www.iemj.org\/it\/#organization"},"potentialAction":[{"@type":"SearchAction","target":{"@type":"EntryPoint","urlTemplate":"https:\/\/www.iemj.org\/it\/?s={search_term_string}"},"query-input":{"@type":"PropertyValueSpecification","valueRequired":true,"valueName":"search_term_string"}}],"inLanguage":"it-IT"},{"@type":"Organization","@id":"https:\/\/www.iemj.org\/it\/#organization","name":"Institut Europ\u00e9en des Musiques Juives","url":"https:\/\/www.iemj.org\/it\/","logo":{"@type":"ImageObject","inLanguage":"it-IT","@id":"https:\/\/www.iemj.org\/it\/#\/schema\/logo\/image\/","url":"https:\/\/www.iemj.org\/wp-content\/uploads\/2021\/09\/Logo-IEMJ-Paypal.jpg","contentUrl":"https:\/\/www.iemj.org\/wp-content\/uploads\/2021\/09\/Logo-IEMJ-Paypal.jpg","width":150,"height":50,"caption":"Institut Europ\u00e9en des Musiques Juives"},"image":{"@id":"https:\/\/www.iemj.org\/it\/#\/schema\/logo\/image\/"},"sameAs":["https:\/\/www.facebook.com\/MusiquesJuives\/","https:\/\/www.instagram.com\/musiquesjuives\/","https:\/\/www.youtube.com\/user\/musiquesjuives"]}]}},"_links":{"self":[{"href":"https:\/\/www.iemj.org\/it\/wp-json\/wp\/v2\/tribe_events\/98102","targetHints":{"allow":["GET"]}}],"collection":[{"href":"https:\/\/www.iemj.org\/it\/wp-json\/wp\/v2\/tribe_events"}],"about":[{"href":"https:\/\/www.iemj.org\/it\/wp-json\/wp\/v2\/types\/tribe_events"}],"author":[{"embeddable":true,"href":"https:\/\/www.iemj.org\/it\/wp-json\/wp\/v2\/users\/3181"}],"version-history":[{"count":0,"href":"https:\/\/www.iemj.org\/it\/wp-json\/wp\/v2\/tribe_events\/98102\/revisions"}],"wp:featuredmedia":[{"embeddable":true,"href":"https:\/\/www.iemj.org\/it\/wp-json\/wp\/v2\/media\/97853"}],"wp:attachment":[{"href":"https:\/\/www.iemj.org\/it\/wp-json\/wp\/v2\/media?parent=98102"}],"wp:term":[{"taxonomy":"post_tag","embeddable":true,"href":"https:\/\/www.iemj.org\/it\/wp-json\/wp\/v2\/tags?post=98102"},{"taxonomy":"tribe_events_cat","embeddable":true,"href":"https:\/\/www.iemj.org\/it\/wp-json\/wp\/v2\/tribe_events_cat?post=98102"}],"curies":[{"name":"wp","href":"https:\/\/api.w.org\/{rel}","templated":true}]}}